{"id":4055,"date":"2024-01-31T11:56:47","date_gmt":"2024-01-31T10:56:47","guid":{"rendered":"https:\/\/sdf.hr\/nada\/feratin-fenjer\/"},"modified":"2024-01-31T11:56:47","modified_gmt":"2024-01-31T10:56:47","slug":"feratin-fenjer","status":"publish","type":"nada","link":"https:\/\/sdf.hr\/hr\/nada\/feratin-fenjer\/","title":{"rendered":"Feratin fenjer"},"content":{"rendered":"<p><strong>An\u0111elko Maru\u0161i\u0107 Ferata<\/strong> ro\u0111en je 11. januara 1911. u Omi\u0161u. Trideset i tri dana kasnije, 13. februara 1911., slu\u017ebeno je osnovan Hajduk, klub koji \u0107e mu i kojemu \u0107e on obilje\u017eiti \u017eivot. Nogomet je Ferata po\u010deo igrati kao dje\u010dak u Omi\u0161u, a 1929. debitirao je za Hajduk za koji je u karijeri odigrao 394 utakmice. Na Hajdukove je treninge u po\u010detku uglavnom i\u0161ao pje\u0161ke iz Omi\u0161a u Split i nazad.<\/p>\n<p>Iako je nogometu ostao posve\u0107en \u010ditav \u017eivot, Ferata u memoarima &#8220;Zapisi predratnog reprezentativca&#8221; objavljenima 1982. (Zadru\u017ena \u0161tampa) opisuje kako je svoje najva\u017enije &#8220;utakmice&#8221; odigrao tijekom Drugog svjetskog rata. Prvo je tako &#8220;nastupao&#8221; za Prvi mosorski odred. Izvr\u0161avaju\u0107i zadatke po dalmatinskom kr\u0161u, dobro mu je do\u0161la sportska kondicija. &#8220;Lako\u0107a kojom sam savladavao i najte\u017ee uspone, brzina i \u010dilost u pokretima nije \u010dudila samo moje rukovodioce, iskusne borce, nego i seljake iz Dalmatinske zagore. Nitko se u tom sa mnom nije mogao takmi\u010diti \u2013 rezultat dugog sistematskog treninga. Cokule u kojima sam do\u0161ao pokazale su se potpuno neprakti\u010dne na dalmatinskom kr\u0161u. U mosorskoj ljuti se skli\u017eu, lupaju i nisu udobne nozi, pogotovo \u0161to sam ve\u0107inu zadataka izvr\u0161avao no\u0107u, prolaze\u0107i kroz neprijateljska podru\u010dja&#8221;, pi\u0161e u knjizi.<\/p>\n<p>&#8220;Bez opanka nema opstanka&#8221; ka\u017ee narod, a Ferata opisuje kako je na svoje opanke umjesto ko\u017ee stavljao pomno izrezani komad automobilske gume. Tako opremljen bio je spreman svakoga dana prevaliti kilometre po kr\u0161u. Nalazio se na du\u017enosti intendanta srednjodalmatinskih odreda i u vrlo te\u0161kim situacijama ofenzive morao je kroz izuzetno kontrolirano podru\u010dje prebacivati hranu za borce. Radio je s jo\u0161 par drugova i drugarica, a puno su im pomagale i mazge. Hranu su skrivali u presu\u0161enim bunarima koje su zatrpavali gomilom kamenja. Jedini je Ferata imao nacrte tih bunkera za koje navodi da ih je bez specijalnih oznaka bilo prakti\u010dki nemogu\u0107e prona\u0107i u moru kamenja.<\/p>\n<p>Glavna mu \u017eivotna &#8220;utakmica&#8221; dogodila se jednog podneva u pustoj kamenjari kod sela Le\u0107evica. Sa skupinom od sedam boraca i mazgama odmarao je u gaju. Odjednom su \u010duli pse. Shvatili su brzo da pripadnici njema\u010dke divizije Princ Eugen \u010diste teren. &#8220;Otvoriti vatru nismo smjeli, jer je neprijatelj nadmo\u0107an. Trebalo se neopazice lagano evakuirati, jedan po jedan, na razne strane. Sastanak, tko ostane \u010ditav, u \u0161tabu. Psi su nas nanju\u0161ili i Nijemci su se pribli\u017eavali. Mazge su se uznemirile i otkrile polo\u017eaj. Za\u0161tekali su \u2018\u0161arci\u2019. Odgovorili smo vatrom iz strojnica. \u0160tite\u0107i se vatrom polagano, jedan po jedan, prebacivali smo se preko onih malih zidi\u0107a koji ome\u0111uju poljica. Ostao sam zadnji. Preko mene zujali su meci lome\u0107i li\u0161\u0107e. Prava ki\u0161a&#8221;, opisuje Ferata.<\/p>\n<p>Bio je ranjen i nije znao kako i kuda dalje. Stisnuo je uz sebe torbicu u kojoj su bili nacrti tajnih bunkera hrane za 1500 boraca i borkinja, puzao u cik-cak liniji, bacao se s jednom nogom, dok je druga nemo\u0107no visjela. Kroz nju su, kasnije je ustanovio, pro\u0161la \u010detiri metka i potpuno mu paralizirali mi\u0161i\u0107e.<\/p>\n<p>&#8220;Na\u0161ao sam neko skloni\u0161te gdje me vi\u0161e mrtva nego \u017eiva na\u0161la drugarica <strong>Zorka Milovac<\/strong> iz sela Pozorac. Odmah je po\u017eurila u selo i uskoro je s jo\u0161 jednom drugaricom do\u0161la s \u0107airama, obi\u010dnim, primitivnim nosilima. Uz najve\u0107u opasnost prenijeli su me do sela. Sakrila me u \u0161tali u rupi za gnoj i zatrpala velikom hrpom lozovine&#8221;, prisje\u0107a se u knjizi.<\/p>\n<p>Ostao je sklonjen i pre\u017eivio. Pre\u017eivio izme\u0111u ostalog da ispri\u010da pri\u010du. \u010citati Feratu uvijek je lijepo, uvijek nepopustljivo antifa\u0161isti\u010dki hajdu\u010dki, pa nek nam ga je i u ovom januaru, u jo\u0161 jednoj novoj-staroj godini.<\/p>\n<p><em>pi\u0161e Ivana Peri\u0107<\/em><\/p>\n","protected":false},"excerpt":{"rendered":"<p>Iako je nogometu ostao posve\u0107en \u010ditav \u017eivot, Ferata u memoarima &#8220;Zapisi predratnog reprezentativca&#8221; opisuje kako je svoje najva\u017enije &#8220;utakmice&#8221; odigrao tijekom Drugog svjetskog rata<\/p>\n","protected":false},"featured_media":4054,"template":"","tags":[40],"atribut":[],"class_list":["post-4055","nada","type-nada","status-publish","has-post-thumbnail","hentry","tag-dvokorak-naprijed"],"acf":[],"yoast_head":"<!-- This site is optimized with the Yoast SEO plugin v27.4 - https:\/\/yoast.com\/product\/yoast-seo-wordpress\/ -->\n<title>Feratin fenjer - SDF - Srpski demokratski forum<\/title>\n<meta name=\"robots\" content=\"index, follow, max-snippet:-1, max-image-preview:large, max-video-preview:-1\" \/>\n<link rel=\"canonical\" href=\"https:\/\/sdf.hr\/hr\/nada\/feratin-fenjer\/\" \/>\n<meta property=\"og:locale\" content=\"hr_HR\" \/>\n<meta property=\"og:type\" content=\"article\" \/>\n<meta property=\"og:title\" content=\"Feratin fenjer - SDF - Srpski demokratski forum\" \/>\n<meta property=\"og:description\" content=\"Iako je nogometu ostao posve\u0107en \u010ditav \u017eivot, Ferata u memoarima &quot;Zapisi predratnog reprezentativca&quot; opisuje kako je svoje najva\u017enije &quot;utakmice&quot; odigrao tijekom Drugog svjetskog rata\" \/>\n<meta property=\"og:url\" content=\"https:\/\/sdf.hr\/hr\/nada\/feratin-fenjer\/\" \/>\n<meta property=\"og:site_name\" content=\"SDF - Srpski demokratski forum\" \/>\n<meta name=\"twitter:card\" content=\"summary_large_image\" \/>\n<meta name=\"twitter:label1\" content=\"Procijenjeno vrijeme \u010ditanja\" \/>\n\t<meta name=\"twitter:data1\" content=\"3 minute\" \/>\n<script type=\"application\/ld+json\" class=\"yoast-schema-graph\">{\"@context\":\"https:\\\/\\\/schema.org\",\"@graph\":[{\"@type\":\"WebPage\",\"@id\":\"https:\\\/\\\/sdf.hr\\\/hr\\\/nada\\\/feratin-fenjer\\\/\",\"url\":\"https:\\\/\\\/sdf.hr\\\/hr\\\/nada\\\/feratin-fenjer\\\/\",\"name\":\"Feratin fenjer - SDF - Srpski demokratski forum\",\"isPartOf\":{\"@id\":\"https:\\\/\\\/sdf.hr\\\/#website\"},\"primaryImageOfPage\":{\"@id\":\"https:\\\/\\\/sdf.hr\\\/hr\\\/nada\\\/feratin-fenjer\\\/#primaryimage\"},\"image\":{\"@id\":\"https:\\\/\\\/sdf.hr\\\/hr\\\/nada\\\/feratin-fenjer\\\/#primaryimage\"},\"thumbnailUrl\":\"https:\\\/\\\/sdf.hr\\\/wp-content\\\/uploads\\\/2024\\\/01\\\/Ferata.jpg\",\"datePublished\":\"2024-01-31T10:56:47+00:00\",\"breadcrumb\":{\"@id\":\"https:\\\/\\\/sdf.hr\\\/hr\\\/nada\\\/feratin-fenjer\\\/#breadcrumb\"},\"inLanguage\":\"hr\",\"potentialAction\":[{\"@type\":\"ReadAction\",\"target\":[\"https:\\\/\\\/sdf.hr\\\/hr\\\/nada\\\/feratin-fenjer\\\/\"]}]},{\"@type\":\"ImageObject\",\"inLanguage\":\"hr\",\"@id\":\"https:\\\/\\\/sdf.hr\\\/hr\\\/nada\\\/feratin-fenjer\\\/#primaryimage\",\"url\":\"https:\\\/\\\/sdf.hr\\\/wp-content\\\/uploads\\\/2024\\\/01\\\/Ferata.jpg\",\"contentUrl\":\"https:\\\/\\\/sdf.hr\\\/wp-content\\\/uploads\\\/2024\\\/01\\\/Ferata.jpg\",\"width\":843,\"height\":755,\"caption\":\"An\u0111elko Maru\u0161i\u0107 Ferata\"},{\"@type\":\"BreadcrumbList\",\"@id\":\"https:\\\/\\\/sdf.hr\\\/hr\\\/nada\\\/feratin-fenjer\\\/#breadcrumb\",\"itemListElement\":[{\"@type\":\"ListItem\",\"position\":1,\"name\":\"Po\u010detna stranica\",\"item\":\"https:\\\/\\\/sdf.hr\\\/hr\\\/\"},{\"@type\":\"ListItem\",\"position\":2,\"name\":\"Nada\",\"item\":\"https:\\\/\\\/sdf.hr\\\/nada\\\/\"},{\"@type\":\"ListItem\",\"position\":3,\"name\":\"Feratin fenjer\"}]},{\"@type\":\"WebSite\",\"@id\":\"https:\\\/\\\/sdf.hr\\\/#website\",\"url\":\"https:\\\/\\\/sdf.hr\\\/\",\"name\":\"SDF - Srpski demokratski forum\",\"description\":\"Srpski demokratski forum\",\"publisher\":{\"@id\":\"https:\\\/\\\/sdf.hr\\\/#organization\"},\"potentialAction\":[{\"@type\":\"SearchAction\",\"target\":{\"@type\":\"EntryPoint\",\"urlTemplate\":\"https:\\\/\\\/sdf.hr\\\/?s={search_term_string}\"},\"query-input\":{\"@type\":\"PropertyValueSpecification\",\"valueRequired\":true,\"valueName\":\"search_term_string\"}}],\"inLanguage\":\"hr\"},{\"@type\":\"Organization\",\"@id\":\"https:\\\/\\\/sdf.hr\\\/#organization\",\"name\":\"SDF - Srpski demokratski forum\",\"url\":\"https:\\\/\\\/sdf.hr\\\/\",\"logo\":{\"@type\":\"ImageObject\",\"inLanguage\":\"hr\",\"@id\":\"https:\\\/\\\/sdf.hr\\\/#\\\/schema\\\/logo\\\/image\\\/\",\"url\":\"https:\\\/\\\/sdf.hr\\\/wp-content\\\/uploads\\\/2021\\\/07\\\/logo-hr.svg\",\"contentUrl\":\"https:\\\/\\\/sdf.hr\\\/wp-content\\\/uploads\\\/2021\\\/07\\\/logo-hr.svg\",\"width\":271,\"height\":100,\"caption\":\"SDF - Srpski demokratski forum\"},\"image\":{\"@id\":\"https:\\\/\\\/sdf.hr\\\/#\\\/schema\\\/logo\\\/image\\\/\"}}]}<\/script>\n<!-- \/ Yoast SEO plugin. -->","yoast_head_json":{"title":"Feratin fenjer - SDF - Srpski demokratski forum","robots":{"index":"index","follow":"follow","max-snippet":"max-snippet:-1","max-image-preview":"max-image-preview:large","max-video-preview":"max-video-preview:-1"},"canonical":"https:\/\/sdf.hr\/hr\/nada\/feratin-fenjer\/","og_locale":"hr_HR","og_type":"article","og_title":"Feratin fenjer - SDF - Srpski demokratski forum","og_description":"Iako je nogometu ostao posve\u0107en \u010ditav \u017eivot, Ferata u memoarima \"Zapisi predratnog reprezentativca\" opisuje kako je svoje najva\u017enije \"utakmice\" odigrao tijekom Drugog svjetskog rata","og_url":"https:\/\/sdf.hr\/hr\/nada\/feratin-fenjer\/","og_site_name":"SDF - Srpski demokratski forum","twitter_card":"summary_large_image","twitter_misc":{"Procijenjeno vrijeme \u010ditanja":"3 minute"},"schema":{"@context":"https:\/\/schema.org","@graph":[{"@type":"WebPage","@id":"https:\/\/sdf.hr\/hr\/nada\/feratin-fenjer\/","url":"https:\/\/sdf.hr\/hr\/nada\/feratin-fenjer\/","name":"Feratin fenjer - SDF - Srpski demokratski forum","isPartOf":{"@id":"https:\/\/sdf.hr\/#website"},"primaryImageOfPage":{"@id":"https:\/\/sdf.hr\/hr\/nada\/feratin-fenjer\/#primaryimage"},"image":{"@id":"https:\/\/sdf.hr\/hr\/nada\/feratin-fenjer\/#primaryimage"},"thumbnailUrl":"https:\/\/sdf.hr\/wp-content\/uploads\/2024\/01\/Ferata.jpg","datePublished":"2024-01-31T10:56:47+00:00","breadcrumb":{"@id":"https:\/\/sdf.hr\/hr\/nada\/feratin-fenjer\/#breadcrumb"},"inLanguage":"hr","potentialAction":[{"@type":"ReadAction","target":["https:\/\/sdf.hr\/hr\/nada\/feratin-fenjer\/"]}]},{"@type":"ImageObject","inLanguage":"hr","@id":"https:\/\/sdf.hr\/hr\/nada\/feratin-fenjer\/#primaryimage","url":"https:\/\/sdf.hr\/wp-content\/uploads\/2024\/01\/Ferata.jpg","contentUrl":"https:\/\/sdf.hr\/wp-content\/uploads\/2024\/01\/Ferata.jpg","width":843,"height":755,"caption":"An\u0111elko Maru\u0161i\u0107 Ferata"},{"@type":"BreadcrumbList","@id":"https:\/\/sdf.hr\/hr\/nada\/feratin-fenjer\/#breadcrumb","itemListElement":[{"@type":"ListItem","position":1,"name":"Po\u010detna stranica","item":"https:\/\/sdf.hr\/hr\/"},{"@type":"ListItem","position":2,"name":"Nada","item":"https:\/\/sdf.hr\/nada\/"},{"@type":"ListItem","position":3,"name":"Feratin fenjer"}]},{"@type":"WebSite","@id":"https:\/\/sdf.hr\/#website","url":"https:\/\/sdf.hr\/","name":"SDF - Srpski demokratski forum","description":"Srpski demokratski forum","publisher":{"@id":"https:\/\/sdf.hr\/#organization"},"potentialAction":[{"@type":"SearchAction","target":{"@type":"EntryPoint","urlTemplate":"https:\/\/sdf.hr\/?s={search_term_string}"},"query-input":{"@type":"PropertyValueSpecification","valueRequired":true,"valueName":"search_term_string"}}],"inLanguage":"hr"},{"@type":"Organization","@id":"https:\/\/sdf.hr\/#organization","name":"SDF - Srpski demokratski forum","url":"https:\/\/sdf.hr\/","logo":{"@type":"ImageObject","inLanguage":"hr","@id":"https:\/\/sdf.hr\/#\/schema\/logo\/image\/","url":"https:\/\/sdf.hr\/wp-content\/uploads\/2021\/07\/logo-hr.svg","contentUrl":"https:\/\/sdf.hr\/wp-content\/uploads\/2021\/07\/logo-hr.svg","width":271,"height":100,"caption":"SDF - Srpski demokratski forum"},"image":{"@id":"https:\/\/sdf.hr\/#\/schema\/logo\/image\/"}}]}},"_links":{"self":[{"href":"https:\/\/sdf.hr\/hr\/wp-json\/wp\/v2\/nada\/4055","targetHints":{"allow":["GET"]}}],"collection":[{"href":"https:\/\/sdf.hr\/hr\/wp-json\/wp\/v2\/nada"}],"about":[{"href":"https:\/\/sdf.hr\/hr\/wp-json\/wp\/v2\/types\/nada"}],"wp:featuredmedia":[{"embeddable":true,"href":"https:\/\/sdf.hr\/hr\/wp-json\/wp\/v2\/media\/4054"}],"wp:attachment":[{"href":"https:\/\/sdf.hr\/hr\/wp-json\/wp\/v2\/media?parent=4055"}],"wp:term":[{"taxonomy":"post_tag","embeddable":true,"href":"https:\/\/sdf.hr\/hr\/wp-json\/wp\/v2\/tags?post=4055"},{"taxonomy":"atribut","embeddable":true,"href":"https:\/\/sdf.hr\/hr\/wp-json\/wp\/v2\/atribut?post=4055"}],"curies":[{"name":"wp","href":"https:\/\/api.w.org\/{rel}","templated":true}]}}