{"id":4063,"date":"2024-02-02T12:28:30","date_gmt":"2024-02-02T11:28:30","guid":{"rendered":"https:\/\/sdf.hr\/nada\/ljepse-nam-je-na-selu\/"},"modified":"2024-02-02T12:29:08","modified_gmt":"2024-02-02T11:29:08","slug":"ljepse-nam-je-na-selu","status":"publish","type":"nada","link":"https:\/\/sdf.hr\/hr\/nada\/ljepse-nam-je-na-selu\/","title":{"rendered":"Ljep\u0161e nam je na selu"},"content":{"rendered":"<p>Prije \u010detiri godine iz grada na selo preselio se mladi par, <strong>Ema Jureti\u0107<\/strong> i <strong>Ivan Dilberovi\u0107<\/strong>. Isto je prije dvije godine napravio i <strong>Du\u0161ko Rodi\u0107<\/strong>, a pro\u0161le jeseni i <strong>Marina Latinovi\u0107<\/strong> sa svojom obitelji. Iako su svi iz razli\u010ditih dijelova dr\u017eave, povezuje ih isti cilj \u2013 potraga za kvalitetnijim \u017eivotom.<\/p>\n<p>Nakon \u0161to su 2020. godine u potresu izgubili stan, a nedugo nakon toga i psa Bolta, Ema i Ivan odlu\u010dili su se maknuti iz Zagreba i na dva tjedna do\u0107i u vikendicu u Smokvici kraj Novog Vinodolskog. Selidba je rije\u010d koju nikada nisu zapravo izrekli, ve\u0107 su mic po mic donosili sve vi\u0161e stvari iz Zagreba i sve du\u017ee ostajali na moru, da bi naposljetku tamo ostali \u017eivjeti. Smokvica je prema posljednjem popisu selo od svega 29 stanovnika, a kako nam govori Ema, preko zime su sretni ako ih vide pet.<\/p>\n<p>&#8211; Svi su nas toliko lijepo prihvatili da nemamo rije\u010di. Ovdje imamo najbolje susjede na svijetu. Svi ljudi koje smo ovdje upoznali, bilo da je rije\u010d o Smokvici, Novom Vinodolskom ili Rijeci, su prema nama divni. Ne znamo jesmo li samo mi te sre\u0107e, ali na\u0161e je iskustvo fantasti\u010dno. Zajednica je takva da nas na vratima znaju do\u010dekati tople kiflice ili u\u0161e\u0107ereni bademi, prva susjeda nam uvijek preuzme po\u0161tu ako nas nema i naglasi kako je sretna \u0161to smo tu. Neki dan nam se javila susjeda koja tu bude ve\u0107i dio godine, a zimi je u Zagrebu, da nam ka\u017ee da nas se sjetila i da po\u017eeli sve najbolje. Te sitnice na koje zaboravi\u0161 kad si u gradu jer se ne stigne\u0161 njima baviti, ovdje se dogode i prekrasne su \u2013 obja\u0161njava Ema.<\/p>\n<p>Oboje se bave poslovima koje mogu raditi od kuda god po\u017eele. Ivan je grafi\u010dki dizajner i ima svoj studio, dok Ema ima svoj brend Dilemma Posters \u010dije je poslovanje bazirano na webshopu, a nedavno je otvorila i ured u Novom Vinodolskom. S obzirom na to da oboje imaju uhodane poslove, bez problema su mogli preseliti na more, a kao veliku prednost vide i \u010dinjenicu da, ako po\u017eele ili zatrebaju, u Zagrebu mogu biti za manje od dva sata.<\/p>\n<p>Kako nam govore, ba\u0161 im nikada nije dosadno, a nemaju \u010dak ni televizor, jer more nudi toliko toga za raditi da im bude premalo vremena za sve \u0161to \u017eele napraviti. Preko zime su svaki dan u lignjama, na prolje\u0107e u \u0161parogama, a ljeti u\u017eivaju u moru. Ivan je postao ozbiljni zaljubljenik u ribolov i dosta vremena provodi uz more i u moru, a po\u010deli su i kuhati s ve\u0107im gu\u0161tom jer imaju puno vi\u0161e vremena. Sami peku svoj kruh i \u010desto pripremaju ono \u0161to sami ulove, a svake godine u svoje \u017eivote uvedu ne\u0161to novo \u2013 ove su godine napravili vlastitu teretanu te svaki radni dan zapo\u010dinju zajedni\u010dkim treningom.<\/p>\n<p>Za njih je prva i najuo\u010dljivija razlika naspram Zagreba ta \u0161to se u Smokvici svi pozdravljaju, zbog \u010dega kada do\u0111u u Zagreb svaki puta po\u017eele po\u010deti pozdravljati nepoznate ljude u \u0161etnji ulicom.<\/p>\n<p>&#8211; Svatko nudi svoj sadr\u017eaj \u2013 i selo i grad. Na selu su ti sadr\u017eaji uglavnom vezani uz prirodu, a u gradu uz dru\u0161tvena doga\u0111anja. Volimo i jedno i drugo, a mi smo sretni jer u\u017eivamo u moru i miru svaki dan, a istovremeno nam je grad blizu pa kad god se za\u017eelimo nekog sadr\u017eaja, na 40-ak minuta smo od njega tako da smo svaki vikend negdje. U gradu je u\u017eurbano i vladaju konstantne gu\u017eve, pogotovo u zagreba\u010dkom prometu i na\u0161 je dojam da su ljudi postali nervozniji nego prije \u2013 ka\u017ee Ema te dodaje da na selu vlada lijepi mir, jer i kada nema nikoga, uvijek se ne\u0161to doga\u0111a u prirodi.<\/p>\n<figure id=\"attachment_4059\" aria-describedby=\"caption-attachment-4059\" style=\"width: 800px\" class=\"wp-caption alignnone\"><img loading=\"lazy\" decoding=\"async\" class=\"wp-image-4059 size-large\" src=\"https:\/\/sdf.hr\/wp-content\/uploads\/2024\/02\/Dusko-Rodic-896x1024.jpg\" alt=\"\" width=\"800\" height=\"914\" srcset=\"https:\/\/sdf.hr\/wp-content\/uploads\/2024\/02\/Dusko-Rodic-896x1024.jpg 896w, https:\/\/sdf.hr\/wp-content\/uploads\/2024\/02\/Dusko-Rodic-262x300.jpg 262w, https:\/\/sdf.hr\/wp-content\/uploads\/2024\/02\/Dusko-Rodic-768x878.jpg 768w, https:\/\/sdf.hr\/wp-content\/uploads\/2024\/02\/Dusko-Rodic.jpg 1090w\" sizes=\"auto, (max-width: 800px) 100vw, 800px\" \/><figcaption id=\"caption-attachment-4059\" class=\"wp-caption-text\">Du\u0161ko Rodi\u0107<\/figcaption><\/figure>\n<p>Pri\u010da Du\u0161ka Rodi\u0107a ne\u0161to je druga\u010dija i u su\u0161tini povratni\u010dka. Du\u0161ko se, kao i ve\u0107ina njegove generacije, iz svog naselja unutar op\u0107ine Plitvi\u010dka Jezera zbog studija preselio u ve\u0107i grad, a u njegovom slu\u010daju to je bila Rijeka. Nakon fakulteta je zbog posla kratko \u017eivio u Zagrebu, a zatim se vratio u Rijeku gdje je bio sve do prolje\u0107a 2022. godine. Sve skupa je izvan svojih Plitvica proveo oko 12 godina, a kako nam govori, ideja i \u017eelja za povratkom na Plitvice uvijek je postojala i znao je, kada je odlazio, da bi se jednog dana i vratio.<\/p>\n<p>&#8211; Problem malih sredina je u prvom redu to \u0161to nemaju razvijenu visoko obrazovnu strukturu te ve\u0107ina mladih u potrazi za obrazovanjem seli u ve\u0107e sredine. Veliki gradovi poput Zagreba i Rijeke daju mladima u startu vi\u0161e mogu\u0107nosti, bolji i raznovrsniji obrazovni sustav, dru\u0161tveni i kulturni \u017eivot, aktivnosti i hobije koji u malim sredinama nedostaju. Za vrijeme obrazovanja tu se ra\u0111aju prijateljstva, ljubavi, kontakti, prve poslovne prilike i ve\u0107ini na prvu bude logi\u010dan slijed po zavr\u0161etku obrazovanja ostati u tim velikim sredinama \u2013 obja\u0161njava Du\u0161ko te govori da je takvo bilo i njegovo iskustvo.<\/p>\n<p>Odrastaju\u0107i u maloj sredini, Du\u0161ko je navikao na prirodu, svje\u017ei zrak, \u017eivot u ku\u0107i i vlastito dvori\u0161te \u2013 sve ono \u010dega u velikom gradu nema. Privremeno se i on tom nedostatku prilagodio, ali znaju\u0107i cijelo vrijeme da \u0107e, kada za to stvori uvjete i dobije dovoljno poslovnog iskustva, oti\u0107i natrag u Plitvice, \u0161to je i ostvario prije skoro dvije godine.<\/p>\n<p>&#8211; Neosporna je \u010dinjenica da \u0107e mlada osoba bez iskustva lak\u0161e prona\u0107i svoj prvi posao u ve\u0107oj sredini upravo zato \u0161to je ponuda poslova \u0161arolika te se za svakoga mo\u017ee prona\u0107i po ne\u0161to. No tu mo\u017eda, dugoro\u010dno, le\u017ei i zamka planiranja \u017eivota na du\u017ee staze. U velikim sredinama ste samo broj, jedan od studenata na fakultetu, jedan od prijavljenih na natje\u010daj za posao, jedan od stotina tisu\u0107a gra\u0111ana, jedan od podstanara, i uvijek jedan od, te vam se kao takvom uvijek te\u017ee probiti, istaknuti i biti najbolji od najboljih, a samim time i te\u017ee ostvariti neke \u017eivotne ciljeve, pogotovo ako imate natprosje\u010dne poslovne ambicije \u2013 govori Du\u0161ko.<\/p>\n<p>Paralelno sa \u017eivotom u Rijeci, Du\u0161ko je na Plitvicama razvijao privatni posao u turisti\u010dkom sektoru oko \u010dega su mu najvi\u0161e pomogli i podr\u017eali ga roditelji koji tamo \u017eive. U poduze\u0107u za koje radi nepunih sedam godina promijenio je i lokaciju rada iz Rijeke u Gospi\u0107 do kojega sada putuje svakodnevno oko 45 kilometara. Za njega se selidba nije pokazala samo kao dobra privatna, ve\u0107 i poslovna odluka jer je nedugo nakon preseljenja na novu lokaciju rada napredovao te je sada na funkciji direktora filijale banke. Po svemu sude\u0107i, ka\u017ee Du\u0161ko, povratak na selo za njega je bio ispravan korak.<\/p>\n<p>&#8211; Novac koji sam u Rijeci tro\u0161io na pla\u0107anje najamnine, re\u017eija, financiranje gradskog skupljeg \u017eivota, sada sam usmjerio u daljnji razvoj turisti\u010dke djelatnosti, a u kojoj se uz svoju bankarsku profesiju \u017eelim i dalje usmjeravati \u2013 ka\u017ee Du\u0161ko te dodaje kako je njegova poruka mladima da nakon zavr\u0161etka obrazovnog puta razmisle o povratku u rodno mjesto.<\/p>\n<p>&#8211; Iako se na prvu to \u010dini kao korak unazad, dugoro\u010dno gledano je ispravan privatni i poslovni korak. Prilike koje se nude u gradu su trenutne, limitirane do odre\u0111ene razine, dok \u017eivot u malom mjestu, \u017eivot u malom sustavu, prepoznavanje mogu\u0107nosti i prilika malog mjesta, manja konkurencija i poznanstva me\u0111u susjedstvom i lokalnim stanovni\u0161tvom dugoro\u010dno stvaraju bolju perspektivu. Navedeno je pogotovo izra\u017eeno u mjestima kao \u0161to su Plitvice koje imaju zna\u010dajan poduzetni\u010dki potencijal u okviru turisti\u010dkog sektora, ali i prometne povezanosti te relativne blizine svih ve\u0107ih na\u0161ih gradova koji su udaljeni svega dva sata vo\u017enje \u2013 zaklju\u010duje Du\u0161ko, dodaju\u0107i kako se na taj na\u010din mogu kombinirati prednosti \u017eivota u malom mjestu s blizinom i sadr\u017eajima velikih sredina \u0161to bitno popravlja kvalitetu \u017eivota.<\/p>\n<figure id=\"attachment_4061\" aria-describedby=\"caption-attachment-4061\" style=\"width: 800px\" class=\"wp-caption alignnone\"><img loading=\"lazy\" decoding=\"async\" class=\"wp-image-4061 size-large\" src=\"https:\/\/sdf.hr\/wp-content\/uploads\/2024\/02\/Marina-Latinovic-941x1024.jpg\" alt=\"\" width=\"800\" height=\"871\" srcset=\"https:\/\/sdf.hr\/wp-content\/uploads\/2024\/02\/Marina-Latinovic-941x1024.jpg 941w, https:\/\/sdf.hr\/wp-content\/uploads\/2024\/02\/Marina-Latinovic-276x300.jpg 276w, https:\/\/sdf.hr\/wp-content\/uploads\/2024\/02\/Marina-Latinovic-768x836.jpg 768w, https:\/\/sdf.hr\/wp-content\/uploads\/2024\/02\/Marina-Latinovic.jpg 1016w\" sizes=\"auto, (max-width: 800px) 100vw, 800px\" \/><figcaption id=\"caption-attachment-4061\" class=\"wp-caption-text\">Obitelj Marine Latinovi\u0107<\/figcaption><\/figure>\n<p>Nakon 17 godina \u017eivota u Vukovaru, Marina Latinovi\u0107 je sa svojom obitelji preselila u obli\u017enje selo Negoslavce. Preseljenje nije bilo pretjerano planirano ve\u0107 spontane naravi, a sve se razvilo iz jednog obi\u010dnog razgovora o pitanju \u2013 mo\u017eemo li sebe zamisliti kako \u017eivimo na selu? U studijskim danima ona i suprug Bojan \u017eivjeli su i radili u Novom Sadu, a Negoslavce su izabrali jer su odatle Bojanovi roditelji, zbog \u010dega su tamo ve\u0107 imali nekih prijatelja, kao i rodbine. Na\u0161li su ku\u0107u koja im se svi\u0111a, prijavili se za sufinanciranje Op\u0107ine Negoslavci koje su i dobili, a ubrzo nakon kupovine ku\u0107e i uselili.<\/p>\n<p>Kako nam govori Marina, odgajateljica koja trenutno radi kao ravnateljica Dje\u010djeg vrti\u0107a u Vukovaru, u njihovim se \u017eivotima nije puno toga promijenilo. Ostali su i dalje na istim poslovima, samo \u0161to sada svakodnevno putuju iz Negoslavaca za Vukovar. Me\u0111utim, kako je to udaljenost od samo \u0161est kilometara, jednako su vezani za auto kao \u0161to su bili i u gradu, a kvaliteta \u017eivota je neusporediva.<\/p>\n<p>&#8211; Najva\u017enija su nam u tom trenutku bila deca. Na\u0161 mla\u0111i sin sada ima deset godina i s obzirom na situaciju koja se trenutno odvija u Vukovaru, smatrali smo da \u0107e imati zdravije detinjstvo na selu. Ovde ima puno prijatelja od pre jer je tu dolazio kod bake i dede, jedino \u0161to je promenio \u0161kolu, ali je to jako dobro podneo. Pitali smo ga ako \u017eeli nastaviti i\u0107i u \u0161kolu u Vukovaru s obzirom na to da smo mi svaki dan tamo zbog posla, ali je on izrazio \u017eelju da na jesen krene u \u010detvrti razred u Negoslavce i tu se jako brzo prilagodio. Sada puno vi\u0161e vremena provodi napolju i u igri, puno manje koristi digitalne tehnologije, \u0161to nam je kao roditeljima va\u017eno \u2013 obja\u0161njava Marina.<\/p>\n<p>&#8211; Sin je u gradu bio vi\u0161e usmeren na svoje dru\u0161tvo iz razreda i obi\u010dno su se roditelji uvek morali dogovarati ko \u0107e koga i gde odvesti i pokupiti, gde \u0107e se igrati i sli\u010dno, \u0161to je bilo zahtevno organizacijski, a ovde kada iza\u0111e na ulicu uvek nai\u0111e na nekoga za igru i pro\u0161irio je krug prijatelja, igra se i sa mla\u0111ima i starijima od sebe, a s obzirom da nismo daleko od grada ostao je u kontaktu i sa svojim starim dru\u0161tvom \u2013 dodaje Marina.<\/p>\n<p>Njihova k\u0107er putuje u srednju \u0161kolu autobusom, isto kako je i\u0161la i dok su \u017eivjeli u Vukovaru, a kako nagla\u0161ava Marina, sada ima vi\u0161e slobode u ve\u010dernjim dru\u017eenjima s prijateljicama jer su i sami puno mirniji kada nave\u010der znaju da je u blizini.<\/p>\n<p>Po\u0161to su se u ku\u0107u tek uselili, zasad se nisu upustili u vrtlarenje i sli\u010dne hobije, ali u budu\u0107nosti vide i tu opciju. Iako im je rad jako blizu i selidbom se nisu izolirali, Marina primje\u0107uje kako je \u017eivot svakako puno mirniji, a imaju i dobre susjede me\u0111u kojima su odmah prihva\u0107eni. Pri\u010da nam i kako su nedavno bili u posjeti Novom Sadu i zaklju\u010dili da vi\u0161e ne bi mogli \u017eivjeti u takvoj gu\u017evi i toliko vremena gubiti na tra\u017eenje parkinga i gradsku vo\u017enju.<\/p>\n<p>&#8211; Preporu\u010dila bih svakako ljudima da razmisle o ovakvoj selidbi, ali zavisi kome je \u0161ta u \u017eivotu prioritet. Mi poslove ve\u0107 imamo i nismo vi\u0161e toliko mladi, tako da su nama deca bila prioritet, s obzirom na brzinu \u017eivota u gradu i nove tehnologije. Koliko god da su dobre, mislim da ih deci treba nuditi u \u0161to manjim koli\u010dinama, tako da vreme provode u igri sa prijateljima i na sve\u017eem vazduhu \u2013 zaklju\u010duje Marina.<\/p>\n<p><em>pi\u0161e Katarina Bo\u0161njak<\/em><\/p>\n","protected":false},"excerpt":{"rendered":"<p>Susjedi su divni, \u017eivot je mirniji, pri\u010daju ljudi koji su grad zamijenili selom. Ema Jureti\u0107 i Ivan Dilberovi\u0107 preselili su se iz Zagreba u Smokvicu kraj Novog Vinodolskog, Du\u0161ko Rodi\u0107 se nakon Rijeke vratio Plitvicama, a Marina Latinovi\u0107 s obitelji se iz Vukovara preselila u Negoslavce<\/p>\n","protected":false},"featured_media":4058,"template":"","tags":[130],"atribut":[],"class_list":["post-4063","nada","type-nada","status-publish","has-post-thumbnail","hentry","tag-tema"],"acf":[],"yoast_head":"<!-- This site is optimized with the Yoast SEO plugin v27.4 - https:\/\/yoast.com\/product\/yoast-seo-wordpress\/ -->\n<title>Ljep\u0161e nam je na selu - SDF - Srpski demokratski forum<\/title>\n<meta name=\"robots\" content=\"index, follow, max-snippet:-1, max-image-preview:large, max-video-preview:-1\" \/>\n<link rel=\"canonical\" href=\"https:\/\/sdf.hr\/hr\/nada\/ljepse-nam-je-na-selu\/\" \/>\n<meta property=\"og:locale\" content=\"hr_HR\" \/>\n<meta property=\"og:type\" content=\"article\" \/>\n<meta property=\"og:title\" content=\"Ljep\u0161e nam je na selu - SDF - Srpski demokratski forum\" \/>\n<meta property=\"og:description\" content=\"Susjedi su divni, \u017eivot je mirniji, pri\u010daju ljudi koji su grad zamijenili selom. Ema Jureti\u0107 i Ivan Dilberovi\u0107 preselili su se iz Zagreba u Smokvicu kraj Novog Vinodolskog, Du\u0161ko Rodi\u0107 se nakon Rijeke vratio Plitvicama, a Marina Latinovi\u0107 s obitelji se iz Vukovara preselila u Negoslavce\" \/>\n<meta property=\"og:url\" content=\"https:\/\/sdf.hr\/hr\/nada\/ljepse-nam-je-na-selu\/\" \/>\n<meta property=\"og:site_name\" content=\"SDF - Srpski demokratski forum\" \/>\n<meta property=\"article:modified_time\" content=\"2024-02-02T11:29:08+00:00\" \/>\n<meta property=\"og:image\" content=\"https:\/\/sdf.hr\/wp-content\/uploads\/2024\/02\/Ema-i-Ivan.jpg\" \/>\n\t<meta property=\"og:image:width\" content=\"750\" \/>\n\t<meta property=\"og:image:height\" content=\"500\" \/>\n\t<meta property=\"og:image:type\" content=\"image\/jpeg\" \/>\n<meta name=\"twitter:card\" content=\"summary_large_image\" \/>\n<meta name=\"twitter:label1\" content=\"Procijenjeno vrijeme \u010ditanja\" \/>\n\t<meta name=\"twitter:data1\" content=\"10 minuta\" \/>\n<script type=\"application\/ld+json\" class=\"yoast-schema-graph\">{\"@context\":\"https:\\\/\\\/schema.org\",\"@graph\":[{\"@type\":\"WebPage\",\"@id\":\"https:\\\/\\\/sdf.hr\\\/hr\\\/nada\\\/ljepse-nam-je-na-selu\\\/\",\"url\":\"https:\\\/\\\/sdf.hr\\\/hr\\\/nada\\\/ljepse-nam-je-na-selu\\\/\",\"name\":\"Ljep\u0161e nam je na selu - SDF - Srpski demokratski forum\",\"isPartOf\":{\"@id\":\"https:\\\/\\\/sdf.hr\\\/#website\"},\"primaryImageOfPage\":{\"@id\":\"https:\\\/\\\/sdf.hr\\\/hr\\\/nada\\\/ljepse-nam-je-na-selu\\\/#primaryimage\"},\"image\":{\"@id\":\"https:\\\/\\\/sdf.hr\\\/hr\\\/nada\\\/ljepse-nam-je-na-selu\\\/#primaryimage\"},\"thumbnailUrl\":\"https:\\\/\\\/sdf.hr\\\/wp-content\\\/uploads\\\/2024\\\/02\\\/Ema-i-Ivan.jpg\",\"datePublished\":\"2024-02-02T11:28:30+00:00\",\"dateModified\":\"2024-02-02T11:29:08+00:00\",\"breadcrumb\":{\"@id\":\"https:\\\/\\\/sdf.hr\\\/hr\\\/nada\\\/ljepse-nam-je-na-selu\\\/#breadcrumb\"},\"inLanguage\":\"hr\",\"potentialAction\":[{\"@type\":\"ReadAction\",\"target\":[\"https:\\\/\\\/sdf.hr\\\/hr\\\/nada\\\/ljepse-nam-je-na-selu\\\/\"]}]},{\"@type\":\"ImageObject\",\"inLanguage\":\"hr\",\"@id\":\"https:\\\/\\\/sdf.hr\\\/hr\\\/nada\\\/ljepse-nam-je-na-selu\\\/#primaryimage\",\"url\":\"https:\\\/\\\/sdf.hr\\\/wp-content\\\/uploads\\\/2024\\\/02\\\/Ema-i-Ivan.jpg\",\"contentUrl\":\"https:\\\/\\\/sdf.hr\\\/wp-content\\\/uploads\\\/2024\\\/02\\\/Ema-i-Ivan.jpg\",\"width\":750,\"height\":500,\"caption\":\"Ema Jureti\u0107 i Ivan Dilberovi\u0107\"},{\"@type\":\"BreadcrumbList\",\"@id\":\"https:\\\/\\\/sdf.hr\\\/hr\\\/nada\\\/ljepse-nam-je-na-selu\\\/#breadcrumb\",\"itemListElement\":[{\"@type\":\"ListItem\",\"position\":1,\"name\":\"Po\u010detna stranica\",\"item\":\"https:\\\/\\\/sdf.hr\\\/hr\\\/\"},{\"@type\":\"ListItem\",\"position\":2,\"name\":\"Nada\",\"item\":\"https:\\\/\\\/sdf.hr\\\/nada\\\/\"},{\"@type\":\"ListItem\",\"position\":3,\"name\":\"Ljep\u0161e nam je na selu\"}]},{\"@type\":\"WebSite\",\"@id\":\"https:\\\/\\\/sdf.hr\\\/#website\",\"url\":\"https:\\\/\\\/sdf.hr\\\/\",\"name\":\"SDF - Srpski demokratski forum\",\"description\":\"Srpski demokratski forum\",\"publisher\":{\"@id\":\"https:\\\/\\\/sdf.hr\\\/#organization\"},\"potentialAction\":[{\"@type\":\"SearchAction\",\"target\":{\"@type\":\"EntryPoint\",\"urlTemplate\":\"https:\\\/\\\/sdf.hr\\\/?s={search_term_string}\"},\"query-input\":{\"@type\":\"PropertyValueSpecification\",\"valueRequired\":true,\"valueName\":\"search_term_string\"}}],\"inLanguage\":\"hr\"},{\"@type\":\"Organization\",\"@id\":\"https:\\\/\\\/sdf.hr\\\/#organization\",\"name\":\"SDF - Srpski demokratski forum\",\"url\":\"https:\\\/\\\/sdf.hr\\\/\",\"logo\":{\"@type\":\"ImageObject\",\"inLanguage\":\"hr\",\"@id\":\"https:\\\/\\\/sdf.hr\\\/#\\\/schema\\\/logo\\\/image\\\/\",\"url\":\"https:\\\/\\\/sdf.hr\\\/wp-content\\\/uploads\\\/2021\\\/07\\\/logo-hr.svg\",\"contentUrl\":\"https:\\\/\\\/sdf.hr\\\/wp-content\\\/uploads\\\/2021\\\/07\\\/logo-hr.svg\",\"width\":271,\"height\":100,\"caption\":\"SDF - Srpski demokratski forum\"},\"image\":{\"@id\":\"https:\\\/\\\/sdf.hr\\\/#\\\/schema\\\/logo\\\/image\\\/\"}}]}<\/script>\n<!-- \/ Yoast SEO plugin. -->","yoast_head_json":{"title":"Ljep\u0161e nam je na selu - SDF - Srpski demokratski forum","robots":{"index":"index","follow":"follow","max-snippet":"max-snippet:-1","max-image-preview":"max-image-preview:large","max-video-preview":"max-video-preview:-1"},"canonical":"https:\/\/sdf.hr\/hr\/nada\/ljepse-nam-je-na-selu\/","og_locale":"hr_HR","og_type":"article","og_title":"Ljep\u0161e nam je na selu - SDF - Srpski demokratski forum","og_description":"Susjedi su divni, \u017eivot je mirniji, pri\u010daju ljudi koji su grad zamijenili selom. Ema Jureti\u0107 i Ivan Dilberovi\u0107 preselili su se iz Zagreba u Smokvicu kraj Novog Vinodolskog, Du\u0161ko Rodi\u0107 se nakon Rijeke vratio Plitvicama, a Marina Latinovi\u0107 s obitelji se iz Vukovara preselila u Negoslavce","og_url":"https:\/\/sdf.hr\/hr\/nada\/ljepse-nam-je-na-selu\/","og_site_name":"SDF - Srpski demokratski forum","article_modified_time":"2024-02-02T11:29:08+00:00","og_image":[{"width":750,"height":500,"url":"https:\/\/sdf.hr\/wp-content\/uploads\/2024\/02\/Ema-i-Ivan.jpg","type":"image\/jpeg"}],"twitter_card":"summary_large_image","twitter_misc":{"Procijenjeno vrijeme \u010ditanja":"10 minuta"},"schema":{"@context":"https:\/\/schema.org","@graph":[{"@type":"WebPage","@id":"https:\/\/sdf.hr\/hr\/nada\/ljepse-nam-je-na-selu\/","url":"https:\/\/sdf.hr\/hr\/nada\/ljepse-nam-je-na-selu\/","name":"Ljep\u0161e nam je na selu - SDF - Srpski demokratski forum","isPartOf":{"@id":"https:\/\/sdf.hr\/#website"},"primaryImageOfPage":{"@id":"https:\/\/sdf.hr\/hr\/nada\/ljepse-nam-je-na-selu\/#primaryimage"},"image":{"@id":"https:\/\/sdf.hr\/hr\/nada\/ljepse-nam-je-na-selu\/#primaryimage"},"thumbnailUrl":"https:\/\/sdf.hr\/wp-content\/uploads\/2024\/02\/Ema-i-Ivan.jpg","datePublished":"2024-02-02T11:28:30+00:00","dateModified":"2024-02-02T11:29:08+00:00","breadcrumb":{"@id":"https:\/\/sdf.hr\/hr\/nada\/ljepse-nam-je-na-selu\/#breadcrumb"},"inLanguage":"hr","potentialAction":[{"@type":"ReadAction","target":["https:\/\/sdf.hr\/hr\/nada\/ljepse-nam-je-na-selu\/"]}]},{"@type":"ImageObject","inLanguage":"hr","@id":"https:\/\/sdf.hr\/hr\/nada\/ljepse-nam-je-na-selu\/#primaryimage","url":"https:\/\/sdf.hr\/wp-content\/uploads\/2024\/02\/Ema-i-Ivan.jpg","contentUrl":"https:\/\/sdf.hr\/wp-content\/uploads\/2024\/02\/Ema-i-Ivan.jpg","width":750,"height":500,"caption":"Ema Jureti\u0107 i Ivan Dilberovi\u0107"},{"@type":"BreadcrumbList","@id":"https:\/\/sdf.hr\/hr\/nada\/ljepse-nam-je-na-selu\/#breadcrumb","itemListElement":[{"@type":"ListItem","position":1,"name":"Po\u010detna stranica","item":"https:\/\/sdf.hr\/hr\/"},{"@type":"ListItem","position":2,"name":"Nada","item":"https:\/\/sdf.hr\/nada\/"},{"@type":"ListItem","position":3,"name":"Ljep\u0161e nam je na selu"}]},{"@type":"WebSite","@id":"https:\/\/sdf.hr\/#website","url":"https:\/\/sdf.hr\/","name":"SDF - Srpski demokratski forum","description":"Srpski demokratski forum","publisher":{"@id":"https:\/\/sdf.hr\/#organization"},"potentialAction":[{"@type":"SearchAction","target":{"@type":"EntryPoint","urlTemplate":"https:\/\/sdf.hr\/?s={search_term_string}"},"query-input":{"@type":"PropertyValueSpecification","valueRequired":true,"valueName":"search_term_string"}}],"inLanguage":"hr"},{"@type":"Organization","@id":"https:\/\/sdf.hr\/#organization","name":"SDF - Srpski demokratski forum","url":"https:\/\/sdf.hr\/","logo":{"@type":"ImageObject","inLanguage":"hr","@id":"https:\/\/sdf.hr\/#\/schema\/logo\/image\/","url":"https:\/\/sdf.hr\/wp-content\/uploads\/2021\/07\/logo-hr.svg","contentUrl":"https:\/\/sdf.hr\/wp-content\/uploads\/2021\/07\/logo-hr.svg","width":271,"height":100,"caption":"SDF - Srpski demokratski forum"},"image":{"@id":"https:\/\/sdf.hr\/#\/schema\/logo\/image\/"}}]}},"_links":{"self":[{"href":"https:\/\/sdf.hr\/hr\/wp-json\/wp\/v2\/nada\/4063","targetHints":{"allow":["GET"]}}],"collection":[{"href":"https:\/\/sdf.hr\/hr\/wp-json\/wp\/v2\/nada"}],"about":[{"href":"https:\/\/sdf.hr\/hr\/wp-json\/wp\/v2\/types\/nada"}],"wp:featuredmedia":[{"embeddable":true,"href":"https:\/\/sdf.hr\/hr\/wp-json\/wp\/v2\/media\/4058"}],"wp:attachment":[{"href":"https:\/\/sdf.hr\/hr\/wp-json\/wp\/v2\/media?parent=4063"}],"wp:term":[{"taxonomy":"post_tag","embeddable":true,"href":"https:\/\/sdf.hr\/hr\/wp-json\/wp\/v2\/tags?post=4063"},{"taxonomy":"atribut","embeddable":true,"href":"https:\/\/sdf.hr\/hr\/wp-json\/wp\/v2\/atribut?post=4063"}],"curies":[{"name":"wp","href":"https:\/\/api.w.org\/{rel}","templated":true}]}}