{"id":4076,"date":"2024-02-09T11:52:35","date_gmt":"2024-02-09T10:52:35","guid":{"rendered":"https:\/\/sdf.hr\/nada\/porodjajno-mucenje\/"},"modified":"2024-02-09T11:53:49","modified_gmt":"2024-02-09T10:53:49","slug":"porodjajno-mucenje","status":"publish","type":"nada","link":"https:\/\/sdf.hr\/hr\/nada\/porodjajno-mucenje\/","title":{"rendered":"Poro\u0111ajno mu\u010denje"},"content":{"rendered":"<p>Ova vlast \u0107e kao takva da do\u0111e i pro\u0111e. Patrijarhat je, na\u017ealost, konstanta u na\u0161em dru\u0161tvu. Zato ne moram da obja\u0161njavam za\u0161to je borba na ulici krucijalna \u2013 isti\u010de aktivistkinja <strong>Emilija Milenkovi\u0107<\/strong> iz Beograda\u00b8 studenktinja iz neformalne grupe &#8220;Borba&#8221;.<\/p>\n<p>Slu\u010daj <strong>Marice Mihajlovi\u0107<\/strong> iz Sremske Mitrovice \u010dije je dete nedavno umrlo na poro\u0111aju uzbunio je Srbiju, a mnoge vrlo zbunio: emotivno, fizi\u010dki i psihi\u010dki. Razlog takvih pome\u0161anih reakcija prepisuje se aku\u0161erskom nasilju, odnosno fizi\u010dkom, verbalnom ili emocionalnom zlostavljanju \u017eena tokom trudno\u0107e, poro\u0111aja ili postporo\u0111ajnog perioda. Taj slu\u010daj je podstakao i druge \u017eene porodilje da ispri\u010daju sli\u010dna, ranjiva iskustva. Problem aku\u0161erskog nasilja jeste pre svega \u017eensko pitanje, jer se oslikava direktno na na\u0161e telo, um i mo\u017ee da ostavi duboke posledice po na\u0161e \u017eivote. Me\u0111utim, kada god govorimo o pitanju ugro\u017eavanja \u017eenskih prava i sloboda, bilo da se radi o femicidu ili kao sada o aku\u0161erskom nasilju, to se u \u0161iroj javnosti naj\u010de\u0161\u0107e ne percipira kao dru\u0161tveni i sistemski problem. \u017denskom iskustvu se i dalje ne veruje.<\/p>\n<p>Poro\u0111aj je transformativno i ranjivo iskustvo tokom kojeg su klju\u010dni poverenje i podr\u0161ka zdravstvenih radnika. Jo\u0161 1974. godine francuski ginekolog i aku\u0161er <strong>Frederik Leboaje<\/strong> objavio je knjigu &#8220;Ro\u0111enje bez nasilja&#8221;. Problem aku\u0161erskog nasilja je sveprisutan i predugo percipiran kao ne\u0161to normalno i podrazumevaju\u0107e. Toliko duga normalizacija nasilnih praksi dovela je do pucanja, stravi\u010dnih slu\u010dajeva o kojima \u010ditamo u javnosti. Kao i do besa kod \u017eena \u0161irom Srbije koje su osvestile da je to ne\u0161to \u0161to ne bi trebalo da im se de\u0161ava.<\/p>\n<p>&#8211; Problem je kompleksan i njegovo re\u0161avanje se mora raditi strate\u0161ki i na vi\u0161e nivoa. Po\u010dev od samog Medicinskog fakulteta, senzibilizacije lekara, reformatiranja porodili\u0161ta, utvr\u0111ivanja pravnih okvira, kao i regulatornih tela. Me\u0111utim, sistemska reakcija je izostala. Ponajvi\u0161e \u0161tete su nanele izjave ministarke zdravlja <strong>Danice Gruji\u010di\u0107<\/strong> koja je dodatno relativizovala pri\u010de o nasilju. Dovode\u0107i u pitanje njihovu istinitost i navode\u0107i re\u010denice koje samo doprinose normalizaciji nasilja u za \u017eene najranjivijem trenutku. Sistemski ni\u0161ta nije ura\u0111eno niti predstavljeno kao re\u0161enje, ve\u0107 samo \u010dist populizam i banalizacija teme \u2013 govori za Nadu novinarka i aktivistkinja <strong>Iva Para\u0111anin<\/strong>.<\/p>\n<p>Pokrenuta je i peticija pokreta &#8220;Kreni-Promeni&#8221; \u010diji su zahtevi upu\u0107eni Ministarstvu zdravlja, sa namerom da se na poro\u0111aju \u017eenama omogu\u0107i besplatna pratnja. Peticiju je potpisalo 190.000 gra\u0111ana i gra\u0111anki Srbije, nakon \u010dega je usledeo pozitivan odgovor iz porodili\u0161ta u Sremskoj Mitrovici. Iako ovakva praksa postoji u nekoliko porodili\u0161ta, peticija je usmerena ka onima \u010diji fokus nije bio na adekvatnom tretmanu pacijentkinja. Zajednica koja se modernizovala, a ne razvija se, nastavit \u0107e \u2013 \u010dak i ako joj se daje minimalna mo\u0107 odlu\u010divanja \u2013 ovisiti o razvijenim dr\u017eavama. To je sudbina svakog ovisnog dru\u0161tva. Kad ljudi razviju relativno racionalnu sliku ugnjetavanja, koja ih vodi do toga da tla\u010ditelja lokaliziraju izvan sebe, zapo\u010dinju borbu za prevladavanje protivre\u010dja u koja su uhva\u0107eni. Tada narod prevladava udaljenost izme\u0111u &#8220;klasne nu\u017enosti&#8221; i &#8220;klasne svesti&#8221;.<\/p>\n<p>Dugoro\u010dnija re\u0161enja postoje i le\u017ee spremna u fiokama razli\u010ditih \u017eenskih organizacija, pravnica koje se bave ovom temom i pru\u017eaju besplatnu podr\u0161ku \u017eenama sa iskustvima sli\u010dnim Mari\u010dinom. Doktoricama koje su svetli primeri ove profesije i babicama \u010dija je glavna misija da \u017eena bude sto spremnija i informisanija. Armije ovih motivisanih aktivistkinja, istra\u017eiva\u010dica i borkinja jo\u0161 uvek niko ni\u0161ta ne pita ve\u0107 se re\u0161enja samo reklamiraju, ali ne sprovode. Istra\u017eivanja, predavanja i aktivisti\u010dko delovanje generacijski unapre\u0111uje prava. Preispituje patrijarhalne vrednosti, ali i kriti\u010dki sagledava rodne podre\u0111enosti, klasna i rasna pitanja. Ne smemo da posrnemo u reakcionarnu zamku koja stvara prividnu sliku da je borba uzaludna, ve\u0107 te\u017eiti ka revoluciji, oslobo\u0111eni od kapitalisti\u010dkih, ali i patrijarhalnih vrednosti koje su se godinama internalizovale.<\/p>\n<figure id=\"attachment_4074\" aria-describedby=\"caption-attachment-4074\" style=\"width: 2016px\" class=\"wp-caption alignnone\"><img loading=\"lazy\" decoding=\"async\" class=\"wp-image-4074 size-full\" src=\"https:\/\/sdf.hr\/wp-content\/uploads\/2024\/02\/Paradanin2-scaled.jpg\" alt=\"\" width=\"2016\" height=\"2560\" srcset=\"https:\/\/sdf.hr\/wp-content\/uploads\/2024\/02\/Paradanin2-scaled.jpg 2016w, https:\/\/sdf.hr\/wp-content\/uploads\/2024\/02\/Paradanin2-236x300.jpg 236w, https:\/\/sdf.hr\/wp-content\/uploads\/2024\/02\/Paradanin2-806x1024.jpg 806w, https:\/\/sdf.hr\/wp-content\/uploads\/2024\/02\/Paradanin2-768x975.jpg 768w, https:\/\/sdf.hr\/wp-content\/uploads\/2024\/02\/Paradanin2-1209x1536.jpg 1209w, https:\/\/sdf.hr\/wp-content\/uploads\/2024\/02\/Paradanin2-1612x2048.jpg 1612w\" sizes=\"auto, (max-width: 2016px) 100vw, 2016px\" \/><figcaption id=\"caption-attachment-4074\" class=\"wp-caption-text\">Iva Para\u0111anin<\/figcaption><\/figure>\n<p>&#8211; Jedini na\u010din da primoramo institucije da rade svoj posao je, na\u017ealost, da iza\u0111emo na ulice. Ne smemo da dozvolimo da se nasilje normalizuje. Ta misija nije usmerana samo ka donosiocima odluka nego ka \u010ditavom dru\u0161tvu. Mladi \u017eele da uti\u010du na promene. Feministi\u010dka borba je trenutno najranjivija i moramo da budemo glasne. Ona se ti\u010de rodne ravnopravnosti, rodno zasnovanog, ali i aku\u0161erskog nasilja. Ova vlast kao takva \u0107e da do\u0111e i pro\u0111e \u2013 patrijarhat je na\u017ealost, neka konstanta u na\u0161em dru\u0161tvu. Zato ne moram da obja\u0161njam za\u0161to je borba na ulici krucijalna \u2013 govori Emilija Milenkovi\u0107 iz grupe &#8220;Borba&#8221;.<\/p>\n<p>Potrebu za reakcijom imale su i \u010dlanice neformalnog feministi\u010dkog kolektiva &#8220;\u017denska solidarnost&#8221; koje su nedavno odr\u017eale protest pod nazivom &#8220;Porodili\u0161te, a ne klanica&#8221;. Protest protiv aku\u0161erskog nasilja odr\u017eao se ispred Ministarstva zdravlja, ali i ispred bolnice u Sremskoj Mitrovici gde se dogodio poslednji slu\u010daj nasilja. U borbu se uklju\u010dilo i nevladino udru\u017eenje International Aid Network koje pru\u017ea besplatno psiholo\u0161ku podr\u0161ku \u017eenama koje su pre\u017eivele aku\u0161ersko nasilje. Podr\u0161ku protestima, ali i apel za unapre\u0111enjem zdravstvenog sistema neiscrpno pru\u017eaju i predstavnici medija. Na\u017ealost, malo je onih koji nisu interna glasila privilegovanih.<\/p>\n<p>Dok jedni negoduju na prisustvo partnera na poro\u0111aju, drugi pak misle da bi to trebalo biti podrazumevaju\u0107e. Tako su motivisani da budu saborci, ali i da shvate va\u017enost i sr\u017e ovog problema. Sama konotacija na bolnicu nosi negativan kontekst, a sam poro\u0111aj je jedan od onih koji budi pozitivnu misao. Da se ra\u0111a novi \u017eivot, da se ostvarujete kao majka, da dobijate etiketu nekih novih \u017eivotnih uloga. U moru negativnih primera, sve manje se \u017eena odlu\u010duje na maj\u010dinstvo. Do\u017eivljavanje nasilja tokom poro\u0111aja mo\u017ee imati te\u0161ke posledice, kako po mentalno, tako i po emocionalno stanje \u017eene. To mo\u017ee dovesti do posttraumatskog stresnog poreme\u0107aja (PTSP), anksioznosti, depresije, ali i nevoljnosti da se u budu\u0107nosti tra\u017ei zdravstvena za\u0161tita. Negativan uticaj na mentalno zdravlje majke tako\u0111e mo\u017ee uticati na njenu sposobnost da se pove\u017ee sa svojim novoro\u0111en\u010detom i da se nosi sa izazovima ranog maj\u010dinstva.<\/p>\n<p>Koordinatorka nevladinog udru\u017eenja &#8220;Sloboda nema cenu&#8221;, <strong>Dobrila Markovi\u0107<\/strong>, nagla\u0161ava va\u017enost edukacija pacijenata, u ovom slu\u010daju \u017eena, o tome koja su njihova prava i kome se mogu obratiti kada su ta prava ugro\u017eena. Prva adresa je savetnik za za\u0161titu prava pacijenata. Osobe koje su zadu\u017eene za prava treba da budu malo vi\u0161e me\u0111u pacijenticama jer jedino tako mogu da vide realno stanje. Papir trpi, teorija je jedno \u2013 a praksa ipak ne\u0161to drugo.<\/p>\n<p>&#8211; Potrebna je podr\u0161ka od bliskih ljudi i zajednice, posebno kada do nasilja do\u0111e i kada je potrebno istrajati, jer i dalje smo skloni tome da pre osu\u0111ujemo \u017eene, nego da pru\u017eamo podr\u0161ku. Vra\u0107anje poverenja u institucije, do \u010dega \u0107e do\u0107i kada gra\u0111ani, \u017eene u ovoj pri\u010di, vide da su ono tu za njih kroz procesuiranje slu\u010dajeva i stvarno ka\u017enjavanje po\u010dinioca. Tako\u0111e i kroz menjanje samog sistema. Ceo sistem, u ovom slu\u010daju u bolnicama, mo\u017ee i mora biti mnogo vi\u0161e okrenut ka pacijetima koji ne\u0107e samo biti broj ili karton koji \u0107e da pogledaju. Tu isto su veoma va\u017ene informacije, da vam neko unapred objasni \u0161ta vas \u010deka, kako \u0107e intervencija izgledati i sli\u010dno. Tako bi se olak\u0161alo i pacijetima, ali i lekarima. I na kraju edukacija budu\u0107ih lekara, posebno za ovo prethodno navedeno, kako da im pacijenti ne budu samo broj \u2013 govori Dobrila Markovi\u0107.<\/p>\n<p>Iako su vidljive promene, u Hrvatskoj je na snazi sli\u010dan tretman kada govorimo o zdravstvenom sistemu. Prisetimo se slu\u010daja pre nekoliko godina kada je pokrenuta kampanja &#8220;Rodili\u0161te prijatelja majke i djece&#8221; protiv aku\u0161erskog nasilja i za generalno bolji zdravstveni sistem. U akciju su se, sa obe\u0107anim predlozima i prividnim empatijama priklju\u010dili i tada\u0161nji donosioci odluka. Me\u0111utim, kako su se PR aktivnosti smanjivale, tako je splasnula i \u017eelja za promenom.<\/p>\n<p>&#8211; Nama treba su\u0161tinska promena, i nakon edukacija \u2013 edukacija. Kada do\u0111e do ga\u0161enja po\u017eara tada je ve\u0107 kasno, proces po\u010dinje od preventive. Jedino tako mo\u017eemo da smanjimo nasilje me\u0111u svima, ali i da podignemo svest da ono nije prihvatljivo. Europska komisija trenutno radi na istra\u017eivanjima i kreiranju publikacije u vezi sa ginekolo\u0161kim nasiljem u zemljama Europske unije. Ta publikacija mo\u017ee da bude dobra osnova na zagovara\u010dkom putu u stvaranju konstruktivnih mehanizama \u2013 obja\u0161njava <strong>Danijela Drandi\u0107<\/strong>\u00a0 iz udru\u017eenja &#8220;Roda&#8221;.<\/p>\n<p>U Srbiji ne postoji mnogo istra\u017eivanja potkrepljenih iskustvima \u017eena u porodili\u0161tu. No jedno od takvih sproveo je Centar za mame pre devet godina. Centar je nedavno objavio 15 preporuka za Ministarstvo zdravlja, a ti\u010du se pobolj\u0161anja stanja u porodili\u0161tima. Neke od njih su da se uvede obavezna akreditacija svih porodili\u0161ta u skladu sa Standardima za akreditaciju porodili\u0161ta i neonatolo\u0161ku zdravstvenu za\u0161titu koje propisuje Agencija za Akreditaciju zdravstvenih ustanova Srbije. Preporuke podrazumevaju i upoznavanje svake trudnice sa njenim pravima, rastere\u0107ivanje zdravstvene ustanove kako bi se u svakom porodili\u0161tu broj poro\u0111aja sveo na optimalan, gde bi se fiziolo\u0161ki poro\u0111aji vezali za sekundarne zdravstvene centre. Iz Centra za mame isti\u010du da je va\u017eno vratiti babicama njihovu ulogu na poro\u0111aju, jer, kako poru\u010duju, babice su najva\u017enije kod vaginalnog poro\u0111aja. Pored adekvatne i kontinuirane edukacije svih zaposlenih u porodili\u0161tu na temu empatije i zna\u010daja dobre komunikacije izme\u0111u lekara i pacijenta, potrebno je obezbediti psiholo\u0161ku podr\u0161ku u svim porodili\u0161tima u Srbiji. Humanizovati poro\u0111ajne procedure, ali i iskoreniti korupciju u porodili\u0161tima. Neizostavno je spomenuti i potrebu za sistematskom brigom, ali i kontrolom medicinskog osoblja, kao i kontrolom njihovog psihi\u010dkog zdravlja. Sve u cilju boljeg tretmana pacijenata.<\/p>\n<p>Dru\u0161tvo sa\u010dinjavaju individue, ali se i individue prilago\u0111avaju na dru\u0161tveno okru\u017eenje. Dokle god su za takvo dru\u0161tvo lekar, medicina i farmacija stvar elitizma vo\u0111enog materijalnim razlozima, ne\u0107e izostati ni vo\u0111enje pojedinca jednakim principima. Treba prestati sa \u0161ti\u0107enjem onih koji \u0107e ponovo nekoga da povrede. I treba da, gde god imamo prilike da pru\u017eimo podr\u0161ku jedna drugoj \u2013 to nesebi\u010dno i uradimo.<\/p>\n<p><em>pi\u0161e Jelena Miri\u0107<\/em><\/p>\n","protected":false},"excerpt":{"rendered":"<p>Poro\u0111aj je transformativno i ranjivo iskustvo tokom kojeg su klju\u010dni poverenje i podr\u0161ka zdravstvenih radnika. Slu\u010daj Marice Mihajlovi\u0107 iz Sremske Mitrovice \u010dije je dete nedavno umrlo na poro\u0111aju uzbunio je Srbiju i ukazao na problem ginekolo\u0161kog, odnosno aku\u0161erskog nasilja<\/p>\n","protected":false},"featured_media":4073,"template":"","tags":[130],"atribut":[],"class_list":["post-4076","nada","type-nada","status-publish","has-post-thumbnail","hentry","tag-tema"],"acf":[],"yoast_head":"<!-- This site is optimized with the Yoast SEO plugin v27.4 - https:\/\/yoast.com\/product\/yoast-seo-wordpress\/ -->\n<title>Poro\u0111ajno mu\u010denje - SDF - Srpski demokratski forum<\/title>\n<meta name=\"robots\" content=\"index, follow, max-snippet:-1, max-image-preview:large, max-video-preview:-1\" \/>\n<link rel=\"canonical\" href=\"https:\/\/sdf.hr\/hr\/nada\/porodjajno-mucenje\/\" \/>\n<meta property=\"og:locale\" content=\"hr_HR\" \/>\n<meta property=\"og:type\" content=\"article\" \/>\n<meta property=\"og:title\" content=\"Poro\u0111ajno mu\u010denje - SDF - Srpski demokratski forum\" \/>\n<meta property=\"og:description\" content=\"Poro\u0111aj je transformativno i ranjivo iskustvo tokom kojeg su klju\u010dni poverenje i podr\u0161ka zdravstvenih radnika. Slu\u010daj Marice Mihajlovi\u0107 iz Sremske Mitrovice \u010dije je dete nedavno umrlo na poro\u0111aju uzbunio je Srbiju i ukazao na problem ginekolo\u0161kog, odnosno aku\u0161erskog nasilja\" \/>\n<meta property=\"og:url\" content=\"https:\/\/sdf.hr\/hr\/nada\/porodjajno-mucenje\/\" \/>\n<meta property=\"og:site_name\" content=\"SDF - Srpski demokratski forum\" \/>\n<meta property=\"article:modified_time\" content=\"2024-02-09T10:53:49+00:00\" \/>\n<meta property=\"og:image\" content=\"https:\/\/sdf.hr\/wp-content\/uploads\/2024\/02\/Simulacija-scaled.jpg\" \/>\n\t<meta property=\"og:image:width\" content=\"2560\" \/>\n\t<meta property=\"og:image:height\" content=\"1707\" \/>\n\t<meta property=\"og:image:type\" content=\"image\/jpeg\" \/>\n<meta name=\"twitter:card\" content=\"summary_large_image\" \/>\n<meta name=\"twitter:label1\" content=\"Procijenjeno vrijeme \u010ditanja\" \/>\n\t<meta name=\"twitter:data1\" content=\"9 minuta\" \/>\n<script type=\"application\/ld+json\" class=\"yoast-schema-graph\">{\"@context\":\"https:\\\/\\\/schema.org\",\"@graph\":[{\"@type\":\"WebPage\",\"@id\":\"https:\\\/\\\/sdf.hr\\\/hr\\\/nada\\\/porodjajno-mucenje\\\/\",\"url\":\"https:\\\/\\\/sdf.hr\\\/hr\\\/nada\\\/porodjajno-mucenje\\\/\",\"name\":\"Poro\u0111ajno mu\u010denje - SDF - Srpski demokratski forum\",\"isPartOf\":{\"@id\":\"https:\\\/\\\/sdf.hr\\\/#website\"},\"primaryImageOfPage\":{\"@id\":\"https:\\\/\\\/sdf.hr\\\/hr\\\/nada\\\/porodjajno-mucenje\\\/#primaryimage\"},\"image\":{\"@id\":\"https:\\\/\\\/sdf.hr\\\/hr\\\/nada\\\/porodjajno-mucenje\\\/#primaryimage\"},\"thumbnailUrl\":\"https:\\\/\\\/sdf.hr\\\/wp-content\\\/uploads\\\/2024\\\/02\\\/Simulacija-scaled.jpg\",\"datePublished\":\"2024-02-09T10:52:35+00:00\",\"dateModified\":\"2024-02-09T10:53:49+00:00\",\"breadcrumb\":{\"@id\":\"https:\\\/\\\/sdf.hr\\\/hr\\\/nada\\\/porodjajno-mucenje\\\/#breadcrumb\"},\"inLanguage\":\"hr\",\"potentialAction\":[{\"@type\":\"ReadAction\",\"target\":[\"https:\\\/\\\/sdf.hr\\\/hr\\\/nada\\\/porodjajno-mucenje\\\/\"]}]},{\"@type\":\"ImageObject\",\"inLanguage\":\"hr\",\"@id\":\"https:\\\/\\\/sdf.hr\\\/hr\\\/nada\\\/porodjajno-mucenje\\\/#primaryimage\",\"url\":\"https:\\\/\\\/sdf.hr\\\/wp-content\\\/uploads\\\/2024\\\/02\\\/Simulacija-scaled.jpg\",\"contentUrl\":\"https:\\\/\\\/sdf.hr\\\/wp-content\\\/uploads\\\/2024\\\/02\\\/Simulacija-scaled.jpg\",\"width\":2560,\"height\":1707,\"caption\":\"Simulacija ro\u0111enja (Foto: Friso Gentsch\\\/DPA\\\/PIXSELL)\"},{\"@type\":\"BreadcrumbList\",\"@id\":\"https:\\\/\\\/sdf.hr\\\/hr\\\/nada\\\/porodjajno-mucenje\\\/#breadcrumb\",\"itemListElement\":[{\"@type\":\"ListItem\",\"position\":1,\"name\":\"Po\u010detna stranica\",\"item\":\"https:\\\/\\\/sdf.hr\\\/hr\\\/\"},{\"@type\":\"ListItem\",\"position\":2,\"name\":\"Nada\",\"item\":\"https:\\\/\\\/sdf.hr\\\/nada\\\/\"},{\"@type\":\"ListItem\",\"position\":3,\"name\":\"Poro\u0111ajno mu\u010denje\"}]},{\"@type\":\"WebSite\",\"@id\":\"https:\\\/\\\/sdf.hr\\\/#website\",\"url\":\"https:\\\/\\\/sdf.hr\\\/\",\"name\":\"SDF - Srpski demokratski forum\",\"description\":\"Srpski demokratski forum\",\"publisher\":{\"@id\":\"https:\\\/\\\/sdf.hr\\\/#organization\"},\"potentialAction\":[{\"@type\":\"SearchAction\",\"target\":{\"@type\":\"EntryPoint\",\"urlTemplate\":\"https:\\\/\\\/sdf.hr\\\/?s={search_term_string}\"},\"query-input\":{\"@type\":\"PropertyValueSpecification\",\"valueRequired\":true,\"valueName\":\"search_term_string\"}}],\"inLanguage\":\"hr\"},{\"@type\":\"Organization\",\"@id\":\"https:\\\/\\\/sdf.hr\\\/#organization\",\"name\":\"SDF - Srpski demokratski forum\",\"url\":\"https:\\\/\\\/sdf.hr\\\/\",\"logo\":{\"@type\":\"ImageObject\",\"inLanguage\":\"hr\",\"@id\":\"https:\\\/\\\/sdf.hr\\\/#\\\/schema\\\/logo\\\/image\\\/\",\"url\":\"https:\\\/\\\/sdf.hr\\\/wp-content\\\/uploads\\\/2021\\\/07\\\/logo-hr.svg\",\"contentUrl\":\"https:\\\/\\\/sdf.hr\\\/wp-content\\\/uploads\\\/2021\\\/07\\\/logo-hr.svg\",\"width\":271,\"height\":100,\"caption\":\"SDF - Srpski demokratski forum\"},\"image\":{\"@id\":\"https:\\\/\\\/sdf.hr\\\/#\\\/schema\\\/logo\\\/image\\\/\"}}]}<\/script>\n<!-- \/ Yoast SEO plugin. -->","yoast_head_json":{"title":"Poro\u0111ajno mu\u010denje - SDF - Srpski demokratski forum","robots":{"index":"index","follow":"follow","max-snippet":"max-snippet:-1","max-image-preview":"max-image-preview:large","max-video-preview":"max-video-preview:-1"},"canonical":"https:\/\/sdf.hr\/hr\/nada\/porodjajno-mucenje\/","og_locale":"hr_HR","og_type":"article","og_title":"Poro\u0111ajno mu\u010denje - SDF - Srpski demokratski forum","og_description":"Poro\u0111aj je transformativno i ranjivo iskustvo tokom kojeg su klju\u010dni poverenje i podr\u0161ka zdravstvenih radnika. Slu\u010daj Marice Mihajlovi\u0107 iz Sremske Mitrovice \u010dije je dete nedavno umrlo na poro\u0111aju uzbunio je Srbiju i ukazao na problem ginekolo\u0161kog, odnosno aku\u0161erskog nasilja","og_url":"https:\/\/sdf.hr\/hr\/nada\/porodjajno-mucenje\/","og_site_name":"SDF - Srpski demokratski forum","article_modified_time":"2024-02-09T10:53:49+00:00","og_image":[{"width":2560,"height":1707,"url":"https:\/\/sdf.hr\/wp-content\/uploads\/2024\/02\/Simulacija-scaled.jpg","type":"image\/jpeg"}],"twitter_card":"summary_large_image","twitter_misc":{"Procijenjeno vrijeme \u010ditanja":"9 minuta"},"schema":{"@context":"https:\/\/schema.org","@graph":[{"@type":"WebPage","@id":"https:\/\/sdf.hr\/hr\/nada\/porodjajno-mucenje\/","url":"https:\/\/sdf.hr\/hr\/nada\/porodjajno-mucenje\/","name":"Poro\u0111ajno mu\u010denje - SDF - Srpski demokratski forum","isPartOf":{"@id":"https:\/\/sdf.hr\/#website"},"primaryImageOfPage":{"@id":"https:\/\/sdf.hr\/hr\/nada\/porodjajno-mucenje\/#primaryimage"},"image":{"@id":"https:\/\/sdf.hr\/hr\/nada\/porodjajno-mucenje\/#primaryimage"},"thumbnailUrl":"https:\/\/sdf.hr\/wp-content\/uploads\/2024\/02\/Simulacija-scaled.jpg","datePublished":"2024-02-09T10:52:35+00:00","dateModified":"2024-02-09T10:53:49+00:00","breadcrumb":{"@id":"https:\/\/sdf.hr\/hr\/nada\/porodjajno-mucenje\/#breadcrumb"},"inLanguage":"hr","potentialAction":[{"@type":"ReadAction","target":["https:\/\/sdf.hr\/hr\/nada\/porodjajno-mucenje\/"]}]},{"@type":"ImageObject","inLanguage":"hr","@id":"https:\/\/sdf.hr\/hr\/nada\/porodjajno-mucenje\/#primaryimage","url":"https:\/\/sdf.hr\/wp-content\/uploads\/2024\/02\/Simulacija-scaled.jpg","contentUrl":"https:\/\/sdf.hr\/wp-content\/uploads\/2024\/02\/Simulacija-scaled.jpg","width":2560,"height":1707,"caption":"Simulacija ro\u0111enja (Foto: Friso Gentsch\/DPA\/PIXSELL)"},{"@type":"BreadcrumbList","@id":"https:\/\/sdf.hr\/hr\/nada\/porodjajno-mucenje\/#breadcrumb","itemListElement":[{"@type":"ListItem","position":1,"name":"Po\u010detna stranica","item":"https:\/\/sdf.hr\/hr\/"},{"@type":"ListItem","position":2,"name":"Nada","item":"https:\/\/sdf.hr\/nada\/"},{"@type":"ListItem","position":3,"name":"Poro\u0111ajno mu\u010denje"}]},{"@type":"WebSite","@id":"https:\/\/sdf.hr\/#website","url":"https:\/\/sdf.hr\/","name":"SDF - Srpski demokratski forum","description":"Srpski demokratski forum","publisher":{"@id":"https:\/\/sdf.hr\/#organization"},"potentialAction":[{"@type":"SearchAction","target":{"@type":"EntryPoint","urlTemplate":"https:\/\/sdf.hr\/?s={search_term_string}"},"query-input":{"@type":"PropertyValueSpecification","valueRequired":true,"valueName":"search_term_string"}}],"inLanguage":"hr"},{"@type":"Organization","@id":"https:\/\/sdf.hr\/#organization","name":"SDF - Srpski demokratski forum","url":"https:\/\/sdf.hr\/","logo":{"@type":"ImageObject","inLanguage":"hr","@id":"https:\/\/sdf.hr\/#\/schema\/logo\/image\/","url":"https:\/\/sdf.hr\/wp-content\/uploads\/2021\/07\/logo-hr.svg","contentUrl":"https:\/\/sdf.hr\/wp-content\/uploads\/2021\/07\/logo-hr.svg","width":271,"height":100,"caption":"SDF - Srpski demokratski forum"},"image":{"@id":"https:\/\/sdf.hr\/#\/schema\/logo\/image\/"}}]}},"_links":{"self":[{"href":"https:\/\/sdf.hr\/hr\/wp-json\/wp\/v2\/nada\/4076","targetHints":{"allow":["GET"]}}],"collection":[{"href":"https:\/\/sdf.hr\/hr\/wp-json\/wp\/v2\/nada"}],"about":[{"href":"https:\/\/sdf.hr\/hr\/wp-json\/wp\/v2\/types\/nada"}],"wp:featuredmedia":[{"embeddable":true,"href":"https:\/\/sdf.hr\/hr\/wp-json\/wp\/v2\/media\/4073"}],"wp:attachment":[{"href":"https:\/\/sdf.hr\/hr\/wp-json\/wp\/v2\/media?parent=4076"}],"wp:term":[{"taxonomy":"post_tag","embeddable":true,"href":"https:\/\/sdf.hr\/hr\/wp-json\/wp\/v2\/tags?post=4076"},{"taxonomy":"atribut","embeddable":true,"href":"https:\/\/sdf.hr\/hr\/wp-json\/wp\/v2\/atribut?post=4076"}],"curies":[{"name":"wp","href":"https:\/\/api.w.org\/{rel}","templated":true}]}}