{"id":4095,"date":"2024-02-14T09:00:37","date_gmt":"2024-02-14T08:00:37","guid":{"rendered":"https:\/\/sdf.hr\/nada\/pendrekom-na-manjine\/"},"modified":"2024-02-13T16:41:03","modified_gmt":"2024-02-13T15:41:03","slug":"pendrekom-na-manjine","status":"publish","type":"nada","link":"https:\/\/sdf.hr\/hr\/nada\/pendrekom-na-manjine\/","title":{"rendered":"Pendrekom na manjine"},"content":{"rendered":"<p>Tri francuska policajca osu\u0111ena su u januaru na uvjetne zatvorske kazne jer su mladog crnog sporta\u0161a <strong>Th\u00e9odorea Luhaku<\/strong> 2017. godine ostavili s &#8220;ozbiljnim analnim ozljedama&#8221; nakon pretresa i uhi\u0107enja. Tada 22-godi\u0161nji Luhaka zaustavljen je u pari\u0161kom predgra\u0111u Aulnay-sous-Bois jer ga je policija po\u017eeljela malo legitimirati. Nije izazivao probleme, nije imao kriminalni dosje. Tih se dana spremao preseliti u Belgiju i ondje nastaviti profesionalnu nogometnu karijeru.<\/p>\n<p>Nakon provjere identiteta, policajci su ga poprskali suzavcem, tukli po licu i tijelu te naposljetku pendrekom nanijeli ozbiljne ozljede anusa. Premla\u0107ivanje je trajalo osam minuta i zabilje\u017eeno je na video-snimci. Na snimci se vidi kako policajci nastoje imobilizirati mladi\u0107a, koji se poku\u0161ava oduprijeti i vi\u010de, a zatim pada na tlo. Policajci ga potom mi\u010du nekoliko metara dalje i nastavljaju zlostavljati. Slu\u010daj je u februaru 2017. godine rezultirao vi\u0161ednevnim prosvjedima i nemirima u Francuskoj, tada\u0161nji predsjednik <strong>Fran\u00e7ois Hollande<\/strong> posjetio je Luhaku u bolnici, a razli\u010dite aktivisti\u010dke grupacije javno su ga podr\u017eale i kritizirale policijsko nasilje i rasizam.<\/p>\n<p>Jedan od policajaca, <strong>Marc-Antoine Castelain<\/strong>, inicijalno je bio optu\u017een za silovanje, ali je tijekom slu\u017ebene istrage zaklju\u010deno da (unato\u010d analnim ozljedama) nema dokaza o penetraciji te da nije utvr\u0111eno da je policajac mogao namjerno ciljati rektalno podru\u010dje. Optu\u017ebe za silovanje prvotno podignute protiv Castelaina odba\u010dene su prije su\u0111enja. Recentnom presudom Castelain je osu\u0111en na uvjetnu zatvorsku kaznu od godinu dana zbog nano\u0161enja te\u0161kih ozljeda Luhaki, a izre\u010dena mu je i petogodi\u0161nja zabrana obavljanja javnih policijskih du\u017enosti. Suci kaznenog suda Seine-Saint-Denis u presudi su naveli da se ozljede nanesene Luhaki ne mogu smatrati trajnim invaliditetom.<\/p>\n<p>Druga dvojica policajca (koji su od 2017. ostali zaposleni u policiji na uredskim poslovima) <strong>J\u00e9r\u00e9mie Dulin<\/strong> i <strong>Tony Hochart<\/strong>, dobili su po tri mjeseca uvjetne kazne i zabranu obna\u0161anja du\u017enosti u javnoj policiji na dvije godine. Za njih je utvr\u0111eno da su udarali Luhaku tijekom uhi\u0107enja. Sva trojica policajaca tvrdila su tijekom su\u0111enja da su djelovali u samoobrani, a njihovi odvjetnici isticali da je policijska uporaba sile bila &#8220;legitimna, nu\u017ena i razmjerna&#8221;, a optu\u017ebe za rasizam &#8220;neutemeljene&#8221;.<\/p>\n<p>S time se ne sla\u017eu aktivisti koji smatraju da su ovakve kazne apsolutno preblage, da sti\u017eu suvi\u0161e prekasno i da ne adresiraju su\u0161tinski sustavni problem. Va\u017eno je pritom re\u0107i i da ve\u0107ina prijava protiv policajaca zbog rasnog profiliranja i nasilja u Francuskoj ni ne dospije do suda, a slu\u017ebeni podaci pokazuju da je u 2021. godini manje od 15 posto osu\u0111uju\u0107ih presuda rezultiralo stvarnom zatvorskom kaznom. Aktivisti\u010dki kolektivi dugo upozoravaju da francuska policija zlorabi ovlasti tijekom provjera identiteta, naro\u010dito kad su u pitanju marginalizirane manjine. Prema podacima neovisnih organizacija, za mlade crne mu\u0161karce ili za one podrijetlom iz Sjeverne Afrike 20 puta je ve\u0107a vjerojatnost da \u0107e biti podvrgnuti policijskim provjerama od ostatka populacije.<\/p>\n<p>I jo\u0161 da se vratimo Th\u00e9odoreu Luhaki \u2013 on danas ima 29 godina, odustao je od karijere profesionalnog nogometa\u0161a, \u017eivi s majkom i rijetko izlazi iz stana. Medijima je prije su\u0111enja o napadu kazao da se od toga dana osje\u0107a mrtvim, ali i da mu je va\u017eno da policajci budu progla\u0161eni krivima te da se govori i \u010duje istina.<\/p>\n<p><em>pi\u0161e Ivana Peri\u0107<\/em><\/p>\n","protected":false},"excerpt":{"rendered":"<p>Aktivisti\u010dki kolektivi upozoravaju da francuska policija zlorabi ovlasti tijekom provjera identiteta, naro\u010dito kad su u pitanju marginalizirane skupine. Za mlade crne mu\u0161karce ili za one podrijetlom iz Sjeverne Afrike 20 puta je ve\u0107a vjerojatnost da \u0107e biti podvrgnuti policijskim intervencijama<\/p>\n","protected":false},"featured_media":4094,"template":"","tags":[40],"atribut":[],"class_list":["post-4095","nada","type-nada","status-publish","has-post-thumbnail","hentry","tag-dvokorak-naprijed"],"acf":[],"yoast_head":"<!-- This site is optimized with the Yoast SEO plugin v27.4 - https:\/\/yoast.com\/product\/yoast-seo-wordpress\/ -->\n<title>Pendrekom na manjine - SDF - Srpski demokratski forum<\/title>\n<meta name=\"robots\" content=\"index, follow, max-snippet:-1, max-image-preview:large, max-video-preview:-1\" \/>\n<link rel=\"canonical\" href=\"https:\/\/sdf.hr\/nada\/pendrekom-na-manjine\/\" \/>\n<meta property=\"og:locale\" content=\"hr_HR\" \/>\n<meta property=\"og:type\" content=\"article\" \/>\n<meta property=\"og:title\" content=\"Pendrekom na manjine - SDF - Srpski demokratski forum\" \/>\n<meta property=\"og:description\" content=\"Aktivisti\u010dki kolektivi upozoravaju da francuska policija zlorabi ovlasti tijekom provjera identiteta, naro\u010dito kad su u pitanju marginalizirane skupine. Za mlade crne mu\u0161karce ili za one podrijetlom iz Sjeverne Afrike 20 puta je ve\u0107a vjerojatnost da \u0107e biti podvrgnuti policijskim intervencijama\" \/>\n<meta property=\"og:url\" content=\"https:\/\/sdf.hr\/nada\/pendrekom-na-manjine\/\" \/>\n<meta property=\"og:site_name\" content=\"SDF - Srpski demokratski forum\" \/>\n<meta property=\"og:image\" content=\"https:\/\/sdf.hr\/wp-content\/uploads\/2024\/02\/Prosvjed_John-Angelillo-Newscom-scaled.jpg\" \/>\n\t<meta property=\"og:image:width\" content=\"2560\" \/>\n\t<meta property=\"og:image:height\" content=\"1843\" \/>\n\t<meta property=\"og:image:type\" content=\"image\/jpeg\" \/>\n<meta name=\"twitter:card\" content=\"summary_large_image\" \/>\n<meta name=\"twitter:label1\" content=\"Procijenjeno vrijeme \u010ditanja\" \/>\n\t<meta name=\"twitter:data1\" content=\"3 minute\" \/>\n<script type=\"application\/ld+json\" class=\"yoast-schema-graph\">{\"@context\":\"https:\\\/\\\/schema.org\",\"@graph\":[{\"@type\":\"WebPage\",\"@id\":\"https:\\\/\\\/sdf.hr\\\/nada\\\/pendrekom-na-manjine\\\/\",\"url\":\"https:\\\/\\\/sdf.hr\\\/nada\\\/pendrekom-na-manjine\\\/\",\"name\":\"Pendrekom na manjine - SDF - Srpski demokratski forum\",\"isPartOf\":{\"@id\":\"https:\\\/\\\/sdf.hr\\\/#website\"},\"primaryImageOfPage\":{\"@id\":\"https:\\\/\\\/sdf.hr\\\/nada\\\/pendrekom-na-manjine\\\/#primaryimage\"},\"image\":{\"@id\":\"https:\\\/\\\/sdf.hr\\\/nada\\\/pendrekom-na-manjine\\\/#primaryimage\"},\"thumbnailUrl\":\"https:\\\/\\\/sdf.hr\\\/wp-content\\\/uploads\\\/2024\\\/02\\\/Prosvjed_John-Angelillo-Newscom-scaled.jpg\",\"datePublished\":\"2024-02-14T08:00:37+00:00\",\"breadcrumb\":{\"@id\":\"https:\\\/\\\/sdf.hr\\\/nada\\\/pendrekom-na-manjine\\\/#breadcrumb\"},\"inLanguage\":\"hr\",\"potentialAction\":[{\"@type\":\"ReadAction\",\"target\":[\"https:\\\/\\\/sdf.hr\\\/nada\\\/pendrekom-na-manjine\\\/\"]}]},{\"@type\":\"ImageObject\",\"inLanguage\":\"hr\",\"@id\":\"https:\\\/\\\/sdf.hr\\\/nada\\\/pendrekom-na-manjine\\\/#primaryimage\",\"url\":\"https:\\\/\\\/sdf.hr\\\/wp-content\\\/uploads\\\/2024\\\/02\\\/Prosvjed_John-Angelillo-Newscom-scaled.jpg\",\"contentUrl\":\"https:\\\/\\\/sdf.hr\\\/wp-content\\\/uploads\\\/2024\\\/02\\\/Prosvjed_John-Angelillo-Newscom-scaled.jpg\",\"width\":2560,\"height\":1843,\"caption\":\"Prosvjed protiv policijskog nasilja (Foto: John Angelillo\\\/NEWSCOM\\\/PIXSELL)\"},{\"@type\":\"BreadcrumbList\",\"@id\":\"https:\\\/\\\/sdf.hr\\\/nada\\\/pendrekom-na-manjine\\\/#breadcrumb\",\"itemListElement\":[{\"@type\":\"ListItem\",\"position\":1,\"name\":\"Po\u010detna stranica\",\"item\":\"https:\\\/\\\/sdf.hr\\\/hr\\\/\"},{\"@type\":\"ListItem\",\"position\":2,\"name\":\"Nada\",\"item\":\"https:\\\/\\\/sdf.hr\\\/nada\\\/\"},{\"@type\":\"ListItem\",\"position\":3,\"name\":\"Pendrekom na manjine\"}]},{\"@type\":\"WebSite\",\"@id\":\"https:\\\/\\\/sdf.hr\\\/#website\",\"url\":\"https:\\\/\\\/sdf.hr\\\/\",\"name\":\"SDF - Srpski demokratski forum\",\"description\":\"Srpski demokratski forum\",\"publisher\":{\"@id\":\"https:\\\/\\\/sdf.hr\\\/#organization\"},\"potentialAction\":[{\"@type\":\"SearchAction\",\"target\":{\"@type\":\"EntryPoint\",\"urlTemplate\":\"https:\\\/\\\/sdf.hr\\\/?s={search_term_string}\"},\"query-input\":{\"@type\":\"PropertyValueSpecification\",\"valueRequired\":true,\"valueName\":\"search_term_string\"}}],\"inLanguage\":\"hr\"},{\"@type\":\"Organization\",\"@id\":\"https:\\\/\\\/sdf.hr\\\/#organization\",\"name\":\"SDF - Srpski demokratski forum\",\"url\":\"https:\\\/\\\/sdf.hr\\\/\",\"logo\":{\"@type\":\"ImageObject\",\"inLanguage\":\"hr\",\"@id\":\"https:\\\/\\\/sdf.hr\\\/#\\\/schema\\\/logo\\\/image\\\/\",\"url\":\"https:\\\/\\\/sdf.hr\\\/wp-content\\\/uploads\\\/2021\\\/07\\\/logo-hr.svg\",\"contentUrl\":\"https:\\\/\\\/sdf.hr\\\/wp-content\\\/uploads\\\/2021\\\/07\\\/logo-hr.svg\",\"width\":271,\"height\":100,\"caption\":\"SDF - Srpski demokratski forum\"},\"image\":{\"@id\":\"https:\\\/\\\/sdf.hr\\\/#\\\/schema\\\/logo\\\/image\\\/\"}}]}<\/script>\n<!-- \/ Yoast SEO plugin. -->","yoast_head_json":{"title":"Pendrekom na manjine - SDF - Srpski demokratski forum","robots":{"index":"index","follow":"follow","max-snippet":"max-snippet:-1","max-image-preview":"max-image-preview:large","max-video-preview":"max-video-preview:-1"},"canonical":"https:\/\/sdf.hr\/nada\/pendrekom-na-manjine\/","og_locale":"hr_HR","og_type":"article","og_title":"Pendrekom na manjine - SDF - Srpski demokratski forum","og_description":"Aktivisti\u010dki kolektivi upozoravaju da francuska policija zlorabi ovlasti tijekom provjera identiteta, naro\u010dito kad su u pitanju marginalizirane skupine. Za mlade crne mu\u0161karce ili za one podrijetlom iz Sjeverne Afrike 20 puta je ve\u0107a vjerojatnost da \u0107e biti podvrgnuti policijskim intervencijama","og_url":"https:\/\/sdf.hr\/nada\/pendrekom-na-manjine\/","og_site_name":"SDF - Srpski demokratski forum","og_image":[{"width":2560,"height":1843,"url":"https:\/\/sdf.hr\/wp-content\/uploads\/2024\/02\/Prosvjed_John-Angelillo-Newscom-scaled.jpg","type":"image\/jpeg"}],"twitter_card":"summary_large_image","twitter_misc":{"Procijenjeno vrijeme \u010ditanja":"3 minute"},"schema":{"@context":"https:\/\/schema.org","@graph":[{"@type":"WebPage","@id":"https:\/\/sdf.hr\/nada\/pendrekom-na-manjine\/","url":"https:\/\/sdf.hr\/nada\/pendrekom-na-manjine\/","name":"Pendrekom na manjine - SDF - Srpski demokratski forum","isPartOf":{"@id":"https:\/\/sdf.hr\/#website"},"primaryImageOfPage":{"@id":"https:\/\/sdf.hr\/nada\/pendrekom-na-manjine\/#primaryimage"},"image":{"@id":"https:\/\/sdf.hr\/nada\/pendrekom-na-manjine\/#primaryimage"},"thumbnailUrl":"https:\/\/sdf.hr\/wp-content\/uploads\/2024\/02\/Prosvjed_John-Angelillo-Newscom-scaled.jpg","datePublished":"2024-02-14T08:00:37+00:00","breadcrumb":{"@id":"https:\/\/sdf.hr\/nada\/pendrekom-na-manjine\/#breadcrumb"},"inLanguage":"hr","potentialAction":[{"@type":"ReadAction","target":["https:\/\/sdf.hr\/nada\/pendrekom-na-manjine\/"]}]},{"@type":"ImageObject","inLanguage":"hr","@id":"https:\/\/sdf.hr\/nada\/pendrekom-na-manjine\/#primaryimage","url":"https:\/\/sdf.hr\/wp-content\/uploads\/2024\/02\/Prosvjed_John-Angelillo-Newscom-scaled.jpg","contentUrl":"https:\/\/sdf.hr\/wp-content\/uploads\/2024\/02\/Prosvjed_John-Angelillo-Newscom-scaled.jpg","width":2560,"height":1843,"caption":"Prosvjed protiv policijskog nasilja (Foto: John Angelillo\/NEWSCOM\/PIXSELL)"},{"@type":"BreadcrumbList","@id":"https:\/\/sdf.hr\/nada\/pendrekom-na-manjine\/#breadcrumb","itemListElement":[{"@type":"ListItem","position":1,"name":"Po\u010detna stranica","item":"https:\/\/sdf.hr\/hr\/"},{"@type":"ListItem","position":2,"name":"Nada","item":"https:\/\/sdf.hr\/nada\/"},{"@type":"ListItem","position":3,"name":"Pendrekom na manjine"}]},{"@type":"WebSite","@id":"https:\/\/sdf.hr\/#website","url":"https:\/\/sdf.hr\/","name":"SDF - Srpski demokratski forum","description":"Srpski demokratski forum","publisher":{"@id":"https:\/\/sdf.hr\/#organization"},"potentialAction":[{"@type":"SearchAction","target":{"@type":"EntryPoint","urlTemplate":"https:\/\/sdf.hr\/?s={search_term_string}"},"query-input":{"@type":"PropertyValueSpecification","valueRequired":true,"valueName":"search_term_string"}}],"inLanguage":"hr"},{"@type":"Organization","@id":"https:\/\/sdf.hr\/#organization","name":"SDF - Srpski demokratski forum","url":"https:\/\/sdf.hr\/","logo":{"@type":"ImageObject","inLanguage":"hr","@id":"https:\/\/sdf.hr\/#\/schema\/logo\/image\/","url":"https:\/\/sdf.hr\/wp-content\/uploads\/2021\/07\/logo-hr.svg","contentUrl":"https:\/\/sdf.hr\/wp-content\/uploads\/2021\/07\/logo-hr.svg","width":271,"height":100,"caption":"SDF - Srpski demokratski forum"},"image":{"@id":"https:\/\/sdf.hr\/#\/schema\/logo\/image\/"}}]}},"_links":{"self":[{"href":"https:\/\/sdf.hr\/hr\/wp-json\/wp\/v2\/nada\/4095","targetHints":{"allow":["GET"]}}],"collection":[{"href":"https:\/\/sdf.hr\/hr\/wp-json\/wp\/v2\/nada"}],"about":[{"href":"https:\/\/sdf.hr\/hr\/wp-json\/wp\/v2\/types\/nada"}],"wp:featuredmedia":[{"embeddable":true,"href":"https:\/\/sdf.hr\/hr\/wp-json\/wp\/v2\/media\/4094"}],"wp:attachment":[{"href":"https:\/\/sdf.hr\/hr\/wp-json\/wp\/v2\/media?parent=4095"}],"wp:term":[{"taxonomy":"post_tag","embeddable":true,"href":"https:\/\/sdf.hr\/hr\/wp-json\/wp\/v2\/tags?post=4095"},{"taxonomy":"atribut","embeddable":true,"href":"https:\/\/sdf.hr\/hr\/wp-json\/wp\/v2\/atribut?post=4095"}],"curies":[{"name":"wp","href":"https:\/\/api.w.org\/{rel}","templated":true}]}}