{"id":4106,"date":"2024-02-23T11:47:12","date_gmt":"2024-02-23T10:47:12","guid":{"rendered":"https:\/\/sdf.hr\/nada\/otocka-tura\/"},"modified":"2024-02-23T11:48:28","modified_gmt":"2024-02-23T10:48:28","slug":"otocka-tura","status":"publish","type":"nada","link":"https:\/\/sdf.hr\/hr\/nada\/otocka-tura\/","title":{"rendered":"Oto\u010dka tura"},"content":{"rendered":"<p>Otkako sam se upoznala s konceptom putovanja, putujem lagano. Koferi\u0107 vu\u010dem u dva iznimna slu\u010daja: kad idem na neka putovanja s kojih bi valjalo ne\u0161to ponijeti nazad ili kad psa vodim sa sobom. Ispada u mojoj glavi da za njega uvijek treba ne\u0161to za <em>zlu-ne-trebalo<\/em> situacije, ali za mene je dovoljno ono malo robe \u0161to imam na sebi, par \u010distih ga\u0107a i tu\u0161. Ima li to veze s odgojem gdje je najva\u017enije bilo da si umiven i po\u010de\u0161ljan, ne znam, ali sigurno nije pritisak ni na noge kojima volim oba\u0107i, ni na ki\u010dmu koja to sve mora izdurati. Osim toga, gdje god da idem, volim do\u0107i na vrijeme i neoptere\u0107eno, a to zna\u010di otkantati bagaje i misli o tome je li mi spremljeno ovo ili ono, jesam li zaboravila ovo ili ono, i misliti o tome kamo idem, \u0161ta \u0107e mi se sve tamo lijepog dogoditi, kakva \u0107u se vratiti doma. Jedino takav prtljag priznajem, uostalom, jedino takav prtljag Lastovo u mom slu\u010daju podnosi. Mislim i na brod i na otok.<\/p>\n<p>&#8211; \u0160ta ne plovi Kor\u010dula? \u2013 pitam tri srednjo\u0161kolke kojima sam se pridru\u017eila nakon \u0161to sam triput oba\u0161la trajekt da vidim tko je sve na putu za otok. Va\u017ena se stvar de\u0161avala ovih dana i Lastovo je bilo krcato: <em>svi<\/em> su se zaputili na Lastovski poklad. \u0160aljem bratu poruku: <em>Plovi Lastovo, krcato, nema se di sist.<\/em> On mi ni\u0161ta ne odgovara, kontam da misli da sam zaboravila da je unutra dvije tre\u0107ine Kortjulana koji se iskipaju na prvoj trajektnoj postaji: Vela Luci.<\/p>\n<p>&#8211; Lastovo ide do proli\u0107a jer lak\u0161e ri\u017ee valove na jugo. Kor\u010dula je tupa pa ih tu\u010de. \u2013 poja\u0161njava mi N., jedna od tri srednjo\u0161kolke, uzimaju\u0107i u obzir da jesmo u najavljenoj ju\u017eini i da \u0107emo sutra, u subotu, biti prebrisani crvenim alarmom. Na otok ni\u0161ta ne\u0107e isploviti. Ima ne\u0161to konkretno u njezinom zapa\u017eanju, razotkriva druga\u010diji tip znanja od onog u kojem obi\u010dno obitavam i u kojem sam odrastala, i to me razdraga. Kao \u0161to me koju godinu prije dok smo odr\u017eavali \u201eLastovske slikovnice\u201c, radionice \u010ditanja slikovnica za male Lastovce, jedan od njih (tri i pol godine) na pitanje \u0161to sve bode, i na red odgovora svojih vr\u0161njaka koji su zapa\u017eali da je to igla, je\u017e, dra\u010da, trn, on uzviknuo: <em>\u0160krpina!<\/em><\/p>\n<p>Sljede\u0107ih pet sati putovanja, s manjim i ve\u0107im pauzama, s djevojkama razgovaram o odrastanju na otoku, \u0161kolovanju u gradu, njihovoj budu\u0107nosti daleko i od Lastova i od Splita, momcima, feminizmu, va\u017enosti financijske neovisnosti za \u017eene i Pokladu koji se ove godine odr\u017eao 541. put zaredom. I da, balu. Oko na\u0161eg se stola okuplja nekolicina mladi\u0107a i djevojaka koje prepoznajem jo\u0161 otkako su bili djeca. Svi \u0107e ravno s trajekta na balo u salu, ne\u0161to kao plesnjak kojim se formalno otvara po\u010detak pokladnih sve\u010danosti na Sv. Antuna 17. sije\u010dnja, a plesat \u0107e se i zadnju no\u0107 nakon \u201ecujanja\u201c (spu\u0161tanja) Poklada. Zovu i mene, ali moja \u0107e ekipa, <strong>Josipa Rimac<\/strong> i <strong>Ivan Turudi\u0107<\/strong>, i ja kao coprnica, tek sutra oba\u0107i salu, ali na maskenbalu.<\/p>\n<p>&#8211; Ljudi, ma di \u0107ete vi, ljudi! \u2013 do\u010dekuje trajektnu svitu uzvik u Ubliju. \u2013 Ljudi, falili ste ostrvo! \u2013 hvata se harlekin za glavu i udara u smijeh. Koga vidim pokraj njega nego svog brata.<\/p>\n<p>&#8211; Bogati, \u0161ta je ovo, ko usrid sezone \u2013 komentira brat i udara mi besu. \u2013 Di su svi stali?<\/p>\n<p>&#8211; Jesan ti rekla da je pun trajekt \u2013 odgovaram mu. \u2013 Ko je ovaj ostrvo lik? \u2013 pitam ga.<\/p>\n<p>&#8211; To ti je jedan na\u0161, legenda, al ne vidi\u0161 \u2013 brat podcrtava.<\/p>\n<p>Lastovo je na\u0161 otok, ako on to mo\u017ee bit. Njegov ipak vi\u0161e, ako se to mo\u017ee mjeriti, jer tamo \u017eivi, tamo je podigao ku\u0107u i tamo podi\u017ee i familiju. I to na, po meni, najgerilskijem mjestu na otoku \u2013 Ubliju.<\/p>\n<p>Nekad glavno oto\u010dko mjesto, nekad tipa 1000. godine, iz koje je sve stanovni\u0161tvo uteklo u brdo pred \u201edu\u0161manima\u201c u njegovu unutra\u0161njost i u njoj izgradilo ono amfiteatarsko misto koje poznajemo kao Lastovo ili selo, danas ostav\u0161tina talijanske politike izgradnje jednodomnih i dvodomnih ku\u0107a koja su specifi\u010dne na ovim prostorima. On je jednu takvu kupio, sam je obnovio i u nju uselio svoju obitelj, oti\u0161ao od gradske \u017ei\u017ee u oto\u010dku. Iako, tko zna kako bi se i ta pri\u010da bila odvila da jedne godine nisam sun\u010dala noge na terasi jedne od tih talijanki i da mi se na zidi\u0107 od vrtla nije naslagala jedna zagreba\u010dka familija koja je do\u0161la u izvidnicu ku\u0107e u kojoj brat sad \u017eivi, a tad je bila na prodaju. On se mislio bi li ne bi li, jer je ku\u0107u trebalo iznutra oderat i sve ponovo saliti.<\/p>\n<p>&#8211; Slu\u0161aj, ako si mislija kupovat tu ku\u0107u, sad ti je vrime. Tu su mi doli poslagani ko kuverture, slu\u0161am ih, dogovaraju se ko \u0107e ponudit koju cifru i zvat, pa ono\u2026<\/p>\n<p>Nekoliko godina poslije s dvije k\u0107eri podigao je broj (pred)\u0161kolske djece na otoku za impresivan postotak. I jedna od njih \u0107e, starija, moja imenjakinja, na dje\u010djim ma\u0161karama osvojiti nagradu za najbolji kostim u konkurenciji od prvog do \u010detvrtog osnovne. Bila je Wonder Woman ili kako joj je teta rekla, u kapitalizmu jedina mogu\u0107a partizanka.<\/p>\n<p>Nemam masku, to znam ve\u0107 na trajektu, to znam i generalno o sebi, ali ba\u0161 za maskenbal \u2013 ni\u0161ta. Odlazim u \u201eod igle do lokomotive\u201c Studenac i kupujem neki vje\u0161ti\u010dji \u0161e\u0161iri\u0107. Iznenadilo me kako mi dobro stoji. Trebala bih ga nositi svaki dan, s takvim ga gu\u0161tom neprestano namje\u0161tam u ogledalu.<\/p>\n<p>&#8211; A kako \u0107e ljudi znat da smo mi Turudi\u0107 i Rimac \u2013 pitaju <strong>Sanela<\/strong>, zagreba\u010dka Lastovka, i <strong>Marina<\/strong>, bratova \u017eena, moja drugarica.<\/p>\n<p>&#8211; Lente tribate stavit, ko misice \u2013 govorim.<\/p>\n<p>Brat iz gara\u017ee donosi bunt neke trake i na njoj pi\u0161e Lipa i Radost svojom nekad grafiterskom rukom uz uputu: Ovo mi vratite, ovo mi je traka za hidroizolaciju. Triba za gradili\u0161te!<\/p>\n<p>Nisu bile pobjedni\u010dke maske, ali za na\u0161im stolom jesu. Kad sam Rim\u010devoj oko 4 ujutro rekla da sam gladna, odnekud se stvorila s platom pr\u0161uta i sira. Vi\u0111eno jedino za na\u0161im stolom. <strong>Diana<\/strong>, kapo lastovskog ogranka TZ-a, koja \u0107e dan, dva poslije s <strong>Meri<\/strong>, voditeljicom putni\u010dke agencije i bratovom susidom, voditi prvu lastovsku turu o Pokladu, maskirala se u vjen\u010dani buket. Upozoravamo je da se pripazi kraja ve\u010deri da je netko ne hitne na rasplesanu gomilu. Cure koje su me prihvatile za svoje mjesto na trajektu javljaju mi se i pitaju me kako je, je li ba\u0161 kako su mi ispri\u010dale. Velim i bolje!<\/p>\n<p>Tome su pripomogle i Diana i Meri koje su nas nekoliko zainteresiranih povele kroz selo i sve pokladne postaje, da nam pribli\u017ee i pojasne obi\u010daj za glavni dan \u2013 pokladni utorak. Nakon te oto\u010dke ture, sve vam bude jasno. Iz koje se i \u010dije ku\u0107e iznosu uza (konop) po kojem se cuja Poklad i tko je nosi na Pokladarovu gr\u017eu, a tko prite\u017ee na Gornjoj luci u dnu sela da se po njoj Poklad \u0161ta spektakularnije spusti triput uz detonacije bombi, za\u0161to je prlina (zemlja) nasuta u Pokladove \u010dizme, i kako sanaturi udaraju ritam na liri (lijerici). Me\u0111utim, pravi spektakl je ma\u010devala\u010dko kolo koje povedu Pokladari, spo\u017e i \u0161kerma koji su dio kola, i te crvene uniforme koje oma\u0111ijaju i fiksiraju oko, jednako kako i one lijepih ma\u0161kara koje si\u0111u na plato \u010dim se Pokladari s magarcem upute kroz selo na Op\u0107inu. Kako se raste\u017ee \u017eica na liri, tako se i usne raste\u017eu u osmijeh. Znam, sve znam, ali stvarno je tako. Morate po\u0107i i do\u017eivjeti, pogotovo zavr\u0161no zajedni\u010dko kolo u no\u0107i pod crkvom Sv. Kuzme i Damjana, i spaljivanje Poklada.<\/p>\n<p><strong>Luce<\/strong>, jedna od vila iz lijepih ma\u0161kara, zove me na zadnji balo, ali velim da mi je u 4:15 katamaran i da valja po\u0107 le\u0107. Ona to demantira, ka\u017ee, to je taman, zavr\u0161i balo i mo\u017ee\u0161 i\u0107. Nema di stat, ka\u017eem joj, misle\u0107i i na vrijeme, ali na svoj prtljag od misli i do\u017eivljaja. Sva\u0161ta mi je usput upalo u torbak i palo na pamet. Da treba <em>opet<\/em> napustiti grad i po\u0107i na otok, opet tamo i okopati, obrati, raditi, pisati, misliti, da treba sve precrtati i nekako se otisnuti dalje, ali ispo\u010detka. Pokupiti pse i na otok, u gerilu, a ne ovako u ke\u017eual romanti\u010darski turizam s popustom koji osigura familija koja \u017eivi od dva oto\u010dka godi\u0161nja doba. Tako sam mislila dok sam jurila od lu\u010dke kapetanije do autobusnog kolodvora u Splitu s biduni\u0107em maslinova ulja u krilu. Napuniti koferi\u0107 za tre\u0107u opciju. Do\u017eivotnu.<\/p>\n<p><em>pi\u0161e Marija Andrija\u0161evi\u0107<\/em><\/p>\n","protected":false},"excerpt":{"rendered":"<p>Va\u017ena se stvar de\u0161avala ovih dana i Lastovo je bilo krcato: svi su se zaputili na Lastovski poklad. \u0160aljem bratu poruku: Plovi Lastovo, krcato, nema se di sist<\/p>\n","protected":false},"featured_media":4079,"template":"","tags":[177],"atribut":[],"class_list":["post-4106","nada","type-nada","status-publish","has-post-thumbnail","hentry","tag-vrzino-kolo-hr"],"acf":[],"yoast_head":"<!-- This site is optimized with the Yoast SEO plugin v27.4 - https:\/\/yoast.com\/product\/yoast-seo-wordpress\/ -->\n<title>Oto\u010dka tura - SDF - Srpski demokratski forum<\/title>\n<meta name=\"robots\" content=\"index, follow, max-snippet:-1, max-image-preview:large, max-video-preview:-1\" \/>\n<link rel=\"canonical\" href=\"https:\/\/sdf.hr\/hr\/nada\/otocka-tura\/\" \/>\n<meta property=\"og:locale\" content=\"hr_HR\" \/>\n<meta property=\"og:type\" content=\"article\" \/>\n<meta property=\"og:title\" content=\"Oto\u010dka tura - SDF - Srpski demokratski forum\" \/>\n<meta property=\"og:description\" content=\"Va\u017ena se stvar de\u0161avala ovih dana i Lastovo je bilo krcato: svi su se zaputili na Lastovski poklad. \u0160aljem bratu poruku: Plovi Lastovo, krcato, nema se di sist\" \/>\n<meta property=\"og:url\" content=\"https:\/\/sdf.hr\/hr\/nada\/otocka-tura\/\" \/>\n<meta property=\"og:site_name\" content=\"SDF - Srpski demokratski forum\" \/>\n<meta property=\"article:modified_time\" content=\"2024-02-23T10:48:28+00:00\" \/>\n<meta property=\"og:image\" content=\"https:\/\/sdf.hr\/wp-content\/uploads\/2024\/02\/Andrijasevic-scaled.jpg\" \/>\n\t<meta property=\"og:image:width\" content=\"2560\" \/>\n\t<meta property=\"og:image:height\" content=\"1685\" \/>\n\t<meta property=\"og:image:type\" content=\"image\/jpeg\" \/>\n<meta name=\"twitter:card\" content=\"summary_large_image\" \/>\n<meta name=\"twitter:label1\" content=\"Procijenjeno vrijeme \u010ditanja\" \/>\n\t<meta name=\"twitter:data1\" content=\"8 minuta\" \/>\n<script type=\"application\/ld+json\" class=\"yoast-schema-graph\">{\"@context\":\"https:\\\/\\\/schema.org\",\"@graph\":[{\"@type\":\"WebPage\",\"@id\":\"https:\\\/\\\/sdf.hr\\\/hr\\\/nada\\\/otocka-tura\\\/\",\"url\":\"https:\\\/\\\/sdf.hr\\\/hr\\\/nada\\\/otocka-tura\\\/\",\"name\":\"Oto\u010dka tura - SDF - Srpski demokratski forum\",\"isPartOf\":{\"@id\":\"https:\\\/\\\/sdf.hr\\\/#website\"},\"primaryImageOfPage\":{\"@id\":\"https:\\\/\\\/sdf.hr\\\/hr\\\/nada\\\/otocka-tura\\\/#primaryimage\"},\"image\":{\"@id\":\"https:\\\/\\\/sdf.hr\\\/hr\\\/nada\\\/otocka-tura\\\/#primaryimage\"},\"thumbnailUrl\":\"https:\\\/\\\/sdf.hr\\\/wp-content\\\/uploads\\\/2024\\\/02\\\/Andrijasevic-scaled.jpg\",\"datePublished\":\"2024-02-23T10:47:12+00:00\",\"dateModified\":\"2024-02-23T10:48:28+00:00\",\"breadcrumb\":{\"@id\":\"https:\\\/\\\/sdf.hr\\\/hr\\\/nada\\\/otocka-tura\\\/#breadcrumb\"},\"inLanguage\":\"hr\",\"potentialAction\":[{\"@type\":\"ReadAction\",\"target\":[\"https:\\\/\\\/sdf.hr\\\/hr\\\/nada\\\/otocka-tura\\\/\"]}]},{\"@type\":\"ImageObject\",\"inLanguage\":\"hr\",\"@id\":\"https:\\\/\\\/sdf.hr\\\/hr\\\/nada\\\/otocka-tura\\\/#primaryimage\",\"url\":\"https:\\\/\\\/sdf.hr\\\/wp-content\\\/uploads\\\/2024\\\/02\\\/Andrijasevic-scaled.jpg\",\"contentUrl\":\"https:\\\/\\\/sdf.hr\\\/wp-content\\\/uploads\\\/2024\\\/02\\\/Andrijasevic-scaled.jpg\",\"width\":2560,\"height\":1685,\"caption\":\"Marija Andrija\u0161evi\u0107 (Foto: Du\u0161ka Boban)\"},{\"@type\":\"BreadcrumbList\",\"@id\":\"https:\\\/\\\/sdf.hr\\\/hr\\\/nada\\\/otocka-tura\\\/#breadcrumb\",\"itemListElement\":[{\"@type\":\"ListItem\",\"position\":1,\"name\":\"Po\u010detna stranica\",\"item\":\"https:\\\/\\\/sdf.hr\\\/hr\\\/\"},{\"@type\":\"ListItem\",\"position\":2,\"name\":\"Nada\",\"item\":\"https:\\\/\\\/sdf.hr\\\/nada\\\/\"},{\"@type\":\"ListItem\",\"position\":3,\"name\":\"Oto\u010dka tura\"}]},{\"@type\":\"WebSite\",\"@id\":\"https:\\\/\\\/sdf.hr\\\/#website\",\"url\":\"https:\\\/\\\/sdf.hr\\\/\",\"name\":\"SDF - Srpski demokratski forum\",\"description\":\"Srpski demokratski forum\",\"publisher\":{\"@id\":\"https:\\\/\\\/sdf.hr\\\/#organization\"},\"potentialAction\":[{\"@type\":\"SearchAction\",\"target\":{\"@type\":\"EntryPoint\",\"urlTemplate\":\"https:\\\/\\\/sdf.hr\\\/?s={search_term_string}\"},\"query-input\":{\"@type\":\"PropertyValueSpecification\",\"valueRequired\":true,\"valueName\":\"search_term_string\"}}],\"inLanguage\":\"hr\"},{\"@type\":\"Organization\",\"@id\":\"https:\\\/\\\/sdf.hr\\\/#organization\",\"name\":\"SDF - Srpski demokratski forum\",\"url\":\"https:\\\/\\\/sdf.hr\\\/\",\"logo\":{\"@type\":\"ImageObject\",\"inLanguage\":\"hr\",\"@id\":\"https:\\\/\\\/sdf.hr\\\/#\\\/schema\\\/logo\\\/image\\\/\",\"url\":\"https:\\\/\\\/sdf.hr\\\/wp-content\\\/uploads\\\/2021\\\/07\\\/logo-hr.svg\",\"contentUrl\":\"https:\\\/\\\/sdf.hr\\\/wp-content\\\/uploads\\\/2021\\\/07\\\/logo-hr.svg\",\"width\":271,\"height\":100,\"caption\":\"SDF - Srpski demokratski forum\"},\"image\":{\"@id\":\"https:\\\/\\\/sdf.hr\\\/#\\\/schema\\\/logo\\\/image\\\/\"}}]}<\/script>\n<!-- \/ Yoast SEO plugin. -->","yoast_head_json":{"title":"Oto\u010dka tura - SDF - Srpski demokratski forum","robots":{"index":"index","follow":"follow","max-snippet":"max-snippet:-1","max-image-preview":"max-image-preview:large","max-video-preview":"max-video-preview:-1"},"canonical":"https:\/\/sdf.hr\/hr\/nada\/otocka-tura\/","og_locale":"hr_HR","og_type":"article","og_title":"Oto\u010dka tura - SDF - Srpski demokratski forum","og_description":"Va\u017ena se stvar de\u0161avala ovih dana i Lastovo je bilo krcato: svi su se zaputili na Lastovski poklad. \u0160aljem bratu poruku: Plovi Lastovo, krcato, nema se di sist","og_url":"https:\/\/sdf.hr\/hr\/nada\/otocka-tura\/","og_site_name":"SDF - Srpski demokratski forum","article_modified_time":"2024-02-23T10:48:28+00:00","og_image":[{"width":2560,"height":1685,"url":"https:\/\/sdf.hr\/wp-content\/uploads\/2024\/02\/Andrijasevic-scaled.jpg","type":"image\/jpeg"}],"twitter_card":"summary_large_image","twitter_misc":{"Procijenjeno vrijeme \u010ditanja":"8 minuta"},"schema":{"@context":"https:\/\/schema.org","@graph":[{"@type":"WebPage","@id":"https:\/\/sdf.hr\/hr\/nada\/otocka-tura\/","url":"https:\/\/sdf.hr\/hr\/nada\/otocka-tura\/","name":"Oto\u010dka tura - SDF - Srpski demokratski forum","isPartOf":{"@id":"https:\/\/sdf.hr\/#website"},"primaryImageOfPage":{"@id":"https:\/\/sdf.hr\/hr\/nada\/otocka-tura\/#primaryimage"},"image":{"@id":"https:\/\/sdf.hr\/hr\/nada\/otocka-tura\/#primaryimage"},"thumbnailUrl":"https:\/\/sdf.hr\/wp-content\/uploads\/2024\/02\/Andrijasevic-scaled.jpg","datePublished":"2024-02-23T10:47:12+00:00","dateModified":"2024-02-23T10:48:28+00:00","breadcrumb":{"@id":"https:\/\/sdf.hr\/hr\/nada\/otocka-tura\/#breadcrumb"},"inLanguage":"hr","potentialAction":[{"@type":"ReadAction","target":["https:\/\/sdf.hr\/hr\/nada\/otocka-tura\/"]}]},{"@type":"ImageObject","inLanguage":"hr","@id":"https:\/\/sdf.hr\/hr\/nada\/otocka-tura\/#primaryimage","url":"https:\/\/sdf.hr\/wp-content\/uploads\/2024\/02\/Andrijasevic-scaled.jpg","contentUrl":"https:\/\/sdf.hr\/wp-content\/uploads\/2024\/02\/Andrijasevic-scaled.jpg","width":2560,"height":1685,"caption":"Marija Andrija\u0161evi\u0107 (Foto: Du\u0161ka Boban)"},{"@type":"BreadcrumbList","@id":"https:\/\/sdf.hr\/hr\/nada\/otocka-tura\/#breadcrumb","itemListElement":[{"@type":"ListItem","position":1,"name":"Po\u010detna stranica","item":"https:\/\/sdf.hr\/hr\/"},{"@type":"ListItem","position":2,"name":"Nada","item":"https:\/\/sdf.hr\/nada\/"},{"@type":"ListItem","position":3,"name":"Oto\u010dka tura"}]},{"@type":"WebSite","@id":"https:\/\/sdf.hr\/#website","url":"https:\/\/sdf.hr\/","name":"SDF - Srpski demokratski forum","description":"Srpski demokratski forum","publisher":{"@id":"https:\/\/sdf.hr\/#organization"},"potentialAction":[{"@type":"SearchAction","target":{"@type":"EntryPoint","urlTemplate":"https:\/\/sdf.hr\/?s={search_term_string}"},"query-input":{"@type":"PropertyValueSpecification","valueRequired":true,"valueName":"search_term_string"}}],"inLanguage":"hr"},{"@type":"Organization","@id":"https:\/\/sdf.hr\/#organization","name":"SDF - Srpski demokratski forum","url":"https:\/\/sdf.hr\/","logo":{"@type":"ImageObject","inLanguage":"hr","@id":"https:\/\/sdf.hr\/#\/schema\/logo\/image\/","url":"https:\/\/sdf.hr\/wp-content\/uploads\/2021\/07\/logo-hr.svg","contentUrl":"https:\/\/sdf.hr\/wp-content\/uploads\/2021\/07\/logo-hr.svg","width":271,"height":100,"caption":"SDF - Srpski demokratski forum"},"image":{"@id":"https:\/\/sdf.hr\/#\/schema\/logo\/image\/"}}]}},"_links":{"self":[{"href":"https:\/\/sdf.hr\/hr\/wp-json\/wp\/v2\/nada\/4106","targetHints":{"allow":["GET"]}}],"collection":[{"href":"https:\/\/sdf.hr\/hr\/wp-json\/wp\/v2\/nada"}],"about":[{"href":"https:\/\/sdf.hr\/hr\/wp-json\/wp\/v2\/types\/nada"}],"wp:featuredmedia":[{"embeddable":true,"href":"https:\/\/sdf.hr\/hr\/wp-json\/wp\/v2\/media\/4079"}],"wp:attachment":[{"href":"https:\/\/sdf.hr\/hr\/wp-json\/wp\/v2\/media?parent=4106"}],"wp:term":[{"taxonomy":"post_tag","embeddable":true,"href":"https:\/\/sdf.hr\/hr\/wp-json\/wp\/v2\/tags?post=4106"},{"taxonomy":"atribut","embeddable":true,"href":"https:\/\/sdf.hr\/hr\/wp-json\/wp\/v2\/atribut?post=4106"}],"curies":[{"name":"wp","href":"https:\/\/api.w.org\/{rel}","templated":true}]}}