{"id":411,"date":"2021-08-25T11:23:07","date_gmt":"2021-08-25T09:23:07","guid":{"rendered":"https:\/\/sdf.hr\/nada\/%d0%bc%d1%80%d0%b5%d0%b6%d0%bd%d0%b8-%d0%b0%d0%ba%d1%82%d0%b8%d0%b2%d0%b8%d0%b7%d0%b0%d0%bc\/"},"modified":"2023-03-28T14:13:38","modified_gmt":"2023-03-28T12:13:38","slug":"%d0%bc%d1%80%d0%b5%d0%b6%d0%bd%d0%b8-%d0%b0%d0%ba%d1%82%d0%b8%d0%b2%d0%b8%d0%b7%d0%b0%d0%bc","status":"publish","type":"nada","link":"https:\/\/sdf.hr\/hr\/nada\/%d0%bc%d1%80%d0%b5%d0%b6%d0%bd%d0%b8-%d0%b0%d0%ba%d1%82%d0%b8%d0%b2%d0%b8%d0%b7%d0%b0%d0%bc\/","title":{"rendered":"Mre\u017eni aktivizam"},"content":{"rendered":"<p>Mo\u0107 dru\u0161tvenih medija dobro iskori\u0161tavaju korporacije, \u0161oubizeri, politi\u010dari, vlade, udruge i interesne grupe. Dok mnogi od navedenih \u010desto imaju vojsku ljudi zadu\u017eenih za promociju na tim digitalnim platformama, postoje pojedinci koji samostalno kreiraju sadr\u017eaje i ula\u017eu svoje slobodno vrijeme kako bi potakli svoje sugra\u0111ane na promjene. Tako u moru reklamnog sadr\u017eaja, govora mr\u017enje, la\u017enih vijesti i teorija zavjera \u2013 koje su sve prisutnije u pandemijskim vremenima \u2013 mo\u017eemo \u2018zapratiti\u2019 i osobe koje dru\u0161tvene mre\u017ee koriste za aktivisti\u010dki anga\u017eman.<\/p>\n<p>Takvi su i na\u0161i sugovornici, aktivne korisnice i korisnici nekoliko dru\u0161tvenih mre\u017ea na kojima poku\u0161avaju doprijeti do svojih sugra\u0111ana i educirati ih o va\u017enim temama: za\u0161titi okoli\u0161a i zdravlja, \u017eenskim pravima i seksualnosti ili pak o na\u010dinu na koji se tro\u0161i javni novac. Neki od njih svjesni su da obavljaju zada\u0107e za koje bi trebala brinuti dr\u017eava, me\u0111utim to ih ne sprje\u010dava da se dalje, na svoj na\u010din, bore za bolji i pravedniji svijet. Ve\u0107ini njih va\u017eno je da svojim sadr\u017eajima dopru do mla\u0111e generacije, izgubljene u \u0161umi informacija iz koje se sve te\u017ee razabiru one provjerene i to\u010dne. Zbog toga su se neki od njih odva\u017eili pojaviti i na TikToku, veoma dinami\u010dnoj dru\u0161tvenoj mre\u017ei na kojoj se komunicira uglavnom putem videozapisa.<\/p>\n<p>Milica Crkvenjakov, vlasnica profila \u2018Draga devoj\u010dice\u2019, ka\u017ee da algoritam TikToka \u2018funkcioni\u0161e fantasti\u010dno\u2019 za ono \u0161to joj je potrebno \u2013 plasiranje edukativnih videa mladima u njenoj okolini. Dok mnogi zaziru od same pomisli na algoritme i \u010dinjenice da svaka dru\u0161tvena mre\u017ea analizira ono \u0161to korisnici prate i lajkaju te im shodno tome predla\u017ee sli\u010dne sadr\u017eaje, na\u0161im sugovornicima to poma\u017ee jer okupljaju vi\u0161e zainteresiranih pratitelja, a i sami pronalaze nove izvore informacija. Osim na TikToku, Crkvenjakov, Novosa\u0111anka koja trenutno \u017eivi u Beogradu, prisutna je na Instagramu i JuTjubu, gdje savjetuje djevoj\u010dice i mlade \u017eene o odrastanju i seksualnosti, a obja\u0161njava nam da je slogan njenih kanala \u2018sve \u0161to je meni trebalo da \u010dujem pre deset godina\u2019.<\/p>\n<p>\u2014 Devoj\u010dice me uglavnom pitaju sve ono \u0161to je i mene zanimalo kada sam bila u njihovim godinama, verovatno \u0161to je zanimalo i moju mamu, moju baku i sve \u017eene unazad. To su naj\u010de\u0161\u0107e pitanja o romanti\u010dnim temama tipa: \u2018Meni se svi\u0111a ovaj momak iz razreda&#8230;\u2019 ili onima koje se odnose na odrastanje: o menstruaciji, dlakama na telu, sekretu. Prosto sve vrlo prirodne stvari koje su tabu teme kod nas \u2013 ka\u017ee Crkvenjakov.<\/p>\n<figure id=\"attachment_3221\" aria-describedby=\"caption-attachment-3221\" style=\"width: 2560px\" class=\"wp-caption alignnone\"><img loading=\"lazy\" decoding=\"async\" class=\"wp-image-3221 size-full\" src=\"https:\/\/sdf.hr\/wp-content\/uploads\/2021\/08\/Crkvenjakov-scaled.jpg\" alt=\"\" width=\"2560\" height=\"2560\" srcset=\"https:\/\/sdf.hr\/wp-content\/uploads\/2021\/08\/Crkvenjakov-scaled.jpg 2560w, https:\/\/sdf.hr\/wp-content\/uploads\/2021\/08\/Crkvenjakov-300x300.jpg 300w, https:\/\/sdf.hr\/wp-content\/uploads\/2021\/08\/Crkvenjakov-1024x1024.jpg 1024w, https:\/\/sdf.hr\/wp-content\/uploads\/2021\/08\/Crkvenjakov-150x150.jpg 150w, https:\/\/sdf.hr\/wp-content\/uploads\/2021\/08\/Crkvenjakov-768x768.jpg 768w, https:\/\/sdf.hr\/wp-content\/uploads\/2021\/08\/Crkvenjakov-1536x1536.jpg 1536w, https:\/\/sdf.hr\/wp-content\/uploads\/2021\/08\/Crkvenjakov-2048x2048.jpg 2048w\" sizes=\"auto, (max-width: 2560px) 100vw, 2560px\" \/><figcaption id=\"caption-attachment-3221\" class=\"wp-caption-text\">Milica Crkvenjakov<\/figcaption><\/figure>\n<p>Jave joj se i komentatori koji zapitkuju za\u0161to javno govori o menstruaciji, s opaskom da \u2018ima i mu\u0161karaca ovde\u2019. Crkvenjakov isti\u010de da je to odraz dru\u0161tvene situacije.<\/p>\n<p>\u2014 Generalno, uop\u0161te me ne \u010dudi \u0161to je devoj\u010dicama neprijatno da o tome pri\u010daju, i sa starijima, mamom, tatom, lekarima. Postoje i lekari koji, ako ih devoj\u010dica, na primer, pita za kontracepciju, ka\u017eu: \u2018A ti si jo\u0161 mlada za to.\u2019 Ne, mlada je da zatrudni! \u2013 dodaje ona.<\/p>\n<p>Osim prakti\u010dnih pitanja, Crkvenjakov obja\u0161njava djevojkama koja su njihova prava te kako se nositi u odre\u0111enim situacijama. Javljaju joj se i dje\u010daci, \u010desto oni iz lgbt zajednice jer je njena platforma sigurno mjesto, kako za djevojke, tako i za lgbt osobe. Najvi\u0161e pratitelja ima u Srbiji, ali tu je i ostatak regije. Smatra da bi teme o kojima progovara trebale biti dio \u0161kolskog programa.<\/p>\n<p>\u2014 Snimala sam videe sa doktorkom Aleksandrom Kapamad\u017eijom, koja je ginekolo\u0161kinja. Pisala je kurikulum za seksualnu edukaciju koji prosto nikada nije bio prihva\u0107en u Srbiji. Svakako smatram da bi to trebalo da bude u \u0161kolama, ali tako\u0111e znam za dovoljno lo\u0161ih primera gdje, naj\u010de\u0161\u0107e se to \u010duje u Americi, postoji obavezna seksualna edukacija, ali se onda samo pri\u010da o apstinenciji \u2013 ka\u017ee Crkvenjakov, koja smatra da su dru\u0161tvene mre\u017ee sna\u017ean alat. No voljela bi da ih koristi vi\u0161e stru\u010dnjaka.<\/p>\n<p>\u2014 Mislim da moj glavni posao kao i ostalih koji se bave sli\u010dnim stvarima uop\u0161te nije da edukujemo. Prvo, nismo stru\u010dni da to radimo. Sve \u0161to prenosim je nastalo u konsultaciji sa stru\u010dnjacima ili je prosto, vrlo op\u0161te znanje \u2013 ka\u017ee i zaklju\u010duje da je mnogo bitnije razbiti tabue kroz poticanje komunikacije.<\/p>\n<p>Na kraju na\u0161eg razgovora dodaje da \u017eeli prenijeti poruke tolerancije, me\u0111usobnog podr\u017eavanja \u017eena i svih ostalih marginaliziranih zajednica. Cilj joj je da djevoj\u010dice shvate da nisu jedna drugoj konkurencija, ve\u0107 podr\u0161ka.<\/p>\n<p>Na\u0161eg sljede\u0107eg sugovornika, radiologa Natka Beka, nedavno je Hrvatska udruga za odnose s javno\u0161\u0107u proglasila komunikatorom godine zbog njegove otvorene, opu\u0161tene i edukativne komunikacije na dru\u0161tvenim mre\u017eama. Doktor Bek nam ka\u017ee da sve dru\u0161tvene mre\u017ee imaju edukacijski potencijal, ali da je va\u017eno na koji na\u010din se koriste.<\/p>\n<p>\u2014 Super primjer je TikTok. Ako zapratite stvari koje su interesantne i mudre, algoritam \u0107e vas voditi do jo\u0161 vi\u0161e takvih sadr\u017eaja i tako \u0107ete upoznati pametne ljude iz cijelog svijeta.<\/p>\n<p>Bek na dru\u0161tvenim mre\u017eama govori o va\u017enosti preventive, o\u010duvanju javnog zdravlja, odgovara na upite svojih pratitelja, savjetuje ih, ali napominje da u virtualnom svijetu ne postavlja dijagnoze. Dodaje da je puno nau\u010dio iz te interakcije, posebno u pandemiji koronavirusa.<\/p>\n<p>\u2014 Na po\u010detku su postojala pitanja \u2018Vjeruje\u0161 li u to?\u2019, pa onda nakon toga \u2018Jesi li igdje vidio nekog bolesnog?\u2019 ili \u2018O bo\u017ee, kako da se za\u0161titim?\u2019, do \u2018Jel\u2019 zna\u0161 gdje ima slobodan respirator?\u2019. Dakle, rije\u010d je o pitanjima koja prate aktualne trendove na zdravstvenom polju. Tako oslu\u0161kujem bilo nacije i saznajem \u0161to mu\u010di gra\u0111ane \u2013 ka\u017ee radiolog.<\/p>\n<p>Bek, koji u svojim medijskim nastupima ne propu\u0161ta naglasiti da je njegov uzor osniva\u010d \u0160kole narodnog zdravlja u Zagrebu Andrija \u0160tampar, smatra da se na\u0161 zdravstveni sustav treba okrenuti aktivnijem pristupu i educirati gra\u0111ane putem dru\u0161tvenih mre\u017ea te da se za takvim trendovima kasni barem deset godina.<\/p>\n<p>\u2014 Za to nisu potrebni veliki resursi, ve\u0107 treba entuzijazam pojedinca \u2013 smatra Natko Bek.<\/p>\n<figure id=\"attachment_3219\" aria-describedby=\"caption-attachment-3219\" style=\"width: 2560px\" class=\"wp-caption alignnone\"><img loading=\"lazy\" decoding=\"async\" class=\"wp-image-3219 size-full\" src=\"https:\/\/sdf.hr\/wp-content\/uploads\/2021\/08\/Beck_Davorin-Visnjic-scaled.jpg\" alt=\"\" width=\"2560\" height=\"1702\" srcset=\"https:\/\/sdf.hr\/wp-content\/uploads\/2021\/08\/Beck_Davorin-Visnjic-scaled.jpg 2560w, https:\/\/sdf.hr\/wp-content\/uploads\/2021\/08\/Beck_Davorin-Visnjic-300x199.jpg 300w, https:\/\/sdf.hr\/wp-content\/uploads\/2021\/08\/Beck_Davorin-Visnjic-1024x681.jpg 1024w, https:\/\/sdf.hr\/wp-content\/uploads\/2021\/08\/Beck_Davorin-Visnjic-768x511.jpg 768w, https:\/\/sdf.hr\/wp-content\/uploads\/2021\/08\/Beck_Davorin-Visnjic-1536x1021.jpg 1536w, https:\/\/sdf.hr\/wp-content\/uploads\/2021\/08\/Beck_Davorin-Visnjic-2048x1361.jpg 2048w\" sizes=\"auto, (max-width: 2560px) 100vw, 2560px\" \/><figcaption id=\"caption-attachment-3219\" class=\"wp-caption-text\">Natko Beck (Foto: Davorin Vi\u0161nji\u0107\/PIXSELL)<\/figcaption><\/figure>\n<p>Kad je pandemija \u2018zaustavila\u2019 na\u0161e \u017eivote, Marina Matijevi\u0107, koja ina\u010de dolazi iz turisti\u010dkog sektora, odlu\u010dila se za ogroman zaokret i posvetila se za\u0161titi okoli\u0161a.<\/p>\n<p>\u2014 To me navelo na veliko preispitivanje vlastite osobnosti, \u010dime se ja to bavim \u2013 prisje\u0107a se ona.<\/p>\n<p>Korisnicima dru\u0161tvenih mre\u017ea u Hrvatskoj Matijevi\u0107 je poznatija kao \u2018Ja bolji gra\u0111anin\u2019, \u0161to je naziv njenih profila na Instagramu, Fejsbuku i TikToku, na kojima dijeli savjete o zbrinjavanju otpada.<\/p>\n<p>\u2014 Moramo nau\u010diti da otpad nije sme\u0107e, otpad je resurs \u2013 ka\u017ee nam Matijevi\u0107.<\/p>\n<p>U svom prvom videu objasnila je kako pravilno zbrinuti neke naj\u010de\u0161\u0107e tipove otpada. Od tada, odaziv je samo rastao.<\/p>\n<p>\u2014 Vjetar u le\u0111a u ranoj fazi mi je bio video na TikToku o dezodoransima koji ima preko 30.000 pregleda. Vidjela sam da to ljude zanima \u2013 govori nam.<\/p>\n<p>U kratkom zapisu koji spominje objasnila je kako pravilno zbrinuti ambala\u017ee dezodoransa, koje jesu od metala, ali ne mogu i\u0107i u poznate \u017eute spremnike jer su njihove bo\u010dice pod tlakom. \u2018Mogu\u0107e ih je reciklirati, ali ih treba odnijeti direktno na recikla\u017eno dvori\u0161te,\u2019 upozorila je pratitelje.<\/p>\n<p>Sam postupak recikliranja nije lak, a dodatno ga ote\u017eavaju ambala\u017ee sa slojevitim materijalima, \u0161to je Matijevi\u0107 pratiteljima pribli\u017eila na primjeru pakiranja popularnog \u010dipsa spremljenog u valjkastu kutiju \u2013 poklopac je plasti\u010dan, valjak se sastoji od papira, plasti\u010dne folije i aluminija, a dno je metalno. No unato\u010d svemu Marina Matijevi\u0107 ka\u017ee da su njeni pratitelji poprili\u010dno zainteresirani i \u017eele znati vi\u0161e. Pored toga je otvorena za komunikaciju s udrugama i nadle\u017enim institucijama te voli istaknuti pozitivne primjere njihovog rada.<\/p>\n<p>\u2014 Trideset posto komentara koji mi sti\u017eu glasi: \u2018\u0160ta ti pri\u010da\u0161, to ide na istu hrpu\u2026\u2019 Ka\u017eem svim ljudima: \u2018Ako vidi\u0161 da komunalci ne\u0161to krivo rade, da kr\u0161e zakon, snimi, javi mi se, odmah \u0107emo se obratiti nadle\u017enima\u2019 \u2013 obja\u0161njava nam ona i dodaje da gra\u0111ani naj\u010de\u0161\u0107e ne odvajaju otpad adekvatno zbog \u010dega komunalci imaju problema.<\/p>\n<p>\u2014 I onda na\u017ealost to sve opet mora na deponij, a skladi\u0161tenje na deponiju se mora platiti.<\/p>\n<p>Gosti njenih videa sve su \u010de\u0161\u0107e predstavnici nadle\u017enih slu\u017ebi koje upoznaje s brigama gra\u0111ana.<\/p>\n<p>\u2014 Dvije su strane pri\u010de, nikad se ne bih usudila ne\u0161to objaviti, a da pa prije toga dobro ne istra\u017eim \u2013 ka\u017ee. Svjesna pote\u0161ko\u0107a s kojima se lokalne vlasti nose prilikom pronalaska rje\u0161enja za zbrinjavanje otpada, kao i \u010dinjenice da taj proces dugo traje, Marina Matijevi\u0107 vjeruje da svatko treba snositi svoj dio odgovornosti.<\/p>\n<p>Urednici radijske emisije \u2018Strah od slobode\u2019 (S.O.S.), koja se emitira na Radio Studentu, tako\u0111er su otkrili da im dru\u0161tvene mre\u017ee poma\u017eu da va\u017ene teme, mahom one zagreba\u010dke, komunalne, dopru do javnosti. Arhitektica Suzana Dobri\u0107, koja je uz Anu Kuzmani\u0107 i Roberta Fabera dio tima S.O.S-a, ka\u017ee da im je Fejsbuk, koji su najprije koristili za najavu emisija, omogu\u0107io ve\u0107u vidljivost.<\/p>\n<p>\u2014 Ne mogu re\u0107i da je emisija pala u drugi plan, ali je naprosto rije\u010d o druga\u010dijem mediju pa smo shvatili da neke teme mo\u017eemo bolje prezentirati preko dru\u0161tvenih mre\u017ea. Na\u0161a Fejsbuk-stranica je prili\u010dno razli\u010dita od emisije i neovisna je. Imaju isti naziv, isti je ure\u0111iva\u010dki tim, ali radimo na druga\u010diji na\u010din. Neke od tema koje smo iznijeli kroz Fejsbuk kasnije smo obra\u0111ivali u emisiji, to nije potpuno nepovezano, ali su zapravo po karakteru to dvije razli\u010dite stvari \u2013 obja\u0161njava nam Dobri\u0107, koja je ranije bila anga\u017eirana oko inicijativa \u2018Vratite magnoliju\u2019 i \u2018Savica za Park\u2019, a koje su se borile za vra\u0107anje zelenila u Zagrebu u periodu kada ga je vodio Milan Bandi\u0107, poznat po korupcijskim skandalima i projektima upitne namjene.<\/p>\n<p>Sadr\u017eaji Fejsbuk-stranice \u2018Straha od slobode\u2019 naj\u010de\u0161\u0107e su jednostavne grafike s fotografijom kontroverznog projekta i informacijom o koli\u010dini javnog novca koja je u to ulo\u017eena, a Dobri\u0107 ka\u017ee da iza svake grafike stoji veliki istra\u017eiva\u010dki rad.<\/p>\n<p>\u2014 Budu\u0107i da je Fejsbuk medij koji ne podnosi previ\u0161e podataka, htjeli smo na prikladan na\u010din lansirati teme. Uvijek smo objavljivali podatke koji su morali biti nekoliko puta provjereni, to\u010dni. Ve\u0107inom se radilo o javno dostupnim podacima, a ponekad smo se koristili Zakonom o pravu na pristup informacijama. Zapravo je ideja bila da pri\u010du prepustimo drugima \u2013 ka\u017ee nam arhitektica.<\/p>\n<p>NJihove objave prenose gotovo svi naj\u010ditaniji mediji u Hrvatskoj s kojima je S.O.S. ekipa uvijek spremna na suradnju. Jedna od prvih takvih objava ticala se LJeta na Savi, nikad za\u017eivjele manifestacije na koju je potro\u0161eno preko 11 milijuna kuna iz gradskog prora\u010duna. Tu su i famozna \u010detka za wc u Mjesnom odboru Trnjanska Savica koja je pla\u0107ena 312 kuna, stroj za maglu na Spomeniku domovini i takozvani zlatni wc na Kre\u0161imirovom trgu.<\/p>\n<p>Dobri\u0107 se prisjetila i otkri\u0107a vezanog uz nenamjensko kori\u0161tenje zagreba\u010dke prora\u010dunske pri\u010duve te kako se u trenutku kad je Zagreb pogodio sna\u017eni potres \u2018shvatilo koliko je novca, ina\u010de namijenjenog za krizne situacije, potro\u0161eno na neke druge projekte \u2013 na \u017eupe u BiH i do\u010dek nogometne reprezentacije\u2019. Ka\u017ee i da je Grad Zagreb odustao od nekih sumnjivih projekata nakon \u0161to su S.O.S. i drugi mediji upozorili na nepravilnosti. Ipak, dok i najmanji rezultati ovakvih aktivnosti bude nadu, pitanje je za\u0161to jo\u0161 uvijek uo\u010davanje i istra\u017eivanje nepravilnosti ostaje na le\u0111ima medija i pojedinih entuzijasta.<\/p>\n<p><em>pi\u0161e Anja Vladisavljevi\u0107<\/em><\/p>\n","protected":false},"excerpt":{"rendered":"<p>U moru reklama, govora mr\u017enje i la\u017enih vijesti, na dru\u0161tvenim mre\u017eama sve se \u010de\u0161\u0107e izdvajaju profili i stranice aktivisti\u010dkog sadr\u017eaja. Iza dijela njih stoje na\u0161i sugovornici, koji preko Fejsbuka, Instagrama i TikToka dopiru do gra\u0111ana i educiraju ih o za\u0161titi okoli\u0161a i zdravlja, \u017eenskim pravima te potro\u0161nji javnog novca<\/p>\n","protected":false},"featured_media":3215,"template":"","tags":[130],"atribut":[],"class_list":["post-411","nada","type-nada","status-publish","has-post-thumbnail","hentry","tag-tema"],"acf":[],"yoast_head":"<!-- This site is optimized with the Yoast SEO plugin v27.4 - https:\/\/yoast.com\/product\/yoast-seo-wordpress\/ -->\n<title>Mre\u017eni aktivizam - SDF - Srpski demokratski forum<\/title>\n<meta name=\"robots\" content=\"index, follow, max-snippet:-1, max-image-preview:large, max-video-preview:-1\" \/>\n<link rel=\"canonical\" href=\"https:\/\/sdf.hr\/hr\/nada\/\u043c\u0440\u0435\u0436\u043d\u0438-\u0430\u043a\u0442\u0438\u0432\u0438\u0437\u0430\u043c\/\" \/>\n<meta property=\"og:locale\" content=\"hr_HR\" \/>\n<meta property=\"og:type\" content=\"article\" \/>\n<meta property=\"og:title\" content=\"Mre\u017eni aktivizam - SDF - Srpski demokratski forum\" \/>\n<meta property=\"og:description\" content=\"U moru reklama, govora mr\u017enje i la\u017enih vijesti, na dru\u0161tvenim mre\u017eama sve se \u010de\u0161\u0107e izdvajaju profili i stranice aktivisti\u010dkog sadr\u017eaja. Iza dijela njih stoje na\u0161i sugovornici, koji preko Fejsbuka, Instagrama i TikToka dopiru do gra\u0111ana i educiraju ih o za\u0161titi okoli\u0161a i zdravlja, \u017eenskim pravima te potro\u0161nji javnog novca\" \/>\n<meta property=\"og:url\" content=\"https:\/\/sdf.hr\/hr\/nada\/\u043c\u0440\u0435\u0436\u043d\u0438-\u0430\u043a\u0442\u0438\u0432\u0438\u0437\u0430\u043c\/\" \/>\n<meta property=\"og:site_name\" content=\"SDF - Srpski demokratski forum\" \/>\n<meta property=\"article:modified_time\" content=\"2023-03-28T12:13:38+00:00\" \/>\n<meta property=\"og:image\" content=\"https:\/\/sdf.hr\/wp-content\/uploads\/2021\/08\/Instagram_Dado-Ruvic-Reuters-scaled.jpg\" \/>\n\t<meta property=\"og:image:width\" content=\"2560\" \/>\n\t<meta property=\"og:image:height\" content=\"1539\" \/>\n\t<meta property=\"og:image:type\" content=\"image\/jpeg\" \/>\n<meta name=\"twitter:card\" content=\"summary_large_image\" \/>\n<meta name=\"twitter:label1\" content=\"Procijenjeno vrijeme \u010ditanja\" \/>\n\t<meta name=\"twitter:data1\" content=\"9 minuta\" \/>\n<script type=\"application\/ld+json\" class=\"yoast-schema-graph\">{\"@context\":\"https:\\\/\\\/schema.org\",\"@graph\":[{\"@type\":\"WebPage\",\"@id\":\"https:\\\/\\\/sdf.hr\\\/hr\\\/nada\\\/%d0%bc%d1%80%d0%b5%d0%b6%d0%bd%d0%b8-%d0%b0%d0%ba%d1%82%d0%b8%d0%b2%d0%b8%d0%b7%d0%b0%d0%bc\\\/\",\"url\":\"https:\\\/\\\/sdf.hr\\\/hr\\\/nada\\\/%d0%bc%d1%80%d0%b5%d0%b6%d0%bd%d0%b8-%d0%b0%d0%ba%d1%82%d0%b8%d0%b2%d0%b8%d0%b7%d0%b0%d0%bc\\\/\",\"name\":\"Mre\u017eni aktivizam - SDF - Srpski demokratski forum\",\"isPartOf\":{\"@id\":\"https:\\\/\\\/sdf.hr\\\/#website\"},\"primaryImageOfPage\":{\"@id\":\"https:\\\/\\\/sdf.hr\\\/hr\\\/nada\\\/%d0%bc%d1%80%d0%b5%d0%b6%d0%bd%d0%b8-%d0%b0%d0%ba%d1%82%d0%b8%d0%b2%d0%b8%d0%b7%d0%b0%d0%bc\\\/#primaryimage\"},\"image\":{\"@id\":\"https:\\\/\\\/sdf.hr\\\/hr\\\/nada\\\/%d0%bc%d1%80%d0%b5%d0%b6%d0%bd%d0%b8-%d0%b0%d0%ba%d1%82%d0%b8%d0%b2%d0%b8%d0%b7%d0%b0%d0%bc\\\/#primaryimage\"},\"thumbnailUrl\":\"https:\\\/\\\/sdf.hr\\\/wp-content\\\/uploads\\\/2021\\\/08\\\/Instagram_Dado-Ruvic-Reuters-scaled.jpg\",\"datePublished\":\"2021-08-25T09:23:07+00:00\",\"dateModified\":\"2023-03-28T12:13:38+00:00\",\"breadcrumb\":{\"@id\":\"https:\\\/\\\/sdf.hr\\\/hr\\\/nada\\\/%d0%bc%d1%80%d0%b5%d0%b6%d0%bd%d0%b8-%d0%b0%d0%ba%d1%82%d0%b8%d0%b2%d0%b8%d0%b7%d0%b0%d0%bc\\\/#breadcrumb\"},\"inLanguage\":\"hr\",\"potentialAction\":[{\"@type\":\"ReadAction\",\"target\":[\"https:\\\/\\\/sdf.hr\\\/hr\\\/nada\\\/%d0%bc%d1%80%d0%b5%d0%b6%d0%bd%d0%b8-%d0%b0%d0%ba%d1%82%d0%b8%d0%b2%d0%b8%d0%b7%d0%b0%d0%bc\\\/\"]}]},{\"@type\":\"ImageObject\",\"inLanguage\":\"hr\",\"@id\":\"https:\\\/\\\/sdf.hr\\\/hr\\\/nada\\\/%d0%bc%d1%80%d0%b5%d0%b6%d0%bd%d0%b8-%d0%b0%d0%ba%d1%82%d0%b8%d0%b2%d0%b8%d0%b7%d0%b0%d0%bc\\\/#primaryimage\",\"url\":\"https:\\\/\\\/sdf.hr\\\/wp-content\\\/uploads\\\/2021\\\/08\\\/Instagram_Dado-Ruvic-Reuters-scaled.jpg\",\"contentUrl\":\"https:\\\/\\\/sdf.hr\\\/wp-content\\\/uploads\\\/2021\\\/08\\\/Instagram_Dado-Ruvic-Reuters-scaled.jpg\",\"width\":2560,\"height\":1539,\"caption\":\"Nekima zabava, drugima edukacija \u2013 Instagram (Foto: Dado Ruvi\u0107\\\/Reuters\\\/PIXSELL)\"},{\"@type\":\"BreadcrumbList\",\"@id\":\"https:\\\/\\\/sdf.hr\\\/hr\\\/nada\\\/%d0%bc%d1%80%d0%b5%d0%b6%d0%bd%d0%b8-%d0%b0%d0%ba%d1%82%d0%b8%d0%b2%d0%b8%d0%b7%d0%b0%d0%bc\\\/#breadcrumb\",\"itemListElement\":[{\"@type\":\"ListItem\",\"position\":1,\"name\":\"Po\u010detna stranica\",\"item\":\"https:\\\/\\\/sdf.hr\\\/hr\\\/\"},{\"@type\":\"ListItem\",\"position\":2,\"name\":\"Nada\",\"item\":\"https:\\\/\\\/sdf.hr\\\/nada\\\/\"},{\"@type\":\"ListItem\",\"position\":3,\"name\":\"Mre\u017eni aktivizam\"}]},{\"@type\":\"WebSite\",\"@id\":\"https:\\\/\\\/sdf.hr\\\/#website\",\"url\":\"https:\\\/\\\/sdf.hr\\\/\",\"name\":\"SDF - Srpski demokratski forum\",\"description\":\"Srpski demokratski forum\",\"publisher\":{\"@id\":\"https:\\\/\\\/sdf.hr\\\/#organization\"},\"potentialAction\":[{\"@type\":\"SearchAction\",\"target\":{\"@type\":\"EntryPoint\",\"urlTemplate\":\"https:\\\/\\\/sdf.hr\\\/?s={search_term_string}\"},\"query-input\":{\"@type\":\"PropertyValueSpecification\",\"valueRequired\":true,\"valueName\":\"search_term_string\"}}],\"inLanguage\":\"hr\"},{\"@type\":\"Organization\",\"@id\":\"https:\\\/\\\/sdf.hr\\\/#organization\",\"name\":\"SDF - Srpski demokratski forum\",\"url\":\"https:\\\/\\\/sdf.hr\\\/\",\"logo\":{\"@type\":\"ImageObject\",\"inLanguage\":\"hr\",\"@id\":\"https:\\\/\\\/sdf.hr\\\/#\\\/schema\\\/logo\\\/image\\\/\",\"url\":\"https:\\\/\\\/sdf.hr\\\/wp-content\\\/uploads\\\/2021\\\/07\\\/logo-hr.svg\",\"contentUrl\":\"https:\\\/\\\/sdf.hr\\\/wp-content\\\/uploads\\\/2021\\\/07\\\/logo-hr.svg\",\"width\":271,\"height\":100,\"caption\":\"SDF - Srpski demokratski forum\"},\"image\":{\"@id\":\"https:\\\/\\\/sdf.hr\\\/#\\\/schema\\\/logo\\\/image\\\/\"}}]}<\/script>\n<!-- \/ Yoast SEO plugin. -->","yoast_head_json":{"title":"Mre\u017eni aktivizam - SDF - Srpski demokratski forum","robots":{"index":"index","follow":"follow","max-snippet":"max-snippet:-1","max-image-preview":"max-image-preview:large","max-video-preview":"max-video-preview:-1"},"canonical":"https:\/\/sdf.hr\/hr\/nada\/\u043c\u0440\u0435\u0436\u043d\u0438-\u0430\u043a\u0442\u0438\u0432\u0438\u0437\u0430\u043c\/","og_locale":"hr_HR","og_type":"article","og_title":"Mre\u017eni aktivizam - SDF - Srpski demokratski forum","og_description":"U moru reklama, govora mr\u017enje i la\u017enih vijesti, na dru\u0161tvenim mre\u017eama sve se \u010de\u0161\u0107e izdvajaju profili i stranice aktivisti\u010dkog sadr\u017eaja. Iza dijela njih stoje na\u0161i sugovornici, koji preko Fejsbuka, Instagrama i TikToka dopiru do gra\u0111ana i educiraju ih o za\u0161titi okoli\u0161a i zdravlja, \u017eenskim pravima te potro\u0161nji javnog novca","og_url":"https:\/\/sdf.hr\/hr\/nada\/\u043c\u0440\u0435\u0436\u043d\u0438-\u0430\u043a\u0442\u0438\u0432\u0438\u0437\u0430\u043c\/","og_site_name":"SDF - Srpski demokratski forum","article_modified_time":"2023-03-28T12:13:38+00:00","og_image":[{"width":2560,"height":1539,"url":"https:\/\/sdf.hr\/wp-content\/uploads\/2021\/08\/Instagram_Dado-Ruvic-Reuters-scaled.jpg","type":"image\/jpeg"}],"twitter_card":"summary_large_image","twitter_misc":{"Procijenjeno vrijeme \u010ditanja":"9 minuta"},"schema":{"@context":"https:\/\/schema.org","@graph":[{"@type":"WebPage","@id":"https:\/\/sdf.hr\/hr\/nada\/%d0%bc%d1%80%d0%b5%d0%b6%d0%bd%d0%b8-%d0%b0%d0%ba%d1%82%d0%b8%d0%b2%d0%b8%d0%b7%d0%b0%d0%bc\/","url":"https:\/\/sdf.hr\/hr\/nada\/%d0%bc%d1%80%d0%b5%d0%b6%d0%bd%d0%b8-%d0%b0%d0%ba%d1%82%d0%b8%d0%b2%d0%b8%d0%b7%d0%b0%d0%bc\/","name":"Mre\u017eni aktivizam - SDF - Srpski demokratski forum","isPartOf":{"@id":"https:\/\/sdf.hr\/#website"},"primaryImageOfPage":{"@id":"https:\/\/sdf.hr\/hr\/nada\/%d0%bc%d1%80%d0%b5%d0%b6%d0%bd%d0%b8-%d0%b0%d0%ba%d1%82%d0%b8%d0%b2%d0%b8%d0%b7%d0%b0%d0%bc\/#primaryimage"},"image":{"@id":"https:\/\/sdf.hr\/hr\/nada\/%d0%bc%d1%80%d0%b5%d0%b6%d0%bd%d0%b8-%d0%b0%d0%ba%d1%82%d0%b8%d0%b2%d0%b8%d0%b7%d0%b0%d0%bc\/#primaryimage"},"thumbnailUrl":"https:\/\/sdf.hr\/wp-content\/uploads\/2021\/08\/Instagram_Dado-Ruvic-Reuters-scaled.jpg","datePublished":"2021-08-25T09:23:07+00:00","dateModified":"2023-03-28T12:13:38+00:00","breadcrumb":{"@id":"https:\/\/sdf.hr\/hr\/nada\/%d0%bc%d1%80%d0%b5%d0%b6%d0%bd%d0%b8-%d0%b0%d0%ba%d1%82%d0%b8%d0%b2%d0%b8%d0%b7%d0%b0%d0%bc\/#breadcrumb"},"inLanguage":"hr","potentialAction":[{"@type":"ReadAction","target":["https:\/\/sdf.hr\/hr\/nada\/%d0%bc%d1%80%d0%b5%d0%b6%d0%bd%d0%b8-%d0%b0%d0%ba%d1%82%d0%b8%d0%b2%d0%b8%d0%b7%d0%b0%d0%bc\/"]}]},{"@type":"ImageObject","inLanguage":"hr","@id":"https:\/\/sdf.hr\/hr\/nada\/%d0%bc%d1%80%d0%b5%d0%b6%d0%bd%d0%b8-%d0%b0%d0%ba%d1%82%d0%b8%d0%b2%d0%b8%d0%b7%d0%b0%d0%bc\/#primaryimage","url":"https:\/\/sdf.hr\/wp-content\/uploads\/2021\/08\/Instagram_Dado-Ruvic-Reuters-scaled.jpg","contentUrl":"https:\/\/sdf.hr\/wp-content\/uploads\/2021\/08\/Instagram_Dado-Ruvic-Reuters-scaled.jpg","width":2560,"height":1539,"caption":"Nekima zabava, drugima edukacija \u2013 Instagram (Foto: Dado Ruvi\u0107\/Reuters\/PIXSELL)"},{"@type":"BreadcrumbList","@id":"https:\/\/sdf.hr\/hr\/nada\/%d0%bc%d1%80%d0%b5%d0%b6%d0%bd%d0%b8-%d0%b0%d0%ba%d1%82%d0%b8%d0%b2%d0%b8%d0%b7%d0%b0%d0%bc\/#breadcrumb","itemListElement":[{"@type":"ListItem","position":1,"name":"Po\u010detna stranica","item":"https:\/\/sdf.hr\/hr\/"},{"@type":"ListItem","position":2,"name":"Nada","item":"https:\/\/sdf.hr\/nada\/"},{"@type":"ListItem","position":3,"name":"Mre\u017eni aktivizam"}]},{"@type":"WebSite","@id":"https:\/\/sdf.hr\/#website","url":"https:\/\/sdf.hr\/","name":"SDF - Srpski demokratski forum","description":"Srpski demokratski forum","publisher":{"@id":"https:\/\/sdf.hr\/#organization"},"potentialAction":[{"@type":"SearchAction","target":{"@type":"EntryPoint","urlTemplate":"https:\/\/sdf.hr\/?s={search_term_string}"},"query-input":{"@type":"PropertyValueSpecification","valueRequired":true,"valueName":"search_term_string"}}],"inLanguage":"hr"},{"@type":"Organization","@id":"https:\/\/sdf.hr\/#organization","name":"SDF - Srpski demokratski forum","url":"https:\/\/sdf.hr\/","logo":{"@type":"ImageObject","inLanguage":"hr","@id":"https:\/\/sdf.hr\/#\/schema\/logo\/image\/","url":"https:\/\/sdf.hr\/wp-content\/uploads\/2021\/07\/logo-hr.svg","contentUrl":"https:\/\/sdf.hr\/wp-content\/uploads\/2021\/07\/logo-hr.svg","width":271,"height":100,"caption":"SDF - Srpski demokratski forum"},"image":{"@id":"https:\/\/sdf.hr\/#\/schema\/logo\/image\/"}}]}},"_links":{"self":[{"href":"https:\/\/sdf.hr\/hr\/wp-json\/wp\/v2\/nada\/411","targetHints":{"allow":["GET"]}}],"collection":[{"href":"https:\/\/sdf.hr\/hr\/wp-json\/wp\/v2\/nada"}],"about":[{"href":"https:\/\/sdf.hr\/hr\/wp-json\/wp\/v2\/types\/nada"}],"wp:featuredmedia":[{"embeddable":true,"href":"https:\/\/sdf.hr\/hr\/wp-json\/wp\/v2\/media\/3215"}],"wp:attachment":[{"href":"https:\/\/sdf.hr\/hr\/wp-json\/wp\/v2\/media?parent=411"}],"wp:term":[{"taxonomy":"post_tag","embeddable":true,"href":"https:\/\/sdf.hr\/hr\/wp-json\/wp\/v2\/tags?post=411"},{"taxonomy":"atribut","embeddable":true,"href":"https:\/\/sdf.hr\/hr\/wp-json\/wp\/v2\/atribut?post=411"}],"curies":[{"name":"wp","href":"https:\/\/api.w.org\/{rel}","templated":true}]}}