{"id":4116,"date":"2024-02-25T11:08:49","date_gmt":"2024-02-25T10:08:49","guid":{"rendered":"https:\/\/sdf.hr\/nada\/davor-rostuhar-svijet-lovaca-sakupljaca-ubrzano-nestaje\/"},"modified":"2024-03-11T11:34:25","modified_gmt":"2024-03-11T10:34:25","slug":"davor-rostuhar-svijet-lovaca-sakupljaca-ubrzano-nestaje","status":"publish","type":"nada","link":"https:\/\/sdf.hr\/hr\/nada\/davor-rostuhar-svijet-lovaca-sakupljaca-ubrzano-nestaje\/","title":{"rendered":"Davor Rostuhar: Svijet lovaca sakuplja\u010da ubrzano nestaje"},"content":{"rendered":"<p>Knjiga je moj prvi uredni\u010dki anga\u017eman i jako sam uzbu\u0111en oko rezultata. Ako je \u017eeli\u0161, namigni dvaput, ako ne \u017eeli\u0161, otpuhni ovaj mail \u2013 napisao mi je pisac, a po novom i urednik <strong>\u017delimir Peri\u0161<\/strong>. Peri\u0161evom entuzijazmu slijepo vjerujem pa su se tjedan kasnije &#8220;Lovci sakuplja\u010di&#8221; <strong>Davora Rostuhara<\/strong> na\u0161li u mom sandu\u010di\u0107u, po\u010detkom godine do\u0161li na red za \u010ditanje, i, ukratko, do danas nisam shvatila za\u0161to pobogu i dalje ne \u017eivimo u lova\u010dko-sakuplja\u010dkim dru\u0161tvima. S Davorom sam na kvartovskoj kavi poku\u0161avala odgovoriti na to pitanje.<\/p>\n<p>Davor Rostuhar ro\u0111en je 1982. u Zagrebu. Slobodni je umjetnik, pisac, putopisac, fotograf i predsjednik Kluba za ekspedicionizam i kulturu. Vodio je dvadesetak ekspedicija na najudaljenije predjele planete, uklju\u010duju\u0107i prvu hrvatsku ekspediciju na Ju\u017eni pol. Objavio je devet knjiga, dva dokumentarna i jedan VR film.<\/p>\n<p><strong>Koje je prvo putovanje kojeg se sje\u0107ate?<\/strong><\/p>\n<p>I\u0161ao sam na more sa starcima, jo\u0161 prije rata, kada se na more putovalo cijelu no\u0107, mislim da je to prvo \u010dega se sje\u0107am. Znam da sam prvi put letio avionom s \u010detrnaest godina, putovao sam u Helsinki na natjecanje u skoku u vis, a bez roditelja sam i\u0161ao i u Italiju s crkvom. Prvo ba\u0161 samostalno putovanje bilo je sa \u0161esnaest godina, bili smo pankeri i i\u0161li smo autostopom u Be\u010d na deset dana, do tamo smo putovali \u010dak dva. Tu prvu no\u0107 na cesti proveo sam ispod mosta i tada sam osjetio neku neobja\u0161njivu slobodu, cijeli svijet je bio moj. I otad nisam stao \u2013 u po\u010detku sam spavao po skvotovima, stopirao, zatim sam krenuo biciklirati i od putovanja pomalo graditi karijeru.<\/p>\n<p><strong>U knjizi &#8220;Lovci sakuplja\u010di&#8221; propitujete vlastite razloge putovanja i upoznavanja razli\u010ditih autenti\u010dnih kultura. Postavljate sami sebi pitanje jeste li eskapist, kolonijalist, romantizirate li takve kulture, mislite li da njihovi pripadnici imaju ne\u0161to \u0161to smo mi izgubili. Koji je odgovor na ovo pitanje?<\/strong><\/p>\n<p>Tokom cijelog svog rada promi\u0161ljam o putovanjima. Ako \u017eeli\u0161 iskoristiti potencijal transformacije koji putovanja nude, to zahtijeva da sam sebe analizira\u0161, izlo\u017ei\u0161 i propitkuje\u0161. I ta su pitanja sastavni dijelovi mojih projekata i knjiga, postavljanje neugodnih pitanja samome sebi vidim kao neku vrstu obreda. Mislim da je transformativna mo\u0107 putovanja ako joj se otvori\u0161 mogu\u0107a u individualnim putovanjima, kao i na razli\u010ditim vrstama hodo\u010da\u0161\u0107a, dok nam masovni turizam to nikada ne mo\u017ee pru\u017eiti.<\/p>\n<p>\u0160to se ti\u010de odnosa prema ljudima i kulturama koje upoznajem, s vremenom su se stvari promijenile i to je dobro. I s\u00e2m sam kao mla\u0111i \u010ditao o velikim osvaja\u010dima i avanturistima, to je bio neki mejnstrim zapadnja\u010dki kut gledanja, tako se pisalo i u National Geographicu. Mo\u017eda i dalje radim ne\u0161to krivo, ali poprili\u010dno sam uvjeren da barem nikoga ne iskori\u0161tavam. Zaklju\u010dak cijelog postkolonijalizma je da subjekt koji putuje konstantno propitkuje, tako da nema odgovora, samo sve vi\u0161e pitanja.<\/p>\n<p><strong>U knjizi pi\u0161ete o tanzanijskom plemenu Hadze koje ste posjetili 2013. godine pa ponovno deset godina kasnije. Koliko se \u017eivot lovaca sakuplja\u010da promijenio u deset godina?<\/strong><\/p>\n<p>Na\u017ealost, njihov svijet ubrzano nestaje, 2013. je jo\u0161 izgledalo da su dovoljno daleko od sel\u00e2, da imaju dovoljno mira i prostora, a danas taj prostor nestaje, sije\u010de se drve\u0107e, grade se ku\u0107e, zemljoradnici i sto\u010dari se \u0161ire i sve je manje divlja\u010di, Hadze moraju sve vi\u0161e vremena tro\u0161iti na lov, te\u017ee im je na\u0107i hranu nego prije. Oni se sami po sebi nisu promijenili, i dalje \u017eele \u017eivjeti lova\u010dko-sakuplja\u010dkim na\u010dinom \u017eivota i apsolutno ne razumiju za\u0161to bi to mijenjali. U knjizi spominjem anegdotu kojoj sam prisustvovao, iskopali su rupu da bi do\u0161li do vode i neki zemljoradnik je do\u0161ao sa stokom i jednostavno uzeo svu dostupnu vodu. Pitao sam ih za\u0161to se nisu bunili i za\u0161to su to dopustili, ali oni nisu imali nikakav osje\u0107aj privatnog vlasni\u0161tva, rekli su da svima treba voda i da \u0107e iskopati drugu rupu. Sada se i to pomalo mijenja, oni po\u010dinju u\u010diti da zemlja na kojoj \u017eive oduvijek pripada njima, a dolaze i razli\u010dite nevladine organizacije koje im \u017eele pomo\u0107i da je o\u010duvaju.<\/p>\n<p><strong>Zna\u010di, u\u010de ih \u0161to je privatno vlasni\u0161tvo? Mo\u017ee li tu\u017enije.<\/strong><\/p>\n<p>A da, poku\u0161ava ih se nau\u010diti kako globalni svijet funkcionira i da ne\u0107e mo\u0107i nastaviti \u017eivjeti kako \u017eele ako se ne bore za svoj teritorij. Oni stvarno nikada prije nisu imali osje\u0107aj posjedovanja.<\/p>\n<p><strong>A za\u0161to ste se vratili upravo Hadzama?<\/strong><\/p>\n<p>Jedna ideja mi je bila da radim ambicioznu mozai\u010dnu pri\u010du o razli\u010ditim lovcima sakuplja\u010dima, u savani, d\u017eungli, pustinji, na oceanu, a druga da \u017eivot lovaca sakuplja\u010da ispri\u010dam preko jednog primjera koji mi se urezao. Volim ambiciozne i velike projekte, ali mislim da ponekad pri\u010da mo\u017ee biti jaka i ako uzmete jedan upe\u010datljivi primjer. Hadze jedini na na\u0161oj planeti nikada nisu migrirali, svi smo mi ostali migranti ili smo potomci migranata, oni nisu nikuda oti\u0161li iz &#8220;kolijevke \u010dovje\u010danstva&#8221;. Mislim da je to simboli\u010dki jako. Tako\u0111er, jako su zabavni i opu\u0161teni, pri\u010daju pri\u010de, smiju se i duvaju, super mi je bilo dru\u017eiti se s njima, stra\u0161no su dobrodu\u0161ni. Jedan od razloga za\u0161to sam se vratio i ispri\u010dao njihovu pri\u010du svakako je bio i !Ngo!nga, jedan od Hadza koji je i protagonista knjige, sjajan storiteler. \u010cim sam ga upoznao pomislio sam da bi bilo sjajno ljudima omogu\u0107iti putem VR-a da sjede s njim i ostalima oko vatre.<\/p>\n<figure id=\"attachment_4112\" aria-describedby=\"caption-attachment-4112\" style=\"width: 2560px\" class=\"wp-caption alignnone\"><img loading=\"lazy\" decoding=\"async\" class=\"wp-image-4112 size-full\" src=\"https:\/\/sdf.hr\/wp-content\/uploads\/2024\/02\/Rostuhar3-scaled.jpg\" alt=\"\" width=\"2560\" height=\"1441\" srcset=\"https:\/\/sdf.hr\/wp-content\/uploads\/2024\/02\/Rostuhar3-scaled.jpg 2560w, https:\/\/sdf.hr\/wp-content\/uploads\/2024\/02\/Rostuhar3-300x169.jpg 300w, https:\/\/sdf.hr\/wp-content\/uploads\/2024\/02\/Rostuhar3-1024x577.jpg 1024w, https:\/\/sdf.hr\/wp-content\/uploads\/2024\/02\/Rostuhar3-768x432.jpg 768w, https:\/\/sdf.hr\/wp-content\/uploads\/2024\/02\/Rostuhar3-1536x865.jpg 1536w, https:\/\/sdf.hr\/wp-content\/uploads\/2024\/02\/Rostuhar3-2048x1153.jpg 2048w\" sizes=\"auto, (max-width: 2560px) 100vw, 2560px\" \/><figcaption id=\"caption-attachment-4112\" class=\"wp-caption-text\">Hadze moraju sve vi\u0161e vremena tro\u0161iti na lov (Foto: Privatna arhiva)<\/figcaption><\/figure>\n<p><strong>To ste i napravili \u2013 snimili ste prvi hrvatski VR film u bu\u0161u, prate\u0107i svakodnevicu Hadza. \u0160to su Hadze rekli na film, a \u0161to zagreba\u010dka publika?<\/strong><\/p>\n<p>Hadzama je sva tehnologija jednako apstraktna i nezanimljiva. Nemaju mobitel, ali su ga vidjeli vi\u0161e puta, primjerice, na\u0161 prevoditelj je TikTok zvijezda pa snima i njih. Zbog filma smo u bu\u0161 donijeli veliki \u0161ator s agregatom, cijelu infrastrukturu, svaki dan sam prebacivao materijale na laptop pa ih obra\u0111ivao i pregledavao na <em>headsetu<\/em>, VR slu\u0161alicama i nao\u010dalama, da vidim je li sve dobro snimljeno. Tako su me pri kraja boravka pitali da vide \u0161to sam to radio, ali nisu bili posebno zadivljeni (smijeh).<\/p>\n<p>U Zagrebu smo otvorili VR kino u Petrinjskoj i premijera filma je bila 1. prosinca pro\u0161le godine. Ma super su reakcije, svi koji su bili su odu\u0161evljeni, ali ima jo\u0161 dosta ljudi koji se boje nove tehnologije, komentiraju da nam samo jo\u0161 treba da se pri\u0161tekamo na Matrix. VR vidim kao jo\u0161 jedan alat koji mo\u017eemo koristiti i u dobre i u lo\u0161e svrhe, kao i mobitele, televiziju, umjetnu inteligenciju, na nama je \u0161to \u0107emo s tim napraviti.<\/p>\n<p><strong>Recite nam ne\u0161to o na\u010dinu \u017eivota Hadza, u kolikim zajednicama \u017eive, kako im izgleda jedan uobi\u010dajen dan?<\/strong><\/p>\n<p>Hadze \u017eive u skupinama po dvadeset do trideset ljudi, nemaju poglavicu, svi znaju sve raditi, lovci sakuplja\u010di su jedina nepatrijarhalna dru\u0161tva na svijetu. Nemaju kompleksnu religiju, ni obrede vezane za vjen\u010danja i smrti, monogamni su, ali ako netko od partnera \u017eeli oti\u0107i, mo\u017ee, bez obzira radi li se o \u017eeni ili mu\u0161karcu. Zapravo, i dalje je u znanosti nerazja\u0161njen paradoks za\u0161to su homo sapiensi pre\u0161li na poljoprivredu i sto\u010darstvo jer je stvaranje vi\u0161kova zapravo zna\u010dilo vi\u0161e, a ne manje rada. Nije li svemir sazdan tako da za \u0161to manje potro\u0161nje energije \u017eeli dobiti \u0161to vi\u0161e zauzvrat, nije tako samo u Dalmaciji (smijeh). Hadze su, recimo, makar dok su imali dovoljno hrane i zemlje na kojoj su lovili, radili tri-\u010detiri sata dnevno, toliko su provodili u lovu i pripremi hrane, ostatak vremena su dokoli\u010darili, pri\u010dali pri\u010de iz lova.<\/p>\n<p><strong>Ono \u0161to je posebno zanimljivo je da navodite kako se njihova egalitarnost temelji upravo na nedostatku planiranja \u0161to na prvu zvu\u010di kontraintuitivno.<\/strong><\/p>\n<p>Kada spominjete planiranje, mislim da je odli\u010dna crtica vezana za osamdesete godine, kada je u dijelu Tanzanije vladala velika glad jer su propali usjevi i u mnogim je selima pomrla stoka pa je tanzanijska vlada smjestila stanovnike ruralnih podru\u010dja u kampove i hranila ih kukuruznim bra\u0161nom pomije\u0161anim s vodom. Hadzama to nije imalo nikakvog smisla, za\u0161to da jedu spla\u010dine kada u bu\u0161u mogu na\u0107i puno bolju hranu, jedini su bje\u017eali iz kampova. Pa tako su ljudi \u017eivjeli dva milijuna godina, uvijek su znali prona\u0107i hranu, Hadze \u017eive u kolijevci \u010dovje\u010danstva u kojoj su imali dovoljno hrane nadohvat ruke. Te\u0161ko je nama danas shvatiti \u017eivot od obroka do obroka, kada je tako kardinalno razli\u010dit od na\u0161eg vje\u010dnog planiranja. To i jest najve\u0107a promjena koja se dogodila neolitskom revolucijom, poku\u0161aj ukro\u0107ivanja neizvjesnosti. Ali, evo vidimo i u kapitalizmu da \u0161to vi\u0161e proizvodimo, to je ve\u0107ina nesigurnija, nesretnija, pa i nezdravija.<\/p>\n<p><strong>Svatko prema mogu\u0107nosti, svakome prema potrebama \u2013 funkcionira li to tako kod Hazda? U knjizi, naime, spominjete da ba\u0161 i ne jer naprosto svatko grabi svoj komad hrane bez da razmi\u0161lja o drugome, ali opet se nitko ne name\u0107e.<\/strong><\/p>\n<p>Htio bio jo\u0161 samo naglasiti da ne romantiziram \u017eivot lovaca sakuplja\u010da, jasno mi je da ih skoro pola umre prije nego napune petnaest godina. Najbolje bi bilo kada bismo iz ta dva na\u0161a potpuno suprotna na\u010dina \u017eivota mogli izvu\u0107i pouke i stvoriti ne\u0161to odr\u017eivije i novo. A egalitarnost, antropolozi su prvo mislili da nam je ona kao homo sapiensima bila uro\u0111ena, jer su sva lova\u010dko sakuplja\u010dka dru\u0161tva egalitarna, nema privatne sfere doma u kojoj \u017eene nu\u017eno manje direktno privre\u0111uju, nema vi\u0161aka. Ipak, kasnije su shvatili da je njihova egalitarnost rezultat rada, generacije su osmislile dru\u0161tvene mehanizme koje egalitarnost odr\u017eavaju: nitko se ne isti\u010de u lovu, ne vrednuje se ako netko ulovi ve\u0107u \u017eivotinju, dru\u0161tvo funkcionira kao nekakav primitivni komunizam. U knjizi pi\u0161em o primjeru u kojem onoga tko je ulovio najve\u0107u \u017eivotinju \u010dak malo i zadirkuju da se ne umisli. Ali to nije neki idealisti\u010dki komunizam baziran na altruizmu i dobroti, nego na ne\u010demu \u0161to se zove <em>tolerated scrounging<\/em>, nisam na\u0161ao adekvatan prijevod na hrvatski. Kada netko donese plemenu med ili meso, svatko grabi svoj dio, nije da oni stanu pa podijele na jednake dijelove svima, ali paze da ne razgrabe previ\u0161e, jer ako pretjeraju, pleme \u0107e ih se odre\u0107i.<\/p>\n<p><strong>Vratimo se na neke starije projekte. &#8220;Ljubav oko svijeta&#8221; svakako je jedan od va\u0161ih medijski najistaknutijih pothvata. Sa suprugom An\u0111elom proveli ste godinu dana na putu oko svijeta istra\u017euju\u0107i ljubav u razli\u010ditim kulturama. Proputovali ste 30 dr\u017eava na svim kontinentima i napravili 120 intervjua s razli\u010ditim parovima, iz \u010dega su nastali knjiga i film. Kako danas gledate na tu avanturu?<\/strong><\/p>\n<p>&#8220;Ljubav oko svijeta&#8221; je vjerojatno ne\u0161to najbolje \u0161to sam napravio dosad. Iako je pri\u010da o ljubavi, izbjegavali smo sladunjavost, jest to topla pri\u010da, ali je paralelno na momente i te\u0161ka i svakako daje dosta prostora za razmi\u0161ljanje o na\u0161im vlastitim predrasudama i izborima. Mo\u017ee netko re\u0107i da je sve \u0161to ja radim pop, mejnstrim, ali ne volim previ\u0161e hermeti\u010dnu umjetnost, volim da to \u0161to radim komunicira ve\u0107em broju ljudi i pomi\u010de neke granice u dru\u0161tvu.<\/p>\n<p><strong>Recite nam ne\u0161to o rijetkom primjeru poliandrije na kojeg ste nai\u0161li u va\u0161em istra\u017eivanju.<\/strong><\/p>\n<p>Manje od jedan posto kultura na svijetu je dopu\u0161talo poliandriju, odnosno brak \u017eene s vi\u0161e mu\u017eeva, a ve\u0107ina tih kultura je danas izumrla. Mi smo je na\u0161li u zaba\u010denoj dolini Kinnaur na Himalaji. Rije\u010d je o bratskoj poliandriji u kojem je \u017eena u braku s dva ili tri brata. <strong>Rattna<\/strong>, jedna od \u017eena s kojom smo razgovarali, rekla je da pola vremena provodi s jednim mu\u017eem, a pola s drugim i da ih jednako voli.<\/p>\n<figure id=\"attachment_4114\" aria-describedby=\"caption-attachment-4114\" style=\"width: 2560px\" class=\"wp-caption alignnone\"><img loading=\"lazy\" decoding=\"async\" class=\"wp-image-4114 size-full\" src=\"https:\/\/sdf.hr\/wp-content\/uploads\/2024\/02\/Rostuhar2-scaled.jpg\" alt=\"\" width=\"2560\" height=\"1441\" srcset=\"https:\/\/sdf.hr\/wp-content\/uploads\/2024\/02\/Rostuhar2-scaled.jpg 2560w, https:\/\/sdf.hr\/wp-content\/uploads\/2024\/02\/Rostuhar2-300x169.jpg 300w, https:\/\/sdf.hr\/wp-content\/uploads\/2024\/02\/Rostuhar2-1024x577.jpg 1024w, https:\/\/sdf.hr\/wp-content\/uploads\/2024\/02\/Rostuhar2-768x432.jpg 768w, https:\/\/sdf.hr\/wp-content\/uploads\/2024\/02\/Rostuhar2-1536x865.jpg 1536w, https:\/\/sdf.hr\/wp-content\/uploads\/2024\/02\/Rostuhar2-2048x1153.jpg 2048w\" sizes=\"auto, (max-width: 2560px) 100vw, 2560px\" \/><figcaption id=\"caption-attachment-4114\" class=\"wp-caption-text\">Foto: Privatna arhiva<\/figcaption><\/figure>\n<p><strong>U knjizi &#8220;Polarni san&#8221; opisujete ekspediciju na Ju\u017eni pol. Godine 2018. sami ste prohodali 1163 kilometra u 47 dana. Ono \u0161to me najvi\u0161e zanima, osim same motivacije, jest i kako ste se psihi\u010dki nosili s ovim poduhvatom, odnosno sa samo\u0107om koju vjerojatno ne mo\u017eemo ni zamisliti?<\/strong><\/p>\n<p>Samo\u0107u sam apsolvirao jo\u0161 na prvim putovanjima kad sam provodio no\u0107i potpuno sam u \u0161umi i planini. Razumijem strah od samo\u0107e i mraka, ali ja volim divljinu, mislim da se kao Hadze nekako uzdam u pravednost okoli\u0161a u kojem se nalazim. Ekstremna izolacija na Antarktici je i bila jedan od glavnih razloga za\u0161to sam htio oti\u0107i tamo, ta velika bijela plo\u010da, kao <em>tabula rasa<\/em>, hoda\u0161 kroz bijelo prostranstvo i ni\u0161ta ne vidi\u0161 na horizontu, ni za \u0161to ti se pogled ne mo\u017ee uhvatiti. Jako me privla\u010dio Ju\u017eni pol. To je i meni bilo daleko izvan zone komfora, prou\u010davao sam \u0161to \u010dovjek treba napraviti da postigne tako jedan velik cilj, a ono \u0161to sam saznao, nau\u010dio o tome, pri\u010dam kroz svoju knjigu i predavanja.<\/p>\n<p><strong>Koliko vam je va\u017eno to \u0161to ste ba\u0161 prva osoba iz Hrvatske koja je do\u0161la sama na Ju\u017eni pol?<\/strong><\/p>\n<p>Lagao bih kada bi rekao da mi je potpuno neva\u017eno \u0161to sam uspio biti prvi, ali \u010desto je to i marketin\u0161ka pri\u010da, sigurno bih privukao manje sponzora i medija kada bih bio, ne znam, tre\u0107i (smijeh). Ipak, glavna motivacija i nit vodilja tog putovanja mi je bila istra\u017eiti \u0161to \u010dovjek sve treba napraviti da bi ostvario svoj san. Neke druge ekspedicije na koje sam i\u0161ao bile su mo\u017eda i te\u017ee i opasnije, primjerice one po d\u017eungli jer je vi\u0161e nepredvidljivosti, ali ljudi su ba\u0161 Antarktiku percipirali kao najopasniji pothvat. Bilo je nekih dionica i od dvjestotinjak kilometara koje su bile nedostupne avionu, da mi se tamo ne\u0161to desilo, nitko ne bi mogao do\u0107i po mene, ali sve je pro\u0161lo u najboljem redu.<\/p>\n<p><strong>Klub za ekspedicionizam i kulturu (KEK) udruga je koju ste osnovali davne 2003. godine. \u010cime se udruga danas bavi?<\/strong><\/p>\n<p>Udruga je narasla kada sam, nakon deset godina volonterskog rada uz reporterski posao, odlu\u010dio raditi vlastite projekte preko KEK-a. Danas, kao i svaka udruga, pi\u0161emo projekte, dobijemo jedan od pet, najve\u0107im dijelom se financiramo od vlastitog rada, od izdava\u0161tva, izlo\u017ebi, predavanja, imamo ponekad i kojeg sponzora koji pripomogne. Nadam se da \u0107e nam novootvoreno VR kino pomo\u0107i da budemo odr\u017eiviji i stabilniji, prvi puta u 20 godina imamo prostor, a osim &#8220;Lovaca sakuplja\u010da&#8221;, plan je prikazivati i razli\u010dite VR filmove drugih autora. Krenuli smo s &#8220;Osvajanjem neba&#8221; legendarnog <strong>Davida Attenborougha<\/strong>.<\/p>\n<p><strong>&#8220;Vidim li ja u njihovom epskom odupiranju promjeni isto ono \u010dudo kojim \u017eivot proturje\u010di entropiji? \u010cudo koje hrani nadu. Nada da velika juha nije ultimativna sudbina svega. No nije li nada ki\u010d? Ultimativni ki\u010d?&#8221;, pitate su u &#8220;Lovcima sakuplja\u010dima&#8221;. Pa je li ki\u010d?<\/strong><\/p>\n<p>Iskreno, prije zadnjeg projekta bio sam optimist i imao sam neku nadu za budu\u0107nost \u010dovje\u010danstva, mislio sam da \u0107emo na koncu prona\u0107i tehnologiju koja \u0107e uspjeti rije\u0161iti sve na\u0161e probleme, uklju\u010duju\u0107i one koje smo sami stvorili. Ali sada, kada sam proputovao svijet i dobio pogled u \u0161iru sliku, shvatio kako smo u jako kratko vrijeme mi kao ljudska vrsta uni\u0161tili planetu, a toliko smo dugo prije toga uspijevali imati nekakav su\u017eivot s njom, nisam vi\u0161e toliko siguran. Da bismo svijetu vratili nadu koja ne bi bila ki\u010d, trebali bi se osloboditi tog egocentri\u010dnog, antropocentri\u010dnog pogleda na stvarnost i svijet.<\/p>\n<p><em>razgovor vodila Vedrana Bibi\u0107<\/em><\/p>\n","protected":false},"excerpt":{"rendered":"<p>Sada, kada sam proputovao svijet i dobio \u0161iru sliku, shvatio kako smo u jako kratko vrijeme mi kao ljudska vrsta uni\u0161tili planetu, nisam vi\u0161e toliko siguran da \u0107emo uspjeti rije\u0161iti sve na\u0161e probleme, uklju\u010duju\u0107i one koje smo sami stvorili<\/p>\n","protected":false},"featured_media":4111,"template":"","tags":[173],"atribut":[],"class_list":["post-4116","nada","type-nada","status-publish","has-post-thumbnail","hentry","tag-intervju-2-hr"],"acf":[],"yoast_head":"<!-- This site is optimized with the Yoast SEO plugin v27.4 - https:\/\/yoast.com\/product\/yoast-seo-wordpress\/ -->\n<title>Davor Rostuhar: Svijet lovaca sakuplja\u010da ubrzano nestaje - SDF - Srpski demokratski forum<\/title>\n<meta name=\"robots\" content=\"index, follow, max-snippet:-1, max-image-preview:large, max-video-preview:-1\" \/>\n<link rel=\"canonical\" href=\"https:\/\/sdf.hr\/hr\/nada\/davor-rostuhar-svijet-lovaca-sakupljaca-ubrzano-nestaje\/\" \/>\n<meta property=\"og:locale\" content=\"hr_HR\" \/>\n<meta property=\"og:type\" content=\"article\" \/>\n<meta property=\"og:title\" content=\"Davor Rostuhar: Svijet lovaca sakuplja\u010da ubrzano nestaje - SDF - Srpski demokratski forum\" \/>\n<meta property=\"og:description\" content=\"Sada, kada sam proputovao svijet i dobio \u0161iru sliku, shvatio kako smo u jako kratko vrijeme mi kao ljudska vrsta uni\u0161tili planetu, nisam vi\u0161e toliko siguran da \u0107emo uspjeti rije\u0161iti sve na\u0161e probleme, uklju\u010duju\u0107i one koje smo sami stvorili\" \/>\n<meta property=\"og:url\" content=\"https:\/\/sdf.hr\/hr\/nada\/davor-rostuhar-svijet-lovaca-sakupljaca-ubrzano-nestaje\/\" \/>\n<meta property=\"og:site_name\" content=\"SDF - Srpski demokratski forum\" \/>\n<meta property=\"article:modified_time\" content=\"2024-03-11T10:34:25+00:00\" \/>\n<meta property=\"og:image\" content=\"https:\/\/sdf.hr\/wp-content\/uploads\/2024\/02\/Rostuhar1-scaled.jpg\" \/>\n\t<meta property=\"og:image:width\" content=\"2560\" \/>\n\t<meta property=\"og:image:height\" content=\"1707\" \/>\n\t<meta property=\"og:image:type\" content=\"image\/jpeg\" \/>\n<meta name=\"twitter:card\" content=\"summary_large_image\" \/>\n<meta name=\"twitter:label1\" content=\"Procijenjeno vrijeme \u010ditanja\" \/>\n\t<meta name=\"twitter:data1\" content=\"13 minuta\" \/>\n<script type=\"application\/ld+json\" class=\"yoast-schema-graph\">{\"@context\":\"https:\\\/\\\/schema.org\",\"@graph\":[{\"@type\":\"WebPage\",\"@id\":\"https:\\\/\\\/sdf.hr\\\/hr\\\/nada\\\/davor-rostuhar-svijet-lovaca-sakupljaca-ubrzano-nestaje\\\/\",\"url\":\"https:\\\/\\\/sdf.hr\\\/hr\\\/nada\\\/davor-rostuhar-svijet-lovaca-sakupljaca-ubrzano-nestaje\\\/\",\"name\":\"Davor Rostuhar: Svijet lovaca sakuplja\u010da ubrzano nestaje - SDF - Srpski demokratski forum\",\"isPartOf\":{\"@id\":\"https:\\\/\\\/sdf.hr\\\/#website\"},\"primaryImageOfPage\":{\"@id\":\"https:\\\/\\\/sdf.hr\\\/hr\\\/nada\\\/davor-rostuhar-svijet-lovaca-sakupljaca-ubrzano-nestaje\\\/#primaryimage\"},\"image\":{\"@id\":\"https:\\\/\\\/sdf.hr\\\/hr\\\/nada\\\/davor-rostuhar-svijet-lovaca-sakupljaca-ubrzano-nestaje\\\/#primaryimage\"},\"thumbnailUrl\":\"https:\\\/\\\/sdf.hr\\\/wp-content\\\/uploads\\\/2024\\\/02\\\/Rostuhar1-scaled.jpg\",\"datePublished\":\"2024-02-25T10:08:49+00:00\",\"dateModified\":\"2024-03-11T10:34:25+00:00\",\"breadcrumb\":{\"@id\":\"https:\\\/\\\/sdf.hr\\\/hr\\\/nada\\\/davor-rostuhar-svijet-lovaca-sakupljaca-ubrzano-nestaje\\\/#breadcrumb\"},\"inLanguage\":\"hr\",\"potentialAction\":[{\"@type\":\"ReadAction\",\"target\":[\"https:\\\/\\\/sdf.hr\\\/hr\\\/nada\\\/davor-rostuhar-svijet-lovaca-sakupljaca-ubrzano-nestaje\\\/\"]}]},{\"@type\":\"ImageObject\",\"inLanguage\":\"hr\",\"@id\":\"https:\\\/\\\/sdf.hr\\\/hr\\\/nada\\\/davor-rostuhar-svijet-lovaca-sakupljaca-ubrzano-nestaje\\\/#primaryimage\",\"url\":\"https:\\\/\\\/sdf.hr\\\/wp-content\\\/uploads\\\/2024\\\/02\\\/Rostuhar1-scaled.jpg\",\"contentUrl\":\"https:\\\/\\\/sdf.hr\\\/wp-content\\\/uploads\\\/2024\\\/02\\\/Rostuhar1-scaled.jpg\",\"width\":2560,\"height\":1707,\"caption\":\"Davor Rostuhar (Foto: Privatna arhiva)\"},{\"@type\":\"BreadcrumbList\",\"@id\":\"https:\\\/\\\/sdf.hr\\\/hr\\\/nada\\\/davor-rostuhar-svijet-lovaca-sakupljaca-ubrzano-nestaje\\\/#breadcrumb\",\"itemListElement\":[{\"@type\":\"ListItem\",\"position\":1,\"name\":\"Po\u010detna stranica\",\"item\":\"https:\\\/\\\/sdf.hr\\\/hr\\\/\"},{\"@type\":\"ListItem\",\"position\":2,\"name\":\"Nada\",\"item\":\"https:\\\/\\\/sdf.hr\\\/nada\\\/\"},{\"@type\":\"ListItem\",\"position\":3,\"name\":\"Davor Rostuhar: Svijet lovaca sakuplja\u010da ubrzano nestaje\"}]},{\"@type\":\"WebSite\",\"@id\":\"https:\\\/\\\/sdf.hr\\\/#website\",\"url\":\"https:\\\/\\\/sdf.hr\\\/\",\"name\":\"SDF - Srpski demokratski forum\",\"description\":\"Srpski demokratski forum\",\"publisher\":{\"@id\":\"https:\\\/\\\/sdf.hr\\\/#organization\"},\"potentialAction\":[{\"@type\":\"SearchAction\",\"target\":{\"@type\":\"EntryPoint\",\"urlTemplate\":\"https:\\\/\\\/sdf.hr\\\/?s={search_term_string}\"},\"query-input\":{\"@type\":\"PropertyValueSpecification\",\"valueRequired\":true,\"valueName\":\"search_term_string\"}}],\"inLanguage\":\"hr\"},{\"@type\":\"Organization\",\"@id\":\"https:\\\/\\\/sdf.hr\\\/#organization\",\"name\":\"SDF - Srpski demokratski forum\",\"url\":\"https:\\\/\\\/sdf.hr\\\/\",\"logo\":{\"@type\":\"ImageObject\",\"inLanguage\":\"hr\",\"@id\":\"https:\\\/\\\/sdf.hr\\\/#\\\/schema\\\/logo\\\/image\\\/\",\"url\":\"https:\\\/\\\/sdf.hr\\\/wp-content\\\/uploads\\\/2021\\\/07\\\/logo-hr.svg\",\"contentUrl\":\"https:\\\/\\\/sdf.hr\\\/wp-content\\\/uploads\\\/2021\\\/07\\\/logo-hr.svg\",\"width\":271,\"height\":100,\"caption\":\"SDF - Srpski demokratski forum\"},\"image\":{\"@id\":\"https:\\\/\\\/sdf.hr\\\/#\\\/schema\\\/logo\\\/image\\\/\"}}]}<\/script>\n<!-- \/ Yoast SEO plugin. -->","yoast_head_json":{"title":"Davor Rostuhar: Svijet lovaca sakuplja\u010da ubrzano nestaje - SDF - Srpski demokratski forum","robots":{"index":"index","follow":"follow","max-snippet":"max-snippet:-1","max-image-preview":"max-image-preview:large","max-video-preview":"max-video-preview:-1"},"canonical":"https:\/\/sdf.hr\/hr\/nada\/davor-rostuhar-svijet-lovaca-sakupljaca-ubrzano-nestaje\/","og_locale":"hr_HR","og_type":"article","og_title":"Davor Rostuhar: Svijet lovaca sakuplja\u010da ubrzano nestaje - SDF - Srpski demokratski forum","og_description":"Sada, kada sam proputovao svijet i dobio \u0161iru sliku, shvatio kako smo u jako kratko vrijeme mi kao ljudska vrsta uni\u0161tili planetu, nisam vi\u0161e toliko siguran da \u0107emo uspjeti rije\u0161iti sve na\u0161e probleme, uklju\u010duju\u0107i one koje smo sami stvorili","og_url":"https:\/\/sdf.hr\/hr\/nada\/davor-rostuhar-svijet-lovaca-sakupljaca-ubrzano-nestaje\/","og_site_name":"SDF - Srpski demokratski forum","article_modified_time":"2024-03-11T10:34:25+00:00","og_image":[{"width":2560,"height":1707,"url":"https:\/\/sdf.hr\/wp-content\/uploads\/2024\/02\/Rostuhar1-scaled.jpg","type":"image\/jpeg"}],"twitter_card":"summary_large_image","twitter_misc":{"Procijenjeno vrijeme \u010ditanja":"13 minuta"},"schema":{"@context":"https:\/\/schema.org","@graph":[{"@type":"WebPage","@id":"https:\/\/sdf.hr\/hr\/nada\/davor-rostuhar-svijet-lovaca-sakupljaca-ubrzano-nestaje\/","url":"https:\/\/sdf.hr\/hr\/nada\/davor-rostuhar-svijet-lovaca-sakupljaca-ubrzano-nestaje\/","name":"Davor Rostuhar: Svijet lovaca sakuplja\u010da ubrzano nestaje - SDF - Srpski demokratski forum","isPartOf":{"@id":"https:\/\/sdf.hr\/#website"},"primaryImageOfPage":{"@id":"https:\/\/sdf.hr\/hr\/nada\/davor-rostuhar-svijet-lovaca-sakupljaca-ubrzano-nestaje\/#primaryimage"},"image":{"@id":"https:\/\/sdf.hr\/hr\/nada\/davor-rostuhar-svijet-lovaca-sakupljaca-ubrzano-nestaje\/#primaryimage"},"thumbnailUrl":"https:\/\/sdf.hr\/wp-content\/uploads\/2024\/02\/Rostuhar1-scaled.jpg","datePublished":"2024-02-25T10:08:49+00:00","dateModified":"2024-03-11T10:34:25+00:00","breadcrumb":{"@id":"https:\/\/sdf.hr\/hr\/nada\/davor-rostuhar-svijet-lovaca-sakupljaca-ubrzano-nestaje\/#breadcrumb"},"inLanguage":"hr","potentialAction":[{"@type":"ReadAction","target":["https:\/\/sdf.hr\/hr\/nada\/davor-rostuhar-svijet-lovaca-sakupljaca-ubrzano-nestaje\/"]}]},{"@type":"ImageObject","inLanguage":"hr","@id":"https:\/\/sdf.hr\/hr\/nada\/davor-rostuhar-svijet-lovaca-sakupljaca-ubrzano-nestaje\/#primaryimage","url":"https:\/\/sdf.hr\/wp-content\/uploads\/2024\/02\/Rostuhar1-scaled.jpg","contentUrl":"https:\/\/sdf.hr\/wp-content\/uploads\/2024\/02\/Rostuhar1-scaled.jpg","width":2560,"height":1707,"caption":"Davor Rostuhar (Foto: Privatna arhiva)"},{"@type":"BreadcrumbList","@id":"https:\/\/sdf.hr\/hr\/nada\/davor-rostuhar-svijet-lovaca-sakupljaca-ubrzano-nestaje\/#breadcrumb","itemListElement":[{"@type":"ListItem","position":1,"name":"Po\u010detna stranica","item":"https:\/\/sdf.hr\/hr\/"},{"@type":"ListItem","position":2,"name":"Nada","item":"https:\/\/sdf.hr\/nada\/"},{"@type":"ListItem","position":3,"name":"Davor Rostuhar: Svijet lovaca sakuplja\u010da ubrzano nestaje"}]},{"@type":"WebSite","@id":"https:\/\/sdf.hr\/#website","url":"https:\/\/sdf.hr\/","name":"SDF - Srpski demokratski forum","description":"Srpski demokratski forum","publisher":{"@id":"https:\/\/sdf.hr\/#organization"},"potentialAction":[{"@type":"SearchAction","target":{"@type":"EntryPoint","urlTemplate":"https:\/\/sdf.hr\/?s={search_term_string}"},"query-input":{"@type":"PropertyValueSpecification","valueRequired":true,"valueName":"search_term_string"}}],"inLanguage":"hr"},{"@type":"Organization","@id":"https:\/\/sdf.hr\/#organization","name":"SDF - Srpski demokratski forum","url":"https:\/\/sdf.hr\/","logo":{"@type":"ImageObject","inLanguage":"hr","@id":"https:\/\/sdf.hr\/#\/schema\/logo\/image\/","url":"https:\/\/sdf.hr\/wp-content\/uploads\/2021\/07\/logo-hr.svg","contentUrl":"https:\/\/sdf.hr\/wp-content\/uploads\/2021\/07\/logo-hr.svg","width":271,"height":100,"caption":"SDF - Srpski demokratski forum"},"image":{"@id":"https:\/\/sdf.hr\/#\/schema\/logo\/image\/"}}]}},"_links":{"self":[{"href":"https:\/\/sdf.hr\/hr\/wp-json\/wp\/v2\/nada\/4116","targetHints":{"allow":["GET"]}}],"collection":[{"href":"https:\/\/sdf.hr\/hr\/wp-json\/wp\/v2\/nada"}],"about":[{"href":"https:\/\/sdf.hr\/hr\/wp-json\/wp\/v2\/types\/nada"}],"wp:featuredmedia":[{"embeddable":true,"href":"https:\/\/sdf.hr\/hr\/wp-json\/wp\/v2\/media\/4111"}],"wp:attachment":[{"href":"https:\/\/sdf.hr\/hr\/wp-json\/wp\/v2\/media?parent=4116"}],"wp:term":[{"taxonomy":"post_tag","embeddable":true,"href":"https:\/\/sdf.hr\/hr\/wp-json\/wp\/v2\/tags?post=4116"},{"taxonomy":"atribut","embeddable":true,"href":"https:\/\/sdf.hr\/hr\/wp-json\/wp\/v2\/atribut?post=4116"}],"curies":[{"name":"wp","href":"https:\/\/api.w.org\/{rel}","templated":true}]}}