{"id":412,"date":"2021-08-25T11:28:21","date_gmt":"2021-08-25T09:28:21","guid":{"rendered":"https:\/\/sdf.hr\/?post_type=nada&#038;p=412"},"modified":"2023-03-28T14:08:32","modified_gmt":"2023-03-28T12:08:32","slug":"milikin-put","status":"publish","type":"nada","link":"https:\/\/sdf.hr\/hr\/nada\/milikin-put\/","title":{"rendered":"Milikin put"},"content":{"rendered":"<p class=\"p1\">U razgovorima koji se doti\u010du <span class=\"s1\">Milke \u017dicine<\/span> obi\u010dno svako toliko uslijedi znati\u017eeljno: \u2018A tko je ona?\u2019 Slu\u017eavka u Be\u010du 1920. koja bi no\u0107u, s prigu\u0161enim svjetlom, pisala (a jednom se i posva\u0111ala s gazdaricom oko toga, uvjerenom da ispisuje pisma doma na kartonu, a da papir i nije tra\u017eila, sramote\u0107i ku\u0107u, te napustila slu\u017ebu). Postolarka i komunistkinja aktivna u pari\u0161kom ko\u017earskom sindikatu u kojem bi nakon radnoga vremena agitirala i radnike podu\u010davala francuski. Sobarica na \u010detvrtom katu Zadru\u017enoga kona\u010di\u0161ta Saveza nabavlja\u010dkih zadruga dr\u017eavnih slu\u017ebenika u Beogradu, koja je svoj prvi rukopis \u2018Kajin put\u2019, zamotan \u0161pagom u stare novine, zamoliv\u0161i druga da preuzme smjenu, predala 1932. kriti\u010daru <span class=\"s1\">Veliboru Gligori\u0107u<\/span> kojega je oti\u0161la potra\u017eiti u Ministarstvo industrije i trgovine u kojem je tada radio: \u2018Imam maniju da pi\u0161em. Njemu \u0107u odneti rukopis, pa \u0107e me on otrezniti, lupiti me dobro kad ka\u017ee da ovo ni\u0161ta ne valja\u2019. To se nije dogodilo, dapa\u010de, Gligori\u0107 je tekst proslijedio <span class=\"s1\">Pavlu Bihalyu<\/span>, s \u010dijim je predgovorom 1934. i objavljen u Nolitovom izdanju, a \u0161est godina kasnije i nastavak, roman \u2018Devojka za sve\u2019.<\/p>\n<p class=\"p3\"><span class=\"s1\">Otvaraju\u0107i \u2018Kajin put\u2019, Bihaly \u0107e o \u017dicininim sje\u0107anjima na odrastanje na selu, u Prv\u010di koja je danas administrativnim dijelom Nove Gradi\u0161ke, glad, neima\u0161tinu i odlazak u slu\u017ebu jo\u0161 u dje\u010djoj dobi, napisati: \u2018Nema tu \u0161ablonskog opisivanja so\u010dnog zelenila koje o\u017eivljava pejza\u017e, ni mirisa zemlje crnice ni kravlje balege koji zasi\u0107uje vazduh. Ljuske krompira i spla\u010dina ispunjavaju svojim smradom prirodu u kojoj pisci isuvi\u0161e \u010disto opevavaju samo zlatno klasje, cvetne bre\u017euljke i plodnu zemlju bogatu kruhom\u2019. Kajina pripovijest kre\u0107e se ve\u0107 skoro usahlom zemljom, u spletu \u017dicininih iskustava i iskustava \u017eena koje su ih s njom dijelile u solidarnosti i me\u0111usobnoj podr\u0161ci, koje su prisiljene napustiti roditeljske ku\u0107e i oti\u0107i na zemlju i u ku\u0107anstva bolje stoje\u0107ih seljaka, nekada samo za tanjur \u017eganaca (\u2019barem ne\u0107e\u0161 biti gladna\u2019) ili par opanaka, ili, uz ne\u0161to vi\u0161e sre\u0107e, tih 1920-ih i 1930-ih, u tvornice koje su izranjale tamo gdje se seljak ni za sjeme vi\u0161e nije imao gdje i kako zadu\u017eiti.<\/span><\/p>\n<p class=\"p3\">Milka \u017dicina secira \u017eivot i rad djevoj\u010dica i \u017eena na jugoslavenskom selu dokumentiraju\u0107i njihovu svakodnevnicu, od najranije do zrelije dobi, u kuhanju, \u010di\u0161\u0107enju, radu u polju, s gladnom dojen\u010dadi na prsima, iskrvarenjima u o\u010dajni\u010dkim poku\u0161ajima da prekinu jo\u0161 jednu trudno\u0107u koju ne mogu iznijeti, strahu od pijanoga oca kojega bi Kaja, najmla\u0111a, umirivala da ne bi istukao majku i starije sestre, s pokojom junicom, ne\u0161to bundeva, doznakama koje je brat tu i tamo mogao poslati iz inozemstva i maj\u010dinom nadnicom s kojima je valjalo pre\u017eivjeti. Ali za razliku od ve\u0107ine drugih autora socrealizma, taj \u017eivot i rad su joj najintimnije pripadali.<\/p>\n<p class=\"p3\">S novcem koji bi bio dostatan za svega tjedan dana, \u017dicina se preselila 1920. u Be\u010d i njime platila oglas: \u2018Devojka za sve tra\u017ei mesto!\u2019, prvo s namje\u0161tenjem slu\u017eavke, a zatim bedinerice, u\u010de\u0107i njema\u010dki i poslije radnog vremena sre\u0107u\u0107i se sa studenticama i studentima u obli\u017enjoj kavani te zapodijevaju\u0107i s njima razgovore (\u2019Eto, to su bili moji univerziteti, moja vaspitanja\u2019). Iz Be\u010da je 1923. ili 1924. krenula u Hamburg, zaposlena kratko u jednom rasadniku, a nakon \u0161to je pokrpala koju marku zalo\u017eiv\u0161i ve\u0107inu stvari koje je imala sa sobom, otisnula se pje\u0161ke u Pariz u koji su se slijevali radnici u potrazi za poslom (\u2019Spavala sam u barakama, radni\u010dkim skloni\u0161tima, kod porodica koje bi me prihvatile na preno\u0107i\u0161te. Kad ne bih na\u0161la mesto, odlazila sam na \u017eeljezni\u010dku stanicu i zamolila da ostanem bar do pono\u0107i\u2019). Na putu prema Parizu zastala je u jednom rudarskom selu i u Metzu zaraditi ne\u0161to novca da ima za presvlaku ve\u0107 poderane odje\u0107e. Tu je \u010distila i prala rublje, radila u hotelu i u\u010dila francuski, da bi 1925. napokon stigla u Pariz. Tamo je do\u0161la u doticaj s <span class=\"s1\">Marxovim<\/span> \u2018Kapitalom\u2019 preko novinara i knji\u017eevnika <span class=\"s1\">Veselina Masle\u0161e<\/span>, poslije i narodnog heroja Jugoslavije, u\u010dlanila se u komunisti\u010dki Soci\u00e9t\u00e9 G\u00e9n\u00e9rale de Travaille Unittaire i sindikat ko\u017earskih radnika, aktivirav\u0161i se u jugoslavenskoj jezi\u010dnoj grupi: \u2018Moj glavni zadatak u toj grupi bio je da idem me\u0111u na\u0161e radnike po okolini Pariza, takozvane terrassiere, i da vodim agitaciju\u2019. S partnerom <span class=\"s1\">Ilijom \u0160aki\u0107em<\/span>, uslijed demonstracija na Me\u0111unarodni dan revolucionarne solidarnosti 1929., deportirana je iz Francuske u Belgiju i zatim u Luksemburg, gdje se \u0160aki\u0107 zaposlio u fabrici visokih pe\u0107i i \u010deli\u010dani <span class=\"s1\">attus<\/span>, a \u017dicina kao kuharica u radni\u010dkoj kantini, u\u010de\u0107i nakon posla radnice \u010ditati i pisati. S otpu\u0161tanjima 1931. vratili su se u Prv\u010du, gdje su ve\u0107 po dolasku bili pod nadzorom policije, i potom u Beograd, gdje radi kao sobarica u Zadru\u017enom kona\u010di\u0161tu i neko vrijeme kao daktilografkinja.<\/p>\n<p class=\"p3\">S \u2018Kajinim putem\u2019 zbli\u017eila se s nizom knji\u017eevnika i drugih kulturnih i politi\u010dkih radnica oko Nolita i \u0161ire, s kojima pokre\u0107e marksisti\u010dke kru\u017eoke 1939. godine: \u2018Mi levo orijentisani pisci \u017eiveli smo tada u takvoj jednoj borbenoj atmosferi&#8230; sve \u0161to je \u010dovek radio, radio je za oslobo\u0111enje \u010doveka i svih radnih ljudi i za ru\u0161enje bur\u017eoaskog dru\u0161tva. Nikom nije padalo na pamet da se razboli i povu\u010de u sebe\u2019. I ulomci iz njezinih knjiga i novinski tekstovi objavljivani su u \u017deni danas, Politici, Na\u0161oj stvarnosti, Radu i Pregledu.<\/p>\n<p class=\"p3\">Po\u010detkom rata \u017dicina se zatekla u svom selu, u Prv\u010di, kada su usta\u0161e krenuli s progonima Srba i komunista, odakle se, uz pomo\u0107 obiteljskoga poznanika, uspjela prebaciti s mu\u017eem u Beograd i u Banat, sve do oslobo\u0111enja. Godine 1948. primljena je u Komunisti\u010dku partiju, a od 1951. do 1955., pod optu\u017ebom za agitaciju i propagandu, zatvorena je u beogradskoj Glavnja\u010di i hercegova\u010dkom Stocu (\u2019zato \u0161to sam svoje mi\u0161ljenje o sovetskom narodu izrekla nekim ljudima. Ne o <span class=\"s1\">Staljinu<\/span>, jer ja sam uvek bila protiv Staljina\u2019). Po izlasku iz zatvora napisala je \u2018Drugo imanje\u2019 (Kosmos, 1961.), \u2018Selo moje\u2019 (Nolit, 1983.) i \u2018Zapise s onkolo\u0161koga\u2019 (Dru\u0161tvo <span class=\"s1\">sr<\/span> Srbije za borbu protiv raka, 1976.), o iskustvu lije\u010denja od raka dojke. Preminula je 1984. u Beogradu, a posthumno su objavljeni i memoari iz Glavnja\u010de i Stoca, \u2018Sve, sve, sve\u2019 (<span class=\"s1\">skd<\/span> Prosvjeta, 2002.) i \u2018Sama\u2019 (Slu\u017ebeni glasnik, 2009.), te knjiga pripovijedaka \u2018Neka to bude sve\u2019 (Slu\u017ebeni glasnik, 2014.).<\/p>\n<p class=\"p3\">\u017dicina u svojim knjigama uvezuje situacije kako su pro\u017eivljene, s dru\u0161tvenim i ekonomskim odnosima izre\u010denim sudbinama likova koje je i sama odigrala: opan\u010darki, pralji, slu\u017eavki, mljekarica, sobarica, ku\u0107anica, radnica. U \u2018Drugom imanju\u2019, posve\u0107enom radnom kolektivu Valjaonice bakra u Sevojnu (U\u017eicama), bilje\u017eila je i analizirala proces transformacije seljakinja u radnike, gutanje zemlje na kojoj su se donedavno okopavali krumpir i repa, na kojoj je podignuto radni\u010dko naselje s barakama, ambulantom, \u0161kolom i trgovinama, te na\u010dine na koji ma\u0161inerija izjeda snagu onih koji je pokre\u0107u, odlaze\u0107i ujutro, popodne i ponekad u no\u0107nu smjenu s radnicima u tvornicu. Od 2004. Valjaonica bakra je, kao i mnogo drugih nekada\u0161njih samoupravnih poduze\u0107a, privatizirana. Mo\u017eda poga\u0111a predaleko od korijena, da bi se problemi razgolitili, primijetio je Bihaly 1934., ali \u017dicina daje detaljne mikroprikaze pretvorbe, tutnjavi ma\u0161ina, podrhtavanja zemlje i na\u010dina na koji su se \u017eivoti ljudi, u staroj Jugoslaviji vezanih uz zemlju, u socijalisti\u010dkoj uz tvornicu, danas uz jo\u0161 potpuniju neizvjesnost, drasti\u010dno mijenjali s promjenama ekonomskih re\u017eima, prilago\u0111avanih da na nove na\u010dine mogu upregnuti i disciplinirati ljudski rad.<\/p>\n<p><em>pi\u0161e Nina \u010colovi\u0107<\/em><\/p>\n","protected":false},"excerpt":{"rendered":"<p>Milka \u017dicina je u svojim romanima secirala \u017eivot i rad djevoj\u010dica i \u017eena na jugoslavenskom selu, dokumentiraju\u0107i njihovu svakodnevnicu. Za razliku od ve\u0107ine drugih autora socrealizma, taj \u017eivot i rad su joj najintimnije pripadali<\/p>\n","protected":false},"featured_media":413,"template":"","tags":[136],"atribut":[],"class_list":["post-412","nada","type-nada","status-publish","has-post-thumbnail","hentry","tag-portret"],"acf":[],"yoast_head":"<!-- This site is optimized with the Yoast SEO plugin v27.4 - https:\/\/yoast.com\/product\/yoast-seo-wordpress\/ -->\n<title>Milikin put - SDF - Srpski demokratski forum<\/title>\n<meta name=\"robots\" content=\"index, follow, max-snippet:-1, max-image-preview:large, max-video-preview:-1\" \/>\n<link rel=\"canonical\" href=\"https:\/\/sdf.hr\/hr\/nada\/milikin-put\/\" \/>\n<meta property=\"og:locale\" content=\"hr_HR\" \/>\n<meta property=\"og:type\" content=\"article\" \/>\n<meta property=\"og:title\" content=\"Milikin put - SDF - Srpski demokratski forum\" \/>\n<meta property=\"og:description\" content=\"Milka \u017dicina je u svojim romanima secirala \u017eivot i rad djevoj\u010dica i \u017eena na jugoslavenskom selu, dokumentiraju\u0107i njihovu svakodnevnicu. Za razliku od ve\u0107ine drugih autora socrealizma, taj \u017eivot i rad su joj najintimnije pripadali\" \/>\n<meta property=\"og:url\" content=\"https:\/\/sdf.hr\/hr\/nada\/milikin-put\/\" \/>\n<meta property=\"og:site_name\" content=\"SDF - Srpski demokratski forum\" \/>\n<meta property=\"article:modified_time\" content=\"2023-03-28T12:08:32+00:00\" \/>\n<meta property=\"og:image\" content=\"https:\/\/sdf.hr\/wp-content\/uploads\/2021\/08\/ZicinaO_RGB.jpg\" \/>\n\t<meta property=\"og:image:width\" content=\"1181\" \/>\n\t<meta property=\"og:image:height\" content=\"1595\" \/>\n\t<meta property=\"og:image:type\" content=\"image\/jpeg\" \/>\n<meta name=\"twitter:card\" content=\"summary_large_image\" \/>\n<meta name=\"twitter:label1\" content=\"Procijenjeno vrijeme \u010ditanja\" \/>\n\t<meta name=\"twitter:data1\" content=\"6 minuta\" \/>\n<script type=\"application\/ld+json\" class=\"yoast-schema-graph\">{\"@context\":\"https:\\\/\\\/schema.org\",\"@graph\":[{\"@type\":\"WebPage\",\"@id\":\"https:\\\/\\\/sdf.hr\\\/hr\\\/nada\\\/milikin-put\\\/\",\"url\":\"https:\\\/\\\/sdf.hr\\\/hr\\\/nada\\\/milikin-put\\\/\",\"name\":\"Milikin put - SDF - Srpski demokratski forum\",\"isPartOf\":{\"@id\":\"https:\\\/\\\/sdf.hr\\\/#website\"},\"primaryImageOfPage\":{\"@id\":\"https:\\\/\\\/sdf.hr\\\/hr\\\/nada\\\/milikin-put\\\/#primaryimage\"},\"image\":{\"@id\":\"https:\\\/\\\/sdf.hr\\\/hr\\\/nada\\\/milikin-put\\\/#primaryimage\"},\"thumbnailUrl\":\"https:\\\/\\\/sdf.hr\\\/wp-content\\\/uploads\\\/2021\\\/08\\\/ZicinaO_RGB.jpg\",\"datePublished\":\"2021-08-25T09:28:21+00:00\",\"dateModified\":\"2023-03-28T12:08:32+00:00\",\"breadcrumb\":{\"@id\":\"https:\\\/\\\/sdf.hr\\\/hr\\\/nada\\\/milikin-put\\\/#breadcrumb\"},\"inLanguage\":\"hr\",\"potentialAction\":[{\"@type\":\"ReadAction\",\"target\":[\"https:\\\/\\\/sdf.hr\\\/hr\\\/nada\\\/milikin-put\\\/\"]}]},{\"@type\":\"ImageObject\",\"inLanguage\":\"hr\",\"@id\":\"https:\\\/\\\/sdf.hr\\\/hr\\\/nada\\\/milikin-put\\\/#primaryimage\",\"url\":\"https:\\\/\\\/sdf.hr\\\/wp-content\\\/uploads\\\/2021\\\/08\\\/ZicinaO_RGB.jpg\",\"contentUrl\":\"https:\\\/\\\/sdf.hr\\\/wp-content\\\/uploads\\\/2021\\\/08\\\/ZicinaO_RGB.jpg\",\"width\":1181,\"height\":1595,\"caption\":\"\u017dena za sve \u2013 Milka \u017dicina\"},{\"@type\":\"BreadcrumbList\",\"@id\":\"https:\\\/\\\/sdf.hr\\\/hr\\\/nada\\\/milikin-put\\\/#breadcrumb\",\"itemListElement\":[{\"@type\":\"ListItem\",\"position\":1,\"name\":\"Po\u010detna stranica\",\"item\":\"https:\\\/\\\/sdf.hr\\\/hr\\\/\"},{\"@type\":\"ListItem\",\"position\":2,\"name\":\"Nada\",\"item\":\"https:\\\/\\\/sdf.hr\\\/nada\\\/\"},{\"@type\":\"ListItem\",\"position\":3,\"name\":\"Milikin put\"}]},{\"@type\":\"WebSite\",\"@id\":\"https:\\\/\\\/sdf.hr\\\/#website\",\"url\":\"https:\\\/\\\/sdf.hr\\\/\",\"name\":\"SDF - Srpski demokratski forum\",\"description\":\"Srpski demokratski forum\",\"publisher\":{\"@id\":\"https:\\\/\\\/sdf.hr\\\/#organization\"},\"potentialAction\":[{\"@type\":\"SearchAction\",\"target\":{\"@type\":\"EntryPoint\",\"urlTemplate\":\"https:\\\/\\\/sdf.hr\\\/?s={search_term_string}\"},\"query-input\":{\"@type\":\"PropertyValueSpecification\",\"valueRequired\":true,\"valueName\":\"search_term_string\"}}],\"inLanguage\":\"hr\"},{\"@type\":\"Organization\",\"@id\":\"https:\\\/\\\/sdf.hr\\\/#organization\",\"name\":\"SDF - Srpski demokratski forum\",\"url\":\"https:\\\/\\\/sdf.hr\\\/\",\"logo\":{\"@type\":\"ImageObject\",\"inLanguage\":\"hr\",\"@id\":\"https:\\\/\\\/sdf.hr\\\/#\\\/schema\\\/logo\\\/image\\\/\",\"url\":\"https:\\\/\\\/sdf.hr\\\/wp-content\\\/uploads\\\/2021\\\/07\\\/logo-hr.svg\",\"contentUrl\":\"https:\\\/\\\/sdf.hr\\\/wp-content\\\/uploads\\\/2021\\\/07\\\/logo-hr.svg\",\"width\":271,\"height\":100,\"caption\":\"SDF - Srpski demokratski forum\"},\"image\":{\"@id\":\"https:\\\/\\\/sdf.hr\\\/#\\\/schema\\\/logo\\\/image\\\/\"}}]}<\/script>\n<!-- \/ Yoast SEO plugin. -->","yoast_head_json":{"title":"Milikin put - SDF - Srpski demokratski forum","robots":{"index":"index","follow":"follow","max-snippet":"max-snippet:-1","max-image-preview":"max-image-preview:large","max-video-preview":"max-video-preview:-1"},"canonical":"https:\/\/sdf.hr\/hr\/nada\/milikin-put\/","og_locale":"hr_HR","og_type":"article","og_title":"Milikin put - SDF - Srpski demokratski forum","og_description":"Milka \u017dicina je u svojim romanima secirala \u017eivot i rad djevoj\u010dica i \u017eena na jugoslavenskom selu, dokumentiraju\u0107i njihovu svakodnevnicu. Za razliku od ve\u0107ine drugih autora socrealizma, taj \u017eivot i rad su joj najintimnije pripadali","og_url":"https:\/\/sdf.hr\/hr\/nada\/milikin-put\/","og_site_name":"SDF - Srpski demokratski forum","article_modified_time":"2023-03-28T12:08:32+00:00","og_image":[{"width":1181,"height":1595,"url":"https:\/\/sdf.hr\/wp-content\/uploads\/2021\/08\/ZicinaO_RGB.jpg","type":"image\/jpeg"}],"twitter_card":"summary_large_image","twitter_misc":{"Procijenjeno vrijeme \u010ditanja":"6 minuta"},"schema":{"@context":"https:\/\/schema.org","@graph":[{"@type":"WebPage","@id":"https:\/\/sdf.hr\/hr\/nada\/milikin-put\/","url":"https:\/\/sdf.hr\/hr\/nada\/milikin-put\/","name":"Milikin put - SDF - Srpski demokratski forum","isPartOf":{"@id":"https:\/\/sdf.hr\/#website"},"primaryImageOfPage":{"@id":"https:\/\/sdf.hr\/hr\/nada\/milikin-put\/#primaryimage"},"image":{"@id":"https:\/\/sdf.hr\/hr\/nada\/milikin-put\/#primaryimage"},"thumbnailUrl":"https:\/\/sdf.hr\/wp-content\/uploads\/2021\/08\/ZicinaO_RGB.jpg","datePublished":"2021-08-25T09:28:21+00:00","dateModified":"2023-03-28T12:08:32+00:00","breadcrumb":{"@id":"https:\/\/sdf.hr\/hr\/nada\/milikin-put\/#breadcrumb"},"inLanguage":"hr","potentialAction":[{"@type":"ReadAction","target":["https:\/\/sdf.hr\/hr\/nada\/milikin-put\/"]}]},{"@type":"ImageObject","inLanguage":"hr","@id":"https:\/\/sdf.hr\/hr\/nada\/milikin-put\/#primaryimage","url":"https:\/\/sdf.hr\/wp-content\/uploads\/2021\/08\/ZicinaO_RGB.jpg","contentUrl":"https:\/\/sdf.hr\/wp-content\/uploads\/2021\/08\/ZicinaO_RGB.jpg","width":1181,"height":1595,"caption":"\u017dena za sve \u2013 Milka \u017dicina"},{"@type":"BreadcrumbList","@id":"https:\/\/sdf.hr\/hr\/nada\/milikin-put\/#breadcrumb","itemListElement":[{"@type":"ListItem","position":1,"name":"Po\u010detna stranica","item":"https:\/\/sdf.hr\/hr\/"},{"@type":"ListItem","position":2,"name":"Nada","item":"https:\/\/sdf.hr\/nada\/"},{"@type":"ListItem","position":3,"name":"Milikin put"}]},{"@type":"WebSite","@id":"https:\/\/sdf.hr\/#website","url":"https:\/\/sdf.hr\/","name":"SDF - Srpski demokratski forum","description":"Srpski demokratski forum","publisher":{"@id":"https:\/\/sdf.hr\/#organization"},"potentialAction":[{"@type":"SearchAction","target":{"@type":"EntryPoint","urlTemplate":"https:\/\/sdf.hr\/?s={search_term_string}"},"query-input":{"@type":"PropertyValueSpecification","valueRequired":true,"valueName":"search_term_string"}}],"inLanguage":"hr"},{"@type":"Organization","@id":"https:\/\/sdf.hr\/#organization","name":"SDF - Srpski demokratski forum","url":"https:\/\/sdf.hr\/","logo":{"@type":"ImageObject","inLanguage":"hr","@id":"https:\/\/sdf.hr\/#\/schema\/logo\/image\/","url":"https:\/\/sdf.hr\/wp-content\/uploads\/2021\/07\/logo-hr.svg","contentUrl":"https:\/\/sdf.hr\/wp-content\/uploads\/2021\/07\/logo-hr.svg","width":271,"height":100,"caption":"SDF - Srpski demokratski forum"},"image":{"@id":"https:\/\/sdf.hr\/#\/schema\/logo\/image\/"}}]}},"_links":{"self":[{"href":"https:\/\/sdf.hr\/hr\/wp-json\/wp\/v2\/nada\/412","targetHints":{"allow":["GET"]}}],"collection":[{"href":"https:\/\/sdf.hr\/hr\/wp-json\/wp\/v2\/nada"}],"about":[{"href":"https:\/\/sdf.hr\/hr\/wp-json\/wp\/v2\/types\/nada"}],"wp:featuredmedia":[{"embeddable":true,"href":"https:\/\/sdf.hr\/hr\/wp-json\/wp\/v2\/media\/413"}],"wp:attachment":[{"href":"https:\/\/sdf.hr\/hr\/wp-json\/wp\/v2\/media?parent=412"}],"wp:term":[{"taxonomy":"post_tag","embeddable":true,"href":"https:\/\/sdf.hr\/hr\/wp-json\/wp\/v2\/tags?post=412"},{"taxonomy":"atribut","embeddable":true,"href":"https:\/\/sdf.hr\/hr\/wp-json\/wp\/v2\/atribut?post=412"}],"curies":[{"name":"wp","href":"https:\/\/api.w.org\/{rel}","templated":true}]}}