{"id":4156,"date":"2024-03-01T16:50:41","date_gmt":"2024-03-01T15:50:41","guid":{"rendered":"https:\/\/sdf.hr\/nada\/muzej-prihvacanja\/"},"modified":"2024-03-01T16:50:58","modified_gmt":"2024-03-01T15:50:58","slug":"muzej-prihvacanja","status":"publish","type":"nada","link":"https:\/\/sdf.hr\/hr\/nada\/muzej-prihvacanja\/","title":{"rendered":"Muzej prihva\u0107anja"},"content":{"rendered":"<p>Prije godinu i pol dana u Pazinu je povodom Me\u0111unarodnog dana muzeja otvorena izlo\u017eba plakata Tolerancija, a uz izlo\u017ebu je organizirana panel diskusija o va\u017enosti uspostavljanja suradnje izme\u0111u institucija, muzeja i organizacija civilnog dru\u0161tva. Upravo je ovaj razgovor potakao Proces \u2013 udrugu za promicanje queer kulture LGBTIQ+ prava iz Pule i Etnografski muzeji Istre iz Pazina na stvaranje zajedni\u010dkog projekta te je tako nastao <a href=\"https:\/\/come.lgbt\/hr\/come-coming-out-muzej\/\">Coming Out Museum (COME)<\/a>. Virtualna je to platforma koja prikuplja i predstavlja <em>coming out<\/em> pri\u010de pripadnica i pripadnika LGBTIQ+ zajednice iz cijeloga svijeta kroz ideju prikupljanja predmeta koji simboliziraju va\u017ene trenutke u razumijevanju i prihva\u0107anju vlastitog identiteta, prihva\u0107anju od okoline i povezivanju sa \u0161irom LGBTIQ+ zajednicom.<\/p>\n<p>COME za sada djeluje samo u virtualnom prostoru, no kako nam govore autori projekta, <strong>Mario Buleti\u0107<\/strong> i <strong>Jan Franjul<\/strong>, cilj je razviti zbirku prikupljenih predmeta i pri\u010da kako bi postepeno za\u017eivio i u fizi\u010dkom prostoru u obliku putuju\u0107e izlo\u017ebe.<\/p>\n<p>&#8211; Web stranica je svojevrsna digitalna vitrina projekta, poziv \u0161iroj zajednici za sudjelovanje i doprinos u stvaranju zbirke. Omogu\u0107uje nam prikupljanje materijala i temelj je za na\u0161 krajnji cilj \u2013 realizaciju izlo\u017ebi u fizi\u010dkom prostoru. Sama priroda planiranih izlo\u017ebi, kao i zbirke, je da budu u stalnome rastu i razvoju. Prva \u0107e se dogoditi u Puli u drugoj polovici lipnja ove godine, kao dio programa Mjeseca ponosa koji se odr\u017eava ususret prvoj pulskoj Povorci ponosa. Vjerujemo da \u0107e realizacija prve izlo\u017ebe potaknuti organizaciju budu\u0107ih \u2013 objasnio je Buleti\u0107 te dodao kako je prvi korak u cijelom projektu bio stvoriti povjerenje, ljudske i profesionalne temelje za osmi\u0161ljavanje idejnog i operativnog okvira projekta.<\/p>\n<p>&#8211; Razgovori s pripadnicama i pripadnicima LGBTIQ+ zajednice u Puli pokazali su nam neke univerzalne trenutke i iskustva u tom cjelo\u017eivotnom procesu <em>coming outa<\/em>. Samim time i na\u0161 cilj postao je naglasiti poveznicu s iskustvima vezanim uz \u0161iru LGBTIQ+ zajednicu isticanjem osobnih pri\u010da \u2013 od partikularnog prema univerzalnom \u2013 dodao je Franjul.<\/p>\n<p>Upravo iz razloga \u0161to materijalna i opipljiva LGBTIQ+ povijest gotovo ne postoji, u COME prikupljaju, \u010duvaju i predstavljaju uspomene i predmete koji simboliziraju pri\u010de o <em>coming outu<\/em> te sva iskustva i va\u017ene prekretnice na putu prihva\u0107anja. Taj predmet mo\u017ee biti bilo \u0161to, a za sada se u njihovoj zbirci nalaze i \u0161alica i potkova, i pli\u0161ani medvjedi\u0107 i kazeta. Prikupljaju i umjetni\u010dke radove i djela, fotografije i memorabilije, a svi predmeti imaju svoju biografiju te u kona\u010dnici formiraju univerzalnu pri\u010du o <em>coming outu<\/em> i pridonose stvaranju materijalne i nematerijalne LGBTIQ+ memorije. \u017delja je muzeja da se predstavi pri\u010de ljudi razli\u010dite dobi, iskustva, identiteta, roda, orijentacije, rase, nacionalnosti, vjere, socio-ekonomske klase te na taj na\u010din poka\u017ee kako svi dijele univerzalnu \u017eelju za prihva\u0107anjem.<\/p>\n<p>Kako nam autori obja\u0161njavaju, ciljana skupina ove inicijative nije isklju\u010divo LGBTIQ+ zajednica, ve\u0107 \u017eele doprijeti do \u0161ire populacije, a prije svega do mladih jer upoznavanje \u017eivotnih prilika i neprilika LGBTIQ+ populacije iz osobne perspektive mo\u017ee doprinijeti boljem razumijevanju i prihva\u0107anju drugih i druga\u010dijih ljudi s kojima dijelimo na\u0161u svakodnevicu.<\/p>\n<figure id=\"attachment_4154\" aria-describedby=\"caption-attachment-4154\" style=\"width: 1030px\" class=\"wp-caption alignnone\"><img loading=\"lazy\" decoding=\"async\" class=\"wp-image-4154 size-full\" src=\"https:\/\/sdf.hr\/wp-content\/uploads\/2024\/03\/Come1.jpg\" alt=\"\" width=\"1030\" height=\"686\" srcset=\"https:\/\/sdf.hr\/wp-content\/uploads\/2024\/03\/Come1.jpg 1030w, https:\/\/sdf.hr\/wp-content\/uploads\/2024\/03\/Come1-300x200.jpg 300w, https:\/\/sdf.hr\/wp-content\/uploads\/2024\/03\/Come1-1024x682.jpg 1024w, https:\/\/sdf.hr\/wp-content\/uploads\/2024\/03\/Come1-768x512.jpg 768w\" sizes=\"auto, (max-width: 1030px) 100vw, 1030px\" \/><figcaption id=\"caption-attachment-4154\" class=\"wp-caption-text\">COME na No\u0107i muzeja (Foto: Vanja Brajkovi\u0107)<\/figcaption><\/figure>\n<p>&#8211; Iz institucionalne perspektive, to svakako predstavlja iskorak u smjeru uklju\u010divanja tradicionalno marginaliziranih \u010dlanova zajednice u kojoj \u017eivimo iz muzejskog diskursa. Do sada, u muzejskim zbirkama, izlo\u017ebama, programima, LGBTIQ+ zajednica je bila u potpunosti isklju\u010dena. Vjerujemo da je upravo to uklju\u010divanje marginaliziranih grupa i pojedinaca u javni, institucionalni prostor, koji osim \u0161to ima za zada\u0107u brinuti i educirati o materijalnoj i nematerijalnoj memoriji zajednice, mo\u017ee doprinijeti i prihva\u0107anju i razbijanju stereotipa u \u0161iroj javnosti\u2026 Muzeolo\u0161ki \u201estandardi\u201c, klasifikacija, interpretacija odre\u0111enih kulturnih i dru\u0161tvenih fenomena, vi\u0161e nisu dovoljni. Stru\u010dni normativi koji su mahom temeljeni na heteronormativnoj paradigmi, tra\u017ee nove poglede i pristupe u suvremenoj muzeolo\u0161koj praksi, definirane u stru\u010dnoj literaturi kao <em>queering practices<\/em> \u2013 objasnio je Buleti\u0107 te dodao kako je projekt nastao u okviru institucionalnog, odnosno muzejskog programa, a sada je potpuno u rukama Procesa, odnosno zajednice.<\/p>\n<p>COME je do sada predstavljen u Istri, kao i u glavnom programu na me\u0111unarodnoj konferenciji muzejske organizacije ICOM-ICME u Budimpe\u0161ti, a \u017eelja im je da izlo\u017eba putuje dalje, da muzej \u017eivi na razli\u010ditim lokacijama, s novim pri\u010dama, u razli\u010ditim trenucima i uvijek u nekom novom prezentacijskom iskustvu. Kako Buleti\u0107 i Franjul isti\u010du, posljednjih smo godina svjedoci institucionalnih promjena, muzeja koji po\u010dinju promi\u0161ljati svoju ulogu u dru\u0161tvu i preispituju neke od ustaljenih stavova i odnosa prema marginaliziranim skupinama.<\/p>\n<p>&#8211; Problem do kojeg se dolazi u ovoj, nazovimo je, prijelaznoj fazi, jest svojevrsna generalizacija, reprezentacija reprezentacije radi. Svakako je va\u017eno podignuti vidljivost izazova s kojima se susre\u0107u marginalizirane skupine, suo\u010diti se sa svojom diskriminatornom pro\u0161lo\u0161\u0107u, ali ne na na\u010din da se LGBTIQ+ osobe pozove samo kako bi se ispunila ku\u0107ica u formularu, jeste li uklju\u010dili LGBTIQ+ osobe u svoj program. Isti problem doga\u0111a se i s ostalim skupinama koje su tradicionalno isklju\u010dene iz <em>mainstreama<\/em> \u2013 govori Franjul te dodaje kako je upravo zato partnerski rad, koji podrazumijeva uzajamnu podr\u0161ku i u\u010denje, taj koji osigurava uklju\u010divanje, a ne samo prikazivanja pripadnika skupina s manje mogu\u0107nosti.<\/p>\n<p>Iako je rije\u010d o sporoj promjeni, trendovi u inozemstvu se prenose i na muzeje na na\u0161im prostorima i vidljivo je sve vi\u0161e inicijativa kojima se dolazi do pozitivnih dru\u0161tvenih promjena, no, kako nagla\u0161avaju Buleti\u0107 i Franjul, problem je taj \u0161to ove promjene jo\u0161 uvijek po\u010divaju na entuzijastima koji rade u muzejima, zbog \u010dega je potrebno vi\u0161e edukacije kako bi takvi i sli\u010dni oblici suradnje postali sustavna praksa.<\/p>\n<p>&#8211; Svjesni smo da je javno prikazivanje i slavljenje LGBTIQ+ identiteta na na\u0161im prostorima jo\u0161 uvijek svojevrsni tabu. Da se LGBTIQ+ osobe svakodnevno susre\u0107u s diskriminacijom i nasiljem te da su teme va\u017ene za LGBTIQ+ osobe nevidljive u medijima i javnom prostoru. COME poti\u010de na u\u010denje iz osobnih iskustava, na poistovje\u0107ivanje i suosje\u0107anje. Mislimo da smo svi u stalnoj potrazi za prihva\u0107anjem, ali da je ona puno vidljivija kod osoba koje pripadaju marginaliziranim skupinama \u2013 zaklju\u010duju autori projekta.<\/p>\n<p><em>pi\u0161e Katarina Bo\u0161njak<\/em><\/p>\n","protected":false},"excerpt":{"rendered":"<p>Razgovori s pripadnicama i pripadnicima LGBTIQ+ zajednice u Puli pokazali su nam neke univerzalne trenutke i iskustva u tom cjelo\u017eivotnom procesu coming outa, ka\u017eu autori Coming Out Museuma \u2013 COME<\/p>\n","protected":false},"featured_media":4153,"template":"","tags":[130],"atribut":[],"class_list":["post-4156","nada","type-nada","status-publish","has-post-thumbnail","hentry","tag-tema"],"acf":[],"yoast_head":"<!-- This site is optimized with the Yoast SEO plugin v27.4 - https:\/\/yoast.com\/product\/yoast-seo-wordpress\/ -->\n<title>Muzej prihva\u0107anja - SDF - Srpski demokratski forum<\/title>\n<meta name=\"robots\" content=\"index, follow, max-snippet:-1, max-image-preview:large, max-video-preview:-1\" \/>\n<link rel=\"canonical\" href=\"https:\/\/sdf.hr\/hr\/nada\/muzej-prihvacanja\/\" \/>\n<meta property=\"og:locale\" content=\"hr_HR\" \/>\n<meta property=\"og:type\" content=\"article\" \/>\n<meta property=\"og:title\" content=\"Muzej prihva\u0107anja - SDF - Srpski demokratski forum\" \/>\n<meta property=\"og:description\" content=\"Razgovori s pripadnicama i pripadnicima LGBTIQ+ zajednice u Puli pokazali su nam neke univerzalne trenutke i iskustva u tom cjelo\u017eivotnom procesu coming outa, ka\u017eu autori Coming Out Museuma \u2013 COME\" \/>\n<meta property=\"og:url\" content=\"https:\/\/sdf.hr\/hr\/nada\/muzej-prihvacanja\/\" \/>\n<meta property=\"og:site_name\" content=\"SDF - Srpski demokratski forum\" \/>\n<meta property=\"article:modified_time\" content=\"2024-03-01T15:50:58+00:00\" \/>\n<meta property=\"og:image\" content=\"https:\/\/sdf.hr\/wp-content\/uploads\/2024\/03\/Come-Franjul-i-Buletic.jpg\" \/>\n\t<meta property=\"og:image:width\" content=\"1030\" \/>\n\t<meta property=\"og:image:height\" content=\"686\" \/>\n\t<meta property=\"og:image:type\" content=\"image\/jpeg\" \/>\n<meta name=\"twitter:card\" content=\"summary_large_image\" \/>\n<meta name=\"twitter:label1\" content=\"Procijenjeno vrijeme \u010ditanja\" \/>\n\t<meta name=\"twitter:data1\" content=\"5 minuta\" \/>\n<script type=\"application\/ld+json\" class=\"yoast-schema-graph\">{\"@context\":\"https:\\\/\\\/schema.org\",\"@graph\":[{\"@type\":\"WebPage\",\"@id\":\"https:\\\/\\\/sdf.hr\\\/hr\\\/nada\\\/muzej-prihvacanja\\\/\",\"url\":\"https:\\\/\\\/sdf.hr\\\/hr\\\/nada\\\/muzej-prihvacanja\\\/\",\"name\":\"Muzej prihva\u0107anja - SDF - Srpski demokratski forum\",\"isPartOf\":{\"@id\":\"https:\\\/\\\/sdf.hr\\\/#website\"},\"primaryImageOfPage\":{\"@id\":\"https:\\\/\\\/sdf.hr\\\/hr\\\/nada\\\/muzej-prihvacanja\\\/#primaryimage\"},\"image\":{\"@id\":\"https:\\\/\\\/sdf.hr\\\/hr\\\/nada\\\/muzej-prihvacanja\\\/#primaryimage\"},\"thumbnailUrl\":\"https:\\\/\\\/sdf.hr\\\/wp-content\\\/uploads\\\/2024\\\/03\\\/Come-Franjul-i-Buletic.jpg\",\"datePublished\":\"2024-03-01T15:50:41+00:00\",\"dateModified\":\"2024-03-01T15:50:58+00:00\",\"breadcrumb\":{\"@id\":\"https:\\\/\\\/sdf.hr\\\/hr\\\/nada\\\/muzej-prihvacanja\\\/#breadcrumb\"},\"inLanguage\":\"hr\",\"potentialAction\":[{\"@type\":\"ReadAction\",\"target\":[\"https:\\\/\\\/sdf.hr\\\/hr\\\/nada\\\/muzej-prihvacanja\\\/\"]}]},{\"@type\":\"ImageObject\",\"inLanguage\":\"hr\",\"@id\":\"https:\\\/\\\/sdf.hr\\\/hr\\\/nada\\\/muzej-prihvacanja\\\/#primaryimage\",\"url\":\"https:\\\/\\\/sdf.hr\\\/wp-content\\\/uploads\\\/2024\\\/03\\\/Come-Franjul-i-Buletic.jpg\",\"contentUrl\":\"https:\\\/\\\/sdf.hr\\\/wp-content\\\/uploads\\\/2024\\\/03\\\/Come-Franjul-i-Buletic.jpg\",\"width\":1030,\"height\":686,\"caption\":\"Jan Franjul i Mario Buleti\u0107 (Foto: Vanja Brajkovi\u0107)\"},{\"@type\":\"BreadcrumbList\",\"@id\":\"https:\\\/\\\/sdf.hr\\\/hr\\\/nada\\\/muzej-prihvacanja\\\/#breadcrumb\",\"itemListElement\":[{\"@type\":\"ListItem\",\"position\":1,\"name\":\"Po\u010detna stranica\",\"item\":\"https:\\\/\\\/sdf.hr\\\/hr\\\/\"},{\"@type\":\"ListItem\",\"position\":2,\"name\":\"Nada\",\"item\":\"https:\\\/\\\/sdf.hr\\\/nada\\\/\"},{\"@type\":\"ListItem\",\"position\":3,\"name\":\"Muzej prihva\u0107anja\"}]},{\"@type\":\"WebSite\",\"@id\":\"https:\\\/\\\/sdf.hr\\\/#website\",\"url\":\"https:\\\/\\\/sdf.hr\\\/\",\"name\":\"SDF - Srpski demokratski forum\",\"description\":\"Srpski demokratski forum\",\"publisher\":{\"@id\":\"https:\\\/\\\/sdf.hr\\\/#organization\"},\"potentialAction\":[{\"@type\":\"SearchAction\",\"target\":{\"@type\":\"EntryPoint\",\"urlTemplate\":\"https:\\\/\\\/sdf.hr\\\/?s={search_term_string}\"},\"query-input\":{\"@type\":\"PropertyValueSpecification\",\"valueRequired\":true,\"valueName\":\"search_term_string\"}}],\"inLanguage\":\"hr\"},{\"@type\":\"Organization\",\"@id\":\"https:\\\/\\\/sdf.hr\\\/#organization\",\"name\":\"SDF - Srpski demokratski forum\",\"url\":\"https:\\\/\\\/sdf.hr\\\/\",\"logo\":{\"@type\":\"ImageObject\",\"inLanguage\":\"hr\",\"@id\":\"https:\\\/\\\/sdf.hr\\\/#\\\/schema\\\/logo\\\/image\\\/\",\"url\":\"https:\\\/\\\/sdf.hr\\\/wp-content\\\/uploads\\\/2021\\\/07\\\/logo-hr.svg\",\"contentUrl\":\"https:\\\/\\\/sdf.hr\\\/wp-content\\\/uploads\\\/2021\\\/07\\\/logo-hr.svg\",\"width\":271,\"height\":100,\"caption\":\"SDF - Srpski demokratski forum\"},\"image\":{\"@id\":\"https:\\\/\\\/sdf.hr\\\/#\\\/schema\\\/logo\\\/image\\\/\"}}]}<\/script>\n<!-- \/ Yoast SEO plugin. -->","yoast_head_json":{"title":"Muzej prihva\u0107anja - SDF - Srpski demokratski forum","robots":{"index":"index","follow":"follow","max-snippet":"max-snippet:-1","max-image-preview":"max-image-preview:large","max-video-preview":"max-video-preview:-1"},"canonical":"https:\/\/sdf.hr\/hr\/nada\/muzej-prihvacanja\/","og_locale":"hr_HR","og_type":"article","og_title":"Muzej prihva\u0107anja - SDF - Srpski demokratski forum","og_description":"Razgovori s pripadnicama i pripadnicima LGBTIQ+ zajednice u Puli pokazali su nam neke univerzalne trenutke i iskustva u tom cjelo\u017eivotnom procesu coming outa, ka\u017eu autori Coming Out Museuma \u2013 COME","og_url":"https:\/\/sdf.hr\/hr\/nada\/muzej-prihvacanja\/","og_site_name":"SDF - Srpski demokratski forum","article_modified_time":"2024-03-01T15:50:58+00:00","og_image":[{"width":1030,"height":686,"url":"https:\/\/sdf.hr\/wp-content\/uploads\/2024\/03\/Come-Franjul-i-Buletic.jpg","type":"image\/jpeg"}],"twitter_card":"summary_large_image","twitter_misc":{"Procijenjeno vrijeme \u010ditanja":"5 minuta"},"schema":{"@context":"https:\/\/schema.org","@graph":[{"@type":"WebPage","@id":"https:\/\/sdf.hr\/hr\/nada\/muzej-prihvacanja\/","url":"https:\/\/sdf.hr\/hr\/nada\/muzej-prihvacanja\/","name":"Muzej prihva\u0107anja - SDF - Srpski demokratski forum","isPartOf":{"@id":"https:\/\/sdf.hr\/#website"},"primaryImageOfPage":{"@id":"https:\/\/sdf.hr\/hr\/nada\/muzej-prihvacanja\/#primaryimage"},"image":{"@id":"https:\/\/sdf.hr\/hr\/nada\/muzej-prihvacanja\/#primaryimage"},"thumbnailUrl":"https:\/\/sdf.hr\/wp-content\/uploads\/2024\/03\/Come-Franjul-i-Buletic.jpg","datePublished":"2024-03-01T15:50:41+00:00","dateModified":"2024-03-01T15:50:58+00:00","breadcrumb":{"@id":"https:\/\/sdf.hr\/hr\/nada\/muzej-prihvacanja\/#breadcrumb"},"inLanguage":"hr","potentialAction":[{"@type":"ReadAction","target":["https:\/\/sdf.hr\/hr\/nada\/muzej-prihvacanja\/"]}]},{"@type":"ImageObject","inLanguage":"hr","@id":"https:\/\/sdf.hr\/hr\/nada\/muzej-prihvacanja\/#primaryimage","url":"https:\/\/sdf.hr\/wp-content\/uploads\/2024\/03\/Come-Franjul-i-Buletic.jpg","contentUrl":"https:\/\/sdf.hr\/wp-content\/uploads\/2024\/03\/Come-Franjul-i-Buletic.jpg","width":1030,"height":686,"caption":"Jan Franjul i Mario Buleti\u0107 (Foto: Vanja Brajkovi\u0107)"},{"@type":"BreadcrumbList","@id":"https:\/\/sdf.hr\/hr\/nada\/muzej-prihvacanja\/#breadcrumb","itemListElement":[{"@type":"ListItem","position":1,"name":"Po\u010detna stranica","item":"https:\/\/sdf.hr\/hr\/"},{"@type":"ListItem","position":2,"name":"Nada","item":"https:\/\/sdf.hr\/nada\/"},{"@type":"ListItem","position":3,"name":"Muzej prihva\u0107anja"}]},{"@type":"WebSite","@id":"https:\/\/sdf.hr\/#website","url":"https:\/\/sdf.hr\/","name":"SDF - Srpski demokratski forum","description":"Srpski demokratski forum","publisher":{"@id":"https:\/\/sdf.hr\/#organization"},"potentialAction":[{"@type":"SearchAction","target":{"@type":"EntryPoint","urlTemplate":"https:\/\/sdf.hr\/?s={search_term_string}"},"query-input":{"@type":"PropertyValueSpecification","valueRequired":true,"valueName":"search_term_string"}}],"inLanguage":"hr"},{"@type":"Organization","@id":"https:\/\/sdf.hr\/#organization","name":"SDF - Srpski demokratski forum","url":"https:\/\/sdf.hr\/","logo":{"@type":"ImageObject","inLanguage":"hr","@id":"https:\/\/sdf.hr\/#\/schema\/logo\/image\/","url":"https:\/\/sdf.hr\/wp-content\/uploads\/2021\/07\/logo-hr.svg","contentUrl":"https:\/\/sdf.hr\/wp-content\/uploads\/2021\/07\/logo-hr.svg","width":271,"height":100,"caption":"SDF - Srpski demokratski forum"},"image":{"@id":"https:\/\/sdf.hr\/#\/schema\/logo\/image\/"}}]}},"_links":{"self":[{"href":"https:\/\/sdf.hr\/hr\/wp-json\/wp\/v2\/nada\/4156","targetHints":{"allow":["GET"]}}],"collection":[{"href":"https:\/\/sdf.hr\/hr\/wp-json\/wp\/v2\/nada"}],"about":[{"href":"https:\/\/sdf.hr\/hr\/wp-json\/wp\/v2\/types\/nada"}],"wp:featuredmedia":[{"embeddable":true,"href":"https:\/\/sdf.hr\/hr\/wp-json\/wp\/v2\/media\/4153"}],"wp:attachment":[{"href":"https:\/\/sdf.hr\/hr\/wp-json\/wp\/v2\/media?parent=4156"}],"wp:term":[{"taxonomy":"post_tag","embeddable":true,"href":"https:\/\/sdf.hr\/hr\/wp-json\/wp\/v2\/tags?post=4156"},{"taxonomy":"atribut","embeddable":true,"href":"https:\/\/sdf.hr\/hr\/wp-json\/wp\/v2\/atribut?post=4156"}],"curies":[{"name":"wp","href":"https:\/\/api.w.org\/{rel}","templated":true}]}}