{"id":416,"date":"2021-08-25T11:36:00","date_gmt":"2021-08-25T09:36:00","guid":{"rendered":"https:\/\/sdf.hr\/?post_type=nada&#038;p=416"},"modified":"2023-03-28T14:06:00","modified_gmt":"2023-03-28T12:06:00","slug":"predsjednikov-vrli-novi-svijet","status":"publish","type":"nada","link":"https:\/\/sdf.hr\/hr\/nada\/predsjednikov-vrli-novi-svijet\/","title":{"rendered":"Predsjednikov vrli novi svijet"},"content":{"rendered":"<p class=\"p1\"><span class=\"s1\">P<\/span>ostalo <span class=\"s1\">je dosadno\u2019, po\u017ealio mi se nedavno moj prijatelj, penzionirani pravnik i filmofil, ljubitelj bezobrazno montiranih knji\u017eevnih i filmskih citata, ali i onih otmjenih svoga zavi\u010dajnika <\/span>Njego\u0161a<span class=\"s1\">, cinik kojeg nije slomio ni gubitak lijeve noge, izgubljene zbog ne\u010dije gre\u0161ke u medicinskom svemiru, za koju nitko nije platio. \u2018Uvijek mo\u017ee\u0161 postati pjesnik\u2019, izazivam ga, \u2018to je tvoj Orion, <\/span>Cendrars<span class=\"s1\"> ti ne bi zamjerio.\u2019 Vrijeme provodi kao <\/span>Hitchcockov<span class=\"s1\"> junak iz filma \u2018Prozor u dvori\u0161te\u2019. Kako su mu prije izvjesna vremena napr\u010dili zgradu pod nosom, ostao mu je samo prozor. Gra\u0111evinska mafija, kao uostalom bilo koja mafija, nema milosti. \u2018Nema zemlje za starce\u2019, dobacim mu, \u2018ali je zato ovoga ljeta grad na\u0161, \u010dim umorne kolone trudbenika krenu put Jadrana.\u2019 \u2018A mo\u017eda jednom ipak i Trst\u2019, razvedri se on malo, nostalgi\u010dan prema aspiracijskim metaforama svoje mladosti. \u2018A ni prozor ne smije pasti, jebiga, nemoj me iznevjeriti\u2019, dodajem za svaki slu\u010daj. \u2018Ne znam, za to je bio zadu\u017een <\/span>Kalini\u0107<span class=\"s1\">\u2019, smijulji se stari, \u2018a i on je kapitulirao.\u2019 Premalo smo mu pla\u0107ali, konstatirali smo sa \u017ealjenjem, a i taj tenk, nije bilo razumijevanja, nije ga uspio izmoliti kroz silne godine, i \u0161to mu je preostalo negoli predati \u010dasno svoju patriotsku du\u017enost \u010duvara grada u hitnim situacijama.<\/span><\/p>\n<p class=\"p3\"><span class=\"s1\">Nastavili smo lamentirati nad nizom nezaboravnika, junakinja i junaka na\u0161e ur-mitske stvarnosti koji nas vi\u0161e ne\u0107e uveseljavati, \u0161to je moga druga po\u010delo \u010diniti depresivnim. Postalo je dosadno. Pa jest. \u0160to \u0107e nam \u017eivot bez Mokre Majice, nogometne bra\u0107e Dalton s paralelnom domovinom, <\/span>Horvatin\u010di\u0107evih<span class=\"s1\"> ispri\u010dnica, Pokojnika koji se nije uspio legalno \u010dak ni ukopati. Nabrajali smo tek one koji su se upisali u hrvatsku vje\u010dnost zabavljaju\u0107i nas genijalnim stand-upom, za\u010dinjavaju\u0107i tako turobnu stvarnost dijareji\u010dnim magijskim realizmom proizvedenim u bespu\u0107ima vlastitoga mozga. Istina, te\u0161ko je, ali na\u0107i \u0107emo mi ve\u0107 kompenzaciju za trajne, smijehom oprane, du\u0161evne boli. Pa procijedim nekako: \u2018Imamo&#8230; Predsjednika!\u2019 Nisam to uzviknula slavodobitno, nego s pone\u0161to rezerve, tek toliko, kandidat za prvu ruku. \u2018Jebe\u0161 njega\u2019, uzdahne stari, \u2018da ga zato\u010de u \u0107eliju ko skupa <\/span>Tita<span class=\"s1\">, <\/span>\u0110ilasa<span class=\"s1\"> i <\/span>Mo\u0161u<span class=\"s1\">, taj ne bi bio smije\u0161an.\u2019 As koji nema protuargumenta ipak nas je nekako doveo do zaklju\u010dka da nitko nije savr\u0161en, i da drugu Predsjedniku treba dati priliku. Zasada se profilira, trebat \u0107e vremena za usavr\u0161avanje. Dodu\u0161e, imao ih je on i dosada: u svom pro\u0161lom \u017eivotu, a na\u0161em jedinom, bio je Premijer, no tek je kao Predsjednik otkrio ne\u0161to \u0161to se zove \u2013 karakter. Pa ako je dosada i fulao smisao dotada\u0161njeg \u017eivota, sigurno vi\u0161e ne\u0107e. U pet godina zasigurno \u0107e ostaviti kakav trag \u010dovje\u0161tva po kojem \u0107e ga istorija na\u0161ega naroda, te inferiornih naroda u okru\u017eenju, pamtiti. Zasada, a to ve\u0107 nije malo, afirmirao se kao za\u0161titnik zlostavljanih \u017eena i siromaha, samopo\u010dastio se i titulom \u2018majke srpskoga naroda\u2019. \u2018Za kra\u0111u identiteta <\/span>Marka Ore\u0161kovi\u0107a<span class=\"s1\"> treba ga kazniti\u2019, rekao je stari malo sanjala\u010dki. \u2018Neoprostivo\u2019, rekoh. Dok je biv\u0161a predsjednica dr\u017eave bezpridr\u017eajno dr\u017eala da si Srbi sami prijete i proizvode autoharangu jer ne vole svoju dr\u017eavu \u2013 u kojoj su ih \u010duvali heroji poput <\/span>Glava\u0161a<span class=\"s1\"> \u2013 Predsjednik ih je najprije kao zaposlenik Ministarstva, potom partijski kadar i kona\u010dno na najvi\u0161oj ljestvici kao premijer sve vrijeme maj\u010dinski spa\u0161avao. Predsjednica je imala ulogu zle ma\u0107ehe, i bila je prili\u010dno uvjerljiva, a Predsjednik je u tajnoj spasila\u010dkoj misiji bio dobri \u0107a\u0107ko. Dobri \u0107a\u0107ko nagra\u0111uje i ka\u017enjava pa je vo\u0111u Srba u Hrvatskoj proglasio uni\u0161tavateljem svoga naroda i profiterom koji se okoristio njihovom tragedijom, a Glava\u0161a herojem kojem ova dr\u017eava ima vratiti odlikovanja. Po\u0161to se kona\u010dno autao, Predsjednik je prokazao jo\u0161 sumnjivih lica. Gospo\u0111i <\/span>Sarnavki<span class=\"s1\">, koja slu\u010dajno pone\u0161to zna o zlostavljanju i ubijanju \u017eena u Hrvatskoj, zamjerio je neglamurozan naziv organizacije koju je osnovala, a i nekakav logi\u010darski (!?) krimen. Gdje je ta uop\u0107e bila dok se on zalagao i borio\u2026 u Ta\u010du, recimo, za ljudska prava \u017eena na dostojanstven \u017eivot bez batinanja i straha. Na red je do\u0161ao i neugledni profesor\u010di\u0107, re\u010deni podrepak prof. dr. <\/span>Dejan Jovi\u0107<span class=\"s1\">. Iako ovaj me\u0111unarodno ugledni profesor i znanstvenik nije vulgarno piskaralo, kako je Predsjednik usput po\u010dastio i stanovitu neuspje\u0161nu i slabo poznatu knji\u017eevnicu <\/span>Vedranu Rudan<span class=\"s1\">, ipak objavljuje kontroverzne pizdarije neuhvatljive i neshvatljive Predsjednikovu intelektu i ku\u017eenju svijeta. Ingeniozna analitika Vunderkinda s Pantov\u010daka zakucala je i rijetko nebistrog Dalmatinca <\/span>Borisa De\u017eulovi\u0107a<span class=\"s1\">. To je najgori slu\u010daj neznalice, vagabonda i dru\u0161tvenog parazitizma, kirur\u0161ki precizno rasjekao je Predsjednik na\u0161av\u0161i u <\/span>Staljinovoj<span class=\"s1\"> pravno-sudskoj praksi utjehu \u0161to su takve ljudske kreature neko\u0107 u prijateljskom <\/span>SSSR<span class=\"s1\">-u slali u gulage na rehabilitaciju. I meni se malo zamjerio taj De\u017eulovi\u0107. Kad se samo sjetim njegove kukavne reporta\u017ee o ulasku u mrtvi Vukovar, hulja novinarska i smucalo, dok se u to isto vrijeme dana\u0161nji Predsjednik preznojavao u Zagrebu\u2026 ma zgadi mi se ovaj \u017eivot. Po\u017eelim si sudbinu svih onih Glava\u0161evih \u0161ti\u0107enika koje je branio ganuv\u0161i Predsjednika. \u010cim se ukazala prilika, odlikovanja su stoga vra\u0107ena na prsa ljudine, \u010dija djela u budu\u0107nosti svakako zaslu\u017euju guslarsku poemu naslova Selotejp i Gara\u017ea.<\/span><\/p>\n<p class=\"p3\"><span class=\"s1\">Kako je Predsjednik skrbio o Srbima, i oni su spa\u0161avali njega svojim glasovima koji su desetlje\u0107ima uzalud putovali u sjedi\u0161te <\/span>SDP<span class=\"s1\">-a, dok je jo\u0161 bio <\/span>Ra\u010danov<span class=\"s1\"> podrepak. \u010cinio je to diskretno, ali tko bi mu zamjerio: \u010diniti dobro, a da to nitko ne zna niti prepoznaje, tajna je misija mnogih znanih i neznanih domoljuba koju \u017eivimo trideset godina. Jednom \u0107e i slijepi progledati, mutna rijeka \u0107e se razbistriti, sve one pojave koje obrnuto i\u0161\u010ditavamo ili ih pak zlonamjerno tuma\u010dimo, onako, nalik na orvelizme u ovoj mutnoj stvarnosti: rat je mir, sloboda je ropstvo, neznanje je mo\u0107. Uz Predsjednika otkrivat \u0107emo vrli novi svijet, bez \u010du\u0111enja.<\/span><\/p>\n<p class=\"p3\"><span class=\"s1\">Bio je 1. srpanj i stigao mi je odgovor: Predsjednikov trenutak istine za koji nitko nikada ne zna kada i u kojoj prigodi \u0107e se dogoditi, uslijedio je u Karlovcu gdje je prisustvovao predstavljanju obljetni\u010dke monografije o brigadi \u2018Gromovi\u2019. Domoljubno potentni i fizi\u010dki zadrigli, nalik Predsjedniku, a gromoviti kad zatreba domovini, biv\u0161i ostarjeli vojnici pobo\u017eno su slu\u0161ali panegirike ratu, obrani, herojstvu iz usta \u010dovjeka koji im se po godi\u0161tu i sr\u010danosti mogao pridru\u017eiti, ali je tih godina imao pre\u010da posla. Dok su Predsjednikove misli ve\u0107 plazile po \u0161vedskom stolu nakon izgovorenih napitnica i nazdravnica, moje misli odlutale su prema \u0110akovu i grobu <\/span>Josipa Reihl-Kira<span class=\"s1\">, koji je ubijen na \u2018gromoviti dan\u2019 prije 30 godina. Od domovine je dobio 16 metaka od sunarodnjaka koji je bio pristojno pla\u0107en za taj \u010disti, sveti, domoljubni \u010din. Ime Reihl-Kira Domovina ne slavi, ono nikada ne\u0107e biti upisano u kalendar dr\u017eavotvornih svetaca. No on je ionako odavno postao Orion \u010dija svjetlost svih ovih godina dopire do izmu\u010denih du\u0161a \u017eeljnih istine i pravde. Na drugoj strani svemira, onoj tamnoj, bez blistavih zvije\u017e\u0111a, pun ljubavi prema sebi, Predsjednik \u0107e svakoga jutra ponosno pozdraviti svoj dosada\u0161nji minuli rad. Onaj dedin iz Radovana <\/span>III<span class=\"s1\">.<\/span><\/p>\n<p><em>pi\u0161e Mira Bi\u0107ani\u0107<\/em><\/p>\n","protected":false},"excerpt":{"rendered":"<p>Dobri \u0107a\u0107ko nagra\u0111uje i ka\u017enjava pa je vo\u0111u Srba u Hrvatskoj proglasio uni\u0161tavateljem svoga naroda, a Glava\u0161a herojem. Po\u0161to se kona\u010dno autao, Predsjednik je prokazao jo\u0161 sumnjivih lica<\/p>\n","protected":false},"featured_media":417,"template":"","tags":[38],"atribut":[],"class_list":["post-416","nada","type-nada","status-publish","has-post-thumbnail","hentry","tag-teske-boje"],"acf":[],"yoast_head":"<!-- This site is optimized with the Yoast SEO plugin v27.4 - https:\/\/yoast.com\/product\/yoast-seo-wordpress\/ -->\n<title>Predsjednikov vrli novi svijet - SDF - Srpski demokratski forum<\/title>\n<meta name=\"robots\" content=\"index, follow, max-snippet:-1, max-image-preview:large, max-video-preview:-1\" \/>\n<link rel=\"canonical\" href=\"https:\/\/sdf.hr\/hr\/nada\/predsjednikov-vrli-novi-svijet\/\" \/>\n<meta property=\"og:locale\" content=\"hr_HR\" \/>\n<meta property=\"og:type\" content=\"article\" \/>\n<meta property=\"og:title\" content=\"Predsjednikov vrli novi svijet - SDF - Srpski demokratski forum\" \/>\n<meta property=\"og:description\" content=\"Dobri \u0107a\u0107ko nagra\u0111uje i ka\u017enjava pa je vo\u0111u Srba u Hrvatskoj proglasio uni\u0161tavateljem svoga naroda, a Glava\u0161a herojem. Po\u0161to se kona\u010dno autao, Predsjednik je prokazao jo\u0161 sumnjivih lica\" \/>\n<meta property=\"og:url\" content=\"https:\/\/sdf.hr\/hr\/nada\/predsjednikov-vrli-novi-svijet\/\" \/>\n<meta property=\"og:site_name\" content=\"SDF - Srpski demokratski forum\" \/>\n<meta property=\"article:modified_time\" content=\"2023-03-28T12:06:00+00:00\" \/>\n<meta property=\"og:image\" content=\"https:\/\/sdf.hr\/wp-content\/uploads\/2021\/08\/MiraBicanic_RGB.jpg\" \/>\n\t<meta property=\"og:image:width\" content=\"1323\" \/>\n\t<meta property=\"og:image:height\" content=\"993\" \/>\n\t<meta property=\"og:image:type\" content=\"image\/jpeg\" \/>\n<meta name=\"twitter:card\" content=\"summary_large_image\" \/>\n<meta name=\"twitter:label1\" content=\"Procijenjeno vrijeme \u010ditanja\" \/>\n\t<meta name=\"twitter:data1\" content=\"5 minuta\" \/>\n<script type=\"application\/ld+json\" class=\"yoast-schema-graph\">{\"@context\":\"https:\\\/\\\/schema.org\",\"@graph\":[{\"@type\":\"WebPage\",\"@id\":\"https:\\\/\\\/sdf.hr\\\/hr\\\/nada\\\/predsjednikov-vrli-novi-svijet\\\/\",\"url\":\"https:\\\/\\\/sdf.hr\\\/hr\\\/nada\\\/predsjednikov-vrli-novi-svijet\\\/\",\"name\":\"Predsjednikov vrli novi svijet - SDF - Srpski demokratski forum\",\"isPartOf\":{\"@id\":\"https:\\\/\\\/sdf.hr\\\/#website\"},\"primaryImageOfPage\":{\"@id\":\"https:\\\/\\\/sdf.hr\\\/hr\\\/nada\\\/predsjednikov-vrli-novi-svijet\\\/#primaryimage\"},\"image\":{\"@id\":\"https:\\\/\\\/sdf.hr\\\/hr\\\/nada\\\/predsjednikov-vrli-novi-svijet\\\/#primaryimage\"},\"thumbnailUrl\":\"https:\\\/\\\/sdf.hr\\\/wp-content\\\/uploads\\\/2021\\\/08\\\/MiraBicanic_RGB.jpg\",\"datePublished\":\"2021-08-25T09:36:00+00:00\",\"dateModified\":\"2023-03-28T12:06:00+00:00\",\"breadcrumb\":{\"@id\":\"https:\\\/\\\/sdf.hr\\\/hr\\\/nada\\\/predsjednikov-vrli-novi-svijet\\\/#breadcrumb\"},\"inLanguage\":\"hr\",\"potentialAction\":[{\"@type\":\"ReadAction\",\"target\":[\"https:\\\/\\\/sdf.hr\\\/hr\\\/nada\\\/predsjednikov-vrli-novi-svijet\\\/\"]}]},{\"@type\":\"ImageObject\",\"inLanguage\":\"hr\",\"@id\":\"https:\\\/\\\/sdf.hr\\\/hr\\\/nada\\\/predsjednikov-vrli-novi-svijet\\\/#primaryimage\",\"url\":\"https:\\\/\\\/sdf.hr\\\/wp-content\\\/uploads\\\/2021\\\/08\\\/MiraBicanic_RGB.jpg\",\"contentUrl\":\"https:\\\/\\\/sdf.hr\\\/wp-content\\\/uploads\\\/2021\\\/08\\\/MiraBicanic_RGB.jpg\",\"width\":1323,\"height\":993},{\"@type\":\"BreadcrumbList\",\"@id\":\"https:\\\/\\\/sdf.hr\\\/hr\\\/nada\\\/predsjednikov-vrli-novi-svijet\\\/#breadcrumb\",\"itemListElement\":[{\"@type\":\"ListItem\",\"position\":1,\"name\":\"Po\u010detna stranica\",\"item\":\"https:\\\/\\\/sdf.hr\\\/hr\\\/\"},{\"@type\":\"ListItem\",\"position\":2,\"name\":\"Nada\",\"item\":\"https:\\\/\\\/sdf.hr\\\/nada\\\/\"},{\"@type\":\"ListItem\",\"position\":3,\"name\":\"Predsjednikov vrli novi svijet\"}]},{\"@type\":\"WebSite\",\"@id\":\"https:\\\/\\\/sdf.hr\\\/#website\",\"url\":\"https:\\\/\\\/sdf.hr\\\/\",\"name\":\"SDF - Srpski demokratski forum\",\"description\":\"Srpski demokratski forum\",\"publisher\":{\"@id\":\"https:\\\/\\\/sdf.hr\\\/#organization\"},\"potentialAction\":[{\"@type\":\"SearchAction\",\"target\":{\"@type\":\"EntryPoint\",\"urlTemplate\":\"https:\\\/\\\/sdf.hr\\\/?s={search_term_string}\"},\"query-input\":{\"@type\":\"PropertyValueSpecification\",\"valueRequired\":true,\"valueName\":\"search_term_string\"}}],\"inLanguage\":\"hr\"},{\"@type\":\"Organization\",\"@id\":\"https:\\\/\\\/sdf.hr\\\/#organization\",\"name\":\"SDF - Srpski demokratski forum\",\"url\":\"https:\\\/\\\/sdf.hr\\\/\",\"logo\":{\"@type\":\"ImageObject\",\"inLanguage\":\"hr\",\"@id\":\"https:\\\/\\\/sdf.hr\\\/#\\\/schema\\\/logo\\\/image\\\/\",\"url\":\"https:\\\/\\\/sdf.hr\\\/wp-content\\\/uploads\\\/2021\\\/07\\\/logo-hr.svg\",\"contentUrl\":\"https:\\\/\\\/sdf.hr\\\/wp-content\\\/uploads\\\/2021\\\/07\\\/logo-hr.svg\",\"width\":271,\"height\":100,\"caption\":\"SDF - Srpski demokratski forum\"},\"image\":{\"@id\":\"https:\\\/\\\/sdf.hr\\\/#\\\/schema\\\/logo\\\/image\\\/\"}}]}<\/script>\n<!-- \/ Yoast SEO plugin. -->","yoast_head_json":{"title":"Predsjednikov vrli novi svijet - SDF - Srpski demokratski forum","robots":{"index":"index","follow":"follow","max-snippet":"max-snippet:-1","max-image-preview":"max-image-preview:large","max-video-preview":"max-video-preview:-1"},"canonical":"https:\/\/sdf.hr\/hr\/nada\/predsjednikov-vrli-novi-svijet\/","og_locale":"hr_HR","og_type":"article","og_title":"Predsjednikov vrli novi svijet - SDF - Srpski demokratski forum","og_description":"Dobri \u0107a\u0107ko nagra\u0111uje i ka\u017enjava pa je vo\u0111u Srba u Hrvatskoj proglasio uni\u0161tavateljem svoga naroda, a Glava\u0161a herojem. Po\u0161to se kona\u010dno autao, Predsjednik je prokazao jo\u0161 sumnjivih lica","og_url":"https:\/\/sdf.hr\/hr\/nada\/predsjednikov-vrli-novi-svijet\/","og_site_name":"SDF - Srpski demokratski forum","article_modified_time":"2023-03-28T12:06:00+00:00","og_image":[{"width":1323,"height":993,"url":"https:\/\/sdf.hr\/wp-content\/uploads\/2021\/08\/MiraBicanic_RGB.jpg","type":"image\/jpeg"}],"twitter_card":"summary_large_image","twitter_misc":{"Procijenjeno vrijeme \u010ditanja":"5 minuta"},"schema":{"@context":"https:\/\/schema.org","@graph":[{"@type":"WebPage","@id":"https:\/\/sdf.hr\/hr\/nada\/predsjednikov-vrli-novi-svijet\/","url":"https:\/\/sdf.hr\/hr\/nada\/predsjednikov-vrli-novi-svijet\/","name":"Predsjednikov vrli novi svijet - SDF - Srpski demokratski forum","isPartOf":{"@id":"https:\/\/sdf.hr\/#website"},"primaryImageOfPage":{"@id":"https:\/\/sdf.hr\/hr\/nada\/predsjednikov-vrli-novi-svijet\/#primaryimage"},"image":{"@id":"https:\/\/sdf.hr\/hr\/nada\/predsjednikov-vrli-novi-svijet\/#primaryimage"},"thumbnailUrl":"https:\/\/sdf.hr\/wp-content\/uploads\/2021\/08\/MiraBicanic_RGB.jpg","datePublished":"2021-08-25T09:36:00+00:00","dateModified":"2023-03-28T12:06:00+00:00","breadcrumb":{"@id":"https:\/\/sdf.hr\/hr\/nada\/predsjednikov-vrli-novi-svijet\/#breadcrumb"},"inLanguage":"hr","potentialAction":[{"@type":"ReadAction","target":["https:\/\/sdf.hr\/hr\/nada\/predsjednikov-vrli-novi-svijet\/"]}]},{"@type":"ImageObject","inLanguage":"hr","@id":"https:\/\/sdf.hr\/hr\/nada\/predsjednikov-vrli-novi-svijet\/#primaryimage","url":"https:\/\/sdf.hr\/wp-content\/uploads\/2021\/08\/MiraBicanic_RGB.jpg","contentUrl":"https:\/\/sdf.hr\/wp-content\/uploads\/2021\/08\/MiraBicanic_RGB.jpg","width":1323,"height":993},{"@type":"BreadcrumbList","@id":"https:\/\/sdf.hr\/hr\/nada\/predsjednikov-vrli-novi-svijet\/#breadcrumb","itemListElement":[{"@type":"ListItem","position":1,"name":"Po\u010detna stranica","item":"https:\/\/sdf.hr\/hr\/"},{"@type":"ListItem","position":2,"name":"Nada","item":"https:\/\/sdf.hr\/nada\/"},{"@type":"ListItem","position":3,"name":"Predsjednikov vrli novi svijet"}]},{"@type":"WebSite","@id":"https:\/\/sdf.hr\/#website","url":"https:\/\/sdf.hr\/","name":"SDF - Srpski demokratski forum","description":"Srpski demokratski forum","publisher":{"@id":"https:\/\/sdf.hr\/#organization"},"potentialAction":[{"@type":"SearchAction","target":{"@type":"EntryPoint","urlTemplate":"https:\/\/sdf.hr\/?s={search_term_string}"},"query-input":{"@type":"PropertyValueSpecification","valueRequired":true,"valueName":"search_term_string"}}],"inLanguage":"hr"},{"@type":"Organization","@id":"https:\/\/sdf.hr\/#organization","name":"SDF - Srpski demokratski forum","url":"https:\/\/sdf.hr\/","logo":{"@type":"ImageObject","inLanguage":"hr","@id":"https:\/\/sdf.hr\/#\/schema\/logo\/image\/","url":"https:\/\/sdf.hr\/wp-content\/uploads\/2021\/07\/logo-hr.svg","contentUrl":"https:\/\/sdf.hr\/wp-content\/uploads\/2021\/07\/logo-hr.svg","width":271,"height":100,"caption":"SDF - Srpski demokratski forum"},"image":{"@id":"https:\/\/sdf.hr\/#\/schema\/logo\/image\/"}}]}},"_links":{"self":[{"href":"https:\/\/sdf.hr\/hr\/wp-json\/wp\/v2\/nada\/416","targetHints":{"allow":["GET"]}}],"collection":[{"href":"https:\/\/sdf.hr\/hr\/wp-json\/wp\/v2\/nada"}],"about":[{"href":"https:\/\/sdf.hr\/hr\/wp-json\/wp\/v2\/types\/nada"}],"wp:featuredmedia":[{"embeddable":true,"href":"https:\/\/sdf.hr\/hr\/wp-json\/wp\/v2\/media\/417"}],"wp:attachment":[{"href":"https:\/\/sdf.hr\/hr\/wp-json\/wp\/v2\/media?parent=416"}],"wp:term":[{"taxonomy":"post_tag","embeddable":true,"href":"https:\/\/sdf.hr\/hr\/wp-json\/wp\/v2\/tags?post=416"},{"taxonomy":"atribut","embeddable":true,"href":"https:\/\/sdf.hr\/hr\/wp-json\/wp\/v2\/atribut?post=416"}],"curies":[{"name":"wp","href":"https:\/\/api.w.org\/{rel}","templated":true}]}}