{"id":4160,"date":"2024-03-03T09:00:54","date_gmt":"2024-03-03T08:00:54","guid":{"rendered":"https:\/\/sdf.hr\/nada\/bijeli-starter\/"},"modified":"2024-03-03T09:01:41","modified_gmt":"2024-03-03T08:01:41","slug":"bijeli-starter","status":"publish","type":"nada","link":"https:\/\/sdf.hr\/hr\/nada\/bijeli-starter\/","title":{"rendered":"Bijeli starter"},"content":{"rendered":"<p>U pro\u0161lom broju Nade napisala sam upute za izradu ra\u017eenog startera ili doma\u0107eg kvasca koji mo\u017eete koristiti za pe\u010denje kruha ili vam mo\u017ee poslu\u017eiti kao osnova za izradu \u010dvrstog startera. Koristila sam obje vrste startera (teku\u0107i ra\u017eeni i \u010dvrsti bijeli) i odlu\u010dila dalje koristiti samo bijeli. Nekoliko je razloga za to. Za moje potrebe i ritam pe\u010denja kruha mi on vi\u0161e odgovara i mogu ga koristiti i u slatkim tijestima poput krafni, orehnja\u010da ili sirnica. Ono \u0161to mi je posebno prakti\u010dno kod ovog startera je da ga \u010duvam u hladnjaku i koristim po potrebi direktno u tijesto, a nahranim ga svakih nekoliko dana. Po\u0161to takav starter ima manje vode a vi\u0161e bra\u0161na, dulje ostaje aktivan, ima manje izra\u017eenu kiselost te je lak\u0161i za odr\u017eavanje. Za izradu ovakvog startera koristila sam postoje\u0107i, ra\u017eeni starter te p\u0161eni\u010dno bijelo bra\u0161no tipa 00. Tako\u0111er, u postupku se koristi i vrlo mala koli\u010dina meda.<\/p>\n<p><strong><em>Dan 1:<\/em><\/strong><\/p>\n<p>U \u010distu posudu stavite 20 g aktivnog ra\u017eenog startera (onog koji ima mjehuri\u0107e), dodajte mu 50 g vode, 100 g p\u0161eni\u010dnog bijelog bra\u0161na (koristim ono za dizana tijesta ili 00) te 3 g doma\u0107eg meda (nikako vi\u0161e od toga). Umijesite kuglu tijesta i stavite u ve\u0107u staklenku pa poklopite (prislonite poklopac, nemojte zatezati). Ostavite na toplom mjestu u kuhinji.<\/p>\n<p><strong><em>Dan 2:<\/em><\/strong><\/p>\n<p>U \u010distu posudu stavite 50 g bijelog startera (onog koji ste umijesili dan prije i koji ima mjehuri\u0107e), dodajte mu 40 g vode, 100 g p\u0161eni\u010dnog bijelog bra\u0161na (koristim ono za dizana tijesta ili 00) te 3 g doma\u0107eg meda (nikako vi\u0161e od toga). Umijesite kuglu tijesta i stavite u ve\u0107u staklenku pa poklopite. Ostavite na toplom mjestu u kuhinji.<\/p>\n<p><strong><em>Dan 3:<\/em><\/strong><\/p>\n<p>Danas ne radimo ni\u0161ta, ostavite kvasac da stoji na kuhinjskom pultu.<\/p>\n<p><strong><em>Dan 4:<\/em><\/strong><\/p>\n<p>U \u010distu posudu stavite 50 g bijelog startera, dodajte mu 40 g vode, 100 g p\u0161eni\u010dnog bijelog bra\u0161na te 3 g doma\u0107eg meda. Umijesite kuglu tijesta i stavite u ve\u0107u staklenku pa poklopite. Ostavite na toplom mjestu u kuhinji. I to je to, sutra ga ve\u0107 mo\u017eete koristiti ili ga spremite u hladnjak pa odr\u017eavajte povremenim hranjenjem bra\u0161nom i vodom (bez meda). Svoj kvasac dr\u017eim u plasti\u010dnoj posudi s poklopcem. Kada \u017eelim umijesiti tijesto, izva\u017eem potrebnu koli\u010dinu i ostatak spremim u hladnjak.<\/p>\n<p>Kada mi ostane nekih 100 g kvasca, opet ga nahranim na sljede\u0107i na\u010din: 100 g startera, 100 g vode i 200 g bra\u0161na ili 100 g startera, 50 g vode i 100 g bra\u0161na. Naravno, koli\u010dinu startera koji \u010duvate prilagodite svojim potrebama. Najoptimalnije je kada se osvje\u017eava svaka tri do \u010detiri dana.<\/p>\n<p><em>pi\u0161e Valentina Vukadinovi\u0107<\/em><\/p>\n","protected":false},"excerpt":{"rendered":"<p>Po\u0161to bijeli starter, odnosno doma\u0107i kvasac ima manje vode a vi\u0161e bra\u0161na, dulje ostaje aktivan, ima manje izra\u017eenu kiselost te je lak\u0161i za odr\u017eavanje<\/p>\n","protected":false},"featured_media":4159,"template":"","tags":[42],"atribut":[],"class_list":["post-4160","nada","type-nada","status-publish","has-post-thumbnail","hentry","tag-gorski-kotao"],"acf":[],"yoast_head":"<!-- This site is optimized with the Yoast SEO plugin v27.4 - https:\/\/yoast.com\/product\/yoast-seo-wordpress\/ -->\n<title>Bijeli starter - SDF - Srpski demokratski forum<\/title>\n<meta name=\"robots\" content=\"index, follow, max-snippet:-1, max-image-preview:large, max-video-preview:-1\" \/>\n<link rel=\"canonical\" href=\"https:\/\/sdf.hr\/hr\/nada\/bijeli-starter\/\" \/>\n<meta property=\"og:locale\" content=\"hr_HR\" \/>\n<meta property=\"og:type\" content=\"article\" \/>\n<meta property=\"og:title\" content=\"Bijeli starter - SDF - Srpski demokratski forum\" \/>\n<meta property=\"og:description\" content=\"Po\u0161to bijeli starter, odnosno doma\u0107i kvasac ima manje vode a vi\u0161e bra\u0161na, dulje ostaje aktivan, ima manje izra\u017eenu kiselost te je lak\u0161i za odr\u017eavanje\" \/>\n<meta property=\"og:url\" content=\"https:\/\/sdf.hr\/hr\/nada\/bijeli-starter\/\" \/>\n<meta property=\"og:site_name\" content=\"SDF - Srpski demokratski forum\" \/>\n<meta property=\"article:modified_time\" content=\"2024-03-03T08:01:41+00:00\" \/>\n<meta property=\"og:image\" content=\"https:\/\/sdf.hr\/wp-content\/uploads\/2024\/03\/Starter-scaled.jpeg\" \/>\n\t<meta property=\"og:image:width\" content=\"2560\" \/>\n\t<meta property=\"og:image:height\" content=\"2104\" \/>\n\t<meta property=\"og:image:type\" content=\"image\/jpeg\" \/>\n<meta name=\"twitter:card\" content=\"summary_large_image\" \/>\n<meta name=\"twitter:label1\" content=\"Procijenjeno vrijeme \u010ditanja\" \/>\n\t<meta name=\"twitter:data1\" content=\"2 minute\" \/>\n<script type=\"application\/ld+json\" class=\"yoast-schema-graph\">{\"@context\":\"https:\\\/\\\/schema.org\",\"@graph\":[{\"@type\":\"WebPage\",\"@id\":\"https:\\\/\\\/sdf.hr\\\/hr\\\/nada\\\/bijeli-starter\\\/\",\"url\":\"https:\\\/\\\/sdf.hr\\\/hr\\\/nada\\\/bijeli-starter\\\/\",\"name\":\"Bijeli starter - SDF - Srpski demokratski forum\",\"isPartOf\":{\"@id\":\"https:\\\/\\\/sdf.hr\\\/#website\"},\"primaryImageOfPage\":{\"@id\":\"https:\\\/\\\/sdf.hr\\\/hr\\\/nada\\\/bijeli-starter\\\/#primaryimage\"},\"image\":{\"@id\":\"https:\\\/\\\/sdf.hr\\\/hr\\\/nada\\\/bijeli-starter\\\/#primaryimage\"},\"thumbnailUrl\":\"https:\\\/\\\/sdf.hr\\\/wp-content\\\/uploads\\\/2024\\\/03\\\/Starter-scaled.jpeg\",\"datePublished\":\"2024-03-03T08:00:54+00:00\",\"dateModified\":\"2024-03-03T08:01:41+00:00\",\"breadcrumb\":{\"@id\":\"https:\\\/\\\/sdf.hr\\\/hr\\\/nada\\\/bijeli-starter\\\/#breadcrumb\"},\"inLanguage\":\"hr\",\"potentialAction\":[{\"@type\":\"ReadAction\",\"target\":[\"https:\\\/\\\/sdf.hr\\\/hr\\\/nada\\\/bijeli-starter\\\/\"]}]},{\"@type\":\"ImageObject\",\"inLanguage\":\"hr\",\"@id\":\"https:\\\/\\\/sdf.hr\\\/hr\\\/nada\\\/bijeli-starter\\\/#primaryimage\",\"url\":\"https:\\\/\\\/sdf.hr\\\/wp-content\\\/uploads\\\/2024\\\/03\\\/Starter-scaled.jpeg\",\"contentUrl\":\"https:\\\/\\\/sdf.hr\\\/wp-content\\\/uploads\\\/2024\\\/03\\\/Starter-scaled.jpeg\",\"width\":2560,\"height\":2104},{\"@type\":\"BreadcrumbList\",\"@id\":\"https:\\\/\\\/sdf.hr\\\/hr\\\/nada\\\/bijeli-starter\\\/#breadcrumb\",\"itemListElement\":[{\"@type\":\"ListItem\",\"position\":1,\"name\":\"Po\u010detna stranica\",\"item\":\"https:\\\/\\\/sdf.hr\\\/hr\\\/\"},{\"@type\":\"ListItem\",\"position\":2,\"name\":\"Nada\",\"item\":\"https:\\\/\\\/sdf.hr\\\/nada\\\/\"},{\"@type\":\"ListItem\",\"position\":3,\"name\":\"Bijeli starter\"}]},{\"@type\":\"WebSite\",\"@id\":\"https:\\\/\\\/sdf.hr\\\/#website\",\"url\":\"https:\\\/\\\/sdf.hr\\\/\",\"name\":\"SDF - Srpski demokratski forum\",\"description\":\"Srpski demokratski forum\",\"publisher\":{\"@id\":\"https:\\\/\\\/sdf.hr\\\/#organization\"},\"potentialAction\":[{\"@type\":\"SearchAction\",\"target\":{\"@type\":\"EntryPoint\",\"urlTemplate\":\"https:\\\/\\\/sdf.hr\\\/?s={search_term_string}\"},\"query-input\":{\"@type\":\"PropertyValueSpecification\",\"valueRequired\":true,\"valueName\":\"search_term_string\"}}],\"inLanguage\":\"hr\"},{\"@type\":\"Organization\",\"@id\":\"https:\\\/\\\/sdf.hr\\\/#organization\",\"name\":\"SDF - Srpski demokratski forum\",\"url\":\"https:\\\/\\\/sdf.hr\\\/\",\"logo\":{\"@type\":\"ImageObject\",\"inLanguage\":\"hr\",\"@id\":\"https:\\\/\\\/sdf.hr\\\/#\\\/schema\\\/logo\\\/image\\\/\",\"url\":\"https:\\\/\\\/sdf.hr\\\/wp-content\\\/uploads\\\/2021\\\/07\\\/logo-hr.svg\",\"contentUrl\":\"https:\\\/\\\/sdf.hr\\\/wp-content\\\/uploads\\\/2021\\\/07\\\/logo-hr.svg\",\"width\":271,\"height\":100,\"caption\":\"SDF - Srpski demokratski forum\"},\"image\":{\"@id\":\"https:\\\/\\\/sdf.hr\\\/#\\\/schema\\\/logo\\\/image\\\/\"}}]}<\/script>\n<!-- \/ Yoast SEO plugin. -->","yoast_head_json":{"title":"Bijeli starter - SDF - Srpski demokratski forum","robots":{"index":"index","follow":"follow","max-snippet":"max-snippet:-1","max-image-preview":"max-image-preview:large","max-video-preview":"max-video-preview:-1"},"canonical":"https:\/\/sdf.hr\/hr\/nada\/bijeli-starter\/","og_locale":"hr_HR","og_type":"article","og_title":"Bijeli starter - SDF - Srpski demokratski forum","og_description":"Po\u0161to bijeli starter, odnosno doma\u0107i kvasac ima manje vode a vi\u0161e bra\u0161na, dulje ostaje aktivan, ima manje izra\u017eenu kiselost te je lak\u0161i za odr\u017eavanje","og_url":"https:\/\/sdf.hr\/hr\/nada\/bijeli-starter\/","og_site_name":"SDF - Srpski demokratski forum","article_modified_time":"2024-03-03T08:01:41+00:00","og_image":[{"width":2560,"height":2104,"url":"https:\/\/sdf.hr\/wp-content\/uploads\/2024\/03\/Starter-scaled.jpeg","type":"image\/jpeg"}],"twitter_card":"summary_large_image","twitter_misc":{"Procijenjeno vrijeme \u010ditanja":"2 minute"},"schema":{"@context":"https:\/\/schema.org","@graph":[{"@type":"WebPage","@id":"https:\/\/sdf.hr\/hr\/nada\/bijeli-starter\/","url":"https:\/\/sdf.hr\/hr\/nada\/bijeli-starter\/","name":"Bijeli starter - SDF - Srpski demokratski forum","isPartOf":{"@id":"https:\/\/sdf.hr\/#website"},"primaryImageOfPage":{"@id":"https:\/\/sdf.hr\/hr\/nada\/bijeli-starter\/#primaryimage"},"image":{"@id":"https:\/\/sdf.hr\/hr\/nada\/bijeli-starter\/#primaryimage"},"thumbnailUrl":"https:\/\/sdf.hr\/wp-content\/uploads\/2024\/03\/Starter-scaled.jpeg","datePublished":"2024-03-03T08:00:54+00:00","dateModified":"2024-03-03T08:01:41+00:00","breadcrumb":{"@id":"https:\/\/sdf.hr\/hr\/nada\/bijeli-starter\/#breadcrumb"},"inLanguage":"hr","potentialAction":[{"@type":"ReadAction","target":["https:\/\/sdf.hr\/hr\/nada\/bijeli-starter\/"]}]},{"@type":"ImageObject","inLanguage":"hr","@id":"https:\/\/sdf.hr\/hr\/nada\/bijeli-starter\/#primaryimage","url":"https:\/\/sdf.hr\/wp-content\/uploads\/2024\/03\/Starter-scaled.jpeg","contentUrl":"https:\/\/sdf.hr\/wp-content\/uploads\/2024\/03\/Starter-scaled.jpeg","width":2560,"height":2104},{"@type":"BreadcrumbList","@id":"https:\/\/sdf.hr\/hr\/nada\/bijeli-starter\/#breadcrumb","itemListElement":[{"@type":"ListItem","position":1,"name":"Po\u010detna stranica","item":"https:\/\/sdf.hr\/hr\/"},{"@type":"ListItem","position":2,"name":"Nada","item":"https:\/\/sdf.hr\/nada\/"},{"@type":"ListItem","position":3,"name":"Bijeli starter"}]},{"@type":"WebSite","@id":"https:\/\/sdf.hr\/#website","url":"https:\/\/sdf.hr\/","name":"SDF - Srpski demokratski forum","description":"Srpski demokratski forum","publisher":{"@id":"https:\/\/sdf.hr\/#organization"},"potentialAction":[{"@type":"SearchAction","target":{"@type":"EntryPoint","urlTemplate":"https:\/\/sdf.hr\/?s={search_term_string}"},"query-input":{"@type":"PropertyValueSpecification","valueRequired":true,"valueName":"search_term_string"}}],"inLanguage":"hr"},{"@type":"Organization","@id":"https:\/\/sdf.hr\/#organization","name":"SDF - Srpski demokratski forum","url":"https:\/\/sdf.hr\/","logo":{"@type":"ImageObject","inLanguage":"hr","@id":"https:\/\/sdf.hr\/#\/schema\/logo\/image\/","url":"https:\/\/sdf.hr\/wp-content\/uploads\/2021\/07\/logo-hr.svg","contentUrl":"https:\/\/sdf.hr\/wp-content\/uploads\/2021\/07\/logo-hr.svg","width":271,"height":100,"caption":"SDF - Srpski demokratski forum"},"image":{"@id":"https:\/\/sdf.hr\/#\/schema\/logo\/image\/"}}]}},"_links":{"self":[{"href":"https:\/\/sdf.hr\/hr\/wp-json\/wp\/v2\/nada\/4160","targetHints":{"allow":["GET"]}}],"collection":[{"href":"https:\/\/sdf.hr\/hr\/wp-json\/wp\/v2\/nada"}],"about":[{"href":"https:\/\/sdf.hr\/hr\/wp-json\/wp\/v2\/types\/nada"}],"wp:featuredmedia":[{"embeddable":true,"href":"https:\/\/sdf.hr\/hr\/wp-json\/wp\/v2\/media\/4159"}],"wp:attachment":[{"href":"https:\/\/sdf.hr\/hr\/wp-json\/wp\/v2\/media?parent=4160"}],"wp:term":[{"taxonomy":"post_tag","embeddable":true,"href":"https:\/\/sdf.hr\/hr\/wp-json\/wp\/v2\/tags?post=4160"},{"taxonomy":"atribut","embeddable":true,"href":"https:\/\/sdf.hr\/hr\/wp-json\/wp\/v2\/atribut?post=4160"}],"curies":[{"name":"wp","href":"https:\/\/api.w.org\/{rel}","templated":true}]}}