{"id":420,"date":"2021-08-25T11:39:56","date_gmt":"2021-08-25T09:39:56","guid":{"rendered":"https:\/\/sdf.hr\/?post_type=nada&#038;p=420"},"modified":"2023-03-28T13:46:55","modified_gmt":"2023-03-28T11:46:55","slug":"junakinja-bosne-i-bahama","status":"publish","type":"nada","link":"https:\/\/sdf.hr\/hr\/nada\/junakinja-bosne-i-bahama\/","title":{"rendered":"Junakinja Bosne i Bahama"},"content":{"rendered":"<p class=\"p1\">Ko\u0161arka\u0161ice Srbije osvojile su nedavno Eurobasket za \u017eene, ali najve\u0107e iznena\u0111enje bila je reprezentacija Bosne i Hercegovine, koja je izborila peto mjesto i kvalifikacije za Svjetsko prvenstvo dogodine u Australiji. U tom \u010dudesnom toplinskom udaru istaknula se jedna igra\u010dica, <span class=\"s1\">Jonquel Jones<\/span>. Izabrana je u najbolju petorku Eurobasketa, uz <span class=\"s1\">Julie Allemand<\/span> (Belgija), <span class=\"s1\">Emu Meesseman<\/span> (Belgija), <span class=\"s1\">Endene Miyem<\/span> (Francuska) i <span class=\"s1\">Sonju Vasi\u0107<\/span> (Srbija), ina\u010de najkorisniju igra\u010dicu prvenstva.<\/p>\n<p class=\"p3\">Koliko su hitri i maestralni Jonesini pokreti na terenu, toliko je fascinantna njena \u017eivotna pri\u010da. Tek joj je 27 godina, ali kao da se u svaku godinu upisao po jedan \u017eivot. Ro\u0111ena je na Bahamima, gdje ve\u0107inu stanovni\u0161tva \u010dine potomci robova, i otkad se sje\u0107a sebe, sje\u0107a se ko\u0161arke i slobode igranja. S pet je godina po\u010dela bacati na ko\u0161 na betonskom terenu u dvori\u0161tu svoje bake na otoku Grand Bahama, najsjevernijem od bahamskih otoka. Igrali\u0161te su sagradili njen otac i stric. Mladena\u010dke je dane provodila igraju\u0107i u gradu Freeportu, poznatoj poreznoj oazi u kojoj svoje boravi\u0161te prijavljuju brojni inozemni sporta\u0161i, pa tako i hrvatski tenisa\u010d <span class=\"s1\">Mate Pavi\u0107<\/span>. \u017divjela je u malom stanu s roditeljima, bakom, \u010detiri sestre i dva brata, a kad nije igrala ko\u0161arku pomagala je brati \u0161ljive, mango i jabuke.<\/p>\n<p class=\"p3\">Njen talent privukao je pa\u017enju poznatog bahamskog trenera <span class=\"s1\">Gladstonea McPheeja<\/span> zvanog <span class=\"s1\">Moon<\/span> (Mjesec). Kroz turnirsku interakciju s ko\u0161arka\u0161icama koje su na Bahame dolazile s Floride, Jones je shvatila da u <span class=\"s1\">sad<\/span>-u postoje uvjeti rada koje ne mo\u017ee dobiti na Bahamima. U srednjoj su je \u0161koli povezali s <span class=\"s1\">Diane Richardson<\/span>, glavnom trenericom elitne pripremne \u0161kole Riverdale Baptist u Marylandu. Jedini je problem bio \u0161to si Jonesina obitelj nije mogla priu\u0161titi godi\u0161nju \u0161kolarinu od 10.000 dolara. Richardson, koja je i sama odrasla u siroma\u0161tvu, odlu\u010dila je pomo\u0107i Jones. Jones se s 14 godina preselila u Maryland, gdje joj je Richardson postala zakonska skrbnica. Brzo je napredovala i do seniorske sezone 2016. godine na\u0161la se me\u0111u najpo\u017eeljnijim igra\u010dicama na <span class=\"s1\">wnba<\/span> draftu i time postala prva igra\u010dica s Bahama koja je u\u0161la u ligu. Mnogim je djevoj\u010dicama i dje\u010dacima s Bahama postala uzor.<\/p>\n<p class=\"p3\">Kao profesionalna sporta\u0161ica, svoj je glas od po\u010detka karijere koristila kako bi podr\u017eala inicijative do kojih joj je stalo. Na dru\u0161tvenim je mre\u017eama progovarala o rasizmu, o ljudima koji \u2018vole crna\u010dku kulturu, ali ne vole crnce\u2019. Skupljala je donacije kada je uragan \u2018Dorian\u2019 opusto\u0161io Bahame, a polovica stanovnika Grand Bahama ostala bez domova. Kritizirala je <span class=\"s1\">Trumpovu<\/span> politiku prema migrantima i obja\u0161njavala kako je me\u0111u rijetkim sretnicima koji su mogli zapo\u010deti legalan \u017eivot u <span class=\"s1\">sad<\/span>-u i dobiti vize za sebe i obitelj.<\/p>\n<p class=\"p3\">Prije dvije godine po\u010dela je otvoreno pri\u010dati o tome da voli izlaziti sa \u017eenama. Obitelji, prijateljima, kao i staroj trenerici Richardson, rekla je da je gej. Njezin je odgoj na Bahamima bio konzervativan i odrastala je \u010dvrsto vjeruju\u0107i da gej ljudi zavr\u0161avaju u paklu. Kroz igranje ko\u0161arke, upoznala je brojne \u017eene koje su se autale i to joj je pomoglo da se oslobodi i shvati da nema ni\u0161ta problemati\u010dno u tome kako i koga voli. Kad igra ko\u0161arku, ima u njenim pokretima davne oto\u010dke mirno\u0107e, ali i snage i eksplozivnosti koju su joj usadili dugi dani na ameri\u010dkom parketu. Ima u njima i slobode i mira osobe koja di\u0161e u svojoj ko\u017ei. U reprezentaciju BiH Jones je do\u0161la kao poja\u010danje i uklopila se lako. Nimalo slu\u010dajno, ba\u0161 kada se timu kao menad\u017eerica pridru\u017eila legendarna <span class=\"s1\">Razija Mujanovi\u0107<\/span>. Zbog tog je kolektiva ko\u0161arka u Bosni opet popularna, i sigurno ima djevoj\u010dica i dje\u010daka iz Sarajeva, Tuzle ili Livna koji su ovoga ljeta zasanjali da jednoga dana budu kao Jonquel Jones.<\/p>\n<p><em>pi\u0161e Ivana Peri\u0107<\/em><\/p>\n","protected":false},"excerpt":{"rendered":"<p>Sigurno ima djevoj\u010dica i dje\u010daka iz Sarajeva, Tuzle ili Livna koji su ovoga ljeta zasanjali da jednoga dana budu kao Jonquel Jones<\/p>\n","protected":false},"featured_media":3212,"template":"","tags":[40],"atribut":[],"class_list":["post-420","nada","type-nada","status-publish","has-post-thumbnail","hentry","tag-dvokorak-naprijed"],"acf":[],"yoast_head":"<!-- This site is optimized with the Yoast SEO plugin v27.4 - https:\/\/yoast.com\/product\/yoast-seo-wordpress\/ -->\n<title>Junakinja Bosne i Bahama - SDF - Srpski demokratski forum<\/title>\n<meta name=\"robots\" content=\"index, follow, max-snippet:-1, max-image-preview:large, max-video-preview:-1\" \/>\n<link rel=\"canonical\" href=\"https:\/\/sdf.hr\/hr\/nada\/junakinja-bosne-i-bahama\/\" \/>\n<meta property=\"og:locale\" content=\"hr_HR\" \/>\n<meta property=\"og:type\" content=\"article\" \/>\n<meta property=\"og:title\" content=\"Junakinja Bosne i Bahama - SDF - Srpski demokratski forum\" \/>\n<meta property=\"og:description\" content=\"Sigurno ima djevoj\u010dica i dje\u010daka iz Sarajeva, Tuzle ili Livna koji su ovoga ljeta zasanjali da jednoga dana budu kao Jonquel Jones\" \/>\n<meta property=\"og:url\" content=\"https:\/\/sdf.hr\/hr\/nada\/junakinja-bosne-i-bahama\/\" \/>\n<meta property=\"og:site_name\" content=\"SDF - Srpski demokratski forum\" \/>\n<meta property=\"article:modified_time\" content=\"2023-03-28T11:46:55+00:00\" \/>\n<meta property=\"og:image\" content=\"https:\/\/sdf.hr\/wp-content\/uploads\/2021\/08\/Jonquel-Jones-FIBA.jpg\" \/>\n\t<meta property=\"og:image:width\" content=\"1000\" \/>\n\t<meta property=\"og:image:height\" content=\"667\" \/>\n\t<meta property=\"og:image:type\" content=\"image\/jpeg\" \/>\n<meta name=\"twitter:card\" content=\"summary_large_image\" \/>\n<meta name=\"twitter:label1\" content=\"Procijenjeno vrijeme \u010ditanja\" \/>\n\t<meta name=\"twitter:data1\" content=\"3 minute\" \/>\n<script type=\"application\/ld+json\" class=\"yoast-schema-graph\">{\"@context\":\"https:\\\/\\\/schema.org\",\"@graph\":[{\"@type\":\"WebPage\",\"@id\":\"https:\\\/\\\/sdf.hr\\\/hr\\\/nada\\\/junakinja-bosne-i-bahama\\\/\",\"url\":\"https:\\\/\\\/sdf.hr\\\/hr\\\/nada\\\/junakinja-bosne-i-bahama\\\/\",\"name\":\"Junakinja Bosne i Bahama - SDF - Srpski demokratski forum\",\"isPartOf\":{\"@id\":\"https:\\\/\\\/sdf.hr\\\/#website\"},\"primaryImageOfPage\":{\"@id\":\"https:\\\/\\\/sdf.hr\\\/hr\\\/nada\\\/junakinja-bosne-i-bahama\\\/#primaryimage\"},\"image\":{\"@id\":\"https:\\\/\\\/sdf.hr\\\/hr\\\/nada\\\/junakinja-bosne-i-bahama\\\/#primaryimage\"},\"thumbnailUrl\":\"https:\\\/\\\/sdf.hr\\\/wp-content\\\/uploads\\\/2021\\\/08\\\/Jonquel-Jones-FIBA.jpg\",\"datePublished\":\"2021-08-25T09:39:56+00:00\",\"dateModified\":\"2023-03-28T11:46:55+00:00\",\"breadcrumb\":{\"@id\":\"https:\\\/\\\/sdf.hr\\\/hr\\\/nada\\\/junakinja-bosne-i-bahama\\\/#breadcrumb\"},\"inLanguage\":\"hr\",\"potentialAction\":[{\"@type\":\"ReadAction\",\"target\":[\"https:\\\/\\\/sdf.hr\\\/hr\\\/nada\\\/junakinja-bosne-i-bahama\\\/\"]}]},{\"@type\":\"ImageObject\",\"inLanguage\":\"hr\",\"@id\":\"https:\\\/\\\/sdf.hr\\\/hr\\\/nada\\\/junakinja-bosne-i-bahama\\\/#primaryimage\",\"url\":\"https:\\\/\\\/sdf.hr\\\/wp-content\\\/uploads\\\/2021\\\/08\\\/Jonquel-Jones-FIBA.jpg\",\"contentUrl\":\"https:\\\/\\\/sdf.hr\\\/wp-content\\\/uploads\\\/2021\\\/08\\\/Jonquel-Jones-FIBA.jpg\",\"width\":1000,\"height\":667,\"caption\":\"Jonquel Jones (Foto: FIBA)\"},{\"@type\":\"BreadcrumbList\",\"@id\":\"https:\\\/\\\/sdf.hr\\\/hr\\\/nada\\\/junakinja-bosne-i-bahama\\\/#breadcrumb\",\"itemListElement\":[{\"@type\":\"ListItem\",\"position\":1,\"name\":\"Po\u010detna stranica\",\"item\":\"https:\\\/\\\/sdf.hr\\\/hr\\\/\"},{\"@type\":\"ListItem\",\"position\":2,\"name\":\"Nada\",\"item\":\"https:\\\/\\\/sdf.hr\\\/nada\\\/\"},{\"@type\":\"ListItem\",\"position\":3,\"name\":\"Junakinja Bosne i Bahama\"}]},{\"@type\":\"WebSite\",\"@id\":\"https:\\\/\\\/sdf.hr\\\/#website\",\"url\":\"https:\\\/\\\/sdf.hr\\\/\",\"name\":\"SDF - Srpski demokratski forum\",\"description\":\"Srpski demokratski forum\",\"publisher\":{\"@id\":\"https:\\\/\\\/sdf.hr\\\/#organization\"},\"potentialAction\":[{\"@type\":\"SearchAction\",\"target\":{\"@type\":\"EntryPoint\",\"urlTemplate\":\"https:\\\/\\\/sdf.hr\\\/?s={search_term_string}\"},\"query-input\":{\"@type\":\"PropertyValueSpecification\",\"valueRequired\":true,\"valueName\":\"search_term_string\"}}],\"inLanguage\":\"hr\"},{\"@type\":\"Organization\",\"@id\":\"https:\\\/\\\/sdf.hr\\\/#organization\",\"name\":\"SDF - Srpski demokratski forum\",\"url\":\"https:\\\/\\\/sdf.hr\\\/\",\"logo\":{\"@type\":\"ImageObject\",\"inLanguage\":\"hr\",\"@id\":\"https:\\\/\\\/sdf.hr\\\/#\\\/schema\\\/logo\\\/image\\\/\",\"url\":\"https:\\\/\\\/sdf.hr\\\/wp-content\\\/uploads\\\/2021\\\/07\\\/logo-hr.svg\",\"contentUrl\":\"https:\\\/\\\/sdf.hr\\\/wp-content\\\/uploads\\\/2021\\\/07\\\/logo-hr.svg\",\"width\":271,\"height\":100,\"caption\":\"SDF - Srpski demokratski forum\"},\"image\":{\"@id\":\"https:\\\/\\\/sdf.hr\\\/#\\\/schema\\\/logo\\\/image\\\/\"}}]}<\/script>\n<!-- \/ Yoast SEO plugin. -->","yoast_head_json":{"title":"Junakinja Bosne i Bahama - SDF - Srpski demokratski forum","robots":{"index":"index","follow":"follow","max-snippet":"max-snippet:-1","max-image-preview":"max-image-preview:large","max-video-preview":"max-video-preview:-1"},"canonical":"https:\/\/sdf.hr\/hr\/nada\/junakinja-bosne-i-bahama\/","og_locale":"hr_HR","og_type":"article","og_title":"Junakinja Bosne i Bahama - SDF - Srpski demokratski forum","og_description":"Sigurno ima djevoj\u010dica i dje\u010daka iz Sarajeva, Tuzle ili Livna koji su ovoga ljeta zasanjali da jednoga dana budu kao Jonquel Jones","og_url":"https:\/\/sdf.hr\/hr\/nada\/junakinja-bosne-i-bahama\/","og_site_name":"SDF - Srpski demokratski forum","article_modified_time":"2023-03-28T11:46:55+00:00","og_image":[{"width":1000,"height":667,"url":"https:\/\/sdf.hr\/wp-content\/uploads\/2021\/08\/Jonquel-Jones-FIBA.jpg","type":"image\/jpeg"}],"twitter_card":"summary_large_image","twitter_misc":{"Procijenjeno vrijeme \u010ditanja":"3 minute"},"schema":{"@context":"https:\/\/schema.org","@graph":[{"@type":"WebPage","@id":"https:\/\/sdf.hr\/hr\/nada\/junakinja-bosne-i-bahama\/","url":"https:\/\/sdf.hr\/hr\/nada\/junakinja-bosne-i-bahama\/","name":"Junakinja Bosne i Bahama - SDF - Srpski demokratski forum","isPartOf":{"@id":"https:\/\/sdf.hr\/#website"},"primaryImageOfPage":{"@id":"https:\/\/sdf.hr\/hr\/nada\/junakinja-bosne-i-bahama\/#primaryimage"},"image":{"@id":"https:\/\/sdf.hr\/hr\/nada\/junakinja-bosne-i-bahama\/#primaryimage"},"thumbnailUrl":"https:\/\/sdf.hr\/wp-content\/uploads\/2021\/08\/Jonquel-Jones-FIBA.jpg","datePublished":"2021-08-25T09:39:56+00:00","dateModified":"2023-03-28T11:46:55+00:00","breadcrumb":{"@id":"https:\/\/sdf.hr\/hr\/nada\/junakinja-bosne-i-bahama\/#breadcrumb"},"inLanguage":"hr","potentialAction":[{"@type":"ReadAction","target":["https:\/\/sdf.hr\/hr\/nada\/junakinja-bosne-i-bahama\/"]}]},{"@type":"ImageObject","inLanguage":"hr","@id":"https:\/\/sdf.hr\/hr\/nada\/junakinja-bosne-i-bahama\/#primaryimage","url":"https:\/\/sdf.hr\/wp-content\/uploads\/2021\/08\/Jonquel-Jones-FIBA.jpg","contentUrl":"https:\/\/sdf.hr\/wp-content\/uploads\/2021\/08\/Jonquel-Jones-FIBA.jpg","width":1000,"height":667,"caption":"Jonquel Jones (Foto: FIBA)"},{"@type":"BreadcrumbList","@id":"https:\/\/sdf.hr\/hr\/nada\/junakinja-bosne-i-bahama\/#breadcrumb","itemListElement":[{"@type":"ListItem","position":1,"name":"Po\u010detna stranica","item":"https:\/\/sdf.hr\/hr\/"},{"@type":"ListItem","position":2,"name":"Nada","item":"https:\/\/sdf.hr\/nada\/"},{"@type":"ListItem","position":3,"name":"Junakinja Bosne i Bahama"}]},{"@type":"WebSite","@id":"https:\/\/sdf.hr\/#website","url":"https:\/\/sdf.hr\/","name":"SDF - Srpski demokratski forum","description":"Srpski demokratski forum","publisher":{"@id":"https:\/\/sdf.hr\/#organization"},"potentialAction":[{"@type":"SearchAction","target":{"@type":"EntryPoint","urlTemplate":"https:\/\/sdf.hr\/?s={search_term_string}"},"query-input":{"@type":"PropertyValueSpecification","valueRequired":true,"valueName":"search_term_string"}}],"inLanguage":"hr"},{"@type":"Organization","@id":"https:\/\/sdf.hr\/#organization","name":"SDF - Srpski demokratski forum","url":"https:\/\/sdf.hr\/","logo":{"@type":"ImageObject","inLanguage":"hr","@id":"https:\/\/sdf.hr\/#\/schema\/logo\/image\/","url":"https:\/\/sdf.hr\/wp-content\/uploads\/2021\/07\/logo-hr.svg","contentUrl":"https:\/\/sdf.hr\/wp-content\/uploads\/2021\/07\/logo-hr.svg","width":271,"height":100,"caption":"SDF - Srpski demokratski forum"},"image":{"@id":"https:\/\/sdf.hr\/#\/schema\/logo\/image\/"}}]}},"_links":{"self":[{"href":"https:\/\/sdf.hr\/hr\/wp-json\/wp\/v2\/nada\/420","targetHints":{"allow":["GET"]}}],"collection":[{"href":"https:\/\/sdf.hr\/hr\/wp-json\/wp\/v2\/nada"}],"about":[{"href":"https:\/\/sdf.hr\/hr\/wp-json\/wp\/v2\/types\/nada"}],"wp:featuredmedia":[{"embeddable":true,"href":"https:\/\/sdf.hr\/hr\/wp-json\/wp\/v2\/media\/3212"}],"wp:attachment":[{"href":"https:\/\/sdf.hr\/hr\/wp-json\/wp\/v2\/media?parent=420"}],"wp:term":[{"taxonomy":"post_tag","embeddable":true,"href":"https:\/\/sdf.hr\/hr\/wp-json\/wp\/v2\/tags?post=420"},{"taxonomy":"atribut","embeddable":true,"href":"https:\/\/sdf.hr\/hr\/wp-json\/wp\/v2\/atribut?post=420"}],"curies":[{"name":"wp","href":"https:\/\/api.w.org\/{rel}","templated":true}]}}