{"id":424,"date":"2021-08-25T11:43:11","date_gmt":"2021-08-25T09:43:11","guid":{"rendered":"https:\/\/sdf.hr\/?post_type=nada&#038;p=424"},"modified":"2023-03-28T13:25:21","modified_gmt":"2023-03-28T11:25:21","slug":"bozanski-kolaci-od-sira","status":"publish","type":"nada","link":"https:\/\/sdf.hr\/hr\/nada\/bozanski-kolaci-od-sira\/","title":{"rendered":"Bo\u017eanski kola\u010di od sira"},"content":{"rendered":"<p class=\"p1\"><span class=\"s1\">U <\/span>staroj, krasopisom pisanoj bilje\u017enici s po\u010detka 20. stolje\u0107a prona\u0161la sam recept pod naslovom Kola\u010di od sira. Kola\u010di su punjeni doma\u0107im pekmezom od marelice (teglicu sam sakrila u smo\u010dnicu jo\u0161 pro\u0161le sezone da imam ba\u0161 za ovakve situacije). Rije\u010d je o predivnom starinskom kola\u010du od tijesta koje se priprema sa svje\u017eim sirom i maslacem. Koristila sam doma\u0107i, svje\u017ei kravlji goranski sir.<\/p>\n<p class=\"p3\">Okus i miris ovih kola\u010da je bo\u017eanski, poput onih trokuta iz pekarnice, samo jo\u0161 bolji. Recept je zapisan krasopisom na istrgnutom listu papira i umetnut u bilje\u017enicu sa starim receptima, no izgleda i djeluje stariji od ostalih. \u0160to vi\u0161e prou\u010davam ove stare bilje\u017enice s receptima, prona\u0111ene u ladici pisa\u0107eg stola, sve vi\u0161e me odu\u0161evljavaju. Vra\u0107aju me u dane djetinjstva, dane moje bake u Lici, u miris doma\u0107e kuhinje i bude nostalgiju. Odmah vam napominjem, napravite duplu dozu jer ovi slatki trokuti \u0107e vam nestati u trenu.<\/p>\n<p class=\"p3\">Tijesto je meko i podatno za oblikovanje. Aromatizirala sam ga limunovom koricom pa mi je ku\u0107a jo\u0161 uvijek mirisna zbog ovog deserta. Idu\u0107i put \u0107u ih poku\u0161ati pripremiti s nekim drugim punjenjem, mo\u017eda s nekim svje\u017eim vo\u0107em poput malina ili borovnica, a i\u0161lo bi i punjenje od maka ili oraha poput onoga za makovnja\u010du ili orehnja\u010du. U zapisu doma\u0107ica navodi da se peku \u2018kod jake vatre\u2019 i ne navodi vrijeme pe\u010denja pa sam improvizirala. Ovaj kola\u010d od sira se brzo priprema, a mo\u017ee se jesti i topao.<\/p>\n<p class=\"p4\"><strong><i>Sastojci<\/i><\/strong><\/p>\n<p class=\"p2\">150 g maslaca<br \/>\n150 g svje\u017eeg sira<br \/>\n150 g glatkog bra\u0161na<br \/>\n50 g \u0161e\u0107era<br \/>\n1 \u017eumanjak<br \/>\nprstohvat soli<br \/>\npar \u017elica hladne vode (ukoliko vam je smjesa presuha, ovisno kakav sir imate)<br \/>\nnaribana korica limuna<br \/>\npekmez od marelice (za punjenje)<\/p>\n<p class=\"p4\"><strong><i>Priprema<\/i><\/strong><\/p>\n<p class=\"p2\">U prosijano bra\u0161no dodajte prstohvat soli i naribajte hladni maslac pa razmrvite smjesu rukama. Dobit \u0107ete pjeskovitu, mrvi\u010dastu smjesu. U smjesu dodajte izra\u0111eni svje\u017ei sir, \u0161e\u0107er, \u017eumanjak i, ako je potrebno, par \u017elica hladne vode. Mo\u017eete naribati i malo limunove korice. Zamijesite glatko tijesto pa ga premjestite na bra\u0161nom posutu dasku. Jo\u0161 ga malo premijesite pa dodajte jo\u0161 malo bra\u0161na ukoliko vam se smjesa lijepi. Oblikujte kuglu koju prekrijte \u010distom krpom te ostavite otprilike pola sata da tijesto odmori.<\/p>\n<p class=\"p3\">Kada se tijesto odmorilo, razvaljajte ga u veliki \u010detverokut (ne predebelo niti pretanko) pa o\u0161trim no\u017eem ili kota\u010di\u0107em izre\u017eite kvadrate (cca osam puta osam centimetara). Na svaki kvadrat stavite \u017eli\u010dicu pekmeza. Preklopite suprotne vrhove u oblik trokuta pa vilicom pritisnite rubove da vam pekmez ne iscuri kod pe\u010denja. Trokute sla\u017eite na lim oblo\u017een masnim papirom.<br \/>\nUklju\u010dite pe\u0107nicu na 200 stupnjeva i pecite trokute dok malo ne porumene (nekih 15 \u2013 20 minuta). Ukoliko volite, pospite ih \u0161e\u0107erom u prahu kada su mlaki.<\/p>\n<p class=\"p3\">Od ove koli\u010dine sastojaka dobila sam 24 trokuta.<\/p>\n<p class=\"p3\">Dobar tek!<\/p>\n<p><em>pi\u0161e Valentina Vukadinovi\u0107<\/em><\/p>\n","protected":false},"excerpt":{"rendered":"<p>Rije\u010d je o predivnom starinskom kola\u010du od tijesta koje se priprema sa svje\u017eim sirom i maslacem. Koristila sam doma\u0107i, svje\u017ei kravlji goranski sir<\/p>\n","protected":false},"featured_media":3208,"template":"","tags":[42],"atribut":[],"class_list":["post-424","nada","type-nada","status-publish","has-post-thumbnail","hentry","tag-gorski-kotao"],"acf":[],"yoast_head":"<!-- This site is optimized with the Yoast SEO plugin v27.4 - https:\/\/yoast.com\/product\/yoast-seo-wordpress\/ -->\n<title>Bo\u017eanski kola\u010di od sira - SDF - Srpski demokratski forum<\/title>\n<meta name=\"robots\" content=\"index, follow, max-snippet:-1, max-image-preview:large, max-video-preview:-1\" \/>\n<link rel=\"canonical\" href=\"https:\/\/sdf.hr\/hr\/nada\/bozanski-kolaci-od-sira\/\" \/>\n<meta property=\"og:locale\" content=\"hr_HR\" \/>\n<meta property=\"og:type\" content=\"article\" \/>\n<meta property=\"og:title\" content=\"Bo\u017eanski kola\u010di od sira - SDF - Srpski demokratski forum\" \/>\n<meta property=\"og:description\" content=\"Rije\u010d je o predivnom starinskom kola\u010du od tijesta koje se priprema sa svje\u017eim sirom i maslacem. Koristila sam doma\u0107i, svje\u017ei kravlji goranski sir\" \/>\n<meta property=\"og:url\" content=\"https:\/\/sdf.hr\/hr\/nada\/bozanski-kolaci-od-sira\/\" \/>\n<meta property=\"og:site_name\" content=\"SDF - Srpski demokratski forum\" \/>\n<meta property=\"article:modified_time\" content=\"2023-03-28T11:25:21+00:00\" \/>\n<meta property=\"og:image\" content=\"https:\/\/sdf.hr\/wp-content\/uploads\/2021\/08\/Gorski-kotao1-scaled.jpeg\" \/>\n\t<meta property=\"og:image:width\" content=\"2560\" \/>\n\t<meta property=\"og:image:height\" content=\"1528\" \/>\n\t<meta property=\"og:image:type\" content=\"image\/jpeg\" \/>\n<meta name=\"twitter:card\" content=\"summary_large_image\" \/>\n<meta name=\"twitter:label1\" content=\"Procijenjeno vrijeme \u010ditanja\" \/>\n\t<meta name=\"twitter:data1\" content=\"2 minute\" \/>\n<script type=\"application\/ld+json\" class=\"yoast-schema-graph\">{\"@context\":\"https:\\\/\\\/schema.org\",\"@graph\":[{\"@type\":\"WebPage\",\"@id\":\"https:\\\/\\\/sdf.hr\\\/hr\\\/nada\\\/bozanski-kolaci-od-sira\\\/\",\"url\":\"https:\\\/\\\/sdf.hr\\\/hr\\\/nada\\\/bozanski-kolaci-od-sira\\\/\",\"name\":\"Bo\u017eanski kola\u010di od sira - SDF - Srpski demokratski forum\",\"isPartOf\":{\"@id\":\"https:\\\/\\\/sdf.hr\\\/#website\"},\"primaryImageOfPage\":{\"@id\":\"https:\\\/\\\/sdf.hr\\\/hr\\\/nada\\\/bozanski-kolaci-od-sira\\\/#primaryimage\"},\"image\":{\"@id\":\"https:\\\/\\\/sdf.hr\\\/hr\\\/nada\\\/bozanski-kolaci-od-sira\\\/#primaryimage\"},\"thumbnailUrl\":\"https:\\\/\\\/sdf.hr\\\/wp-content\\\/uploads\\\/2021\\\/08\\\/Gorski-kotao1-scaled.jpeg\",\"datePublished\":\"2021-08-25T09:43:11+00:00\",\"dateModified\":\"2023-03-28T11:25:21+00:00\",\"breadcrumb\":{\"@id\":\"https:\\\/\\\/sdf.hr\\\/hr\\\/nada\\\/bozanski-kolaci-od-sira\\\/#breadcrumb\"},\"inLanguage\":\"hr\",\"potentialAction\":[{\"@type\":\"ReadAction\",\"target\":[\"https:\\\/\\\/sdf.hr\\\/hr\\\/nada\\\/bozanski-kolaci-od-sira\\\/\"]}]},{\"@type\":\"ImageObject\",\"inLanguage\":\"hr\",\"@id\":\"https:\\\/\\\/sdf.hr\\\/hr\\\/nada\\\/bozanski-kolaci-od-sira\\\/#primaryimage\",\"url\":\"https:\\\/\\\/sdf.hr\\\/wp-content\\\/uploads\\\/2021\\\/08\\\/Gorski-kotao1-scaled.jpeg\",\"contentUrl\":\"https:\\\/\\\/sdf.hr\\\/wp-content\\\/uploads\\\/2021\\\/08\\\/Gorski-kotao1-scaled.jpeg\",\"width\":2560,\"height\":1528},{\"@type\":\"BreadcrumbList\",\"@id\":\"https:\\\/\\\/sdf.hr\\\/hr\\\/nada\\\/bozanski-kolaci-od-sira\\\/#breadcrumb\",\"itemListElement\":[{\"@type\":\"ListItem\",\"position\":1,\"name\":\"Po\u010detna stranica\",\"item\":\"https:\\\/\\\/sdf.hr\\\/hr\\\/\"},{\"@type\":\"ListItem\",\"position\":2,\"name\":\"Nada\",\"item\":\"https:\\\/\\\/sdf.hr\\\/nada\\\/\"},{\"@type\":\"ListItem\",\"position\":3,\"name\":\"Bo\u017eanski kola\u010di od sira\"}]},{\"@type\":\"WebSite\",\"@id\":\"https:\\\/\\\/sdf.hr\\\/#website\",\"url\":\"https:\\\/\\\/sdf.hr\\\/\",\"name\":\"SDF - Srpski demokratski forum\",\"description\":\"Srpski demokratski forum\",\"publisher\":{\"@id\":\"https:\\\/\\\/sdf.hr\\\/#organization\"},\"potentialAction\":[{\"@type\":\"SearchAction\",\"target\":{\"@type\":\"EntryPoint\",\"urlTemplate\":\"https:\\\/\\\/sdf.hr\\\/?s={search_term_string}\"},\"query-input\":{\"@type\":\"PropertyValueSpecification\",\"valueRequired\":true,\"valueName\":\"search_term_string\"}}],\"inLanguage\":\"hr\"},{\"@type\":\"Organization\",\"@id\":\"https:\\\/\\\/sdf.hr\\\/#organization\",\"name\":\"SDF - Srpski demokratski forum\",\"url\":\"https:\\\/\\\/sdf.hr\\\/\",\"logo\":{\"@type\":\"ImageObject\",\"inLanguage\":\"hr\",\"@id\":\"https:\\\/\\\/sdf.hr\\\/#\\\/schema\\\/logo\\\/image\\\/\",\"url\":\"https:\\\/\\\/sdf.hr\\\/wp-content\\\/uploads\\\/2021\\\/07\\\/logo-hr.svg\",\"contentUrl\":\"https:\\\/\\\/sdf.hr\\\/wp-content\\\/uploads\\\/2021\\\/07\\\/logo-hr.svg\",\"width\":271,\"height\":100,\"caption\":\"SDF - Srpski demokratski forum\"},\"image\":{\"@id\":\"https:\\\/\\\/sdf.hr\\\/#\\\/schema\\\/logo\\\/image\\\/\"}}]}<\/script>\n<!-- \/ Yoast SEO plugin. -->","yoast_head_json":{"title":"Bo\u017eanski kola\u010di od sira - SDF - Srpski demokratski forum","robots":{"index":"index","follow":"follow","max-snippet":"max-snippet:-1","max-image-preview":"max-image-preview:large","max-video-preview":"max-video-preview:-1"},"canonical":"https:\/\/sdf.hr\/hr\/nada\/bozanski-kolaci-od-sira\/","og_locale":"hr_HR","og_type":"article","og_title":"Bo\u017eanski kola\u010di od sira - SDF - Srpski demokratski forum","og_description":"Rije\u010d je o predivnom starinskom kola\u010du od tijesta koje se priprema sa svje\u017eim sirom i maslacem. Koristila sam doma\u0107i, svje\u017ei kravlji goranski sir","og_url":"https:\/\/sdf.hr\/hr\/nada\/bozanski-kolaci-od-sira\/","og_site_name":"SDF - Srpski demokratski forum","article_modified_time":"2023-03-28T11:25:21+00:00","og_image":[{"width":2560,"height":1528,"url":"https:\/\/sdf.hr\/wp-content\/uploads\/2021\/08\/Gorski-kotao1-scaled.jpeg","type":"image\/jpeg"}],"twitter_card":"summary_large_image","twitter_misc":{"Procijenjeno vrijeme \u010ditanja":"2 minute"},"schema":{"@context":"https:\/\/schema.org","@graph":[{"@type":"WebPage","@id":"https:\/\/sdf.hr\/hr\/nada\/bozanski-kolaci-od-sira\/","url":"https:\/\/sdf.hr\/hr\/nada\/bozanski-kolaci-od-sira\/","name":"Bo\u017eanski kola\u010di od sira - SDF - Srpski demokratski forum","isPartOf":{"@id":"https:\/\/sdf.hr\/#website"},"primaryImageOfPage":{"@id":"https:\/\/sdf.hr\/hr\/nada\/bozanski-kolaci-od-sira\/#primaryimage"},"image":{"@id":"https:\/\/sdf.hr\/hr\/nada\/bozanski-kolaci-od-sira\/#primaryimage"},"thumbnailUrl":"https:\/\/sdf.hr\/wp-content\/uploads\/2021\/08\/Gorski-kotao1-scaled.jpeg","datePublished":"2021-08-25T09:43:11+00:00","dateModified":"2023-03-28T11:25:21+00:00","breadcrumb":{"@id":"https:\/\/sdf.hr\/hr\/nada\/bozanski-kolaci-od-sira\/#breadcrumb"},"inLanguage":"hr","potentialAction":[{"@type":"ReadAction","target":["https:\/\/sdf.hr\/hr\/nada\/bozanski-kolaci-od-sira\/"]}]},{"@type":"ImageObject","inLanguage":"hr","@id":"https:\/\/sdf.hr\/hr\/nada\/bozanski-kolaci-od-sira\/#primaryimage","url":"https:\/\/sdf.hr\/wp-content\/uploads\/2021\/08\/Gorski-kotao1-scaled.jpeg","contentUrl":"https:\/\/sdf.hr\/wp-content\/uploads\/2021\/08\/Gorski-kotao1-scaled.jpeg","width":2560,"height":1528},{"@type":"BreadcrumbList","@id":"https:\/\/sdf.hr\/hr\/nada\/bozanski-kolaci-od-sira\/#breadcrumb","itemListElement":[{"@type":"ListItem","position":1,"name":"Po\u010detna stranica","item":"https:\/\/sdf.hr\/hr\/"},{"@type":"ListItem","position":2,"name":"Nada","item":"https:\/\/sdf.hr\/nada\/"},{"@type":"ListItem","position":3,"name":"Bo\u017eanski kola\u010di od sira"}]},{"@type":"WebSite","@id":"https:\/\/sdf.hr\/#website","url":"https:\/\/sdf.hr\/","name":"SDF - Srpski demokratski forum","description":"Srpski demokratski forum","publisher":{"@id":"https:\/\/sdf.hr\/#organization"},"potentialAction":[{"@type":"SearchAction","target":{"@type":"EntryPoint","urlTemplate":"https:\/\/sdf.hr\/?s={search_term_string}"},"query-input":{"@type":"PropertyValueSpecification","valueRequired":true,"valueName":"search_term_string"}}],"inLanguage":"hr"},{"@type":"Organization","@id":"https:\/\/sdf.hr\/#organization","name":"SDF - Srpski demokratski forum","url":"https:\/\/sdf.hr\/","logo":{"@type":"ImageObject","inLanguage":"hr","@id":"https:\/\/sdf.hr\/#\/schema\/logo\/image\/","url":"https:\/\/sdf.hr\/wp-content\/uploads\/2021\/07\/logo-hr.svg","contentUrl":"https:\/\/sdf.hr\/wp-content\/uploads\/2021\/07\/logo-hr.svg","width":271,"height":100,"caption":"SDF - Srpski demokratski forum"},"image":{"@id":"https:\/\/sdf.hr\/#\/schema\/logo\/image\/"}}]}},"_links":{"self":[{"href":"https:\/\/sdf.hr\/hr\/wp-json\/wp\/v2\/nada\/424","targetHints":{"allow":["GET"]}}],"collection":[{"href":"https:\/\/sdf.hr\/hr\/wp-json\/wp\/v2\/nada"}],"about":[{"href":"https:\/\/sdf.hr\/hr\/wp-json\/wp\/v2\/types\/nada"}],"wp:featuredmedia":[{"embeddable":true,"href":"https:\/\/sdf.hr\/hr\/wp-json\/wp\/v2\/media\/3208"}],"wp:attachment":[{"href":"https:\/\/sdf.hr\/hr\/wp-json\/wp\/v2\/media?parent=424"}],"wp:term":[{"taxonomy":"post_tag","embeddable":true,"href":"https:\/\/sdf.hr\/hr\/wp-json\/wp\/v2\/tags?post=424"},{"taxonomy":"atribut","embeddable":true,"href":"https:\/\/sdf.hr\/hr\/wp-json\/wp\/v2\/atribut?post=424"}],"curies":[{"name":"wp","href":"https:\/\/api.w.org\/{rel}","templated":true}]}}