{"id":4501,"date":"2024-03-15T12:32:45","date_gmt":"2024-03-15T11:32:45","guid":{"rendered":"https:\/\/sdf.hr\/nada\/fudbal-je-zenska-stvar\/"},"modified":"2024-03-15T12:35:18","modified_gmt":"2024-03-15T11:35:18","slug":"fudbal-je-zenska-stvar","status":"publish","type":"nada","link":"https:\/\/sdf.hr\/hr\/nada\/fudbal-je-zenska-stvar\/","title":{"rendered":"Fudbal je \u017eenska stvar"},"content":{"rendered":"<p>Uspavljivala sam se uz utakmice Lige \u0161ampiona i od malena sam imala tu strast prema fudbalu. U tom periodu sam kreirala san koji i dan danas \u017eivim, govori 26-godi\u0161njakinja <strong>Dejana Stefanovi\u0107<\/strong>, srpska reprezentativka i evropska fudbalerka.<\/p>\n<p>Dejana ka\u017ee da je sve je po\u010delo u njenom rodnom gradu Kragujevcu, ta\u010dnije u \u0161koli \u201cDragi\u0161a Lukovi\u0107 \u0160panac\u201d. Tamo je poha\u0111ala treninge fudbala sa de\u010dacima te se takmi\u010dila u Ligi budu\u0107ih \u0161ampiona. Sve do 14 godine, kada se pridru\u017eila prvom \u017eenskom timu Trijumf. Najdra\u017ea joj je uspomena kada je sa reprezentacijom Srbije pobedila Nema\u010dku rezultatom 3:2, kao vice \u0161ampiona sveta.<\/p>\n<p>&#8211; Sa 17 godina sam potpisala za Crvenu zvezdu, dobila prvi poziv od reprezentacije Srbije, na \u0161to sam definitivno najponosnija. Posle tog predivnog perioda dobila sam priliku da se poka\u017eem na internacionalnom nivou i potpi\u0161em svoj prvi profesionalni ugovor sa ATTP Albi iz Francuske. Tamo sam provela godinu dana, gde sam stekla iskustvo, nau\u010dila francuski jezik i u\u017eivala u divnom Albiju. Tako\u0111e sam dobila prvi poziv za seniorsku reprezentaciju Srbije sa 19 godina. Potom je ubrzo stigao poziv iz Norve\u0161ke i kluba Avaldsnes gde sam prvi put zaigrala u Ligi \u0161ampiona te ubrzo postala kapiten ekipe \u2013 prise\u0107a se Dejana te dodaje da je tamo imala sjajnu sezonu sa njima jer su joj svi oni, solidarno, pomagali da stigne do najbolje ekipe u Norve\u0161koj, kluba Valerenga.<\/p>\n<p>Ostvariv\u0161i najve\u0107i uspeh u karijeri do sada, osvojiv\u0161i duplu krunu, pa onda i kup naredne sezone, privukla je pa\u017enju i Velike Britanije. Ta\u010dnije, velikog Brajtona, \u010dije boje na poziciji defanzivke na\u0161a sugovornica trenutno uspe\u0161no brani.<\/p>\n<p>Generalna skup\u0161tina Ujedinjenih nacija 2013. godine proglasila je 6. april kao Me\u0111unarodni dan sporta za razvoj i mir \u2013 oba pola. Iako je \u017eenski fudbal kroz istoriju etiketiran sprdnjom, neravnopravnim polo\u017eajem, neretkim zabranama i vre\u0111anjima, prisvojen kao \u201emu\u0161ka stvar\u201c, u \u017eenskim krugovima probija se u 19. veku. Stereotipi, dru\u0161tvene i socijalne prepreke obavijene u predrasude dru\u0161tva nisu spre\u010dile hrabre igra\u010dice da poka\u017eu talente na terenima. Me\u0111utim, \u017eenski sportovi, pa tako i fudbal, do danas manje su pla\u0107eni i vrednovani.<\/p>\n<p>&#8211; Smatram da su devojke posve\u0107ene i daju sebe sportu isto onoliko koliko i mu\u0161karci, ali ipak sve ostalo je druga\u010dije. Ako napravimo pore\u0111enje kakva su ulaganja, uslovi i medijska pa\u017enja, mislim da je razlika itekako velika. Svakako se nadam da \u0107emo se u nerednih nekoliko godina pribli\u017eiti mu\u0161karcima i dobiti ono \u0161to zaslu\u017eujemo. U Velikoj Britaniji, gde trenutno i igram, sve \u0161to sam navela je na viskom nivou, ali se svakako nadam da \u0107e bolji uslovi biti za devojke iz Reprezentacije i na\u0161e Srpske lige, jer one to i zaslu\u017euju. O manje razvijenim zemljama i klubovima da ne pri\u010dam \u2013 govori Dejana.<\/p>\n<figure id=\"attachment_4499\" aria-describedby=\"caption-attachment-4499\" style=\"width: 2560px\" class=\"wp-caption alignnone\"><img loading=\"lazy\" decoding=\"async\" class=\"wp-image-4499 size-full\" src=\"https:\/\/sdf.hr\/wp-content\/uploads\/2024\/03\/Dejana2_Privatna-arhiva-scaled.jpeg\" alt=\"\" width=\"2560\" height=\"1440\" srcset=\"https:\/\/sdf.hr\/wp-content\/uploads\/2024\/03\/Dejana2_Privatna-arhiva-scaled.jpeg 2560w, https:\/\/sdf.hr\/wp-content\/uploads\/2024\/03\/Dejana2_Privatna-arhiva-300x169.jpeg 300w, https:\/\/sdf.hr\/wp-content\/uploads\/2024\/03\/Dejana2_Privatna-arhiva-1024x576.jpeg 1024w, https:\/\/sdf.hr\/wp-content\/uploads\/2024\/03\/Dejana2_Privatna-arhiva-768x432.jpeg 768w, https:\/\/sdf.hr\/wp-content\/uploads\/2024\/03\/Dejana2_Privatna-arhiva-1536x864.jpeg 1536w, https:\/\/sdf.hr\/wp-content\/uploads\/2024\/03\/Dejana2_Privatna-arhiva-2048x1152.jpeg 2048w, https:\/\/sdf.hr\/wp-content\/uploads\/2024\/03\/Dejana2_Privatna-arhiva-820x460.jpeg 820w\" sizes=\"auto, (max-width: 2560px) 100vw, 2560px\" \/><figcaption id=\"caption-attachment-4499\" class=\"wp-caption-text\">Dejana Stefanovi\u0107 (Privatna arhiva)<\/figcaption><\/figure>\n<p>Ve\u0107 spomenuta razlika u medijskoj zastupljenosti nije o\u010dita samo kroz nedostatak vidljivosti utakmica i \u017eenskog sporta, nego i nedostatak novinarki u sportskim redakcijama. Prisetimo se Olimpijskih igra u Londonu 2012. godine, gde je tokom \u010ditavog takmi\u010denja u\u010destvovalo samo 15 posto novinarki i fotoreporterki.<\/p>\n<p>&#8211; Dru\u0161tvene mre\u017ee su svima pristupa\u010dne i trenutno najbolja, ali i najlak\u0161a platforma da se promovi\u0161e \u017eenski fudbal. Poku\u0161avam da svakom svojom objavom poka\u017eem mla\u0111im igra\u010dicama da je mogu\u0107e dosti\u0107i sve \u0161to po\u017eele \u2013 uprkos medijskom i dru\u0161tvenom pritisku. Vodim ra\u010duna da ne promovi\u0161em ni\u0161ta sto je izvan sportskog i zdravog pona\u0161anja. U svakoj svojoj izjavi trudim se da podelim neki ohrabruju\u0107i savet ili neko svoje iskustvo iz karijere. Ba\u0161 zato \u0161to nemamo uvek priliku da budemo podr\u017eane. I tu ne mislim samo na dru\u0161tvene mre\u017ee, nego i na predstavnike vlasti, publiku na internetu, ali i mu\u0161karce koji na profesionalni \u017eenski sport gledaju kao \u201euzimanje medijskog prostora na TV ekranu\u201c \u2013 ka\u017ee Dejana Stefanovi\u0107.<\/p>\n<p>Kroz istoriju \u017eenskog sporta mo\u017eemo da se prisetimo vrhunskih sportiskinja, koje nisu bile samo igra\u010dice, nego simboli i odlike snage jedne \u017eene. <strong>Abi Vambah<\/strong>, <strong>Mia Ham<\/strong>, <strong>Marta Vieira da Silva<\/strong> ili Dejana Stefanovi\u0107 \u2013 pored vrhunskih uspeha u \u017eenskim fudbalskim karijerama, jednako kao i svaka ostala \u017eena imaju prepreke u obavljanju fizi\u010dkih aktivnosti tokom menstrualnog ciklusa. Koliko god negativno uti\u010de na promene raspolo\u017eenja, variranje telesne te\u017eine, hormone i uop\u0161teno na nelagodu, treniranje tokom menstruacije je po\u017eeljna stvar. Iako, u trenucima intezivnog treninga ne sme da izostane podr\u0161ka.<\/p>\n<p>&#8211; Svesne smo toga koliko promena raspolo\u017eenja i koliko puta se na\u0161e telo menja u toku meseca, za neke \u017eene to zaista mo\u017ee biti veoma stresno. Biti fizi\u010dki aktivna i voditi ra\u010duna o zdravoj ishrani mo\u017ee nam pomo\u0107i da sebi olak\u0161amo, ali i da se mentalno ose\u0107amo bolje i stabilnije. Nutricionista u klubu nam pru\u017ea veliku pomo\u0107. Trenutno imamo i plan ishrane koji prati \u010detiri faze menstrualnog ciklusa. Doktorski tim u klubu ima razumevanje ako nas problemi sa ciklusom spre\u010davaju da tog dana odradimo trening. Poruka koju bih svakako htela da po\u0161aljem svim devoj\u010dicama u tom periodu: verujte u sebe, bi\u0107e jo\u0161 mnogo stigmi koje \u0107e vas pratiti tokom odrastanja i treniranja. Budite spremne jedna drugoj dati vetar u le\u0111a \u2013 dodaje Dejana.<\/p>\n<p>Profesionalni \u017eenski fudbal uklju\u010duje poja\u010dani takmi\u010darski duh, tehni\u010dke ve\u0161tine, ali i takti\u010dke sofisticiranosti od malena. Pove\u0107anje medijske pa\u017enje i ulaganja doprinosi ve\u0107oj vidljivosti i atraktivnosti \u017eenskog sporta, sa akcentom na nove generacije igra\u010dica. U svakom navedenom segmentu, potrebno je jo\u0161 mnogo dru\u0161tvenog rada. Osam od deset gra\u0111anki Europe, naime, smatra da bi ve\u0107a pa\u017enja \u017eena u javnom prostoru nadahnula mnoge devoj\u010dice i \u017eene da slede primere njihovih uzora.<\/p>\n<p>&#8211; Upoznala sam mnogo igra\u010dica tokom svoje karijere i ne mogu da izdvojim ni jednu od njih jer sam uvek poku\u0161avala da nau\u010dim ne\u0161to od svake. Verujem da svako ima ne\u0161to posebno u sebi \u0161to mo\u017ee da te insipiri\u0161e, vrati na put i nau\u010di. Tokom karijere sam vi\u0161e imala mu\u0161kih trenera i uvek sam dobro sara\u0111ivala sa njima. Mada, kada bolje porazmislim i nisam imala mnogo prilika u profesionalnom sportu da mi \u017eene budu trenerice. Volela bih da se pru\u017ei vi\u0161e pa\u017enje i ulaganja u \u017eenski sport. Definitivno je potrebno vi\u0161e sponzora i razli\u010ditih svetskih brendova koji mogu da privuku fanove i automatski pobolj\u0161aju rast svakog \u017eenskog kluba \u2013 zaklju\u010duje Dejana Stefanovi\u0107.<\/p>\n<p><em>pi\u0161e Jelena Miri\u0107<\/em><\/p>\n","protected":false},"excerpt":{"rendered":"<p>Dru\u0161tvene mre\u017ee su trenutno najbolja platforma da se promovi\u0161e \u017eenski fudbal. Poku\u0161avam da svakom svojom objavom poka\u017eem mla\u0111im igra\u010dicama da je mogu\u0107e dosti\u0107i sve \u0161to po\u017eele, ka\u017ee srpska reprezentativka Dejana Stefanovi\u0107<\/p>\n","protected":false},"featured_media":4498,"template":"","tags":[136],"atribut":[],"class_list":["post-4501","nada","type-nada","status-publish","has-post-thumbnail","hentry","tag-portret"],"acf":[],"yoast_head":"<!-- This site is optimized with the Yoast SEO plugin v27.4 - https:\/\/yoast.com\/product\/yoast-seo-wordpress\/ -->\n<title>Fudbal je \u017eenska stvar - SDF - Srpski demokratski forum<\/title>\n<meta name=\"robots\" content=\"index, follow, max-snippet:-1, max-image-preview:large, max-video-preview:-1\" \/>\n<link rel=\"canonical\" href=\"https:\/\/sdf.hr\/hr\/nada\/fudbal-je-zenska-stvar\/\" \/>\n<meta property=\"og:locale\" content=\"hr_HR\" \/>\n<meta property=\"og:type\" content=\"article\" \/>\n<meta property=\"og:title\" content=\"Fudbal je \u017eenska stvar - SDF - Srpski demokratski forum\" \/>\n<meta property=\"og:description\" content=\"Dru\u0161tvene mre\u017ee su trenutno najbolja platforma da se promovi\u0161e \u017eenski fudbal. Poku\u0161avam da svakom svojom objavom poka\u017eem mla\u0111im igra\u010dicama da je mogu\u0107e dosti\u0107i sve \u0161to po\u017eele, ka\u017ee srpska reprezentativka Dejana Stefanovi\u0107\" \/>\n<meta property=\"og:url\" content=\"https:\/\/sdf.hr\/hr\/nada\/fudbal-je-zenska-stvar\/\" \/>\n<meta property=\"og:site_name\" content=\"SDF - Srpski demokratski forum\" \/>\n<meta property=\"article:modified_time\" content=\"2024-03-15T11:35:18+00:00\" \/>\n<meta property=\"og:image\" content=\"https:\/\/sdf.hr\/wp-content\/uploads\/2024\/03\/Dejana1_Privatna-arhiva-scaled.jpeg\" \/>\n\t<meta property=\"og:image:width\" content=\"2560\" \/>\n\t<meta property=\"og:image:height\" content=\"1437\" \/>\n\t<meta property=\"og:image:type\" content=\"image\/jpeg\" \/>\n<meta name=\"twitter:card\" content=\"summary_large_image\" \/>\n<meta name=\"twitter:label1\" content=\"Procijenjeno vrijeme \u010ditanja\" \/>\n\t<meta name=\"twitter:data1\" content=\"6 minuta\" \/>\n<script type=\"application\/ld+json\" class=\"yoast-schema-graph\">{\"@context\":\"https:\\\/\\\/schema.org\",\"@graph\":[{\"@type\":\"WebPage\",\"@id\":\"https:\\\/\\\/sdf.hr\\\/hr\\\/nada\\\/fudbal-je-zenska-stvar\\\/\",\"url\":\"https:\\\/\\\/sdf.hr\\\/hr\\\/nada\\\/fudbal-je-zenska-stvar\\\/\",\"name\":\"Fudbal je \u017eenska stvar - SDF - Srpski demokratski forum\",\"isPartOf\":{\"@id\":\"https:\\\/\\\/sdf.hr\\\/#website\"},\"primaryImageOfPage\":{\"@id\":\"https:\\\/\\\/sdf.hr\\\/hr\\\/nada\\\/fudbal-je-zenska-stvar\\\/#primaryimage\"},\"image\":{\"@id\":\"https:\\\/\\\/sdf.hr\\\/hr\\\/nada\\\/fudbal-je-zenska-stvar\\\/#primaryimage\"},\"thumbnailUrl\":\"https:\\\/\\\/sdf.hr\\\/wp-content\\\/uploads\\\/2024\\\/03\\\/Dejana1_Privatna-arhiva-scaled.jpeg\",\"datePublished\":\"2024-03-15T11:32:45+00:00\",\"dateModified\":\"2024-03-15T11:35:18+00:00\",\"breadcrumb\":{\"@id\":\"https:\\\/\\\/sdf.hr\\\/hr\\\/nada\\\/fudbal-je-zenska-stvar\\\/#breadcrumb\"},\"inLanguage\":\"hr\",\"potentialAction\":[{\"@type\":\"ReadAction\",\"target\":[\"https:\\\/\\\/sdf.hr\\\/hr\\\/nada\\\/fudbal-je-zenska-stvar\\\/\"]}]},{\"@type\":\"ImageObject\",\"inLanguage\":\"hr\",\"@id\":\"https:\\\/\\\/sdf.hr\\\/hr\\\/nada\\\/fudbal-je-zenska-stvar\\\/#primaryimage\",\"url\":\"https:\\\/\\\/sdf.hr\\\/wp-content\\\/uploads\\\/2024\\\/03\\\/Dejana1_Privatna-arhiva-scaled.jpeg\",\"contentUrl\":\"https:\\\/\\\/sdf.hr\\\/wp-content\\\/uploads\\\/2024\\\/03\\\/Dejana1_Privatna-arhiva-scaled.jpeg\",\"width\":2560,\"height\":1437,\"caption\":\"Dejana Stefanovi\u0107 (Privatna arhiva)\"},{\"@type\":\"BreadcrumbList\",\"@id\":\"https:\\\/\\\/sdf.hr\\\/hr\\\/nada\\\/fudbal-je-zenska-stvar\\\/#breadcrumb\",\"itemListElement\":[{\"@type\":\"ListItem\",\"position\":1,\"name\":\"Po\u010detna stranica\",\"item\":\"https:\\\/\\\/sdf.hr\\\/hr\\\/\"},{\"@type\":\"ListItem\",\"position\":2,\"name\":\"Nada\",\"item\":\"https:\\\/\\\/sdf.hr\\\/nada\\\/\"},{\"@type\":\"ListItem\",\"position\":3,\"name\":\"Fudbal je \u017eenska stvar\"}]},{\"@type\":\"WebSite\",\"@id\":\"https:\\\/\\\/sdf.hr\\\/#website\",\"url\":\"https:\\\/\\\/sdf.hr\\\/\",\"name\":\"SDF - Srpski demokratski forum\",\"description\":\"Srpski demokratski forum\",\"publisher\":{\"@id\":\"https:\\\/\\\/sdf.hr\\\/#organization\"},\"potentialAction\":[{\"@type\":\"SearchAction\",\"target\":{\"@type\":\"EntryPoint\",\"urlTemplate\":\"https:\\\/\\\/sdf.hr\\\/?s={search_term_string}\"},\"query-input\":{\"@type\":\"PropertyValueSpecification\",\"valueRequired\":true,\"valueName\":\"search_term_string\"}}],\"inLanguage\":\"hr\"},{\"@type\":\"Organization\",\"@id\":\"https:\\\/\\\/sdf.hr\\\/#organization\",\"name\":\"SDF - Srpski demokratski forum\",\"url\":\"https:\\\/\\\/sdf.hr\\\/\",\"logo\":{\"@type\":\"ImageObject\",\"inLanguage\":\"hr\",\"@id\":\"https:\\\/\\\/sdf.hr\\\/#\\\/schema\\\/logo\\\/image\\\/\",\"url\":\"https:\\\/\\\/sdf.hr\\\/wp-content\\\/uploads\\\/2021\\\/07\\\/logo-hr.svg\",\"contentUrl\":\"https:\\\/\\\/sdf.hr\\\/wp-content\\\/uploads\\\/2021\\\/07\\\/logo-hr.svg\",\"width\":271,\"height\":100,\"caption\":\"SDF - Srpski demokratski forum\"},\"image\":{\"@id\":\"https:\\\/\\\/sdf.hr\\\/#\\\/schema\\\/logo\\\/image\\\/\"}}]}<\/script>\n<!-- \/ Yoast SEO plugin. -->","yoast_head_json":{"title":"Fudbal je \u017eenska stvar - SDF - Srpski demokratski forum","robots":{"index":"index","follow":"follow","max-snippet":"max-snippet:-1","max-image-preview":"max-image-preview:large","max-video-preview":"max-video-preview:-1"},"canonical":"https:\/\/sdf.hr\/hr\/nada\/fudbal-je-zenska-stvar\/","og_locale":"hr_HR","og_type":"article","og_title":"Fudbal je \u017eenska stvar - SDF - Srpski demokratski forum","og_description":"Dru\u0161tvene mre\u017ee su trenutno najbolja platforma da se promovi\u0161e \u017eenski fudbal. Poku\u0161avam da svakom svojom objavom poka\u017eem mla\u0111im igra\u010dicama da je mogu\u0107e dosti\u0107i sve \u0161to po\u017eele, ka\u017ee srpska reprezentativka Dejana Stefanovi\u0107","og_url":"https:\/\/sdf.hr\/hr\/nada\/fudbal-je-zenska-stvar\/","og_site_name":"SDF - Srpski demokratski forum","article_modified_time":"2024-03-15T11:35:18+00:00","og_image":[{"width":2560,"height":1437,"url":"https:\/\/sdf.hr\/wp-content\/uploads\/2024\/03\/Dejana1_Privatna-arhiva-scaled.jpeg","type":"image\/jpeg"}],"twitter_card":"summary_large_image","twitter_misc":{"Procijenjeno vrijeme \u010ditanja":"6 minuta"},"schema":{"@context":"https:\/\/schema.org","@graph":[{"@type":"WebPage","@id":"https:\/\/sdf.hr\/hr\/nada\/fudbal-je-zenska-stvar\/","url":"https:\/\/sdf.hr\/hr\/nada\/fudbal-je-zenska-stvar\/","name":"Fudbal je \u017eenska stvar - SDF - Srpski demokratski forum","isPartOf":{"@id":"https:\/\/sdf.hr\/#website"},"primaryImageOfPage":{"@id":"https:\/\/sdf.hr\/hr\/nada\/fudbal-je-zenska-stvar\/#primaryimage"},"image":{"@id":"https:\/\/sdf.hr\/hr\/nada\/fudbal-je-zenska-stvar\/#primaryimage"},"thumbnailUrl":"https:\/\/sdf.hr\/wp-content\/uploads\/2024\/03\/Dejana1_Privatna-arhiva-scaled.jpeg","datePublished":"2024-03-15T11:32:45+00:00","dateModified":"2024-03-15T11:35:18+00:00","breadcrumb":{"@id":"https:\/\/sdf.hr\/hr\/nada\/fudbal-je-zenska-stvar\/#breadcrumb"},"inLanguage":"hr","potentialAction":[{"@type":"ReadAction","target":["https:\/\/sdf.hr\/hr\/nada\/fudbal-je-zenska-stvar\/"]}]},{"@type":"ImageObject","inLanguage":"hr","@id":"https:\/\/sdf.hr\/hr\/nada\/fudbal-je-zenska-stvar\/#primaryimage","url":"https:\/\/sdf.hr\/wp-content\/uploads\/2024\/03\/Dejana1_Privatna-arhiva-scaled.jpeg","contentUrl":"https:\/\/sdf.hr\/wp-content\/uploads\/2024\/03\/Dejana1_Privatna-arhiva-scaled.jpeg","width":2560,"height":1437,"caption":"Dejana Stefanovi\u0107 (Privatna arhiva)"},{"@type":"BreadcrumbList","@id":"https:\/\/sdf.hr\/hr\/nada\/fudbal-je-zenska-stvar\/#breadcrumb","itemListElement":[{"@type":"ListItem","position":1,"name":"Po\u010detna stranica","item":"https:\/\/sdf.hr\/hr\/"},{"@type":"ListItem","position":2,"name":"Nada","item":"https:\/\/sdf.hr\/nada\/"},{"@type":"ListItem","position":3,"name":"Fudbal je \u017eenska stvar"}]},{"@type":"WebSite","@id":"https:\/\/sdf.hr\/#website","url":"https:\/\/sdf.hr\/","name":"SDF - Srpski demokratski forum","description":"Srpski demokratski forum","publisher":{"@id":"https:\/\/sdf.hr\/#organization"},"potentialAction":[{"@type":"SearchAction","target":{"@type":"EntryPoint","urlTemplate":"https:\/\/sdf.hr\/?s={search_term_string}"},"query-input":{"@type":"PropertyValueSpecification","valueRequired":true,"valueName":"search_term_string"}}],"inLanguage":"hr"},{"@type":"Organization","@id":"https:\/\/sdf.hr\/#organization","name":"SDF - Srpski demokratski forum","url":"https:\/\/sdf.hr\/","logo":{"@type":"ImageObject","inLanguage":"hr","@id":"https:\/\/sdf.hr\/#\/schema\/logo\/image\/","url":"https:\/\/sdf.hr\/wp-content\/uploads\/2021\/07\/logo-hr.svg","contentUrl":"https:\/\/sdf.hr\/wp-content\/uploads\/2021\/07\/logo-hr.svg","width":271,"height":100,"caption":"SDF - Srpski demokratski forum"},"image":{"@id":"https:\/\/sdf.hr\/#\/schema\/logo\/image\/"}}]}},"_links":{"self":[{"href":"https:\/\/sdf.hr\/hr\/wp-json\/wp\/v2\/nada\/4501","targetHints":{"allow":["GET"]}}],"collection":[{"href":"https:\/\/sdf.hr\/hr\/wp-json\/wp\/v2\/nada"}],"about":[{"href":"https:\/\/sdf.hr\/hr\/wp-json\/wp\/v2\/types\/nada"}],"wp:featuredmedia":[{"embeddable":true,"href":"https:\/\/sdf.hr\/hr\/wp-json\/wp\/v2\/media\/4498"}],"wp:attachment":[{"href":"https:\/\/sdf.hr\/hr\/wp-json\/wp\/v2\/media?parent=4501"}],"wp:term":[{"taxonomy":"post_tag","embeddable":true,"href":"https:\/\/sdf.hr\/hr\/wp-json\/wp\/v2\/tags?post=4501"},{"taxonomy":"atribut","embeddable":true,"href":"https:\/\/sdf.hr\/hr\/wp-json\/wp\/v2\/atribut?post=4501"}],"curies":[{"name":"wp","href":"https:\/\/api.w.org\/{rel}","templated":true}]}}