{"id":4616,"date":"2024-03-25T09:14:18","date_gmt":"2024-03-25T08:14:18","guid":{"rendered":"https:\/\/sdf.hr\/nada\/ana-perovic-usputna-okrutnost-formirala-je-nase-zivote\/"},"modified":"2024-04-15T11:26:08","modified_gmt":"2024-04-15T09:26:08","slug":"ana-perovic-usputna-okrutnost-formirala-je-nase-zivote","status":"publish","type":"nada","link":"https:\/\/sdf.hr\/hr\/nada\/ana-perovic-usputna-okrutnost-formirala-je-nase-zivote\/","title":{"rendered":"Ana Perovi\u0107: Usputna okrutnost formirala je na\u0161e \u017eivote"},"content":{"rendered":"<p><strong>Ana Perovi\u0107<\/strong> klini\u010dka je psihologinja i konstruktivisti\u010dka psihoterapeutkinja. Ro\u0111ena je 1988. godine u Smederevu, studij je zavr\u0161ila u Beogradu, a danas \u017eivi i radi u Zagrebu. Razgovor smo vodile preko Zooma jer je Ana jednu tmurnu zagreba\u010dku nedjelju do\u010dekala kovid pozitivna, \u0161to nas nije omelo da pro\u010de\u0161ljamo sve kutke njenih profesionalnih interesa, a va\u0161a se autorica trudila ne iskoristiti ovaj intervju kao besplatna dva sata vlastite terapije.<\/p>\n<p><strong>Kako biste u kratkim crtama pojasnili konstruktivisti\u010dki pristup psihoterapiji i va\u0161e zanimanje za konstruktivizam? Najzanimljivijom mi se \u010dini polazi\u0161na teza da nema objektivne istine koju pacijent sazna na terapiji.<\/strong><\/p>\n<p>Za konstruktivisti\u010dki pravac \u010dula sam u okviru kolegija na fakultetu, mislim na tre\u0107oj godini studija. Pre toga sam bila jako privr\u017eena raznim psihoanaliti\u010dkim teorijama, kojima dugujemo veliku zahvalnost jer prve ideje o na\u0161em unutra\u0161njem svetu kre\u0107u od psihoanalize i psihodinamskih teorija. Me\u0111utim, ono \u0161to mi je kod konstruktivizma bilo novo je ideja da u terapijskom radu najbolje mo\u017eemo da pomognemo nekome ako kre\u0107emo od premise da mi ne znamo bolje od osobe s kojom radimo \u0161to je njeno li\u010dno iskustvo. Da pojasnim, moja psihoterapeutska polazi\u0161na to\u010dka nije da odmah kreiram ideje o tu\u0111em iskustvu i da te ideje name\u0107em. Mislim da je jedna od dragocenijih ve\u0161tina koju konstruktivizam razvija kod terapeuta ba\u0161 \u0161irina i otvorenost u sagledavanju tu\u0111eg iskustva. Ono \u0161to je tako\u0111er bitno je da mi nikada ne mo\u017eemo da razumemo \u0161ta neko bira da radi u \u017eivotu dok ne vidimo koje mogu\u0107e alternative ta osoba vidi pred sobom. Moja uloga je da osobu usmeravam, da nudim hipoteze, ideje, da otvaram mogu\u0107nosti. Pravac promene ne diktiram su\u0161tinski ja, samo ga nudim, a osoba je ta koja prosto ve\u017eba da neki pravac \u010dini sebi dostupnijim. Terapija je vrsta zajedni\u010dkog puta i timskog rada i terapeut nije neki neprikosnoveni autoritet koji ima mudrost i uvek zna najbolje.<\/p>\n<p><strong>Tokom 2015. i 2016. godine pru\u017eali ste psiholo\u0161ku pomo\u0107 izbjeglicama u Beogradu i Pre\u0161evu. Pribli\u017eite nam iskustvo rada s ljudima u pokretu.<\/strong><\/p>\n<p>Na samim po\u010decima tzv. balkanske rute pridru\u017eila sam se radu nevladine organizacije koju je vodio moj drug i kolega <strong>Marko Toma\u0161evi\u0107<\/strong>, to je bila prva organizacija koja je u Beogradu organizovala psiholo\u0161ku pomo\u0107 izbeglicama. U projektu, koji su podr\u017eali ADRA Srbija i UNHCR, imali smo tro\u010dlane timove koje su \u010dinili psiholog, lekar i prevodilac. Odlazili smo na teren prvo u Beograd pa smo dobili projekat u Pre\u0161evu, u izbegli\u010dkom kampu izme\u0111u Srbije i Makedonije. Mislim da je to jedno od top deset iskustava koja su utjecala na mene i na neki me na\u010din formirala. Provela sam \u0161est meseci u izbjegli\u010dkom kampu, usred zime. Do\u0161la sam tamo sa 27 godina, sa znanjem kako da pru\u017eim intervenciju u krizi, ali i gomilom predrasuda. Nisu to bile predrasude koje diskrimini\u0161u, ali svi smo mislili da znamo kako \u0107e da se pona\u0161aju ljudi izbegli s jednog teritorija, kako \u0107e da se pona\u0161aju ljudi izbegli iz ovog ili onog razloga. Razgovor s izbeglicama uru\u0161io je sve ono \u0161to smo mislili da znamo \u2013 u prvom planu je bilo ba\u0161 specifi\u010dno ljudsko iskustvo i njihove autenti\u010dne pri\u010de koje ne mo\u017ee\u0161 da stavi\u0161 u ladicu.<\/p>\n<p><strong> Mo\u017eete li podijeliti s nama neku konkretnu crticu koja vam je ostala u sje\u0107anju?<\/strong><\/p>\n<p>Se\u0107am se da je jedna mlada Afganistanka iz Kabula, u tom trenu jedina osoba u kampu koja govori farsi i engleski, dr\u017eala lekciju \u010doveku iz Afganistana kako da tretira svoju \u017eenu koja je sedila pored njega. Prevodila je ono \u0161to smo mi kao psiholozi govorili, ali usput dodala i svoja razmi\u0161ljanja (smijeh). Op\u0107enito, najte\u017ei dio ovog iskustva bio je nivo bespomo\u0107nosti koji ose\u0107a\u0161 jer zna\u0161 da mo\u017ee\u0161 da uradi\u0161 jako malo, ve\u0107ina ljudi se u kampu zadr\u017eavala dan, dva. Pri\u010dala sam nedavno s nekim psiholozima koji rade s ljudima u Gazi i istu stvar su mi rekli \u2013 celo vreme zna\u0161 koliko je tvoj doprinos minoran jer mnoge su\u0161tinske potrebe ljudi u ovakvim situacijama ostaju nezadovoljene i ti ne mo\u017ee\u0161 ni\u0161ta da uradi\u0161. Ali s druge strane, ta zahvalnost koju dobije\u0161 samo jer razgovara\u0161 s nekim i uva\u017eava\u0161 njegovo iskustvo, makar je tvoja pomo\u0107 malena, ta zahvalnost je stvarno posebna. Da skratim, jer bih o ovoj temi mogla da govorim ceo intervju, mislim da mi je rad u kampu dao neku dozu zdrave skromnosti. Ne poniznosti, ne gri\u017enje savesti, nego svesnosti vlastite privilegije i svakako skromnosti.<\/p>\n<p><strong>Sa skromnosti prije\u0111imo na nje\u017enost. Mla\u0111e generacije hrvatskih knji\u017eevnika i knji\u017eevnica, primjerice Alen Brlek i Sven Popovi\u0107, ve\u0107 godinama za svoj rad koriste sintagmu &#8220;radikalna nje\u017enost&#8221;. I tekst knji\u017eevnice Dore \u0160usti\u0107 za Novosti o nesretnoj tribini na Vrisku zvao se &#8220;Nje\u017eni put&#8221;, a ona pi\u0161e kako je upravo nje\u017enost sposobnost izgradnje novog svijeta. I vi ste u razli\u010ditim gostovanjima vi\u0161e puta spomenuli nje\u017enost kao va\u017enu rije\u010d za va\u0161 \u017eivot i rad. \u0160to ta nje\u017enost podrazumijeva i za\u0161to vam je va\u017ena?<\/strong><\/p>\n<p>Odgovorit \u0107u vam kao konstruktivisti\u010dka terapeutkinja \u2013 da bismo razumeli \u0161to ne\u0161to zna\u010di za nas, \u010desto je dobro da razumemo \u0161to je za nas ono suprotno. Za mene je suprotno od radikalne ne\u017enosti neka vrsta okrutnosti, dehumanizacija. Mislim da nije slu\u010dajno da mi je tema ne\u017enosti ovoliko va\u017ena, odrastala sam devedesetih na Balkanu, u Srbiji. Na primer, u \u0161koli smo imali romske u\u010denike, mi bismo sedeli na jednom kraju, oni na drugom. Tako je bilo i s izbeglicama s Kosova, isto smo bili odvojeni. Ovake primere moj li\u010dni terapeut, koji je Britanac, naziva &#8220;usputnom okrutno\u0161\u0107u&#8221;. Usputna okrutnost formirala je na\u0161e \u017eivote, a moj odgovor na tu okrutnost bila je od ranog detinjstva ne\u017enost, jedna druga\u010dija pozicija koja me na po\u010detku ko\u0161tala. Verujem da \u0107ete razumeti jer dolazite iz Dalmacije \u2013 ne\u017enost se smatrala slabo\u0161\u0107u, ne\u017enosti se podsmejava, ignori\u0161e je se, a ponekad i ka\u017enjava. A zapravo, okrutnost je jeftina. Lak\u0161e je nekoga dehumanizovati, br\u017ee je postaviti stvari crno-belima. Ne\u017enost je moja nada da okrutnost nije jedina opcija i u svom radu se zaista trudim pokazati da prepoznavanje ljudskosti u sebi i drugima nije slabost, nego da ide ruku pod ruku sa li\u010dnim razvojem. Uostalom, nijedna terapijska promena ne mo\u017ee da do\u0111e iz okrutnosti.<\/p>\n<figure id=\"attachment_4612\" aria-describedby=\"caption-attachment-4612\" style=\"width: 1709px\" class=\"wp-caption alignnone\"><img loading=\"lazy\" decoding=\"async\" class=\"wp-image-4612 size-full\" src=\"https:\/\/sdf.hr\/wp-content\/uploads\/2024\/03\/Perovic2_Mila-Pejic-scaled.jpg\" alt=\"\" width=\"1709\" height=\"2560\" srcset=\"https:\/\/sdf.hr\/wp-content\/uploads\/2024\/03\/Perovic2_Mila-Pejic-scaled.jpg 1709w, https:\/\/sdf.hr\/wp-content\/uploads\/2024\/03\/Perovic2_Mila-Pejic-200x300.jpg 200w, https:\/\/sdf.hr\/wp-content\/uploads\/2024\/03\/Perovic2_Mila-Pejic-684x1024.jpg 684w, https:\/\/sdf.hr\/wp-content\/uploads\/2024\/03\/Perovic2_Mila-Pejic-768x1151.jpg 768w, https:\/\/sdf.hr\/wp-content\/uploads\/2024\/03\/Perovic2_Mila-Pejic-1025x1536.jpg 1025w, https:\/\/sdf.hr\/wp-content\/uploads\/2024\/03\/Perovic2_Mila-Pejic-1367x2048.jpg 1367w\" sizes=\"auto, (max-width: 1709px) 100vw, 1709px\" \/><figcaption id=\"caption-attachment-4612\" class=\"wp-caption-text\">Ana Perovi\u0107 (Foto: Mila Peji\u0107)<\/figcaption><\/figure>\n<p><strong>Pro\u0161le ste godine u organizaciji udruge Skribonauti na zagreba\u010dkom Vrbiku s pjesnikinjom Monikom Herceg odr\u017eali radionice terapijskog pisanja poezije pod nazivom &#8220;Nje\u017enije prema sebi&#8221;. \u0160to se pisalo, tko je pisao, kako su pro\u0161le radionice?<\/strong><\/p>\n<p>Odradile smo dva ciklusa radionica na kojima su pisale \u017eene od dvadeset do preko sedamdeset godina, ve\u0107ina tih \u017eena nikada ranije nije ni\u0161ta napisala. Ciklus smo vodile tako da smo prvo iz pozicije ne\u017enosti pisale o drugima \u2013 svima je bilo prili\u010dno lako pisati s ne\u017eno\u0161\u0107u o deci, roditeljima, partnerima\u2026 ali kada su trebale iz iste pozicije re\u0107i ne\u0161to o sebi, to je ve\u0107 bilo izazovno. Mnoge su onda pisale duhovite pesme, zezale se na svoj ra\u010dun.<\/p>\n<p><strong>Izjavili ste da vas je dosada\u0161nji terapijski put doveo u kontakt s klijentima iz razli\u010ditih kulturolo\u0161kih pozadina. Koliko je va\u017eno prilagoditi pristup osobi ovisno o njezinoj kulturolo\u0161koj, ali rodnoj i klasnoj pozadini? Odakle sve dolaze va\u0161i klijenti?<\/strong><\/p>\n<p>Moj rad s ljudima iz veoma razli\u010ditih kulturolo\u0161kih pozadina vezan je za \u0161iroku mre\u017eu prijatelja posvuda na svetu. Trenutno i sama imam terapeuta koji nije iz na\u0161e kulture, pa znam \u0161to zna\u010di kada treba\u0161 da prevede\u0161 svoj referentni okvir nekom drugome. Mislim da se malo zavaravamo kada unapred pretpostavljamo da bez pitanja razumemo ljude iz na\u0161eg regiona \u2013 toliko je razli\u010ditih pri\u010da jer nam se svima toliko toga desilo \u2013 recimo, ako radi\u0161 s nekim Slovencem ili \u017eenom koja \u017eivi na Kosovu, \u010desto to nisu sli\u010dna iskustva.<\/p>\n<p>Ponekad je opu\u0161tenija pozicija raditi s nekim iz skroz druga\u010dije kulturolo\u0161ke pozadine jer puno manje pretpostavljam, puno vi\u0161e pitam. Primera radi, \u010dak se i mi na Balkanu, unato\u010d konzervativizmu i patrijarhatu, neretko u nekom trenu konfrontiramo s na\u0161im roditeljima i u procesu odrastanja i emancipacije postavimo kakve-takve granice. Nau\u010dila sam da u nekim drugim kulturama to nije slu\u010daj. U nekim se bliskoisto\u010dnim kulturama maltene podrazumeva da je vrhunac emancipacije vo\u0111enje gotovo paralelnog \u017eivota \u2013 ti si emancipovana odrasla osoba van primarne porodice, a druga\u010dija kada si sa svojim roditeljima. Iz na\u0161eg konteksta izgleda kao da ti ljudi obmanjuju svoje roditelje, ali u njihovoj kulturi je ovo referentni okvir. I sada, ako ja kao terapeutkinja osobi ka\u017eem &#8220;pa porazgovarajte otvoreno s roditeljima o granicama, o va\u0161im \u017eeljama&#8221;, ja toj osobi ne \u010dinim ne\u0161to dobro ako ne razumem da je cena takvog razgovora mo\u017eda puno ve\u0107a nego \u0161to je osoba spremna da prihvati i moram da razumem odabir strategija koje sam malopre pomenula.<\/p>\n<p><strong>Koliko je te\u0161ko raditi s nekim s \u010dijim se osnovnim vrijednostima ne sla\u017eete?<\/strong><\/p>\n<p>Mislim da je po\u0161teno da terapeuti dobro prate svoje ose\u0107aje koji se javljaju kada do\u0111emo do nekih fundamentalnih razlika u vrednostima s ljudima s kojima radimo i da je svako od nas obavezan da se javi na superviziju ako proceni da udara u plafon svojih kapaciteta. Nije neophodno da delimo vrednosti s ljudima kojima poku\u0161avamo da pomognemo, ali na nekom nivou to nam mo\u017ee ograni\u010diti rad. Kada ka\u017eem da nije neophodno, ne verujem da je terapija mesto vaspitanja, nije na\u0161 zadatak da menjamo ne\u010diji vrednosni sistem. S druge strane, desilo mi se nekoliko puta da sam otvoreno rekla osobama da je iskustvo, onako kako ga oni opisuju, vrednosno dosta razli\u010dito od onoga kako bi ga ja do\u017eivela. U tom slu\u010daju ponudim svoje vi\u0111enje, neku druga\u010diju perspektivu, koja nije nu\u017eno bolja, ali ne \u017eelim da pre\u0161utim. Jedan od primera je svakako situacija u Gazi jer povremeno u radu s ljudima osetim da stojimo na dosta razli\u010ditim pozicijama i to adresiram \u2013 razli\u010dite pozicije nekad su tu zbog razli\u010ditih vrednosti, nekad zbog nedovoljne informisanosti. Ali da li bi mogla ili uop\u0107e \u017eelela da radim s nekim tko se po vrednostima ba\u0161 radikalno razlikuje od mene, mislim da ne bih imala kapaciteta za to, \u0161to ne zna\u010di da takvi ljudi ne zaslu\u017euju terapiju. Naravno da zaslu\u017euju i ima terapeuta kojima su ove razlike manje va\u017ene u radu.<\/p>\n<figure id=\"attachment_4614\" aria-describedby=\"caption-attachment-4614\" style=\"width: 1709px\" class=\"wp-caption alignnone\"><img loading=\"lazy\" decoding=\"async\" class=\"wp-image-4614 size-full\" src=\"https:\/\/sdf.hr\/wp-content\/uploads\/2024\/03\/Perovic3_Mila-Pejic-scaled.jpg\" alt=\"\" width=\"1709\" height=\"2560\" srcset=\"https:\/\/sdf.hr\/wp-content\/uploads\/2024\/03\/Perovic3_Mila-Pejic-scaled.jpg 1709w, https:\/\/sdf.hr\/wp-content\/uploads\/2024\/03\/Perovic3_Mila-Pejic-200x300.jpg 200w, https:\/\/sdf.hr\/wp-content\/uploads\/2024\/03\/Perovic3_Mila-Pejic-684x1024.jpg 684w, https:\/\/sdf.hr\/wp-content\/uploads\/2024\/03\/Perovic3_Mila-Pejic-768x1150.jpg 768w, https:\/\/sdf.hr\/wp-content\/uploads\/2024\/03\/Perovic3_Mila-Pejic-1025x1536.jpg 1025w, https:\/\/sdf.hr\/wp-content\/uploads\/2024\/03\/Perovic3_Mila-Pejic-1367x2048.jpg 1367w\" sizes=\"auto, (max-width: 1709px) 100vw, 1709px\" \/><figcaption id=\"caption-attachment-4614\" class=\"wp-caption-text\">Ana Perovi\u0107 (Foto: Mila Peji\u0107)<\/figcaption><\/figure>\n<p><strong>Osim konstruktivisti\u010dkog pristupa psihoterapiji, bavite se i nekim oblicima tjelesno usmjerene terapije. Organizirali ste radionicu &#8220;Kako razgovara\u0161 sa svojim telom&#8221;. Svidjelo mi se kako ste jednom prilikom rekli da prerijetko zastanemo i zapitamo sami sebe &#8220;kakva je klima u mom autonomnom nervnom sistemu&#8221;, da se prema tijelu pona\u0161amo kao prema alatu koji mora ispunjavati na\u0161e planove. Recite nam vi\u0161e o tom pristupu.<\/strong><\/p>\n<p>Fer je da na ovo pitanje prvenstveno odgovorim iz pozicije klijentkinje. Kada sam krenula na telesnu terapiju, ispo\u010detka sam bila u fazonu \u0161to ova terapeutkinja pri\u010da, \u0161to da odgovorim kako se ose\u0107am u svom telu. Ali ubrzo sam postala svesna da nikada nisam smatrala da su na\u0161i telo i um razdvojeni, odcepljeni jedno od drugog, vidim ih samo kao razli\u010dite nivoe na kojima do\u017eivljavamo ono \u0161to nam se de\u0161ava. Svaka na\u0161a emocija, svaka na\u0161a misao ima i fiziolo\u0161ku osnovu. Ta dva nivoa mogu bolje ili lo\u0161ije me\u0111usobno komunicirati. Na terapiji sam shvatila da sam tokom odrastanja pokupila ideju da je ono \u0161to mislim, ono o \u010demu mogu da intelektualizujem, moje sigurno mesto, moje upori\u0161te, a da su telesne reakcije ne\u0161to \u010dime mislim da treba da ovladam, da u njih guram neprijatnost, nesigurnost, da prekoravam svoje telo, ubrzavam ga, tretiram, kao \u0161to ste rekli, kao alat koji radi za mene. Kada sam to osvestila i kada sam osvestila da je to za mene krivo, po\u010dela je velika promena. \u017delim da radionica koju dr\u017eim bude prvi korak nekome tko \u017eeli istra\u017eiti svoj odnos s telom u ovom kontekstu.<\/p>\n<p><strong>U decembru 2019. godine pokrenuli ste inicijativu &#8220;Besplatne seanse tokom praznika&#8221;, s ciljem brige o mentalnom zdravlju u, za mnoge, najranjivijem periodu godine. Kako izgledaju besplatne seanse i s kim sura\u0111ujete?<\/strong><\/p>\n<p>Imala sam sveprisutni ose\u0107aj frustracije, mogu re\u0107i i tuge, \u0161to velik broj ljudi u na\u0161em regionu nema pristup psihoterapijskoj podr\u0161ci, te\u0161ko mi se s tim miriti pa sam odlu\u010dila da ne\u0161to napravim. Ideja je da ljudi imaju pravo na jednu besplatnu psihoterapijsku seansu izme\u0111u 15. decembra i 15. januara, sa punom sve\u0161\u0107u da jedna seansa ne zna\u010di mnogo, \u0161to otvoreno ka\u017eem svake godine kada najavljujemo projekat. Ipak, zadnjih pet godina dobijam fidbek da ljudima i taj jedan razgovor zna\u010di vi\u0161e nego \u0161ta mogu da zamislim. Seanse su namenjene prvenstveno onima koji nemaju pristup psihoterapiji, ne mogu je priu\u0161titi, ali i ljudima koji se nalaze u akutnoj krizi, ljudima koji nikada nisu pri\u010dali sa terapeutom, a \u017eele da probiju led, kao i onima koji prosto ne znaju gde potra\u017eiti pomo\u0107. Na web-stranici inicijative budu nazna\u010deni slobodni termini i biografije terapeuta iz regiona koji nude besplatnu terapiju \u2013 pro\u0161log decembra imali smo 70 terapeuta i odr\u017eano je preko 200 seansi \u0161to je stvarno lep broj, pogotovo jer je projekat potpuno volonterski.<\/p>\n<p><strong>Gostujete na mnogim podkastima u Srbiji, od &#8220;Tampon zone&#8221; preko podkasta &#8220;U raljama ose\u0107anja&#8221;, podr\u017eavate javno rad brojnih kolegica. Koliko vam je va\u017ena povezanost sa zajednicom i \u0161to ona za vas uop\u0107e zna\u010di, tko \u010dini tu zajednicu?<\/strong><\/p>\n<p>Moje prisustvo u javnom prostoru desilo se prili\u010dno slu\u010dajno, sada\u0161nju drugaricu <strong>\u0110ur\u0111u Timotijevi\u0107<\/strong> upoznala sam pre ne\u0161to vi\u0161e od dve godine kada me zvala da gostujem u njenom podkastu &#8220;U raljama ose\u0107anja&#8221;, nakon \u0161to je pro\u010ditala moj tekst o HBO seriji &#8220;Prizori iz bra\u010dnog \u017eivota&#8221;. Razgovarale smo o partnerskim odnosima i odmah smo kliknule, bilo mi je veliko u\u017eivanje razgovarati s njom. Nakon toga gostovala sam dva puta u &#8220;Tampon zoni&#8221; <strong>Ive Para\u0111anin<\/strong>. Moram svakako da pomenem i <strong>Milijanu Ne\u0161kovi\u0107<\/strong> i podkast &#8220;Snaga uma&#8221;, kao i moje koleginice koje stoje iza &#8220;Psiholo\u0161kinje&#8221;. Va\u017eno mi je da podr\u017eim \u017eene koje daju medijski prostor temama koje smatram bitnima, verujem da svi ovi podkasti po\u010divaju na istim vrednostima i me\u0111u njima postoji velika solidarnost. Tako gradimo neku kontra te\u017eu gomili ozbiljno problemati\u010dnog sadr\u017eaja u medijskom prostoru, koja je va\u017ena u vremenu kada smo zapljusnuti senzacionalizmom i crno-belim pogledom na svet. Volela bi da te oaze smisla prerastu u ve\u0107u zajednicu.<\/p>\n<p><strong>S obzirom na to da ste u prethodnim odgovorima ve\u0107 rekli \u0161to vam daju nadu, martovski intervju zavr\u0161avamo krilaticom &#8220;Odmor je otpor&#8221;. Kako se i gdje odmarate?<\/strong><\/p>\n<p>Posao terapeuta je dosta ispunjen raznim stresnim temama, prili\u010dno je daleko od nekog ose\u0107aja mira i opu\u0161tenosti pa mi je va\u017ena kontra te\u017ea, koju nalazim u blizini mora. Putovanja mi trebaju da bi se odmorila jer za usporiti trebam promeniti kontekst i okru\u017eenje, a boravak kraj mora, naro\u010dito na ostrvima, to mi usporavanje znatno olak\u0161ava. Tako da odmor je more, to je moj na\u010din brige o sebi.<\/p>\n<p><em>razgovor vodila Vedrana Bibi\u0107<\/em><\/p>\n","protected":false},"excerpt":{"rendered":"<p>Ne\u017enost je moja nada da okrutnost nije jedina opcija i u svom radu se zaista trudim pokazati da prepoznavanje ljudskosti nije slabost, nego da ide ruku pod ruku sa li\u010dnim razvojem. Uostalom, nijedna terapijska promena ne mo\u017ee da do\u0111e iz okrutnosti<\/p>\n","protected":false},"featured_media":4611,"template":"","tags":[173],"atribut":[],"class_list":["post-4616","nada","type-nada","status-publish","has-post-thumbnail","hentry","tag-intervju-2-hr"],"acf":[],"yoast_head":"<!-- This site is optimized with the Yoast SEO plugin v27.4 - https:\/\/yoast.com\/product\/yoast-seo-wordpress\/ -->\n<title>Ana Perovi\u0107: Usputna okrutnost formirala je na\u0161e \u017eivote - SDF - Srpski demokratski forum<\/title>\n<meta name=\"robots\" content=\"index, follow, max-snippet:-1, max-image-preview:large, max-video-preview:-1\" \/>\n<link rel=\"canonical\" href=\"https:\/\/sdf.hr\/hr\/nada\/ana-perovic-usputna-okrutnost-formirala-je-nase-zivote\/\" \/>\n<meta property=\"og:locale\" content=\"hr_HR\" \/>\n<meta property=\"og:type\" content=\"article\" \/>\n<meta property=\"og:title\" content=\"Ana Perovi\u0107: Usputna okrutnost formirala je na\u0161e \u017eivote - SDF - Srpski demokratski forum\" \/>\n<meta property=\"og:description\" content=\"Ne\u017enost je moja nada da okrutnost nije jedina opcija i u svom radu se zaista trudim pokazati da prepoznavanje ljudskosti nije slabost, nego da ide ruku pod ruku sa li\u010dnim razvojem. Uostalom, nijedna terapijska promena ne mo\u017ee da do\u0111e iz okrutnosti\" \/>\n<meta property=\"og:url\" content=\"https:\/\/sdf.hr\/hr\/nada\/ana-perovic-usputna-okrutnost-formirala-je-nase-zivote\/\" \/>\n<meta property=\"og:site_name\" content=\"SDF - Srpski demokratski forum\" \/>\n<meta property=\"article:modified_time\" content=\"2024-04-15T09:26:08+00:00\" \/>\n<meta property=\"og:image\" content=\"https:\/\/sdf.hr\/wp-content\/uploads\/2024\/03\/Perovic1_Andjela-Grozdanic.jpg\" \/>\n\t<meta property=\"og:image:width\" content=\"2100\" \/>\n\t<meta property=\"og:image:height\" content=\"1808\" \/>\n\t<meta property=\"og:image:type\" content=\"image\/jpeg\" \/>\n<meta name=\"twitter:card\" content=\"summary_large_image\" \/>\n<meta name=\"twitter:label1\" content=\"Procijenjeno vrijeme \u010ditanja\" \/>\n\t<meta name=\"twitter:data1\" content=\"13 minuta\" \/>\n<script type=\"application\/ld+json\" class=\"yoast-schema-graph\">{\"@context\":\"https:\\\/\\\/schema.org\",\"@graph\":[{\"@type\":\"WebPage\",\"@id\":\"https:\\\/\\\/sdf.hr\\\/hr\\\/nada\\\/ana-perovic-usputna-okrutnost-formirala-je-nase-zivote\\\/\",\"url\":\"https:\\\/\\\/sdf.hr\\\/hr\\\/nada\\\/ana-perovic-usputna-okrutnost-formirala-je-nase-zivote\\\/\",\"name\":\"Ana Perovi\u0107: Usputna okrutnost formirala je na\u0161e \u017eivote - SDF - Srpski demokratski forum\",\"isPartOf\":{\"@id\":\"https:\\\/\\\/sdf.hr\\\/#website\"},\"primaryImageOfPage\":{\"@id\":\"https:\\\/\\\/sdf.hr\\\/hr\\\/nada\\\/ana-perovic-usputna-okrutnost-formirala-je-nase-zivote\\\/#primaryimage\"},\"image\":{\"@id\":\"https:\\\/\\\/sdf.hr\\\/hr\\\/nada\\\/ana-perovic-usputna-okrutnost-formirala-je-nase-zivote\\\/#primaryimage\"},\"thumbnailUrl\":\"https:\\\/\\\/sdf.hr\\\/wp-content\\\/uploads\\\/2024\\\/03\\\/Perovic1_Andjela-Grozdanic.jpg\",\"datePublished\":\"2024-03-25T08:14:18+00:00\",\"dateModified\":\"2024-04-15T09:26:08+00:00\",\"breadcrumb\":{\"@id\":\"https:\\\/\\\/sdf.hr\\\/hr\\\/nada\\\/ana-perovic-usputna-okrutnost-formirala-je-nase-zivote\\\/#breadcrumb\"},\"inLanguage\":\"hr\",\"potentialAction\":[{\"@type\":\"ReadAction\",\"target\":[\"https:\\\/\\\/sdf.hr\\\/hr\\\/nada\\\/ana-perovic-usputna-okrutnost-formirala-je-nase-zivote\\\/\"]}]},{\"@type\":\"ImageObject\",\"inLanguage\":\"hr\",\"@id\":\"https:\\\/\\\/sdf.hr\\\/hr\\\/nada\\\/ana-perovic-usputna-okrutnost-formirala-je-nase-zivote\\\/#primaryimage\",\"url\":\"https:\\\/\\\/sdf.hr\\\/wp-content\\\/uploads\\\/2024\\\/03\\\/Perovic1_Andjela-Grozdanic.jpg\",\"contentUrl\":\"https:\\\/\\\/sdf.hr\\\/wp-content\\\/uploads\\\/2024\\\/03\\\/Perovic1_Andjela-Grozdanic.jpg\",\"width\":2100,\"height\":1808,\"caption\":\"Ana Perovi\u0107 (Foto: An\u0111ela Grozdani\u0107)\"},{\"@type\":\"BreadcrumbList\",\"@id\":\"https:\\\/\\\/sdf.hr\\\/hr\\\/nada\\\/ana-perovic-usputna-okrutnost-formirala-je-nase-zivote\\\/#breadcrumb\",\"itemListElement\":[{\"@type\":\"ListItem\",\"position\":1,\"name\":\"Po\u010detna stranica\",\"item\":\"https:\\\/\\\/sdf.hr\\\/hr\\\/\"},{\"@type\":\"ListItem\",\"position\":2,\"name\":\"Nada\",\"item\":\"https:\\\/\\\/sdf.hr\\\/nada\\\/\"},{\"@type\":\"ListItem\",\"position\":3,\"name\":\"Ana Perovi\u0107: Usputna okrutnost formirala je na\u0161e \u017eivote\"}]},{\"@type\":\"WebSite\",\"@id\":\"https:\\\/\\\/sdf.hr\\\/#website\",\"url\":\"https:\\\/\\\/sdf.hr\\\/\",\"name\":\"SDF - Srpski demokratski forum\",\"description\":\"Srpski demokratski forum\",\"publisher\":{\"@id\":\"https:\\\/\\\/sdf.hr\\\/#organization\"},\"potentialAction\":[{\"@type\":\"SearchAction\",\"target\":{\"@type\":\"EntryPoint\",\"urlTemplate\":\"https:\\\/\\\/sdf.hr\\\/?s={search_term_string}\"},\"query-input\":{\"@type\":\"PropertyValueSpecification\",\"valueRequired\":true,\"valueName\":\"search_term_string\"}}],\"inLanguage\":\"hr\"},{\"@type\":\"Organization\",\"@id\":\"https:\\\/\\\/sdf.hr\\\/#organization\",\"name\":\"SDF - Srpski demokratski forum\",\"url\":\"https:\\\/\\\/sdf.hr\\\/\",\"logo\":{\"@type\":\"ImageObject\",\"inLanguage\":\"hr\",\"@id\":\"https:\\\/\\\/sdf.hr\\\/#\\\/schema\\\/logo\\\/image\\\/\",\"url\":\"https:\\\/\\\/sdf.hr\\\/wp-content\\\/uploads\\\/2021\\\/07\\\/logo-hr.svg\",\"contentUrl\":\"https:\\\/\\\/sdf.hr\\\/wp-content\\\/uploads\\\/2021\\\/07\\\/logo-hr.svg\",\"width\":271,\"height\":100,\"caption\":\"SDF - Srpski demokratski forum\"},\"image\":{\"@id\":\"https:\\\/\\\/sdf.hr\\\/#\\\/schema\\\/logo\\\/image\\\/\"}}]}<\/script>\n<!-- \/ Yoast SEO plugin. -->","yoast_head_json":{"title":"Ana Perovi\u0107: Usputna okrutnost formirala je na\u0161e \u017eivote - SDF - Srpski demokratski forum","robots":{"index":"index","follow":"follow","max-snippet":"max-snippet:-1","max-image-preview":"max-image-preview:large","max-video-preview":"max-video-preview:-1"},"canonical":"https:\/\/sdf.hr\/hr\/nada\/ana-perovic-usputna-okrutnost-formirala-je-nase-zivote\/","og_locale":"hr_HR","og_type":"article","og_title":"Ana Perovi\u0107: Usputna okrutnost formirala je na\u0161e \u017eivote - SDF - Srpski demokratski forum","og_description":"Ne\u017enost je moja nada da okrutnost nije jedina opcija i u svom radu se zaista trudim pokazati da prepoznavanje ljudskosti nije slabost, nego da ide ruku pod ruku sa li\u010dnim razvojem. Uostalom, nijedna terapijska promena ne mo\u017ee da do\u0111e iz okrutnosti","og_url":"https:\/\/sdf.hr\/hr\/nada\/ana-perovic-usputna-okrutnost-formirala-je-nase-zivote\/","og_site_name":"SDF - Srpski demokratski forum","article_modified_time":"2024-04-15T09:26:08+00:00","og_image":[{"width":2100,"height":1808,"url":"https:\/\/sdf.hr\/wp-content\/uploads\/2024\/03\/Perovic1_Andjela-Grozdanic.jpg","type":"image\/jpeg"}],"twitter_card":"summary_large_image","twitter_misc":{"Procijenjeno vrijeme \u010ditanja":"13 minuta"},"schema":{"@context":"https:\/\/schema.org","@graph":[{"@type":"WebPage","@id":"https:\/\/sdf.hr\/hr\/nada\/ana-perovic-usputna-okrutnost-formirala-je-nase-zivote\/","url":"https:\/\/sdf.hr\/hr\/nada\/ana-perovic-usputna-okrutnost-formirala-je-nase-zivote\/","name":"Ana Perovi\u0107: Usputna okrutnost formirala je na\u0161e \u017eivote - SDF - Srpski demokratski forum","isPartOf":{"@id":"https:\/\/sdf.hr\/#website"},"primaryImageOfPage":{"@id":"https:\/\/sdf.hr\/hr\/nada\/ana-perovic-usputna-okrutnost-formirala-je-nase-zivote\/#primaryimage"},"image":{"@id":"https:\/\/sdf.hr\/hr\/nada\/ana-perovic-usputna-okrutnost-formirala-je-nase-zivote\/#primaryimage"},"thumbnailUrl":"https:\/\/sdf.hr\/wp-content\/uploads\/2024\/03\/Perovic1_Andjela-Grozdanic.jpg","datePublished":"2024-03-25T08:14:18+00:00","dateModified":"2024-04-15T09:26:08+00:00","breadcrumb":{"@id":"https:\/\/sdf.hr\/hr\/nada\/ana-perovic-usputna-okrutnost-formirala-je-nase-zivote\/#breadcrumb"},"inLanguage":"hr","potentialAction":[{"@type":"ReadAction","target":["https:\/\/sdf.hr\/hr\/nada\/ana-perovic-usputna-okrutnost-formirala-je-nase-zivote\/"]}]},{"@type":"ImageObject","inLanguage":"hr","@id":"https:\/\/sdf.hr\/hr\/nada\/ana-perovic-usputna-okrutnost-formirala-je-nase-zivote\/#primaryimage","url":"https:\/\/sdf.hr\/wp-content\/uploads\/2024\/03\/Perovic1_Andjela-Grozdanic.jpg","contentUrl":"https:\/\/sdf.hr\/wp-content\/uploads\/2024\/03\/Perovic1_Andjela-Grozdanic.jpg","width":2100,"height":1808,"caption":"Ana Perovi\u0107 (Foto: An\u0111ela Grozdani\u0107)"},{"@type":"BreadcrumbList","@id":"https:\/\/sdf.hr\/hr\/nada\/ana-perovic-usputna-okrutnost-formirala-je-nase-zivote\/#breadcrumb","itemListElement":[{"@type":"ListItem","position":1,"name":"Po\u010detna stranica","item":"https:\/\/sdf.hr\/hr\/"},{"@type":"ListItem","position":2,"name":"Nada","item":"https:\/\/sdf.hr\/nada\/"},{"@type":"ListItem","position":3,"name":"Ana Perovi\u0107: Usputna okrutnost formirala je na\u0161e \u017eivote"}]},{"@type":"WebSite","@id":"https:\/\/sdf.hr\/#website","url":"https:\/\/sdf.hr\/","name":"SDF - Srpski demokratski forum","description":"Srpski demokratski forum","publisher":{"@id":"https:\/\/sdf.hr\/#organization"},"potentialAction":[{"@type":"SearchAction","target":{"@type":"EntryPoint","urlTemplate":"https:\/\/sdf.hr\/?s={search_term_string}"},"query-input":{"@type":"PropertyValueSpecification","valueRequired":true,"valueName":"search_term_string"}}],"inLanguage":"hr"},{"@type":"Organization","@id":"https:\/\/sdf.hr\/#organization","name":"SDF - Srpski demokratski forum","url":"https:\/\/sdf.hr\/","logo":{"@type":"ImageObject","inLanguage":"hr","@id":"https:\/\/sdf.hr\/#\/schema\/logo\/image\/","url":"https:\/\/sdf.hr\/wp-content\/uploads\/2021\/07\/logo-hr.svg","contentUrl":"https:\/\/sdf.hr\/wp-content\/uploads\/2021\/07\/logo-hr.svg","width":271,"height":100,"caption":"SDF - Srpski demokratski forum"},"image":{"@id":"https:\/\/sdf.hr\/#\/schema\/logo\/image\/"}}]}},"_links":{"self":[{"href":"https:\/\/sdf.hr\/hr\/wp-json\/wp\/v2\/nada\/4616","targetHints":{"allow":["GET"]}}],"collection":[{"href":"https:\/\/sdf.hr\/hr\/wp-json\/wp\/v2\/nada"}],"about":[{"href":"https:\/\/sdf.hr\/hr\/wp-json\/wp\/v2\/types\/nada"}],"wp:featuredmedia":[{"embeddable":true,"href":"https:\/\/sdf.hr\/hr\/wp-json\/wp\/v2\/media\/4611"}],"wp:attachment":[{"href":"https:\/\/sdf.hr\/hr\/wp-json\/wp\/v2\/media?parent=4616"}],"wp:term":[{"taxonomy":"post_tag","embeddable":true,"href":"https:\/\/sdf.hr\/hr\/wp-json\/wp\/v2\/tags?post=4616"},{"taxonomy":"atribut","embeddable":true,"href":"https:\/\/sdf.hr\/hr\/wp-json\/wp\/v2\/atribut?post=4616"}],"curies":[{"name":"wp","href":"https:\/\/api.w.org\/{rel}","templated":true}]}}