{"id":4633,"date":"2024-03-31T13:32:26","date_gmt":"2024-03-31T11:32:26","guid":{"rendered":"https:\/\/sdf.hr\/nada\/makovnjaca-s-domacim-kvascem\/"},"modified":"2024-03-31T13:33:12","modified_gmt":"2024-03-31T11:33:12","slug":"makovnjaca-s-domacim-kvascem","status":"publish","type":"nada","link":"https:\/\/sdf.hr\/hr\/nada\/makovnjaca-s-domacim-kvascem\/","title":{"rendered":"Makovnja\u010da s doma\u0107im kvascem"},"content":{"rendered":"<p>Slatko dizano tijesto s doma\u0107im kvascem ima posebnu aromu, mirisno je, punijeg okusa i malo druga\u010dije teksture. Tako\u0111er, dulje ostaje svje\u017ee i so\u010dno te se ne su\u0161i kao tijesta s konzumnim kvascem. Isto tijesto mo\u017eete raditi za orahnja\u010du ili karubnja\u010du (nadjev od roga\u010da).<\/p>\n<p>Pri izradi slatkog tijesta s doma\u0107im kvascem ili starterom bitno je da on bude aktivan pa ako ga niste dulje koristili, nahranite ga dan ili par sati prije (ako koristite teku\u0107i starter). Kada je pun mjehuri\u0107a i kada se udvostru\u010di, spreman je za upotrebu. Bra\u0161no, jaja, mlijeko i maslac neka budu sobne temperature.<\/p>\n<p>&nbsp;<\/p>\n<p><strong><em>Sastojci za tijesto:<\/em><\/strong><\/p>\n<p>400 g glatkog bra\u0161na (koristim ono za dizana tijesta)<\/p>\n<p>250 ml mlijeka + 50 ml dodatno ako je pregusto (ovisi koje bra\u0161no koristite)<\/p>\n<p>60 g \u0161e\u0107era<\/p>\n<p>2 \u017eumanjka (bjelanjke ostavite u hladnjak)<\/p>\n<p>80 g omek\u0161alog maslaca<\/p>\n<p>130 g doma\u0107eg kvasca (koristim \u010dvrsti, bijeli starter)<\/p>\n<p>prstohvat soli<\/p>\n<p>ribana korica limuna<\/p>\n<p>&nbsp;<\/p>\n<p><strong><em>Za nadjev:<\/em><\/strong><\/p>\n<p>300 g mljevenog maka<\/p>\n<p>250 ml mlijeka (plus jo\u0161 malo ako je potrebno da smjesa ne bude presuha)<\/p>\n<p>ribana korica limuna<\/p>\n<p>100 g \u0161e\u0107era (mo\u017eete i vi\u0161e ako volite sla\u0111e)<\/p>\n<p>malo cimeta<\/p>\n<p>20 g gro\u017e\u0111ica (natopljene u rum, a mo\u017ee i bez njih)<\/p>\n<p>&nbsp;<\/p>\n<p><strong><em>Priprema:<\/em><\/strong><\/p>\n<p>Najprije umijesite tijesto. Prosijte bra\u0161no, dodajte \u0161e\u0107er, malo soli, limunovu koricu, \u017eumanjke i mlijeko pa sve dobro umijesite. Nakon deset minuta dodajte doma\u0107i kvasac ili starter i opet mijesite da bude sjajno i glatko. Postepeno umijesite malo po malo maslaca u tijesto. Kada je tijesto postalo jako elasti\u010dno i sjajno, prekrijte ga prozirnom folijom i ostavite da naraste. Trebat \u0107e mu par sati da po\u010dne rasti i u tom trenutku ga stavim u hladnjak (ne \u010dekam da se udvostru\u010di). Idu\u0107eg dana pripremam nadjev.<\/p>\n<p>Za nadjev zakuhajte mlijeko sa \u0161e\u0107erom, dodajte mak i natopljene gro\u017e\u0111ice, limunovu koricu i promije\u0161ajte. Ostavite da se ohladi. Stavila sam i snijeg od ona dva bjelanjka \u0161to su mi ostala od izrade tijesta.<\/p>\n<p>Tijesto izvadite iz hladnjaka i na pobra\u0161njenoj radnoj plohi ga nje\u017eno razvaljajte u \u010detverokut. Nanesite pripremljeni nadjev. \u010cvrsto zamotajte \u0161trudlu pa je premjestite na lim oblo\u017een masnim papirom. Ostavite jo\u0161 sat ili dva da naraste. Mo\u017eete pe\u0107i i u kalupu za kuglof koji ste namazali maslacem i posuli bra\u0161nom. Ugrijte pe\u0107nicu, makovnja\u010du prema\u017eite umu\u0107enim jajetom ili jogurtom, probodite drvenim \u0161tapi\u0107em na par mjesta i stavite pe\u0107i. Pecite nekih 30 minuta na 180 stupnjeva. Ako pe\u010dete u kalupu za kuglof, pecite 10 do 15 minuta dulje. Mlaku makovnja\u010du pospite \u0161e\u0107erom u prahu.<\/p>\n<p>Dobar tek!<\/p>\n<p><em>pi\u0161e Valentina Vukadinovi\u0107<\/em><\/p>\n","protected":false},"excerpt":{"rendered":"<p>Pri izradi slatkog tijesta s doma\u0107im kvascem ili starterom bitno je da on bude aktivan pa ako ga niste dulje koristili, nahranite ga dan ili par sati prije<\/p>\n","protected":false},"featured_media":4632,"template":"","tags":[42],"atribut":[],"class_list":["post-4633","nada","type-nada","status-publish","has-post-thumbnail","hentry","tag-gorski-kotao"],"acf":[],"yoast_head":"<!-- This site is optimized with the Yoast SEO plugin v27.4 - https:\/\/yoast.com\/product\/yoast-seo-wordpress\/ -->\n<title>Makovnja\u010da s doma\u0107im kvascem - SDF - Srpski demokratski forum<\/title>\n<meta name=\"robots\" content=\"index, follow, max-snippet:-1, max-image-preview:large, max-video-preview:-1\" \/>\n<link rel=\"canonical\" href=\"https:\/\/sdf.hr\/hr\/nada\/makovnjaca-s-domacim-kvascem\/\" \/>\n<meta property=\"og:locale\" content=\"hr_HR\" \/>\n<meta property=\"og:type\" content=\"article\" \/>\n<meta property=\"og:title\" content=\"Makovnja\u010da s doma\u0107im kvascem - SDF - Srpski demokratski forum\" \/>\n<meta property=\"og:description\" content=\"Pri izradi slatkog tijesta s doma\u0107im kvascem ili starterom bitno je da on bude aktivan pa ako ga niste dulje koristili, nahranite ga dan ili par sati prije\" \/>\n<meta property=\"og:url\" content=\"https:\/\/sdf.hr\/hr\/nada\/makovnjaca-s-domacim-kvascem\/\" \/>\n<meta property=\"og:site_name\" content=\"SDF - Srpski demokratski forum\" \/>\n<meta property=\"article:modified_time\" content=\"2024-03-31T11:33:12+00:00\" \/>\n<meta property=\"og:image\" content=\"https:\/\/sdf.hr\/wp-content\/uploads\/2024\/03\/Makovnjaca-scaled.jpg\" \/>\n\t<meta property=\"og:image:width\" content=\"2560\" \/>\n\t<meta property=\"og:image:height\" content=\"1920\" \/>\n\t<meta property=\"og:image:type\" content=\"image\/jpeg\" \/>\n<meta name=\"twitter:card\" content=\"summary_large_image\" \/>\n<meta name=\"twitter:label1\" content=\"Procijenjeno vrijeme \u010ditanja\" \/>\n\t<meta name=\"twitter:data1\" content=\"2 minute\" \/>\n<script type=\"application\/ld+json\" class=\"yoast-schema-graph\">{\"@context\":\"https:\\\/\\\/schema.org\",\"@graph\":[{\"@type\":\"WebPage\",\"@id\":\"https:\\\/\\\/sdf.hr\\\/hr\\\/nada\\\/makovnjaca-s-domacim-kvascem\\\/\",\"url\":\"https:\\\/\\\/sdf.hr\\\/hr\\\/nada\\\/makovnjaca-s-domacim-kvascem\\\/\",\"name\":\"Makovnja\u010da s doma\u0107im kvascem - SDF - Srpski demokratski forum\",\"isPartOf\":{\"@id\":\"https:\\\/\\\/sdf.hr\\\/#website\"},\"primaryImageOfPage\":{\"@id\":\"https:\\\/\\\/sdf.hr\\\/hr\\\/nada\\\/makovnjaca-s-domacim-kvascem\\\/#primaryimage\"},\"image\":{\"@id\":\"https:\\\/\\\/sdf.hr\\\/hr\\\/nada\\\/makovnjaca-s-domacim-kvascem\\\/#primaryimage\"},\"thumbnailUrl\":\"https:\\\/\\\/sdf.hr\\\/wp-content\\\/uploads\\\/2024\\\/03\\\/Makovnjaca-scaled.jpg\",\"datePublished\":\"2024-03-31T11:32:26+00:00\",\"dateModified\":\"2024-03-31T11:33:12+00:00\",\"breadcrumb\":{\"@id\":\"https:\\\/\\\/sdf.hr\\\/hr\\\/nada\\\/makovnjaca-s-domacim-kvascem\\\/#breadcrumb\"},\"inLanguage\":\"hr\",\"potentialAction\":[{\"@type\":\"ReadAction\",\"target\":[\"https:\\\/\\\/sdf.hr\\\/hr\\\/nada\\\/makovnjaca-s-domacim-kvascem\\\/\"]}]},{\"@type\":\"ImageObject\",\"inLanguage\":\"hr\",\"@id\":\"https:\\\/\\\/sdf.hr\\\/hr\\\/nada\\\/makovnjaca-s-domacim-kvascem\\\/#primaryimage\",\"url\":\"https:\\\/\\\/sdf.hr\\\/wp-content\\\/uploads\\\/2024\\\/03\\\/Makovnjaca-scaled.jpg\",\"contentUrl\":\"https:\\\/\\\/sdf.hr\\\/wp-content\\\/uploads\\\/2024\\\/03\\\/Makovnjaca-scaled.jpg\",\"width\":2560,\"height\":1920},{\"@type\":\"BreadcrumbList\",\"@id\":\"https:\\\/\\\/sdf.hr\\\/hr\\\/nada\\\/makovnjaca-s-domacim-kvascem\\\/#breadcrumb\",\"itemListElement\":[{\"@type\":\"ListItem\",\"position\":1,\"name\":\"Po\u010detna stranica\",\"item\":\"https:\\\/\\\/sdf.hr\\\/hr\\\/\"},{\"@type\":\"ListItem\",\"position\":2,\"name\":\"Nada\",\"item\":\"https:\\\/\\\/sdf.hr\\\/nada\\\/\"},{\"@type\":\"ListItem\",\"position\":3,\"name\":\"Makovnja\u010da s doma\u0107im kvascem\"}]},{\"@type\":\"WebSite\",\"@id\":\"https:\\\/\\\/sdf.hr\\\/#website\",\"url\":\"https:\\\/\\\/sdf.hr\\\/\",\"name\":\"SDF - Srpski demokratski forum\",\"description\":\"Srpski demokratski forum\",\"publisher\":{\"@id\":\"https:\\\/\\\/sdf.hr\\\/#organization\"},\"potentialAction\":[{\"@type\":\"SearchAction\",\"target\":{\"@type\":\"EntryPoint\",\"urlTemplate\":\"https:\\\/\\\/sdf.hr\\\/?s={search_term_string}\"},\"query-input\":{\"@type\":\"PropertyValueSpecification\",\"valueRequired\":true,\"valueName\":\"search_term_string\"}}],\"inLanguage\":\"hr\"},{\"@type\":\"Organization\",\"@id\":\"https:\\\/\\\/sdf.hr\\\/#organization\",\"name\":\"SDF - Srpski demokratski forum\",\"url\":\"https:\\\/\\\/sdf.hr\\\/\",\"logo\":{\"@type\":\"ImageObject\",\"inLanguage\":\"hr\",\"@id\":\"https:\\\/\\\/sdf.hr\\\/#\\\/schema\\\/logo\\\/image\\\/\",\"url\":\"https:\\\/\\\/sdf.hr\\\/wp-content\\\/uploads\\\/2021\\\/07\\\/logo-hr.svg\",\"contentUrl\":\"https:\\\/\\\/sdf.hr\\\/wp-content\\\/uploads\\\/2021\\\/07\\\/logo-hr.svg\",\"width\":271,\"height\":100,\"caption\":\"SDF - Srpski demokratski forum\"},\"image\":{\"@id\":\"https:\\\/\\\/sdf.hr\\\/#\\\/schema\\\/logo\\\/image\\\/\"}}]}<\/script>\n<!-- \/ Yoast SEO plugin. -->","yoast_head_json":{"title":"Makovnja\u010da s doma\u0107im kvascem - SDF - Srpski demokratski forum","robots":{"index":"index","follow":"follow","max-snippet":"max-snippet:-1","max-image-preview":"max-image-preview:large","max-video-preview":"max-video-preview:-1"},"canonical":"https:\/\/sdf.hr\/hr\/nada\/makovnjaca-s-domacim-kvascem\/","og_locale":"hr_HR","og_type":"article","og_title":"Makovnja\u010da s doma\u0107im kvascem - SDF - Srpski demokratski forum","og_description":"Pri izradi slatkog tijesta s doma\u0107im kvascem ili starterom bitno je da on bude aktivan pa ako ga niste dulje koristili, nahranite ga dan ili par sati prije","og_url":"https:\/\/sdf.hr\/hr\/nada\/makovnjaca-s-domacim-kvascem\/","og_site_name":"SDF - Srpski demokratski forum","article_modified_time":"2024-03-31T11:33:12+00:00","og_image":[{"width":2560,"height":1920,"url":"https:\/\/sdf.hr\/wp-content\/uploads\/2024\/03\/Makovnjaca-scaled.jpg","type":"image\/jpeg"}],"twitter_card":"summary_large_image","twitter_misc":{"Procijenjeno vrijeme \u010ditanja":"2 minute"},"schema":{"@context":"https:\/\/schema.org","@graph":[{"@type":"WebPage","@id":"https:\/\/sdf.hr\/hr\/nada\/makovnjaca-s-domacim-kvascem\/","url":"https:\/\/sdf.hr\/hr\/nada\/makovnjaca-s-domacim-kvascem\/","name":"Makovnja\u010da s doma\u0107im kvascem - SDF - Srpski demokratski forum","isPartOf":{"@id":"https:\/\/sdf.hr\/#website"},"primaryImageOfPage":{"@id":"https:\/\/sdf.hr\/hr\/nada\/makovnjaca-s-domacim-kvascem\/#primaryimage"},"image":{"@id":"https:\/\/sdf.hr\/hr\/nada\/makovnjaca-s-domacim-kvascem\/#primaryimage"},"thumbnailUrl":"https:\/\/sdf.hr\/wp-content\/uploads\/2024\/03\/Makovnjaca-scaled.jpg","datePublished":"2024-03-31T11:32:26+00:00","dateModified":"2024-03-31T11:33:12+00:00","breadcrumb":{"@id":"https:\/\/sdf.hr\/hr\/nada\/makovnjaca-s-domacim-kvascem\/#breadcrumb"},"inLanguage":"hr","potentialAction":[{"@type":"ReadAction","target":["https:\/\/sdf.hr\/hr\/nada\/makovnjaca-s-domacim-kvascem\/"]}]},{"@type":"ImageObject","inLanguage":"hr","@id":"https:\/\/sdf.hr\/hr\/nada\/makovnjaca-s-domacim-kvascem\/#primaryimage","url":"https:\/\/sdf.hr\/wp-content\/uploads\/2024\/03\/Makovnjaca-scaled.jpg","contentUrl":"https:\/\/sdf.hr\/wp-content\/uploads\/2024\/03\/Makovnjaca-scaled.jpg","width":2560,"height":1920},{"@type":"BreadcrumbList","@id":"https:\/\/sdf.hr\/hr\/nada\/makovnjaca-s-domacim-kvascem\/#breadcrumb","itemListElement":[{"@type":"ListItem","position":1,"name":"Po\u010detna stranica","item":"https:\/\/sdf.hr\/hr\/"},{"@type":"ListItem","position":2,"name":"Nada","item":"https:\/\/sdf.hr\/nada\/"},{"@type":"ListItem","position":3,"name":"Makovnja\u010da s doma\u0107im kvascem"}]},{"@type":"WebSite","@id":"https:\/\/sdf.hr\/#website","url":"https:\/\/sdf.hr\/","name":"SDF - Srpski demokratski forum","description":"Srpski demokratski forum","publisher":{"@id":"https:\/\/sdf.hr\/#organization"},"potentialAction":[{"@type":"SearchAction","target":{"@type":"EntryPoint","urlTemplate":"https:\/\/sdf.hr\/?s={search_term_string}"},"query-input":{"@type":"PropertyValueSpecification","valueRequired":true,"valueName":"search_term_string"}}],"inLanguage":"hr"},{"@type":"Organization","@id":"https:\/\/sdf.hr\/#organization","name":"SDF - Srpski demokratski forum","url":"https:\/\/sdf.hr\/","logo":{"@type":"ImageObject","inLanguage":"hr","@id":"https:\/\/sdf.hr\/#\/schema\/logo\/image\/","url":"https:\/\/sdf.hr\/wp-content\/uploads\/2021\/07\/logo-hr.svg","contentUrl":"https:\/\/sdf.hr\/wp-content\/uploads\/2021\/07\/logo-hr.svg","width":271,"height":100,"caption":"SDF - Srpski demokratski forum"},"image":{"@id":"https:\/\/sdf.hr\/#\/schema\/logo\/image\/"}}]}},"_links":{"self":[{"href":"https:\/\/sdf.hr\/hr\/wp-json\/wp\/v2\/nada\/4633","targetHints":{"allow":["GET"]}}],"collection":[{"href":"https:\/\/sdf.hr\/hr\/wp-json\/wp\/v2\/nada"}],"about":[{"href":"https:\/\/sdf.hr\/hr\/wp-json\/wp\/v2\/types\/nada"}],"wp:featuredmedia":[{"embeddable":true,"href":"https:\/\/sdf.hr\/hr\/wp-json\/wp\/v2\/media\/4632"}],"wp:attachment":[{"href":"https:\/\/sdf.hr\/hr\/wp-json\/wp\/v2\/media?parent=4633"}],"wp:term":[{"taxonomy":"post_tag","embeddable":true,"href":"https:\/\/sdf.hr\/hr\/wp-json\/wp\/v2\/tags?post=4633"},{"taxonomy":"atribut","embeddable":true,"href":"https:\/\/sdf.hr\/hr\/wp-json\/wp\/v2\/atribut?post=4633"}],"curies":[{"name":"wp","href":"https:\/\/api.w.org\/{rel}","templated":true}]}}