{"id":4642,"date":"2024-04-12T11:35:16","date_gmt":"2024-04-12T09:35:16","guid":{"rendered":"https:\/\/sdf.hr\/nada\/politicarke-mijenjaju-politiku\/"},"modified":"2024-04-12T11:36:47","modified_gmt":"2024-04-12T09:36:47","slug":"politicarke-mijenjaju-politiku","status":"publish","type":"nada","link":"https:\/\/sdf.hr\/hr\/nada\/politicarke-mijenjaju-politiku\/","title":{"rendered":"Politi\u010darke mijenjaju politiku"},"content":{"rendered":"<p>\u017dene u manjinskim zajednicama su vi\u0161estruko diskriminisane, prvenstveno zbog \u010dinjenice \u0161to su Srpkinje i \u017eene. Neretko su diskriminisane i unutar same srpske zajednice, ka\u017ee <strong>Dragana Jeckov<\/strong>. Kao saborska zastupnica Samostalne demokratske srpske stranke u desetom sazivu Hrvatskog sabora i \u010dlanica Odbora za ljudska prava i prava nacionalnih manjina, Jeckov isti\u010de da se nikad nije dvoumila kojoj politi\u010dkoj opciji \u0107e se pridru\u017eiti. SDSS je, govori, dominantna politi\u010dka opcija na podru\u010dju iz kojeg dolazi.<\/p>\n<p>&#8211; Uvek sam bila uklju\u010dena u dru\u0161tvena doga\u0111anja sredine, od najranije mladosti sam imala stav o svemu \u0161to me se ticalo. Zbog prirode posla, nastavila sam pratiti sva dru\u0161tvena i politi\u010dka de\u0161avanja u okru\u017eenju. Ose\u0107aj pripadnosti zajednici i \u017eelja da pomognem njenoj afirmaciji rezultirao je politi\u010dkim aktiviranjem prvo na op\u0161tinskom nivou, a nakon toga i dalje. Va\u017eno je da \u017eene osveste da politika nije bauk i da je sve \u0161to se oko nas doga\u0111a, zapravo itekako politika. \u010cim iza\u0111ete iz ku\u0107e va\u017eno je da stanete na stazu, da ste cestovno povezani, da imate kako oti\u0107i na posao ili zdravstveni pregled. Gde \u0107ete ostaviti decu, imate li vrti\u0107 ili \u0161kolu, kako do posla, kako do\u0107i do odgovaraju\u0107e zdravstvene za\u0161tite \u2013 sve je to politika \u2013 govori Dragana Jeckov.<\/p>\n<p>Zastupljenost \u017eena u visokoj politici stalno raste, ali jo\u0161 uvek nije dosegnuta kvota propisana Zakonom o ravnopravnosti spolova (najmanje 40 posto). Na prethodnim parlamentarnim izborima ona tako nije bila nije ispo\u0161tovana na 20 posto lista, a na kraju posljednjeg saziva Sabora zastupljenost \u017eena iznosila je ne\u0161to vi\u0161e od 33 posto. Razlozi za to kriju se u politi\u010dkim, socioekonomskim i sociokulturnim faktorima. Pritom se uz \u017eene u politici \u010desto ve\u017eu predrasude i stereotipi. One su \u010desto ba\u0161 te koje su na udaru okrutnih komentara i seksisti\u010dkih izjava.<\/p>\n<p>&#8211; Na moju veliku \u017ealost bilo ih je poprili\u010dno. Od predrasuda tipa &#8220;\u0160ta \u0107e ona na listi&#8221;, do onih &#8220;ne\u0107e nama suknja voditi politiku&#8221;, pa sve do vre\u0111anja na li\u010dnoj razini kada me je jedan lokalni \u0161erif okrutno opisao &#8220;Da je valjala, do sada bi se udala&#8221;. Vrlo \u010desto spominjem tu uvredljivu re\u010denicu i vrlo jasno pamtim ose\u0107aj koji me je tada obuzeo. Ta \u017eelja da njemu i sli\u010dnima poka\u017eem koliko mogu, za\u010dinjena sa malo inata i zrnom ljutnje, bila je presudni faktor da se jo\u0161 ja\u010de i sigurnije uklju\u010dim u manjinsku politiku. Danas, kada jasno osetim sav teret predstavljanja &#8220;omra\u017eene zajednice&#8221;, ose\u0107am istovremeno i ponos jer pripadam svojoj, srpskoj zajednici \u2013 ka\u017ee Jeckov.<\/p>\n<figure id=\"attachment_4638\" aria-describedby=\"caption-attachment-4638\" style=\"width: 2560px\" class=\"wp-caption alignnone\"><img loading=\"lazy\" decoding=\"async\" class=\"wp-image-4638 size-full\" src=\"https:\/\/sdf.hr\/wp-content\/uploads\/2024\/04\/Jeckov_Sandro-Lendler-scaled.jpg\" alt=\"\" width=\"2560\" height=\"1706\" srcset=\"https:\/\/sdf.hr\/wp-content\/uploads\/2024\/04\/Jeckov_Sandro-Lendler-scaled.jpg 2560w, https:\/\/sdf.hr\/wp-content\/uploads\/2024\/04\/Jeckov_Sandro-Lendler-300x200.jpg 300w, https:\/\/sdf.hr\/wp-content\/uploads\/2024\/04\/Jeckov_Sandro-Lendler-1024x683.jpg 1024w, https:\/\/sdf.hr\/wp-content\/uploads\/2024\/04\/Jeckov_Sandro-Lendler-768x512.jpg 768w, https:\/\/sdf.hr\/wp-content\/uploads\/2024\/04\/Jeckov_Sandro-Lendler-1536x1024.jpg 1536w, https:\/\/sdf.hr\/wp-content\/uploads\/2024\/04\/Jeckov_Sandro-Lendler-2048x1365.jpg 2048w\" sizes=\"auto, (max-width: 2560px) 100vw, 2560px\" \/><figcaption id=\"caption-attachment-4638\" class=\"wp-caption-text\">Dragana Jeckov (Foto: Sandro Lendler)<\/figcaption><\/figure>\n<p><strong>Katarina Nemet<\/strong>, saborska zastupnica Istarskog demokratskog sabora (IDS) i tako\u0111e \u010dlanica Odbora za ljudska prava i prava nacionalnih manjina, politikom se bavi dugi niz godina. Njeni politi\u010dki po\u010deci bili su na lokalnoj razini gde se aktivno uklju\u010dila u kreiranje lokalnih politika kao gradska vije\u0107nica. Od tada pa sve do danas obavljala je niz razli\u010ditih du\u017enosti, od predsednice Gradskog vije\u0107a Grada Novigrada, preko \u010dlanice skup\u0161tine Istarske \u017eupanije, pa sve do saborskog anga\u017emana. Uz nekoliko strana\u010dkih koleginica doprinela je osnivanju Kluba \u017eena IDS-a.<\/p>\n<p>&#8211; \u010clanica sam IDS-a ve\u0107 tridesetak godina i to prvenstveno zato \u0161to je to stranka koja zastupa svjetonazore u koje osobno vjerujem, do kojih osobno dr\u017eim. U okviru kojih va\u017eno mjesto imaju liberalni stavovi koji promi\u010du po\u0161tivanje multietni\u010dnosti i multikulturalnosti. Temelj politike IDS-a su ljudska prava, i to neovisno o narodnosti, podrijetlu, rasi, spolu, jeziku, vjeri, politi\u010dkom ili drugom uvjerenju, obrazovanju, dru\u0161tvenom i materijalnom polo\u017eaju. Uz nekolicinu strana\u010dkih kolegica pridonijela sam osnivanju interesne skupine \u017eena unutar na\u0161e stranke, Kluba \u017eena IDS-a. Tada sam postala njegovom prvom predsjednicom. Uloga Kluba \u017eena na afirmaciji \u010dlanica IDS-a i njihova aktivnijeg uklju\u010divanja strana\u010dke tijekove otad je iznimno velika \u2013 ka\u017ee Nemet za Nadu.<\/p>\n<p>Prema njenim re\u010dima, u Hrvatskoj postoji relativno dobra zakonska regulativa kada govorimo o pravima \u017eena i manjinskih zajednica, ali u praksi stvari \u010desto izgledaju druga\u010dije.<\/p>\n<p>&#8211; Vjerujem da \u0107emo se slo\u017eiti kako kao dru\u0161tvo jo\u0161 nismo dosegli razinu ravnopravnosti kojom bi mogli biti zadovoljni i tu \u0107e svakako trebati ulo\u017eiti dodatne napore. U tom pravcu smatram da je jedna od zada\u0107a nas politi\u010dara i politi\u010darki s lijevog politi\u010dkog spektra stalno ponavljanje i pozivanje dru\u0161tva na bezrezervno po\u0161tivanje prava nacionalnih manjina i prava \u017eena, kao osnovnih ljudskih prava. O tim temama treba neprestano javno progovarati. Koliko je god mogu\u0107e dr\u017eati ih u fokusu javnog diskursa, mijenjati javnu svijest i paralelno djelovati, institucionalno i na druge raspolo\u017eive na\u010dine. Jedino tako se stanje mo\u017ee unaprijediti i pobolj\u0161ati \u2013 govori Katarina Nemet.<\/p>\n<p>Globalne statistike pokazuju da su mlade \u017eene obrazovanije i \u0161kolovanije od mladi\u0107a te da se \u010de\u0161\u0107e odlu\u010duju za nova, ali i nadogradnju postoje\u0107eg znanja. Dragana Jeckov smatra da kada postoji zainteresovana mlada \u017eena u politici, da je to zaista blago. Zato \u0161to ona mo\u017ee biti pokreta\u010d ozbiljnih politika, kako u ruralnim, tako i urbanim sredinama. Prema njenim re\u010dima jednakost nije &#8220;istost&#8221;. U kontekstu da jednakost ne bi trebalo da bude apsolutno uklanjanje razlika, jer je to naprosto nemogu\u0107e. Odnosno da mu\u0161karci i \u017eene ne bi trebalo da budu isti, ve\u0107 ravnopravni u svojim razli\u010ditostima.<\/p>\n<p>&#8211; O problemima treba razgovarati, nipo\u0161to pred njima \u017emuriti. Na njih treba skretati pa\u017enju, a to sam u proteklom mandatu konstantno radila. \u017dene u manjinskim zajednicama su vi\u0161estruko diskriminisane, prvenstveno zbog \u010dinjenice da su Srpkinje i \u017eene. Neretko su diskriminisane i unutar same srpske zajednice. One su \u010desto diskriminisane i zbog svoje vere, svog socijalnog porekla, svog jezika, odre\u0111enog stepena invalidnosti. Ti se izazovi najvi\u0161e ogledaju kroz nejednakost u zaposlenju i pristupu zdravstvenoj za\u0161titi, ali to nisu jedini segmenti. Mislim da se i o menstrualnom siroma\u0161tvu premalo govori. Bez obzira \u0161to su pokazale svoju sposobnost za velike dosege, \u017eenama se danas jo\u0161 uvek postavljaju tradicionalne dru\u0161tvene uloge, kao i ono \u010duveno &#8220;dr\u017eanje tri \u0107o\u0161ka ku\u0107e&#8221; \u2013 obja\u0161njava Jeckov.<\/p>\n<figure id=\"attachment_4640\" aria-describedby=\"caption-attachment-4640\" style=\"width: 2560px\" class=\"wp-caption alignnone\"><img loading=\"lazy\" decoding=\"async\" class=\"wp-image-4640 size-full\" src=\"https:\/\/sdf.hr\/wp-content\/uploads\/2024\/04\/Nemet_Igor-Zirojevic-scaled.jpeg\" alt=\"\" width=\"2560\" height=\"1707\" srcset=\"https:\/\/sdf.hr\/wp-content\/uploads\/2024\/04\/Nemet_Igor-Zirojevic-scaled.jpeg 2560w, https:\/\/sdf.hr\/wp-content\/uploads\/2024\/04\/Nemet_Igor-Zirojevic-300x200.jpeg 300w, https:\/\/sdf.hr\/wp-content\/uploads\/2024\/04\/Nemet_Igor-Zirojevic-1024x683.jpeg 1024w, https:\/\/sdf.hr\/wp-content\/uploads\/2024\/04\/Nemet_Igor-Zirojevic-768x512.jpeg 768w, https:\/\/sdf.hr\/wp-content\/uploads\/2024\/04\/Nemet_Igor-Zirojevic-1536x1024.jpeg 1536w, https:\/\/sdf.hr\/wp-content\/uploads\/2024\/04\/Nemet_Igor-Zirojevic-2048x1365.jpeg 2048w\" sizes=\"auto, (max-width: 2560px) 100vw, 2560px\" \/><figcaption id=\"caption-attachment-4640\" class=\"wp-caption-text\">Katarina Nemet (Foto: Igor Zirojevi\u0107)<\/figcaption><\/figure>\n<p>Katarina Nemet je tako\u0111e sli\u010dnog stava po pitanju uloge \u017eene u politici, kao i va\u017enosti nastavka borbe protiv predrasuda. Smatra kako je potrebno ja\u010de i glasnije promicati ravnopravnost, solidarnost i vladavinu prava kao ustavne i temeljne dru\u0161tvene vrednote. Konstantno nagla\u0161avati osobitu va\u017enost prava mladih te starijih \u017eena, pripadnica nacionalnih manjina, ali i socijalno osjetljivih skupina.<\/p>\n<p>&#8211; Va\u017eno je i konstantno zagovarati ravnopravno sudjelovanje i zastupljenost \u017eena u politi\u010dkom odlu\u010divanju. Po\u010dev\u0161i od gospodarstva, kulture i znanosti, pa sve do uvjeta demokratskog razvitka na\u0161eg dru\u0161tva. U takvim naporima vrlo va\u017enu ulogu imaju sami politi\u010dari i politi\u010darke, ali i svi ostali akteri javnog \u017eivota koji imaju utjecaj na javno mnijenje. Svaki javni diskurs, svaki javni istup utemeljen na stereotipima i predrasudama treba nedvosmisleno i javno osuditi \u2013 govori \u010dlanica IDS-a te nastavlja da je solidarnost sa kolegicama u politici neophodna.<\/p>\n<p>&#8211; Suradnja s kolegicama i kolegama iz Odbora za ljudska prava i prava nacionalnih manjina uvijek je bila korektna. Na dnevnom redu sjednica Odbora \u010desto su se nalazila izvje\u0161\u0107a pravobraniteljica, raznih ministarstava, zakonski prijedlozi koji su ulazili u sfere ljudskih prava, kao i niz drugih tema koje smo s posebnom pa\u017enjom i\u0161\u010ditavali, razmatrali, analizirali i na koncu dostavljali svoje prijedloge za njihovo pobolj\u0161anje i unapre\u0111enje. Rad Odbora ima svoje zakonitosti i odre\u0111ena ograni\u010denja, daje prostora onoliko koliko daje. No predstavlja dobru platformu za dodatni anga\u017eman svih onih koji su u njegov rad uklju\u010deni, pa je onda na svakome osobno da tu priliku iskoristi \u2013 govori Nemet.<\/p>\n<p>Osnivanje \u017eenskih udruga, uklju\u010divanje kroz kulturno-umetni\u010dka dru\u0161tva i inicijetive u ve\u0107im i manjim sredinama samo su neki od na\u010dina ja\u010danja kapaciteta \u017eena. Jedan od njih je Aktiv \u017eena SDSS-a, koji je intenzivnije pokrenuo anga\u017eman \u017eena u manjinskoj politici. To sve mo\u017ee da bude uvertira u anga\u017eman \u017eena ne samo na lokalnom, nego i na nacionalnom nivou.<\/p>\n<p>&#8211; Na svim listama SDSS-a zastupljene su \u017eene u zavidnom broju i isti\u010dem da rukovodstvo stranke o tome jako vodi ra\u010duna. Sada imamo zna\u010dajniji broj \u017eena na razli\u010ditim pozicijama od lokalnog, regionalnog, ali i dr\u017eavnog nivoa. Se\u0107am se ogromne podr\u0161ke \u017eena kada sam prvu put u\u0161la u saborske klupe. Kolegica <strong>Anja \u0160impraga<\/strong> je potpredsednica hrvatske Vlade, na\u010delnica op\u0161tine Jagodnjak je <strong>Danijela Mlinarevi\u0107<\/strong>. Nekoliko mojih prijateljica su direktorke \u0161kola, vrti\u0107a, radio-stanica, na \u010delu jedne institucije Srba u Hrvatskoj, Srpskog demokratskog foruma, prvi put imamo \u017eenu, <strong>Jelenu Nestorovi\u0107<\/strong>. I sama sam bila prva zastupnica SDSS-a u Saboru. Imali smo u jednom trenutku dve zastupnice od tri zastupnika predstavnika srpske zajednice, \u0161to je za o\u010dekivanje i na predstoje\u0107im parlamentarnim izborima. Mislim da je sve navedeno dobro, a \u0161to je jo\u0161 va\u017enije nismo tu da se zadovolji puka forma, ve\u0107 zato \u0161to to \u017eelimo i vredno radimo. Imamo sluha za probleme, druga\u010dije im pristupamo, pragmati\u010dnije smo. Moram jasno i glasno re\u0107i kako zastupljenost jo\u0161 uvek nije dovoljna, kako u na\u0161oj zajednici, tako i u dru\u0161tvu uop\u0161te \u2013 ka\u017ee Dragana Jeckov, a Nemet zaklju\u010duje da bi voljela da jednoga dana \u017eivimo u dru\u0161tvu koje je doseglo takvu razinu ravnopravnosti da nam kvote zapravo ne budu ni potrebne.<\/p>\n<p><em>pi\u0161e Jelena Miri\u0107<\/em><\/p>\n","protected":false},"excerpt":{"rendered":"<p>Predrasude prema \u017eenama i seksisti\u010dke uvrede jo\u0161 vi\u0161e su motivirale Draganu Jeckov da se ja\u010de i sigurnije uklju\u010di u manjinsku politiku. Katarina Nemet ka\u017ee da sami politi\u010dari i politi\u010darke imaju va\u017enu ulogu u politi\u010dkoj afirmaciji \u017eena<\/p>\n","protected":false},"featured_media":4637,"template":"","tags":[130],"atribut":[],"class_list":["post-4642","nada","type-nada","status-publish","has-post-thumbnail","hentry","tag-tema"],"acf":[],"yoast_head":"<!-- This site is optimized with the Yoast SEO plugin v27.4 - https:\/\/yoast.com\/product\/yoast-seo-wordpress\/ -->\n<title>Politi\u010darke mijenjaju politiku - SDF - Srpski demokratski forum<\/title>\n<meta name=\"robots\" content=\"index, follow, max-snippet:-1, max-image-preview:large, max-video-preview:-1\" \/>\n<link rel=\"canonical\" href=\"https:\/\/sdf.hr\/hr\/nada\/politicarke-mijenjaju-politiku\/\" \/>\n<meta property=\"og:locale\" content=\"hr_HR\" \/>\n<meta property=\"og:type\" content=\"article\" \/>\n<meta property=\"og:title\" content=\"Politi\u010darke mijenjaju politiku - SDF - Srpski demokratski forum\" \/>\n<meta property=\"og:description\" content=\"Predrasude prema \u017eenama i seksisti\u010dke uvrede jo\u0161 vi\u0161e su motivirale Draganu Jeckov da se ja\u010de i sigurnije uklju\u010di u manjinsku politiku. Katarina Nemet ka\u017ee da sami politi\u010dari i politi\u010darke imaju va\u017enu ulogu u politi\u010dkoj afirmaciji \u017eena\" \/>\n<meta property=\"og:url\" content=\"https:\/\/sdf.hr\/hr\/nada\/politicarke-mijenjaju-politiku\/\" \/>\n<meta property=\"og:site_name\" content=\"SDF - Srpski demokratski forum\" \/>\n<meta property=\"article:modified_time\" content=\"2024-04-12T09:36:47+00:00\" \/>\n<meta property=\"og:image\" content=\"https:\/\/sdf.hr\/wp-content\/uploads\/2024\/04\/Saborski-odbor_Patrik-Macek-scaled.jpg\" \/>\n\t<meta property=\"og:image:width\" content=\"2560\" \/>\n\t<meta property=\"og:image:height\" content=\"1707\" \/>\n\t<meta property=\"og:image:type\" content=\"image\/jpeg\" \/>\n<meta name=\"twitter:card\" content=\"summary_large_image\" \/>\n<meta name=\"twitter:label1\" content=\"Procijenjeno vrijeme \u010ditanja\" \/>\n\t<meta name=\"twitter:data1\" content=\"8 minuta\" \/>\n<script type=\"application\/ld+json\" class=\"yoast-schema-graph\">{\"@context\":\"https:\\\/\\\/schema.org\",\"@graph\":[{\"@type\":\"WebPage\",\"@id\":\"https:\\\/\\\/sdf.hr\\\/hr\\\/nada\\\/politicarke-mijenjaju-politiku\\\/\",\"url\":\"https:\\\/\\\/sdf.hr\\\/hr\\\/nada\\\/politicarke-mijenjaju-politiku\\\/\",\"name\":\"Politi\u010darke mijenjaju politiku - SDF - Srpski demokratski forum\",\"isPartOf\":{\"@id\":\"https:\\\/\\\/sdf.hr\\\/#website\"},\"primaryImageOfPage\":{\"@id\":\"https:\\\/\\\/sdf.hr\\\/hr\\\/nada\\\/politicarke-mijenjaju-politiku\\\/#primaryimage\"},\"image\":{\"@id\":\"https:\\\/\\\/sdf.hr\\\/hr\\\/nada\\\/politicarke-mijenjaju-politiku\\\/#primaryimage\"},\"thumbnailUrl\":\"https:\\\/\\\/sdf.hr\\\/wp-content\\\/uploads\\\/2024\\\/04\\\/Saborski-odbor_Patrik-Macek-scaled.jpg\",\"datePublished\":\"2024-04-12T09:35:16+00:00\",\"dateModified\":\"2024-04-12T09:36:47+00:00\",\"breadcrumb\":{\"@id\":\"https:\\\/\\\/sdf.hr\\\/hr\\\/nada\\\/politicarke-mijenjaju-politiku\\\/#breadcrumb\"},\"inLanguage\":\"hr\",\"potentialAction\":[{\"@type\":\"ReadAction\",\"target\":[\"https:\\\/\\\/sdf.hr\\\/hr\\\/nada\\\/politicarke-mijenjaju-politiku\\\/\"]}]},{\"@type\":\"ImageObject\",\"inLanguage\":\"hr\",\"@id\":\"https:\\\/\\\/sdf.hr\\\/hr\\\/nada\\\/politicarke-mijenjaju-politiku\\\/#primaryimage\",\"url\":\"https:\\\/\\\/sdf.hr\\\/wp-content\\\/uploads\\\/2024\\\/04\\\/Saborski-odbor_Patrik-Macek-scaled.jpg\",\"contentUrl\":\"https:\\\/\\\/sdf.hr\\\/wp-content\\\/uploads\\\/2024\\\/04\\\/Saborski-odbor_Patrik-Macek-scaled.jpg\",\"width\":2560,\"height\":1707,\"caption\":\"Sjednica Odbora za ljudska prava i prava nacionalnih manjina (Foto: Patrik Macek\\\/PIXSELL)\"},{\"@type\":\"BreadcrumbList\",\"@id\":\"https:\\\/\\\/sdf.hr\\\/hr\\\/nada\\\/politicarke-mijenjaju-politiku\\\/#breadcrumb\",\"itemListElement\":[{\"@type\":\"ListItem\",\"position\":1,\"name\":\"Po\u010detna stranica\",\"item\":\"https:\\\/\\\/sdf.hr\\\/hr\\\/\"},{\"@type\":\"ListItem\",\"position\":2,\"name\":\"Nada\",\"item\":\"https:\\\/\\\/sdf.hr\\\/nada\\\/\"},{\"@type\":\"ListItem\",\"position\":3,\"name\":\"Politi\u010darke mijenjaju politiku\"}]},{\"@type\":\"WebSite\",\"@id\":\"https:\\\/\\\/sdf.hr\\\/#website\",\"url\":\"https:\\\/\\\/sdf.hr\\\/\",\"name\":\"SDF - Srpski demokratski forum\",\"description\":\"Srpski demokratski forum\",\"publisher\":{\"@id\":\"https:\\\/\\\/sdf.hr\\\/#organization\"},\"potentialAction\":[{\"@type\":\"SearchAction\",\"target\":{\"@type\":\"EntryPoint\",\"urlTemplate\":\"https:\\\/\\\/sdf.hr\\\/?s={search_term_string}\"},\"query-input\":{\"@type\":\"PropertyValueSpecification\",\"valueRequired\":true,\"valueName\":\"search_term_string\"}}],\"inLanguage\":\"hr\"},{\"@type\":\"Organization\",\"@id\":\"https:\\\/\\\/sdf.hr\\\/#organization\",\"name\":\"SDF - Srpski demokratski forum\",\"url\":\"https:\\\/\\\/sdf.hr\\\/\",\"logo\":{\"@type\":\"ImageObject\",\"inLanguage\":\"hr\",\"@id\":\"https:\\\/\\\/sdf.hr\\\/#\\\/schema\\\/logo\\\/image\\\/\",\"url\":\"https:\\\/\\\/sdf.hr\\\/wp-content\\\/uploads\\\/2021\\\/07\\\/logo-hr.svg\",\"contentUrl\":\"https:\\\/\\\/sdf.hr\\\/wp-content\\\/uploads\\\/2021\\\/07\\\/logo-hr.svg\",\"width\":271,\"height\":100,\"caption\":\"SDF - Srpski demokratski forum\"},\"image\":{\"@id\":\"https:\\\/\\\/sdf.hr\\\/#\\\/schema\\\/logo\\\/image\\\/\"}}]}<\/script>\n<!-- \/ Yoast SEO plugin. -->","yoast_head_json":{"title":"Politi\u010darke mijenjaju politiku - SDF - Srpski demokratski forum","robots":{"index":"index","follow":"follow","max-snippet":"max-snippet:-1","max-image-preview":"max-image-preview:large","max-video-preview":"max-video-preview:-1"},"canonical":"https:\/\/sdf.hr\/hr\/nada\/politicarke-mijenjaju-politiku\/","og_locale":"hr_HR","og_type":"article","og_title":"Politi\u010darke mijenjaju politiku - SDF - Srpski demokratski forum","og_description":"Predrasude prema \u017eenama i seksisti\u010dke uvrede jo\u0161 vi\u0161e su motivirale Draganu Jeckov da se ja\u010de i sigurnije uklju\u010di u manjinsku politiku. Katarina Nemet ka\u017ee da sami politi\u010dari i politi\u010darke imaju va\u017enu ulogu u politi\u010dkoj afirmaciji \u017eena","og_url":"https:\/\/sdf.hr\/hr\/nada\/politicarke-mijenjaju-politiku\/","og_site_name":"SDF - Srpski demokratski forum","article_modified_time":"2024-04-12T09:36:47+00:00","og_image":[{"width":2560,"height":1707,"url":"https:\/\/sdf.hr\/wp-content\/uploads\/2024\/04\/Saborski-odbor_Patrik-Macek-scaled.jpg","type":"image\/jpeg"}],"twitter_card":"summary_large_image","twitter_misc":{"Procijenjeno vrijeme \u010ditanja":"8 minuta"},"schema":{"@context":"https:\/\/schema.org","@graph":[{"@type":"WebPage","@id":"https:\/\/sdf.hr\/hr\/nada\/politicarke-mijenjaju-politiku\/","url":"https:\/\/sdf.hr\/hr\/nada\/politicarke-mijenjaju-politiku\/","name":"Politi\u010darke mijenjaju politiku - SDF - Srpski demokratski forum","isPartOf":{"@id":"https:\/\/sdf.hr\/#website"},"primaryImageOfPage":{"@id":"https:\/\/sdf.hr\/hr\/nada\/politicarke-mijenjaju-politiku\/#primaryimage"},"image":{"@id":"https:\/\/sdf.hr\/hr\/nada\/politicarke-mijenjaju-politiku\/#primaryimage"},"thumbnailUrl":"https:\/\/sdf.hr\/wp-content\/uploads\/2024\/04\/Saborski-odbor_Patrik-Macek-scaled.jpg","datePublished":"2024-04-12T09:35:16+00:00","dateModified":"2024-04-12T09:36:47+00:00","breadcrumb":{"@id":"https:\/\/sdf.hr\/hr\/nada\/politicarke-mijenjaju-politiku\/#breadcrumb"},"inLanguage":"hr","potentialAction":[{"@type":"ReadAction","target":["https:\/\/sdf.hr\/hr\/nada\/politicarke-mijenjaju-politiku\/"]}]},{"@type":"ImageObject","inLanguage":"hr","@id":"https:\/\/sdf.hr\/hr\/nada\/politicarke-mijenjaju-politiku\/#primaryimage","url":"https:\/\/sdf.hr\/wp-content\/uploads\/2024\/04\/Saborski-odbor_Patrik-Macek-scaled.jpg","contentUrl":"https:\/\/sdf.hr\/wp-content\/uploads\/2024\/04\/Saborski-odbor_Patrik-Macek-scaled.jpg","width":2560,"height":1707,"caption":"Sjednica Odbora za ljudska prava i prava nacionalnih manjina (Foto: Patrik Macek\/PIXSELL)"},{"@type":"BreadcrumbList","@id":"https:\/\/sdf.hr\/hr\/nada\/politicarke-mijenjaju-politiku\/#breadcrumb","itemListElement":[{"@type":"ListItem","position":1,"name":"Po\u010detna stranica","item":"https:\/\/sdf.hr\/hr\/"},{"@type":"ListItem","position":2,"name":"Nada","item":"https:\/\/sdf.hr\/nada\/"},{"@type":"ListItem","position":3,"name":"Politi\u010darke mijenjaju politiku"}]},{"@type":"WebSite","@id":"https:\/\/sdf.hr\/#website","url":"https:\/\/sdf.hr\/","name":"SDF - Srpski demokratski forum","description":"Srpski demokratski forum","publisher":{"@id":"https:\/\/sdf.hr\/#organization"},"potentialAction":[{"@type":"SearchAction","target":{"@type":"EntryPoint","urlTemplate":"https:\/\/sdf.hr\/?s={search_term_string}"},"query-input":{"@type":"PropertyValueSpecification","valueRequired":true,"valueName":"search_term_string"}}],"inLanguage":"hr"},{"@type":"Organization","@id":"https:\/\/sdf.hr\/#organization","name":"SDF - Srpski demokratski forum","url":"https:\/\/sdf.hr\/","logo":{"@type":"ImageObject","inLanguage":"hr","@id":"https:\/\/sdf.hr\/#\/schema\/logo\/image\/","url":"https:\/\/sdf.hr\/wp-content\/uploads\/2021\/07\/logo-hr.svg","contentUrl":"https:\/\/sdf.hr\/wp-content\/uploads\/2021\/07\/logo-hr.svg","width":271,"height":100,"caption":"SDF - Srpski demokratski forum"},"image":{"@id":"https:\/\/sdf.hr\/#\/schema\/logo\/image\/"}}]}},"_links":{"self":[{"href":"https:\/\/sdf.hr\/hr\/wp-json\/wp\/v2\/nada\/4642","targetHints":{"allow":["GET"]}}],"collection":[{"href":"https:\/\/sdf.hr\/hr\/wp-json\/wp\/v2\/nada"}],"about":[{"href":"https:\/\/sdf.hr\/hr\/wp-json\/wp\/v2\/types\/nada"}],"wp:featuredmedia":[{"embeddable":true,"href":"https:\/\/sdf.hr\/hr\/wp-json\/wp\/v2\/media\/4637"}],"wp:attachment":[{"href":"https:\/\/sdf.hr\/hr\/wp-json\/wp\/v2\/media?parent=4642"}],"wp:term":[{"taxonomy":"post_tag","embeddable":true,"href":"https:\/\/sdf.hr\/hr\/wp-json\/wp\/v2\/tags?post=4642"},{"taxonomy":"atribut","embeddable":true,"href":"https:\/\/sdf.hr\/hr\/wp-json\/wp\/v2\/atribut?post=4642"}],"curies":[{"name":"wp","href":"https:\/\/api.w.org\/{rel}","templated":true}]}}