{"id":4654,"date":"2024-04-15T11:22:20","date_gmt":"2024-04-15T09:22:20","guid":{"rendered":"https:\/\/sdf.hr\/nada\/nenad-kovacic-muziku-svijeta-usvajao-sam-kroz-zive-ljude\/"},"modified":"2024-04-28T11:57:44","modified_gmt":"2024-04-28T09:57:44","slug":"nenad-kovacic-muziku-svijeta-usvajao-sam-kroz-zive-ljude","status":"publish","type":"nada","link":"https:\/\/sdf.hr\/hr\/nada\/nenad-kovacic-muziku-svijeta-usvajao-sam-kroz-zive-ljude\/","title":{"rendered":"Nenad Kova\u010di\u0107: Muziku svijeta usvajao sam kroz \u017eive ljude"},"content":{"rendered":"<p><strong>Nenad Kova\u010di\u0107<\/strong> je udaraljka\u0161, pjeva\u010d i skladatelj. Diplomirao je etnologiju i sociologiju u Zagrebu, a glazbom se aktivno bavi od 1997. U tom periodu je svirao u raznim bendovima, a danas je aktivan u Antenatu, kvartetu <strong>Damira Imamovi\u0107a<\/strong>, Truth \u2260 Tribeu, Mimika Orchestrau i Chant Electroniqueu. Preko petnaest godina radi i kao autor kazali\u0161te i filmske glazbe te kao glazbeni pedagog. Godine 2006. dobio je strukovnu nagradu &#8220;Status&#8221; za najboljeg instrumentalistu u kategoriji etno glazbe. Kova\u010di\u0107ev muzi\u010dki i pedago\u0161ki doprinos doma\u0107oj glazbenoj sceni te\u0161ko se mo\u017ee sa\u017eeti u par sati razgovora koji smo vodili u jednom zagreba\u010dkom kafi\u0107u, a jo\u0161 te\u017ee na dvije novinske stranice. Tome usprkos, dali smo sve od sebe.<\/p>\n<p><strong>Glazbom se bavite 27 godina. Toliko je star i Antenat, va\u0161 prvi bend. Startali ste u osnovnoj \u0161koli, a danas, evo, radite na \u010detvrtom albumu. Me\u0111utim, prije Antenata bio je \u2013 folklor. Niste kao dijete imali averziju prema njemu kao ne\u010dem zastarjelom?<\/strong><\/p>\n<p>Kroz cijelu osnovnu \u0161kolu sam pjevao i plesao u jednom KUD-u i sam sebi sam jako zahvalan zbog toga. Treninzi, probe, u\u010denje tehnika pjevanja, dr\u017eanja ritma \u2013 sve to mi je stvorilo prva iskustva sa scenom, a vjerojatno i udarilo temelj interesa za etno glazbu op\u0107enito. U osmom razredu to prestaje biti kul, od<strong> Bojana Horvata<\/strong>, bubnjara i utemeljitelja Antenata, dobivam poziv da pjevam u bendu i tada kre\u0107e rock&#8217;n&#8217;roll faza \u017eivota.<\/p>\n<p><strong> U dugom sta\u017eu i s tri albuma, &#8220;Subing&#8221;, &#8220;Karavana&#8221; i &#8220;Izlet&#8221;, Antenat je pro\u0161ao kroz vi\u0161e \u017eanrovskih transformacija. Uvijek je imao sna\u017enu bazu lokalne publike, ali nikad niste imali jak PR, nego ste je gradili i zadr\u017eavali kao terenci kroz koncerte. Mo\u017eete li u par re\u010denica protr\u010dati kroz bendovsku povijest?<\/strong><\/p>\n<p>Antenat je u samom startu krenuo raditi svoje stvari koje su, iako dje\u010dji pank-rock, imale neku autenti\u010dnost. Nakon faze <em>grungea<\/em> u srednjoj, po\u010deli smo naginjati na <em>dub<\/em>, <em>reggae <\/em>i <em>roots<\/em> zvuk i shvatili da nam to jako le\u017ei. Prvi album je imao dosta <em>ska<\/em> zvuka, a kasnije je postao ve\u0107i utjecaj <em>duba<\/em>. Po\u0161to nas je puno u bendu, na\u0161a je glazba uvijek bila <em>melting pot<\/em> raznih ukusa, od panka do <em>afro beata<\/em>. Do kraja ove godine \u0107emo snimiti novi materijal, ali mi ga je jo\u0161 te\u0161ko definirati rije\u010dima. \u0160to se publike ti\u010de, za\u010deli smo je prije <em>booma<\/em> dru\u0161tvenih mre\u017ea. Ne da nam se to forsirati pa pomla\u0111ivanje publike ide sporo, od usta do usta.<\/p>\n<p><strong>Antenat obilje\u017eava i nadimak &#8220;najpoznatijeg nepoznatog benda&#8221;. Je li vas ikad frustrirao taj vje\u010dni &#8220;nepoznati&#8221; status?<\/strong><\/p>\n<p>U nekim periodima sam imao ambicija i vjere da mo\u017eemo probiti u <em>mainstream<\/em>, ali se sje\u0107am kada mi je legendarni <strong>Hrvoje Nik\u0161i\u0107<\/strong> rekao da treba smanjiti svoja o\u010dekivanja. Koliko god moglo zvu\u010dati kao floskula, na primjeru Antenata je to jako rezoniralo i shvatio sam da je to \u0161to smo postigli na nezavisnoj sceni ve\u0107 predivno. Koncerti su nam uvijek bili glavna aktivnost, njima smo se hranili i bili aktivni i \u017eivi. Shvatio sam da u Antenatu zbog toga rastem na na\u010din koji sa sobom nu\u017eno ne vu\u010de ve\u0107u popularnost i vidljivost.<\/p>\n<figure id=\"attachment_4648\" aria-describedby=\"caption-attachment-4648\" style=\"width: 1707px\" class=\"wp-caption alignnone\"><img loading=\"lazy\" decoding=\"async\" class=\"wp-image-4648 size-full\" src=\"https:\/\/sdf.hr\/wp-content\/uploads\/2024\/04\/Kovacic2_Davor-Konjikusic-scaled.jpg\" alt=\"\" width=\"1707\" height=\"2560\" srcset=\"https:\/\/sdf.hr\/wp-content\/uploads\/2024\/04\/Kovacic2_Davor-Konjikusic-scaled.jpg 1707w, https:\/\/sdf.hr\/wp-content\/uploads\/2024\/04\/Kovacic2_Davor-Konjikusic-200x300.jpg 200w, https:\/\/sdf.hr\/wp-content\/uploads\/2024\/04\/Kovacic2_Davor-Konjikusic-683x1024.jpg 683w, https:\/\/sdf.hr\/wp-content\/uploads\/2024\/04\/Kovacic2_Davor-Konjikusic-768x1152.jpg 768w, https:\/\/sdf.hr\/wp-content\/uploads\/2024\/04\/Kovacic2_Davor-Konjikusic-1024x1536.jpg 1024w, https:\/\/sdf.hr\/wp-content\/uploads\/2024\/04\/Kovacic2_Davor-Konjikusic-1365x2048.jpg 1365w\" sizes=\"auto, (max-width: 1707px) 100vw, 1707px\" \/><figcaption id=\"caption-attachment-4648\" class=\"wp-caption-text\">Nenad Kova\u010di\u0107 (Foto: Davor Konjiku\u0161i\u0107)<\/figcaption><\/figure>\n<p><strong>\u0160to vas nakon toliko godina, uz broje druge bendove, jo\u0161 dr\u017ei s Antenatom?<\/strong><\/p>\n<p>Ne bojim se sam sebi postaviti to pitanje \u2013 ima li to jo\u0161 smisla. Sje\u0107am se da sam si ga postavio i prije prvog klupskog solo koncerta nakon pandemije. Nakon njega sam shvatio da osje\u0107aj koji imam s Antenatom kao kolektivom na stejd\u017eu, oko stejd\u017ea \u2013 da to sve i dalje dr\u017ei vodu, daje mi snagu, puni me. Na kraju krajeva, Antenat mi je jedini isklju\u010divo autorski bend i jedini bend u kojem pjevam. To ispoljavam samo tu.<\/p>\n<p><strong>U drugim bendovima ste u ulozi udaraljka\u0161a. Izdvojila bih, za po\u010detak, Sevdah Takht koji u\u017eiva ugled, mada ni\u0161ni, na svjetskoj sceni. U njemu svirate s Damirom Imamovi\u0107em i Ivanom \u0110uri\u0107 iz Sarajeva te Ivanom Mihajlovi\u0107em iz Beograda.<\/strong><\/p>\n<p>Imamovi\u0107, <strong>Mihajlovi\u0107<\/strong> i ja smo kliknuli prvo kao ljudi pa onda i muzi\u010dki. U toj interpretaciji sevdaha ima puno hodanja po rubu, improvizacije i bacanja u nepoznato. To nam je svoj trojici bitno. Sje\u0107am se kada sam na jednom davnom koncertu u Beogradu u bekstejd\u017eu dobio plejlistu, a na njoj je bila stvar &#8220;Kraj tanana \u0161adrvana&#8221; koju nikad nismo svirali u\u017eivo. Dado je rekao: &#8220;Znam da nismo, zato \u0107emo je i svirati danas.&#8221; U tom me trenu bilo jako strah baciti se u to, a s vremenom mi je postalo potpuno normalno da na stejd\u017eu uvijek postoji jedan dio u kojem ne znam \u0161to \u0107e se desiti. Prije drugog albuma, &#8220;Dvojke&#8221;, nam se priklju\u010dila <strong>Ivana \u0110uri\u0107<\/strong> i digla na\u0161 zvuk na vi\u0161u razinu. Taj je album izdan na \u010duvenom Glitterbeat Recordsu, a producirao ga je <strong>Chris Eckman<\/strong>. Trenutno promoviramo Damirov posljednji album &#8220;World and all that it holds&#8221; koji je objavio Smithsonian Folkways.<\/p>\n<p><strong>Spomenuli ste hod po rubu. Mo\u017eete li malo pojasniti \u0161to vas u takvom pristupu sevdahu najvi\u0161e privla\u010di?<\/strong><\/p>\n<p>Izrazito cijenim Damira jer je veliki teorijski i prakti\u010dni poznavaoc sevdaha, ali tako\u0111er uvijek volim re\u0107i da u njegovoj interpretaciji sevdaha ima jako puno panka. Taj pank je ne\u0161to \u0161to nastojim prenijeti i kroz sve svoje druge muzi\u010dke izri\u010daje \u2013 neka sirovost, autenti\u010dnost i beskompromisnost. Ako etno glazba nema toga, za mene nema vrijednost. Imamovi\u0107ev kvartet je platforma koja jako podr\u017eava to neko crnilo. Ako pri\u010de koje se pojavljuju u tim pjesmama, ljubavne, obiteljske i politi\u010dke, stavi\u0161 u kontekst u kojem su nastale, shvati\u0161 da su izrazito hrabre i te\u0161ke. Velika je snaga toj starini dati suvremeno relevantan glas.<\/p>\n<p><strong>Udaraljke ste dugo svirali i u bendu Afion. Zadnjih ste godina pak dio bendova Mimika Orchestra i Truth \u2260 Tribe, oba vezana uz glazbenika i kompozitora Maka Murti\u0107a i mla\u0111u jazzersku scenu.<\/strong><\/p>\n<p>Sje\u0107am se da me <strong>Makova<\/strong> kompozicija &#8220;Forgiveness Day&#8221; iz ranije, londonske faze Mimike jako privukla jer je progresivna i kompleksna, ali sam u istom trenu uz nju htio popiti rakiju i razbiti \u010da\u0161u o pod. Ulazak u to mi je bio muzi\u010dki intenzivan i izazovan jer nikad prije nisam svirao u big bandu niti svirao tako zahtjevan materijal. Trebalo mi je barem dvije godine da se rije\u0161im nota. Kroz Maka i ljude oko njega sam do\u0161ao u doticaj s mla\u0111om generacijom muzi\u010dara, po\u010deo vi\u0161e muzicirati i s odmakom vidim koliko je to bilo korisno za moj muzi\u010dki razvoj. Truth \u2260 Tribe u kojem sviram <em>drumset<\/em> je nastao pod jakim utjecajem benda Sons of Kemet. U njemu je dosta jaka doza divljanja i, opet \u2013 hodanja po rubu. To je ni\u0161a \u017eestokog, ali plesnog zvuka.<\/p>\n<figure id=\"attachment_4650\" aria-describedby=\"caption-attachment-4650\" style=\"width: 2560px\" class=\"wp-caption alignnone\"><img loading=\"lazy\" decoding=\"async\" class=\"wp-image-4650 size-full\" src=\"https:\/\/sdf.hr\/wp-content\/uploads\/2024\/04\/Kovacic3_Davor-Konjikusic-scaled.jpg\" alt=\"\" width=\"2560\" height=\"1707\" srcset=\"https:\/\/sdf.hr\/wp-content\/uploads\/2024\/04\/Kovacic3_Davor-Konjikusic-scaled.jpg 2560w, https:\/\/sdf.hr\/wp-content\/uploads\/2024\/04\/Kovacic3_Davor-Konjikusic-300x200.jpg 300w, https:\/\/sdf.hr\/wp-content\/uploads\/2024\/04\/Kovacic3_Davor-Konjikusic-1024x683.jpg 1024w, https:\/\/sdf.hr\/wp-content\/uploads\/2024\/04\/Kovacic3_Davor-Konjikusic-768x512.jpg 768w, https:\/\/sdf.hr\/wp-content\/uploads\/2024\/04\/Kovacic3_Davor-Konjikusic-1536x1024.jpg 1536w, https:\/\/sdf.hr\/wp-content\/uploads\/2024\/04\/Kovacic3_Davor-Konjikusic-2048x1365.jpg 2048w\" sizes=\"auto, (max-width: 2560px) 100vw, 2560px\" \/><figcaption id=\"caption-attachment-4650\" class=\"wp-caption-text\">Nenad Kova\u010di\u0107 (Foto: Davor Konjiku\u0161i\u0107)<\/figcaption><\/figure>\n<p><strong>Uz perkusionista Kre\u0161imira Ore\u0161kog, najzaslu\u017eniji ste za uvo\u0111enje zapadnoafri\u010dke ritmi\u010dke tradicije na doma\u0107u glazbenu scenu. Kako ste do\u0161li u prvi doticaj s tom tradicijom i djembe bubnjem koji svirate u raznim bendovima?<\/strong><\/p>\n<p><strong>Ore\u0161kog<\/strong> sam upoznao jedno ljeto u Dubrovniku. Svirao je sa Shamrock Roversima, pukla mu je ko\u017ea na djembeu i zamolio me da mu posudim svoj, a za uzvrat mi je ponudio besplatno poha\u0111anje njegove radionice zapadnoafri\u010dkog ritma u Zagrebu. Prvi doticaj s izvornim svira\u010dem, legendarnim <strong>Mamady Ke\u00eftom<\/strong>, bio je na radionici u Njema\u010dkoj 2005. To je bila svojevrsna inicijacija tijekom koje sam shvatio &#8220;aha, ovako se to svira i treba zvu\u010dati&#8221;. Prvi put smo oti\u0161li u Afriku 2008. kod Mamadyja u Conakry u Gvineji na inicijativu prijatelja <strong>Martina Tur\u0161i\u0107a<\/strong>. Nakon toga sam saznao i za druge majstore i jo\u0161 par puta odlazio u Afriku: 2010. u Mali kod <strong>Famoudou Konate<\/strong> pa 2012. kod <strong>Sege Sidibe<\/strong> u Mali i <strong>Zoumane Dembele<\/strong> u Burkinu Faso.<\/p>\n<p><strong>Nakon prvog povratka iz Afrike 2008. pokrenuli ste svoju \u0161kolu zapadnoafri\u010dkog ritma u Zagrebu koja je, usudila bih se re\u0107i, ostavila zamjetan trag na lokalnoj etno sceni. Kako ste iz uloge muzi\u010dara pre\u0161li u ulogu pedagoga i \u0161to vam je ona donijela nazad kao muzi\u010daru?<\/strong><\/p>\n<p>Ranije sam sporadi\u010dno podu\u010davao kroz privatne sate i tako shvatio da imam \u017eicu za to i da se u tome dobro osje\u0107am. Podu\u010davanje muzi\u010daru jako poma\u017ee jer, da bi ne\u0161to prenio, mora prvo to jako dobro objasniti samom sebi. Tek kad sam svaki ritam samom sebi objasnio na svim razinama, mislio sam da ga smijem podu\u010davati dalje. Jedna je razina analiti\u010dka, ti\u010de se mozga i shva\u0107anja onoga \u0161to se doga\u0111a na notnom papiru. Druga razina su <em>feeling<\/em>, mikrotajminzi i zvuk. Tre\u0107a je razina kontekst u kojem se ne\u0161to izvodi. Vjerojatno sam zbog studija etnologije shva\u0107ao da treba zagrebati ispod povr\u0161ine i postaviti si pitanje za\u0161to, kada i tko ne\u0161to izvodi. Najve\u0107a mi je nagrada uvijek bila kad bi se ljudi nalazili mimo mojih satova, svirali, osnivali bendove. Zadnjih godina ne podu\u010davam, ali vjerujem da \u0107u se opet vratiti tome. \u010cak mislim da se, od svih mojih glazbenih uloga, mo\u017eda najvi\u0161e kao riba u vodi osje\u0107am kao pedagog, kao u\u010ditelj ritma.<\/p>\n<p><strong>Po\u0161to ste kao muzi\u010dar i glazbeni pedagog obi\u0161li cijeli svijet, \u0161to kroz nastupe, \u0161to kroz brojne etno kampove, do\u0161li ste u doticaj s raznim drugim ritmi\u010dkim tradicijama, recimo indijskom. Kako ste i koje utjecaje usvajali?<\/strong><\/p>\n<p>Najvi\u0161e sam toga usvajao kroz \u017eive ljude. Tradicije koje su na mene najvi\u0161e utjecale su magrepska, bliskoisto\u010dna i perzijska, a onda i tradicije ju\u017ene Italije, \u0160panjolske i Portugala. Na kraju, tu je Indija. Na prvom etno kampu tamo sam kroz neobavezne <em>jammove <\/em>po\u010deo ulaziti u zakonitosti indijske ritmike. Trebao bih cijeli jedan \u017eivot da duboko u\u0111em u to, ali sam zagrebao dovoljno da znanje mogu primijeniti na svoje sviranje i razumijevanje, a najvi\u0161e \u010ditanje ritma. Kad komponiram neki ritmi\u010dki uzorak \u010desto \u0107u se poslu\u017eiti konaklom (tzv. <em>konnakol<\/em>), indijskim na\u010dinom zapisivanja i interpretacije ritma.<\/p>\n<p><strong>Iza sebe imate i rad na nizu filmskih i televizijskih projekata, recimo na dokumentarnoj seriji &#8220;Betonski spava\u010di&#8221;. Od 2007. kontinuirano skladate i kazali\u0161nu glazbu.<\/strong><\/p>\n<p>Prvi dokumentarac za koji sam radio muziku je bio &#8220;Bojan&#8221; <strong>\u0110ure Gavrana<\/strong>, a nakon toga sam radio mjuzu za dokumentarnu seriju &#8220;Mijenjam svijet&#8221;, pekao znat i kroz tu suradnju bio pozvan da radim na legendarnim &#8220;Betonskim spava\u010dima&#8221;. Film &#8220;Sedmo nebo&#8221; <strong>Jasne Nanut<\/strong> prvi je igrani film za koji, zajedno s Makom Murti\u0107em, potpisujem <em>soundtrack<\/em>. \u0160to se ti\u010de kazali\u0161ta, s <strong>Anicom Tomi\u0107 <\/strong>i<strong> Jelenom Kova\u010di\u0107<\/strong> sura\u0111ujem od 2007. Puno je predstava iza nas, evo posljednja u Deutsches Theatru u Berlinu, &#8220;Nora \u2013 or how to digest the masters house&#8221;. S vremenom sam postao dio njihovog tima, iako povremeno radim i s drugima, primjerice nedavno s re\u017eiserkom <strong>Ivanom Vukovi\u0107<\/strong> na predstavi &#8220;Mo\u017ee\u0161 biti sve \u0161to \u017eeli\u0161&#8221; u KunstTeatru i <strong>Selmom Spahi\u0107<\/strong> u Kerempuhu na predstavi &#8220;Kro\u0107enje goropadnice&#8221;.<\/p>\n<p><strong>Postoji li u radu za kazali\u0161te ne\u0161to \u0161to vam je osobito izazovno?<\/strong><\/p>\n<p>Ono \u0161to me u kazali\u0161tu jako rajca je to da je uvijek na po\u010detku procesa u jednom malom dijelu mene ogromna nesigurnost. Taj mi je po\u010detak uvijek malo zastra\u0161uju\u0107i, kao da ovo prvi put radim. Ali ta pozicija je ujedno i sna\u017eno gorivo. Druga stvar koju obo\u017eavam kod predstava su reference, bilo da su eksplicitne ili ih moram sam tra\u017eiti. Te reference mi omogu\u0107uju da istra\u017eim neka podru\u010dja s kojima ina\u010de vjerojatno nikad ne bih bio u doticaju i isproduciram ih na na\u010din na koji predstava to tra\u017ei. Sebe sam uvjerio da su zvuk i moja uloga bitni jer jedino tako mogu dati neki svoj maksimum. Na kraju onda fakat zvuk bude jako sugestivan. Svaki <em>soundtrack<\/em> za predstavu je svojevrsni mali album. Bez obzira je li u pitanju neki zvu\u010dni minimalizam ili slo\u017eena kompozicija \u2013 bitno je da uvijek radi za dobrobit predstave. Svi su ujedinjeni za zajedni\u010dki cilj.<\/p>\n<figure id=\"attachment_4652\" aria-describedby=\"caption-attachment-4652\" style=\"width: 2560px\" class=\"wp-caption alignnone\"><img loading=\"lazy\" decoding=\"async\" class=\"wp-image-4652 size-full\" src=\"https:\/\/sdf.hr\/wp-content\/uploads\/2024\/04\/Kovacic4_Davor-Konjikusic-scaled.jpg\" alt=\"\" width=\"2560\" height=\"1707\" srcset=\"https:\/\/sdf.hr\/wp-content\/uploads\/2024\/04\/Kovacic4_Davor-Konjikusic-scaled.jpg 2560w, https:\/\/sdf.hr\/wp-content\/uploads\/2024\/04\/Kovacic4_Davor-Konjikusic-300x200.jpg 300w, https:\/\/sdf.hr\/wp-content\/uploads\/2024\/04\/Kovacic4_Davor-Konjikusic-1024x683.jpg 1024w, https:\/\/sdf.hr\/wp-content\/uploads\/2024\/04\/Kovacic4_Davor-Konjikusic-768x512.jpg 768w, https:\/\/sdf.hr\/wp-content\/uploads\/2024\/04\/Kovacic4_Davor-Konjikusic-1536x1024.jpg 1536w, https:\/\/sdf.hr\/wp-content\/uploads\/2024\/04\/Kovacic4_Davor-Konjikusic-2048x1365.jpg 2048w\" sizes=\"auto, (max-width: 2560px) 100vw, 2560px\" \/><figcaption id=\"caption-attachment-4652\" class=\"wp-caption-text\">Nenad Kova\u010di\u0107 (Foto: Davor Konjiku\u0161i\u0107)<\/figcaption><\/figure>\n<p><strong>Dugo ste aktivni i na suvremenoj, eksperimentalnoj glazbenoj sceni. Kako se to nadovezalo na va\u0161 prethodni rad i \u0161to vam je donijelo?<\/strong><\/p>\n<p>Kazali\u0161te je zapravo primarno polje u kojem sam po\u010deo eksperimentirati sa zvukom, a to je na neki na\u010din povezano s novcem. &#8220;Ku\u010dkini sinovi&#8221;, moj po\u010detak rada u teatru, vjerojatno su bili prva i zadnja predstava na kojoj su postojala dva bud\u017eeta, za skladanje i za studio. Ubrzo su se bud\u017eeti sveli samo na jedan honorar za finalni proizvod \u2013 nije bitno kako \u0107e\u0161 ga snimiti. Bio sam prisiljen da nau\u010dim snimati, producirati i kako iz, recimo, akusti\u010dne gitare napraviti zvuk velik kao ku\u0107a. U mom ulasku na eksperimentalnu scenu su prije desetak godina veliku ulogu imali <strong>Davorka Begovi\u0107<\/strong> i <strong>Nenad Sinkauz<\/strong> te razne radionice i koncerti u Puli u organizaciji <strong>Nevena Radakovi\u0107a<\/strong> i<strong> Alena Sinkauza<\/strong>. Kroz njih sam se na\u0161ao u <em>live<\/em> izvedbama improvizirane eksperimentalne glazbe i pridru\u017eio se ekipi Croatian Improvisers Orchestra. Impro koncerti su tako\u0111er stalni hod po rubu i rizik jer je puno faktora koji jedan takav koncert mogu u\u010diniti najboljim na svijetu, ali i katastrofom. S vremenom stekne\u0161 imunost da te to ne deprimira \u2013 OK, dao sam najbolje, zvijezde se nisu poklopile, ali ve\u0107 \u0107e nas idu\u0107i koncert lansirati u svemir. Puno je magije u eksperimentalnoj glazbi koja je jako velika hrana.<\/p>\n<p><strong>Ima li ne\u0161to me\u0111u va\u0161im najnovijim glazbenim projektima \u0161to biste istaknuli i \u0161to vas osobito veseli?<\/strong><\/p>\n<p>Nedavno sam sudjelovao u snimanju solo albuma <strong>Remi<\/strong>, s njom i producentom <strong>Edijem Cukeri\u0107em<\/strong>, pulskom legendom. Na tome sam radio s jako puno slobode i povjerenja od njih dvoje. Proces \u2013 \u010dista u\u017eivancija! To je prvi put da sam u nekom, uvjetno re\u010deno, pop projektu. Tako\u0111er ulazim u zavr\u0161nu fazu produciranja novog albuma kolektiva Chant Electronique i pripremam se za francusku turneju.<\/p>\n<p><strong>Glazba vam je kruh, od nje \u017eivite. Je li situacija na va\u0161oj razini profesionalne karijere u Hrvatskoj i dalje neizvjesna kad su u pitanju lova i anga\u017emani? Kako se nosite s tim?<\/strong><\/p>\n<p>Moja velika sre\u0107a je da sam dosta mlad krenuo u kazali\u0161nu i filmsku glazbu jer mi je ona izvor ve\u0107ine prihoda. Zna biti frustriraju\u0107e ako uspore\u0111ujem to kako glazbenik mog profila \u017eivi tu, a kako npr. u Francuskoj, kao \u0161to je frustriraju\u0107e ako krene\u0161 zbrajati odra\u0111ene sate i sav minuli rad. To je nesabrojivo i s tim sam se pomirio, kao \u0161to sam se pomirio i s onim kad ljudi ka\u017eu &#8220;ma boli te k\u2026, ti samo svira\u0161 i putuje\u0161 i super ti je&#8221;. U tom je poslu puno stresa koji vrlo lako dovede do <em>burnouta<\/em> ako se ne zna\u0161 za\u0161tititi. To je ono kad se potrefi: nema posla i onda mora\u0161 prihvatiti tri velika projekta \u010diji su rokovi unutar istog tjedna. To mi se desilo par puta u \u017eivotu. I dalje se u\u010dim nositi s tim, ali sam napredovao i do\u0161ao do toga da mogu procijeniti kad je ne\u0161to pametnije odbiti, kao i do nekog nivoa da, iako sam i dalje nekad potpla\u0107en, za svoj rad mogu tra\u017eiti cijenu koju zaslu\u017eujem. Navikao sam se na nesigurnost i generalno, OK \u017eivim. Imam dijete koje ide u vrti\u0107, priu\u0161timo si tu i tamo neko putovanje, nitko nije gladan. Kad bih se osvrnuo unazad, na periode kad sam imao manje ili vi\u0161e para, nekako sam uvijek ipak imao dovoljno. Uvijek ti fali, ali \u017eivi se.<\/p>\n<p><strong>\u0160to vam je jo\u0161 va\u017eno osim muzike? Postoji li ne\u0161to \u0161to ste nau\u010dili od muzike, a prenosi se i u ostatak va\u0161eg \u017eivota?<\/strong><\/p>\n<p>Muzika je kontekst unutar kojeg sam, kad sviram, apsolutno sada i ovdje. U glazbi mi je to lako. Me\u0111utim, va\u017eno mi je tu razinu prisutnosti prenijeti i u druge sfere \u017eivota, osobito odnose \u2013 s partnericom, sinom, prijateljima, sobom. To je u su\u0161tini to. U bilo \u010demu \u0161to radim trudim se biti jednako prisutan kao u glazbi.<\/p>\n<p><strong>Za kraj, htjela bih ispo\u0161tovati pitanje koje se ustalilo kao tradicija u ovakvim intervjuima. \u0160to vam daje nadu?<\/strong><\/p>\n<p>Ako izuzmemo muziku, nadu mi daju \u0161uma, obzor, dje\u010dja ma\u0161ta, o\u010du\u0111enost svijetom i naivnost. I jo\u0161 \u2013 nadu mi daje snaga prijateljstva. Na to se fakat bitno podsjetiti.<\/p>\n<p><em>razgovor vodila Dunja Ku\u010dinac<\/em><\/p>\n","protected":false},"excerpt":{"rendered":"<p>Ne bojim se sam sebi postaviti pitanje \u2013 ima li sve to jo\u0161 smisla. Sje\u0107am se da sam si ga postavio i prije prvog klupskog solo koncerta nakon pandemije. Nakon njega sam shvatio da osje\u0107aj koji imam s Antenatom i dalje dr\u017ei vodu, daje mi snagu<\/p>\n","protected":false},"featured_media":4647,"template":"","tags":[173],"atribut":[],"class_list":["post-4654","nada","type-nada","status-publish","has-post-thumbnail","hentry","tag-intervju-2-hr"],"acf":[],"yoast_head":"<!-- This site is optimized with the Yoast SEO plugin v27.4 - https:\/\/yoast.com\/product\/yoast-seo-wordpress\/ -->\n<title>Nenad Kova\u010di\u0107: Muziku svijeta usvajao sam kroz \u017eive ljude - SDF - Srpski demokratski forum<\/title>\n<meta name=\"robots\" content=\"index, follow, max-snippet:-1, max-image-preview:large, max-video-preview:-1\" \/>\n<link rel=\"canonical\" href=\"https:\/\/sdf.hr\/hr\/nada\/nenad-kovacic-muziku-svijeta-usvajao-sam-kroz-zive-ljude\/\" \/>\n<meta property=\"og:locale\" content=\"hr_HR\" \/>\n<meta property=\"og:type\" content=\"article\" \/>\n<meta property=\"og:title\" content=\"Nenad Kova\u010di\u0107: Muziku svijeta usvajao sam kroz \u017eive ljude - SDF - Srpski demokratski forum\" \/>\n<meta property=\"og:description\" content=\"Ne bojim se sam sebi postaviti pitanje \u2013 ima li sve to jo\u0161 smisla. Sje\u0107am se da sam si ga postavio i prije prvog klupskog solo koncerta nakon pandemije. Nakon njega sam shvatio da osje\u0107aj koji imam s Antenatom i dalje dr\u017ei vodu, daje mi snagu\" \/>\n<meta property=\"og:url\" content=\"https:\/\/sdf.hr\/hr\/nada\/nenad-kovacic-muziku-svijeta-usvajao-sam-kroz-zive-ljude\/\" \/>\n<meta property=\"og:site_name\" content=\"SDF - Srpski demokratski forum\" \/>\n<meta property=\"article:modified_time\" content=\"2024-04-28T09:57:44+00:00\" \/>\n<meta property=\"og:image\" content=\"https:\/\/sdf.hr\/wp-content\/uploads\/2024\/04\/Kovacic1_Davor-Konjikusic-scaled.jpg\" \/>\n\t<meta property=\"og:image:width\" content=\"2560\" \/>\n\t<meta property=\"og:image:height\" content=\"1707\" \/>\n\t<meta property=\"og:image:type\" content=\"image\/jpeg\" \/>\n<meta name=\"twitter:card\" content=\"summary_large_image\" \/>\n<meta name=\"twitter:label1\" content=\"Procijenjeno vrijeme \u010ditanja\" \/>\n\t<meta name=\"twitter:data1\" content=\"14 minuta\" \/>\n<script type=\"application\/ld+json\" class=\"yoast-schema-graph\">{\"@context\":\"https:\\\/\\\/schema.org\",\"@graph\":[{\"@type\":\"WebPage\",\"@id\":\"https:\\\/\\\/sdf.hr\\\/hr\\\/nada\\\/nenad-kovacic-muziku-svijeta-usvajao-sam-kroz-zive-ljude\\\/\",\"url\":\"https:\\\/\\\/sdf.hr\\\/hr\\\/nada\\\/nenad-kovacic-muziku-svijeta-usvajao-sam-kroz-zive-ljude\\\/\",\"name\":\"Nenad Kova\u010di\u0107: Muziku svijeta usvajao sam kroz \u017eive ljude - SDF - Srpski demokratski forum\",\"isPartOf\":{\"@id\":\"https:\\\/\\\/sdf.hr\\\/#website\"},\"primaryImageOfPage\":{\"@id\":\"https:\\\/\\\/sdf.hr\\\/hr\\\/nada\\\/nenad-kovacic-muziku-svijeta-usvajao-sam-kroz-zive-ljude\\\/#primaryimage\"},\"image\":{\"@id\":\"https:\\\/\\\/sdf.hr\\\/hr\\\/nada\\\/nenad-kovacic-muziku-svijeta-usvajao-sam-kroz-zive-ljude\\\/#primaryimage\"},\"thumbnailUrl\":\"https:\\\/\\\/sdf.hr\\\/wp-content\\\/uploads\\\/2024\\\/04\\\/Kovacic1_Davor-Konjikusic-scaled.jpg\",\"datePublished\":\"2024-04-15T09:22:20+00:00\",\"dateModified\":\"2024-04-28T09:57:44+00:00\",\"breadcrumb\":{\"@id\":\"https:\\\/\\\/sdf.hr\\\/hr\\\/nada\\\/nenad-kovacic-muziku-svijeta-usvajao-sam-kroz-zive-ljude\\\/#breadcrumb\"},\"inLanguage\":\"hr\",\"potentialAction\":[{\"@type\":\"ReadAction\",\"target\":[\"https:\\\/\\\/sdf.hr\\\/hr\\\/nada\\\/nenad-kovacic-muziku-svijeta-usvajao-sam-kroz-zive-ljude\\\/\"]}]},{\"@type\":\"ImageObject\",\"inLanguage\":\"hr\",\"@id\":\"https:\\\/\\\/sdf.hr\\\/hr\\\/nada\\\/nenad-kovacic-muziku-svijeta-usvajao-sam-kroz-zive-ljude\\\/#primaryimage\",\"url\":\"https:\\\/\\\/sdf.hr\\\/wp-content\\\/uploads\\\/2024\\\/04\\\/Kovacic1_Davor-Konjikusic-scaled.jpg\",\"contentUrl\":\"https:\\\/\\\/sdf.hr\\\/wp-content\\\/uploads\\\/2024\\\/04\\\/Kovacic1_Davor-Konjikusic-scaled.jpg\",\"width\":2560,\"height\":1707,\"caption\":\"Nenad Kova\u010di\u0107 (Foto: Davor Konjiku\u0161i\u0107)\"},{\"@type\":\"BreadcrumbList\",\"@id\":\"https:\\\/\\\/sdf.hr\\\/hr\\\/nada\\\/nenad-kovacic-muziku-svijeta-usvajao-sam-kroz-zive-ljude\\\/#breadcrumb\",\"itemListElement\":[{\"@type\":\"ListItem\",\"position\":1,\"name\":\"Po\u010detna stranica\",\"item\":\"https:\\\/\\\/sdf.hr\\\/hr\\\/\"},{\"@type\":\"ListItem\",\"position\":2,\"name\":\"Nada\",\"item\":\"https:\\\/\\\/sdf.hr\\\/nada\\\/\"},{\"@type\":\"ListItem\",\"position\":3,\"name\":\"Nenad Kova\u010di\u0107: Muziku svijeta usvajao sam kroz \u017eive ljude\"}]},{\"@type\":\"WebSite\",\"@id\":\"https:\\\/\\\/sdf.hr\\\/#website\",\"url\":\"https:\\\/\\\/sdf.hr\\\/\",\"name\":\"SDF - Srpski demokratski forum\",\"description\":\"Srpski demokratski forum\",\"publisher\":{\"@id\":\"https:\\\/\\\/sdf.hr\\\/#organization\"},\"potentialAction\":[{\"@type\":\"SearchAction\",\"target\":{\"@type\":\"EntryPoint\",\"urlTemplate\":\"https:\\\/\\\/sdf.hr\\\/?s={search_term_string}\"},\"query-input\":{\"@type\":\"PropertyValueSpecification\",\"valueRequired\":true,\"valueName\":\"search_term_string\"}}],\"inLanguage\":\"hr\"},{\"@type\":\"Organization\",\"@id\":\"https:\\\/\\\/sdf.hr\\\/#organization\",\"name\":\"SDF - Srpski demokratski forum\",\"url\":\"https:\\\/\\\/sdf.hr\\\/\",\"logo\":{\"@type\":\"ImageObject\",\"inLanguage\":\"hr\",\"@id\":\"https:\\\/\\\/sdf.hr\\\/#\\\/schema\\\/logo\\\/image\\\/\",\"url\":\"https:\\\/\\\/sdf.hr\\\/wp-content\\\/uploads\\\/2021\\\/07\\\/logo-hr.svg\",\"contentUrl\":\"https:\\\/\\\/sdf.hr\\\/wp-content\\\/uploads\\\/2021\\\/07\\\/logo-hr.svg\",\"width\":271,\"height\":100,\"caption\":\"SDF - Srpski demokratski forum\"},\"image\":{\"@id\":\"https:\\\/\\\/sdf.hr\\\/#\\\/schema\\\/logo\\\/image\\\/\"}}]}<\/script>\n<!-- \/ Yoast SEO plugin. -->","yoast_head_json":{"title":"Nenad Kova\u010di\u0107: Muziku svijeta usvajao sam kroz \u017eive ljude - SDF - Srpski demokratski forum","robots":{"index":"index","follow":"follow","max-snippet":"max-snippet:-1","max-image-preview":"max-image-preview:large","max-video-preview":"max-video-preview:-1"},"canonical":"https:\/\/sdf.hr\/hr\/nada\/nenad-kovacic-muziku-svijeta-usvajao-sam-kroz-zive-ljude\/","og_locale":"hr_HR","og_type":"article","og_title":"Nenad Kova\u010di\u0107: Muziku svijeta usvajao sam kroz \u017eive ljude - SDF - Srpski demokratski forum","og_description":"Ne bojim se sam sebi postaviti pitanje \u2013 ima li sve to jo\u0161 smisla. Sje\u0107am se da sam si ga postavio i prije prvog klupskog solo koncerta nakon pandemije. Nakon njega sam shvatio da osje\u0107aj koji imam s Antenatom i dalje dr\u017ei vodu, daje mi snagu","og_url":"https:\/\/sdf.hr\/hr\/nada\/nenad-kovacic-muziku-svijeta-usvajao-sam-kroz-zive-ljude\/","og_site_name":"SDF - Srpski demokratski forum","article_modified_time":"2024-04-28T09:57:44+00:00","og_image":[{"width":2560,"height":1707,"url":"https:\/\/sdf.hr\/wp-content\/uploads\/2024\/04\/Kovacic1_Davor-Konjikusic-scaled.jpg","type":"image\/jpeg"}],"twitter_card":"summary_large_image","twitter_misc":{"Procijenjeno vrijeme \u010ditanja":"14 minuta"},"schema":{"@context":"https:\/\/schema.org","@graph":[{"@type":"WebPage","@id":"https:\/\/sdf.hr\/hr\/nada\/nenad-kovacic-muziku-svijeta-usvajao-sam-kroz-zive-ljude\/","url":"https:\/\/sdf.hr\/hr\/nada\/nenad-kovacic-muziku-svijeta-usvajao-sam-kroz-zive-ljude\/","name":"Nenad Kova\u010di\u0107: Muziku svijeta usvajao sam kroz \u017eive ljude - SDF - Srpski demokratski forum","isPartOf":{"@id":"https:\/\/sdf.hr\/#website"},"primaryImageOfPage":{"@id":"https:\/\/sdf.hr\/hr\/nada\/nenad-kovacic-muziku-svijeta-usvajao-sam-kroz-zive-ljude\/#primaryimage"},"image":{"@id":"https:\/\/sdf.hr\/hr\/nada\/nenad-kovacic-muziku-svijeta-usvajao-sam-kroz-zive-ljude\/#primaryimage"},"thumbnailUrl":"https:\/\/sdf.hr\/wp-content\/uploads\/2024\/04\/Kovacic1_Davor-Konjikusic-scaled.jpg","datePublished":"2024-04-15T09:22:20+00:00","dateModified":"2024-04-28T09:57:44+00:00","breadcrumb":{"@id":"https:\/\/sdf.hr\/hr\/nada\/nenad-kovacic-muziku-svijeta-usvajao-sam-kroz-zive-ljude\/#breadcrumb"},"inLanguage":"hr","potentialAction":[{"@type":"ReadAction","target":["https:\/\/sdf.hr\/hr\/nada\/nenad-kovacic-muziku-svijeta-usvajao-sam-kroz-zive-ljude\/"]}]},{"@type":"ImageObject","inLanguage":"hr","@id":"https:\/\/sdf.hr\/hr\/nada\/nenad-kovacic-muziku-svijeta-usvajao-sam-kroz-zive-ljude\/#primaryimage","url":"https:\/\/sdf.hr\/wp-content\/uploads\/2024\/04\/Kovacic1_Davor-Konjikusic-scaled.jpg","contentUrl":"https:\/\/sdf.hr\/wp-content\/uploads\/2024\/04\/Kovacic1_Davor-Konjikusic-scaled.jpg","width":2560,"height":1707,"caption":"Nenad Kova\u010di\u0107 (Foto: Davor Konjiku\u0161i\u0107)"},{"@type":"BreadcrumbList","@id":"https:\/\/sdf.hr\/hr\/nada\/nenad-kovacic-muziku-svijeta-usvajao-sam-kroz-zive-ljude\/#breadcrumb","itemListElement":[{"@type":"ListItem","position":1,"name":"Po\u010detna stranica","item":"https:\/\/sdf.hr\/hr\/"},{"@type":"ListItem","position":2,"name":"Nada","item":"https:\/\/sdf.hr\/nada\/"},{"@type":"ListItem","position":3,"name":"Nenad Kova\u010di\u0107: Muziku svijeta usvajao sam kroz \u017eive ljude"}]},{"@type":"WebSite","@id":"https:\/\/sdf.hr\/#website","url":"https:\/\/sdf.hr\/","name":"SDF - Srpski demokratski forum","description":"Srpski demokratski forum","publisher":{"@id":"https:\/\/sdf.hr\/#organization"},"potentialAction":[{"@type":"SearchAction","target":{"@type":"EntryPoint","urlTemplate":"https:\/\/sdf.hr\/?s={search_term_string}"},"query-input":{"@type":"PropertyValueSpecification","valueRequired":true,"valueName":"search_term_string"}}],"inLanguage":"hr"},{"@type":"Organization","@id":"https:\/\/sdf.hr\/#organization","name":"SDF - Srpski demokratski forum","url":"https:\/\/sdf.hr\/","logo":{"@type":"ImageObject","inLanguage":"hr","@id":"https:\/\/sdf.hr\/#\/schema\/logo\/image\/","url":"https:\/\/sdf.hr\/wp-content\/uploads\/2021\/07\/logo-hr.svg","contentUrl":"https:\/\/sdf.hr\/wp-content\/uploads\/2021\/07\/logo-hr.svg","width":271,"height":100,"caption":"SDF - Srpski demokratski forum"},"image":{"@id":"https:\/\/sdf.hr\/#\/schema\/logo\/image\/"}}]}},"_links":{"self":[{"href":"https:\/\/sdf.hr\/hr\/wp-json\/wp\/v2\/nada\/4654","targetHints":{"allow":["GET"]}}],"collection":[{"href":"https:\/\/sdf.hr\/hr\/wp-json\/wp\/v2\/nada"}],"about":[{"href":"https:\/\/sdf.hr\/hr\/wp-json\/wp\/v2\/types\/nada"}],"wp:featuredmedia":[{"embeddable":true,"href":"https:\/\/sdf.hr\/hr\/wp-json\/wp\/v2\/media\/4647"}],"wp:attachment":[{"href":"https:\/\/sdf.hr\/hr\/wp-json\/wp\/v2\/media?parent=4654"}],"wp:term":[{"taxonomy":"post_tag","embeddable":true,"href":"https:\/\/sdf.hr\/hr\/wp-json\/wp\/v2\/tags?post=4654"},{"taxonomy":"atribut","embeddable":true,"href":"https:\/\/sdf.hr\/hr\/wp-json\/wp\/v2\/atribut?post=4654"}],"curies":[{"name":"wp","href":"https:\/\/api.w.org\/{rel}","templated":true}]}}