{"id":4684,"date":"2024-04-19T09:30:08","date_gmt":"2024-04-19T07:30:08","guid":{"rendered":"https:\/\/sdf.hr\/nada\/urbani-glas-rijeke\/"},"modified":"2024-04-19T09:31:58","modified_gmt":"2024-04-19T07:31:58","slug":"urbani-glas-rijeke","status":"publish","type":"nada","link":"https:\/\/sdf.hr\/hr\/nada\/urbani-glas-rijeke\/","title":{"rendered":"Urbani glas Rijeke"},"content":{"rendered":"<p>Prije deset godina grupa majki okupila se na velikom betonskom trgu ispred jedne od rije\u010dkih osnovnih \u0161kola i pokrenula gra\u0111ansku inicijativu danas poznatu pod imenom Urbani separe. U po\u010detku je njihov rad bio potpuna gerila \u2013 sadile su cvije\u0107e i farbale klupice, sve s ciljem sre\u0111ivanja javnih povr\u0161ina u Rijeci. Godine 2016. organizirale su akciju pranja kipa <strong>Ivana pl. Zajca <\/strong>u Kazali\u0161nom parku \u010dime su ukazale na status kulture u gradu, a 2020. godine u sklopu EPK u Rijeci nastao je Mjesni odbor Hartera \u2013 projekt razvoja zajednice kojim se pokre\u0107u rasprave o budu\u0107nosti postindustrijskih ostataka. Tada se u rad udruge kao dizajner uklju\u010duje <strong>Marin Ni\u017ei\u0107<\/strong>, a ubrzo se priklju\u010duju i <strong>Mara Prpi\u0107<\/strong> i <strong>Tanja Bla\u0161kovi\u0107<\/strong>.<\/p>\n<p>Pro\u0161le su godine proveli niz kvartovskih festivala, &#8220;Pozdrava iz Rijeke&#8221;, koji su isticali specifi\u010dnosti Mlake, Kantride, Zameta i Pe\u0107ina, a kako govori Mara, programe su osmi\u0161ljavali s grupom ljudi iz kvarta. Iako se radilo i na pojedinim nedostatcima, isticale su se i brojne pozitivne stvari.<\/p>\n<p>&#8211; Tu je nekad bilo kino, tu je nekad bio plesnjak \u2013 to su stvari koje mi ne znamo jer ne \u017eivimo u tim kvartovima i onda skupa sa stanovnicima o\u017eivljavamo kvart. To uvijek dobro ide jer ljudi \u010dim shvate da mogu, do\u0111u do momenta gdje ih zanese taj val i svi se priklju\u010de \u2013 govori Mara, dok Tanja dodaje kako su gra\u0111ani uvijek spremni podr\u017eati, a svi su programi zapravo neka vrsta \u0161kolice aktiviranja javnog prostora za gra\u0111ane.<\/p>\n<p>&#8211; Mi smo tu kao podr\u0161ka, ali htjeli bismo da se ljudi organiziraju u svom kvartu, bilo da je u pitanju neko zajedni\u010dko kuhanje, \u0161etnja ili akcija ure\u0111enja. Nadam se da \u0107e se kod ljudi razviti taj osje\u0107aj za aktivizam i da \u0107e kasnije to primijeniti u svojim kvartovima i onda kada projekti zavr\u0161e \u2013 govori Tanja.<\/p>\n<p>Ukupno je u pro\u0161logodi\u0161njim kvartovskim festivalima sudjelovalo oko 5000 ljudi, a jedna od najvidljivijih promjena koje je ovaj projekt donio vezana je uz Kantridu gdje se tijekom festivala potpisivala peticija za ure\u0111enje pla\u017ee kraj lu\u010dice 3. maja, a koje \u0107e se ove godine provesti pod vodstvom Gra\u0111anske inicijative Kantrida. Kako nam govori Marin, smatraju da tome uvelike poma\u017ee njihov pozitivan pristup koji ima zdravu dozu kritike.<\/p>\n<p>&#8211; Naravno da je netko kriv za lo\u0161e stanje javnog prostora, ali iako je krivac poznat, bez njih i suradnje s njima te\u0161ko je i\u0161ta promijeniti, tako da jednostavno svi skupa moramo konstruktivno i\u0107i naprijed. \u017delja nam je ove godine biti malo kriti\u010dniji upravo zbog toga \u0161to sada pokrivamo dvije teme koje zahtijevaju dosta velike promjene, a to su Rje\u010dina i morska obala \u2013 obja\u0161njava Marin.<\/p>\n<figure id=\"attachment_4682\" aria-describedby=\"caption-attachment-4682\" style=\"width: 2200px\" class=\"wp-caption alignnone\"><img loading=\"lazy\" decoding=\"async\" class=\"wp-image-4682 size-full\" src=\"https:\/\/sdf.hr\/wp-content\/uploads\/2024\/04\/Hartera_Mara-Prpic.jpeg\" alt=\"\" width=\"2200\" height=\"1467\" srcset=\"https:\/\/sdf.hr\/wp-content\/uploads\/2024\/04\/Hartera_Mara-Prpic.jpeg 2200w, https:\/\/sdf.hr\/wp-content\/uploads\/2024\/04\/Hartera_Mara-Prpic-300x200.jpeg 300w, https:\/\/sdf.hr\/wp-content\/uploads\/2024\/04\/Hartera_Mara-Prpic-1024x683.jpeg 1024w, https:\/\/sdf.hr\/wp-content\/uploads\/2024\/04\/Hartera_Mara-Prpic-768x512.jpeg 768w, https:\/\/sdf.hr\/wp-content\/uploads\/2024\/04\/Hartera_Mara-Prpic-1536x1024.jpeg 1536w, https:\/\/sdf.hr\/wp-content\/uploads\/2024\/04\/Hartera_Mara-Prpic-2048x1366.jpeg 2048w\" sizes=\"auto, (max-width: 2200px) 100vw, 2200px\" \/><figcaption id=\"caption-attachment-4682\" class=\"wp-caption-text\">Hartera \u2013 mjesna \u0107akula (Foto: Mara Prpi\u0107)<\/figcaption><\/figure>\n<p>Park prirode Ri\u010dina i Pozdrav s Rije\u010dke rivijere dva su programska pravca koja se provode ove godine. Rje\u010dinom \u0107e se baviti du\u017e cijelog toka te ukazati na prirodne, kulturne, dru\u0161tvene, urbanisti\u010dke i druge potencijale \u017eivota i bivanja uz rijeku, dok \u0107e rivijera \u017eivnuti uz aktivnosti poput izlo\u017ebi, radionica, marendi, glazbe i filma. Premda su aktivnosti naizgled \u010dista zabava, sadr\u017ee dobru dozu kritike \u2013 pro\u0161logodi\u0161nje bacanje sjemenih bombica na pla\u017ei na Pe\u0107inama direktan je komentar na posje\u010denu \u0161umu koja je tamo stvarala jedini hlad. U posljednje se vrijeme u Rijeci donose brojne odluke koje \u0107e zna\u010dajno promijeniti grad \u2013 od nebodera na Kantridi do novog Porto Baro\u0161a. Kako nam obja\u0161njava Mara, puno je tu frustracije i nepoznanica, ali se trude da im to ne bude primarni pokreta\u010d.<\/p>\n<p>&#8211; Razni razvojni i prostorni planovi nisu doneseni u dijalogu sa stanovni\u0161tvom koje \u0107e, na kraju dana, najvi\u0161e osje\u0107ati takve promjene. Opet, mislim da smo u super poziciji da guramo taj pristup odozdo i da \u0161iroj javnosti ukazujemo i na dobro i na lo\u0161e, da vidimo kakav \u0107e utjecaj promjene ili pak ne-promjene imati na ljude i pitati ih kako oni to vide. Puno ljudi takav razvoj grada vidi kao pozitivnu stvar i ne mo\u017ee im se zamjeriti \u2013 obja\u0161njava Mara.<\/p>\n<p>Nezaobilaznom rije\u010dkom temom industrijske ba\u0161tine Urbani separe bavi se posjetima, poput onog bazenima na \u0160kolji\u0107u kojima upravlja Autotrolej, a koji su zatvoreni za javnost, pa je organizirani posjet bio rijetka prilika da ih \u0161ire gra\u0111anstvo vidi.<\/p>\n<p>&#8211; Posjetima se takva mjesta ponovno otvore barem na jedan dan, ali se time otvori i ta tema. Zna se \u010desto desiti da se teme koje se na\u0161im doga\u0111anjima stave na vidjelo pretvore u vije\u0107ni\u010dka pitanja u Gradu ili \u010dak \u017dupaniji. To nikada nisu pitanja na koja utje\u010demo, ali se dogode jer teme postanu medijski prisutne ili na kraju krajeva i ti ljudi na neki na\u010din prate \u0161to se doga\u0111a \u2013 govori Marin.<\/p>\n<p>Jedan od na\u010dina kojim Urbani separe propituje stanje pojedinih mjesta je i poigravanje s nazivima \u2013 Mjesni odbor Hartera nije pravi Mjesni odbor, a Park prirode Ri\u010dina zapravo je zami\u0161ljen. Tako se igranjem formalnim nazivima jasno daje do znanja druga\u010dija vizija i izra\u017eava \u017eelja za druga\u010dijim \u017eivotom u gradu.<\/p>\n<p>&#8211; U Pozdravu s Rije\u010dke rivijere igramo se drugim idejama, primjerice, kako se turisti\u010dki uop\u0107e mo\u017ee prezentirati hrpa metalnog otpada, parkinzi uz more, ograde koje blokiraju prolaz, more upitne \u010disto\u0107e, jahte koje se prakti\u010dki besplatno privezuju. Kroz taj rije\u010dki paradoks pozivamo ljude da do\u0111u jer je to &#8220;najbolje na svijetu&#8221;, &#8220;najbolja rivijera&#8221; ili &#8220;najbolja turisti\u010dka senzacija ikad&#8221; \u2013 obja\u0161njava Tanja.<\/p>\n<p>Rad u civilnom sektoru uvijek je borba s financijama, a Urbani separe ove je godine uspio prona\u0107i sredstva za jednu punu pla\u0107u, no te\u017ee ka tome da u budu\u0107nosti svi budu ravnopravno pla\u0107eni. Upravo su im zbog ograni\u010denih financija od velikog zna\u010daja volonteri, ljudi koji organiziraju i vode radionice i \u0161etnje te se zala\u017eu u lokalnoj zajednici.<\/p>\n<p>&#8211; Zanimljivo je da je to \u0161to mi radimo skroz normalna stvar u ostatku Europe, a u zadnjih par godina otvara se sve vi\u0161e financiranja za takve projekte. Nama je nekada te\u0161ko direktno se uklopiti samo u kulturu ili ekologiju, a sada postoje natje\u010daji poput Novog Europskog Bauhausa koji je namijenjen inicijativama poput na\u0161e, koja je miks svega i sva\u010dega. Tako da \u2013 jednoga dana! \u2013 zaklju\u010duje Marin.<\/p>\n<p><em>pi\u0161e Katarina Bo\u0161njak<\/em><\/p>\n","protected":false},"excerpt":{"rendered":"<p>Pro\u0161le su godine okupljeni oko inicijative Urbani separe proveli niz kvartovskih festivala, &#8220;Pozdrava iz Rijeke&#8221;, kojim su isticali specifi\u010dnosti Mlake, Kantride, Zameta i Pe\u0107ina, a kako govori Mara Prpi\u0107, programe su osmi\u0161ljavali s grupom ljudi iz kvarta<\/p>\n","protected":false},"featured_media":4681,"template":"","tags":[130],"atribut":[],"class_list":["post-4684","nada","type-nada","status-publish","has-post-thumbnail","hentry","tag-tema"],"acf":[],"yoast_head":"<!-- This site is optimized with the Yoast SEO plugin v27.4 - https:\/\/yoast.com\/product\/yoast-seo-wordpress\/ -->\n<title>Urbani glas Rijeke - SDF - Srpski demokratski forum<\/title>\n<meta name=\"robots\" content=\"index, follow, max-snippet:-1, max-image-preview:large, max-video-preview:-1\" \/>\n<link rel=\"canonical\" href=\"https:\/\/sdf.hr\/hr\/nada\/urbani-glas-rijeke\/\" \/>\n<meta property=\"og:locale\" content=\"hr_HR\" \/>\n<meta property=\"og:type\" content=\"article\" \/>\n<meta property=\"og:title\" content=\"Urbani glas Rijeke - SDF - Srpski demokratski forum\" \/>\n<meta property=\"og:description\" content=\"Pro\u0161le su godine okupljeni oko inicijative Urbani separe proveli niz kvartovskih festivala, &quot;Pozdrava iz Rijeke&quot;, kojim su isticali specifi\u010dnosti Mlake, Kantride, Zameta i Pe\u0107ina, a kako govori Mara Prpi\u0107, programe su osmi\u0161ljavali s grupom ljudi iz kvarta\" \/>\n<meta property=\"og:url\" content=\"https:\/\/sdf.hr\/hr\/nada\/urbani-glas-rijeke\/\" \/>\n<meta property=\"og:site_name\" content=\"SDF - Srpski demokratski forum\" \/>\n<meta property=\"article:modified_time\" content=\"2024-04-19T07:31:58+00:00\" \/>\n<meta property=\"og:image\" content=\"https:\/\/sdf.hr\/wp-content\/uploads\/2024\/04\/Urbani-separe__Mara-Prpic-1-1024x680.png\" \/>\n\t<meta property=\"og:image:width\" content=\"1024\" \/>\n\t<meta property=\"og:image:height\" content=\"680\" \/>\n\t<meta property=\"og:image:type\" content=\"image\/png\" \/>\n<meta name=\"twitter:card\" content=\"summary_large_image\" \/>\n<meta name=\"twitter:label1\" content=\"Procijenjeno vrijeme \u010ditanja\" \/>\n\t<meta name=\"twitter:data1\" content=\"5 minuta\" \/>\n<script type=\"application\/ld+json\" class=\"yoast-schema-graph\">{\"@context\":\"https:\\\/\\\/schema.org\",\"@graph\":[{\"@type\":\"WebPage\",\"@id\":\"https:\\\/\\\/sdf.hr\\\/hr\\\/nada\\\/urbani-glas-rijeke\\\/\",\"url\":\"https:\\\/\\\/sdf.hr\\\/hr\\\/nada\\\/urbani-glas-rijeke\\\/\",\"name\":\"Urbani glas Rijeke - SDF - Srpski demokratski forum\",\"isPartOf\":{\"@id\":\"https:\\\/\\\/sdf.hr\\\/#website\"},\"primaryImageOfPage\":{\"@id\":\"https:\\\/\\\/sdf.hr\\\/hr\\\/nada\\\/urbani-glas-rijeke\\\/#primaryimage\"},\"image\":{\"@id\":\"https:\\\/\\\/sdf.hr\\\/hr\\\/nada\\\/urbani-glas-rijeke\\\/#primaryimage\"},\"thumbnailUrl\":\"https:\\\/\\\/sdf.hr\\\/wp-content\\\/uploads\\\/2024\\\/04\\\/Urbani-separe__Mara-Prpic-1.png\",\"datePublished\":\"2024-04-19T07:30:08+00:00\",\"dateModified\":\"2024-04-19T07:31:58+00:00\",\"breadcrumb\":{\"@id\":\"https:\\\/\\\/sdf.hr\\\/hr\\\/nada\\\/urbani-glas-rijeke\\\/#breadcrumb\"},\"inLanguage\":\"hr\",\"potentialAction\":[{\"@type\":\"ReadAction\",\"target\":[\"https:\\\/\\\/sdf.hr\\\/hr\\\/nada\\\/urbani-glas-rijeke\\\/\"]}]},{\"@type\":\"ImageObject\",\"inLanguage\":\"hr\",\"@id\":\"https:\\\/\\\/sdf.hr\\\/hr\\\/nada\\\/urbani-glas-rijeke\\\/#primaryimage\",\"url\":\"https:\\\/\\\/sdf.hr\\\/wp-content\\\/uploads\\\/2024\\\/04\\\/Urbani-separe__Mara-Prpic-1.png\",\"contentUrl\":\"https:\\\/\\\/sdf.hr\\\/wp-content\\\/uploads\\\/2024\\\/04\\\/Urbani-separe__Mara-Prpic-1.png\",\"width\":2362,\"height\":1568,\"caption\":\"Urbani separe (Foto: Mara Prpi\u0107)\"},{\"@type\":\"BreadcrumbList\",\"@id\":\"https:\\\/\\\/sdf.hr\\\/hr\\\/nada\\\/urbani-glas-rijeke\\\/#breadcrumb\",\"itemListElement\":[{\"@type\":\"ListItem\",\"position\":1,\"name\":\"Po\u010detna stranica\",\"item\":\"https:\\\/\\\/sdf.hr\\\/hr\\\/\"},{\"@type\":\"ListItem\",\"position\":2,\"name\":\"Nada\",\"item\":\"https:\\\/\\\/sdf.hr\\\/nada\\\/\"},{\"@type\":\"ListItem\",\"position\":3,\"name\":\"Urbani glas Rijeke\"}]},{\"@type\":\"WebSite\",\"@id\":\"https:\\\/\\\/sdf.hr\\\/#website\",\"url\":\"https:\\\/\\\/sdf.hr\\\/\",\"name\":\"SDF - Srpski demokratski forum\",\"description\":\"Srpski demokratski forum\",\"publisher\":{\"@id\":\"https:\\\/\\\/sdf.hr\\\/#organization\"},\"potentialAction\":[{\"@type\":\"SearchAction\",\"target\":{\"@type\":\"EntryPoint\",\"urlTemplate\":\"https:\\\/\\\/sdf.hr\\\/?s={search_term_string}\"},\"query-input\":{\"@type\":\"PropertyValueSpecification\",\"valueRequired\":true,\"valueName\":\"search_term_string\"}}],\"inLanguage\":\"hr\"},{\"@type\":\"Organization\",\"@id\":\"https:\\\/\\\/sdf.hr\\\/#organization\",\"name\":\"SDF - Srpski demokratski forum\",\"url\":\"https:\\\/\\\/sdf.hr\\\/\",\"logo\":{\"@type\":\"ImageObject\",\"inLanguage\":\"hr\",\"@id\":\"https:\\\/\\\/sdf.hr\\\/#\\\/schema\\\/logo\\\/image\\\/\",\"url\":\"https:\\\/\\\/sdf.hr\\\/wp-content\\\/uploads\\\/2021\\\/07\\\/logo-hr.svg\",\"contentUrl\":\"https:\\\/\\\/sdf.hr\\\/wp-content\\\/uploads\\\/2021\\\/07\\\/logo-hr.svg\",\"width\":271,\"height\":100,\"caption\":\"SDF - Srpski demokratski forum\"},\"image\":{\"@id\":\"https:\\\/\\\/sdf.hr\\\/#\\\/schema\\\/logo\\\/image\\\/\"}}]}<\/script>\n<!-- \/ Yoast SEO plugin. -->","yoast_head_json":{"title":"Urbani glas Rijeke - SDF - Srpski demokratski forum","robots":{"index":"index","follow":"follow","max-snippet":"max-snippet:-1","max-image-preview":"max-image-preview:large","max-video-preview":"max-video-preview:-1"},"canonical":"https:\/\/sdf.hr\/hr\/nada\/urbani-glas-rijeke\/","og_locale":"hr_HR","og_type":"article","og_title":"Urbani glas Rijeke - SDF - Srpski demokratski forum","og_description":"Pro\u0161le su godine okupljeni oko inicijative Urbani separe proveli niz kvartovskih festivala, \"Pozdrava iz Rijeke\", kojim su isticali specifi\u010dnosti Mlake, Kantride, Zameta i Pe\u0107ina, a kako govori Mara Prpi\u0107, programe su osmi\u0161ljavali s grupom ljudi iz kvarta","og_url":"https:\/\/sdf.hr\/hr\/nada\/urbani-glas-rijeke\/","og_site_name":"SDF - Srpski demokratski forum","article_modified_time":"2024-04-19T07:31:58+00:00","og_image":[{"width":1024,"height":680,"url":"https:\/\/sdf.hr\/wp-content\/uploads\/2024\/04\/Urbani-separe__Mara-Prpic-1-1024x680.png","type":"image\/png"}],"twitter_card":"summary_large_image","twitter_misc":{"Procijenjeno vrijeme \u010ditanja":"5 minuta"},"schema":{"@context":"https:\/\/schema.org","@graph":[{"@type":"WebPage","@id":"https:\/\/sdf.hr\/hr\/nada\/urbani-glas-rijeke\/","url":"https:\/\/sdf.hr\/hr\/nada\/urbani-glas-rijeke\/","name":"Urbani glas Rijeke - SDF - Srpski demokratski forum","isPartOf":{"@id":"https:\/\/sdf.hr\/#website"},"primaryImageOfPage":{"@id":"https:\/\/sdf.hr\/hr\/nada\/urbani-glas-rijeke\/#primaryimage"},"image":{"@id":"https:\/\/sdf.hr\/hr\/nada\/urbani-glas-rijeke\/#primaryimage"},"thumbnailUrl":"https:\/\/sdf.hr\/wp-content\/uploads\/2024\/04\/Urbani-separe__Mara-Prpic-1.png","datePublished":"2024-04-19T07:30:08+00:00","dateModified":"2024-04-19T07:31:58+00:00","breadcrumb":{"@id":"https:\/\/sdf.hr\/hr\/nada\/urbani-glas-rijeke\/#breadcrumb"},"inLanguage":"hr","potentialAction":[{"@type":"ReadAction","target":["https:\/\/sdf.hr\/hr\/nada\/urbani-glas-rijeke\/"]}]},{"@type":"ImageObject","inLanguage":"hr","@id":"https:\/\/sdf.hr\/hr\/nada\/urbani-glas-rijeke\/#primaryimage","url":"https:\/\/sdf.hr\/wp-content\/uploads\/2024\/04\/Urbani-separe__Mara-Prpic-1.png","contentUrl":"https:\/\/sdf.hr\/wp-content\/uploads\/2024\/04\/Urbani-separe__Mara-Prpic-1.png","width":2362,"height":1568,"caption":"Urbani separe (Foto: Mara Prpi\u0107)"},{"@type":"BreadcrumbList","@id":"https:\/\/sdf.hr\/hr\/nada\/urbani-glas-rijeke\/#breadcrumb","itemListElement":[{"@type":"ListItem","position":1,"name":"Po\u010detna stranica","item":"https:\/\/sdf.hr\/hr\/"},{"@type":"ListItem","position":2,"name":"Nada","item":"https:\/\/sdf.hr\/nada\/"},{"@type":"ListItem","position":3,"name":"Urbani glas Rijeke"}]},{"@type":"WebSite","@id":"https:\/\/sdf.hr\/#website","url":"https:\/\/sdf.hr\/","name":"SDF - Srpski demokratski forum","description":"Srpski demokratski forum","publisher":{"@id":"https:\/\/sdf.hr\/#organization"},"potentialAction":[{"@type":"SearchAction","target":{"@type":"EntryPoint","urlTemplate":"https:\/\/sdf.hr\/?s={search_term_string}"},"query-input":{"@type":"PropertyValueSpecification","valueRequired":true,"valueName":"search_term_string"}}],"inLanguage":"hr"},{"@type":"Organization","@id":"https:\/\/sdf.hr\/#organization","name":"SDF - Srpski demokratski forum","url":"https:\/\/sdf.hr\/","logo":{"@type":"ImageObject","inLanguage":"hr","@id":"https:\/\/sdf.hr\/#\/schema\/logo\/image\/","url":"https:\/\/sdf.hr\/wp-content\/uploads\/2021\/07\/logo-hr.svg","contentUrl":"https:\/\/sdf.hr\/wp-content\/uploads\/2021\/07\/logo-hr.svg","width":271,"height":100,"caption":"SDF - Srpski demokratski forum"},"image":{"@id":"https:\/\/sdf.hr\/#\/schema\/logo\/image\/"}}]}},"_links":{"self":[{"href":"https:\/\/sdf.hr\/hr\/wp-json\/wp\/v2\/nada\/4684","targetHints":{"allow":["GET"]}}],"collection":[{"href":"https:\/\/sdf.hr\/hr\/wp-json\/wp\/v2\/nada"}],"about":[{"href":"https:\/\/sdf.hr\/hr\/wp-json\/wp\/v2\/types\/nada"}],"wp:featuredmedia":[{"embeddable":true,"href":"https:\/\/sdf.hr\/hr\/wp-json\/wp\/v2\/media\/4681"}],"wp:attachment":[{"href":"https:\/\/sdf.hr\/hr\/wp-json\/wp\/v2\/media?parent=4684"}],"wp:term":[{"taxonomy":"post_tag","embeddable":true,"href":"https:\/\/sdf.hr\/hr\/wp-json\/wp\/v2\/tags?post=4684"},{"taxonomy":"atribut","embeddable":true,"href":"https:\/\/sdf.hr\/hr\/wp-json\/wp\/v2\/atribut?post=4684"}],"curies":[{"name":"wp","href":"https:\/\/api.w.org\/{rel}","templated":true}]}}