{"id":4799,"date":"2024-04-26T17:09:15","date_gmt":"2024-04-26T15:09:15","guid":{"rendered":"https:\/\/sdf.hr\/nada\/maj-u-bejrutu\/"},"modified":"2024-04-26T17:09:15","modified_gmt":"2024-04-26T15:09:15","slug":"maj-u-bejrutu","status":"publish","type":"nada","link":"https:\/\/sdf.hr\/hr\/nada\/maj-u-bejrutu\/","title":{"rendered":"Maj u Bejrutu"},"content":{"rendered":"<p>Bio je maj, a maj u Bejrutu zna\u010di da su \u0161anse za kratki rukav velike. Ju\u017eina nije obeshrabrila kupa\u010de kod svjetionika, vidjela sam kako u daljini tijelima lome valove. Tablu na ulazu u sportske terene kluba Al Nahda (poznatog i kao Renaissance) obgrlio je \u0161a\u0161. Iza \u0161a\u0161a je le\u017eao red naran\u010dastih teniskih terena, mljevena opeka oku mekana. Al Nahda je osnovana 1926., a me\u0111u razli\u010ditim sportskim sekcijama postojao je i nogometni klub.<\/p>\n<p>Protiv tog je kluba u drugome, davnome maju, u Bejrutu igrao Hajduk. U Libanonu 1945. Hajdukovci su zavr\u0161ili ratnu turneju zapo\u010detu godinu dana ranije, u maju 1944. Po\u010detkom maja stigli su u Tel Aviv, zatim igrali utakmice u Haifi, Damasku i Alepu te na kraju proveli sedmicu dana u Libanonu. U Bejrutu su odigrali pet utakmica i u svim utakmicama pobijedili. Uz Al Nahdu, snage su odmjerili s klubovima Homenetmen i Bagramian te s libanonskom nogometnom reprezentacijom.<\/p>\n<p>Hajduk je igrao na gradskom stadionu sagra\u0111enom 1930-ih u ju\u017enom dijelu grada u koji su se kasnije masovno naselile palestinske izbjeglice. I u mome maju, godine 2017., stadion je jo\u0161 uvijek bio sastavni dio kvarta. Derutan, ali postojan, nadvisuju ga palme i ko\u0161nice od betona. Kru\u017enica koju crtaju gusti nizovi okolnih zgrada izgleda kao stadionske tribine. Na dane utakmica to se uistinu tako osjeti, povik i pljesak s balkona \u010duje se glasnije nego s &#8220;pravih&#8221; tribina.<\/p>\n<p>Na tom je stadionu nekad \u010desto igrao i Bagramian, jedan od klubova s kojim se Hajduk susreo 1945. godine. Bila je to libanonsko-armenska sportska i kulturna organizacija povezana s Libanonskom komunisti\u010dkom partijom. Klub je osnovan 1944. i nazvan po sovjetskom mar\u0161alu, Armencu <strong>Ivanu Bagramjanu<\/strong>. A u Bagramianu je prvo igrao dio biv\u0161ih igra\u010da Homenetmena, kluba iz kvarta Burj Hamud, poznatog kao &#8220;mala Armenija&#8221;. I protiv Homenetmena je 1945. zaigrao Hajduk, a tu utakmicu jo\u0161 uvijek pamte u bejrutskoj &#8220;maloj Armeniji&#8221;, koja u maju miri\u0161e na mljeveni sumak, kavu s kardamonom, prve tre\u0161nje i marelice. Me\u0111u raznim svjetskim klubovima protiv kojih su igrali u povijesti, klub isti\u010de nastupe protiv nekoliko armenskih klubova, egipatskih i afri\u010dkih prvaka Al Ahlija i Zamaleka i \u2013 jugoslavenskog Hajduka.<\/p>\n<p>Bejrutskih utakmica u memoarima &#8220;Uvijek vjeran bijelom dresu&#8221; prisjetio se i Hajdukov igra\u010d <strong>Ljubomir Kokeza<\/strong> koji 1958. pi\u0161e: &#8220;Nakon zavr\u0161ene igre s reprezentacijom Libana u Bejrutu, koju smo dobili sa 6:1, gledaoci su na\u010dinili \u0161palir od stadiona do kasarne u kojoj smo stanovali i odu\u0161evljeno nas pozdravljali, kli\u010du\u0107i mar\u0161alu <strong>Titu<\/strong> i novoj Jugoslaviji. Bili su to izljevi iskrenih simpatija i prijateljstava, ne samo prema nama kao sporta\u0161ima, ve\u0107 prema armiji koju predstavljamo. Radosno i razdragano smo im odzdravljali, jer je i ovo spontano odu\u0161evljenje donedavno potla\u010denih Libanonaca i Sirijaca bilo dokaz vi\u0161e, da je na\u0161a misija uspjela.&#8221;<\/p>\n<p><strong>Sre\u0107ko Eterovi\u0107<\/strong> je u knjizi &#8220;Ratnim stazama Hajduka&#8221; izdanoj 1974. zabilje\u017eio da je prije odlaska iz Libanona pjeva\u010dki zbor Hajduka nastupio u polusatnom programu na radio-stanici Levant. Bilo je to 27. maja, a na radio-prijemnicima diljem arapskog svijeta mogle su se \u010duti pjesme: &#8220;Po \u0161umama i gorama&#8221;, &#8220;Marjane, Marjane&#8221;, &#8220;Kad \u0107e do\u0107i ona lipa vrimena&#8221;, Hajdukova pjesma o Egiptu, &#8220;Kad polete momci mladi&#8221;, &#8220;Hej, Slaveni&#8221;. Eterovi\u0107 opisuje kako su &#8220;Hajdukovci skladno otpjevali te pjesme&#8221;, pa im je u znak pa\u017enje i zahvalnosti direktor Radio stanice Levant darovao gramofonsku plo\u010du na kojoj je sve to bilo snimljeno. Bio je maj, a maj je u Bejrutu uvijek za muziku.<\/p>\n<p><em>pi\u0161e Ivana Peri\u0107<\/em><\/p>\n","protected":false},"excerpt":{"rendered":"<p>Hajdukovci su u Libanonu 1945. zavr\u0161ili ratnu turneju zapo\u010detu godinu dana ranije. U Bejrutu su odigrali pet utakmica i u svim pobijedili. Uz Al Nahdu, snage su odmjerili s klubovima Homenetmen i Bagramian te s libanonskom nogometnom reprezentacijom<\/p>\n","protected":false},"featured_media":4798,"template":"","tags":[40],"atribut":[],"class_list":["post-4799","nada","type-nada","status-publish","has-post-thumbnail","hentry","tag-dvokorak-naprijed"],"acf":[],"yoast_head":"<!-- This site is optimized with the Yoast SEO plugin v27.4 - https:\/\/yoast.com\/product\/yoast-seo-wordpress\/ -->\n<title>Maj u Bejrutu - SDF - Srpski demokratski forum<\/title>\n<meta name=\"robots\" content=\"index, follow, max-snippet:-1, max-image-preview:large, max-video-preview:-1\" \/>\n<link rel=\"canonical\" href=\"https:\/\/sdf.hr\/hr\/nada\/maj-u-bejrutu\/\" \/>\n<meta property=\"og:locale\" content=\"hr_HR\" \/>\n<meta property=\"og:type\" content=\"article\" \/>\n<meta property=\"og:title\" content=\"Maj u Bejrutu - SDF - Srpski demokratski forum\" \/>\n<meta property=\"og:description\" content=\"Hajdukovci su u Libanonu 1945. zavr\u0161ili ratnu turneju zapo\u010detu godinu dana ranije. U Bejrutu su odigrali pet utakmica i u svim pobijedili. Uz Al Nahdu, snage su odmjerili s klubovima Homenetmen i Bagramian te s libanonskom nogometnom reprezentacijom\" \/>\n<meta property=\"og:url\" content=\"https:\/\/sdf.hr\/hr\/nada\/maj-u-bejrutu\/\" \/>\n<meta property=\"og:site_name\" content=\"SDF - Srpski demokratski forum\" \/>\n<meta name=\"twitter:card\" content=\"summary_large_image\" \/>\n<meta name=\"twitter:label1\" content=\"Procijenjeno vrijeme \u010ditanja\" \/>\n\t<meta name=\"twitter:data1\" content=\"3 minute\" \/>\n<script type=\"application\/ld+json\" class=\"yoast-schema-graph\">{\"@context\":\"https:\\\/\\\/schema.org\",\"@graph\":[{\"@type\":\"WebPage\",\"@id\":\"https:\\\/\\\/sdf.hr\\\/hr\\\/nada\\\/maj-u-bejrutu\\\/\",\"url\":\"https:\\\/\\\/sdf.hr\\\/hr\\\/nada\\\/maj-u-bejrutu\\\/\",\"name\":\"Maj u Bejrutu - SDF - Srpski demokratski forum\",\"isPartOf\":{\"@id\":\"https:\\\/\\\/sdf.hr\\\/#website\"},\"primaryImageOfPage\":{\"@id\":\"https:\\\/\\\/sdf.hr\\\/hr\\\/nada\\\/maj-u-bejrutu\\\/#primaryimage\"},\"image\":{\"@id\":\"https:\\\/\\\/sdf.hr\\\/hr\\\/nada\\\/maj-u-bejrutu\\\/#primaryimage\"},\"thumbnailUrl\":\"https:\\\/\\\/sdf.hr\\\/wp-content\\\/uploads\\\/2024\\\/04\\\/Bejrut_Ivana-Peric.jpg\",\"datePublished\":\"2024-04-26T15:09:15+00:00\",\"breadcrumb\":{\"@id\":\"https:\\\/\\\/sdf.hr\\\/hr\\\/nada\\\/maj-u-bejrutu\\\/#breadcrumb\"},\"inLanguage\":\"hr\",\"potentialAction\":[{\"@type\":\"ReadAction\",\"target\":[\"https:\\\/\\\/sdf.hr\\\/hr\\\/nada\\\/maj-u-bejrutu\\\/\"]}]},{\"@type\":\"ImageObject\",\"inLanguage\":\"hr\",\"@id\":\"https:\\\/\\\/sdf.hr\\\/hr\\\/nada\\\/maj-u-bejrutu\\\/#primaryimage\",\"url\":\"https:\\\/\\\/sdf.hr\\\/wp-content\\\/uploads\\\/2024\\\/04\\\/Bejrut_Ivana-Peric.jpg\",\"contentUrl\":\"https:\\\/\\\/sdf.hr\\\/wp-content\\\/uploads\\\/2024\\\/04\\\/Bejrut_Ivana-Peric.jpg\",\"width\":2560,\"height\":1440,\"caption\":\"Gradski stadion u Bejrutu i ulaz u sportske terene kluba Al Nahda (Foto: Ivana Peri\u0107)\"},{\"@type\":\"BreadcrumbList\",\"@id\":\"https:\\\/\\\/sdf.hr\\\/hr\\\/nada\\\/maj-u-bejrutu\\\/#breadcrumb\",\"itemListElement\":[{\"@type\":\"ListItem\",\"position\":1,\"name\":\"Po\u010detna stranica\",\"item\":\"https:\\\/\\\/sdf.hr\\\/hr\\\/\"},{\"@type\":\"ListItem\",\"position\":2,\"name\":\"Nada\",\"item\":\"https:\\\/\\\/sdf.hr\\\/nada\\\/\"},{\"@type\":\"ListItem\",\"position\":3,\"name\":\"Maj u Bejrutu\"}]},{\"@type\":\"WebSite\",\"@id\":\"https:\\\/\\\/sdf.hr\\\/#website\",\"url\":\"https:\\\/\\\/sdf.hr\\\/\",\"name\":\"SDF - Srpski demokratski forum\",\"description\":\"Srpski demokratski forum\",\"publisher\":{\"@id\":\"https:\\\/\\\/sdf.hr\\\/#organization\"},\"potentialAction\":[{\"@type\":\"SearchAction\",\"target\":{\"@type\":\"EntryPoint\",\"urlTemplate\":\"https:\\\/\\\/sdf.hr\\\/?s={search_term_string}\"},\"query-input\":{\"@type\":\"PropertyValueSpecification\",\"valueRequired\":true,\"valueName\":\"search_term_string\"}}],\"inLanguage\":\"hr\"},{\"@type\":\"Organization\",\"@id\":\"https:\\\/\\\/sdf.hr\\\/#organization\",\"name\":\"SDF - Srpski demokratski forum\",\"url\":\"https:\\\/\\\/sdf.hr\\\/\",\"logo\":{\"@type\":\"ImageObject\",\"inLanguage\":\"hr\",\"@id\":\"https:\\\/\\\/sdf.hr\\\/#\\\/schema\\\/logo\\\/image\\\/\",\"url\":\"https:\\\/\\\/sdf.hr\\\/wp-content\\\/uploads\\\/2021\\\/07\\\/logo-hr.svg\",\"contentUrl\":\"https:\\\/\\\/sdf.hr\\\/wp-content\\\/uploads\\\/2021\\\/07\\\/logo-hr.svg\",\"width\":271,\"height\":100,\"caption\":\"SDF - Srpski demokratski forum\"},\"image\":{\"@id\":\"https:\\\/\\\/sdf.hr\\\/#\\\/schema\\\/logo\\\/image\\\/\"}}]}<\/script>\n<!-- \/ Yoast SEO plugin. -->","yoast_head_json":{"title":"Maj u Bejrutu - SDF - Srpski demokratski forum","robots":{"index":"index","follow":"follow","max-snippet":"max-snippet:-1","max-image-preview":"max-image-preview:large","max-video-preview":"max-video-preview:-1"},"canonical":"https:\/\/sdf.hr\/hr\/nada\/maj-u-bejrutu\/","og_locale":"hr_HR","og_type":"article","og_title":"Maj u Bejrutu - SDF - Srpski demokratski forum","og_description":"Hajdukovci su u Libanonu 1945. zavr\u0161ili ratnu turneju zapo\u010detu godinu dana ranije. U Bejrutu su odigrali pet utakmica i u svim pobijedili. Uz Al Nahdu, snage su odmjerili s klubovima Homenetmen i Bagramian te s libanonskom nogometnom reprezentacijom","og_url":"https:\/\/sdf.hr\/hr\/nada\/maj-u-bejrutu\/","og_site_name":"SDF - Srpski demokratski forum","twitter_card":"summary_large_image","twitter_misc":{"Procijenjeno vrijeme \u010ditanja":"3 minute"},"schema":{"@context":"https:\/\/schema.org","@graph":[{"@type":"WebPage","@id":"https:\/\/sdf.hr\/hr\/nada\/maj-u-bejrutu\/","url":"https:\/\/sdf.hr\/hr\/nada\/maj-u-bejrutu\/","name":"Maj u Bejrutu - SDF - Srpski demokratski forum","isPartOf":{"@id":"https:\/\/sdf.hr\/#website"},"primaryImageOfPage":{"@id":"https:\/\/sdf.hr\/hr\/nada\/maj-u-bejrutu\/#primaryimage"},"image":{"@id":"https:\/\/sdf.hr\/hr\/nada\/maj-u-bejrutu\/#primaryimage"},"thumbnailUrl":"https:\/\/sdf.hr\/wp-content\/uploads\/2024\/04\/Bejrut_Ivana-Peric.jpg","datePublished":"2024-04-26T15:09:15+00:00","breadcrumb":{"@id":"https:\/\/sdf.hr\/hr\/nada\/maj-u-bejrutu\/#breadcrumb"},"inLanguage":"hr","potentialAction":[{"@type":"ReadAction","target":["https:\/\/sdf.hr\/hr\/nada\/maj-u-bejrutu\/"]}]},{"@type":"ImageObject","inLanguage":"hr","@id":"https:\/\/sdf.hr\/hr\/nada\/maj-u-bejrutu\/#primaryimage","url":"https:\/\/sdf.hr\/wp-content\/uploads\/2024\/04\/Bejrut_Ivana-Peric.jpg","contentUrl":"https:\/\/sdf.hr\/wp-content\/uploads\/2024\/04\/Bejrut_Ivana-Peric.jpg","width":2560,"height":1440,"caption":"Gradski stadion u Bejrutu i ulaz u sportske terene kluba Al Nahda (Foto: Ivana Peri\u0107)"},{"@type":"BreadcrumbList","@id":"https:\/\/sdf.hr\/hr\/nada\/maj-u-bejrutu\/#breadcrumb","itemListElement":[{"@type":"ListItem","position":1,"name":"Po\u010detna stranica","item":"https:\/\/sdf.hr\/hr\/"},{"@type":"ListItem","position":2,"name":"Nada","item":"https:\/\/sdf.hr\/nada\/"},{"@type":"ListItem","position":3,"name":"Maj u Bejrutu"}]},{"@type":"WebSite","@id":"https:\/\/sdf.hr\/#website","url":"https:\/\/sdf.hr\/","name":"SDF - Srpski demokratski forum","description":"Srpski demokratski forum","publisher":{"@id":"https:\/\/sdf.hr\/#organization"},"potentialAction":[{"@type":"SearchAction","target":{"@type":"EntryPoint","urlTemplate":"https:\/\/sdf.hr\/?s={search_term_string}"},"query-input":{"@type":"PropertyValueSpecification","valueRequired":true,"valueName":"search_term_string"}}],"inLanguage":"hr"},{"@type":"Organization","@id":"https:\/\/sdf.hr\/#organization","name":"SDF - Srpski demokratski forum","url":"https:\/\/sdf.hr\/","logo":{"@type":"ImageObject","inLanguage":"hr","@id":"https:\/\/sdf.hr\/#\/schema\/logo\/image\/","url":"https:\/\/sdf.hr\/wp-content\/uploads\/2021\/07\/logo-hr.svg","contentUrl":"https:\/\/sdf.hr\/wp-content\/uploads\/2021\/07\/logo-hr.svg","width":271,"height":100,"caption":"SDF - Srpski demokratski forum"},"image":{"@id":"https:\/\/sdf.hr\/#\/schema\/logo\/image\/"}}]}},"_links":{"self":[{"href":"https:\/\/sdf.hr\/hr\/wp-json\/wp\/v2\/nada\/4799","targetHints":{"allow":["GET"]}}],"collection":[{"href":"https:\/\/sdf.hr\/hr\/wp-json\/wp\/v2\/nada"}],"about":[{"href":"https:\/\/sdf.hr\/hr\/wp-json\/wp\/v2\/types\/nada"}],"wp:featuredmedia":[{"embeddable":true,"href":"https:\/\/sdf.hr\/hr\/wp-json\/wp\/v2\/media\/4798"}],"wp:attachment":[{"href":"https:\/\/sdf.hr\/hr\/wp-json\/wp\/v2\/media?parent=4799"}],"wp:term":[{"taxonomy":"post_tag","embeddable":true,"href":"https:\/\/sdf.hr\/hr\/wp-json\/wp\/v2\/tags?post=4799"},{"taxonomy":"atribut","embeddable":true,"href":"https:\/\/sdf.hr\/hr\/wp-json\/wp\/v2\/atribut?post=4799"}],"curies":[{"name":"wp","href":"https:\/\/api.w.org\/{rel}","templated":true}]}}