{"id":4809,"date":"2024-04-28T11:57:21","date_gmt":"2024-04-28T09:57:21","guid":{"rendered":"https:\/\/sdf.hr\/nada\/goran-pecanac-kapitalizam-je-prazni-algoritam\/"},"modified":"2024-05-12T13:20:44","modified_gmt":"2024-05-12T11:20:44","slug":"goran-pecanac-kapitalizam-je-prazni-algoritam","status":"publish","type":"nada","link":"https:\/\/sdf.hr\/hr\/nada\/goran-pecanac-kapitalizam-je-prazni-algoritam\/","title":{"rendered":"Goran Pe\u0107anac: Kapitalizam je prazni algoritam"},"content":{"rendered":"<p><strong>Goran Pe\u0107anac<\/strong> ro\u0111en je 1981. u Sarajevu. Akademski je slikar, umjetni\u010dki direktor u, kako s\u00e2m naziva marketin\u0161ku firmu, zjenici kapitalizma. Pisao je muzi\u010dku kritiku, izdavao fanzin, imao kolumnu o borila\u010dkim sportovima. Godine 2023. godine objavio je prvu knjigu &#8220;Kapitalizam i smrt&#8221; u kojoj propituje dru\u0161tvene kapitalisti\u010dke praznine uz pomo\u0107 psihoanaliti\u010dkih teorija. \u017divi, radi i trenira u Zagrebu.<\/p>\n<p>S Goranom smo razgovarali na klupi u procvjetalom tre\u0161njeva\u010dkom parku u rupi izme\u0111u poslova i termina za nove tetova\u017ee, okru\u017eeni psima, alergenima i neo\u010dekivanim entuzijazmom \u2013 april je, pisali su, najokrutniji mjesec, ali te\u0161ko da \u0107emo se slo\u017eiti.<\/p>\n<p><strong>Prije nego rastran\u010diramo knjigu, recite nam ne\u0161to o va\u0161im studentskim sarajevskim danima.<\/strong><\/p>\n<p>Ne znam bih li danas uop\u0107e pisao da nije bilo moje profesorice materinjeg jezika u gimnaziji (tako se zvao, da se nitko ne uvrijedi). Imala je \u017eiv pristup knji\u017eevnosti pa sam nakon srednje prvo upisao svjetsku knji\u017eevnost na Filozofskom fakultetu u Sarajevu. Uskoro sam ipak odlu\u010dio probati s Akademijom likovnih umjetnosti. Bio sam 20-godi\u0161njak koji puno pije, nije zainteresiran za djevojke, stalno slu\u0161a glazbu i \u010dinilo mi se da je likovnost pravi odabir za antisocijalnog mladi\u0107a i da bi se slikari trebali upravo tako pona\u0161ati. U akademiju sam se instantno razo\u010darao jer su svi ti likovi u dugim kaputima, s crnim tu\u0161evima na o\u010dima bili poprili\u010dno isprazni. Paralelno sam s prijateljima osnovao &#8220;Kolektiv&#8221;, s kojim smo organizirali koncerte i izlo\u017ebe, i odmaknuo sam se od faksa.<\/p>\n<p>Poslijeratno Sarajevo bilo je, makar za mene, po mnogo\u010demu gore od ratnog Sarajeva jer je nada u tom trenutku potpuno i\u0161\u010dezla. U ratu smo se nadali kraju rata, nakon rata se vi\u0161e ni\u010dem nismo nadali. Na kulturni anga\u017eman uglavnom sam dobivao komentare &#8220;vidi ovog \u0161to se preserava&#8221;. Sje\u0107am se da je ve\u0107ina Sarajeva na Oskar <strong>Danisa Tanovi\u0107a<\/strong> ispo\u010detka ba\u0161 tako reagirala \u2013 &#8220;\u0161to on misli da je bolji od nas&#8221;. Da skratim, vratio sam se na akademiju, zavr\u0161io je i nakon nekog vremena se odlu\u010dio odseliti. O dana\u0161njem Sarajevu ne mogu govoriti, ali nultih se neka zdrava skepsa naj\u010de\u0161\u0107e pretvarala u otrovni jal.<\/p>\n<p><strong>Paralelno s povratkom na fakultet, vratili ste se i na nogometne tribine. Jedan od popularnijih sentimenata na ljevici je zgra\u017eanje kako drugi ljevi\u010dar, ili ne daj bo\u017ee, ljevi\u010darka, mo\u017ee biti dijelom neke navija\u010dke skupine. Kao biv\u0161i navija\u010d \u017delje, pobijte nam ili produbite te stereotipe.<\/strong><\/p>\n<p>Na utakmice FK \u017deljezni\u010dara krenuo sam u periodu \u017eivota u kojem sam bio paralelno bijesan i apati\u010dan. Sad mi se \u010dini da je moja agresija u Sarajevu dolazila jednim dijelom i iz \u010diste dosade. Ljudi govore da ti, kada si bijesan, treba neki ispu\u0161ni ventil, ali moje iskustvo s vlastitom agresijom je da se nikada ne desi o\u010dekivano pra\u017enjenje, ti izbaci\u0161 agresiju i ni\u0161ta se ne promijeni. Tokom tjedna sam bio dobar de\u010dko i student slikarstva, vikendima sam naprimjer u \u017dep\u010du le\u017eao blatnjav u kanalu i skrivao se od policije. Moj se navija\u010dki put poklopio s nekim de\u0161avanjima u navija\u010dkoj skupini kojoj sam pripadao, a koja je u tom trenutku i\u0161la nizbrdo. Bilo je tu\u010da, no\u017eeva, a bomba u Zenici je kap koja mi je prelila \u010da\u0161u.<\/p>\n<figure id=\"attachment_4803\" aria-describedby=\"caption-attachment-4803\" style=\"width: 2560px\" class=\"wp-caption alignnone\"><img loading=\"lazy\" decoding=\"async\" class=\"wp-image-4803 size-full\" src=\"https:\/\/sdf.hr\/wp-content\/uploads\/2024\/04\/Pecanac2_Davor-Konjikusic-scaled.jpg\" alt=\"\" width=\"2560\" height=\"1707\" srcset=\"https:\/\/sdf.hr\/wp-content\/uploads\/2024\/04\/Pecanac2_Davor-Konjikusic-scaled.jpg 2560w, https:\/\/sdf.hr\/wp-content\/uploads\/2024\/04\/Pecanac2_Davor-Konjikusic-300x200.jpg 300w, https:\/\/sdf.hr\/wp-content\/uploads\/2024\/04\/Pecanac2_Davor-Konjikusic-1024x683.jpg 1024w, https:\/\/sdf.hr\/wp-content\/uploads\/2024\/04\/Pecanac2_Davor-Konjikusic-768x512.jpg 768w, https:\/\/sdf.hr\/wp-content\/uploads\/2024\/04\/Pecanac2_Davor-Konjikusic-1536x1024.jpg 1536w, https:\/\/sdf.hr\/wp-content\/uploads\/2024\/04\/Pecanac2_Davor-Konjikusic-2048x1365.jpg 2048w\" sizes=\"auto, (max-width: 2560px) 100vw, 2560px\" \/><figcaption id=\"caption-attachment-4803\" class=\"wp-caption-text\">Goran Pe\u0107anac (Foto: Davor Konjiku\u0161i\u0107)<\/figcaption><\/figure>\n<p>Ipak, bio sam i fasciniranim onime \u0161to sam vidio na \u017deljinom jugu \u2013 za Sarajevo je bila velika stvar da su paralelno navijali i Srbi, i pjevale se &#8220;proislamske pjesme&#8221; i da se na tribini ljudi nisu mrzili. Iako danas nisam dio tog svijeta, kolektivizam tribine i zajedni\u010dko skandiranje je jedna od boljih stvari koju sam osjetio. A da se ne la\u017eemo, mo\u017eda vam se ne\u0107e svidjeti moj odgovor, ali kada se zaleti\u0161 na policiju, bio je to najve\u0107i <em>high <\/em>koji sam ikada do\u017eivio. Eventualno je udvaranje jednako uzbudljivo, ali traje du\u017ee i slabijeg je intenziteta.<\/p>\n<p><strong>Krajem 2008. se selite u Zagreb, danas radite u marketingu. S obzirom na to da ne bje\u017eite od kontradikcija u kojima svi \u017eivimo, ima li ne\u0161to \u0161to vas u va\u0161em poslu (osim nadnice) ispunjava?<\/strong><\/p>\n<p>U\u017eitak rada u kolektivu mi je zarazan. Kolege i ja dobijemo zadatak i \u017eelimo ga napraviti \u0161to bolje mo\u017eemo, pazimo da nitko ne radi vi\u0161e od drugoga, formiramo tim prema kompetencijama. Rezultat je uvijek zajedni\u010dki, nitko ne preuzima zasluge i taj proces me ispunjava. Kada do\u0111em ku\u0107i, jasno mi je da je rezultat na\u0161eg rada jedna velika praznina koja poma\u017ee korporaciji i ne \u010dini ni\u0161ta dobro za ovaj svijet. To je ta kapitalisti\u010dka zamka, ponekad ljudi pomisle da rade ne\u0161to dru\u0161tveno korisno ako imaju sre\u0107e da rade u dobrom kolektivu.<\/p>\n<p><strong>Aktivni ste u Inicijativi za slobodnu Palestinu, kakvim se aktivisti\u010dkim radom bavite u sklopu nje?<\/strong><\/p>\n<p>Kada sam u mogu\u0107nosti, preuzmem neki komadi\u0107 posla, pripreme za akcije koje radimo, do\u0111em na akcije kada god mogu, ali postoje ljudi koji se ubijaju od posla i nose cijelu organizaciju, ja nisam dio tog u\u017eeg kruga. Naprosto bih morao dati otkaz da se potpuno posvetim inicijativi, \u0161to ne mogu jer \u017eivim u najmu.<\/p>\n<p><strong>U uvodu knjige &#8220;Kapitalizam i smrt&#8221; pitate se \u0161to nam mo\u017ee ponuditi \u0161arlatanstvo i otvoreno govorite da je knjiga napisana lakrdija\u0161ki. Skrivate li se iza \u0161arlatanstva jer, ako ga na po\u010detku priznate, svaka kritika postaje izli\u0161na?<\/strong><\/p>\n<p>Uz \u0161arlatanstvo i lakrdija\u0161tvo, u uvodu odmah spominjem i krind\u017e, odnosno susramlje, njega bi se najvi\u0161e htio dotaknuti. Cijeli se \u017eivot borim s pitanjem sramote i mislio sam, kao mnogi, da ne smijem objaviti ni\u0161ta ako ne pro\u010ditam hiljadu knjiga na jednu temu. Bilo me strah da, ako ne napravim ne\u0161to sjajno, i to se zrcali u o\u010dima drugih, zna\u010di da ne vrijedim dovoljno. To je ina\u010de tipi\u010dni problem patolo\u0161kog narcizma jer ne postoji nikakva unutarnja vrijednost, samo zrcaljenje u o\u010dima okoline. Meni je knjigu bilo va\u017eno napisati i vjerojatno je i vlastita psihoanaliza pomogla da ona iza\u0111e van. Jasno mi je da \u0107e vjerojatno biti neto\u010dna u vi\u0161e od 35 posto stvari, ali to je u redu, za deset godina \u0107u se mo\u0107i izviniti, napisati predgovor i re\u0107i gdje sam pogrije\u0161io. Tako da uvod nije izlika, vi\u0161e trenerski razgovor sa samim sobom prije utakmice \u2013 u redu je ako je krind\u017e, u redu su sve potencijalne negativne kritike jer \u0107u sjesti i nau\u010diti ne\u0161to iz njih, ozbiljno to mislim.<\/p>\n<p>A \u0161to se srama ti\u010de, da ne ostanemo bez ijedne ratne pri\u010de, mo\u017ee zazvu\u010dati pateti\u010dno, ali sje\u0107am se tog stra\u0161nog srama kada smo izbjegli s Grbavice.<strong> \u0160e\u0161eljevi<\/strong> Beli orlovi su nam zapalili ku\u0107u u trenu u kojem drugi dio Sarajeva jo\u0161 nije vjerovao da po\u010dinje rat, bili smo kratko izbjeglice u vlastitom gradu koji se \u010dudio kesama sa stvarima koje smo nosili. Rije\u0161iti se srama je bitno terapeutsko iskustvo, danas recimo u teretani pjevam <strong>Draganu Mirkovi\u0107<\/strong> i iskreno, potpuno mi je svejedno \u0161to ljudi misle o tome.<\/p>\n<p><strong>U knjizi pi\u0161ete o \u017ealovanju. Biti potresen ne\u010dijom smr\u0107u kosi se pravilima \u2013 tada nismo u stanju biti u\u010dinkoviti ni u\u017eivati pa je \u017ealovanje jedna od radikalnijih stvari koju mo\u017eemo u\u010diniti, dok se u kapitalizmu ono poku\u0161ava staviti u prihvatljivi vremenski okvir. Kako bi po vama trebalo izgledati \u017ealovanje, \u0161to je suprotno strukturiranju, a da ne ode u patologiju?<\/strong><\/p>\n<p>Mehanizmi obrane no\u0161enja sa stvarno\u0161\u0107u su normalni i ve\u0107inu stvari koje radimo u \u017eivotu, radimo po tom klju\u010du. Ne mo\u017ee vam nitko, pa ni psihoanaliti\u010dar, re\u0107i \u0161to je za vas &#8220;zdravo&#8221; \u2013 da li trebate nakon \u0161to izgubite nekoga le\u017eati 27 dana s uga\u0161enim svjetlom ili ste osoba kojoj su i tri dana le\u017eanja previ\u0161e. Mislim da treba svakim atomom svoga bi\u0107a osjetiti nepovratni gubitak i uroniti u \u017ealovanje da biste uop\u0107e mogli nastaviti \u017eivjeti. Kapitalizam nas u\u010di da se ta rupa koju nosite sa sobom mo\u017ee zatrpati, danas serijama na Netflixu ili novim Samba patikama, ali ta rupa je uvijek s nama. I nevezano s ne\u010dijom smr\u0107u, pa mi \u017eivimo s rupom kapitalisti\u010dke stvarnosti svaki dan, poku\u0161avamo je zatrpati, i ne ide. Ljudi puno bolje nego \u0161to si \u010desto priznaju sami primijete kada ne\u0161to \u0161to rade ili osje\u0107aju vi\u0161e nije dobro za njih i odlazi u patologiju. Moramo si nau\u010diti vi\u0161e vjerovati pa se u tom trenutku konzultirati sa psihijatrom, prijateljem, partnerom.<\/p>\n<figure id=\"attachment_4805\" aria-describedby=\"caption-attachment-4805\" style=\"width: 2560px\" class=\"wp-caption alignnone\"><img loading=\"lazy\" decoding=\"async\" class=\"wp-image-4805 size-full\" src=\"https:\/\/sdf.hr\/wp-content\/uploads\/2024\/04\/Pecanac3_Davor-Konjikusic-scaled.jpg\" alt=\"\" width=\"2560\" height=\"1707\" srcset=\"https:\/\/sdf.hr\/wp-content\/uploads\/2024\/04\/Pecanac3_Davor-Konjikusic-scaled.jpg 2560w, https:\/\/sdf.hr\/wp-content\/uploads\/2024\/04\/Pecanac3_Davor-Konjikusic-300x200.jpg 300w, https:\/\/sdf.hr\/wp-content\/uploads\/2024\/04\/Pecanac3_Davor-Konjikusic-1024x683.jpg 1024w, https:\/\/sdf.hr\/wp-content\/uploads\/2024\/04\/Pecanac3_Davor-Konjikusic-768x512.jpg 768w, https:\/\/sdf.hr\/wp-content\/uploads\/2024\/04\/Pecanac3_Davor-Konjikusic-1536x1024.jpg 1536w, https:\/\/sdf.hr\/wp-content\/uploads\/2024\/04\/Pecanac3_Davor-Konjikusic-2048x1365.jpg 2048w\" sizes=\"auto, (max-width: 2560px) 100vw, 2560px\" \/><figcaption id=\"caption-attachment-4805\" class=\"wp-caption-text\">Goran Pe\u0107anac (Foto: Davor Konjiku\u0161i\u0107)<\/figcaption><\/figure>\n<p><strong>Govorite da politika u tradicionalnom smislu vi\u0161e ne postoji jer sve stranke pristaju funkcionirati unutar neoliberalnog kapitalizma pa nam preostaju samo borba za kulturni identitet i borba za konzumentski identitet. Mislite li time da borba za kulturni identitet, kao primjere dajete rasu, seksualnost, rod, ne mo\u017ee biti antisistemska?<\/strong><\/p>\n<p>Ma naravno da mo\u017ee, u toj sam re\u010denici htio poentirati populisti\u010dki, kao kad vas netko zaustavi za TV prilog i pita \u0161to je najva\u017enije pa ja odgovorim klasni rat. Kada pri\u010damo o feminizmu, bilo mi je super \u0161to su na No\u0107nom mar\u0161u svi govori bili antikapitalisti\u010dki. Ono \u010dega me strah je mo\u0107 kapitalizma \u2013 kapitalizam je prazni algoritam, on je kao alien, svejedno mu je u koga lije\u017ee jaja. Jasno je da se kapitalizam naslonio na patrijarhat, ali on se lako prilago\u0111ava i mo\u017ee zamutiti vodu ako mu najvidljivije patrijarhalne prakse donose \u0161tetu. U korporativnom svijetu iz kojeg dolazim, mnoge se \u017eene osje\u0107aju emancipiranima kroz kapitalisti\u010dki sustav, imate jaki <em>girl-boss<\/em> narativ. Na isti se na\u010din pristupa i trans ljudima. Ali borba nije gotova. Ako ne uklju\u010duje klasnu borbu, nije ni po\u010dela. Primjerice, uklju\u010denje trans osoba u sve sfere \u017eivota mora biti povezano sa slobodnim, javnim i svima dostupnim zdravstvom.<\/p>\n<p><strong>Teorije zavjere u knjizi opisujete kao narcisti\u010dki otpor prema stvarnosti \u2013 napredak znanosti je kompleksan pa su vlastita ograni\u010denja tuma\u010dena tako da znanje pretvaramo u ne\u0161to neprijateljsko. Dali ste primjer cjepiva i odnosa prema migrantima. Recite nam malo vi\u0161e o toj teoriji.<\/strong><\/p>\n<p>Kroz modernu desnicu mo\u017eemo vidjeti degeneraciju tkiva frontalnog korteksa svih nas (smijeh). Dana\u0161nja desnica je ispala iz filma &#8220;Jocker&#8221;, li\u0161ena ikakve vjere, nema tu ni jasne borbe protiv ne\u010deg \u0161to oni smatraju zlom. Postoji samo ideja da su ljudi iznevjereni i da treba hitno prona\u0107i krivca. Treba nekog kazniti jer se ja osje\u0107am lo\u0161e, jer sam siroma\u0161an i iznevjeren. Tu upadaju i dru\u0161tvene mre\u017ee koje su kao kolektivna knjiga \u017ealbe, \u017eelimo nekoga poniziti da se osjetimo ja\u010dima i boljima. I onda desni\u010dari odgovaraju na \u017ealbe ljudi, daju im brze i lake odgovore, zato indoktrinacija uspijeva jer nema tu ni\u010deg kompleksnog. Tko je kriv? Krivi su Nepalci. Kriva je trans zajednica. Sjajan stih grupe High Vis ka\u017ee &#8220;Our suffering sold as pride&#8221; \u2013 upravo se to dogodilo, radni\u010dka klasa iz nemogu\u0107nosti stvarnog djelovanja tra\u017ei instant rje\u0161enja. I na\u017ealost, dobije ih.<\/p>\n<p><strong>Ostanimo jo\u0161 malo na dru\u0161tvenim mre\u017eama. Pi\u0161ete da je internet pretvoren u algoritam koji kvantificira odobravanje okoline. U tome je njegova pobjeda, u tome mo\u017ee biti njegov poraz, odnosno promjena u ne\u0161to zdravije. U \u0161to zdravije? Kako vi koristite mre\u017ee?<\/strong><\/p>\n<p>Imao sam isklju\u010dene dru\u0161tvene mre\u017ee tri godine, od po\u010detka korone. Rado bih rekao da su to bile produktivnije i mirnije godine, ali nisu \u2013 nisam osjetio spokoj u du\u0161i jer smo i u svakodnevici utopljeni u stvarnost koju formiraju dru\u0161tvene mre\u017ee. Pala mi je na pamet super pri\u010da \u2013 jedan snimatelj <em>hard core<\/em> koncerata u Americi postao je dosta popularan, njegove se snimke gledaju i svi \u017eele biti na njima. Ta je \u010dinjenica potpuno promijenila na\u010din na koji se publika pozicionira na koncertima. Prije je nepisano pravilo bilo da imate pet, \u0161est redova ljudi ispred pozornice pa iza dio ljudi napravi krug, tzv. <em>moshing<\/em>, ajmo re\u0107i malo ekstremniji ples, a ljudi koji \u017eele <em>stage diveat<\/em>, ono kad se bacaju naprijed, ska\u010du na te redove na po\u010detku. I sad, s obzirom na to da svi \u017eele biti na snimci, nestali su ti prednji redovi, svi poku\u0161avaju \u0161to atraktivnije skakati i dolazi do povreda, ljudi su na koncerte po\u010deli dolaziti s gumom za zube. Znam da zvu\u010di ludo, ali YouTube je doslovno promijenio pona\u0161anje publike u uskom \u017eanru pank koncerata u SAD-u.<\/p>\n<p>Dao sam ovaj primjer jer \u017eelim podcrtati da se tako nekad osje\u0107am \u2013 kao da se u malim gestama ljudi u\u017eivo vidi da \u017eele opravdati svoju onlajn personu. Kada govorim o promjeni na zdravije, mislim da je internet i dalje mjesto na kojem mo\u017ee\u0161 stvoriti osnovu za dublje odnose, bez dru\u0161tvenih mre\u017ea skoro nitko danas ne bi znao za moju knjigu, mi ne bismo ovdje sjedili, a mre\u017ee volim koristiti i da hvalim ljude. Kada netko objavi super pjesmu ili fotografiju, napi\u0161em &#8220;ovo ti je super&#8221;, makar se to vi\u0161e ba\u0161 tako otvoreno ne radi. Vjerojatno ljudi nekad misle da im se upucavam, a samo \u017eelim re\u0107i da su napravili ne\u0161to dobro, valjda svi volimo \u010duti pohvalu.<\/p>\n<figure id=\"attachment_4807\" aria-describedby=\"caption-attachment-4807\" style=\"width: 2560px\" class=\"wp-caption alignnone\"><img loading=\"lazy\" decoding=\"async\" class=\"wp-image-4807 size-full\" src=\"https:\/\/sdf.hr\/wp-content\/uploads\/2024\/04\/Pecanac4_Davor-Konjikusic-scaled.jpg\" alt=\"\" width=\"2560\" height=\"1707\" srcset=\"https:\/\/sdf.hr\/wp-content\/uploads\/2024\/04\/Pecanac4_Davor-Konjikusic-scaled.jpg 2560w, https:\/\/sdf.hr\/wp-content\/uploads\/2024\/04\/Pecanac4_Davor-Konjikusic-300x200.jpg 300w, https:\/\/sdf.hr\/wp-content\/uploads\/2024\/04\/Pecanac4_Davor-Konjikusic-1024x683.jpg 1024w, https:\/\/sdf.hr\/wp-content\/uploads\/2024\/04\/Pecanac4_Davor-Konjikusic-768x512.jpg 768w, https:\/\/sdf.hr\/wp-content\/uploads\/2024\/04\/Pecanac4_Davor-Konjikusic-1536x1024.jpg 1536w, https:\/\/sdf.hr\/wp-content\/uploads\/2024\/04\/Pecanac4_Davor-Konjikusic-2048x1365.jpg 2048w\" sizes=\"auto, (max-width: 2560px) 100vw, 2560px\" \/><figcaption id=\"caption-attachment-4807\" class=\"wp-caption-text\">Goran Pe\u0107anac (Foto: Davor Konjiku\u0161i\u0107)<\/figcaption><\/figure>\n<p><strong>Vi od jutra niste stali \u2013 uskoro izlazi i va\u0161a druga knjiga?<\/strong><\/p>\n<p>Knjiga je kod izdava\u010da, nadam se da \u0107e iza\u0107i do kraja godine. Zove se &#8220;Raspoto\u010dje gori: Psihoanaliza i svakodnevni ekstremisti&#8221; i poja\u010dala je krind\u017e na jedanaestu. U dvanaest poglavlja govorim o meni bitnim, provizorno odabranim temama, od <em>death<\/em> metala preko recenzije jednog filma do klimatske krize. Uveo sam i autobiografske crtice, sramotne situacije iz svog \u017eivota, koje \u0107e neke ljude sigurno nervirati jer ta razina iskrenosti definitivno kr\u0161i bonton. Premisa knjige nije originalna, a govori da smo svi mi u oporavku od djetinjstva kao najekstremnijeg perioda na\u0161ih \u017eivota u kojem smo bili potpuno ovisni o drugima.<\/p>\n<p><strong>Naslov govori da vam je Zabranjeno pu\u0161enje va\u017eno?<\/strong><\/p>\n<p>Zabranjeno pu\u0161enje bilo je hipsterska refleksija Sarajeva 1980-ih, a publika smo bili skoro svi, svi mi koji smo bili preslabi da bismo bili uli\u010dni razbija\u010di, oni koje su ili roditelji malo previ\u0161e voljeli ili su samo \u017eivjeli u drugom kvartu, ali smo osje\u0107ali vezu s &#8220;Anarhija all over Ba\u0161\u010dar\u0161ija&#8221; ljudima. Nismo govorili &#8220;ja slu\u0161am Zabranjeno&#8221;, ali smo znali sve pjesme i sve reference, Zabranjeno pu\u0161enje je uz Top listu nadrealista bilo veliki dio sarajevske kulture i apsolutni sam fan ve\u0107ine njihovih stvari. Postojao je jo\u0161 jedan bend formativan za osamdesete, a to je bio Major, pa muzi\u010dka preporuka da poslu\u0161ate pjesmu &#8220;Glista&#8221;.<\/p>\n<p><strong>U zadnjem poglavlju &#8220;Kapitalizma i smrti&#8221; pi\u0161ete o nadi. Ka\u017eete da je ona danas sve nu\u017enija i da pitanje \u0161to nam nosi budu\u0107nost ne mo\u017eemo postaviti, a da se ne nadamo. \u0160to vama budi nadu, \u010demu se nadate?<\/strong><\/p>\n<p>Iskreno vjerujem da je ljudski duh ipak nepobjediv i to mi daje nadu. Nadu mi daju dva milijuna ljudi u Jemenu koji svaki petak protestiraju za Palestinu, s kojom niti ne dijele granicu. Ljudi na globalnom sjeveru na to uglavnom reagiraju s ga\u0111enjem, mi mislimo da otpor treba biti ti\u0161i, da ne smije nikoga smetati. Osu\u0111ujemo Hamas, a osu\u0111ujemo li mu\u0161karce koji kod nas ubijaju \u017eene? Jesmo li na ulicama sve dok to ne prestane? Nadam se da \u0107emo se jednom ipak zapitati je li gledanje serija na Netflixu nakon posla vrijedno gubljenja sustava javnog zdravstva. \u010cini mi se da nam je od ro\u0111enja ubrizgana ideja da samo budale ginu za ideale, a istina je suprotna. \u010cudimo se \u0161to ljudi u Gazi nisu odustali, nervira nas, a to je \u010dista zavist, projekcija jer smo mi odustali, a oni nisu.<\/p>\n<p><em>razgovor vodila Vedrana Bibi\u0107<\/em><\/p>\n","protected":false},"excerpt":{"rendered":"<p>Ono \u010dega me strah je mo\u0107 kapitalizma. On je kao alien, svejedno mu je u koga lije\u017ee jaja. Jasno je da se kapitalizam naslonio na patrijarhat, ali on se lako prilago\u0111ava i mo\u017ee zamutiti vodu ako mu najvidljivije patrijarhalne prakse donose \u0161tetu<\/p>\n","protected":false},"featured_media":4802,"template":"","tags":[173],"atribut":[],"class_list":["post-4809","nada","type-nada","status-publish","has-post-thumbnail","hentry","tag-intervju-2-hr"],"acf":[],"yoast_head":"<!-- This site is optimized with the Yoast SEO plugin v27.4 - https:\/\/yoast.com\/product\/yoast-seo-wordpress\/ -->\n<title>Goran Pe\u0107anac: Kapitalizam je prazni algoritam - SDF - Srpski demokratski forum<\/title>\n<meta name=\"robots\" content=\"index, follow, max-snippet:-1, max-image-preview:large, max-video-preview:-1\" \/>\n<link rel=\"canonical\" href=\"https:\/\/sdf.hr\/hr\/nada\/goran-pecanac-kapitalizam-je-prazni-algoritam\/\" \/>\n<meta property=\"og:locale\" content=\"hr_HR\" \/>\n<meta property=\"og:type\" content=\"article\" \/>\n<meta property=\"og:title\" content=\"Goran Pe\u0107anac: Kapitalizam je prazni algoritam - SDF - Srpski demokratski forum\" \/>\n<meta property=\"og:description\" content=\"Ono \u010dega me strah je mo\u0107 kapitalizma. On je kao alien, svejedno mu je u koga lije\u017ee jaja. Jasno je da se kapitalizam naslonio na patrijarhat, ali on se lako prilago\u0111ava i mo\u017ee zamutiti vodu ako mu najvidljivije patrijarhalne prakse donose \u0161tetu\" \/>\n<meta property=\"og:url\" content=\"https:\/\/sdf.hr\/hr\/nada\/goran-pecanac-kapitalizam-je-prazni-algoritam\/\" \/>\n<meta property=\"og:site_name\" content=\"SDF - Srpski demokratski forum\" \/>\n<meta property=\"article:modified_time\" content=\"2024-05-12T11:20:44+00:00\" \/>\n<meta property=\"og:image\" content=\"https:\/\/sdf.hr\/wp-content\/uploads\/2024\/04\/Pecanac1_Davor-Konjikusic-scaled.jpg\" \/>\n\t<meta property=\"og:image:width\" content=\"2560\" \/>\n\t<meta property=\"og:image:height\" content=\"1707\" \/>\n\t<meta property=\"og:image:type\" content=\"image\/jpeg\" \/>\n<meta name=\"twitter:card\" content=\"summary_large_image\" \/>\n<meta name=\"twitter:label1\" content=\"Procijenjeno vrijeme \u010ditanja\" \/>\n\t<meta name=\"twitter:data1\" content=\"14 minuta\" \/>\n<script type=\"application\/ld+json\" class=\"yoast-schema-graph\">{\"@context\":\"https:\\\/\\\/schema.org\",\"@graph\":[{\"@type\":\"WebPage\",\"@id\":\"https:\\\/\\\/sdf.hr\\\/hr\\\/nada\\\/goran-pecanac-kapitalizam-je-prazni-algoritam\\\/\",\"url\":\"https:\\\/\\\/sdf.hr\\\/hr\\\/nada\\\/goran-pecanac-kapitalizam-je-prazni-algoritam\\\/\",\"name\":\"Goran Pe\u0107anac: Kapitalizam je prazni algoritam - SDF - Srpski demokratski forum\",\"isPartOf\":{\"@id\":\"https:\\\/\\\/sdf.hr\\\/#website\"},\"primaryImageOfPage\":{\"@id\":\"https:\\\/\\\/sdf.hr\\\/hr\\\/nada\\\/goran-pecanac-kapitalizam-je-prazni-algoritam\\\/#primaryimage\"},\"image\":{\"@id\":\"https:\\\/\\\/sdf.hr\\\/hr\\\/nada\\\/goran-pecanac-kapitalizam-je-prazni-algoritam\\\/#primaryimage\"},\"thumbnailUrl\":\"https:\\\/\\\/sdf.hr\\\/wp-content\\\/uploads\\\/2024\\\/04\\\/Pecanac1_Davor-Konjikusic-scaled.jpg\",\"datePublished\":\"2024-04-28T09:57:21+00:00\",\"dateModified\":\"2024-05-12T11:20:44+00:00\",\"breadcrumb\":{\"@id\":\"https:\\\/\\\/sdf.hr\\\/hr\\\/nada\\\/goran-pecanac-kapitalizam-je-prazni-algoritam\\\/#breadcrumb\"},\"inLanguage\":\"hr\",\"potentialAction\":[{\"@type\":\"ReadAction\",\"target\":[\"https:\\\/\\\/sdf.hr\\\/hr\\\/nada\\\/goran-pecanac-kapitalizam-je-prazni-algoritam\\\/\"]}]},{\"@type\":\"ImageObject\",\"inLanguage\":\"hr\",\"@id\":\"https:\\\/\\\/sdf.hr\\\/hr\\\/nada\\\/goran-pecanac-kapitalizam-je-prazni-algoritam\\\/#primaryimage\",\"url\":\"https:\\\/\\\/sdf.hr\\\/wp-content\\\/uploads\\\/2024\\\/04\\\/Pecanac1_Davor-Konjikusic-scaled.jpg\",\"contentUrl\":\"https:\\\/\\\/sdf.hr\\\/wp-content\\\/uploads\\\/2024\\\/04\\\/Pecanac1_Davor-Konjikusic-scaled.jpg\",\"width\":2560,\"height\":1707,\"caption\":\"Goran Pe\u0107anac (Foto: Davor Konjiku\u0161i\u0107)\"},{\"@type\":\"BreadcrumbList\",\"@id\":\"https:\\\/\\\/sdf.hr\\\/hr\\\/nada\\\/goran-pecanac-kapitalizam-je-prazni-algoritam\\\/#breadcrumb\",\"itemListElement\":[{\"@type\":\"ListItem\",\"position\":1,\"name\":\"Po\u010detna stranica\",\"item\":\"https:\\\/\\\/sdf.hr\\\/hr\\\/\"},{\"@type\":\"ListItem\",\"position\":2,\"name\":\"Nada\",\"item\":\"https:\\\/\\\/sdf.hr\\\/nada\\\/\"},{\"@type\":\"ListItem\",\"position\":3,\"name\":\"Goran Pe\u0107anac: Kapitalizam je prazni algoritam\"}]},{\"@type\":\"WebSite\",\"@id\":\"https:\\\/\\\/sdf.hr\\\/#website\",\"url\":\"https:\\\/\\\/sdf.hr\\\/\",\"name\":\"SDF - Srpski demokratski forum\",\"description\":\"Srpski demokratski forum\",\"publisher\":{\"@id\":\"https:\\\/\\\/sdf.hr\\\/#organization\"},\"potentialAction\":[{\"@type\":\"SearchAction\",\"target\":{\"@type\":\"EntryPoint\",\"urlTemplate\":\"https:\\\/\\\/sdf.hr\\\/?s={search_term_string}\"},\"query-input\":{\"@type\":\"PropertyValueSpecification\",\"valueRequired\":true,\"valueName\":\"search_term_string\"}}],\"inLanguage\":\"hr\"},{\"@type\":\"Organization\",\"@id\":\"https:\\\/\\\/sdf.hr\\\/#organization\",\"name\":\"SDF - Srpski demokratski forum\",\"url\":\"https:\\\/\\\/sdf.hr\\\/\",\"logo\":{\"@type\":\"ImageObject\",\"inLanguage\":\"hr\",\"@id\":\"https:\\\/\\\/sdf.hr\\\/#\\\/schema\\\/logo\\\/image\\\/\",\"url\":\"https:\\\/\\\/sdf.hr\\\/wp-content\\\/uploads\\\/2021\\\/07\\\/logo-hr.svg\",\"contentUrl\":\"https:\\\/\\\/sdf.hr\\\/wp-content\\\/uploads\\\/2021\\\/07\\\/logo-hr.svg\",\"width\":271,\"height\":100,\"caption\":\"SDF - Srpski demokratski forum\"},\"image\":{\"@id\":\"https:\\\/\\\/sdf.hr\\\/#\\\/schema\\\/logo\\\/image\\\/\"}}]}<\/script>\n<!-- \/ Yoast SEO plugin. -->","yoast_head_json":{"title":"Goran Pe\u0107anac: Kapitalizam je prazni algoritam - SDF - Srpski demokratski forum","robots":{"index":"index","follow":"follow","max-snippet":"max-snippet:-1","max-image-preview":"max-image-preview:large","max-video-preview":"max-video-preview:-1"},"canonical":"https:\/\/sdf.hr\/hr\/nada\/goran-pecanac-kapitalizam-je-prazni-algoritam\/","og_locale":"hr_HR","og_type":"article","og_title":"Goran Pe\u0107anac: Kapitalizam je prazni algoritam - SDF - Srpski demokratski forum","og_description":"Ono \u010dega me strah je mo\u0107 kapitalizma. On je kao alien, svejedno mu je u koga lije\u017ee jaja. Jasno je da se kapitalizam naslonio na patrijarhat, ali on se lako prilago\u0111ava i mo\u017ee zamutiti vodu ako mu najvidljivije patrijarhalne prakse donose \u0161tetu","og_url":"https:\/\/sdf.hr\/hr\/nada\/goran-pecanac-kapitalizam-je-prazni-algoritam\/","og_site_name":"SDF - Srpski demokratski forum","article_modified_time":"2024-05-12T11:20:44+00:00","og_image":[{"width":2560,"height":1707,"url":"https:\/\/sdf.hr\/wp-content\/uploads\/2024\/04\/Pecanac1_Davor-Konjikusic-scaled.jpg","type":"image\/jpeg"}],"twitter_card":"summary_large_image","twitter_misc":{"Procijenjeno vrijeme \u010ditanja":"14 minuta"},"schema":{"@context":"https:\/\/schema.org","@graph":[{"@type":"WebPage","@id":"https:\/\/sdf.hr\/hr\/nada\/goran-pecanac-kapitalizam-je-prazni-algoritam\/","url":"https:\/\/sdf.hr\/hr\/nada\/goran-pecanac-kapitalizam-je-prazni-algoritam\/","name":"Goran Pe\u0107anac: Kapitalizam je prazni algoritam - SDF - Srpski demokratski forum","isPartOf":{"@id":"https:\/\/sdf.hr\/#website"},"primaryImageOfPage":{"@id":"https:\/\/sdf.hr\/hr\/nada\/goran-pecanac-kapitalizam-je-prazni-algoritam\/#primaryimage"},"image":{"@id":"https:\/\/sdf.hr\/hr\/nada\/goran-pecanac-kapitalizam-je-prazni-algoritam\/#primaryimage"},"thumbnailUrl":"https:\/\/sdf.hr\/wp-content\/uploads\/2024\/04\/Pecanac1_Davor-Konjikusic-scaled.jpg","datePublished":"2024-04-28T09:57:21+00:00","dateModified":"2024-05-12T11:20:44+00:00","breadcrumb":{"@id":"https:\/\/sdf.hr\/hr\/nada\/goran-pecanac-kapitalizam-je-prazni-algoritam\/#breadcrumb"},"inLanguage":"hr","potentialAction":[{"@type":"ReadAction","target":["https:\/\/sdf.hr\/hr\/nada\/goran-pecanac-kapitalizam-je-prazni-algoritam\/"]}]},{"@type":"ImageObject","inLanguage":"hr","@id":"https:\/\/sdf.hr\/hr\/nada\/goran-pecanac-kapitalizam-je-prazni-algoritam\/#primaryimage","url":"https:\/\/sdf.hr\/wp-content\/uploads\/2024\/04\/Pecanac1_Davor-Konjikusic-scaled.jpg","contentUrl":"https:\/\/sdf.hr\/wp-content\/uploads\/2024\/04\/Pecanac1_Davor-Konjikusic-scaled.jpg","width":2560,"height":1707,"caption":"Goran Pe\u0107anac (Foto: Davor Konjiku\u0161i\u0107)"},{"@type":"BreadcrumbList","@id":"https:\/\/sdf.hr\/hr\/nada\/goran-pecanac-kapitalizam-je-prazni-algoritam\/#breadcrumb","itemListElement":[{"@type":"ListItem","position":1,"name":"Po\u010detna stranica","item":"https:\/\/sdf.hr\/hr\/"},{"@type":"ListItem","position":2,"name":"Nada","item":"https:\/\/sdf.hr\/nada\/"},{"@type":"ListItem","position":3,"name":"Goran Pe\u0107anac: Kapitalizam je prazni algoritam"}]},{"@type":"WebSite","@id":"https:\/\/sdf.hr\/#website","url":"https:\/\/sdf.hr\/","name":"SDF - Srpski demokratski forum","description":"Srpski demokratski forum","publisher":{"@id":"https:\/\/sdf.hr\/#organization"},"potentialAction":[{"@type":"SearchAction","target":{"@type":"EntryPoint","urlTemplate":"https:\/\/sdf.hr\/?s={search_term_string}"},"query-input":{"@type":"PropertyValueSpecification","valueRequired":true,"valueName":"search_term_string"}}],"inLanguage":"hr"},{"@type":"Organization","@id":"https:\/\/sdf.hr\/#organization","name":"SDF - Srpski demokratski forum","url":"https:\/\/sdf.hr\/","logo":{"@type":"ImageObject","inLanguage":"hr","@id":"https:\/\/sdf.hr\/#\/schema\/logo\/image\/","url":"https:\/\/sdf.hr\/wp-content\/uploads\/2021\/07\/logo-hr.svg","contentUrl":"https:\/\/sdf.hr\/wp-content\/uploads\/2021\/07\/logo-hr.svg","width":271,"height":100,"caption":"SDF - Srpski demokratski forum"},"image":{"@id":"https:\/\/sdf.hr\/#\/schema\/logo\/image\/"}}]}},"_links":{"self":[{"href":"https:\/\/sdf.hr\/hr\/wp-json\/wp\/v2\/nada\/4809","targetHints":{"allow":["GET"]}}],"collection":[{"href":"https:\/\/sdf.hr\/hr\/wp-json\/wp\/v2\/nada"}],"about":[{"href":"https:\/\/sdf.hr\/hr\/wp-json\/wp\/v2\/types\/nada"}],"wp:featuredmedia":[{"embeddable":true,"href":"https:\/\/sdf.hr\/hr\/wp-json\/wp\/v2\/media\/4802"}],"wp:attachment":[{"href":"https:\/\/sdf.hr\/hr\/wp-json\/wp\/v2\/media?parent=4809"}],"wp:term":[{"taxonomy":"post_tag","embeddable":true,"href":"https:\/\/sdf.hr\/hr\/wp-json\/wp\/v2\/tags?post=4809"},{"taxonomy":"atribut","embeddable":true,"href":"https:\/\/sdf.hr\/hr\/wp-json\/wp\/v2\/atribut?post=4809"}],"curies":[{"name":"wp","href":"https:\/\/api.w.org\/{rel}","templated":true}]}}