{"id":4847,"date":"2024-05-01T12:09:23","date_gmt":"2024-05-01T10:09:23","guid":{"rendered":"https:\/\/sdf.hr\/nada\/glasovi-iz-proslosti-vrapca\/"},"modified":"2024-05-01T12:09:55","modified_gmt":"2024-05-01T10:09:55","slug":"glasovi-iz-proslosti-vrapca","status":"publish","type":"nada","link":"https:\/\/sdf.hr\/hr\/nada\/glasovi-iz-proslosti-vrapca\/","title":{"rendered":"Glasovi iz pro\u0161losti Vrap\u010da"},"content":{"rendered":"<p>U suvremenim psihijatrijskim anamnezama izo\u0161trava se pogled lije\u010dnika koji traga za obrascima pona\u0161anja sagledanim i organiziranim klasifikacijama Me\u0111unarodne klasifikacije bolesti (ICD) ili Dijagnosti\u010dkog i statisti\u010dkog priru\u010dnika za du\u0161evne poreme\u0107aje (DSM). Psihijatar \u0107e zapisati je li promatrana osoba, koja se nervozno preko puta preme\u0107e u stolici ili pote\u017ee i skuplja prstima obrub majice, u punoj svijesti i uredno orijentirana, kakvoga se raspolo\u017eenja doima, jede li i spava i zamje\u0107uju li se deluzije i agresivne misli. Dijagnoza: F32.1, umjerena depresivna epizoda; &#8220;sni\u017eeno raspolo\u017eenje, osjetan manjak energije i pad aktivnosti&#8230; Vjerojatno je da pacijent tek s izrazitim te\u0161ko\u0107ama uspijeva obavljati svakodnevne aktivnosti&#8221;. Zadane kategorije sa svojim kriterijima gu\u017evaju se u borama rastegnute majice. Kako pokazuje F32.1, kao i mnoge druge dijagnoze unutar ICD-a i DSM-a, prilago\u0111enost i korisnost, uz sposobnost za rad i svakodnevne obaveze, osnovni su oslonac na kojem je psihijatrija kao disciplina tokom svoje povijesti gradila ideju mentalnoga zdravlja.<\/p>\n<p>Dijagnosti\u010dki priru\u010dnici, i ICD i DSM, nastaju te\u017enjom nacionalnih dr\u017eava da sistematiziraju statisti\u010dke podatke o zdravstvenom stanju na svojim teritorijima, odre\u0111uju\u0107i i propisuju\u0107i i tada i danas \u0161to \u0107e se smatrati zdravim, odnosno prilago\u0111enim i korisnim pona\u0161anjem.<\/p>\n<p>&#8211; Od sredine 18. stolje\u0107a do danas dr\u017eave se okre\u0107u sve ve\u0107oj kontroli vlastite populacije. S razvojem industrijskoga kapitalizma, dolazi do administrativne paradigme u kojoj se stanovni\u0161tvo po\u010dinje promatrati kao resurs kojega je potrebno \u0161to efikasnije iskoristiti; za reprodukciju radne snage, potencijalnih vojnika ili osna\u017eivanje ekspanzivne mo\u0107i dr\u017eave. Vlada jedna okrutna kapitalisti\u010dka logika, gdje osobe s raznim oboljenjima, osobe koje se ne uklapaju u dru\u0161tvene norme svoga vremena, dr\u017eavi postaju teretom, njihove egzistencije ne\u010dim \u0161to je potrebno ili udaljiti ili lije\u010diti u za to namijenjenim ustanovama &#8211; obja\u0161njava <strong>Vinko Korotaj Dra\u010da<\/strong>, povjesni\u010dar iz Arhiva Srba u Hrvatskoj i autor nedavno objavljene znanstvene monografije &#8220;Glasovi iz tame: Psihijatrijski diskurs u hrvatskom dru\u0161tvu na prijelazu iz 19. u 20. st.&#8221;<\/p>\n<p>U istra\u017eivanju Arhiva nekada\u0161njega Kraljevskog i zemaljskog zavoda za umobolne u Stenjevcu, danas Klinike za psihijatriju Vrap\u010de, koncentriranom na razdoblje izme\u0111u 1879. i 1918., Korotaj Dra\u010da analizirao je oko 40.000 povijesti bolesti \u0161ti\u0107enika te bolnice.<\/p>\n<p>&#8211; Studija kojima bi psihijatrija bila pripovijedana i razmatrana govorom \u0161ti\u0107enika jo\u0161 uvijek ima u nedostatnom broju, stoga sam svojim istra\u017eivanjem nastojao potisnuti autoritet institucije i primarnim u\u010diniti iskustvo ljudi na kojem se taj autoritet gradio &#8211; nazna\u010duje on.<\/p>\n<figure id=\"attachment_4843\" aria-describedby=\"caption-attachment-4843\" style=\"width: 1080px\" class=\"wp-caption alignnone\"><img loading=\"lazy\" decoding=\"async\" class=\"wp-image-4843 size-full\" src=\"https:\/\/sdf.hr\/wp-content\/uploads\/2024\/05\/Vinko-Korotaj-Draca_privatna-arhiva.jpg\" alt=\"\" width=\"1080\" height=\"971\" srcset=\"https:\/\/sdf.hr\/wp-content\/uploads\/2024\/05\/Vinko-Korotaj-Draca_privatna-arhiva.jpg 1080w, https:\/\/sdf.hr\/wp-content\/uploads\/2024\/05\/Vinko-Korotaj-Draca_privatna-arhiva-300x270.jpg 300w, https:\/\/sdf.hr\/wp-content\/uploads\/2024\/05\/Vinko-Korotaj-Draca_privatna-arhiva-1024x921.jpg 1024w, https:\/\/sdf.hr\/wp-content\/uploads\/2024\/05\/Vinko-Korotaj-Draca_privatna-arhiva-768x690.jpg 768w\" sizes=\"auto, (max-width: 1080px) 100vw, 1080px\" \/><figcaption id=\"caption-attachment-4843\" class=\"wp-caption-text\">Vinko Korotaj Dra\u010da<\/figcaption><\/figure>\n<p>Povijesti bolesti toga perioda variraju od kra\u0107ih zabilje\u0161ki do detaljnih razlaganja situacije, ispunjenih osobnim primjedbama lije\u010dnika, doslovno prenesenim iskazima pacijenata i njihovih obitelji, pa i umetnutim pismima \u0161ti\u0107enika i svjedo\u010danstvima okoline iz koje dolaze.<\/p>\n<p>&#8211; To je kontrastno s dana\u0161njom povijesti bolesti koja je uglavnom sa\u017eeta, koja ima malo opservacija o emocijama i psiholo\u0161kom stanju, kao i razlaganja ekonomskih i socijalnih okolnosti iz kojih osoba dolazi. Radi se o znanosti koja tek nastaje i koja jo\u0161 ne zna \u0161to je bitno i \u0161to mo\u017ee biti bitno, pa stoga nastoji pokriti \u0161to vi\u0161e toga, time i \u0161iri dru\u0161tveni kontekst koji izmi\u010de suvremenim razmatranjima du\u0161evnih te\u0161ko\u0107a \u2013 dodaje Korotaj Dra\u010da.<\/p>\n<p>Stenjeve\u010dki zavod podignut je 1879. na mo\u010dvarnom i zaba\u010denom podru\u010dju, tada jo\u0161 zna\u010dajno udaljenom od grada, bore\u0107i se s epidemijama, prenapu\u010deno\u0161\u0107u i lo\u0161im higijenskim uvjetima. Rast broja \u0161ti\u0107enika u psihijatrijskim zavodima odgovor je dr\u017eave na nemire i pukotine generirane klasnim sukobima. Red i mir, gra\u0111anski moral i radna na\u010dela nastojali su se odr\u017eati zatvaranjem i obuzdavanjem siroma\u0161nog, nomadskog i na razli\u010dite na\u010dine devijantno ozna\u010denog stanovni\u0161tva u psihijatrijskim institucijama.<\/p>\n<p>Arhitektonska je koncepcija Kraljevskog i zemaljskog zavoda za umobolne u Stenjevcu isto tako trebala stratificirati prostor da omogu\u0107i \u0161to efikasniji nadzor nad pacijentima. U linearnom ili Kirkbrideovom planu bolnice iz sredi\u0161nje zgrade namijenjene ravnatelju bolnice i drugim medicinskim radnicima protezala su se krila za \u0161ti\u0107enike, gdje su bili neprestano u vidokrugu lije\u010dnika, a s naknadno nadogra\u0111enim paviljonima koji su, u skladu s terapijskom pristupom <em>moral treatmenta <\/em>(temeljenog na radu, izolaciji i \u201cpovratku prirodi\u201d), trebali kreirati smiruju\u0107u okolinu, koja \u0107e \u0161to manje podsje\u0107ati na zatvor.<\/p>\n<p>&#8211; Zbog nemogu\u0107nosti osiguravanja materijalnih uvjeta za skrb o \u0161ti\u0107enicima, Zavod je iskori\u0161tavao rad svojih \u0161ti\u0107enika na poljoprivrednim dobrima da bi odr\u017eavao aktivnosti ustanove, \u0161to se odr\u017ealo do sredine 20. stolje\u0107a. Od 1920-ih po\u010dinje se elaborirati radni anga\u017eman \u0161ti\u0107enika organiziranjem radnih kolonija. Jankomir, dana\u0161nja psihijatrijska bolnica, zapo\u010deo je kao radna kolonija Vrap\u010da \u2013 obja\u0161njava Korotaj Dra\u010da.<\/p>\n<p>Na tom tragu, u knjizi se navodi podatak da su od 1879. do 1882. u Stenjevcu uglavnom internirani zemljoradnici (48,25 posto \u0161ti\u0107enika), obrtnici (10,46 posto), sluge i te\u017eaci (14,8 posto), ni\u017ee obrazovani \u0161ti\u0107enici koji su naj\u010de\u0161\u0107e i zavr\u0161avali na tim poslovima. Unato\u010d pritiscima ustanove, Korotaj Dra\u010da raspisuje u svome radu pobune i preispitivanja tih praksi: &#8220;<strong>Mara G.<\/strong>, seljakinja iz Hercegovca, bolni\u010darima je rekla da ne \u017eeli ondje raditi, ve\u0107 &#8216;da je se pusti ku\u0107i pa \u0107e onda ku\u0107i raditi&#8217;.&#8221; Zapisuje i slu\u010daj postolarskog pomo\u0107nika <strong>Tome G.<\/strong> koji se, &#8220;nakon \u0161to je po\u010deo raditi u zavodskoj postolarskoj radionici, potu\u017eio da &#8216;ne zna ra\u010duna i da nema svoje knjige&#8217;. Nakon toga \u010desto poku\u0161ava pobje\u0107i i napada bolni\u010dare tra\u017ee\u0107i da mu se plati za rad koji je obavio u zavodu ili da ga se pusti da po\u0161teno zara\u0111uje kao postolarski pomo\u0107nik&#8221;. Dijagnozama <em>melancholie<\/em> izricala se neima\u0161tina, o\u010daj i strah od oskudice. Udovici <strong>Mari \u0160.<\/strong>, pripovijeda, bolest se manifestirala time \u0161to je &#8220;prvo zapu\u0161tala posao, zatim se klatarila po no\u0107i, vikala, psovala i trgala odielo&#8221;.<\/p>\n<p>I u dana\u0161njoj psihijatriji, iako mijenja pristupe i metode, sposobnost za rad opstaje kao jedan od temeljnih dijagnosti\u010dkih kriterija i terapijskih fokusa.<\/p>\n<p>&#8211; Uzmemo li za primjer ADHD ili poreme\u0107aj pa\u017enje, njega je nemogu\u0107e dijagnosticirati izvan \u0161kole i radnog mjesta. Ako se razmi\u0161lja o obrazovnom sustavu koji je krojen po potrebama djece, onda se mogu\u0107e zapitati za\u0161to se neprilago\u0111enost odre\u0111enog postotka ljudi danim okolnostima tretira kao poreme\u0107aj koji treba ispravljati farmakoterapijom, a ne poku\u0161avaju se te okolnosti promijeniti \u2013 pita se Korotaj Dra\u010da.<\/p>\n<p>U pomno protkanim pripovijestima o iskustvima sputanim bolni\u010dkim stegama s 19. na 20. stolje\u0107e, knjiga sagledava kako se re\u017eimi roda razra\u0111uju i pokre\u0107u psihijatrijskim praksama u proizvodnji i odr\u017eavanju kapitalisti\u010dke gra\u0111anske obitelji.<\/p>\n<p>Opsesija medicine ljudskom seksualno\u0161\u0107u, o \u010demu je pisao i <strong>Foucault<\/strong>, preslikava se nagla\u0161eno na dijagnoze \u0161ti\u0107enika, naro\u010dito seoskih \u017eena, gdje patolo\u0161kom devijacijom postaje bilo kakav otklon od proskribiranih obrazaca pona\u0161anja. U tekstu <strong>Dragutina Forenbachera<\/strong> u Lije\u010dni\u010dkom vjesniku 1886. Korotaj Dra\u010da izdvaja prvi opisani slu\u010daj histerije u Stenjevcu, a s narednim \u0107e se godinama pove\u0107avati broj institucionaliziranih \u017eena s tom dijagnozom. Medicinske procedure poku\u0161avaju se upotrijebiti da bi se raznolikost ljudske egzistencije resocijalizirala u model koji \u0107e biti optimalan za kapitalisti\u010dku eksploataciju. Histerija se tako pokazuje i kao vi\u0161ak seksualnosti, koju je potrebno &#8220;vratiti&#8221; u odgovaraju\u0107e odnose, pa je za \u0161velju <strong>Anu B.<\/strong> iz Mitrovice zapisano kako je &#8220;pri prijemu do\u010dekala lije\u010dnike afektirano obu\u010dena, ista takova u kretnjama i govoru (&#8230;) Izraz lica inteligentan, pogled eroti\u010dan.&#8221;<\/p>\n<figure id=\"attachment_4845\" aria-describedby=\"caption-attachment-4845\" style=\"width: 1976px\" class=\"wp-caption alignnone\"><img loading=\"lazy\" decoding=\"async\" class=\"wp-image-4845 size-full\" src=\"https:\/\/sdf.hr\/wp-content\/uploads\/2024\/05\/Naslovnica_2-scaled.jpg\" alt=\"\" width=\"1976\" height=\"2560\" srcset=\"https:\/\/sdf.hr\/wp-content\/uploads\/2024\/05\/Naslovnica_2-scaled.jpg 1976w, https:\/\/sdf.hr\/wp-content\/uploads\/2024\/05\/Naslovnica_2-232x300.jpg 232w, https:\/\/sdf.hr\/wp-content\/uploads\/2024\/05\/Naslovnica_2-791x1024.jpg 791w, https:\/\/sdf.hr\/wp-content\/uploads\/2024\/05\/Naslovnica_2-768x995.jpg 768w, https:\/\/sdf.hr\/wp-content\/uploads\/2024\/05\/Naslovnica_2-1186x1536.jpg 1186w, https:\/\/sdf.hr\/wp-content\/uploads\/2024\/05\/Naslovnica_2-1581x2048.jpg 1581w\" sizes=\"auto, (max-width: 1976px) 100vw, 1976px\" \/><figcaption id=\"caption-attachment-4845\" class=\"wp-caption-text\">Naslovnica knjige<\/figcaption><\/figure>\n<p>Psihijatrijske se koncepcije ludila, onoga \u0161to tvrdi da je njezin predmet, kre\u0107u osporavati ozbiljnije tek od sredine 20. stolje\u0107a. Izravni povod tome su poslijeratna su\u0111enja koja su se razotkrila Plan T4 (<em>Aktion T4<\/em>), plan masovne eutanazije du\u0161evno bolesnih izme\u0111u 1938. i 1945. u Njema\u010dkoj.<\/p>\n<p>&#8211; Kada je svijest o tim ubojstvima doprla u \u0161iru javnost, naro\u010dito medicinsku, bilo je jasno da ne samo da se psihijatrijski autoriteti na to nisu pobunili, nego je psihijatrija sudjelovala u tome. Onda se krenuo otvarati razgovor o tome je li sistem dehumaniziraju\u0107i, unato\u010d tome \u0161to se poziva upravo na suprotno. Antipsihijatrijski pokret \u010dinili su sami psihijatri, od <strong>Thomasa Szasza <\/strong>i <strong>R. D. Lainga <\/strong>do<strong> Franca Basaglie<\/strong>. Antipsihijatrijski pokret je do\u0161ao iznutra. To je jedna mo\u0107na stvar koju treba istaknuti \u2013 ka\u017ee Korotaj Dra\u010da.<\/p>\n<p>Napominje kako kod nas nije bilo masovnih eutanazija, no 1944. odvila se egzekucija du\u0161evno oboljelih osoba u Vrap\u010du \u017eidovske i srpske nacionalnosti. Iako primje\u0107uje da je kritika uspjela potaknuti neke promjene u psihijatrijskim praksama, isti\u010de da se psihijatrija nije su\u0161tinski promijenila.<\/p>\n<p>&#8211; I dalje prevladava biopsihosocijalni model u kojem se nerijetko te\u0161ko\u0107e koje proizlaze iz ekonomskih i dru\u0161tvenih uvjeta svode na aktivnost na\u0161ih neurotransmitera &#8211; ka\u017ee.<\/p>\n<p>No ne misli pritom da se treba zapetljati u kakve reformisti\u010dke pregovore, naprotiv.<\/p>\n<p>&#8211; Ne patologizacija i <em>self-care<\/em>, nego politi\u010dko organiziranje. Bez dokidanja kapitalisti\u010dke eksploatacije, kao i rodne, seksualne, etni\u010dke i drugih aspekata opresije, mi nikada i ne\u0107emo znati \u0161to je mogu\u0107e i uistinu za\u0107i u emancipaciju &#8211; dodaje.<\/p>\n<p>Istovremeno je potrebno promi\u0161ljati i neke druge modele skrbi na kojima bismo gradili politi\u010dke horizonte.<\/p>\n<p>&#8211; Kapitalizam ne zahtijeva od nas samo na\u0161e vrijeme. Tra\u017ei i na\u0161 emocionalni rad, uzima u potpunosti sve ono \u0161to bismo mogli utkati u na\u0161e zajednice. U neoliberalnom kapitalizmu ne\u010dije mentalno zdravlje trebalo bi biti stvar pojedinca. Upu\u0107uje te se da radi\u0161 svoj <em>self-care<\/em> u svoje slobodno vrijeme. Sam sa sobom, ne optere\u0107uju\u0107i druge. Tvoji obitelj i prijatelji s tim nemaju veze. Ide\u0161 kod terapeuta, pri\u010da\u0161 s terapeutom, o tome ne pri\u010da\u0161 sa svojom obitelji i prijateljima. To je jedan prostor emotivnosti koji je potpuno institucionaliziran i medikaliziran. Mislim da je opasno normalizirati takav na\u010din me\u0111uljudskih odnosa. Smatram da briga o mentalnom zdravlju ne smije biti samo domena medicine, ve\u0107 da to treba biti briga cijelog dru\u0161tva. Ako neki dru\u0161tveni proces nekim ljudima uzrokuje du\u0161evnu patnju, moramo se zapitati \u0161to mi kao dru\u0161tvo radimo po tom pitanju. Za mene je to politi\u010dki proces, ne pitanje biologije i snala\u017eljivosti osobe \u2013 zaklju\u010duje Vinko Korotaj Dra\u010da.<\/p>\n<p><em>pi\u0161e Nina \u010colovi\u0107<\/em><\/p>\n","protected":false},"excerpt":{"rendered":"<p>Povjesni\u010dar Vinko Korotaj Dra\u010da analizirao je 40.000 povijesti bolesti \u0161ti\u0107enika nekada\u0161njega Kraljevskog i zemaljskog zavoda za umobolne u Stenjevcu, danas Klinike za psihijatriju Vrap\u010de: &#8220;Zavod je iskori\u0161tavao rad svojih \u0161ti\u0107enika na poljoprivrednim dobrima&#8221;<\/p>\n","protected":false},"featured_media":4842,"template":"","tags":[130],"atribut":[],"class_list":["post-4847","nada","type-nada","status-publish","has-post-thumbnail","hentry","tag-tema"],"acf":[],"yoast_head":"<!-- This site is optimized with the Yoast SEO plugin v27.4 - https:\/\/yoast.com\/product\/yoast-seo-wordpress\/ -->\n<title>Glasovi iz pro\u0161losti Vrap\u010da - SDF - Srpski demokratski forum<\/title>\n<meta name=\"robots\" content=\"index, follow, max-snippet:-1, max-image-preview:large, max-video-preview:-1\" \/>\n<link rel=\"canonical\" href=\"https:\/\/sdf.hr\/hr\/nada\/glasovi-iz-proslosti-vrapca\/\" \/>\n<meta property=\"og:locale\" content=\"hr_HR\" \/>\n<meta property=\"og:type\" content=\"article\" \/>\n<meta property=\"og:title\" content=\"Glasovi iz pro\u0161losti Vrap\u010da - SDF - Srpski demokratski forum\" \/>\n<meta property=\"og:description\" content=\"Povjesni\u010dar Vinko Korotaj Dra\u010da analizirao je 40.000 povijesti bolesti \u0161ti\u0107enika nekada\u0161njega Kraljevskog i zemaljskog zavoda za umobolne u Stenjevcu, danas Klinike za psihijatriju Vrap\u010de: &quot;Zavod je iskori\u0161tavao rad svojih \u0161ti\u0107enika na poljoprivrednim dobrima&quot;\" \/>\n<meta property=\"og:url\" content=\"https:\/\/sdf.hr\/hr\/nada\/glasovi-iz-proslosti-vrapca\/\" \/>\n<meta property=\"og:site_name\" content=\"SDF - Srpski demokratski forum\" \/>\n<meta property=\"article:modified_time\" content=\"2024-05-01T10:09:55+00:00\" \/>\n<meta property=\"og:image\" content=\"https:\/\/sdf.hr\/wp-content\/uploads\/2024\/05\/Muzej-bolnice-Vrapce_Davor-Puklavec-scaled.jpg\" \/>\n\t<meta property=\"og:image:width\" content=\"2560\" \/>\n\t<meta property=\"og:image:height\" content=\"1707\" \/>\n\t<meta property=\"og:image:type\" content=\"image\/jpeg\" \/>\n<meta name=\"twitter:card\" content=\"summary_large_image\" \/>\n<meta name=\"twitter:label1\" content=\"Procijenjeno vrijeme \u010ditanja\" \/>\n\t<meta name=\"twitter:data1\" content=\"9 minuta\" \/>\n<script type=\"application\/ld+json\" class=\"yoast-schema-graph\">{\"@context\":\"https:\\\/\\\/schema.org\",\"@graph\":[{\"@type\":\"WebPage\",\"@id\":\"https:\\\/\\\/sdf.hr\\\/hr\\\/nada\\\/glasovi-iz-proslosti-vrapca\\\/\",\"url\":\"https:\\\/\\\/sdf.hr\\\/hr\\\/nada\\\/glasovi-iz-proslosti-vrapca\\\/\",\"name\":\"Glasovi iz pro\u0161losti Vrap\u010da - SDF - Srpski demokratski forum\",\"isPartOf\":{\"@id\":\"https:\\\/\\\/sdf.hr\\\/#website\"},\"primaryImageOfPage\":{\"@id\":\"https:\\\/\\\/sdf.hr\\\/hr\\\/nada\\\/glasovi-iz-proslosti-vrapca\\\/#primaryimage\"},\"image\":{\"@id\":\"https:\\\/\\\/sdf.hr\\\/hr\\\/nada\\\/glasovi-iz-proslosti-vrapca\\\/#primaryimage\"},\"thumbnailUrl\":\"https:\\\/\\\/sdf.hr\\\/wp-content\\\/uploads\\\/2024\\\/05\\\/Muzej-bolnice-Vrapce_Davor-Puklavec-scaled.jpg\",\"datePublished\":\"2024-05-01T10:09:23+00:00\",\"dateModified\":\"2024-05-01T10:09:55+00:00\",\"breadcrumb\":{\"@id\":\"https:\\\/\\\/sdf.hr\\\/hr\\\/nada\\\/glasovi-iz-proslosti-vrapca\\\/#breadcrumb\"},\"inLanguage\":\"hr\",\"potentialAction\":[{\"@type\":\"ReadAction\",\"target\":[\"https:\\\/\\\/sdf.hr\\\/hr\\\/nada\\\/glasovi-iz-proslosti-vrapca\\\/\"]}]},{\"@type\":\"ImageObject\",\"inLanguage\":\"hr\",\"@id\":\"https:\\\/\\\/sdf.hr\\\/hr\\\/nada\\\/glasovi-iz-proslosti-vrapca\\\/#primaryimage\",\"url\":\"https:\\\/\\\/sdf.hr\\\/wp-content\\\/uploads\\\/2024\\\/05\\\/Muzej-bolnice-Vrapce_Davor-Puklavec-scaled.jpg\",\"contentUrl\":\"https:\\\/\\\/sdf.hr\\\/wp-content\\\/uploads\\\/2024\\\/05\\\/Muzej-bolnice-Vrapce_Davor-Puklavec-scaled.jpg\",\"width\":2560,\"height\":1707,\"caption\":\"Muze bolnice Vrap\u010de (Foto: Davor Puklavec\\\/PIXSELL)\"},{\"@type\":\"BreadcrumbList\",\"@id\":\"https:\\\/\\\/sdf.hr\\\/hr\\\/nada\\\/glasovi-iz-proslosti-vrapca\\\/#breadcrumb\",\"itemListElement\":[{\"@type\":\"ListItem\",\"position\":1,\"name\":\"Po\u010detna stranica\",\"item\":\"https:\\\/\\\/sdf.hr\\\/hr\\\/\"},{\"@type\":\"ListItem\",\"position\":2,\"name\":\"Nada\",\"item\":\"https:\\\/\\\/sdf.hr\\\/nada\\\/\"},{\"@type\":\"ListItem\",\"position\":3,\"name\":\"Glasovi iz pro\u0161losti Vrap\u010da\"}]},{\"@type\":\"WebSite\",\"@id\":\"https:\\\/\\\/sdf.hr\\\/#website\",\"url\":\"https:\\\/\\\/sdf.hr\\\/\",\"name\":\"SDF - Srpski demokratski forum\",\"description\":\"Srpski demokratski forum\",\"publisher\":{\"@id\":\"https:\\\/\\\/sdf.hr\\\/#organization\"},\"potentialAction\":[{\"@type\":\"SearchAction\",\"target\":{\"@type\":\"EntryPoint\",\"urlTemplate\":\"https:\\\/\\\/sdf.hr\\\/?s={search_term_string}\"},\"query-input\":{\"@type\":\"PropertyValueSpecification\",\"valueRequired\":true,\"valueName\":\"search_term_string\"}}],\"inLanguage\":\"hr\"},{\"@type\":\"Organization\",\"@id\":\"https:\\\/\\\/sdf.hr\\\/#organization\",\"name\":\"SDF - Srpski demokratski forum\",\"url\":\"https:\\\/\\\/sdf.hr\\\/\",\"logo\":{\"@type\":\"ImageObject\",\"inLanguage\":\"hr\",\"@id\":\"https:\\\/\\\/sdf.hr\\\/#\\\/schema\\\/logo\\\/image\\\/\",\"url\":\"https:\\\/\\\/sdf.hr\\\/wp-content\\\/uploads\\\/2021\\\/07\\\/logo-hr.svg\",\"contentUrl\":\"https:\\\/\\\/sdf.hr\\\/wp-content\\\/uploads\\\/2021\\\/07\\\/logo-hr.svg\",\"width\":271,\"height\":100,\"caption\":\"SDF - Srpski demokratski forum\"},\"image\":{\"@id\":\"https:\\\/\\\/sdf.hr\\\/#\\\/schema\\\/logo\\\/image\\\/\"}}]}<\/script>\n<!-- \/ Yoast SEO plugin. -->","yoast_head_json":{"title":"Glasovi iz pro\u0161losti Vrap\u010da - SDF - Srpski demokratski forum","robots":{"index":"index","follow":"follow","max-snippet":"max-snippet:-1","max-image-preview":"max-image-preview:large","max-video-preview":"max-video-preview:-1"},"canonical":"https:\/\/sdf.hr\/hr\/nada\/glasovi-iz-proslosti-vrapca\/","og_locale":"hr_HR","og_type":"article","og_title":"Glasovi iz pro\u0161losti Vrap\u010da - SDF - Srpski demokratski forum","og_description":"Povjesni\u010dar Vinko Korotaj Dra\u010da analizirao je 40.000 povijesti bolesti \u0161ti\u0107enika nekada\u0161njega Kraljevskog i zemaljskog zavoda za umobolne u Stenjevcu, danas Klinike za psihijatriju Vrap\u010de: \"Zavod je iskori\u0161tavao rad svojih \u0161ti\u0107enika na poljoprivrednim dobrima\"","og_url":"https:\/\/sdf.hr\/hr\/nada\/glasovi-iz-proslosti-vrapca\/","og_site_name":"SDF - Srpski demokratski forum","article_modified_time":"2024-05-01T10:09:55+00:00","og_image":[{"width":2560,"height":1707,"url":"https:\/\/sdf.hr\/wp-content\/uploads\/2024\/05\/Muzej-bolnice-Vrapce_Davor-Puklavec-scaled.jpg","type":"image\/jpeg"}],"twitter_card":"summary_large_image","twitter_misc":{"Procijenjeno vrijeme \u010ditanja":"9 minuta"},"schema":{"@context":"https:\/\/schema.org","@graph":[{"@type":"WebPage","@id":"https:\/\/sdf.hr\/hr\/nada\/glasovi-iz-proslosti-vrapca\/","url":"https:\/\/sdf.hr\/hr\/nada\/glasovi-iz-proslosti-vrapca\/","name":"Glasovi iz pro\u0161losti Vrap\u010da - SDF - Srpski demokratski forum","isPartOf":{"@id":"https:\/\/sdf.hr\/#website"},"primaryImageOfPage":{"@id":"https:\/\/sdf.hr\/hr\/nada\/glasovi-iz-proslosti-vrapca\/#primaryimage"},"image":{"@id":"https:\/\/sdf.hr\/hr\/nada\/glasovi-iz-proslosti-vrapca\/#primaryimage"},"thumbnailUrl":"https:\/\/sdf.hr\/wp-content\/uploads\/2024\/05\/Muzej-bolnice-Vrapce_Davor-Puklavec-scaled.jpg","datePublished":"2024-05-01T10:09:23+00:00","dateModified":"2024-05-01T10:09:55+00:00","breadcrumb":{"@id":"https:\/\/sdf.hr\/hr\/nada\/glasovi-iz-proslosti-vrapca\/#breadcrumb"},"inLanguage":"hr","potentialAction":[{"@type":"ReadAction","target":["https:\/\/sdf.hr\/hr\/nada\/glasovi-iz-proslosti-vrapca\/"]}]},{"@type":"ImageObject","inLanguage":"hr","@id":"https:\/\/sdf.hr\/hr\/nada\/glasovi-iz-proslosti-vrapca\/#primaryimage","url":"https:\/\/sdf.hr\/wp-content\/uploads\/2024\/05\/Muzej-bolnice-Vrapce_Davor-Puklavec-scaled.jpg","contentUrl":"https:\/\/sdf.hr\/wp-content\/uploads\/2024\/05\/Muzej-bolnice-Vrapce_Davor-Puklavec-scaled.jpg","width":2560,"height":1707,"caption":"Muze bolnice Vrap\u010de (Foto: Davor Puklavec\/PIXSELL)"},{"@type":"BreadcrumbList","@id":"https:\/\/sdf.hr\/hr\/nada\/glasovi-iz-proslosti-vrapca\/#breadcrumb","itemListElement":[{"@type":"ListItem","position":1,"name":"Po\u010detna stranica","item":"https:\/\/sdf.hr\/hr\/"},{"@type":"ListItem","position":2,"name":"Nada","item":"https:\/\/sdf.hr\/nada\/"},{"@type":"ListItem","position":3,"name":"Glasovi iz pro\u0161losti Vrap\u010da"}]},{"@type":"WebSite","@id":"https:\/\/sdf.hr\/#website","url":"https:\/\/sdf.hr\/","name":"SDF - Srpski demokratski forum","description":"Srpski demokratski forum","publisher":{"@id":"https:\/\/sdf.hr\/#organization"},"potentialAction":[{"@type":"SearchAction","target":{"@type":"EntryPoint","urlTemplate":"https:\/\/sdf.hr\/?s={search_term_string}"},"query-input":{"@type":"PropertyValueSpecification","valueRequired":true,"valueName":"search_term_string"}}],"inLanguage":"hr"},{"@type":"Organization","@id":"https:\/\/sdf.hr\/#organization","name":"SDF - Srpski demokratski forum","url":"https:\/\/sdf.hr\/","logo":{"@type":"ImageObject","inLanguage":"hr","@id":"https:\/\/sdf.hr\/#\/schema\/logo\/image\/","url":"https:\/\/sdf.hr\/wp-content\/uploads\/2021\/07\/logo-hr.svg","contentUrl":"https:\/\/sdf.hr\/wp-content\/uploads\/2021\/07\/logo-hr.svg","width":271,"height":100,"caption":"SDF - Srpski demokratski forum"},"image":{"@id":"https:\/\/sdf.hr\/#\/schema\/logo\/image\/"}}]}},"_links":{"self":[{"href":"https:\/\/sdf.hr\/hr\/wp-json\/wp\/v2\/nada\/4847","targetHints":{"allow":["GET"]}}],"collection":[{"href":"https:\/\/sdf.hr\/hr\/wp-json\/wp\/v2\/nada"}],"about":[{"href":"https:\/\/sdf.hr\/hr\/wp-json\/wp\/v2\/types\/nada"}],"wp:featuredmedia":[{"embeddable":true,"href":"https:\/\/sdf.hr\/hr\/wp-json\/wp\/v2\/media\/4842"}],"wp:attachment":[{"href":"https:\/\/sdf.hr\/hr\/wp-json\/wp\/v2\/media?parent=4847"}],"wp:term":[{"taxonomy":"post_tag","embeddable":true,"href":"https:\/\/sdf.hr\/hr\/wp-json\/wp\/v2\/tags?post=4847"},{"taxonomy":"atribut","embeddable":true,"href":"https:\/\/sdf.hr\/hr\/wp-json\/wp\/v2\/atribut?post=4847"}],"curies":[{"name":"wp","href":"https:\/\/api.w.org\/{rel}","templated":true}]}}