{"id":4857,"date":"2024-05-05T09:10:56","date_gmt":"2024-05-05T07:10:56","guid":{"rendered":"https:\/\/sdf.hr\/nada\/medina-pletenica\/"},"modified":"2024-05-05T09:23:06","modified_gmt":"2024-05-05T07:23:06","slug":"medina-pletenica","status":"publish","type":"nada","link":"https:\/\/sdf.hr\/hr\/nada\/medina-pletenica\/","title":{"rendered":"Medina pletenica"},"content":{"rendered":"<p>Na\u0111ete li se u \u0161umama Gorskog kotara u rano prolje\u0107e, obavit \u0107e vas miris mladog srijemu\u0161a, odnosno medvje\u0111eg luka. Ta samonikla, ljekovita i jestiva biljka je sve popularnija u kulinarstvu, a obo\u017eavaju je svi koji vole \u010de\u0161njak. Od medvje\u0111eg luka mo\u017eete pripremiti razne gastro zalogaje poput pesta, tjestenine, juha, mo\u017eete ga koristiti svje\u017eeg, u salatama, sa sirom ili njime aromatizirati maslac te izraditi aromatiziranu sol koja je izvrstan dodatak jelima. Pupoljke mo\u017eete ukiseliti te koristiti cijele godine, jede se i lukovica, a crne sjemenke mo\u017eete osu\u0161iti i koristiti za za\u010dinjavanje jela poput papra.<\/p>\n<p>Srijemu\u0161 mi je najdra\u017ei u pestu koji pripremam uz dodatak ora\u0161astih plodova, maslinovog ulja, ribanog tvrdog sira, soli i limunovog soka. Boja i aroma su mu o\u010daravaju\u0107i pa sam ga radi toga odlu\u010dila spojiti sa slanim <em>brioche <\/em>tijestom u <em>sourdough<\/em> verziji (koristila sam svoj doma\u0107i kvasac) i krem ili mekim sirom. Taj spoj je doista o\u010daravaju\u0107i i svi koji su probali ovu medinu pletenicu su odu\u0161evljeni.<\/p>\n<p>Budite oprezni u berbi medvje\u0111eg luka ili srijemu\u0161a jer ga neiskusni mogu zamijeniti za otrovnu \u0111ur\u0111icu ili mrazovac. Ukoliko niste sigurni, bolje ga je kupiti kod provjerenih bera\u010da ili i\u0107i s nekim iskusnim.<\/p>\n<p>&nbsp;<\/p>\n<p><strong><em>Sastojci za pastu:<\/em><\/strong><\/p>\n<p>100 g mlijeka<\/p>\n<p>20 g o\u0161trog bra\u0161na<\/p>\n<p>Mlijeko i bra\u0161no skuhajte da dobijete gustu pastu, poput pudinga. Prekrijte prozirnom folijom da se ne stvori korica te ohladite.<\/p>\n<p>&nbsp;<\/p>\n<p><strong><em>Za tijesto:<\/em><\/strong><\/p>\n<p>500 g bra\u0161na za dizana tijesta<\/p>\n<p>200 g mlakog mlijeka (plus jo\u0161 50 ako procijenite da \u0107e vam trebati)<\/p>\n<p>2 \u017eumanjka<\/p>\n<p>130 g aktivnog \u010dvrstog startera, odnosno doma\u0107eg kvasca (ako koristite 100 posto hidriran starter, malo smanjite po\u010detnu koli\u010dinu mlijeka)<\/p>\n<p>sav tangzhong<\/p>\n<p>1 \u017eli\u010dica soli<\/p>\n<p>1 \u017eli\u010dica \u0161e\u0107era<\/p>\n<p>80 g omek\u0161alog maslaca<\/p>\n<p>&nbsp;<\/p>\n<p><strong><em>Za nadjev:<\/em><\/strong><\/p>\n<p>4 do 5 \u017elica pesta od medvje\u0111eg luka<\/p>\n<p>300 g krem sira ili mekog sira (neka bude ocije\u0111en i gust)<\/p>\n<p>&nbsp;<\/p>\n<p><strong><em>Priprema:<\/em><\/strong><\/p>\n<p>Ugrijte mlijeko da bude mlako, prosijte bra\u0161no i dodajte sve namirnice osim maslaca. Umijesite glatko tijesto (mijesite oko 10 min). Kada vidite da je tijesto potpuno glatko, umijesite maslac malo po malo dok se potpuno ne ukomponira u tijesto. Za to \u0107e vam trebati jo\u0161 desetak minuta. Prekrijte tijesto i ostavite par sati da se krene dizati. Volim kada tijesto fermentira na hladnome pa ga u tom trenutku pospremim u hladnjak i idu\u0107eg dana pripremam pletenicu za pe\u010denje.<\/p>\n<p>Hladno tijesto istresite na pobra\u0161njenu povr\u0161inu i nje\u017eno razvucite i izvaljajte u obliku pravokutnika. Na tijesto nanesite sir (mo\u017ee krem sir ili meki sir). Preko sira nama\u017eite pesto i zarolajte tijesto u roladu. Prere\u017eite uzdu\u017eno (ostavite spojeno na jednom kraju) te prepletite krakove jedan preko drugog da dobijete pletenicu. Mo\u017eete je tako staviti u duguljasti kalup oblo\u017een papirom za pe\u010denje ili jo\u0161 oblikovati poga\u010du\/ru\u017eu tako da pletenicu smotate poput pu\u017ea. Prekrijte da vam se ne stvara korica i ostavite da se digne jo\u0161 sat ili dva. Kada je spremno za pe\u010denje, prema\u017eite umu\u0107enim jajetom i pospite sezamom ili lanom. Ugrijte pe\u0107nicu na 180 stupnjeva i pecite nekih 40 do 45 min.<\/p>\n<p>Dobar tek!<\/p>\n<p><em>pi\u0161e Valentina Vukadinovi\u0107<\/em><\/p>\n","protected":false},"excerpt":{"rendered":"<p>Na\u0111ete li se u \u0161umama Gorskog kotara u rano prolje\u0107e, obavit \u0107e vas miris mladog srijemu\u0161a, odnosno medvje\u0111eg luka. Ta samonikla biljka sve je popularnija u kulinarstvu, a obo\u017eavaju je svi koji vole \u010de\u0161njak<\/p>\n","protected":false},"featured_media":4856,"template":"","tags":[42],"atribut":[],"class_list":["post-4857","nada","type-nada","status-publish","has-post-thumbnail","hentry","tag-gorski-kotao"],"acf":[],"yoast_head":"<!-- This site is optimized with the Yoast SEO plugin v27.4 - https:\/\/yoast.com\/product\/yoast-seo-wordpress\/ -->\n<title>Medina pletenica - SDF - Srpski demokratski forum<\/title>\n<meta name=\"robots\" content=\"index, follow, max-snippet:-1, max-image-preview:large, max-video-preview:-1\" \/>\n<link rel=\"canonical\" href=\"https:\/\/sdf.hr\/hr\/nada\/medina-pletenica\/\" \/>\n<meta property=\"og:locale\" content=\"hr_HR\" \/>\n<meta property=\"og:type\" content=\"article\" \/>\n<meta property=\"og:title\" content=\"Medina pletenica - SDF - Srpski demokratski forum\" \/>\n<meta property=\"og:description\" content=\"Na\u0111ete li se u \u0161umama Gorskog kotara u rano prolje\u0107e, obavit \u0107e vas miris mladog srijemu\u0161a, odnosno medvje\u0111eg luka. Ta samonikla biljka sve je popularnija u kulinarstvu, a obo\u017eavaju je svi koji vole \u010de\u0161njak\" \/>\n<meta property=\"og:url\" content=\"https:\/\/sdf.hr\/hr\/nada\/medina-pletenica\/\" \/>\n<meta property=\"og:site_name\" content=\"SDF - Srpski demokratski forum\" \/>\n<meta property=\"article:modified_time\" content=\"2024-05-05T07:23:06+00:00\" \/>\n<meta property=\"og:image\" content=\"https:\/\/sdf.hr\/wp-content\/uploads\/2024\/05\/Pletenica1-scaled.jpg\" \/>\n\t<meta property=\"og:image:width\" content=\"2560\" \/>\n\t<meta property=\"og:image:height\" content=\"2441\" \/>\n\t<meta property=\"og:image:type\" content=\"image\/jpeg\" \/>\n<meta name=\"twitter:card\" content=\"summary_large_image\" \/>\n<meta name=\"twitter:label1\" content=\"Procijenjeno vrijeme \u010ditanja\" \/>\n\t<meta name=\"twitter:data1\" content=\"3 minute\" \/>\n<script type=\"application\/ld+json\" class=\"yoast-schema-graph\">{\"@context\":\"https:\\\/\\\/schema.org\",\"@graph\":[{\"@type\":\"WebPage\",\"@id\":\"https:\\\/\\\/sdf.hr\\\/hr\\\/nada\\\/medina-pletenica\\\/\",\"url\":\"https:\\\/\\\/sdf.hr\\\/hr\\\/nada\\\/medina-pletenica\\\/\",\"name\":\"Medina pletenica - SDF - Srpski demokratski forum\",\"isPartOf\":{\"@id\":\"https:\\\/\\\/sdf.hr\\\/#website\"},\"primaryImageOfPage\":{\"@id\":\"https:\\\/\\\/sdf.hr\\\/hr\\\/nada\\\/medina-pletenica\\\/#primaryimage\"},\"image\":{\"@id\":\"https:\\\/\\\/sdf.hr\\\/hr\\\/nada\\\/medina-pletenica\\\/#primaryimage\"},\"thumbnailUrl\":\"https:\\\/\\\/sdf.hr\\\/wp-content\\\/uploads\\\/2024\\\/05\\\/Pletenica1-scaled.jpg\",\"datePublished\":\"2024-05-05T07:10:56+00:00\",\"dateModified\":\"2024-05-05T07:23:06+00:00\",\"breadcrumb\":{\"@id\":\"https:\\\/\\\/sdf.hr\\\/hr\\\/nada\\\/medina-pletenica\\\/#breadcrumb\"},\"inLanguage\":\"hr\",\"potentialAction\":[{\"@type\":\"ReadAction\",\"target\":[\"https:\\\/\\\/sdf.hr\\\/hr\\\/nada\\\/medina-pletenica\\\/\"]}]},{\"@type\":\"ImageObject\",\"inLanguage\":\"hr\",\"@id\":\"https:\\\/\\\/sdf.hr\\\/hr\\\/nada\\\/medina-pletenica\\\/#primaryimage\",\"url\":\"https:\\\/\\\/sdf.hr\\\/wp-content\\\/uploads\\\/2024\\\/05\\\/Pletenica1-scaled.jpg\",\"contentUrl\":\"https:\\\/\\\/sdf.hr\\\/wp-content\\\/uploads\\\/2024\\\/05\\\/Pletenica1-scaled.jpg\",\"width\":2560,\"height\":2441},{\"@type\":\"BreadcrumbList\",\"@id\":\"https:\\\/\\\/sdf.hr\\\/hr\\\/nada\\\/medina-pletenica\\\/#breadcrumb\",\"itemListElement\":[{\"@type\":\"ListItem\",\"position\":1,\"name\":\"Po\u010detna stranica\",\"item\":\"https:\\\/\\\/sdf.hr\\\/hr\\\/\"},{\"@type\":\"ListItem\",\"position\":2,\"name\":\"Nada\",\"item\":\"https:\\\/\\\/sdf.hr\\\/nada\\\/\"},{\"@type\":\"ListItem\",\"position\":3,\"name\":\"Medina pletenica\"}]},{\"@type\":\"WebSite\",\"@id\":\"https:\\\/\\\/sdf.hr\\\/#website\",\"url\":\"https:\\\/\\\/sdf.hr\\\/\",\"name\":\"SDF - Srpski demokratski forum\",\"description\":\"Srpski demokratski forum\",\"publisher\":{\"@id\":\"https:\\\/\\\/sdf.hr\\\/#organization\"},\"potentialAction\":[{\"@type\":\"SearchAction\",\"target\":{\"@type\":\"EntryPoint\",\"urlTemplate\":\"https:\\\/\\\/sdf.hr\\\/?s={search_term_string}\"},\"query-input\":{\"@type\":\"PropertyValueSpecification\",\"valueRequired\":true,\"valueName\":\"search_term_string\"}}],\"inLanguage\":\"hr\"},{\"@type\":\"Organization\",\"@id\":\"https:\\\/\\\/sdf.hr\\\/#organization\",\"name\":\"SDF - Srpski demokratski forum\",\"url\":\"https:\\\/\\\/sdf.hr\\\/\",\"logo\":{\"@type\":\"ImageObject\",\"inLanguage\":\"hr\",\"@id\":\"https:\\\/\\\/sdf.hr\\\/#\\\/schema\\\/logo\\\/image\\\/\",\"url\":\"https:\\\/\\\/sdf.hr\\\/wp-content\\\/uploads\\\/2021\\\/07\\\/logo-hr.svg\",\"contentUrl\":\"https:\\\/\\\/sdf.hr\\\/wp-content\\\/uploads\\\/2021\\\/07\\\/logo-hr.svg\",\"width\":271,\"height\":100,\"caption\":\"SDF - Srpski demokratski forum\"},\"image\":{\"@id\":\"https:\\\/\\\/sdf.hr\\\/#\\\/schema\\\/logo\\\/image\\\/\"}}]}<\/script>\n<!-- \/ Yoast SEO plugin. -->","yoast_head_json":{"title":"Medina pletenica - SDF - Srpski demokratski forum","robots":{"index":"index","follow":"follow","max-snippet":"max-snippet:-1","max-image-preview":"max-image-preview:large","max-video-preview":"max-video-preview:-1"},"canonical":"https:\/\/sdf.hr\/hr\/nada\/medina-pletenica\/","og_locale":"hr_HR","og_type":"article","og_title":"Medina pletenica - SDF - Srpski demokratski forum","og_description":"Na\u0111ete li se u \u0161umama Gorskog kotara u rano prolje\u0107e, obavit \u0107e vas miris mladog srijemu\u0161a, odnosno medvje\u0111eg luka. Ta samonikla biljka sve je popularnija u kulinarstvu, a obo\u017eavaju je svi koji vole \u010de\u0161njak","og_url":"https:\/\/sdf.hr\/hr\/nada\/medina-pletenica\/","og_site_name":"SDF - Srpski demokratski forum","article_modified_time":"2024-05-05T07:23:06+00:00","og_image":[{"width":2560,"height":2441,"url":"https:\/\/sdf.hr\/wp-content\/uploads\/2024\/05\/Pletenica1-scaled.jpg","type":"image\/jpeg"}],"twitter_card":"summary_large_image","twitter_misc":{"Procijenjeno vrijeme \u010ditanja":"3 minute"},"schema":{"@context":"https:\/\/schema.org","@graph":[{"@type":"WebPage","@id":"https:\/\/sdf.hr\/hr\/nada\/medina-pletenica\/","url":"https:\/\/sdf.hr\/hr\/nada\/medina-pletenica\/","name":"Medina pletenica - SDF - Srpski demokratski forum","isPartOf":{"@id":"https:\/\/sdf.hr\/#website"},"primaryImageOfPage":{"@id":"https:\/\/sdf.hr\/hr\/nada\/medina-pletenica\/#primaryimage"},"image":{"@id":"https:\/\/sdf.hr\/hr\/nada\/medina-pletenica\/#primaryimage"},"thumbnailUrl":"https:\/\/sdf.hr\/wp-content\/uploads\/2024\/05\/Pletenica1-scaled.jpg","datePublished":"2024-05-05T07:10:56+00:00","dateModified":"2024-05-05T07:23:06+00:00","breadcrumb":{"@id":"https:\/\/sdf.hr\/hr\/nada\/medina-pletenica\/#breadcrumb"},"inLanguage":"hr","potentialAction":[{"@type":"ReadAction","target":["https:\/\/sdf.hr\/hr\/nada\/medina-pletenica\/"]}]},{"@type":"ImageObject","inLanguage":"hr","@id":"https:\/\/sdf.hr\/hr\/nada\/medina-pletenica\/#primaryimage","url":"https:\/\/sdf.hr\/wp-content\/uploads\/2024\/05\/Pletenica1-scaled.jpg","contentUrl":"https:\/\/sdf.hr\/wp-content\/uploads\/2024\/05\/Pletenica1-scaled.jpg","width":2560,"height":2441},{"@type":"BreadcrumbList","@id":"https:\/\/sdf.hr\/hr\/nada\/medina-pletenica\/#breadcrumb","itemListElement":[{"@type":"ListItem","position":1,"name":"Po\u010detna stranica","item":"https:\/\/sdf.hr\/hr\/"},{"@type":"ListItem","position":2,"name":"Nada","item":"https:\/\/sdf.hr\/nada\/"},{"@type":"ListItem","position":3,"name":"Medina pletenica"}]},{"@type":"WebSite","@id":"https:\/\/sdf.hr\/#website","url":"https:\/\/sdf.hr\/","name":"SDF - Srpski demokratski forum","description":"Srpski demokratski forum","publisher":{"@id":"https:\/\/sdf.hr\/#organization"},"potentialAction":[{"@type":"SearchAction","target":{"@type":"EntryPoint","urlTemplate":"https:\/\/sdf.hr\/?s={search_term_string}"},"query-input":{"@type":"PropertyValueSpecification","valueRequired":true,"valueName":"search_term_string"}}],"inLanguage":"hr"},{"@type":"Organization","@id":"https:\/\/sdf.hr\/#organization","name":"SDF - Srpski demokratski forum","url":"https:\/\/sdf.hr\/","logo":{"@type":"ImageObject","inLanguage":"hr","@id":"https:\/\/sdf.hr\/#\/schema\/logo\/image\/","url":"https:\/\/sdf.hr\/wp-content\/uploads\/2021\/07\/logo-hr.svg","contentUrl":"https:\/\/sdf.hr\/wp-content\/uploads\/2021\/07\/logo-hr.svg","width":271,"height":100,"caption":"SDF - Srpski demokratski forum"},"image":{"@id":"https:\/\/sdf.hr\/#\/schema\/logo\/image\/"}}]}},"_links":{"self":[{"href":"https:\/\/sdf.hr\/hr\/wp-json\/wp\/v2\/nada\/4857","targetHints":{"allow":["GET"]}}],"collection":[{"href":"https:\/\/sdf.hr\/hr\/wp-json\/wp\/v2\/nada"}],"about":[{"href":"https:\/\/sdf.hr\/hr\/wp-json\/wp\/v2\/types\/nada"}],"wp:featuredmedia":[{"embeddable":true,"href":"https:\/\/sdf.hr\/hr\/wp-json\/wp\/v2\/media\/4856"}],"wp:attachment":[{"href":"https:\/\/sdf.hr\/hr\/wp-json\/wp\/v2\/media?parent=4857"}],"wp:term":[{"taxonomy":"post_tag","embeddable":true,"href":"https:\/\/sdf.hr\/hr\/wp-json\/wp\/v2\/tags?post=4857"},{"taxonomy":"atribut","embeddable":true,"href":"https:\/\/sdf.hr\/hr\/wp-json\/wp\/v2\/atribut?post=4857"}],"curies":[{"name":"wp","href":"https:\/\/api.w.org\/{rel}","templated":true}]}}