{"id":4877,"date":"2024-05-10T15:37:06","date_gmt":"2024-05-10T13:37:06","guid":{"rendered":"https:\/\/sdf.hr\/nada\/odlazak-u-bolji-zivot\/"},"modified":"2024-05-10T15:40:28","modified_gmt":"2024-05-10T13:40:28","slug":"odlazak-u-bolji-zivot","status":"publish","type":"nada","link":"https:\/\/sdf.hr\/hr\/nada\/odlazak-u-bolji-zivot\/","title":{"rendered":"Odlazak u bolji \u017eivot"},"content":{"rendered":"<p>U ku\u0107u portugalskog pisca <strong>Jos\u00e9a Saramaga<\/strong> u T\u00edasu, gradi\u0107u na kanarskom otoku Lanzarote, ulazi se kroz prostoriju za dru\u017eenje. U njoj dominiraju fotografije vulkanskog krajolika i crno-bijela slika koja prikazuje drvenu barku s migrantima. Samo je lani na Kanare na fragilnim brodicama sa zapada Afrike stiglo oko 32 tisu\u0107e migranata. Na stolu na ulazu u ku\u0107u poslo\u017eeno je nekoliko predmeta. Mapa Lanzarotea, obavijest o radnom vremenu ku\u0107e i muzeja, plakat &#8220;Free Palestine, We stand with Gaza&#8221; i lokalne novine Diario de Lanzarote.<\/p>\n<p>Na naslovnici novina fotografija je <strong>Bamoryja Coulibalyja<\/strong>, nogometa\u0161a koji igra za oto\u010dki klub Orientaci\u00f3n Mar\u00edtima. \u010citaju\u0107i intervju s naslovnice doznajemo da je Coulibaly ro\u0111en na jugu Obale Bjelokosti, kao tre\u0107e od osmero djece. Majka je prodavala tradicionalne lijekove, otac bio elektri\u010dar. Coulibaly je prestao i\u0107i u \u0161kolu s 13 godina i po\u010deo raditi. Prvi mu je posao bio prodavanje kopa\u010dki. Hodao je od \u0161kole do \u0161kole u Abidjanu, najve\u0107em gradu u zemlji, kontaktirao zainteresirane za kopa\u010dke, dobivao postotak od prodaje. Dnevno je uspijevao zaraditi najvi\u0161e tri eura, koje je davao majci.<\/p>\n<p>Dio novca ipak je sa\u010duvao za sebe. S tim je novcem kao \u010detrnaestogodi\u0161njak s dvojicom prijatelja, <strong>Ahmedom <\/strong>i <strong>Ousmaneom<\/strong>, sjeo u kombi prema Maliju. Odredi\u0161te im je bio Maroko. Obitelj nije znala za njegov plan, oti\u0161ao je bez pozdrava. Trojica prijatelja \u010dula su savjete drugih mladih iz Abidjana koji su se javljali iz Maroka, govorili da ima posla. Putovanje je trajalo vi\u0161e od mjesec dana, spavali su u napu\u0161tenim ku\u0107ama, jeli po poljima. Kad su stigli u Maroko shvatili su da stvari nisu onakve kakve su im bile prezentirane \u2013 njihovi su poznanici zara\u0111ivali tek toliko da pre\u017eive. Tako je i Coulibaly ostao pre\u017eivljavati u Maroku, dvije godine je radio zidarske poslove. A onda je doznao za mogu\u0107nost odlaska na Kanare.<\/p>\n<p>S jo\u0161 38 ljudi ukrcao se na gumenjak. Ahmed i Ousmane su ostali u Maroku \u010dekaju\u0107i novu priliku za ukrcaj. &#8220;Znao sam da je opasno, ali nisam imao mnogo opcija. Znate da mo\u017eete umrijeti, ali ipak preuzimate rizik, jer \u017eelite drugi, bolji \u017eivot&#8221;, opisuje Coulibaly novinarima. Dva su dana plovili, uz puno straha i nervoze. Nitko na brodu nije mogao sklopiti oka. Sre\u0107om, susreo ih je brod za spa\u0161avanje Salvamar i uspje\u0161no su se iskrcali na Lanzarote, svi \u017eivi. Kako je bio maloljetan, Bamoryja su smjestili u centar za maloljetnike, a nakon toga je jo\u0161 \u0161est mjeseci proveo u skloni\u0161tu.<\/p>\n<p>Punoljetnost je za mlade \u010desto uzbudljiva vremenska to\u010dka preokreta, ali za njega nije bila. Morao je napustiti skloni\u0161te, izletio je na ulicu. Radio je \u0161to je i kako stigao, najprije u firmi za mramor, zatim kao sobar u hotelu. Paralelno je sam u\u010dio \u0161panjolski. A onda je dobio priliku raditi kao savjetnik u skloni\u0161tu za maloljetnike, istom onom u kojem je i sam boravio. Tamo radi i danas, uz igranje nogometa. &#8220;Imao sam puno sre\u0107e&#8221;, zaklju\u010dno ka\u017ee novinarima Coulibaly. Od dvojice prijatelja s kojima je napustio Abidjan prije \u0161est godina jedan jo\u0161 te\u0161ko pre\u017eivljava u Maroku, a drugi je umro na Atlantiku, tijekom poku\u0161aja prelaska na Kanare.<\/p>\n<p>Igranje nogometa za oto\u010dki klub ga veseli. Nekad je prodavao kopa\u010dke, a sada mu pla\u0107aju da u njima igra. Ne mo\u017ee samo od toga \u017eivjeti, ali mo\u017ee malo lak\u0161e \u017eivot kombinirati. Razgovor za Diario de Lanzarote zavr\u0161ava \u017eeljom ode u posjet familiji u Obalu Bjelokosti. Nije ih vidio \u0161est godina i nada se da \u0107e ovog ljeta imati priliku. Da im se ispri\u010da \u0161to je kao dijete oti\u0161ao bez pozdrava, da im padne u zagrljaj kao dvadesetogodi\u0161njak.<\/p>\n<p><em>pi\u0161e Ivana Peri\u0107<\/em><\/p>\n","protected":false},"excerpt":{"rendered":"<p>&#8220;Znao sam da je opasno, ali nisam imao mnogo opcija. Znate da mo\u017eete umrijeti, ali ipak preuzimate rizik, jer \u017eelite drugi, bolji \u017eivot&#8221;, opisuje Bamory Coulibaly, nogometa\u0161a koji je kao maloljetnik izbjegao na kanarski otok Lanzarote<\/p>\n","protected":false},"featured_media":4879,"template":"","tags":[40],"atribut":[],"class_list":["post-4877","nada","type-nada","status-publish","has-post-thumbnail","hentry","tag-dvokorak-naprijed"],"acf":[],"yoast_head":"<!-- This site is optimized with the Yoast SEO plugin v27.4 - https:\/\/yoast.com\/product\/yoast-seo-wordpress\/ -->\n<title>Odlazak u bolji \u017eivot - SDF - Srpski demokratski forum<\/title>\n<meta name=\"robots\" content=\"index, follow, max-snippet:-1, max-image-preview:large, max-video-preview:-1\" \/>\n<link rel=\"canonical\" href=\"https:\/\/sdf.hr\/hr\/nada\/odlazak-u-bolji-zivot\/\" \/>\n<meta property=\"og:locale\" content=\"hr_HR\" \/>\n<meta property=\"og:type\" content=\"article\" \/>\n<meta property=\"og:title\" content=\"Odlazak u bolji \u017eivot - SDF - Srpski demokratski forum\" \/>\n<meta property=\"og:description\" content=\"&quot;Znao sam da je opasno, ali nisam imao mnogo opcija. Znate da mo\u017eete umrijeti, ali ipak preuzimate rizik, jer \u017eelite drugi, bolji \u017eivot&quot;, opisuje Bamory Coulibaly, nogometa\u0161a koji je kao maloljetnik izbjegao na kanarski otok Lanzarote\" \/>\n<meta property=\"og:url\" content=\"https:\/\/sdf.hr\/hr\/nada\/odlazak-u-bolji-zivot\/\" \/>\n<meta property=\"og:site_name\" content=\"SDF - Srpski demokratski forum\" \/>\n<meta property=\"article:modified_time\" content=\"2024-05-10T13:40:28+00:00\" \/>\n<meta property=\"og:image\" content=\"https:\/\/sdf.hr\/wp-content\/uploads\/2024\/05\/Kuca-Saramago-1-scaled.jpg\" \/>\n\t<meta property=\"og:image:width\" content=\"2560\" \/>\n\t<meta property=\"og:image:height\" content=\"1605\" \/>\n\t<meta property=\"og:image:type\" content=\"image\/jpeg\" \/>\n<meta name=\"twitter:card\" content=\"summary_large_image\" \/>\n<meta name=\"twitter:label1\" content=\"Procijenjeno vrijeme \u010ditanja\" \/>\n\t<meta name=\"twitter:data1\" content=\"3 minute\" \/>\n<script type=\"application\/ld+json\" class=\"yoast-schema-graph\">{\"@context\":\"https:\\\/\\\/schema.org\",\"@graph\":[{\"@type\":\"WebPage\",\"@id\":\"https:\\\/\\\/sdf.hr\\\/hr\\\/nada\\\/odlazak-u-bolji-zivot\\\/\",\"url\":\"https:\\\/\\\/sdf.hr\\\/hr\\\/nada\\\/odlazak-u-bolji-zivot\\\/\",\"name\":\"Odlazak u bolji \u017eivot - SDF - Srpski demokratski forum\",\"isPartOf\":{\"@id\":\"https:\\\/\\\/sdf.hr\\\/#website\"},\"primaryImageOfPage\":{\"@id\":\"https:\\\/\\\/sdf.hr\\\/hr\\\/nada\\\/odlazak-u-bolji-zivot\\\/#primaryimage\"},\"image\":{\"@id\":\"https:\\\/\\\/sdf.hr\\\/hr\\\/nada\\\/odlazak-u-bolji-zivot\\\/#primaryimage\"},\"thumbnailUrl\":\"https:\\\/\\\/sdf.hr\\\/wp-content\\\/uploads\\\/2024\\\/05\\\/Kuca-Saramago-1-scaled.jpg\",\"datePublished\":\"2024-05-10T13:37:06+00:00\",\"dateModified\":\"2024-05-10T13:40:28+00:00\",\"breadcrumb\":{\"@id\":\"https:\\\/\\\/sdf.hr\\\/hr\\\/nada\\\/odlazak-u-bolji-zivot\\\/#breadcrumb\"},\"inLanguage\":\"hr\",\"potentialAction\":[{\"@type\":\"ReadAction\",\"target\":[\"https:\\\/\\\/sdf.hr\\\/hr\\\/nada\\\/odlazak-u-bolji-zivot\\\/\"]}]},{\"@type\":\"ImageObject\",\"inLanguage\":\"hr\",\"@id\":\"https:\\\/\\\/sdf.hr\\\/hr\\\/nada\\\/odlazak-u-bolji-zivot\\\/#primaryimage\",\"url\":\"https:\\\/\\\/sdf.hr\\\/wp-content\\\/uploads\\\/2024\\\/05\\\/Kuca-Saramago-1-scaled.jpg\",\"contentUrl\":\"https:\\\/\\\/sdf.hr\\\/wp-content\\\/uploads\\\/2024\\\/05\\\/Kuca-Saramago-1-scaled.jpg\",\"width\":2560,\"height\":1605,\"caption\":\"Prizor iz ku\u0107e Jos\u00e9a Saramaga\"},{\"@type\":\"BreadcrumbList\",\"@id\":\"https:\\\/\\\/sdf.hr\\\/hr\\\/nada\\\/odlazak-u-bolji-zivot\\\/#breadcrumb\",\"itemListElement\":[{\"@type\":\"ListItem\",\"position\":1,\"name\":\"Po\u010detna stranica\",\"item\":\"https:\\\/\\\/sdf.hr\\\/hr\\\/\"},{\"@type\":\"ListItem\",\"position\":2,\"name\":\"Nada\",\"item\":\"https:\\\/\\\/sdf.hr\\\/nada\\\/\"},{\"@type\":\"ListItem\",\"position\":3,\"name\":\"Odlazak u bolji \u017eivot\"}]},{\"@type\":\"WebSite\",\"@id\":\"https:\\\/\\\/sdf.hr\\\/#website\",\"url\":\"https:\\\/\\\/sdf.hr\\\/\",\"name\":\"SDF - Srpski demokratski forum\",\"description\":\"Srpski demokratski forum\",\"publisher\":{\"@id\":\"https:\\\/\\\/sdf.hr\\\/#organization\"},\"potentialAction\":[{\"@type\":\"SearchAction\",\"target\":{\"@type\":\"EntryPoint\",\"urlTemplate\":\"https:\\\/\\\/sdf.hr\\\/?s={search_term_string}\"},\"query-input\":{\"@type\":\"PropertyValueSpecification\",\"valueRequired\":true,\"valueName\":\"search_term_string\"}}],\"inLanguage\":\"hr\"},{\"@type\":\"Organization\",\"@id\":\"https:\\\/\\\/sdf.hr\\\/#organization\",\"name\":\"SDF - Srpski demokratski forum\",\"url\":\"https:\\\/\\\/sdf.hr\\\/\",\"logo\":{\"@type\":\"ImageObject\",\"inLanguage\":\"hr\",\"@id\":\"https:\\\/\\\/sdf.hr\\\/#\\\/schema\\\/logo\\\/image\\\/\",\"url\":\"https:\\\/\\\/sdf.hr\\\/wp-content\\\/uploads\\\/2021\\\/07\\\/logo-hr.svg\",\"contentUrl\":\"https:\\\/\\\/sdf.hr\\\/wp-content\\\/uploads\\\/2021\\\/07\\\/logo-hr.svg\",\"width\":271,\"height\":100,\"caption\":\"SDF - Srpski demokratski forum\"},\"image\":{\"@id\":\"https:\\\/\\\/sdf.hr\\\/#\\\/schema\\\/logo\\\/image\\\/\"}}]}<\/script>\n<!-- \/ Yoast SEO plugin. -->","yoast_head_json":{"title":"Odlazak u bolji \u017eivot - SDF - Srpski demokratski forum","robots":{"index":"index","follow":"follow","max-snippet":"max-snippet:-1","max-image-preview":"max-image-preview:large","max-video-preview":"max-video-preview:-1"},"canonical":"https:\/\/sdf.hr\/hr\/nada\/odlazak-u-bolji-zivot\/","og_locale":"hr_HR","og_type":"article","og_title":"Odlazak u bolji \u017eivot - SDF - Srpski demokratski forum","og_description":"\"Znao sam da je opasno, ali nisam imao mnogo opcija. Znate da mo\u017eete umrijeti, ali ipak preuzimate rizik, jer \u017eelite drugi, bolji \u017eivot\", opisuje Bamory Coulibaly, nogometa\u0161a koji je kao maloljetnik izbjegao na kanarski otok Lanzarote","og_url":"https:\/\/sdf.hr\/hr\/nada\/odlazak-u-bolji-zivot\/","og_site_name":"SDF - Srpski demokratski forum","article_modified_time":"2024-05-10T13:40:28+00:00","og_image":[{"width":2560,"height":1605,"url":"https:\/\/sdf.hr\/wp-content\/uploads\/2024\/05\/Kuca-Saramago-1-scaled.jpg","type":"image\/jpeg"}],"twitter_card":"summary_large_image","twitter_misc":{"Procijenjeno vrijeme \u010ditanja":"3 minute"},"schema":{"@context":"https:\/\/schema.org","@graph":[{"@type":"WebPage","@id":"https:\/\/sdf.hr\/hr\/nada\/odlazak-u-bolji-zivot\/","url":"https:\/\/sdf.hr\/hr\/nada\/odlazak-u-bolji-zivot\/","name":"Odlazak u bolji \u017eivot - SDF - Srpski demokratski forum","isPartOf":{"@id":"https:\/\/sdf.hr\/#website"},"primaryImageOfPage":{"@id":"https:\/\/sdf.hr\/hr\/nada\/odlazak-u-bolji-zivot\/#primaryimage"},"image":{"@id":"https:\/\/sdf.hr\/hr\/nada\/odlazak-u-bolji-zivot\/#primaryimage"},"thumbnailUrl":"https:\/\/sdf.hr\/wp-content\/uploads\/2024\/05\/Kuca-Saramago-1-scaled.jpg","datePublished":"2024-05-10T13:37:06+00:00","dateModified":"2024-05-10T13:40:28+00:00","breadcrumb":{"@id":"https:\/\/sdf.hr\/hr\/nada\/odlazak-u-bolji-zivot\/#breadcrumb"},"inLanguage":"hr","potentialAction":[{"@type":"ReadAction","target":["https:\/\/sdf.hr\/hr\/nada\/odlazak-u-bolji-zivot\/"]}]},{"@type":"ImageObject","inLanguage":"hr","@id":"https:\/\/sdf.hr\/hr\/nada\/odlazak-u-bolji-zivot\/#primaryimage","url":"https:\/\/sdf.hr\/wp-content\/uploads\/2024\/05\/Kuca-Saramago-1-scaled.jpg","contentUrl":"https:\/\/sdf.hr\/wp-content\/uploads\/2024\/05\/Kuca-Saramago-1-scaled.jpg","width":2560,"height":1605,"caption":"Prizor iz ku\u0107e Jos\u00e9a Saramaga"},{"@type":"BreadcrumbList","@id":"https:\/\/sdf.hr\/hr\/nada\/odlazak-u-bolji-zivot\/#breadcrumb","itemListElement":[{"@type":"ListItem","position":1,"name":"Po\u010detna stranica","item":"https:\/\/sdf.hr\/hr\/"},{"@type":"ListItem","position":2,"name":"Nada","item":"https:\/\/sdf.hr\/nada\/"},{"@type":"ListItem","position":3,"name":"Odlazak u bolji \u017eivot"}]},{"@type":"WebSite","@id":"https:\/\/sdf.hr\/#website","url":"https:\/\/sdf.hr\/","name":"SDF - Srpski demokratski forum","description":"Srpski demokratski forum","publisher":{"@id":"https:\/\/sdf.hr\/#organization"},"potentialAction":[{"@type":"SearchAction","target":{"@type":"EntryPoint","urlTemplate":"https:\/\/sdf.hr\/?s={search_term_string}"},"query-input":{"@type":"PropertyValueSpecification","valueRequired":true,"valueName":"search_term_string"}}],"inLanguage":"hr"},{"@type":"Organization","@id":"https:\/\/sdf.hr\/#organization","name":"SDF - Srpski demokratski forum","url":"https:\/\/sdf.hr\/","logo":{"@type":"ImageObject","inLanguage":"hr","@id":"https:\/\/sdf.hr\/#\/schema\/logo\/image\/","url":"https:\/\/sdf.hr\/wp-content\/uploads\/2021\/07\/logo-hr.svg","contentUrl":"https:\/\/sdf.hr\/wp-content\/uploads\/2021\/07\/logo-hr.svg","width":271,"height":100,"caption":"SDF - Srpski demokratski forum"},"image":{"@id":"https:\/\/sdf.hr\/#\/schema\/logo\/image\/"}}]}},"_links":{"self":[{"href":"https:\/\/sdf.hr\/hr\/wp-json\/wp\/v2\/nada\/4877","targetHints":{"allow":["GET"]}}],"collection":[{"href":"https:\/\/sdf.hr\/hr\/wp-json\/wp\/v2\/nada"}],"about":[{"href":"https:\/\/sdf.hr\/hr\/wp-json\/wp\/v2\/types\/nada"}],"wp:featuredmedia":[{"embeddable":true,"href":"https:\/\/sdf.hr\/hr\/wp-json\/wp\/v2\/media\/4879"}],"wp:attachment":[{"href":"https:\/\/sdf.hr\/hr\/wp-json\/wp\/v2\/media?parent=4877"}],"wp:term":[{"taxonomy":"post_tag","embeddable":true,"href":"https:\/\/sdf.hr\/hr\/wp-json\/wp\/v2\/tags?post=4877"},{"taxonomy":"atribut","embeddable":true,"href":"https:\/\/sdf.hr\/hr\/wp-json\/wp\/v2\/atribut?post=4877"}],"curies":[{"name":"wp","href":"https:\/\/api.w.org\/{rel}","templated":true}]}}