{"id":4899,"date":"2024-05-15T12:01:18","date_gmt":"2024-05-15T10:01:18","guid":{"rendered":"https:\/\/sdf.hr\/nada\/ovdje-osjecam-da-pripadam\/"},"modified":"2024-05-15T12:01:18","modified_gmt":"2024-05-15T10:01:18","slug":"ovdje-osjecam-da-pripadam","status":"publish","type":"nada","link":"https:\/\/sdf.hr\/hr\/nada\/ovdje-osjecam-da-pripadam\/","title":{"rendered":"Ovdje osje\u0107am da pripadam"},"content":{"rendered":"<p>Iz zadimljenih klubova me\u0111u \u0161ljive i jabuke na Trpinjskoj cesti. S gusto naseljene Malte u li\u010dki Grabu\u0161i\u0107 s jedva 50 \u017eitelja. <strong>Jovan Nestorovi\u0107<\/strong> iz Vukovara i <strong>Marinko Vukobratovi\u0107<\/strong> iz Korenice, vr\u0161njaci od 35 godina, promijenili su svoje svakodnevnice iz korijena. Odbaciv\u0161i u\u017eurbanost i predvidljive zadatosti gradskih sredi\u0161ta, \u010dvrsto su vjerovali da \u0107e kod ku\u0107e, u njihovim, kako se ka\u017ee, neperspektivnim krajevima, prona\u0107i komadi\u0107 zadovoljstva i samoispunjenja. Jovan je, primjerice, svoju sre\u0107u na\u0161ao u destiliranju i proizvodnji vrhunske rakije &#8220;Zlatni je\u017e&#8221;. Marinko je obnovio oronulu &#8220;je\u017eevu ku\u0107icu&#8221; za turiste i vratio se obiteljskoj tradiciji \u2013 p\u010delarstvu. Do prije samo nekoliko godina prioriteti su im bili sasvim druga\u010diji: Jovanova realnost se sastojala od mnogo svirki i tezgarenja sa saksofonom, dok je Marinko kombinirao konobarenje i iscrpne ture s turistima po Plitvi\u010dkim jezerima. Sve to, sla\u017eu se, nije bilo odr\u017eivo na du\u017ee staze.<\/p>\n<p>Prelomna to\u010dka u Jovanovom slu\u010daju bila je pandemija koronavirusa. Uslijed globalne neizvjesnosti, njemu je ta kriza otvorila neke druge vidike. Odlu\u010dio se vratiti iz Zadra, gdje je dotad \u017eivio, nazad u Vukovar. Spontano, u dokolici i dru\u017eenju na Dunavu, s kolegom <strong>Jovanom Todorovi\u0107em<\/strong> se odlu\u010dio baciti u pe\u010denje rakije.<\/p>\n<p>&#8211; U to doba smo dobili stra\u0161an stres, svi. Ali dobili smo i vreme. Shvati\u0161 da decenijama nisi stao, da ma\u0161ina konstantno radi. Ja sam od marta do decembra 2020. imao unapred rezervisane datume za svirke i ve\u0107 mi je bilo dosta toga. Nisam mogao odbiti zbog super love, ostvarilo mi se ono \u0161to sam hteo, ali stalno mi je falilo vreme za sebe. \u010cak sam saksofon po\u010deo da gledam kao lopatu, a ne kao instrument. Onda je odjednom nastupila ti\u0161ina. Ja \u017eivim na magistralnoj cesti Osijek \u2013 Vukovar, to je, ina\u010de, haos od prometa. Tad sam mogao da \u010dujem p\u010delu kako zuji na tri metra od mene &#8211; prepri\u010dava Jovan.<\/p>\n<p>I po\u0161to su tad, kako veli, &#8220;lju\u0161tili&#8221; rakiju, odlu\u010dili su smu\u0107kati neku doma\u0107u. Sirovinu su imali, kazan isto, jo\u0161 je samo falilo usavr\u0161iti destiliranje. Jedan stru\u010dnjak iz Kragujevca Jovanu je poslao literaturu i tako je po\u010delo eksperimentiranje. Pokus, pokus, pa rezultat, obja\u0161njava Jovan. Kao biv\u0161i, novosadski student biologije, imao je predznanja to\u010dno pogo\u0111ena za uzbudljivo kemijanje. Da bi se dobila vrhunska rakija, govori, potrebno je primijeniti veoma jednostavnu tehnologiju proizvodnje, samo se moraju ispo\u0161tovati odre\u0111eni parametri. Postoji model po kojem se radi, a finese su dorada, otkriva.<\/p>\n<figure id=\"attachment_4893\" aria-describedby=\"caption-attachment-4893\" style=\"width: 1448px\" class=\"wp-caption alignnone\"><img loading=\"lazy\" decoding=\"async\" class=\"wp-image-4893 size-full\" src=\"https:\/\/sdf.hr\/wp-content\/uploads\/2024\/05\/Nestorovic.jpg\" alt=\"\" width=\"1448\" height=\"1086\" srcset=\"https:\/\/sdf.hr\/wp-content\/uploads\/2024\/05\/Nestorovic.jpg 1448w, https:\/\/sdf.hr\/wp-content\/uploads\/2024\/05\/Nestorovic-300x225.jpg 300w, https:\/\/sdf.hr\/wp-content\/uploads\/2024\/05\/Nestorovic-1024x768.jpg 1024w, https:\/\/sdf.hr\/wp-content\/uploads\/2024\/05\/Nestorovic-768x576.jpg 768w\" sizes=\"auto, (max-width: 1448px) 100vw, 1448px\" \/><figcaption id=\"caption-attachment-4893\" class=\"wp-caption-text\">Jovan Nestorovi\u0107<\/figcaption><\/figure>\n<p>&#8211; Kad sam jednom provalio teoriju, trebalo nam je jo\u0161 godinu dana da u\u0161iljimo sam \u0161pic ukusa kakav mi \u017eelimo. To smo kod dve vrste dobili barikiranjem, kod \u0161ljive i jabuke, a kajsija, koja je ve\u0107 oki\u0107ena zlatnim medaljama, nju smo doradili sa sortama vo\u0107a. Ovde se mo\u017ee nabaviti dobrih autohtonih sorti vo\u0107a. Ina\u010de, svu u\u0161te\u0111evinu sam ulo\u017eio u hladnja\u010du, u krov i rashladni sistem. Shvatio sam da od prodaje jabuka iz vo\u0107njaka, izme\u0111u 60 i 70 tona, nemam gotovo nikakvu zaradu &#8211; poja\u0161njava Jovan.<\/p>\n<p>Ime rakije je oma\u017e njihovim studentskim danima. Kao i svaka dobra pri\u010da, i ova je zapo\u010dela u kafani. Neupadljivi kvartovski lokal s u Novom Sadu nosio je ime &#8220;An\u0111eli kod Zlatnog je\u017ea&#8221;. Pri\u010da Jovan da je taj Zlatni je\u017e bio ikonopisac. Sa zlatnim rukama je oslikavao crkve, a kada je umro, prijatelj je za uspomenu kafanu nazvao po njemu.<\/p>\n<p>&#8211; Tamo je bilo sve za pam\u0107enje, to su bili najlep\u0161i alkoholni dani &#8211; prisje\u0107a se destiler.<\/p>\n<p>Pitamo ga da li pije manje ili vi\u0161e otkad proizvodi rakiju. Ka\u017ee da se dr\u017ei onoga principa iz filma Ameri\u010dki gangster: nemogu\u0107e je i konzumirati i proizvoditi. Sada on i kolega vi\u0161e cijene dobru kapljicu.<\/p>\n<p>&#8211; Ovde nema nikakvih dodavanja, bukvalno \u2013 samo vo\u0107e. Kad smo radili rakiju od kajsije, mirisala je cela ulica. Ovo je druga dimenzija alkohola. Kad se napije\u0161 od rakije i slede\u0107i dan nema mamurluka, to je znak da je si se sreo s vrhunskom rakijom. Prava rakija je jedno od najboljih pi\u0107a na svetu. Uz konjak, naravno &#8211; govori znalac.<\/p>\n<p>Bilo je neizbje\u017eno da se u razgovoru dotaknemo rakije kao jedne od bitnih razlika izme\u0111u Srbije i Hrvatske. Vje\u010dito pitanje: za\u0161to se u Srbiji na skoro svakom mjestu mo\u017ee na\u0107i solidna, pitka rakija po pristupa\u010dnoj cijeni, dok se u Hrvatskoj iskustvo gu\u0161tanja u narodskom pi\u0107u ipak mora malo bolje platiti? Jovan ocjenjuje da je Srbija svjetlosnu godinu ispred Hrvatske \u0161to se ti\u010de rakije, kao \u0161to Hrvatska prednja\u010di u vinima. Velik je tamo, ka\u017ee, bazen proizvo\u0111a\u010da. Komentira da je preko granice ta proizvodnja zakonski jako lo\u0161e ure\u0111ena, ne mo\u017ee se tek tako otvoriti mala destilerija.<\/p>\n<p>&#8211; Kod nas su mnogo povoljniji uslovi za po\u010detak takvih poslova. Ali zato u Srbiji ima ogroman broj proizvo\u0111a\u010da koji rakiju prodaju u nekoj sivoj zoni. Rekao bih da je sli\u010dno kao u NBA ligi, oni imaju igra\u010da koliko mi stanovnika. To je zakon velikih brojeva, naprosto iz toga mora iza\u0107i neki kvalitet. Tako je i prose\u010dna rakija u Srbiji iznadprose\u010dna u odnosu na ostalo. Kad sam prvi put probao doma\u0107u rakiju, mislim da se zove \u010ci\u010da Zlajina rakija, bio sam van sebe. Postoji jasan tehnolo\u0161ki princip koji se mora ispo\u0161tovati, nema tu one pri\u010de &#8220;moj deda je pekao ovako&#8230;&#8221; Kad sve to primeni\u0161, do tebe je kako \u0107e\u0161 se igrati s ukusima. U Hrvatskoj se ta scena budi &#8211; tuma\u010di Vukovarac.<\/p>\n<figure id=\"attachment_4895\" aria-describedby=\"caption-attachment-4895\" style=\"width: 953px\" class=\"wp-caption alignnone\"><img loading=\"lazy\" decoding=\"async\" class=\"wp-image-4895 size-full\" src=\"https:\/\/sdf.hr\/wp-content\/uploads\/2024\/05\/Nestorovic-rakija.jpg\" alt=\"\" width=\"953\" height=\"960\" srcset=\"https:\/\/sdf.hr\/wp-content\/uploads\/2024\/05\/Nestorovic-rakija.jpg 953w, https:\/\/sdf.hr\/wp-content\/uploads\/2024\/05\/Nestorovic-rakija-298x300.jpg 298w, https:\/\/sdf.hr\/wp-content\/uploads\/2024\/05\/Nestorovic-rakija-150x150.jpg 150w, https:\/\/sdf.hr\/wp-content\/uploads\/2024\/05\/Nestorovic-rakija-768x774.jpg 768w\" sizes=\"auto, (max-width: 953px) 100vw, 953px\" \/><figcaption id=\"caption-attachment-4895\" class=\"wp-caption-text\">Rakija Zlatni je\u017e<\/figcaption><\/figure>\n<p>Njihov &#8220;Zlatni je\u017e&#8221; dosegao je visoku kvalitetu, ali prodaja je tek u za\u010detku. Pro\u0161lo ljeto pili su je partijaneri na Zr\u0107u u poznatom klubu. No ipak, nije se lako probiti do ozbiljnijih kafi\u0107a. Razlog je jednostavan: veliki industrijski proizvo\u0111a\u010d alkohola je &#8220;pojeo&#8221; sve. Osim toga, probao je Jovan osigurati sredstva i preko raznih natje\u010daja. Javio se na \u010detiri ili pet, ali bezuspje\u0161no. Da bi odr\u017eali posao, nerado je posegnuo za krajnjom opcijom i protiv svojih uvjerenja \u2013 prodao je djedovu zemlju. Gdje god da se javio, postoji neka caka, pri\u010da nam.<\/p>\n<p>&#8211; Te nisi u op\u0161tini manjoj od 5000 ljudi, te nisi mladi poljoprivrednik, te nema\u0161 bodove&#8230; U poljoprivredi vlada korporativna politika koja je pogodna za velike igra\u010de. Moji baba i deda su s pet jutara vo\u0107njaka, koje ja sad imam, hranili petero dece, \u0161kolovali ih i dobro \u017eiveli. Danas bez 50 hektara ne mo\u017ee\u0161 da \u017eivi\u0161. To je tako, kapitalizam i kobajagi otvoreno tr\u017ei\u0161te. Da, otvoreno je kad treba uvesti jabuku iz Poljske koja stoji godinu dana u hladnja\u010dama. I to obara cenu na\u0161e jabuke. Uvek \u0107e\u0161 raditi ispod proseka jer se poljska jabuka mora prodati. Nemogu\u0107e je da mi izvezemo na\u0161u jabuku u Nema\u010dku. Slobodno tr\u017ei\u0161te Evropske unije je polupropusna membrana, ali samo u jednom smeru, ka nama. Za jeftinu radnu snagu i \u0161kolovan kadar. Fino je oti\u0107i u Dablin preko vikenda, ali ekonomija je druga pri\u010da &#8211; tuma\u010di Jovan.<\/p>\n<p>Marinko Vukobratovi\u0107 komentira da su nepovratna sredstva velika pomo\u0107 i odsko\u010dna daska u po\u010detnim koracima. Njemu se posre\u0107ilo s mjerom 6.2 za ruralni razvoj, me\u0111utim nije uspio na natje\u010daju dobiti potrebnu mehanizaciju. On nudi uslugu smje\u0161taja, ali ne planiraju se vi\u0161e \u0161iriti u tom segmentu. Ima devet konja \u0161to ga je ponukalo da u selu do Grabu\u0161i\u0107a napravi ran\u010d i ponudi gostima jahanje.<\/p>\n<p>Unutar ku\u0107e je napravio sve da bude prikladno za ne\u0161to lagodniji boravak. Ima podno grijanje, kvalitetne madrace, sve je na dugme. Bilo mu je, dodaje, najva\u017enije da ku\u0107a izvana zadr\u017ei starinski, izvorni izgled. Sve je u kamenu i drvetu. Originalno je, a funkcionalno. \u010cak i malo preko toga. Cijeli ambijent odi\u0161e li\u010dkom istorijom i nekada\u0161njim \u017eivotom na selu. I kako to obi\u010dno biva, nitko osim njega i obitelji nije vjerovao da \u0107e od Grabu\u0161i\u0107a biti ne\u0161to. Koji \u0107e lu\u0111ak do\u0107i spavati ovdje, pri\u010dali su.<\/p>\n<p>&#8211; Znao sam da \u0107u uspjeti. Izgube se ljudi kad osposobljavaju imanje za turiste, uvijek ho\u0107e bolje, srame se svoga. I lokve i blata. Ja sam odbio asfalt 150 metara do ku\u0107e, \u017eelim da to ostane fini makadam. Drago mi je da ljudi u\u017eivaju ovdje, pogotovo djeca koja nemaju kontakt s prirodom. Sve smo pravili po sebi, da je pristupa\u010dno nama i maloj djeci &#8211; pri\u010da Marinko i isti\u010de da je \u017eivot u Grabu\u0161i\u0107u sve \u0161to je oduvijek htio.<\/p>\n<figure id=\"attachment_4897\" aria-describedby=\"caption-attachment-4897\" style=\"width: 1024px\" class=\"wp-caption alignnone\"><img loading=\"lazy\" decoding=\"async\" class=\"wp-image-4897 size-full\" src=\"https:\/\/sdf.hr\/wp-content\/uploads\/2024\/05\/Vukobratovic-kuca.jpeg\" alt=\"\" width=\"1024\" height=\"683\" srcset=\"https:\/\/sdf.hr\/wp-content\/uploads\/2024\/05\/Vukobratovic-kuca.jpeg 1024w, https:\/\/sdf.hr\/wp-content\/uploads\/2024\/05\/Vukobratovic-kuca-300x200.jpeg 300w, https:\/\/sdf.hr\/wp-content\/uploads\/2024\/05\/Vukobratovic-kuca-768x512.jpeg 768w\" sizes=\"auto, (max-width: 1024px) 100vw, 1024px\" \/><figcaption id=\"caption-attachment-4897\" class=\"wp-caption-text\">Ku\u0107a Marinka Vukobratovi\u0107a<\/figcaption><\/figure>\n<p>Uvjeren je da mu je selo utkano u genetski kod. On je u Lici \u017eivio do 1995. Dje\u010da\u010di\u0107u od \u0161est godina, koliko je imao kada je oti\u0161ao u izbjegli\u0161tvo, urezalo se u pam\u0107enje stado ovaca u \u0161umi iznad ku\u0107e u selu. \u010cuvala su ih neka dva brata, njemu donedavno nepoznata. Upoznao je jednog od njih i zahvalio mu se jer su, kako pri\u010da, oni i njihovo stado zaslu\u017eni za njegovu viziju koju danas \u017eivi. Od malena mu je, prisje\u0107a se, ostao miris ovaca u nosnicama i zvuk njihovog zvona \u2013 klepke u srcu.<\/p>\n<p>&#8211; Volim ovce i prirodu, sve mi to miri\u0161e, ni na \u0161ta se ne gadim. Smijao sam se sebi neki dan, gonio sam konje, i\u0161ao sam kroz \u0161umu i naglas rekao: Auu, kako ja u\u017eivam u \u0161umi! Jo\u0161 uvijek mi je iznena\u0111uju\u0107e koliko mi je lijep taj ambijent. \u017divio sam svuda, po Beogradu, u Njema\u010dkoj, na Malti, pro\u0161ao sam gradova i betona, ali ovdje osje\u0107am da pripadam. Nakon \u017eivota na Malti ostavio sam pun ormar ko\u0161ulja, kravata i markirane robe. Najbolje se osje\u0107am u bucama i prljavim farmericama &#8211; priznaje Marinko.<\/p>\n<p>On i supruga proizvode sir, basu, pekmez, rakiju i med. Sva im je proizvodnja ekolo\u0161ka, \u0161to zna\u010di da su prinosi manji, ali zato stoje iza kvalitete. Pored toga, njeguju i pet \u0161kotskih \u010dupavih krava. Simpati\u010dne i mirne \u017eivotinje su itekako korisne jer im \u010diste zarasle pa\u0161njake i \u0161ljivare. A i ovce, od kojih se jedna zove Anja, vrijedne su kosilice na \u010detiri noge.<\/p>\n<p>Do nas je, ina\u010de, glas o Jovanu Nestorovi\u0107u i Marinku Vukobratovi\u0107u dopro preko redovnog godi\u0161njeg natjecanja za najboljeg mladog poljoprivrednika ili poljoprivrednicu Hrvatske. Komentiramo kako su rijetki izdanci mla\u0111ih generacija koji se odlu\u010de na takvu promjenu, vi\u0161e iznimka nego pravilo. Sla\u017eu se na\u0161i sugovornici da je \u017eivot na zemlji, i od zemlje, te\u017eak i da bi trebalo nanovo osmisliti poljoprivrednu politiku. Tek \u0107e tad, valjda, postati uobi\u010dajeno da vi\u0161e ljudi u najboljim godinama odbaci imperativ stanovanja u gradu. Marinko smatra da bi njegov na\u010din \u017eivota i posao trebali biti op\u0107eprihva\u0107eni.<\/p>\n<p>&#8211; Nas po medijima progla\u0161avaju za neke heroje, a trebalo bi da je sasvim prirodno da mlad \u010dovjek \u017eivi na selu. Pe\u0107i rakiju i praviti pekmez je ne\u0161to osnovno. Mora se to \u010dovjeku omogu\u0107iti, a ne dizati u nebesa pojedince koji se usude pobje\u0107i iz grada. Ka\u017eu: &#8220;\u010cudo, momak se vratio na selo.&#8221; Pa i treba! Ja s ponosom govorim da mi je zanimanje seljak \u2013 poljoprivrednik. Sve moje diplome, edukacije i radno iskustvo, sve to sa strane, ja volim ovo drugo istaknuti. Kod nas je rad na zemlji jo\u0161 uvijek neka stigma i sramota. A \u0161to je selo ve\u0107e, \u0161to nas je vi\u0161e tu, svima \u0107e biti bolje. Va\u017eno je imati dobar proizvod jer je to stub odr\u017eivog i neovisnog \u017eivota na selu &#8211; poru\u010duje Li\u010danin.<\/p>\n<p><em>pi\u0161e Anja Ko\u017eul<\/em><\/p>\n","protected":false},"excerpt":{"rendered":"<p>Smijao sam se sebi neki dan, gonio sam konje, i\u0161ao sam kroz \u0161umu i naglas rekao: Auu, kako ja u\u017eivam u \u0161umi! \u2013 poru\u010duje Marinko Vukobratovi\u0107 koji se s Malte vratio u li\u010dki Grabu\u0161i\u0107. A Jovan Nestorovi\u0107 zamijenio je svirku u gradskim klubovima pe\u010denjem rakije na Trpinjskoj cesti<\/p>\n","protected":false},"featured_media":4892,"template":"","tags":[130],"atribut":[],"class_list":["post-4899","nada","type-nada","status-publish","has-post-thumbnail","hentry","tag-tema"],"acf":[],"yoast_head":"<!-- This site is optimized with the Yoast SEO plugin v27.4 - https:\/\/yoast.com\/product\/yoast-seo-wordpress\/ -->\n<title>Ovdje osje\u0107am da pripadam - SDF - Srpski demokratski forum<\/title>\n<meta name=\"robots\" content=\"index, follow, max-snippet:-1, max-image-preview:large, max-video-preview:-1\" \/>\n<link rel=\"canonical\" href=\"https:\/\/sdf.hr\/hr\/nada\/ovdje-osjecam-da-pripadam\/\" \/>\n<meta property=\"og:locale\" content=\"hr_HR\" \/>\n<meta property=\"og:type\" content=\"article\" \/>\n<meta property=\"og:title\" content=\"Ovdje osje\u0107am da pripadam - SDF - Srpski demokratski forum\" \/>\n<meta property=\"og:description\" content=\"Smijao sam se sebi neki dan, gonio sam konje, i\u0161ao sam kroz \u0161umu i naglas rekao: Auu, kako ja u\u017eivam u \u0161umi! \u2013 poru\u010duje Marinko Vukobratovi\u0107 koji se s Malte vratio u li\u010dki Grabu\u0161i\u0107. A Jovan Nestorovi\u0107 zamijenio je svirku u gradskim klubovima pe\u010denjem rakije na Trpinjskoj cesti\" \/>\n<meta property=\"og:url\" content=\"https:\/\/sdf.hr\/hr\/nada\/ovdje-osjecam-da-pripadam\/\" \/>\n<meta property=\"og:site_name\" content=\"SDF - Srpski demokratski forum\" \/>\n<meta property=\"og:image\" content=\"https:\/\/sdf.hr\/wp-content\/uploads\/2024\/05\/Nestorovic.jpg\" \/>\n<meta name=\"twitter:card\" content=\"summary_large_image\" \/>\n<meta name=\"twitter:label1\" content=\"Procijenjeno vrijeme \u010ditanja\" \/>\n\t<meta name=\"twitter:data1\" content=\"10 minuta\" \/>\n<script type=\"application\/ld+json\" class=\"yoast-schema-graph\">{\"@context\":\"https:\\\/\\\/schema.org\",\"@graph\":[{\"@type\":\"WebPage\",\"@id\":\"https:\\\/\\\/sdf.hr\\\/hr\\\/nada\\\/ovdje-osjecam-da-pripadam\\\/\",\"url\":\"https:\\\/\\\/sdf.hr\\\/hr\\\/nada\\\/ovdje-osjecam-da-pripadam\\\/\",\"name\":\"Ovdje osje\u0107am da pripadam - SDF - Srpski demokratski forum\",\"isPartOf\":{\"@id\":\"https:\\\/\\\/sdf.hr\\\/#website\"},\"primaryImageOfPage\":{\"@id\":\"https:\\\/\\\/sdf.hr\\\/hr\\\/nada\\\/ovdje-osjecam-da-pripadam\\\/#primaryimage\"},\"image\":{\"@id\":\"https:\\\/\\\/sdf.hr\\\/hr\\\/nada\\\/ovdje-osjecam-da-pripadam\\\/#primaryimage\"},\"thumbnailUrl\":\"https:\\\/\\\/sdf.hr\\\/wp-content\\\/uploads\\\/2024\\\/05\\\/Vukobratovic.jpeg\",\"datePublished\":\"2024-05-15T10:01:18+00:00\",\"breadcrumb\":{\"@id\":\"https:\\\/\\\/sdf.hr\\\/hr\\\/nada\\\/ovdje-osjecam-da-pripadam\\\/#breadcrumb\"},\"inLanguage\":\"hr\",\"potentialAction\":[{\"@type\":\"ReadAction\",\"target\":[\"https:\\\/\\\/sdf.hr\\\/hr\\\/nada\\\/ovdje-osjecam-da-pripadam\\\/\"]}]},{\"@type\":\"ImageObject\",\"inLanguage\":\"hr\",\"@id\":\"https:\\\/\\\/sdf.hr\\\/hr\\\/nada\\\/ovdje-osjecam-da-pripadam\\\/#primaryimage\",\"url\":\"https:\\\/\\\/sdf.hr\\\/wp-content\\\/uploads\\\/2024\\\/05\\\/Vukobratovic.jpeg\",\"contentUrl\":\"https:\\\/\\\/sdf.hr\\\/wp-content\\\/uploads\\\/2024\\\/05\\\/Vukobratovic.jpeg\",\"width\":1572,\"height\":1194,\"caption\":\"Obitelj Vukobratovi\u0107\"},{\"@type\":\"BreadcrumbList\",\"@id\":\"https:\\\/\\\/sdf.hr\\\/hr\\\/nada\\\/ovdje-osjecam-da-pripadam\\\/#breadcrumb\",\"itemListElement\":[{\"@type\":\"ListItem\",\"position\":1,\"name\":\"Po\u010detna stranica\",\"item\":\"https:\\\/\\\/sdf.hr\\\/hr\\\/\"},{\"@type\":\"ListItem\",\"position\":2,\"name\":\"Nada\",\"item\":\"https:\\\/\\\/sdf.hr\\\/nada\\\/\"},{\"@type\":\"ListItem\",\"position\":3,\"name\":\"Ovdje osje\u0107am da pripadam\"}]},{\"@type\":\"WebSite\",\"@id\":\"https:\\\/\\\/sdf.hr\\\/#website\",\"url\":\"https:\\\/\\\/sdf.hr\\\/\",\"name\":\"SDF - Srpski demokratski forum\",\"description\":\"Srpski demokratski forum\",\"publisher\":{\"@id\":\"https:\\\/\\\/sdf.hr\\\/#organization\"},\"potentialAction\":[{\"@type\":\"SearchAction\",\"target\":{\"@type\":\"EntryPoint\",\"urlTemplate\":\"https:\\\/\\\/sdf.hr\\\/?s={search_term_string}\"},\"query-input\":{\"@type\":\"PropertyValueSpecification\",\"valueRequired\":true,\"valueName\":\"search_term_string\"}}],\"inLanguage\":\"hr\"},{\"@type\":\"Organization\",\"@id\":\"https:\\\/\\\/sdf.hr\\\/#organization\",\"name\":\"SDF - Srpski demokratski forum\",\"url\":\"https:\\\/\\\/sdf.hr\\\/\",\"logo\":{\"@type\":\"ImageObject\",\"inLanguage\":\"hr\",\"@id\":\"https:\\\/\\\/sdf.hr\\\/#\\\/schema\\\/logo\\\/image\\\/\",\"url\":\"https:\\\/\\\/sdf.hr\\\/wp-content\\\/uploads\\\/2021\\\/07\\\/logo-hr.svg\",\"contentUrl\":\"https:\\\/\\\/sdf.hr\\\/wp-content\\\/uploads\\\/2021\\\/07\\\/logo-hr.svg\",\"width\":271,\"height\":100,\"caption\":\"SDF - Srpski demokratski forum\"},\"image\":{\"@id\":\"https:\\\/\\\/sdf.hr\\\/#\\\/schema\\\/logo\\\/image\\\/\"}}]}<\/script>\n<!-- \/ Yoast SEO plugin. -->","yoast_head_json":{"title":"Ovdje osje\u0107am da pripadam - SDF - Srpski demokratski forum","robots":{"index":"index","follow":"follow","max-snippet":"max-snippet:-1","max-image-preview":"max-image-preview:large","max-video-preview":"max-video-preview:-1"},"canonical":"https:\/\/sdf.hr\/hr\/nada\/ovdje-osjecam-da-pripadam\/","og_locale":"hr_HR","og_type":"article","og_title":"Ovdje osje\u0107am da pripadam - SDF - Srpski demokratski forum","og_description":"Smijao sam se sebi neki dan, gonio sam konje, i\u0161ao sam kroz \u0161umu i naglas rekao: Auu, kako ja u\u017eivam u \u0161umi! \u2013 poru\u010duje Marinko Vukobratovi\u0107 koji se s Malte vratio u li\u010dki Grabu\u0161i\u0107. A Jovan Nestorovi\u0107 zamijenio je svirku u gradskim klubovima pe\u010denjem rakije na Trpinjskoj cesti","og_url":"https:\/\/sdf.hr\/hr\/nada\/ovdje-osjecam-da-pripadam\/","og_site_name":"SDF - Srpski demokratski forum","og_image":[{"url":"https:\/\/sdf.hr\/wp-content\/uploads\/2024\/05\/Nestorovic.jpg","type":"","width":"","height":""}],"twitter_card":"summary_large_image","twitter_misc":{"Procijenjeno vrijeme \u010ditanja":"10 minuta"},"schema":{"@context":"https:\/\/schema.org","@graph":[{"@type":"WebPage","@id":"https:\/\/sdf.hr\/hr\/nada\/ovdje-osjecam-da-pripadam\/","url":"https:\/\/sdf.hr\/hr\/nada\/ovdje-osjecam-da-pripadam\/","name":"Ovdje osje\u0107am da pripadam - SDF - Srpski demokratski forum","isPartOf":{"@id":"https:\/\/sdf.hr\/#website"},"primaryImageOfPage":{"@id":"https:\/\/sdf.hr\/hr\/nada\/ovdje-osjecam-da-pripadam\/#primaryimage"},"image":{"@id":"https:\/\/sdf.hr\/hr\/nada\/ovdje-osjecam-da-pripadam\/#primaryimage"},"thumbnailUrl":"https:\/\/sdf.hr\/wp-content\/uploads\/2024\/05\/Vukobratovic.jpeg","datePublished":"2024-05-15T10:01:18+00:00","breadcrumb":{"@id":"https:\/\/sdf.hr\/hr\/nada\/ovdje-osjecam-da-pripadam\/#breadcrumb"},"inLanguage":"hr","potentialAction":[{"@type":"ReadAction","target":["https:\/\/sdf.hr\/hr\/nada\/ovdje-osjecam-da-pripadam\/"]}]},{"@type":"ImageObject","inLanguage":"hr","@id":"https:\/\/sdf.hr\/hr\/nada\/ovdje-osjecam-da-pripadam\/#primaryimage","url":"https:\/\/sdf.hr\/wp-content\/uploads\/2024\/05\/Vukobratovic.jpeg","contentUrl":"https:\/\/sdf.hr\/wp-content\/uploads\/2024\/05\/Vukobratovic.jpeg","width":1572,"height":1194,"caption":"Obitelj Vukobratovi\u0107"},{"@type":"BreadcrumbList","@id":"https:\/\/sdf.hr\/hr\/nada\/ovdje-osjecam-da-pripadam\/#breadcrumb","itemListElement":[{"@type":"ListItem","position":1,"name":"Po\u010detna stranica","item":"https:\/\/sdf.hr\/hr\/"},{"@type":"ListItem","position":2,"name":"Nada","item":"https:\/\/sdf.hr\/nada\/"},{"@type":"ListItem","position":3,"name":"Ovdje osje\u0107am da pripadam"}]},{"@type":"WebSite","@id":"https:\/\/sdf.hr\/#website","url":"https:\/\/sdf.hr\/","name":"SDF - Srpski demokratski forum","description":"Srpski demokratski forum","publisher":{"@id":"https:\/\/sdf.hr\/#organization"},"potentialAction":[{"@type":"SearchAction","target":{"@type":"EntryPoint","urlTemplate":"https:\/\/sdf.hr\/?s={search_term_string}"},"query-input":{"@type":"PropertyValueSpecification","valueRequired":true,"valueName":"search_term_string"}}],"inLanguage":"hr"},{"@type":"Organization","@id":"https:\/\/sdf.hr\/#organization","name":"SDF - Srpski demokratski forum","url":"https:\/\/sdf.hr\/","logo":{"@type":"ImageObject","inLanguage":"hr","@id":"https:\/\/sdf.hr\/#\/schema\/logo\/image\/","url":"https:\/\/sdf.hr\/wp-content\/uploads\/2021\/07\/logo-hr.svg","contentUrl":"https:\/\/sdf.hr\/wp-content\/uploads\/2021\/07\/logo-hr.svg","width":271,"height":100,"caption":"SDF - Srpski demokratski forum"},"image":{"@id":"https:\/\/sdf.hr\/#\/schema\/logo\/image\/"}}]}},"_links":{"self":[{"href":"https:\/\/sdf.hr\/hr\/wp-json\/wp\/v2\/nada\/4899","targetHints":{"allow":["GET"]}}],"collection":[{"href":"https:\/\/sdf.hr\/hr\/wp-json\/wp\/v2\/nada"}],"about":[{"href":"https:\/\/sdf.hr\/hr\/wp-json\/wp\/v2\/types\/nada"}],"wp:featuredmedia":[{"embeddable":true,"href":"https:\/\/sdf.hr\/hr\/wp-json\/wp\/v2\/media\/4892"}],"wp:attachment":[{"href":"https:\/\/sdf.hr\/hr\/wp-json\/wp\/v2\/media?parent=4899"}],"wp:term":[{"taxonomy":"post_tag","embeddable":true,"href":"https:\/\/sdf.hr\/hr\/wp-json\/wp\/v2\/tags?post=4899"},{"taxonomy":"atribut","embeddable":true,"href":"https:\/\/sdf.hr\/hr\/wp-json\/wp\/v2\/atribut?post=4899"}],"curies":[{"name":"wp","href":"https:\/\/api.w.org\/{rel}","templated":true}]}}