{"id":4910,"date":"2024-05-19T09:00:21","date_gmt":"2024-05-19T07:00:21","guid":{"rendered":"https:\/\/sdf.hr\/?post_type=nada&#038;p=4910"},"modified":"2024-05-19T09:02:14","modified_gmt":"2024-05-19T07:02:14","slug":"mramorni-kolac-s-malinama","status":"publish","type":"nada","link":"https:\/\/sdf.hr\/hr\/nada\/mramorni-kolac-s-malinama\/","title":{"rendered":"Mramorni kola\u010d s malinama"},"content":{"rendered":"<p>Nedavno sam opet, nakon duljeg vremena, prolistala stare bilje\u017enice s receptima u potrazi za nekom idejom za nedjeljnu poslasticu. Za oko mi je zapeo recept pod nazivom Mramorni kola\u010d napisan zelenom tintom i prekrasnim rukopisom. Odlu\u010dila sam ga isprobati i unutra ubaciti jo\u0161 i maline iz zamrziva\u010da. Rezultat me odu\u0161evio jer kola\u010d je predivno so\u010dan, pun maslaca i \u010dokolade, a maline su bile ba\u0161 odli\u010dan dodatak.<\/p>\n<p>Mramorni kola\u010d je vrsta biskvitnog kola\u010da koji je svoj naziv dobio zbog karakteristi\u010dnog \u0161arenog izgleda. Smjesa se podijeli u dva dijela te se u jedan dio dodaje \u010dokolada. Pri stavljanju smjese u kalup, dodaje se naizmjeni\u010dno tamnu i svijetlu kako bi se dobile \u0161are.<\/p>\n<p>Kao dijete nisam ba\u0161 voljela takvu vrstu kola\u010da jer su uvijek bili nekako suhi, no ovaj je ba\u0161 so\u010dan i savr\u0161eno ide uz popodnevnu kavu ili \u010daj. Idu\u0107eg dana je bio jo\u0161 uvijek so\u010dan i mek pa je ovaj recept do\u0161ao na listu za \u010desto pravljenje. Pekla sam ga u kerami\u010dkom, duguljastom kalupu, a mo\u017ee i\u0107i i u formi kuglofa ili u okruglom kalupu za torte. Mo\u017eete mu dodati i neki \u010dokoladni preljev ili preljev od \u0161e\u0107era u prahu i limunovog soka.<\/p>\n<p>Napisat \u0107u recept kako je zapisan u bilje\u017enici te dodati napomene kako sam ja radila. Nadam se da \u0107e vam se svidjeti kao i meni.<\/p>\n<p>&nbsp;<\/p>\n<p><strong><em>Sastojci:<\/em><\/strong><\/p>\n<p>125 g maslaca (izvadite iz hladnjaka par sati prije izrade kola\u010da da sasvim omek\u0161a)<\/p>\n<p>3 jaja<\/p>\n<p>200 g \u0161e\u0107era (ja sam stavila 180)<\/p>\n<p>250 g glatkog bra\u0161na<\/p>\n<p>6 \u017elica mlijeka (stavila sam 60 g)<\/p>\n<p>pola vre\u0107ice pra\u0161ka za pecivo<\/p>\n<p>korica limuna<\/p>\n<p>2 tablice \u010dokolade (stavila sam 100 g otopljene \u010dokolade za kuhanje)<\/p>\n<p>(\u0161aka zale\u0111enih malina uvaljanih u \u0161e\u0107er u prahu)<\/p>\n<p>&nbsp;<\/p>\n<p><strong><em>Priprema:<\/em><\/strong><\/p>\n<p>Ugrijte pe\u0107nicu na 170 stupnjeva. Odvojite bjelanjke od \u017eumanjaka te im dodajte prstohvat soli pa mikserom izradite \u010dvrsti snijeg. Omek\u0161ali maslac miksajte sa \u0161e\u0107erom dok ne dobijete pjenastu smjesu pa dodajte \u017eumanjke i mlijeko i dobro izradite. Prosijte bra\u0161no pa mu dodajte pra\u0161ak za pecivo i sve sjedinite sa smjesom maslaca, \u0161e\u0107era, mlijeka i \u017eumanjaka. Dodajte limunovu koricu. Ru\u010dno umije\u0161ajte snijeg.<\/p>\n<p>Otopite \u010dokoladu na pari i ostavite par minuta da se malo ohladi, ali da ostane teku\u0107a. Smjesu podijelite na dva dijela pa u jedan dodajte otopljenu \u010dokoladu ru\u010dno mije\u0161aju\u0107i.<\/p>\n<p>Kola\u010d mo\u017eete pe\u0107i u duguljastom kalupu ili u manjem \u010detvrtastom. Kalup namastite i pospite malo bra\u0161nom pa naizmjeni\u010dno stavljajte tamnu i svijetlu smjesu. Ukoliko \u0107ete dodavati maline ili neko drugo bobi\u010dasto vo\u0107e, uvaljajte vo\u0107e u \u0161e\u0107er u prahu pa poslo\u017eite po smjesi i drvenim \u0161tapi\u0107em malo gurnite da utone.<\/p>\n<p>Kola\u010d sam pekla oko 60 minuta na 170 stupnjeva, a ako radite u pli\u0107em kalupu i imate tanji sloj, pripazite na duljinu pe\u010denja jer \u0107e kola\u010d biti br\u017ee gotov (provjerite \u010da\u010dkalicom). Ostavite da se ohladi u kalupu pa ga prevrnite na pladanj i pospite \u0161e\u0107erom u prahu ili prelijte \u010dokoladom\/preljevom.<\/p>\n<p>Dobar tek!<\/p>\n<p><em>pi\u0161e Valentina Vukadinovi\u0107<\/em><\/p>\n","protected":false},"excerpt":{"rendered":"<p>Nedavno sam opet prolistala stare bilje\u017enice s receptima, a za oko mi je zapeo onaj pod nazivom Mramorni kola\u010d, napisan zelenom tintom i prekrasnim rukopisom<\/p>\n","protected":false},"featured_media":4909,"template":"","tags":[42],"atribut":[],"class_list":["post-4910","nada","type-nada","status-publish","has-post-thumbnail","hentry","tag-gorski-kotao"],"acf":[],"yoast_head":"<!-- This site is optimized with the Yoast SEO plugin v27.4 - https:\/\/yoast.com\/product\/yoast-seo-wordpress\/ -->\n<title>Mramorni kola\u010d s malinama - SDF - Srpski demokratski forum<\/title>\n<meta name=\"robots\" content=\"index, follow, max-snippet:-1, max-image-preview:large, max-video-preview:-1\" \/>\n<link rel=\"canonical\" href=\"https:\/\/sdf.hr\/hr\/nada\/mramorni-kolac-s-malinama\/\" \/>\n<meta property=\"og:locale\" content=\"hr_HR\" \/>\n<meta property=\"og:type\" content=\"article\" \/>\n<meta property=\"og:title\" content=\"Mramorni kola\u010d s malinama - SDF - Srpski demokratski forum\" \/>\n<meta property=\"og:description\" content=\"Nedavno sam opet prolistala stare bilje\u017enice s receptima, a za oko mi je zapeo onaj pod nazivom Mramorni kola\u010d, napisan zelenom tintom i prekrasnim rukopisom\" \/>\n<meta property=\"og:url\" content=\"https:\/\/sdf.hr\/hr\/nada\/mramorni-kolac-s-malinama\/\" \/>\n<meta property=\"og:site_name\" content=\"SDF - Srpski demokratski forum\" \/>\n<meta property=\"article:modified_time\" content=\"2024-05-19T07:02:14+00:00\" \/>\n<meta property=\"og:image\" content=\"https:\/\/sdf.hr\/wp-content\/uploads\/2024\/05\/Mramorni2-scaled.jpg\" \/>\n\t<meta property=\"og:image:width\" content=\"2560\" \/>\n\t<meta property=\"og:image:height\" content=\"2299\" \/>\n\t<meta property=\"og:image:type\" content=\"image\/jpeg\" \/>\n<meta name=\"twitter:card\" content=\"summary_large_image\" \/>\n<meta name=\"twitter:label1\" content=\"Procijenjeno vrijeme \u010ditanja\" \/>\n\t<meta name=\"twitter:data1\" content=\"3 minute\" \/>\n<script type=\"application\/ld+json\" class=\"yoast-schema-graph\">{\"@context\":\"https:\\\/\\\/schema.org\",\"@graph\":[{\"@type\":\"WebPage\",\"@id\":\"https:\\\/\\\/sdf.hr\\\/hr\\\/nada\\\/mramorni-kolac-s-malinama\\\/\",\"url\":\"https:\\\/\\\/sdf.hr\\\/hr\\\/nada\\\/mramorni-kolac-s-malinama\\\/\",\"name\":\"Mramorni kola\u010d s malinama - SDF - Srpski demokratski forum\",\"isPartOf\":{\"@id\":\"https:\\\/\\\/sdf.hr\\\/#website\"},\"primaryImageOfPage\":{\"@id\":\"https:\\\/\\\/sdf.hr\\\/hr\\\/nada\\\/mramorni-kolac-s-malinama\\\/#primaryimage\"},\"image\":{\"@id\":\"https:\\\/\\\/sdf.hr\\\/hr\\\/nada\\\/mramorni-kolac-s-malinama\\\/#primaryimage\"},\"thumbnailUrl\":\"https:\\\/\\\/sdf.hr\\\/wp-content\\\/uploads\\\/2024\\\/05\\\/Mramorni2-scaled.jpg\",\"datePublished\":\"2024-05-19T07:00:21+00:00\",\"dateModified\":\"2024-05-19T07:02:14+00:00\",\"breadcrumb\":{\"@id\":\"https:\\\/\\\/sdf.hr\\\/hr\\\/nada\\\/mramorni-kolac-s-malinama\\\/#breadcrumb\"},\"inLanguage\":\"hr\",\"potentialAction\":[{\"@type\":\"ReadAction\",\"target\":[\"https:\\\/\\\/sdf.hr\\\/hr\\\/nada\\\/mramorni-kolac-s-malinama\\\/\"]}]},{\"@type\":\"ImageObject\",\"inLanguage\":\"hr\",\"@id\":\"https:\\\/\\\/sdf.hr\\\/hr\\\/nada\\\/mramorni-kolac-s-malinama\\\/#primaryimage\",\"url\":\"https:\\\/\\\/sdf.hr\\\/wp-content\\\/uploads\\\/2024\\\/05\\\/Mramorni2-scaled.jpg\",\"contentUrl\":\"https:\\\/\\\/sdf.hr\\\/wp-content\\\/uploads\\\/2024\\\/05\\\/Mramorni2-scaled.jpg\",\"width\":2560,\"height\":2299},{\"@type\":\"BreadcrumbList\",\"@id\":\"https:\\\/\\\/sdf.hr\\\/hr\\\/nada\\\/mramorni-kolac-s-malinama\\\/#breadcrumb\",\"itemListElement\":[{\"@type\":\"ListItem\",\"position\":1,\"name\":\"Po\u010detna stranica\",\"item\":\"https:\\\/\\\/sdf.hr\\\/hr\\\/\"},{\"@type\":\"ListItem\",\"position\":2,\"name\":\"Nada\",\"item\":\"https:\\\/\\\/sdf.hr\\\/nada\\\/\"},{\"@type\":\"ListItem\",\"position\":3,\"name\":\"Mramorni kola\u010d s malinama\"}]},{\"@type\":\"WebSite\",\"@id\":\"https:\\\/\\\/sdf.hr\\\/#website\",\"url\":\"https:\\\/\\\/sdf.hr\\\/\",\"name\":\"SDF - Srpski demokratski forum\",\"description\":\"Srpski demokratski forum\",\"publisher\":{\"@id\":\"https:\\\/\\\/sdf.hr\\\/#organization\"},\"potentialAction\":[{\"@type\":\"SearchAction\",\"target\":{\"@type\":\"EntryPoint\",\"urlTemplate\":\"https:\\\/\\\/sdf.hr\\\/?s={search_term_string}\"},\"query-input\":{\"@type\":\"PropertyValueSpecification\",\"valueRequired\":true,\"valueName\":\"search_term_string\"}}],\"inLanguage\":\"hr\"},{\"@type\":\"Organization\",\"@id\":\"https:\\\/\\\/sdf.hr\\\/#organization\",\"name\":\"SDF - Srpski demokratski forum\",\"url\":\"https:\\\/\\\/sdf.hr\\\/\",\"logo\":{\"@type\":\"ImageObject\",\"inLanguage\":\"hr\",\"@id\":\"https:\\\/\\\/sdf.hr\\\/#\\\/schema\\\/logo\\\/image\\\/\",\"url\":\"https:\\\/\\\/sdf.hr\\\/wp-content\\\/uploads\\\/2021\\\/07\\\/logo-hr.svg\",\"contentUrl\":\"https:\\\/\\\/sdf.hr\\\/wp-content\\\/uploads\\\/2021\\\/07\\\/logo-hr.svg\",\"width\":271,\"height\":100,\"caption\":\"SDF - Srpski demokratski forum\"},\"image\":{\"@id\":\"https:\\\/\\\/sdf.hr\\\/#\\\/schema\\\/logo\\\/image\\\/\"}}]}<\/script>\n<!-- \/ Yoast SEO plugin. -->","yoast_head_json":{"title":"Mramorni kola\u010d s malinama - SDF - Srpski demokratski forum","robots":{"index":"index","follow":"follow","max-snippet":"max-snippet:-1","max-image-preview":"max-image-preview:large","max-video-preview":"max-video-preview:-1"},"canonical":"https:\/\/sdf.hr\/hr\/nada\/mramorni-kolac-s-malinama\/","og_locale":"hr_HR","og_type":"article","og_title":"Mramorni kola\u010d s malinama - SDF - Srpski demokratski forum","og_description":"Nedavno sam opet prolistala stare bilje\u017enice s receptima, a za oko mi je zapeo onaj pod nazivom Mramorni kola\u010d, napisan zelenom tintom i prekrasnim rukopisom","og_url":"https:\/\/sdf.hr\/hr\/nada\/mramorni-kolac-s-malinama\/","og_site_name":"SDF - Srpski demokratski forum","article_modified_time":"2024-05-19T07:02:14+00:00","og_image":[{"width":2560,"height":2299,"url":"https:\/\/sdf.hr\/wp-content\/uploads\/2024\/05\/Mramorni2-scaled.jpg","type":"image\/jpeg"}],"twitter_card":"summary_large_image","twitter_misc":{"Procijenjeno vrijeme \u010ditanja":"3 minute"},"schema":{"@context":"https:\/\/schema.org","@graph":[{"@type":"WebPage","@id":"https:\/\/sdf.hr\/hr\/nada\/mramorni-kolac-s-malinama\/","url":"https:\/\/sdf.hr\/hr\/nada\/mramorni-kolac-s-malinama\/","name":"Mramorni kola\u010d s malinama - SDF - Srpski demokratski forum","isPartOf":{"@id":"https:\/\/sdf.hr\/#website"},"primaryImageOfPage":{"@id":"https:\/\/sdf.hr\/hr\/nada\/mramorni-kolac-s-malinama\/#primaryimage"},"image":{"@id":"https:\/\/sdf.hr\/hr\/nada\/mramorni-kolac-s-malinama\/#primaryimage"},"thumbnailUrl":"https:\/\/sdf.hr\/wp-content\/uploads\/2024\/05\/Mramorni2-scaled.jpg","datePublished":"2024-05-19T07:00:21+00:00","dateModified":"2024-05-19T07:02:14+00:00","breadcrumb":{"@id":"https:\/\/sdf.hr\/hr\/nada\/mramorni-kolac-s-malinama\/#breadcrumb"},"inLanguage":"hr","potentialAction":[{"@type":"ReadAction","target":["https:\/\/sdf.hr\/hr\/nada\/mramorni-kolac-s-malinama\/"]}]},{"@type":"ImageObject","inLanguage":"hr","@id":"https:\/\/sdf.hr\/hr\/nada\/mramorni-kolac-s-malinama\/#primaryimage","url":"https:\/\/sdf.hr\/wp-content\/uploads\/2024\/05\/Mramorni2-scaled.jpg","contentUrl":"https:\/\/sdf.hr\/wp-content\/uploads\/2024\/05\/Mramorni2-scaled.jpg","width":2560,"height":2299},{"@type":"BreadcrumbList","@id":"https:\/\/sdf.hr\/hr\/nada\/mramorni-kolac-s-malinama\/#breadcrumb","itemListElement":[{"@type":"ListItem","position":1,"name":"Po\u010detna stranica","item":"https:\/\/sdf.hr\/hr\/"},{"@type":"ListItem","position":2,"name":"Nada","item":"https:\/\/sdf.hr\/nada\/"},{"@type":"ListItem","position":3,"name":"Mramorni kola\u010d s malinama"}]},{"@type":"WebSite","@id":"https:\/\/sdf.hr\/#website","url":"https:\/\/sdf.hr\/","name":"SDF - Srpski demokratski forum","description":"Srpski demokratski forum","publisher":{"@id":"https:\/\/sdf.hr\/#organization"},"potentialAction":[{"@type":"SearchAction","target":{"@type":"EntryPoint","urlTemplate":"https:\/\/sdf.hr\/?s={search_term_string}"},"query-input":{"@type":"PropertyValueSpecification","valueRequired":true,"valueName":"search_term_string"}}],"inLanguage":"hr"},{"@type":"Organization","@id":"https:\/\/sdf.hr\/#organization","name":"SDF - Srpski demokratski forum","url":"https:\/\/sdf.hr\/","logo":{"@type":"ImageObject","inLanguage":"hr","@id":"https:\/\/sdf.hr\/#\/schema\/logo\/image\/","url":"https:\/\/sdf.hr\/wp-content\/uploads\/2021\/07\/logo-hr.svg","contentUrl":"https:\/\/sdf.hr\/wp-content\/uploads\/2021\/07\/logo-hr.svg","width":271,"height":100,"caption":"SDF - Srpski demokratski forum"},"image":{"@id":"https:\/\/sdf.hr\/#\/schema\/logo\/image\/"}}]}},"_links":{"self":[{"href":"https:\/\/sdf.hr\/hr\/wp-json\/wp\/v2\/nada\/4910","targetHints":{"allow":["GET"]}}],"collection":[{"href":"https:\/\/sdf.hr\/hr\/wp-json\/wp\/v2\/nada"}],"about":[{"href":"https:\/\/sdf.hr\/hr\/wp-json\/wp\/v2\/types\/nada"}],"wp:featuredmedia":[{"embeddable":true,"href":"https:\/\/sdf.hr\/hr\/wp-json\/wp\/v2\/media\/4909"}],"wp:attachment":[{"href":"https:\/\/sdf.hr\/hr\/wp-json\/wp\/v2\/media?parent=4910"}],"wp:term":[{"taxonomy":"post_tag","embeddable":true,"href":"https:\/\/sdf.hr\/hr\/wp-json\/wp\/v2\/tags?post=4910"},{"taxonomy":"atribut","embeddable":true,"href":"https:\/\/sdf.hr\/hr\/wp-json\/wp\/v2\/atribut?post=4910"}],"curies":[{"name":"wp","href":"https:\/\/api.w.org\/{rel}","templated":true}]}}