{"id":4992,"date":"2024-06-16T11:00:43","date_gmt":"2024-06-16T09:00:43","guid":{"rendered":"https:\/\/sdf.hr\/nada\/dino-radja-zivim-punim-plucima\/"},"modified":"2024-06-16T11:01:25","modified_gmt":"2024-06-16T09:01:25","slug":"dino-radja-zivim-punim-plucima","status":"publish","type":"nada","link":"https:\/\/sdf.hr\/hr\/nada\/dino-radja-zivim-punim-plucima\/","title":{"rendered":"Dino Ra\u0111a: \u017divim punim plu\u0107ima"},"content":{"rendered":"<p>Ne znam za vas, drage \u010ditateljice i \u010ditatelji, ali autorica ovih redaka ima dosta rana sje\u0107anja iz djetinjstva: jedno od prvih je ve\u010der, 6. aprila 1989. Penjem se na ban\u010di\u0107 (nisku stolicu bez zaslona, op. a.) da bih s prozora bolje vidjela kako moj splitski kvart gori. Crven je od baklji, ne vidi se nebo. Imam \u010detiri godine, tata je negdje (arhiva Slobodne Dalmacije ka\u017ee da pi\u0161e reporta\u017eu s aerodroma), mama mi govori: &#8220;Prvaci smo Evrope.&#8221; Mi smo ko\u0161arka\u0161ki klub Jugoplastika, koji, kao potpuni autsajder, u M\u00fcnchenu osvaja Kup evropskih prvaka. U zavr\u0161noj utakmici, 22-godi\u0161nji <strong>Dino Ra\u0111a<\/strong> zabija 22 ko\u0161a Maccabiju iz Tel Aviva. Idu\u0107e dvije sezone Jugoplastika ostaje na vrhu Evrope.<\/p>\n<p>Kraj je ki\u0161nog i te\u0161kog prolje\u0107a u Zagrebu. U kafi\u0107 na istoku grada prvo ulazi doberman <strong>\u0160ime<\/strong>, a za njim Dino Ra\u0111a sa svojih 211 centimetara. Obi\u010daj je predstaviti na\u0161e sugovornike, ali, Dino Ra\u0111a je \u2013 Dino Ra\u0111a, \u010dovjek koji je splitskoj, hrvatskoj, jugoslavenskoj, evropskoj i svjetskoj ko\u0161arci dao sve \u0161to jedan ko\u0161arka\u0161 mo\u017ee dati, da bi na koncu, 2018. godine, u\u0161ao u Ko\u0161arka\u0161ku ku\u0107u slavnih u ameri\u010dkom Springfieldu. Do kraja intervjua prolila se samo jedan i pol suza, a \u0160ime je pojeo dvije teglice meda<\/p>\n<p><strong>Preko 100.000 ljudi na ulicama Splita 1989. godine do\u010dekalo je prvi povijesni uspjeh KK Jugoplastike. Godi\u0161njice se mno\u017ee, na vide- reporta\u017ee ljudi se i dan danas je\u017ee. Ipak, zanima nas koja su va\u0161a prva sje\u0107anja na idu\u0107i dan, 7. aprila 1989. \u0160to ste radili, kako ste se osje\u0107ali?<\/strong><\/p>\n<p>Mislim da su svi gra\u0111ani Splita stariji od jedne godine i oni koji su bili imalo pokretni tu no\u0107 bili na ulicama. Mi, igra\u010di, bili smo dio njih, nismo tada jo\u0161 bili svjesni \u0161to smo postigli, slavili smo s gradom. Bio sam klinac i tek sam nakon osvajanja titule pomislio: pa ovo bi mogao biti moj \u017eivot, mogao bih \u017eivjeti od ko\u0161arke. Dotad mi je ko\u0161arka bila samo gu\u0161t, prijatelji. A idu\u0107ih dana, nastavili smo raditi svoj posao. Uskoro smo imali utakmicu s KK Vojvodinom, te godine smo bili drugi u jugoslavenskoj ligi, Vojvodini je utakmica bila va\u017ena da ne ispadnu iz lige, ali ne mo\u017ee\u0161 im kao prvak Evrope pustiti (smijeh).<\/p>\n<p><strong>Ko\u0161arkom ste se profesionalno po\u010deli baviti relativno kasno, s petnaest godina. Kako je izgledalo va\u0161e djetinjstvo, tko je bio mali Dino Ra\u0111a prije nego \u0161to je postao ko\u0161arka\u0161?<\/strong><\/p>\n<p>Htio sam biti profesor povijesti, uvijek me zanimala, mo\u017eda zbog profesora iz osnovne \u0161kole <strong>Stane Krstulovi\u0107a<\/strong>, legendarnog biv\u0161eg igra\u010da Hajduka. A dolazim iz tipi\u010dne radni\u010dke obitelji, otac je bio voza\u010d kamiona i autobusa, mater je bila inkasator pa \u0161alturica, kasnije doma\u0107ica, odgajala je sestru i mene. I imao sam normalno, klasi\u010dno splitsko djetinjstvo s didom i babom na Bra\u010du. Profesor povijesti nisam postao, i\u0161ao sam u srednju \u0161kolu za autoelektri\u010dara. Mater me usmjerila jer je otac imao gara\u017eu, a njoj je bilo bitno da imam sigurni kruh u svojim rukama.<\/p>\n<p><strong>U dokumentarnom filmu &#8220;Ra\u0111a&#8221; spominjete trenutak kada ste 1990. potpisali za Virtus Romu i prvi puta dobili neki ve\u0107i novac.<\/strong><\/p>\n<p>Da, oti\u0161ao sam iz Jugoplastike u Rim, potpisao ugovor i mater me pitala koliko \u0107u zara\u0111ivati. Odgovorio sam joj da su to godi\u0161nje cifre od recimo njenih 700 pla\u0107a, a bez da od te pla\u0107e moram potro\u0161iti na fetu kruha. Ona to jednostavno nije mogla pojmiti.<\/p>\n<p><strong>Jedna od sugovornica dokumentarca je tada\u0161nja \u010dista\u010dica u KK Jugoplastici, Eva Savi\u0107, koja pri\u010da da je radila u me\u0111usmjeni jer je ste vi momci cijelo jutro i popodne trenirali i da vam je u pauzama od \u010di\u0161\u0107enja radila sendvi\u010de. Evu, i druge \u010dista\u010dice i domare, spomenuli ste i u va\u0161em govoru pri ulasku u Ku\u0107u slavnih. \u010cesto u javnim istupima nagla\u0161avate kako klub nisu samo igra\u010di i trener, ve\u0107 se iza vas nalazi hrpa nevidljivih radnica i radnika. Za\u0161to vam je to va\u017eno?<\/strong><\/p>\n<p>Kako nema kluba bez igra\u010da, tako ga nema ni bez \u010dista\u010dice, i sekretarice, domara i fizioterapeuta, ljudi koji \u010desto rade za minimalne pla\u0107e. Svi oni \u010dine taj sustav i va\u017eni su. Razlike su vidljive, pogotovo u Americi \u2013 u Bostonu sam se \u010desto dru\u017eio s ekonomima, fizioterapeutima, bilo mi je gu\u0161t dru\u017eiti se sa svim ljudima u klubu. I dan danas sam se \u010dujem s tada\u0161njom sekretaricom Celticsa.<\/p>\n<p><strong>\u010cetiri godine nakon zagreba\u010dke kino premijere, dokumentarac je svima dostupan preko YouTube i Vimeo kanala Sofascorea. Za\u0161to ste se odlu\u010dili u\u010diniti dokumentarac besplatnim?<\/strong><\/p>\n<p>Dokumentarac, koji je re\u017eirao <strong>Vojan Kocei\u0107<\/strong>, promovirali smo tokom korone pa nismo mogli imati normalnu distribuciju, a shvatio da mi je va\u017eno da do\u0111e do \u0161to vi\u0161e ljudi. Kada me <strong>Ivan Be\u0161li\u0107<\/strong> iz Sofascorea pitao \u0161to ja zapravo \u017eelim s filmom, odgovorio sam mu da bi htio da mladi, budu\u0107i i sada\u0161nji sporta\u0161i, vide da bez jako jako puno rada nema uspjeha, da vide \u0161to stoji iza svega. Da nekoga mo\u017eda inspirira da trenira malo ja\u010de i malo du\u017ee.<\/p>\n<p><strong>\u0160iroj ste javnosti postali poznati poprili\u010dno mladi, koliko vas to optere\u0107uje?<\/strong><\/p>\n<p>Pa ima\u0161 neku dozu odgovornosti, barem je ja imam. Ne mo\u017ee\u0161 se bilo kako pona\u0161ati jer to odmah iza\u0111e u medijima, bilo bi lijepo da mo\u017ee\u0161 biti uzor. Kad napravim neku glupost, svi o tome pri\u010daju, kada napravi netko nepoznat, nikom ni\u0161ta. To govorim i svojoj djeci, prezimena nose neku te\u017einu, ali naravno da ima i dobrih stvari, da ti se mnoga vrata otvaraju.<\/p>\n<figure id=\"attachment_4988\" aria-describedby=\"caption-attachment-4988\" style=\"width: 2560px\" class=\"wp-caption alignnone\"><img loading=\"lazy\" decoding=\"async\" class=\"wp-image-4988 size-full\" src=\"https:\/\/sdf.hr\/wp-content\/uploads\/2024\/06\/Rada3_Nel-Pavletic-scaled.jpg\" alt=\"\" width=\"2560\" height=\"1706\" srcset=\"https:\/\/sdf.hr\/wp-content\/uploads\/2024\/06\/Rada3_Nel-Pavletic-scaled.jpg 2560w, https:\/\/sdf.hr\/wp-content\/uploads\/2024\/06\/Rada3_Nel-Pavletic-300x200.jpg 300w, https:\/\/sdf.hr\/wp-content\/uploads\/2024\/06\/Rada3_Nel-Pavletic-1024x682.jpg 1024w, https:\/\/sdf.hr\/wp-content\/uploads\/2024\/06\/Rada3_Nel-Pavletic-768x512.jpg 768w, https:\/\/sdf.hr\/wp-content\/uploads\/2024\/06\/Rada3_Nel-Pavletic-1536x1024.jpg 1536w, https:\/\/sdf.hr\/wp-content\/uploads\/2024\/06\/Rada3_Nel-Pavletic-2048x1365.jpg 2048w\" sizes=\"auto, (max-width: 2560px) 100vw, 2560px\" \/><figcaption id=\"caption-attachment-4988\" class=\"wp-caption-text\">Dino Ra\u0111a (Foto: Nel Pavleti\u0107\/PIXSELL)<\/figcaption><\/figure>\n<p><strong>\u010cesto se referirate na va\u0161e gr\u010dke godine. Za ko\u0161arka\u0161ki klub Panathinaikos igrali ste krajem devedesetih, a nakon nezaboravne zadarske godine, 2000. prelazite u Olympiakos. Koliko je bilo te\u0161ko igrati za dva gr\u010dka rivala?<\/strong><\/p>\n<p>Da se prvo osvrnem na Zadar \u2013 tu godinu u KK Zadar ne bih mijenjao ni za \u0161to na svijetu. Mogao sam igrati za pet put ve\u0107e pare, ali prijateljstva koje sam stvorio u Zadru, grad koji \u017eivi za ko\u0161arku, to vam nitko ne mo\u017ee zamijeniti. \u0160to se Gr\u010dke ti\u010de, volim tu zemlju, volim Atenu, njihovi su temperament i smisao za humor jako sli\u010dni na\u0161ima, dalmatinskima. Vole sport, vole se zajebavati. Stvarno sam davao svoj maksimum na terenu u oba kluba, mislim da su to prepoznali i navija\u010di. Nisam imao problema prelaskom u Olympiakos, i dan danas se osje\u0107am dobrodo\u0161lim u Gr\u010dkoj.<\/p>\n<p><strong>Godine 1993. odlazite igrati u Boston Celtics. Koja je glavna razlika tada\u0161nje europske i NBA ko\u0161arke?<\/strong><\/p>\n<p>Mislim da to spominjem i u dokumentarcu, mi zapravo nismo imali puno prilike gledati ameri\u010dku ko\u0161arku, nije bilo interneta, tek tu i tamo neka VHS snimka utakmice. Na Olimpijskim igrama u Barceloni 1992. godine, na kojima je hrvatska ko\u0161arka\u0161ka reprezentacija osvojila srebro, igrali smo to poznato finale protiv Amerikanaca. Tada sam ja, ali i svi mi, zapravo shvatili da su i oni samo ljudi (smijeh). Dati dvadeset ko\u0161eva najboljima od najboljih je pomoglo i meni, a mislim i drugim igra\u010dima, da shvatimo na\u0161u kvalitetu. Pri\u010damo o ekipi u kojoj su igrali <strong>Michael Jordan<\/strong>, <strong>Magic Johnson<\/strong>, <strong>Larry Bird<\/strong>, <strong>Charles Barkley<\/strong>\u2026 ma svi znaju taj <em>dream team<\/em>. A kada sam do\u0161ao u NBA, igra je jednostavno bila puno br\u017ea nego u Europi. Nakon svake utakmice imao sam osje\u0107aj da sam paralelno bio i u teretani i na utakmici, fizi\u010dka sprema je bila izrazito va\u017ena.<\/p>\n<p><strong>A igra danas?<\/strong><\/p>\n<p>Mislim da je razlika velika, naprimjer, napada\u010di su u ko\u0161arci jako za\u0161ti\u0107eni, rekao bih da je danas lak\u0161e igrati. A igra se mijenja i radi vanjskih faktora, sponzora, pa vidite koliko traje <em>timeout<\/em>. Tako je i s drugim sportovima \u2013 kada promatrate Super Bowl, ameri\u010dku utakmicu svih utakmica, pa pola ljudi ne dolazi tamo da bi gledali utakmicu, dolaze popiti pivo. Na svaku utakmicu na koju idem kao gledatelj, navija\u010d, do\u0111em dosta ranije, zanima me zagrijavanje, pona\u0161anje igra\u010da, \u0161to navija\u010di pripremaju. Volim sport, ne volim biti u dvoranama i na stadionima da me se vidi.<\/p>\n<p><strong>Kako vam je bilo raditi s mladim igra\u010dima u KK Splitu i kasnije Ko\u0161arka\u0161kom savezu?<\/strong><\/p>\n<p>Svi mi, a pogotovo mladi danas, imamo sve manje koncentracije i stalno buljimo u ekrane. Dana\u0161nja djeca skrolaju Instagramom i misle da tako izgleda \u017eivot, svi bi htjeli sve i odmah bez puno odricanja i rada, nitko ne gleda dva koraka unaprijed. I mislim da im to jako uni\u0161tava samopouzdanje i \u010desto stvara nerealnu sliku kada se krenu baviti sportom. Tako\u0111er, puno sam puta vidio \u0161to roditelji rade tim mladima. Nikada ne\u0107u zaboraviti jednog oca koji mi je vi\u0161e puta dolazio na sastanak i govorio da je shvatio \u0161to mi u klubu radimo, da namjerno sabotiramo njegovog sina. Dao sam mu ruku i rekao: &#8220;Svaka vam \u010dast, vi ste prvi roditelj koji je shvatio na\u0161e prave namjere&#8221; i dao mu <em>bianco<\/em> ispisnicu. Nema\u0161 ponekad \u0161to nego biti cini\u010dan, a njegov sin jednostavno jo\u0161 nije bio spreman za igru, i da smo ga prerano stavili, to bi bilo puno gore za njega. Nikada ne\u0107u zaboraviti jo\u0161 jednu scenu \u2013 prazna dvorana, momak igra, trener govori makni se od protivni\u010dkog igra\u010da, roditelj se dere da pri\u0111e bli\u017ee. Vidite, dijete od \u010detrnaest godina zna da \u0107e ga trener izbaciti iz igre ako se ne odmakne, paralelno zna da \u0107e se otac derati kada do\u0111u ku\u0107i ako ne pri\u0111e. \u0160to to radi njegovoj glavi i potencijalnoj karijeri? Moja su dva sina trenirala ko\u0161arku i kada bih gledao kako igraju, nikada nisam ispred drugih, tokom treninga, u dvorani davao savjete ili glasno komentirao. Ja sam tamo bio roditelj, imaju trenera i suigra\u010de, s njima trebaju komunicirati. Kasnije bih im doma rekao \u0161to mislim da su napravili dobro, a \u0161to trebaju popraviti.<\/p>\n<p><strong>Je li vam bilo te\u0161ko prekinuti profesionalnu karijeru? Sporta\u0161i \u010desto ka\u017eu da im nedostaje taj adrenalin, ali i rutina koju profesionalno bavljenje sportom donese.<\/strong><\/p>\n<p>Nije mi bilo te\u0161ko, tijelo mi je davalo signale da ne mo\u017ee vi\u0161e. Naprimjer, prije bih nakon utakmice i\u0161ao s ekipom na ve\u010deru ili na pi\u0107e, a pri kraju karijere, pogotovo nakon derbija, nisam bio u stanju, satima bih ostao le\u017eati u svla\u010dionici, bio sam previ\u0161e iscrpljen, naticalo mi je koljeno i nisam vi\u0161e mogao. Bilo mi je te\u0161ko i trenirati. Ne volim gubiti, a shvatio sam da su mla\u0111i igra\u010di u dosta boljoj formi od mene i odlu\u010dio sam da je vrijeme da stanem \u2013 ako nisam najbolji, vrijeme je da to priznam i prestanem igrati. \u0160to se ti\u010de rutine i \u017eivota nakon, imao sam malu djecu i ona vam odre\u0111uju rutinu. Vozite ih u vrti\u0107, u \u0161kolu, na sport, sigurno mi nije bilo dosadno.<\/p>\n<figure id=\"attachment_4990\" aria-describedby=\"caption-attachment-4990\" style=\"width: 1706px\" class=\"wp-caption alignnone\"><img loading=\"lazy\" decoding=\"async\" class=\"wp-image-4990 size-full\" src=\"https:\/\/sdf.hr\/wp-content\/uploads\/2024\/06\/Rada2_Nel-Pavletic-scaled.jpg\" alt=\"\" width=\"1706\" height=\"2560\" srcset=\"https:\/\/sdf.hr\/wp-content\/uploads\/2024\/06\/Rada2_Nel-Pavletic-scaled.jpg 1706w, https:\/\/sdf.hr\/wp-content\/uploads\/2024\/06\/Rada2_Nel-Pavletic-200x300.jpg 200w, https:\/\/sdf.hr\/wp-content\/uploads\/2024\/06\/Rada2_Nel-Pavletic-682x1024.jpg 682w, https:\/\/sdf.hr\/wp-content\/uploads\/2024\/06\/Rada2_Nel-Pavletic-768x1152.jpg 768w, https:\/\/sdf.hr\/wp-content\/uploads\/2024\/06\/Rada2_Nel-Pavletic-1024x1536.jpg 1024w, https:\/\/sdf.hr\/wp-content\/uploads\/2024\/06\/Rada2_Nel-Pavletic-1365x2048.jpg 1365w\" sizes=\"auto, (max-width: 1706px) 100vw, 1706px\" \/><figcaption id=\"caption-attachment-4990\" class=\"wp-caption-text\">Dino Ra\u0111a (Foto: Nel Pavleti\u0107\/PIXSELL)<\/figcaption><\/figure>\n<p><strong>Kako je izgledao ulazak u Ko\u0161arka\u0161ku ku\u0107u slavnih?<\/strong><\/p>\n<p>Da sam primljen, saznao sam tokom Porina na kojem sam bio u publici i nisam smio nikome ni\u0161ta re\u0107i jer je slu\u017ebena objava bila kasnije. Nisam ni znao da su me prijatelji nominirali, bio sam van sebe. Pripreme za ceremoniju traju pola godine, javljate im sve \u2013 od svojih mjere za odijelo preko mjera za prsten do ljudi koji dolaze s vama, imate generalne probe i mjesecima ranije \u0161aljete govor koji se onda projicira na blesimetru. Meni je bilo glupo \u010ditati govor, to nisam ja, nekako su mi govori ljudi prije mene dok su ih \u010ditali zvu\u010dali robotizirano. Popeo sam se na pozornicu i sad, ja sam igrao ispred 30.000 ljudi, stvarno nemam ba\u0161 tremu u \u017eivotu, ali tad sam se osje\u0107ao nekako kao pripit. Stao sam i rekao sebi: govorit \u0107e\u0161 iz glave, samo zahvaljuj ljudima po redu, dr\u017ei se redoslijeda, reprezentacija, klub po klub. I sjetio sam se skoro svih, bio sam emotivan, ali nema\u0161 ti tamo vremena u pet minuta objasniti tko su ti ljudi koje spominje\u0161, samo ih nabroji\u0161. Zato sam kasnije na svom Facebook-profilu pisao crtice o onima bez kojih ne bih u\u0161ao u Hall of Fame, ljudi su to voljeli \u010ditati. U dvorani je bila moja obitelj, bili su brojni prijatelji, samo mi je \u017eao \u0161to taj dan sa mnom nisu mogli biti moja pokojna majka i <strong>Mosor<\/strong> (<strong>Milorad Bibi\u0107<\/strong>, ilitiga tata iz uvoda ovog intervjua, op. a.). Znam da bi oni bili jako ponosni.<\/p>\n<p><strong>A kako izgleda va\u0161 \u017eivot danas?<\/strong><\/p>\n<p>Otkad sam se makao od rada u Hrvatskom ko\u0161arka\u0161kom savezu, \u017eivim punim plu\u0107ima. Jo\u0161 prije korone preselili smo se iz Splita u Zagreb, a kupio sam i zemlju u Istri, u \u0161umi, na kojoj smo sagradili ku\u0107u pa sada kad god mogu odlazim u Istru i radim u vrtu \u2013 imam dosta poma, poriluka, salate, blitve. Uz to, imam mali studio u ku\u0107i i sviram gitaru. Djeca su narasla pa supruga <strong>Viktorija<\/strong> i ja vi\u0161e putujemo. Azijske zemlje su mi sjajne, a na zimu smo bili i u Peruu. Volim privatno putovati, upoznavati kulture, istra\u017eivati spizu na ulicama razli\u010ditih gradova. Kada si sporta\u0161, puno putuje\u0161, ali ne izgleda to onako kako ljudi misle. Ne vidi\u0161 grad, upozna\u0161 nove jezike, kuhinje, ali doslovno vidi\u0161 aerodrom, dvoranu, hotel, teretanu. A svi\u0111a mi se i \u017eivot u Zagrebu, navikli smo na aktivan \u017eivot, sve je blizu autom, avionom, idemo dosta i na kazali\u0161ne predstave.<\/p>\n<p><strong>\u0160to svirate?<\/strong><\/p>\n<p>Ma sve, od AC\/DC-ja do <strong>Bala\u0161evi\u0107a<\/strong>, \u0161to mi do\u0111e.<\/p>\n<p><strong>Za koga danas navijate i koje sportove pratite?<\/strong><\/p>\n<p>Osim, naravno, Hajduka, pratim sve klubove u kojima sam igrao ko\u0161arku, a najvi\u0161e pratim ameri\u010dki nogomet, Ligu prvaka u ko\u0161arci i nogometu, ma nekad i hokej i bejzbol. Volim gledati sve sportove.<\/p>\n<p><strong>Mislite li da kampanje protiv govora mr\u017enje, protiv nasilja i rasizma na sportskim terenima imaju smisla i da polu\u010duju neki uspjeh? Koji je va\u0161 odnos prema navija\u010dkim (sub)kulturama?<\/strong><\/p>\n<p>Ma imaju, ali s druge strane \u2013 pa sve je puno kamera, stvarno nije toliko komplicirano detektirati tko je radio ne\u0161to \u0161to nije smio i ukloniti ga sa stadiona ili iz dvorane, zabraniti mu pristup. Vjerojatno bi onda dvaput razmislili. Ve\u0107ina navija\u010da nisu huligani, naravno da su ljudi frustrirani kada se prema tebi pona\u0161aju kao da si ne\u0161to krivo napravio radi neke manjine. Ne trebaju ti hiljade policajaca, samo jasna pravila i brzo procesuiranje. Recimo, bio sam na utakmici Arsenal \u2013 Liverpool i na karti ti pi\u0161e \u0161to ne smije\u0161 raditi i koje su konzekvence, a konzekvence su poprili\u010dno stroge.<\/p>\n<p><strong>Za kraj \u2013 \u0161to vam daje nadu? Treba li \u010dovjeku poput vas nada?<\/strong><\/p>\n<p>Svima nam treba nada, a meni nadu daju ljudi, brojni ljudi koji \u017eele pomo\u0107i drugima i koji su otvoreni. Ne samo da je ova \u010da\u0161a vode ispred nas polupuna, volim re\u0107i da mi je ponekad ta polovica dovoljna da se napijem. Nadu mi daje i to \u0161to dobro stvarno privla\u010di dobro. I ne mislim tu samo na neke velike geste. Evo, recimo, ja se stvarno trudim da ne budem nervozan u prometu, da vidim kad ispred mene vozi neka starija osoba ili osoba koja je tek nau\u010dila voziti i da ne trubim\u2026 Svi trebamo malo vi\u0161e misliti jedni na druge.<\/p>\n<p><em>razgovor vodila Vedrana Bibi\u0107<\/em><\/p>\n","protected":false},"excerpt":{"rendered":"<p>Jo\u0161 prije korone preselili smo se iz Splita u Zagreb, a kupio sam i zemlju u Istri pa sada kad god mogu odlazim tamo i radim u vrtu. Uz to, imam mali studio, sviram gitaru, a volim i putovati, upoznavati kulture, istra\u017eivati spizu na ulicama razli\u010ditih gradova<\/p>\n","protected":false},"featured_media":4987,"template":"","tags":[29,173],"atribut":[],"class_list":["post-4992","nada","type-nada","status-publish","has-post-thumbnail","hentry","tag-intervju","tag-intervju-2-hr"],"acf":[],"yoast_head":"<!-- This site is optimized with the Yoast SEO plugin v27.4 - https:\/\/yoast.com\/product\/yoast-seo-wordpress\/ -->\n<title>Dino Ra\u0111a: \u017divim punim plu\u0107ima - SDF - Srpski demokratski forum<\/title>\n<meta name=\"robots\" content=\"index, follow, max-snippet:-1, max-image-preview:large, max-video-preview:-1\" \/>\n<link rel=\"canonical\" href=\"https:\/\/sdf.hr\/hr\/nada\/dino-radja-zivim-punim-plucima\/\" \/>\n<meta property=\"og:locale\" content=\"hr_HR\" \/>\n<meta property=\"og:type\" content=\"article\" \/>\n<meta property=\"og:title\" content=\"Dino Ra\u0111a: \u017divim punim plu\u0107ima - SDF - Srpski demokratski forum\" \/>\n<meta property=\"og:description\" content=\"Jo\u0161 prije korone preselili smo se iz Splita u Zagreb, a kupio sam i zemlju u Istri pa sada kad god mogu odlazim tamo i radim u vrtu. Uz to, imam mali studio, sviram gitaru, a volim i putovati, upoznavati kulture, istra\u017eivati spizu na ulicama razli\u010ditih gradova\" \/>\n<meta property=\"og:url\" content=\"https:\/\/sdf.hr\/hr\/nada\/dino-radja-zivim-punim-plucima\/\" \/>\n<meta property=\"og:site_name\" content=\"SDF - Srpski demokratski forum\" \/>\n<meta property=\"article:modified_time\" content=\"2024-06-16T09:01:25+00:00\" \/>\n<meta property=\"og:image\" content=\"https:\/\/sdf.hr\/wp-content\/uploads\/2024\/06\/Rada1_Nel-Pavletic-scaled.jpg\" \/>\n\t<meta property=\"og:image:width\" content=\"2560\" \/>\n\t<meta property=\"og:image:height\" content=\"1706\" \/>\n\t<meta property=\"og:image:type\" content=\"image\/jpeg\" \/>\n<meta name=\"twitter:card\" content=\"summary_large_image\" \/>\n<meta name=\"twitter:label1\" content=\"Procijenjeno vrijeme \u010ditanja\" \/>\n\t<meta name=\"twitter:data1\" content=\"13 minuta\" \/>\n<script type=\"application\/ld+json\" class=\"yoast-schema-graph\">{\"@context\":\"https:\\\/\\\/schema.org\",\"@graph\":[{\"@type\":\"WebPage\",\"@id\":\"https:\\\/\\\/sdf.hr\\\/hr\\\/nada\\\/dino-radja-zivim-punim-plucima\\\/\",\"url\":\"https:\\\/\\\/sdf.hr\\\/hr\\\/nada\\\/dino-radja-zivim-punim-plucima\\\/\",\"name\":\"Dino Ra\u0111a: \u017divim punim plu\u0107ima - SDF - Srpski demokratski forum\",\"isPartOf\":{\"@id\":\"https:\\\/\\\/sdf.hr\\\/#website\"},\"primaryImageOfPage\":{\"@id\":\"https:\\\/\\\/sdf.hr\\\/hr\\\/nada\\\/dino-radja-zivim-punim-plucima\\\/#primaryimage\"},\"image\":{\"@id\":\"https:\\\/\\\/sdf.hr\\\/hr\\\/nada\\\/dino-radja-zivim-punim-plucima\\\/#primaryimage\"},\"thumbnailUrl\":\"https:\\\/\\\/sdf.hr\\\/wp-content\\\/uploads\\\/2024\\\/06\\\/Rada1_Nel-Pavletic-scaled.jpg\",\"datePublished\":\"2024-06-16T09:00:43+00:00\",\"dateModified\":\"2024-06-16T09:01:25+00:00\",\"breadcrumb\":{\"@id\":\"https:\\\/\\\/sdf.hr\\\/hr\\\/nada\\\/dino-radja-zivim-punim-plucima\\\/#breadcrumb\"},\"inLanguage\":\"hr\",\"potentialAction\":[{\"@type\":\"ReadAction\",\"target\":[\"https:\\\/\\\/sdf.hr\\\/hr\\\/nada\\\/dino-radja-zivim-punim-plucima\\\/\"]}]},{\"@type\":\"ImageObject\",\"inLanguage\":\"hr\",\"@id\":\"https:\\\/\\\/sdf.hr\\\/hr\\\/nada\\\/dino-radja-zivim-punim-plucima\\\/#primaryimage\",\"url\":\"https:\\\/\\\/sdf.hr\\\/wp-content\\\/uploads\\\/2024\\\/06\\\/Rada1_Nel-Pavletic-scaled.jpg\",\"contentUrl\":\"https:\\\/\\\/sdf.hr\\\/wp-content\\\/uploads\\\/2024\\\/06\\\/Rada1_Nel-Pavletic-scaled.jpg\",\"width\":2560,\"height\":1706,\"caption\":\"Dino Ra\u0111a (Foto: Nel Pavleti\u0107\\\/PIXSELL)\"},{\"@type\":\"BreadcrumbList\",\"@id\":\"https:\\\/\\\/sdf.hr\\\/hr\\\/nada\\\/dino-radja-zivim-punim-plucima\\\/#breadcrumb\",\"itemListElement\":[{\"@type\":\"ListItem\",\"position\":1,\"name\":\"Po\u010detna stranica\",\"item\":\"https:\\\/\\\/sdf.hr\\\/hr\\\/\"},{\"@type\":\"ListItem\",\"position\":2,\"name\":\"Nada\",\"item\":\"https:\\\/\\\/sdf.hr\\\/nada\\\/\"},{\"@type\":\"ListItem\",\"position\":3,\"name\":\"Dino Ra\u0111a: \u017divim punim plu\u0107ima\"}]},{\"@type\":\"WebSite\",\"@id\":\"https:\\\/\\\/sdf.hr\\\/#website\",\"url\":\"https:\\\/\\\/sdf.hr\\\/\",\"name\":\"SDF - Srpski demokratski forum\",\"description\":\"Srpski demokratski forum\",\"publisher\":{\"@id\":\"https:\\\/\\\/sdf.hr\\\/#organization\"},\"potentialAction\":[{\"@type\":\"SearchAction\",\"target\":{\"@type\":\"EntryPoint\",\"urlTemplate\":\"https:\\\/\\\/sdf.hr\\\/?s={search_term_string}\"},\"query-input\":{\"@type\":\"PropertyValueSpecification\",\"valueRequired\":true,\"valueName\":\"search_term_string\"}}],\"inLanguage\":\"hr\"},{\"@type\":\"Organization\",\"@id\":\"https:\\\/\\\/sdf.hr\\\/#organization\",\"name\":\"SDF - Srpski demokratski forum\",\"url\":\"https:\\\/\\\/sdf.hr\\\/\",\"logo\":{\"@type\":\"ImageObject\",\"inLanguage\":\"hr\",\"@id\":\"https:\\\/\\\/sdf.hr\\\/#\\\/schema\\\/logo\\\/image\\\/\",\"url\":\"https:\\\/\\\/sdf.hr\\\/wp-content\\\/uploads\\\/2021\\\/07\\\/logo-hr.svg\",\"contentUrl\":\"https:\\\/\\\/sdf.hr\\\/wp-content\\\/uploads\\\/2021\\\/07\\\/logo-hr.svg\",\"width\":271,\"height\":100,\"caption\":\"SDF - Srpski demokratski forum\"},\"image\":{\"@id\":\"https:\\\/\\\/sdf.hr\\\/#\\\/schema\\\/logo\\\/image\\\/\"}}]}<\/script>\n<!-- \/ Yoast SEO plugin. -->","yoast_head_json":{"title":"Dino Ra\u0111a: \u017divim punim plu\u0107ima - SDF - Srpski demokratski forum","robots":{"index":"index","follow":"follow","max-snippet":"max-snippet:-1","max-image-preview":"max-image-preview:large","max-video-preview":"max-video-preview:-1"},"canonical":"https:\/\/sdf.hr\/hr\/nada\/dino-radja-zivim-punim-plucima\/","og_locale":"hr_HR","og_type":"article","og_title":"Dino Ra\u0111a: \u017divim punim plu\u0107ima - SDF - Srpski demokratski forum","og_description":"Jo\u0161 prije korone preselili smo se iz Splita u Zagreb, a kupio sam i zemlju u Istri pa sada kad god mogu odlazim tamo i radim u vrtu. Uz to, imam mali studio, sviram gitaru, a volim i putovati, upoznavati kulture, istra\u017eivati spizu na ulicama razli\u010ditih gradova","og_url":"https:\/\/sdf.hr\/hr\/nada\/dino-radja-zivim-punim-plucima\/","og_site_name":"SDF - Srpski demokratski forum","article_modified_time":"2024-06-16T09:01:25+00:00","og_image":[{"width":2560,"height":1706,"url":"https:\/\/sdf.hr\/wp-content\/uploads\/2024\/06\/Rada1_Nel-Pavletic-scaled.jpg","type":"image\/jpeg"}],"twitter_card":"summary_large_image","twitter_misc":{"Procijenjeno vrijeme \u010ditanja":"13 minuta"},"schema":{"@context":"https:\/\/schema.org","@graph":[{"@type":"WebPage","@id":"https:\/\/sdf.hr\/hr\/nada\/dino-radja-zivim-punim-plucima\/","url":"https:\/\/sdf.hr\/hr\/nada\/dino-radja-zivim-punim-plucima\/","name":"Dino Ra\u0111a: \u017divim punim plu\u0107ima - SDF - Srpski demokratski forum","isPartOf":{"@id":"https:\/\/sdf.hr\/#website"},"primaryImageOfPage":{"@id":"https:\/\/sdf.hr\/hr\/nada\/dino-radja-zivim-punim-plucima\/#primaryimage"},"image":{"@id":"https:\/\/sdf.hr\/hr\/nada\/dino-radja-zivim-punim-plucima\/#primaryimage"},"thumbnailUrl":"https:\/\/sdf.hr\/wp-content\/uploads\/2024\/06\/Rada1_Nel-Pavletic-scaled.jpg","datePublished":"2024-06-16T09:00:43+00:00","dateModified":"2024-06-16T09:01:25+00:00","breadcrumb":{"@id":"https:\/\/sdf.hr\/hr\/nada\/dino-radja-zivim-punim-plucima\/#breadcrumb"},"inLanguage":"hr","potentialAction":[{"@type":"ReadAction","target":["https:\/\/sdf.hr\/hr\/nada\/dino-radja-zivim-punim-plucima\/"]}]},{"@type":"ImageObject","inLanguage":"hr","@id":"https:\/\/sdf.hr\/hr\/nada\/dino-radja-zivim-punim-plucima\/#primaryimage","url":"https:\/\/sdf.hr\/wp-content\/uploads\/2024\/06\/Rada1_Nel-Pavletic-scaled.jpg","contentUrl":"https:\/\/sdf.hr\/wp-content\/uploads\/2024\/06\/Rada1_Nel-Pavletic-scaled.jpg","width":2560,"height":1706,"caption":"Dino Ra\u0111a (Foto: Nel Pavleti\u0107\/PIXSELL)"},{"@type":"BreadcrumbList","@id":"https:\/\/sdf.hr\/hr\/nada\/dino-radja-zivim-punim-plucima\/#breadcrumb","itemListElement":[{"@type":"ListItem","position":1,"name":"Po\u010detna stranica","item":"https:\/\/sdf.hr\/hr\/"},{"@type":"ListItem","position":2,"name":"Nada","item":"https:\/\/sdf.hr\/nada\/"},{"@type":"ListItem","position":3,"name":"Dino Ra\u0111a: \u017divim punim plu\u0107ima"}]},{"@type":"WebSite","@id":"https:\/\/sdf.hr\/#website","url":"https:\/\/sdf.hr\/","name":"SDF - Srpski demokratski forum","description":"Srpski demokratski forum","publisher":{"@id":"https:\/\/sdf.hr\/#organization"},"potentialAction":[{"@type":"SearchAction","target":{"@type":"EntryPoint","urlTemplate":"https:\/\/sdf.hr\/?s={search_term_string}"},"query-input":{"@type":"PropertyValueSpecification","valueRequired":true,"valueName":"search_term_string"}}],"inLanguage":"hr"},{"@type":"Organization","@id":"https:\/\/sdf.hr\/#organization","name":"SDF - Srpski demokratski forum","url":"https:\/\/sdf.hr\/","logo":{"@type":"ImageObject","inLanguage":"hr","@id":"https:\/\/sdf.hr\/#\/schema\/logo\/image\/","url":"https:\/\/sdf.hr\/wp-content\/uploads\/2021\/07\/logo-hr.svg","contentUrl":"https:\/\/sdf.hr\/wp-content\/uploads\/2021\/07\/logo-hr.svg","width":271,"height":100,"caption":"SDF - Srpski demokratski forum"},"image":{"@id":"https:\/\/sdf.hr\/#\/schema\/logo\/image\/"}}]}},"_links":{"self":[{"href":"https:\/\/sdf.hr\/hr\/wp-json\/wp\/v2\/nada\/4992","targetHints":{"allow":["GET"]}}],"collection":[{"href":"https:\/\/sdf.hr\/hr\/wp-json\/wp\/v2\/nada"}],"about":[{"href":"https:\/\/sdf.hr\/hr\/wp-json\/wp\/v2\/types\/nada"}],"wp:featuredmedia":[{"embeddable":true,"href":"https:\/\/sdf.hr\/hr\/wp-json\/wp\/v2\/media\/4987"}],"wp:attachment":[{"href":"https:\/\/sdf.hr\/hr\/wp-json\/wp\/v2\/media?parent=4992"}],"wp:term":[{"taxonomy":"post_tag","embeddable":true,"href":"https:\/\/sdf.hr\/hr\/wp-json\/wp\/v2\/tags?post=4992"},{"taxonomy":"atribut","embeddable":true,"href":"https:\/\/sdf.hr\/hr\/wp-json\/wp\/v2\/atribut?post=4992"}],"curies":[{"name":"wp","href":"https:\/\/api.w.org\/{rel}","templated":true}]}}