{"id":5037,"date":"2024-06-19T16:20:30","date_gmt":"2024-06-19T14:20:30","guid":{"rendered":"https:\/\/sdf.hr\/nada\/cetiri-ljeta-hajducke-hazene\/"},"modified":"2024-06-19T16:20:44","modified_gmt":"2024-06-19T14:20:44","slug":"cetiri-ljeta-hajducke-hazene","status":"publish","type":"nada","link":"https:\/\/sdf.hr\/hr\/nada\/cetiri-ljeta-hajducke-hazene\/","title":{"rendered":"\u010cetiri ljeta hajdu\u010dke hazene"},"content":{"rendered":"<p>Po\u010detkom ljeta 1922. splitski Hajduk je osnovao Sekciju za \u017eenske sportove, a prvi sport namijenjen isklju\u010divo \u017eenama bila je hazena. U sekciju su se me\u0111u prvima uklju\u010dile u\u010denice Realne gimnazije i Trgova\u010dke akademije, koje su hazenu prihvatile kao novi vid tjelovje\u017ebe i zabave. Pod vodstvom trenera <strong>Bogumira Dole\u017eala<\/strong> prionule su u\u010denju novog sporta. Prvu utakmicu pred gra\u0111anstvom odigrale su 8. oktobra 1922., nastupile su prije nogometne utakmice izme\u0111u dviju generacija Hajdukovih nogometa\u0161a.<\/p>\n<p>Kako je zabilje\u017eeno u monografiji &#8220;Heroine splitskog sporta: \u017denska strana medalje&#8221; (Vetus Itinera, 2013.), san hazena\u0161ica Hajduka bio je odmjeriti snage s nekom drugom ekipom iz Zagreba ili Sarajeva, ali takva investicija za hazena\u0161ku sekciju klubu nije bila prioritet. Premijerni nastup u Splitu bio je stoga dvoboj dva postava doma\u0107e ekipe \u2013 Modrih i Bijelih. Za Bijele su nastupile: <strong>Dra\u017eica Antunovi\u0107<\/strong>, <strong>Emica David<\/strong>, <strong>Ankica Dubokovi\u0107<\/strong>, <strong>Marija Kargoti\u0107<\/strong>, <strong>Ada Lelas<\/strong>, <strong>Velinka O\u017eani\u0107<\/strong>, <strong>Maca Palavr\u0161i\u0107<\/strong>, <strong>Nela \u0160anti\u0107<\/strong>. Za Modre: <strong>Draga Aljinovi\u0107<\/strong>, <strong>Mileva Vidovi\u0107<\/strong>, <strong>Rina Bakoti\u0107<\/strong>, <strong>Vanda Bakoti\u0107<\/strong>, <strong>Nada Bonetti<\/strong>, <strong>Milka Kosta<\/strong> i <strong>Henrika-Rikica Peri\u0161i\u0107<\/strong>. Modre su pobijedile Bijele 2:1.<\/p>\n<p>U glasilu Jadranski sport o utakmici se izvje\u0161tavalo: &#8220;Prvi nastup igra\u010dica hazene probudio je u gradu op\u0107u radoznalost, pa se o\u010ditovalo i u vrlo brojnom, upravo velikom broju gledalaca, koji se u nedjelju poslijepodne na\u0161ao na igrali\u0161tu. Igru je u gradu rijetko tko poznavao, osim onih nekoliko stalnih kibica na igrali\u0161tu, ali sa svim tim prvi nastup osvojio je odmah simpatije svih gledalaca, koji su glasnim i bu\u010dnim odobravanjem izra\u017eavali svoje mi\u0161ljenje pri raznim fazama razvitka igre. (&#8230;) Opa\u017ealo se dobro dr\u017eanje mjesta, prili\u010dno pokrivanje igra\u010da i slabo pucanje. S druge pak strane opa\u017eala se volja i inteligencija mladih igra\u010dica koje su do\u0161le do toga, da igraju igru koju nisu nikada vidjele, koju su nau\u010dile po samim suhim pravilima.&#8221;<\/p>\n<p>Hajdu\u010dka hazena bila je &#8220;sportski pupoljak&#8221; koji se suo\u010davao s brojnim problemima, i iako su tijekom naredne dvije godine hazena\u0161ice odigrale brojne utakmice i stalno trenirale, raslo je ogor\u010denje prema upravi Hajduka za koju im se \u010dinilo da obezvrje\u0111uje njihov predani rad. Do kraja 1923. trener Dole\u017eal preuzeo je druge poslovne obveze i prestao trenirati hazena\u0161ice. Neko mu se vrijeme tra\u017eila zamjena, a ulogu je na kraju preuzeo Hajdukov igra\u010d <strong>Bo\u017eo Nedoklan<\/strong>. Za vrijeme trenerske krize neke su igra\u010dice odustale od hazene, a dolaskom Nedoklana neke nove su se priklju\u010dile klubu. Krajem marta 1924. na sjednici skup\u0161tine Hajduka hazena\u0161ica <strong>Maca Palavr\u0161i\u0107<\/strong> u\u0161la je kao prva \u017eena u sastav uprave kluba, \u0161to je diglo moral i dalo vjetra u krila \u010dlanica \u017eenske sportske sekcije.<\/p>\n<p>Te su godine kona\u010dno dobile priliku ugostiti jednu poznatu hazena\u0161ku ekipu, \u010dlanice \u017eidovskog kluba Bar Kohba iz Sarajeva. Tijekom 1925. u Split je stigao jedan od najboljih onda\u0161njih hazena\u0161kih klubova, zagreba\u010dki HA\u0160K. Povodom obilje\u017eavanja 15. godi\u0161njice Hajduka, u ljeto 1926. u Split su u goste do\u0161le i hazena\u0161ice TDK Atene iz Ljubljane. U septembru 1926. hazena\u0161ice Hajduka su se pridru\u017eile nogometa\u0161ima na gostovanju u Ljubljani i ondje odigrale dvije utakmice. Izgubile su u obje.<\/p>\n<p>Po povratku s putovanja dogodio se neo\u010dekivani potez mati\u010dnog kluba. Kad su do\u0161le na trening, do\u010dekale su ih zaklju\u010dane svla\u010dionice. Hajduk je svojim hazena\u0161icama doslovno zatvorio vrata. Tim je potezom prekinuto djelovanje hazena\u0161ke sekcije kluba, a kroz nekoliko narednih godina hazena se u potpunosti prestala igrati u Splitu.<\/p>\n<p><em>pi\u0161e Ivana Peri\u0107<\/em><\/p>\n","protected":false},"excerpt":{"rendered":"<p>Krajem marta 1924. na sjednici skup\u0161tine Hajduka hazena\u0161ica Maca Palavr\u0161i\u0107 u\u0161la je kao prva \u017eena u sastav uprave kluba, \u0161to je diglo moral i dalo vjetra u krila \u010dlanica \u017eenske sportske sekcije<\/p>\n","protected":false},"featured_media":5036,"template":"","tags":[40],"atribut":[],"class_list":["post-5037","nada","type-nada","status-publish","has-post-thumbnail","hentry","tag-dvokorak-naprijed"],"acf":[],"yoast_head":"<!-- This site is optimized with the Yoast SEO plugin v27.4 - https:\/\/yoast.com\/product\/yoast-seo-wordpress\/ -->\n<title>\u010cetiri ljeta hajdu\u010dke hazene - SDF - Srpski demokratski forum<\/title>\n<meta name=\"robots\" content=\"index, follow, max-snippet:-1, max-image-preview:large, max-video-preview:-1\" \/>\n<link rel=\"canonical\" href=\"https:\/\/sdf.hr\/hr\/nada\/cetiri-ljeta-hajducke-hazene\/\" \/>\n<meta property=\"og:locale\" content=\"hr_HR\" \/>\n<meta property=\"og:type\" content=\"article\" \/>\n<meta property=\"og:title\" content=\"\u010cetiri ljeta hajdu\u010dke hazene - SDF - Srpski demokratski forum\" \/>\n<meta property=\"og:description\" content=\"Krajem marta 1924. na sjednici skup\u0161tine Hajduka hazena\u0161ica Maca Palavr\u0161i\u0107 u\u0161la je kao prva \u017eena u sastav uprave kluba, \u0161to je diglo moral i dalo vjetra u krila \u010dlanica \u017eenske sportske sekcije\" \/>\n<meta property=\"og:url\" content=\"https:\/\/sdf.hr\/hr\/nada\/cetiri-ljeta-hajducke-hazene\/\" \/>\n<meta property=\"og:site_name\" content=\"SDF - Srpski demokratski forum\" \/>\n<meta property=\"article:modified_time\" content=\"2024-06-19T14:20:44+00:00\" \/>\n<meta property=\"og:image\" content=\"https:\/\/sdf.hr\/wp-content\/uploads\/2024\/06\/Hajduk-hazana-scaled.jpg\" \/>\n\t<meta property=\"og:image:width\" content=\"2560\" \/>\n\t<meta property=\"og:image:height\" content=\"1529\" \/>\n\t<meta property=\"og:image:type\" content=\"image\/jpeg\" \/>\n<meta name=\"twitter:card\" content=\"summary_large_image\" \/>\n<meta name=\"twitter:label1\" content=\"Procijenjeno vrijeme \u010ditanja\" \/>\n\t<meta name=\"twitter:data1\" content=\"3 minute\" \/>\n<script type=\"application\/ld+json\" class=\"yoast-schema-graph\">{\"@context\":\"https:\\\/\\\/schema.org\",\"@graph\":[{\"@type\":\"WebPage\",\"@id\":\"https:\\\/\\\/sdf.hr\\\/hr\\\/nada\\\/cetiri-ljeta-hajducke-hazene\\\/\",\"url\":\"https:\\\/\\\/sdf.hr\\\/hr\\\/nada\\\/cetiri-ljeta-hajducke-hazene\\\/\",\"name\":\"\u010cetiri ljeta hajdu\u010dke hazene - SDF - Srpski demokratski forum\",\"isPartOf\":{\"@id\":\"https:\\\/\\\/sdf.hr\\\/#website\"},\"primaryImageOfPage\":{\"@id\":\"https:\\\/\\\/sdf.hr\\\/hr\\\/nada\\\/cetiri-ljeta-hajducke-hazene\\\/#primaryimage\"},\"image\":{\"@id\":\"https:\\\/\\\/sdf.hr\\\/hr\\\/nada\\\/cetiri-ljeta-hajducke-hazene\\\/#primaryimage\"},\"thumbnailUrl\":\"https:\\\/\\\/sdf.hr\\\/wp-content\\\/uploads\\\/2024\\\/06\\\/Hajduk-hazana-scaled.jpg\",\"datePublished\":\"2024-06-19T14:20:30+00:00\",\"dateModified\":\"2024-06-19T14:20:44+00:00\",\"breadcrumb\":{\"@id\":\"https:\\\/\\\/sdf.hr\\\/hr\\\/nada\\\/cetiri-ljeta-hajducke-hazene\\\/#breadcrumb\"},\"inLanguage\":\"hr\",\"potentialAction\":[{\"@type\":\"ReadAction\",\"target\":[\"https:\\\/\\\/sdf.hr\\\/hr\\\/nada\\\/cetiri-ljeta-hajducke-hazene\\\/\"]}]},{\"@type\":\"ImageObject\",\"inLanguage\":\"hr\",\"@id\":\"https:\\\/\\\/sdf.hr\\\/hr\\\/nada\\\/cetiri-ljeta-hajducke-hazene\\\/#primaryimage\",\"url\":\"https:\\\/\\\/sdf.hr\\\/wp-content\\\/uploads\\\/2024\\\/06\\\/Hajduk-hazana-scaled.jpg\",\"contentUrl\":\"https:\\\/\\\/sdf.hr\\\/wp-content\\\/uploads\\\/2024\\\/06\\\/Hajduk-hazana-scaled.jpg\",\"width\":2560,\"height\":1529,\"caption\":\"Iz monografije \\\"Heroine splitskog sporta: \u017denska strana medalje\\\"\"},{\"@type\":\"BreadcrumbList\",\"@id\":\"https:\\\/\\\/sdf.hr\\\/hr\\\/nada\\\/cetiri-ljeta-hajducke-hazene\\\/#breadcrumb\",\"itemListElement\":[{\"@type\":\"ListItem\",\"position\":1,\"name\":\"Po\u010detna stranica\",\"item\":\"https:\\\/\\\/sdf.hr\\\/hr\\\/\"},{\"@type\":\"ListItem\",\"position\":2,\"name\":\"Nada\",\"item\":\"https:\\\/\\\/sdf.hr\\\/nada\\\/\"},{\"@type\":\"ListItem\",\"position\":3,\"name\":\"\u010cetiri ljeta hajdu\u010dke hazene\"}]},{\"@type\":\"WebSite\",\"@id\":\"https:\\\/\\\/sdf.hr\\\/#website\",\"url\":\"https:\\\/\\\/sdf.hr\\\/\",\"name\":\"SDF - Srpski demokratski forum\",\"description\":\"Srpski demokratski forum\",\"publisher\":{\"@id\":\"https:\\\/\\\/sdf.hr\\\/#organization\"},\"potentialAction\":[{\"@type\":\"SearchAction\",\"target\":{\"@type\":\"EntryPoint\",\"urlTemplate\":\"https:\\\/\\\/sdf.hr\\\/?s={search_term_string}\"},\"query-input\":{\"@type\":\"PropertyValueSpecification\",\"valueRequired\":true,\"valueName\":\"search_term_string\"}}],\"inLanguage\":\"hr\"},{\"@type\":\"Organization\",\"@id\":\"https:\\\/\\\/sdf.hr\\\/#organization\",\"name\":\"SDF - Srpski demokratski forum\",\"url\":\"https:\\\/\\\/sdf.hr\\\/\",\"logo\":{\"@type\":\"ImageObject\",\"inLanguage\":\"hr\",\"@id\":\"https:\\\/\\\/sdf.hr\\\/#\\\/schema\\\/logo\\\/image\\\/\",\"url\":\"https:\\\/\\\/sdf.hr\\\/wp-content\\\/uploads\\\/2021\\\/07\\\/logo-hr.svg\",\"contentUrl\":\"https:\\\/\\\/sdf.hr\\\/wp-content\\\/uploads\\\/2021\\\/07\\\/logo-hr.svg\",\"width\":271,\"height\":100,\"caption\":\"SDF - Srpski demokratski forum\"},\"image\":{\"@id\":\"https:\\\/\\\/sdf.hr\\\/#\\\/schema\\\/logo\\\/image\\\/\"}}]}<\/script>\n<!-- \/ Yoast SEO plugin. -->","yoast_head_json":{"title":"\u010cetiri ljeta hajdu\u010dke hazene - SDF - Srpski demokratski forum","robots":{"index":"index","follow":"follow","max-snippet":"max-snippet:-1","max-image-preview":"max-image-preview:large","max-video-preview":"max-video-preview:-1"},"canonical":"https:\/\/sdf.hr\/hr\/nada\/cetiri-ljeta-hajducke-hazene\/","og_locale":"hr_HR","og_type":"article","og_title":"\u010cetiri ljeta hajdu\u010dke hazene - SDF - Srpski demokratski forum","og_description":"Krajem marta 1924. na sjednici skup\u0161tine Hajduka hazena\u0161ica Maca Palavr\u0161i\u0107 u\u0161la je kao prva \u017eena u sastav uprave kluba, \u0161to je diglo moral i dalo vjetra u krila \u010dlanica \u017eenske sportske sekcije","og_url":"https:\/\/sdf.hr\/hr\/nada\/cetiri-ljeta-hajducke-hazene\/","og_site_name":"SDF - Srpski demokratski forum","article_modified_time":"2024-06-19T14:20:44+00:00","og_image":[{"width":2560,"height":1529,"url":"https:\/\/sdf.hr\/wp-content\/uploads\/2024\/06\/Hajduk-hazana-scaled.jpg","type":"image\/jpeg"}],"twitter_card":"summary_large_image","twitter_misc":{"Procijenjeno vrijeme \u010ditanja":"3 minute"},"schema":{"@context":"https:\/\/schema.org","@graph":[{"@type":"WebPage","@id":"https:\/\/sdf.hr\/hr\/nada\/cetiri-ljeta-hajducke-hazene\/","url":"https:\/\/sdf.hr\/hr\/nada\/cetiri-ljeta-hajducke-hazene\/","name":"\u010cetiri ljeta hajdu\u010dke hazene - SDF - Srpski demokratski forum","isPartOf":{"@id":"https:\/\/sdf.hr\/#website"},"primaryImageOfPage":{"@id":"https:\/\/sdf.hr\/hr\/nada\/cetiri-ljeta-hajducke-hazene\/#primaryimage"},"image":{"@id":"https:\/\/sdf.hr\/hr\/nada\/cetiri-ljeta-hajducke-hazene\/#primaryimage"},"thumbnailUrl":"https:\/\/sdf.hr\/wp-content\/uploads\/2024\/06\/Hajduk-hazana-scaled.jpg","datePublished":"2024-06-19T14:20:30+00:00","dateModified":"2024-06-19T14:20:44+00:00","breadcrumb":{"@id":"https:\/\/sdf.hr\/hr\/nada\/cetiri-ljeta-hajducke-hazene\/#breadcrumb"},"inLanguage":"hr","potentialAction":[{"@type":"ReadAction","target":["https:\/\/sdf.hr\/hr\/nada\/cetiri-ljeta-hajducke-hazene\/"]}]},{"@type":"ImageObject","inLanguage":"hr","@id":"https:\/\/sdf.hr\/hr\/nada\/cetiri-ljeta-hajducke-hazene\/#primaryimage","url":"https:\/\/sdf.hr\/wp-content\/uploads\/2024\/06\/Hajduk-hazana-scaled.jpg","contentUrl":"https:\/\/sdf.hr\/wp-content\/uploads\/2024\/06\/Hajduk-hazana-scaled.jpg","width":2560,"height":1529,"caption":"Iz monografije \"Heroine splitskog sporta: \u017denska strana medalje\""},{"@type":"BreadcrumbList","@id":"https:\/\/sdf.hr\/hr\/nada\/cetiri-ljeta-hajducke-hazene\/#breadcrumb","itemListElement":[{"@type":"ListItem","position":1,"name":"Po\u010detna stranica","item":"https:\/\/sdf.hr\/hr\/"},{"@type":"ListItem","position":2,"name":"Nada","item":"https:\/\/sdf.hr\/nada\/"},{"@type":"ListItem","position":3,"name":"\u010cetiri ljeta hajdu\u010dke hazene"}]},{"@type":"WebSite","@id":"https:\/\/sdf.hr\/#website","url":"https:\/\/sdf.hr\/","name":"SDF - Srpski demokratski forum","description":"Srpski demokratski forum","publisher":{"@id":"https:\/\/sdf.hr\/#organization"},"potentialAction":[{"@type":"SearchAction","target":{"@type":"EntryPoint","urlTemplate":"https:\/\/sdf.hr\/?s={search_term_string}"},"query-input":{"@type":"PropertyValueSpecification","valueRequired":true,"valueName":"search_term_string"}}],"inLanguage":"hr"},{"@type":"Organization","@id":"https:\/\/sdf.hr\/#organization","name":"SDF - Srpski demokratski forum","url":"https:\/\/sdf.hr\/","logo":{"@type":"ImageObject","inLanguage":"hr","@id":"https:\/\/sdf.hr\/#\/schema\/logo\/image\/","url":"https:\/\/sdf.hr\/wp-content\/uploads\/2021\/07\/logo-hr.svg","contentUrl":"https:\/\/sdf.hr\/wp-content\/uploads\/2021\/07\/logo-hr.svg","width":271,"height":100,"caption":"SDF - Srpski demokratski forum"},"image":{"@id":"https:\/\/sdf.hr\/#\/schema\/logo\/image\/"}}]}},"_links":{"self":[{"href":"https:\/\/sdf.hr\/hr\/wp-json\/wp\/v2\/nada\/5037","targetHints":{"allow":["GET"]}}],"collection":[{"href":"https:\/\/sdf.hr\/hr\/wp-json\/wp\/v2\/nada"}],"about":[{"href":"https:\/\/sdf.hr\/hr\/wp-json\/wp\/v2\/types\/nada"}],"wp:featuredmedia":[{"embeddable":true,"href":"https:\/\/sdf.hr\/hr\/wp-json\/wp\/v2\/media\/5036"}],"wp:attachment":[{"href":"https:\/\/sdf.hr\/hr\/wp-json\/wp\/v2\/media?parent=5037"}],"wp:term":[{"taxonomy":"post_tag","embeddable":true,"href":"https:\/\/sdf.hr\/hr\/wp-json\/wp\/v2\/tags?post=5037"},{"taxonomy":"atribut","embeddable":true,"href":"https:\/\/sdf.hr\/hr\/wp-json\/wp\/v2\/atribut?post=5037"}],"curies":[{"name":"wp","href":"https:\/\/api.w.org\/{rel}","templated":true}]}}