{"id":5070,"date":"2024-06-23T09:00:26","date_gmt":"2024-06-23T07:00:26","guid":{"rendered":"https:\/\/sdf.hr\/nada\/cokoladna-torta-s-malinama\/"},"modified":"2024-06-23T09:02:15","modified_gmt":"2024-06-23T07:02:15","slug":"cokoladna-torta-s-malinama","status":"publish","type":"nada","link":"https:\/\/sdf.hr\/hr\/nada\/cokoladna-torta-s-malinama\/","title":{"rendered":"\u010cokoladna torta s malinama"},"content":{"rendered":"<p>Volim pripremati torte. Kako one klasi\u010dne s nekoliko slojeva biskvita i kremama koje se kuhaju, tako i one ljetne, vo\u0107ne i osvje\u017eavaju\u0107e. Ima mi ne\u0161to va\u017eno i primamljivo u tom trudu koji ulo\u017eim jer torte su uvijek za neku posebnu prigodu pa u pripremu uvijek utkam i emociju vezanu za osobu kojoj je torta namijenjena. Takva prigoda je i ro\u0111endan moje prijateljice koji pada na jedan praznik u ljetnim mjesecima i tada se obi\u010dno okupimo u vrtu uz bogat stol. Za tu prigodu sam pripremila \u010dokoladnu tortu s malinama jer se nismo mogli odlu\u010diti jede li nam se ne\u0161to vo\u0107no ili \u010dokoladno. Zato sam spojila oboje u ovu o\u010daravaju\u0107u slasticu za koju vam ne\u0107e trebati pe\u0107nica.<\/p>\n<p>Za podlogu sam koristila integralne \u010dokoladne kekse koji su dali ba\u0161 finu hrskavost. Krema je prozra\u010dna, \u010dokoladna s krem sirom i slatkim vrhnjem, a maline su dale predivnu dozu kiselosti i svje\u017eine. Tortu sam pripremila u manjem kalupu (promjera 20 cm) pa ako \u0107ete pripremati ve\u0107u, pove\u0107ajte koli\u010dinu sastojaka. Umjesto malina mo\u017eete staviti neko drugo vo\u0107e poput jagoda, borovnica, kupina&#8230;<\/p>\n<p>&nbsp;<\/p>\n<p><strong>Sastojci za podlogu:<\/strong><\/p>\n<p>200 g integralnog keksa<\/p>\n<p>80 g rastopljenog maslaca<\/p>\n<p>&nbsp;<\/p>\n<p><strong>Za kremu i punjenje:<\/strong><\/p>\n<p>200 g tamne \u010dokolade<\/p>\n<p>200 g krem sira<\/p>\n<p>50 g \u0161e\u0107era u prahu (prilagodite ukusu, mo\u017ee i bez ako ne volite jako slatko)<\/p>\n<p>150 ml mlije\u010dnog slatkog vrhnja<\/p>\n<p>pekmez od malina<\/p>\n<p>&nbsp;<\/p>\n<p><strong>Za \u010dokoladni preljev:<\/strong><\/p>\n<p>100 g tamne \u010dokolade<\/p>\n<p>50 ml mlije\u010dnog slatkog vrhnja<\/p>\n<p>&nbsp;<\/p>\n<p><strong>Za ukra\u0161avanje:<\/strong><\/p>\n<p>200 ml mlije\u010dnog slatkog vrhnja<\/p>\n<p>1 \u017elica \u0161e\u0107era u prahu<\/p>\n<p>svje\u017ee maline<\/p>\n<p><strong>\u00a0<\/strong><\/p>\n<p><strong>Priprema:<\/strong><\/p>\n<p>Kalup za torte nama\u017eite maslacem i dno oblo\u017eite papirom za pe\u010denje (nacrtajte krug veli\u010dine dna kalupa pa izre\u017eite). Kekse usitnite u multipraktiku ili valjkom za tijesto. U usitnjene kekse dodajte otopljeni maslac i promije\u0161ajte. Dobit \u0107ete pjeskovitu smjesu koju utisnite u kalup, poravnajte povr\u0161inu (to radim dnom \u010da\u0161e) i stavite u hladnjak da se stisne.<\/p>\n<p>Za kremu dobro izmiksajte krem sir sa \u0161e\u0107erom u prahu. \u010cokoladu otopite na pari pa polako dodajte siru cijelo vrijeme miksaju\u0107i. U kremu dodajte slatko vrhnje (teku\u0107e) i izradite sve u glatku i prozra\u010dnu kremu. Podlogu od keksa prema\u017eite pekmezom od malina, po njemu rasporedite \u010dokoladnu kremu i poravnajte. Stavite u hladnjak na barem 4 do 5 sati. Kada se torta dobro ohladila, oprezno uklonite obru\u010d kalupa te dno pa tortu premjestite na stalak ili pladanj.<\/p>\n<p>Za preljev razlomite \u010dokoladu i stavite u posudu (koju stavite u ve\u0107u posudu s vru\u0107om vodom). Prelijte zagrijano mlije\u010dno slatko vrhnje preko \u010dokolade. Mije\u0161ajte dok se \u010dokolada ne otopi. Pri\u010dekajte par minuta da se malo ohladi, ali da ostane teku\u0107e i prelijte preko torte. To radim \u017elicom, malo po malo da se krema ne otopi.<\/p>\n<p>Prije poslu\u017eivanja istucite slatko vrhnje sa \u0161e\u0107erom u prahu u \u0161lag kojim \u0107ete ukrasiti tortu te posla\u017eite maline. Tortu \u010duvajte u hladnjaku do poslu\u017eivanja.<\/p>\n<p>Dobar tek!<\/p>\n<p><em>pi\u0161e Valentina Vukadinovi\u0107<\/em><\/p>\n","protected":false},"excerpt":{"rendered":"<p>Za proslavu sam pripremila \u010dokoladnu tortu s malinama jer se nismo mogli odlu\u010diti jede li nam se ne\u0161to vo\u0107no ili \u010dokoladno. Zato sam spojila oboje u o\u010daravaju\u0107u slasticu za koju vam ne\u0107e trebati pe\u0107nica<\/p>\n","protected":false},"featured_media":5069,"template":"","tags":[42],"atribut":[],"class_list":["post-5070","nada","type-nada","status-publish","has-post-thumbnail","hentry","tag-gorski-kotao"],"acf":[],"yoast_head":"<!-- This site is optimized with the Yoast SEO plugin v27.4 - https:\/\/yoast.com\/product\/yoast-seo-wordpress\/ -->\n<title>\u010cokoladna torta s malinama - SDF - Srpski demokratski forum<\/title>\n<meta name=\"robots\" content=\"index, follow, max-snippet:-1, max-image-preview:large, max-video-preview:-1\" \/>\n<link rel=\"canonical\" href=\"https:\/\/sdf.hr\/hr\/nada\/cokoladna-torta-s-malinama\/\" \/>\n<meta property=\"og:locale\" content=\"hr_HR\" \/>\n<meta property=\"og:type\" content=\"article\" \/>\n<meta property=\"og:title\" content=\"\u010cokoladna torta s malinama - SDF - Srpski demokratski forum\" \/>\n<meta property=\"og:description\" content=\"Za proslavu sam pripremila \u010dokoladnu tortu s malinama jer se nismo mogli odlu\u010diti jede li nam se ne\u0161to vo\u0107no ili \u010dokoladno. Zato sam spojila oboje u o\u010daravaju\u0107u slasticu za koju vam ne\u0107e trebati pe\u0107nica\" \/>\n<meta property=\"og:url\" content=\"https:\/\/sdf.hr\/hr\/nada\/cokoladna-torta-s-malinama\/\" \/>\n<meta property=\"og:site_name\" content=\"SDF - Srpski demokratski forum\" \/>\n<meta property=\"article:modified_time\" content=\"2024-06-23T07:02:15+00:00\" \/>\n<meta property=\"og:image\" content=\"https:\/\/sdf.hr\/wp-content\/uploads\/2024\/06\/Torta-maline-scaled.jpg\" \/>\n\t<meta property=\"og:image:width\" content=\"2560\" \/>\n\t<meta property=\"og:image:height\" content=\"1659\" \/>\n\t<meta property=\"og:image:type\" content=\"image\/jpeg\" \/>\n<meta name=\"twitter:card\" content=\"summary_large_image\" \/>\n<meta name=\"twitter:label1\" content=\"Procijenjeno vrijeme \u010ditanja\" \/>\n\t<meta name=\"twitter:data1\" content=\"3 minute\" \/>\n<script type=\"application\/ld+json\" class=\"yoast-schema-graph\">{\"@context\":\"https:\\\/\\\/schema.org\",\"@graph\":[{\"@type\":\"WebPage\",\"@id\":\"https:\\\/\\\/sdf.hr\\\/hr\\\/nada\\\/cokoladna-torta-s-malinama\\\/\",\"url\":\"https:\\\/\\\/sdf.hr\\\/hr\\\/nada\\\/cokoladna-torta-s-malinama\\\/\",\"name\":\"\u010cokoladna torta s malinama - SDF - Srpski demokratski forum\",\"isPartOf\":{\"@id\":\"https:\\\/\\\/sdf.hr\\\/#website\"},\"primaryImageOfPage\":{\"@id\":\"https:\\\/\\\/sdf.hr\\\/hr\\\/nada\\\/cokoladna-torta-s-malinama\\\/#primaryimage\"},\"image\":{\"@id\":\"https:\\\/\\\/sdf.hr\\\/hr\\\/nada\\\/cokoladna-torta-s-malinama\\\/#primaryimage\"},\"thumbnailUrl\":\"https:\\\/\\\/sdf.hr\\\/wp-content\\\/uploads\\\/2024\\\/06\\\/Torta-maline-scaled.jpg\",\"datePublished\":\"2024-06-23T07:00:26+00:00\",\"dateModified\":\"2024-06-23T07:02:15+00:00\",\"breadcrumb\":{\"@id\":\"https:\\\/\\\/sdf.hr\\\/hr\\\/nada\\\/cokoladna-torta-s-malinama\\\/#breadcrumb\"},\"inLanguage\":\"hr\",\"potentialAction\":[{\"@type\":\"ReadAction\",\"target\":[\"https:\\\/\\\/sdf.hr\\\/hr\\\/nada\\\/cokoladna-torta-s-malinama\\\/\"]}]},{\"@type\":\"ImageObject\",\"inLanguage\":\"hr\",\"@id\":\"https:\\\/\\\/sdf.hr\\\/hr\\\/nada\\\/cokoladna-torta-s-malinama\\\/#primaryimage\",\"url\":\"https:\\\/\\\/sdf.hr\\\/wp-content\\\/uploads\\\/2024\\\/06\\\/Torta-maline-scaled.jpg\",\"contentUrl\":\"https:\\\/\\\/sdf.hr\\\/wp-content\\\/uploads\\\/2024\\\/06\\\/Torta-maline-scaled.jpg\",\"width\":2560,\"height\":1659},{\"@type\":\"BreadcrumbList\",\"@id\":\"https:\\\/\\\/sdf.hr\\\/hr\\\/nada\\\/cokoladna-torta-s-malinama\\\/#breadcrumb\",\"itemListElement\":[{\"@type\":\"ListItem\",\"position\":1,\"name\":\"Po\u010detna stranica\",\"item\":\"https:\\\/\\\/sdf.hr\\\/hr\\\/\"},{\"@type\":\"ListItem\",\"position\":2,\"name\":\"Nada\",\"item\":\"https:\\\/\\\/sdf.hr\\\/nada\\\/\"},{\"@type\":\"ListItem\",\"position\":3,\"name\":\"\u010cokoladna torta s malinama\"}]},{\"@type\":\"WebSite\",\"@id\":\"https:\\\/\\\/sdf.hr\\\/#website\",\"url\":\"https:\\\/\\\/sdf.hr\\\/\",\"name\":\"SDF - Srpski demokratski forum\",\"description\":\"Srpski demokratski forum\",\"publisher\":{\"@id\":\"https:\\\/\\\/sdf.hr\\\/#organization\"},\"potentialAction\":[{\"@type\":\"SearchAction\",\"target\":{\"@type\":\"EntryPoint\",\"urlTemplate\":\"https:\\\/\\\/sdf.hr\\\/?s={search_term_string}\"},\"query-input\":{\"@type\":\"PropertyValueSpecification\",\"valueRequired\":true,\"valueName\":\"search_term_string\"}}],\"inLanguage\":\"hr\"},{\"@type\":\"Organization\",\"@id\":\"https:\\\/\\\/sdf.hr\\\/#organization\",\"name\":\"SDF - Srpski demokratski forum\",\"url\":\"https:\\\/\\\/sdf.hr\\\/\",\"logo\":{\"@type\":\"ImageObject\",\"inLanguage\":\"hr\",\"@id\":\"https:\\\/\\\/sdf.hr\\\/#\\\/schema\\\/logo\\\/image\\\/\",\"url\":\"https:\\\/\\\/sdf.hr\\\/wp-content\\\/uploads\\\/2021\\\/07\\\/logo-hr.svg\",\"contentUrl\":\"https:\\\/\\\/sdf.hr\\\/wp-content\\\/uploads\\\/2021\\\/07\\\/logo-hr.svg\",\"width\":271,\"height\":100,\"caption\":\"SDF - Srpski demokratski forum\"},\"image\":{\"@id\":\"https:\\\/\\\/sdf.hr\\\/#\\\/schema\\\/logo\\\/image\\\/\"}}]}<\/script>\n<!-- \/ Yoast SEO plugin. -->","yoast_head_json":{"title":"\u010cokoladna torta s malinama - SDF - Srpski demokratski forum","robots":{"index":"index","follow":"follow","max-snippet":"max-snippet:-1","max-image-preview":"max-image-preview:large","max-video-preview":"max-video-preview:-1"},"canonical":"https:\/\/sdf.hr\/hr\/nada\/cokoladna-torta-s-malinama\/","og_locale":"hr_HR","og_type":"article","og_title":"\u010cokoladna torta s malinama - SDF - Srpski demokratski forum","og_description":"Za proslavu sam pripremila \u010dokoladnu tortu s malinama jer se nismo mogli odlu\u010diti jede li nam se ne\u0161to vo\u0107no ili \u010dokoladno. Zato sam spojila oboje u o\u010daravaju\u0107u slasticu za koju vam ne\u0107e trebati pe\u0107nica","og_url":"https:\/\/sdf.hr\/hr\/nada\/cokoladna-torta-s-malinama\/","og_site_name":"SDF - Srpski demokratski forum","article_modified_time":"2024-06-23T07:02:15+00:00","og_image":[{"width":2560,"height":1659,"url":"https:\/\/sdf.hr\/wp-content\/uploads\/2024\/06\/Torta-maline-scaled.jpg","type":"image\/jpeg"}],"twitter_card":"summary_large_image","twitter_misc":{"Procijenjeno vrijeme \u010ditanja":"3 minute"},"schema":{"@context":"https:\/\/schema.org","@graph":[{"@type":"WebPage","@id":"https:\/\/sdf.hr\/hr\/nada\/cokoladna-torta-s-malinama\/","url":"https:\/\/sdf.hr\/hr\/nada\/cokoladna-torta-s-malinama\/","name":"\u010cokoladna torta s malinama - SDF - Srpski demokratski forum","isPartOf":{"@id":"https:\/\/sdf.hr\/#website"},"primaryImageOfPage":{"@id":"https:\/\/sdf.hr\/hr\/nada\/cokoladna-torta-s-malinama\/#primaryimage"},"image":{"@id":"https:\/\/sdf.hr\/hr\/nada\/cokoladna-torta-s-malinama\/#primaryimage"},"thumbnailUrl":"https:\/\/sdf.hr\/wp-content\/uploads\/2024\/06\/Torta-maline-scaled.jpg","datePublished":"2024-06-23T07:00:26+00:00","dateModified":"2024-06-23T07:02:15+00:00","breadcrumb":{"@id":"https:\/\/sdf.hr\/hr\/nada\/cokoladna-torta-s-malinama\/#breadcrumb"},"inLanguage":"hr","potentialAction":[{"@type":"ReadAction","target":["https:\/\/sdf.hr\/hr\/nada\/cokoladna-torta-s-malinama\/"]}]},{"@type":"ImageObject","inLanguage":"hr","@id":"https:\/\/sdf.hr\/hr\/nada\/cokoladna-torta-s-malinama\/#primaryimage","url":"https:\/\/sdf.hr\/wp-content\/uploads\/2024\/06\/Torta-maline-scaled.jpg","contentUrl":"https:\/\/sdf.hr\/wp-content\/uploads\/2024\/06\/Torta-maline-scaled.jpg","width":2560,"height":1659},{"@type":"BreadcrumbList","@id":"https:\/\/sdf.hr\/hr\/nada\/cokoladna-torta-s-malinama\/#breadcrumb","itemListElement":[{"@type":"ListItem","position":1,"name":"Po\u010detna stranica","item":"https:\/\/sdf.hr\/hr\/"},{"@type":"ListItem","position":2,"name":"Nada","item":"https:\/\/sdf.hr\/nada\/"},{"@type":"ListItem","position":3,"name":"\u010cokoladna torta s malinama"}]},{"@type":"WebSite","@id":"https:\/\/sdf.hr\/#website","url":"https:\/\/sdf.hr\/","name":"SDF - Srpski demokratski forum","description":"Srpski demokratski forum","publisher":{"@id":"https:\/\/sdf.hr\/#organization"},"potentialAction":[{"@type":"SearchAction","target":{"@type":"EntryPoint","urlTemplate":"https:\/\/sdf.hr\/?s={search_term_string}"},"query-input":{"@type":"PropertyValueSpecification","valueRequired":true,"valueName":"search_term_string"}}],"inLanguage":"hr"},{"@type":"Organization","@id":"https:\/\/sdf.hr\/#organization","name":"SDF - Srpski demokratski forum","url":"https:\/\/sdf.hr\/","logo":{"@type":"ImageObject","inLanguage":"hr","@id":"https:\/\/sdf.hr\/#\/schema\/logo\/image\/","url":"https:\/\/sdf.hr\/wp-content\/uploads\/2021\/07\/logo-hr.svg","contentUrl":"https:\/\/sdf.hr\/wp-content\/uploads\/2021\/07\/logo-hr.svg","width":271,"height":100,"caption":"SDF - Srpski demokratski forum"},"image":{"@id":"https:\/\/sdf.hr\/#\/schema\/logo\/image\/"}}]}},"_links":{"self":[{"href":"https:\/\/sdf.hr\/hr\/wp-json\/wp\/v2\/nada\/5070","targetHints":{"allow":["GET"]}}],"collection":[{"href":"https:\/\/sdf.hr\/hr\/wp-json\/wp\/v2\/nada"}],"about":[{"href":"https:\/\/sdf.hr\/hr\/wp-json\/wp\/v2\/types\/nada"}],"wp:featuredmedia":[{"embeddable":true,"href":"https:\/\/sdf.hr\/hr\/wp-json\/wp\/v2\/media\/5069"}],"wp:attachment":[{"href":"https:\/\/sdf.hr\/hr\/wp-json\/wp\/v2\/media?parent=5070"}],"wp:term":[{"taxonomy":"post_tag","embeddable":true,"href":"https:\/\/sdf.hr\/hr\/wp-json\/wp\/v2\/tags?post=5070"},{"taxonomy":"atribut","embeddable":true,"href":"https:\/\/sdf.hr\/hr\/wp-json\/wp\/v2\/atribut?post=5070"}],"curies":[{"name":"wp","href":"https:\/\/api.w.org\/{rel}","templated":true}]}}