{"id":5182,"date":"2024-07-12T10:42:57","date_gmt":"2024-07-12T08:42:57","guid":{"rendered":"https:\/\/sdf.hr\/nada\/filmski-osmijeh-u-gunji\/"},"modified":"2024-07-12T10:42:57","modified_gmt":"2024-07-12T08:42:57","slug":"filmski-osmijeh-u-gunji","status":"publish","type":"nada","link":"https:\/\/sdf.hr\/hr\/nada\/filmski-osmijeh-u-gunji\/","title":{"rendered":"Filmski osmijeh u Gunji"},"content":{"rendered":"<p>Najvru\u0107i mjesec u godini Gunji, isto\u010dnoslavonskom selu na obali Save, donosi pravi muving. Nije rije\u010d (samo) o kirbaju, iako se i to doga\u0111a u srpnju, nego o okupljanju jedne entuzijasti\u010dne ekipe filma\u0161a. Otprilike u isto vrijeme kad se sav \u017eivot preseli na obalu, kad se isprazne gradovi, a festivali svih vrsta postanu nezaobilazno mjesto susreta, u Gunji se odvija ljetna \u0161kola filma i filmska revija. Ove godine u svom 15. izdanju.<\/p>\n<p><strong>Marinko Marinki\u0107<\/strong>, predsjednik multimedijalnog centra Studio kreativnih ideja Gunja (SKIG), udruge koja stoji iza organizacije \u0161kole, ka\u017ee nam da ove godine imaju 42 polaznika i bogat program koji uklju\u010duje osam radionica: igranog, dokumentarnog i animiranog filma, press radionicu, radionicu radio-drame, analogne fotografije, TV-spota i glazbenu radionicu.<\/p>\n<p>Lokalna osnovna \u0161kola pretvara se tada u studio, atelje, redakciju, mjesto sastan\u010denja i dru\u017eenja. Polaznika razli\u010ditih uzrasta ve\u0107 tradicionalno ima odsvakud. To su doma\u0107i Gunjanci, susjedi iz Cvelferije, odnosno sela \u017eupanjskoga kraja, iz cijele Hrvatske, pa i \u0161ire.<\/p>\n<p>Marinki\u0107evi kolege Kor\u010dulanka <strong>Lara Dru\u0161kovi\u0107<\/strong> i Gunjanac <strong>Nadir Muhovoi\u0107<\/strong>, prvi put su u ulozi slu\u017ebenih organizatora, a on se, kako ka\u017ee, trudi da im olak\u0161a probijanje leda.<\/p>\n<p>\u2013 Cijela ljetna \u0161kola filma nekako je ustrojena plemenski, tako da svi o svemu komentiraju, daju svoje mi\u0161ljenje i nekako skupa odlu\u010dujemo, a zapravo je to i logi\u010dno, s obzirom na to da svi volontiraju \u2013 rekao nam je Marinki\u0107.<\/p>\n<p>Ljetna \u0161kola filma Gunja &#8220;Josip Kruni\u0107&#8221; projekt je koji su 2009. godine pokrenuli studenti zagreba\u010dke Akademije dramske umjetnosti i Fakulteta politi\u010dkih znanosti te osniva\u010di SKIG-a, u \u017eelji da svoja znanja prenesu mla\u0111im uzrastima.<\/p>\n<p>\u2013 Vrlo brzo se razvilo u tom smjeru da nisu polaznici samo djeca iz Gunje nego i iz ostatka Hrvatske. Kinoklubovi dosta su povezani, na revijama svi budu u kontaktu pa se za \u0161kolu brzo pro\u010dulo i do\u0161lo se do ovog kako to funkcionira i danas, da imamo vi\u0161e radionica, da primamo mlade iz cijele Hrvatske koji budu smje\u0161teni u gunjanskim obiteljima, po ku\u0107ama. Imali smo \u010dak i polaznike iz Srbije i Bosne i Hercegovine, to nas isto veseli. Za sve njih \u0161kola je besplatna \u2013 pri\u010da Marinki\u0107.<\/p>\n<p>\u2013 Za smje\u0161taj je svake godine malo nategnuto. Stvar je u tome da je u Gunji sve manje stanovnika i automatski je te\u017ee na\u0107i ljude koji bi primili polaznike. Ali evo, i ove godine smo uspjeli, nismo nikog odbili \u2013 nastavlja.<\/p>\n<p>Gunju je 2014. godine zadesila obilna poplava koja je uni\u0161tila domove, usjeve, radnje i poslove. No ni ta katastrofa nije zaustavila filma\u0161e da tamo odr\u017ee ljetnu \u0161kolu.<\/p>\n<p>Selo je u obnovljeno, ali se posljedice jo\u0161 uvijek osjete. Prema zadnjem popisu, ima 2600 stanovnika, a prema onom iz 2011. imalo ih je 3700. Gunja ima i znatnu muslimansku manjinu te najstariju d\u017eamiju u Hrvatskoj, a netrpeljivosti na etni\u010dkoj razini ondje nema \u2013 slave se zajedno i bo\u017ei\u0107i i bajrami.<\/p>\n<p>Osim smje\u0161taja, polaznike i lokalce tijekom ljetne \u0161kole povezuju i projekcije filmova koje su otvorene svima.<\/p>\n<figure id=\"attachment_5180\" aria-describedby=\"caption-attachment-5180\" style=\"width: 1448px\" class=\"wp-caption alignnone\"><img loading=\"lazy\" decoding=\"async\" class=\"wp-image-5180 size-full\" src=\"https:\/\/sdf.hr\/wp-content\/uploads\/2024\/07\/Ljetna-skola-Gunja.jpg\" alt=\"\" width=\"1448\" height=\"2048\" srcset=\"https:\/\/sdf.hr\/wp-content\/uploads\/2024\/07\/Ljetna-skola-Gunja.jpg 1448w, https:\/\/sdf.hr\/wp-content\/uploads\/2024\/07\/Ljetna-skola-Gunja-212x300.jpg 212w, https:\/\/sdf.hr\/wp-content\/uploads\/2024\/07\/Ljetna-skola-Gunja-724x1024.jpg 724w, https:\/\/sdf.hr\/wp-content\/uploads\/2024\/07\/Ljetna-skola-Gunja-768x1086.jpg 768w, https:\/\/sdf.hr\/wp-content\/uploads\/2024\/07\/Ljetna-skola-Gunja-1086x1536.jpg 1086w\" sizes=\"auto, (max-width: 1448px) 100vw, 1448px\" \/><figcaption id=\"caption-attachment-5180\" class=\"wp-caption-text\">Plakat Ljetne \u0161kole<\/figcaption><\/figure>\n<p>\u2013 To je ta druga razina povezanosti izme\u0111u polaznika i mje\u0161tana Gunje, mi organiziramo paralelno sa \u0161kolom filma i Novo kino Osmijeh. Zove se novo kino jer je do po\u010detka rata, do 90-ih, postojalo kino Osmijeh. Otvoreno je tih tjedan dana koliko imamo radionice. Svaku ve\u010der pu\u0161tamo recentne hrvatske filmove. U atriju \u0161kole bude jedna lijepa atmosfera. Kako je najbli\u017ee kino u Vukovaru, na nekih 60 kilometara, to je prilika ljudima iz Gunje da pogledaju filmove na velikom ekranu. I odaziv je dosta dobar \u2013 ka\u017ee Marinki\u0107.<\/p>\n<p>Smatra da u njegovom kraju tako\u0111er postoji potencijal, ali i potreba, da se organizira vi\u0161e filmskih doga\u0111anja, festivala i revija, poput onih na moru.<\/p>\n<p>\u2013 Postoji putuju\u0107e kino koje ide po otocima i prikazuju se filmovi po dvoranama i u infrastrukturi koja postoji. I po svim na\u0161im selima postoje domovi kulture u kojima bi se dalo to izvesti. Ovo kod nas nije filmski festival nego revija, dakle nije natjecateljskog karaktera nego mi zapravo pozivamo i tra\u017eimo filmove, a \u010desto ih dobijemo i besplatno jer ljudi nas znaju i prepoznaju, znaju u koje je to svrhe i da ne napla\u0107ujemo ulaznice. Sigurno postoji i potreba. \u010cak i okolni gradovi nemaju kino. \u017dupanja nema kino, mislim da ni Vinkovci nemaju, \u0161to je dosta tu\u017eno \u2013 dodaje.<\/p>\n<p>Kad smo ga zamolili da nam objasni sna\u017enu vezu Gunje i filma, ka\u017ee da je sve krenulo od SKIG-a koji je djelovao unutar osnovne \u0161kole od 1990-ih, odnosno njegovog pokreta\u010da, nastavnika hrvatskog jezika i knji\u017eevnosti <strong>Josipa Kruni\u0107a<\/strong>.<\/p>\n<p>\u2013 Bio je veliki zaljubljenik u film i, zapravo, op\u0107enito u dje\u010dje stvarala\u0161tvo. Otkako je radio u \u0161koli radio je s nadarenom djecom u podru\u010dju medija. Prvo je to bilo pisano izra\u017eavanje i novinarstvo, a onda kad je do\u0161la mogu\u0107nost da se radi radio, mislim da je bilo negdje 80-ih godina, krenulo se s tim. Kad su do\u0161le prve kamere, negdje pred kraj 90-ih je po\u010deo raditi s u\u010denicima film i televiziju. Na\u017ealost, nastavnik Kruni\u0107 nas je napustio pro\u0161le godine i sada, njemu u \u010dast, je Ljetna \u0161kola filma je dobila taj nastavak &#8220;Josip Kruni\u0107&#8221;.<\/p>\n<p>LiDraNo, Novigradsko prolje\u0107e i ostale \u0161kole i revije dje\u010djeg stvarala\u0161tva te\u0161ko da pro\u0111u bez nadarenih Gunjanaca. Zna\u010dajan broj SKIG-ovih filmova dobio je nagrade stru\u010dnoga \u017eirija i \u017eirija publike na razli\u010ditim natjecanjima, a neki su filmovi nagra\u0111eni i me\u0111unarodno. \u010cesto se prikazuju na televiziji. Ljubav prema tom mediju odvela je brojne Gunjance u profesionalno bavljenje filmom.<\/p>\n<p>\u2013 Znamo se \u0161aliti da je u Hrvatskoj Gunja mjesto s najvi\u0161e filmskih radnika po glavi stanovnika. Mislim da je nas preko deset upisalo Akademiju i bavimo se filmom. To je dosta zanimljivo, ali govori i o tome da ako u nekom mjestu postoji netko kao \u0161to je bio na\u0161 nastavnik Kruni\u0107, onda se doga\u0111aju takve stvari. To je zapravo sve bilo na njegovom entuzijazmu \u2013 prisje\u0107a se Marinki\u0107, SKIG-ovac od 5. razreda osnovne.<\/p>\n<p>Entuzijazma i svje\u017eih ideja ne nedostaje. Razmatraju da ljetnu \u0161kolu izmjeste u prirodu.<\/p>\n<p>\u2013 Razmi\u0161ljali smo da probamo organizirati filmski kamp, mo\u017eda na izleti\u0161tu Zvjezdan, usred spa\u010dvanske \u0161ume, s pet radionica, po pet polaznika u svakoj. Orijentirano bi vi\u0161e bilo na ekologiju. Naime, nastavnik Kruni\u0107, kad je po\u010deo raditi film i radio, zvao je Gunju &#8220;medijskom rupom&#8221; jer je tad, otprilike 2004. godine, u selu troje ljudi imalo internet, bilo je malo informati\u010dki pismenih, vrlo su se malo mediji konzumirali, rijetko koje dijete se imalo priliku slu\u017eiti fotoaparatom. Danas je druga\u010dije, djeca u Gunji, jednako kao i djeca u Zagrebu, imaju pristup internetu, informacijama, svatko fotografira svaki dan. Primijetili smo da im nedostaje neki dodir s prirodom i da je ne\u0161to drugo potrebno, a film kao medij je zahvalan i za tako ne\u0161to \u2013 zaklju\u010duje Marinki\u0107.<\/p>\n<p><em>pi\u0161e Anja Vladisavljevi\u0107<\/em><\/p>\n","protected":false},"excerpt":{"rendered":"<p>Svake godine u Gunji se odvija ljetna \u0161kola filma i filmska revija. &#8220;Znamo se \u0161aliti da je u Hrvatskoj Gunja mjesto s najvi\u0161e filmskih radnika po glavi stanovnika&#8221;, ka\u017ee Marinko Marinki\u0107<\/p>\n","protected":false},"featured_media":5179,"template":"","tags":[130],"atribut":[],"class_list":["post-5182","nada","type-nada","status-publish","has-post-thumbnail","hentry","tag-tema"],"acf":[],"yoast_head":"<!-- This site is optimized with the Yoast SEO plugin v27.4 - https:\/\/yoast.com\/product\/yoast-seo-wordpress\/ -->\n<title>Filmski osmijeh u Gunji - SDF - Srpski demokratski forum<\/title>\n<meta name=\"robots\" content=\"index, follow, max-snippet:-1, max-image-preview:large, max-video-preview:-1\" \/>\n<link rel=\"canonical\" href=\"https:\/\/sdf.hr\/hr\/nada\/filmski-osmijeh-u-gunji\/\" \/>\n<meta property=\"og:locale\" content=\"hr_HR\" \/>\n<meta property=\"og:type\" content=\"article\" \/>\n<meta property=\"og:title\" content=\"Filmski osmijeh u Gunji - SDF - Srpski demokratski forum\" \/>\n<meta property=\"og:description\" content=\"Svake godine u Gunji se odvija ljetna \u0161kola filma i filmska revija. &quot;Znamo se \u0161aliti da je u Hrvatskoj Gunja mjesto s najvi\u0161e filmskih radnika po glavi stanovnika&quot;, ka\u017ee Marinko Marinki\u0107\" \/>\n<meta property=\"og:url\" content=\"https:\/\/sdf.hr\/hr\/nada\/filmski-osmijeh-u-gunji\/\" \/>\n<meta property=\"og:site_name\" content=\"SDF - Srpski demokratski forum\" \/>\n<meta property=\"og:image\" content=\"https:\/\/sdf.hr\/wp-content\/uploads\/2024\/07\/Ljetna-skola-Gunja.jpg\" \/>\n<meta name=\"twitter:card\" content=\"summary_large_image\" \/>\n<meta name=\"twitter:label1\" content=\"Procijenjeno vrijeme \u010ditanja\" \/>\n\t<meta name=\"twitter:data1\" content=\"6 minuta\" \/>\n<script type=\"application\/ld+json\" class=\"yoast-schema-graph\">{\"@context\":\"https:\\\/\\\/schema.org\",\"@graph\":[{\"@type\":\"WebPage\",\"@id\":\"https:\\\/\\\/sdf.hr\\\/hr\\\/nada\\\/filmski-osmijeh-u-gunji\\\/\",\"url\":\"https:\\\/\\\/sdf.hr\\\/hr\\\/nada\\\/filmski-osmijeh-u-gunji\\\/\",\"name\":\"Filmski osmijeh u Gunji - SDF - Srpski demokratski forum\",\"isPartOf\":{\"@id\":\"https:\\\/\\\/sdf.hr\\\/#website\"},\"primaryImageOfPage\":{\"@id\":\"https:\\\/\\\/sdf.hr\\\/hr\\\/nada\\\/filmski-osmijeh-u-gunji\\\/#primaryimage\"},\"image\":{\"@id\":\"https:\\\/\\\/sdf.hr\\\/hr\\\/nada\\\/filmski-osmijeh-u-gunji\\\/#primaryimage\"},\"thumbnailUrl\":\"https:\\\/\\\/sdf.hr\\\/wp-content\\\/uploads\\\/2024\\\/07\\\/Ljetna-skola-Gunja-kino-Osmijeh.jpg\",\"datePublished\":\"2024-07-12T08:42:57+00:00\",\"breadcrumb\":{\"@id\":\"https:\\\/\\\/sdf.hr\\\/hr\\\/nada\\\/filmski-osmijeh-u-gunji\\\/#breadcrumb\"},\"inLanguage\":\"hr\",\"potentialAction\":[{\"@type\":\"ReadAction\",\"target\":[\"https:\\\/\\\/sdf.hr\\\/hr\\\/nada\\\/filmski-osmijeh-u-gunji\\\/\"]}]},{\"@type\":\"ImageObject\",\"inLanguage\":\"hr\",\"@id\":\"https:\\\/\\\/sdf.hr\\\/hr\\\/nada\\\/filmski-osmijeh-u-gunji\\\/#primaryimage\",\"url\":\"https:\\\/\\\/sdf.hr\\\/wp-content\\\/uploads\\\/2024\\\/07\\\/Ljetna-skola-Gunja-kino-Osmijeh.jpg\",\"contentUrl\":\"https:\\\/\\\/sdf.hr\\\/wp-content\\\/uploads\\\/2024\\\/07\\\/Ljetna-skola-Gunja-kino-Osmijeh.jpg\",\"width\":2048,\"height\":1150,\"caption\":\"Novo kino Osmijeh\"},{\"@type\":\"BreadcrumbList\",\"@id\":\"https:\\\/\\\/sdf.hr\\\/hr\\\/nada\\\/filmski-osmijeh-u-gunji\\\/#breadcrumb\",\"itemListElement\":[{\"@type\":\"ListItem\",\"position\":1,\"name\":\"Po\u010detna stranica\",\"item\":\"https:\\\/\\\/sdf.hr\\\/hr\\\/\"},{\"@type\":\"ListItem\",\"position\":2,\"name\":\"Nada\",\"item\":\"https:\\\/\\\/sdf.hr\\\/nada\\\/\"},{\"@type\":\"ListItem\",\"position\":3,\"name\":\"Filmski osmijeh u Gunji\"}]},{\"@type\":\"WebSite\",\"@id\":\"https:\\\/\\\/sdf.hr\\\/#website\",\"url\":\"https:\\\/\\\/sdf.hr\\\/\",\"name\":\"SDF - Srpski demokratski forum\",\"description\":\"Srpski demokratski forum\",\"publisher\":{\"@id\":\"https:\\\/\\\/sdf.hr\\\/#organization\"},\"potentialAction\":[{\"@type\":\"SearchAction\",\"target\":{\"@type\":\"EntryPoint\",\"urlTemplate\":\"https:\\\/\\\/sdf.hr\\\/?s={search_term_string}\"},\"query-input\":{\"@type\":\"PropertyValueSpecification\",\"valueRequired\":true,\"valueName\":\"search_term_string\"}}],\"inLanguage\":\"hr\"},{\"@type\":\"Organization\",\"@id\":\"https:\\\/\\\/sdf.hr\\\/#organization\",\"name\":\"SDF - Srpski demokratski forum\",\"url\":\"https:\\\/\\\/sdf.hr\\\/\",\"logo\":{\"@type\":\"ImageObject\",\"inLanguage\":\"hr\",\"@id\":\"https:\\\/\\\/sdf.hr\\\/#\\\/schema\\\/logo\\\/image\\\/\",\"url\":\"https:\\\/\\\/sdf.hr\\\/wp-content\\\/uploads\\\/2021\\\/07\\\/logo-hr.svg\",\"contentUrl\":\"https:\\\/\\\/sdf.hr\\\/wp-content\\\/uploads\\\/2021\\\/07\\\/logo-hr.svg\",\"width\":271,\"height\":100,\"caption\":\"SDF - Srpski demokratski forum\"},\"image\":{\"@id\":\"https:\\\/\\\/sdf.hr\\\/#\\\/schema\\\/logo\\\/image\\\/\"}}]}<\/script>\n<!-- \/ Yoast SEO plugin. -->","yoast_head_json":{"title":"Filmski osmijeh u Gunji - SDF - Srpski demokratski forum","robots":{"index":"index","follow":"follow","max-snippet":"max-snippet:-1","max-image-preview":"max-image-preview:large","max-video-preview":"max-video-preview:-1"},"canonical":"https:\/\/sdf.hr\/hr\/nada\/filmski-osmijeh-u-gunji\/","og_locale":"hr_HR","og_type":"article","og_title":"Filmski osmijeh u Gunji - SDF - Srpski demokratski forum","og_description":"Svake godine u Gunji se odvija ljetna \u0161kola filma i filmska revija. \"Znamo se \u0161aliti da je u Hrvatskoj Gunja mjesto s najvi\u0161e filmskih radnika po glavi stanovnika\", ka\u017ee Marinko Marinki\u0107","og_url":"https:\/\/sdf.hr\/hr\/nada\/filmski-osmijeh-u-gunji\/","og_site_name":"SDF - Srpski demokratski forum","og_image":[{"url":"https:\/\/sdf.hr\/wp-content\/uploads\/2024\/07\/Ljetna-skola-Gunja.jpg","type":"","width":"","height":""}],"twitter_card":"summary_large_image","twitter_misc":{"Procijenjeno vrijeme \u010ditanja":"6 minuta"},"schema":{"@context":"https:\/\/schema.org","@graph":[{"@type":"WebPage","@id":"https:\/\/sdf.hr\/hr\/nada\/filmski-osmijeh-u-gunji\/","url":"https:\/\/sdf.hr\/hr\/nada\/filmski-osmijeh-u-gunji\/","name":"Filmski osmijeh u Gunji - SDF - Srpski demokratski forum","isPartOf":{"@id":"https:\/\/sdf.hr\/#website"},"primaryImageOfPage":{"@id":"https:\/\/sdf.hr\/hr\/nada\/filmski-osmijeh-u-gunji\/#primaryimage"},"image":{"@id":"https:\/\/sdf.hr\/hr\/nada\/filmski-osmijeh-u-gunji\/#primaryimage"},"thumbnailUrl":"https:\/\/sdf.hr\/wp-content\/uploads\/2024\/07\/Ljetna-skola-Gunja-kino-Osmijeh.jpg","datePublished":"2024-07-12T08:42:57+00:00","breadcrumb":{"@id":"https:\/\/sdf.hr\/hr\/nada\/filmski-osmijeh-u-gunji\/#breadcrumb"},"inLanguage":"hr","potentialAction":[{"@type":"ReadAction","target":["https:\/\/sdf.hr\/hr\/nada\/filmski-osmijeh-u-gunji\/"]}]},{"@type":"ImageObject","inLanguage":"hr","@id":"https:\/\/sdf.hr\/hr\/nada\/filmski-osmijeh-u-gunji\/#primaryimage","url":"https:\/\/sdf.hr\/wp-content\/uploads\/2024\/07\/Ljetna-skola-Gunja-kino-Osmijeh.jpg","contentUrl":"https:\/\/sdf.hr\/wp-content\/uploads\/2024\/07\/Ljetna-skola-Gunja-kino-Osmijeh.jpg","width":2048,"height":1150,"caption":"Novo kino Osmijeh"},{"@type":"BreadcrumbList","@id":"https:\/\/sdf.hr\/hr\/nada\/filmski-osmijeh-u-gunji\/#breadcrumb","itemListElement":[{"@type":"ListItem","position":1,"name":"Po\u010detna stranica","item":"https:\/\/sdf.hr\/hr\/"},{"@type":"ListItem","position":2,"name":"Nada","item":"https:\/\/sdf.hr\/nada\/"},{"@type":"ListItem","position":3,"name":"Filmski osmijeh u Gunji"}]},{"@type":"WebSite","@id":"https:\/\/sdf.hr\/#website","url":"https:\/\/sdf.hr\/","name":"SDF - Srpski demokratski forum","description":"Srpski demokratski forum","publisher":{"@id":"https:\/\/sdf.hr\/#organization"},"potentialAction":[{"@type":"SearchAction","target":{"@type":"EntryPoint","urlTemplate":"https:\/\/sdf.hr\/?s={search_term_string}"},"query-input":{"@type":"PropertyValueSpecification","valueRequired":true,"valueName":"search_term_string"}}],"inLanguage":"hr"},{"@type":"Organization","@id":"https:\/\/sdf.hr\/#organization","name":"SDF - Srpski demokratski forum","url":"https:\/\/sdf.hr\/","logo":{"@type":"ImageObject","inLanguage":"hr","@id":"https:\/\/sdf.hr\/#\/schema\/logo\/image\/","url":"https:\/\/sdf.hr\/wp-content\/uploads\/2021\/07\/logo-hr.svg","contentUrl":"https:\/\/sdf.hr\/wp-content\/uploads\/2021\/07\/logo-hr.svg","width":271,"height":100,"caption":"SDF - Srpski demokratski forum"},"image":{"@id":"https:\/\/sdf.hr\/#\/schema\/logo\/image\/"}}]}},"_links":{"self":[{"href":"https:\/\/sdf.hr\/hr\/wp-json\/wp\/v2\/nada\/5182","targetHints":{"allow":["GET"]}}],"collection":[{"href":"https:\/\/sdf.hr\/hr\/wp-json\/wp\/v2\/nada"}],"about":[{"href":"https:\/\/sdf.hr\/hr\/wp-json\/wp\/v2\/types\/nada"}],"wp:featuredmedia":[{"embeddable":true,"href":"https:\/\/sdf.hr\/hr\/wp-json\/wp\/v2\/media\/5179"}],"wp:attachment":[{"href":"https:\/\/sdf.hr\/hr\/wp-json\/wp\/v2\/media?parent=5182"}],"wp:term":[{"taxonomy":"post_tag","embeddable":true,"href":"https:\/\/sdf.hr\/hr\/wp-json\/wp\/v2\/tags?post=5182"},{"taxonomy":"atribut","embeddable":true,"href":"https:\/\/sdf.hr\/hr\/wp-json\/wp\/v2\/atribut?post=5182"}],"curies":[{"name":"wp","href":"https:\/\/api.w.org\/{rel}","templated":true}]}}