{"id":5220,"date":"2024-07-26T10:29:02","date_gmt":"2024-07-26T08:29:02","guid":{"rendered":"https:\/\/sdf.hr\/nada\/turizam-nas-prekomjerni\/"},"modified":"2024-07-26T10:29:44","modified_gmt":"2024-07-26T08:29:44","slug":"turizam-nas-prekomjerni","status":"publish","type":"nada","link":"https:\/\/sdf.hr\/hr\/nada\/turizam-nas-prekomjerni\/","title":{"rendered":"Turizam na\u0161 prekomjerni"},"content":{"rendered":"<p>Na po\u010detku se odmah zapitajmo: ima li na podru\u010dju hrvatskih &#8220;morskih \u017eupanija&#8221; razloga za nezadovoljstvo i prosvjede protiv prekomjernog (tzv. overturizam) ili masovnog turizma? Prosvjede kakvi se u zadnje vrijeme odigravaju u \u0160panjolskoj i drugim zemljama, poput Gr\u010dke i Italije, gdje tisu\u0107e ljudi mar\u0161iraju ulicama upozoravaju\u0107i da zbog masovnog turizma rastu cijene stanarina i da je sve manje raspolo\u017eivog stambenog prostora.<\/p>\n<p>Premda je kod nas turizam jo\u0161 uvijek sezonalnog karaktera, a najva\u017enija je ekonomska grana s udjelom od oko 12 posto u BDP -u, \u0161to je najvi\u0161a stopa u Europi \u010diji je prosjek 4,5 posto, problemi postoje.<\/p>\n<p>Zbog masovne upotrebe nekretnina u turisti\u010dke svrhe, mnogi kriti\u010dari kod nas povezuju turizam upravo sa stambenom krizom (ali tu su i drugi elementi, primjerice inflacija). Zbog skupo\u0107e nekretnina danas je nemogu\u0107e u morskim sredi\u0161tima poput Splita, a nije puno bolje ni u Zagrebu, prona\u0107i podstanarski stan za razuman novac, a kupnja nekretnine priu\u0161tiva je tek odabranima. Priu\u0161tivo stanovanje u Hrvatskoj za mnoge tako ostaje tek puki sanak. Za potkrepu ove teze ka\u017eimo i da najnoviji podaci Eurostata govore da je Hrvatska prva u Europskoj uniji po cijenama najmova nekretnina koje su u minulom petogodi\u0161njem razdoblju porasle za 18 posto (!), \u0161to je dvostruko vi\u0161e od prosjeka EU-a koji iznosi 9 posto.<\/p>\n<p>Kada spominjemo Split, ondje dio stanovnika brzu i pove\u0107u zarada upravo zbraja: domi\u0161ljati \u010dovjek uprtio je sve svoje resurse, od apartmana do gara\u017ea i poslovnih prostora, sve \u010dega se dakle domislio, stavio je u najam za 150 hiljada partijanera koji su nedavno boravili na trodnevnom festivalu elektronske glazbe Ultra, koji je u Split do\u0161ao prije desetlje\u0107a. U ljeto 2019. mediji su se raspisali da je prvih godina za odr\u017eavanje Ultre bilo gotovo nemogu\u0107e prona\u0107i slobodan apartman. No godinama traje masovna preregistracija stanova i apartmana iz dugoro\u010dnog u kratkoro\u010dni (dnevni) najam, pri \u010demu su najvi\u0161e bili o\u0161te\u0107eni brojni podstanari koji su morali napustiti te objekte.<\/p>\n<p>U sije\u010dnju 2022. pak predstavljeni su rezultati istra\u017eivanja o potrebama mladih Spli\u0107ana koji su imali poslu\u017eiti za izradu Programa za mlade Grada Splita od 2022. do 2025. godine. Istra\u017eivanje provedeno metodom internetskog upitnika uz \u010detiri fokusne grupe pokazalo je da sudionici iskazuju veliki strah i uznemirenost upravo po pitanju rje\u0161avanja stambenog pitanja u tom gradu. Ispitanici su isticali manjak stanova za kupovinu, kao i visoke cijene koje nisu u skladu sa \u017eivotnim standardom gra\u0111ana, pogotovo mladih. U eri masovnog odnosno &#8220;overturizma&#8221;, koji je u Europi ve\u0107 du\u017ee vrijeme na zlu glasu, posebno u \u0160panjolskoj, Italiji i Gr\u010dkoj, istaknimo odre\u0111ene zanimljive parametre. Iz Sindikata stanara u \u0161panjolskoj Malagi u regiji Andaluzija, na primjer, nedavno su poru\u010dili da je situacija sa stanovanjem i iznajmljivanjem neodr\u017eiva.<\/p>\n<p>&#8220;\u017divimo u gradu koji nas iskori\u0161tava za privatne dobrobiti tr\u017ei\u0161ta nekretnina i turizma. Hitno je potreban novi model grada i hitno se treba fokusirati na stup na kojem se danas temelji problem stanovanja: rentijerski kapitalizam&#8221;, upozoravaju otamo.<\/p>\n<figure id=\"attachment_5216\" aria-describedby=\"caption-attachment-5216\" style=\"width: 2560px\" class=\"wp-caption alignnone\"><img loading=\"lazy\" decoding=\"async\" class=\"wp-image-5216 size-full\" src=\"https:\/\/sdf.hr\/wp-content\/uploads\/2024\/07\/Bacvice_Ivo-Cagalj-scaled.jpg\" alt=\"\" width=\"2560\" height=\"1728\" srcset=\"https:\/\/sdf.hr\/wp-content\/uploads\/2024\/07\/Bacvice_Ivo-Cagalj-scaled.jpg 2560w, https:\/\/sdf.hr\/wp-content\/uploads\/2024\/07\/Bacvice_Ivo-Cagalj-300x203.jpg 300w, https:\/\/sdf.hr\/wp-content\/uploads\/2024\/07\/Bacvice_Ivo-Cagalj-1024x691.jpg 1024w, https:\/\/sdf.hr\/wp-content\/uploads\/2024\/07\/Bacvice_Ivo-Cagalj-768x518.jpg 768w, https:\/\/sdf.hr\/wp-content\/uploads\/2024\/07\/Bacvice_Ivo-Cagalj-1536x1037.jpg 1536w, https:\/\/sdf.hr\/wp-content\/uploads\/2024\/07\/Bacvice_Ivo-Cagalj-2048x1382.jpg 2048w\" sizes=\"auto, (max-width: 2560px) 100vw, 2560px\" \/><figcaption id=\"caption-attachment-5216\" class=\"wp-caption-text\">Split \u2013 partijaneri s Ultre tra\u017ee smje\u0161taj na pla\u017ei Ba\u010dvice (Foto: Ivo \u010cagalj\/ PIXSELL)<\/figcaption><\/figure>\n<p>U sindikalnom izvje\u0161taju nadalje se navode podaci portala za nekretnine Idealista za svibanj 2024. po kojem cijena \u010detvornog metra stanarine u Malagi iznosi 14,2 eura, dok je nacionalni prosjek 13,2 eura, a andaluzijski 11,4 eura. Izvje\u0161taj sugerira da je Malaga, koju je lani posjetilo zamalo 14 milijuna turista, peti grad u \u0160panjolskoj i prvi u Andaluziji po skupo\u0107i stanarine. Ili, kao \u0161to poru\u010duju prosvjednici: tr\u017ei\u0161te najma izvor je osiroma\u0161enja, izvor dru\u0161tvene nejednakosti.<\/p>\n<p>&#8211; To nitko ne osporava. Taj prekomjerni turizam ima jako puno negativnih posljedica. A jedna od njih, koja nas najvi\u0161e smeta i koju je nate\u017ee rije\u0161iti, je upravo neravnote\u017ea na tr\u017ei\u0161tu nekretnina: prije svega porast cijena nekretnina, ali op\u0107enito porast tro\u0161kova \u017eivota. Pritisak na komunalnu i javnu infrastrukturu. Onda imate gentrifikacijske procese koji nisu uvijek negativni, ali kad govorimo o gentrifikaciji u turisti\u010dkom kontekstu onda je ona negativna i na neki na\u010din dovodi do promjene socio-demografske strukture stanovnika u starim gradskim jezgrama. Te stare gradske jezgre kod nas, poput Dubrovnika, Splita, Zadra i ostalih na\u0161ih popularnih turisti\u010dkih odredi\u0161ta, gube svoj identitet koji je stvaran stolje\u0107ima \u2013 ka\u017ee nam <strong>Damir Kre\u0161i\u0107<\/strong>, ravnatelj Instituta za turizam.<\/p>\n<p>Kre\u0161i\u0107 dome\u0107e da se u jednoj mjeri to doga\u0111a, da nismo imuni na te procese, ali da nema razloga za o\u010dekivati scenarije poput prosvjeda lokalnog stanovni\u0161tva u dogledno vrijeme.<\/p>\n<p>&#8211; Upravo zbog sezonalnosti koja nam omogu\u0107uje da se destinacija oporavi, ali i zbog toga \u0161to je hrvatsko gospodarstvo puno vi\u0161e ovisno o turizmu nego \u0161to je to primjerice \u0161panjolsko \u2013 poja\u0161njava Kre\u0161i\u0107.<\/p>\n<p>Naznake hrvatskog &#8220;overturizma&#8221; razvidne su u rapidnom porastu broja ku\u0107a za odmor. Ministarstvo turizma i sporta u odgovoru na na\u0161 upit istaknulo je da je u 2023. godini, prema podacima iz sustava eVisitor, registrirano ukupno 2298 novih ku\u0107a za odmor na podru\u010dju &#8220;morskih \u017eupanija&#8221;: u odnosu na 2022. zabilje\u017een je njihov porast od 10,4 posto, u odnosu na 2021. za 20,8 posto, a u odnosu na 2020. \u010dak 34,3 posto. Na ovogodi\u0161njoj me\u0111unarodnoj konferenciji o industriji nekretnina u Hrvatskoj i regiji, direktorica tvrtke Hesa Grup <strong>Marina Franoli\u0107<\/strong> upozorila je da je u Hrvatskoj turizam danas ve\u0107inom nekretninski biznis koji nekontrolirano raste i zagu\u0161uje prostor. Nekretnine se ne koriste aktivno cijele godine, \u0161to nosi i porast cijena kvadrata te neravnote\u017eu u ponudi i potra\u017enji objekata za stanovanje.<\/p>\n<p>&#8220;Cijene stambenih objekata pove\u0107ane su za 8,2 posto na moru, a u Zagrebu za 12,1 posto od travnja 2022. do o\u017eujka 2023. godine&#8221;, iznijela je Franoli\u0107 i ove brojke.<\/p>\n<p>Vratimo se ponovno nakratko na \u0161panjolski slu\u010daj pa ga poku\u0161ajmo staviti u hrvatski kontekst: svatko tko ubudu\u0107e kani posjetiti Barcelonu morat \u0107e platiti regionalnu boravi\u0161nu pristojbu koja se napla\u0107uje po no\u0107enju i ovisno o vrsti smje\u0161taja koji se koristi. Licenca za platformu Airbnb za turisti\u010dki najam, prema najavama gradske vlasti, ne bi trebala biti dostupna od 2028., a sada zahtijeva dodatni izdatak od pribli\u017eno 2,25 eura za svako no\u0107enje.<\/p>\n<figure id=\"attachment_5218\" aria-describedby=\"caption-attachment-5218\" style=\"width: 2560px\" class=\"wp-caption alignnone\"><img loading=\"lazy\" decoding=\"async\" class=\"wp-image-5218 size-full\" src=\"https:\/\/sdf.hr\/wp-content\/uploads\/2024\/07\/Mejasi_Ivo-Cagalj-scaled.jpg\" alt=\"\" width=\"2560\" height=\"1664\" srcset=\"https:\/\/sdf.hr\/wp-content\/uploads\/2024\/07\/Mejasi_Ivo-Cagalj-scaled.jpg 2560w, https:\/\/sdf.hr\/wp-content\/uploads\/2024\/07\/Mejasi_Ivo-Cagalj-300x195.jpg 300w, https:\/\/sdf.hr\/wp-content\/uploads\/2024\/07\/Mejasi_Ivo-Cagalj-1024x666.jpg 1024w, https:\/\/sdf.hr\/wp-content\/uploads\/2024\/07\/Mejasi_Ivo-Cagalj-768x499.jpg 768w, https:\/\/sdf.hr\/wp-content\/uploads\/2024\/07\/Mejasi_Ivo-Cagalj-1536x998.jpg 1536w, https:\/\/sdf.hr\/wp-content\/uploads\/2024\/07\/Mejasi_Ivo-Cagalj-2048x1331.jpg 2048w\" sizes=\"auto, (max-width: 2560px) 100vw, 2560px\" \/><figcaption id=\"caption-attachment-5218\" class=\"wp-caption-text\">Meja\u0161i u Splitu \u2013 mladima su stanovi nedostupni (Foto: Ivo \u010cagalj\/ PIXSELL)<\/figcaption><\/figure>\n<p><strong>Iva Mar\u010deti\u0107<\/strong>, autorica knjige &#8220;Stambene politike u slu\u017ebi dru\u0161tvenih i prostornih (ne)jednakosti&#8221; iz 2020. godine, pi\u0161e kako je, uslijed nedostatka priu\u0161tivog stambenog prostora u najmu, praksa pokazala da se kod nas stanovi u ponudi iznimno brzo iznajmljuju, a podstanari nerijetko nadme\u0107u s ostalim podstanarima za ulazak u najam. Ta praksa, poznata i drugdje u Europi, &#8220;u Zagrebu je postala izra\u017eena porastom turisti\u010dkog najma, odnosno proliferacijom servisa poput Airbnbja koji su s tr\u017ei\u0161ta dugoro\u010dnog najma skinuli veliki broj stanova i time smanjili ponudu i pove\u0107ali cijenu preostalih raspolo\u017eivih stanova&#8221;, pi\u0161e Mar\u010deti\u0107.<\/p>\n<p>Autorica dalje navodi da je rast dobiti od Airbnbja u Zagrebu zadnjih nekoliko godina iznosio nevjerojatnih 30 posto, do\u010dim je obrnuto proporcionalna bila priu\u0161tivost stanovanja u najmu u Zagrebu, kao i gradovima na obali Hrvatske. I dok autorica knjige 2020. navodi da je prosje\u010dna cijena stambenog kvadrata u najmu koja se mo\u017ee prona\u0107i na najve\u0107im ogla\u0161iva\u010dkim platformama, kao \u0161to je Nju\u0161kalo.hr, za 2019. iznosila nevjerojatnih 9.47 eura, ona je po\u010detkom ove godine u prosjeku iznosila \u010dak 15 eura po kvadratu.<\/p>\n<p>Na\u0161 sugovornik Damir Kre\u0161i\u0107 dr\u017ei da je veliki problem u Hrvatskoj \u010dinjenica da se u vi\u0161estambenim zgradama dozvolilo iznajmljivanje stanova u turisti\u010dke svrhe. Problem je, ka\u017ee, da u takvoj zgradi za bilo kakvu intervenciju koja mo\u017ee biti potpuno benigna, morate tra\u017eiti suglasnost 51 posto suvlasnika, dok s druge strane kada \u017eelite vlastiti stan kategorizirati i iznajmljivati u turisti\u010dke svrhe onda vam uop\u0107e ne treba ta suglasnost.<\/p>\n<p>&#8211; Imamo situaciju da nam u one dijelove grada koji su prema planu kori\u0161tenja prostora, prema urbanisti\u010dkom planu namijenjeni za stanovanje, ulazi turizam \u2013 ka\u017ee Kre\u0161i\u0107.<\/p>\n<p>Pitamo ga misli li da bi stoga trebalo ograni\u010diti broj stambenih novogradnji u turisti\u010dke svrhe.<\/p>\n<p>&#8211; Apsolutno mislim da bi trebalo ograni\u010diti i da bi se trebala voditi politika vi\u0161e usmjerena na potrebe lokalnog stanovni\u0161tva i mislim da se u tom smjeru upravo i po\u010delo razmi\u0161ljati. Vrlo vjerojatno \u0107e u odre\u0111enom periodu biti puno te\u017ee staviti nove smje\u0161tajne jedinice koje su u vi\u0161estambenim zgradama na turisti\u010dko tr\u017ei\u0161te. S druge strane \u0107e se vjerojatno uvesti neki vidovi poreza na nekretnine. Dakle, ne\u0107e biti toliko jeftino imati vi\u0161e nekretnina koje su prazne ili neiskori\u0161tene, odnosno u kojima nitko ne stanuje, kao \u0161to sad imate tisu\u0107e i tisu\u0107e stanova, na primjer u Zagrebu ili u Makarskoj. Ti stanovi su kupljeni novcem vjerojatno iz turizma, neva\u017eno, dok se istovremeno lokalno stanovni\u0161tvo mu\u010di s rje\u0161avanjem stambenog pitanja \u2013 podvla\u010di Kre\u0161i\u0107.<\/p>\n<p>Smatra da je interes javnosti trenutno na to jako usmjeren, kao i da je razina javne svijesti na visokoj razini pa se i o\u010dekuje rje\u0161avanje tih pitanja u brzom periodu. Tome bi trebao pridonijeti i skora\u0161nji prvi Nacionalni plan stambene politike, koji \u0107e pobli\u017ee definirati posebne ciljeve u podru\u010dju stanovanja. Iz Ministarstva turizma pak najavili su dono\u0161enje tri nova pravilnika, a temeljem novog Zakona o turizmu koji je na snazi od sije\u010dnja, destinacije koje imaju odre\u0111eni stupanj turisti\u010dke razvijenosti morat \u0107e napraviti procjenu turisti\u010dkog nosivog kapaciteta, procijeniti koliko turista mogu primiti u odnosu na raspolo\u017eive resurse, pla\u017eni prostor u odnosu na kapacitete za opskrbu vodom i elektri\u010dnom energijom i ostalo.<\/p>\n<p>To konkretno zna\u010di, dome\u0107e Kre\u0161i\u0107, da bismo trebali razvijati turizam koji \u0107e biti ne\u0161kodljiv za svakodnevni \u017eivot lokalnog stanovni\u0161tva, odnosno koji ne\u0107e i\u0107i kontra njihovih interesa i ugro\u017eavati svakodnevnicu. Treba djelovati preventivno kako bi turizam bio usmjeren prema odr\u017eivom razvoju i ne\u0161kodljiv za svakodnevni \u017eivot lokalnog stanovni\u0161tva. Ne napravi li se ne\u0161to vrlo brzo po tom pitanju, tko mo\u017ee garantirati da se prosvjedi kakve sad gledamo na Mediteranu ne\u0107e preliti i kod nas?<\/p>\n<p><em>pi\u0161e Dragan Grozdani\u0107<\/em><\/p>\n","protected":false},"excerpt":{"rendered":"<p>Masovna upotreba nekretnina u turisti\u010dke svrhe doprinijela je razvoju stambene krize. U godinu dana cijene stambenih objekata pove\u0107ane su za 8,2 posto na moru, a u Zagrebu za 12,1 posto. Hrvatska je i prva u EU-u po porastu cijena najmova<\/p>\n","protected":false},"featured_media":5215,"template":"","tags":[130],"atribut":[],"class_list":["post-5220","nada","type-nada","status-publish","has-post-thumbnail","hentry","tag-tema"],"acf":[],"yoast_head":"<!-- This site is optimized with the Yoast SEO plugin v27.4 - https:\/\/yoast.com\/product\/yoast-seo-wordpress\/ -->\n<title>Turizam na\u0161 prekomjerni - SDF - Srpski demokratski forum<\/title>\n<meta name=\"robots\" content=\"index, follow, max-snippet:-1, max-image-preview:large, max-video-preview:-1\" \/>\n<link rel=\"canonical\" href=\"https:\/\/sdf.hr\/hr\/nada\/turizam-nas-prekomjerni\/\" \/>\n<meta property=\"og:locale\" content=\"hr_HR\" \/>\n<meta property=\"og:type\" content=\"article\" \/>\n<meta property=\"og:title\" content=\"Turizam na\u0161 prekomjerni - SDF - Srpski demokratski forum\" \/>\n<meta property=\"og:description\" content=\"Masovna upotreba nekretnina u turisti\u010dke svrhe doprinijela je razvoju stambene krize. U godinu dana cijene stambenih objekata pove\u0107ane su za 8,2 posto na moru, a u Zagrebu za 12,1 posto. Hrvatska je i prva u EU-u po porastu cijena najmova\" \/>\n<meta property=\"og:url\" content=\"https:\/\/sdf.hr\/hr\/nada\/turizam-nas-prekomjerni\/\" \/>\n<meta property=\"og:site_name\" content=\"SDF - Srpski demokratski forum\" \/>\n<meta property=\"article:modified_time\" content=\"2024-07-26T08:29:44+00:00\" \/>\n<meta property=\"og:image\" content=\"https:\/\/sdf.hr\/wp-content\/uploads\/2024\/07\/Stradun_Grgo-Jelavic-scaled.jpg\" \/>\n\t<meta property=\"og:image:width\" content=\"2560\" \/>\n\t<meta property=\"og:image:height\" content=\"1707\" \/>\n\t<meta property=\"og:image:type\" content=\"image\/jpeg\" \/>\n<meta name=\"twitter:card\" content=\"summary_large_image\" \/>\n<meta name=\"twitter:label1\" content=\"Procijenjeno vrijeme \u010ditanja\" \/>\n\t<meta name=\"twitter:data1\" content=\"9 minuta\" \/>\n<script type=\"application\/ld+json\" class=\"yoast-schema-graph\">{\"@context\":\"https:\\\/\\\/schema.org\",\"@graph\":[{\"@type\":\"WebPage\",\"@id\":\"https:\\\/\\\/sdf.hr\\\/hr\\\/nada\\\/turizam-nas-prekomjerni\\\/\",\"url\":\"https:\\\/\\\/sdf.hr\\\/hr\\\/nada\\\/turizam-nas-prekomjerni\\\/\",\"name\":\"Turizam na\u0161 prekomjerni - SDF - Srpski demokratski forum\",\"isPartOf\":{\"@id\":\"https:\\\/\\\/sdf.hr\\\/#website\"},\"primaryImageOfPage\":{\"@id\":\"https:\\\/\\\/sdf.hr\\\/hr\\\/nada\\\/turizam-nas-prekomjerni\\\/#primaryimage\"},\"image\":{\"@id\":\"https:\\\/\\\/sdf.hr\\\/hr\\\/nada\\\/turizam-nas-prekomjerni\\\/#primaryimage\"},\"thumbnailUrl\":\"https:\\\/\\\/sdf.hr\\\/wp-content\\\/uploads\\\/2024\\\/07\\\/Stradun_Grgo-Jelavic-scaled.jpg\",\"datePublished\":\"2024-07-26T08:29:02+00:00\",\"dateModified\":\"2024-07-26T08:29:44+00:00\",\"breadcrumb\":{\"@id\":\"https:\\\/\\\/sdf.hr\\\/hr\\\/nada\\\/turizam-nas-prekomjerni\\\/#breadcrumb\"},\"inLanguage\":\"hr\",\"potentialAction\":[{\"@type\":\"ReadAction\",\"target\":[\"https:\\\/\\\/sdf.hr\\\/hr\\\/nada\\\/turizam-nas-prekomjerni\\\/\"]}]},{\"@type\":\"ImageObject\",\"inLanguage\":\"hr\",\"@id\":\"https:\\\/\\\/sdf.hr\\\/hr\\\/nada\\\/turizam-nas-prekomjerni\\\/#primaryimage\",\"url\":\"https:\\\/\\\/sdf.hr\\\/wp-content\\\/uploads\\\/2024\\\/07\\\/Stradun_Grgo-Jelavic-scaled.jpg\",\"contentUrl\":\"https:\\\/\\\/sdf.hr\\\/wp-content\\\/uploads\\\/2024\\\/07\\\/Stradun_Grgo-Jelavic-scaled.jpg\",\"width\":2560,\"height\":1707,\"caption\":\"Stradun \u2013 Dubrovnik je ve\u0107 dugo hrvatski simbol prekomjernog turizma (Foto: Grgo Jelavi\u0107\\\/PIXSELL)\"},{\"@type\":\"BreadcrumbList\",\"@id\":\"https:\\\/\\\/sdf.hr\\\/hr\\\/nada\\\/turizam-nas-prekomjerni\\\/#breadcrumb\",\"itemListElement\":[{\"@type\":\"ListItem\",\"position\":1,\"name\":\"Po\u010detna stranica\",\"item\":\"https:\\\/\\\/sdf.hr\\\/hr\\\/\"},{\"@type\":\"ListItem\",\"position\":2,\"name\":\"Nada\",\"item\":\"https:\\\/\\\/sdf.hr\\\/nada\\\/\"},{\"@type\":\"ListItem\",\"position\":3,\"name\":\"Turizam na\u0161 prekomjerni\"}]},{\"@type\":\"WebSite\",\"@id\":\"https:\\\/\\\/sdf.hr\\\/#website\",\"url\":\"https:\\\/\\\/sdf.hr\\\/\",\"name\":\"SDF - Srpski demokratski forum\",\"description\":\"Srpski demokratski forum\",\"publisher\":{\"@id\":\"https:\\\/\\\/sdf.hr\\\/#organization\"},\"potentialAction\":[{\"@type\":\"SearchAction\",\"target\":{\"@type\":\"EntryPoint\",\"urlTemplate\":\"https:\\\/\\\/sdf.hr\\\/?s={search_term_string}\"},\"query-input\":{\"@type\":\"PropertyValueSpecification\",\"valueRequired\":true,\"valueName\":\"search_term_string\"}}],\"inLanguage\":\"hr\"},{\"@type\":\"Organization\",\"@id\":\"https:\\\/\\\/sdf.hr\\\/#organization\",\"name\":\"SDF - Srpski demokratski forum\",\"url\":\"https:\\\/\\\/sdf.hr\\\/\",\"logo\":{\"@type\":\"ImageObject\",\"inLanguage\":\"hr\",\"@id\":\"https:\\\/\\\/sdf.hr\\\/#\\\/schema\\\/logo\\\/image\\\/\",\"url\":\"https:\\\/\\\/sdf.hr\\\/wp-content\\\/uploads\\\/2021\\\/07\\\/logo-hr.svg\",\"contentUrl\":\"https:\\\/\\\/sdf.hr\\\/wp-content\\\/uploads\\\/2021\\\/07\\\/logo-hr.svg\",\"width\":271,\"height\":100,\"caption\":\"SDF - Srpski demokratski forum\"},\"image\":{\"@id\":\"https:\\\/\\\/sdf.hr\\\/#\\\/schema\\\/logo\\\/image\\\/\"}}]}<\/script>\n<!-- \/ Yoast SEO plugin. -->","yoast_head_json":{"title":"Turizam na\u0161 prekomjerni - SDF - Srpski demokratski forum","robots":{"index":"index","follow":"follow","max-snippet":"max-snippet:-1","max-image-preview":"max-image-preview:large","max-video-preview":"max-video-preview:-1"},"canonical":"https:\/\/sdf.hr\/hr\/nada\/turizam-nas-prekomjerni\/","og_locale":"hr_HR","og_type":"article","og_title":"Turizam na\u0161 prekomjerni - SDF - Srpski demokratski forum","og_description":"Masovna upotreba nekretnina u turisti\u010dke svrhe doprinijela je razvoju stambene krize. U godinu dana cijene stambenih objekata pove\u0107ane su za 8,2 posto na moru, a u Zagrebu za 12,1 posto. Hrvatska je i prva u EU-u po porastu cijena najmova","og_url":"https:\/\/sdf.hr\/hr\/nada\/turizam-nas-prekomjerni\/","og_site_name":"SDF - Srpski demokratski forum","article_modified_time":"2024-07-26T08:29:44+00:00","og_image":[{"width":2560,"height":1707,"url":"https:\/\/sdf.hr\/wp-content\/uploads\/2024\/07\/Stradun_Grgo-Jelavic-scaled.jpg","type":"image\/jpeg"}],"twitter_card":"summary_large_image","twitter_misc":{"Procijenjeno vrijeme \u010ditanja":"9 minuta"},"schema":{"@context":"https:\/\/schema.org","@graph":[{"@type":"WebPage","@id":"https:\/\/sdf.hr\/hr\/nada\/turizam-nas-prekomjerni\/","url":"https:\/\/sdf.hr\/hr\/nada\/turizam-nas-prekomjerni\/","name":"Turizam na\u0161 prekomjerni - SDF - Srpski demokratski forum","isPartOf":{"@id":"https:\/\/sdf.hr\/#website"},"primaryImageOfPage":{"@id":"https:\/\/sdf.hr\/hr\/nada\/turizam-nas-prekomjerni\/#primaryimage"},"image":{"@id":"https:\/\/sdf.hr\/hr\/nada\/turizam-nas-prekomjerni\/#primaryimage"},"thumbnailUrl":"https:\/\/sdf.hr\/wp-content\/uploads\/2024\/07\/Stradun_Grgo-Jelavic-scaled.jpg","datePublished":"2024-07-26T08:29:02+00:00","dateModified":"2024-07-26T08:29:44+00:00","breadcrumb":{"@id":"https:\/\/sdf.hr\/hr\/nada\/turizam-nas-prekomjerni\/#breadcrumb"},"inLanguage":"hr","potentialAction":[{"@type":"ReadAction","target":["https:\/\/sdf.hr\/hr\/nada\/turizam-nas-prekomjerni\/"]}]},{"@type":"ImageObject","inLanguage":"hr","@id":"https:\/\/sdf.hr\/hr\/nada\/turizam-nas-prekomjerni\/#primaryimage","url":"https:\/\/sdf.hr\/wp-content\/uploads\/2024\/07\/Stradun_Grgo-Jelavic-scaled.jpg","contentUrl":"https:\/\/sdf.hr\/wp-content\/uploads\/2024\/07\/Stradun_Grgo-Jelavic-scaled.jpg","width":2560,"height":1707,"caption":"Stradun \u2013 Dubrovnik je ve\u0107 dugo hrvatski simbol prekomjernog turizma (Foto: Grgo Jelavi\u0107\/PIXSELL)"},{"@type":"BreadcrumbList","@id":"https:\/\/sdf.hr\/hr\/nada\/turizam-nas-prekomjerni\/#breadcrumb","itemListElement":[{"@type":"ListItem","position":1,"name":"Po\u010detna stranica","item":"https:\/\/sdf.hr\/hr\/"},{"@type":"ListItem","position":2,"name":"Nada","item":"https:\/\/sdf.hr\/nada\/"},{"@type":"ListItem","position":3,"name":"Turizam na\u0161 prekomjerni"}]},{"@type":"WebSite","@id":"https:\/\/sdf.hr\/#website","url":"https:\/\/sdf.hr\/","name":"SDF - Srpski demokratski forum","description":"Srpski demokratski forum","publisher":{"@id":"https:\/\/sdf.hr\/#organization"},"potentialAction":[{"@type":"SearchAction","target":{"@type":"EntryPoint","urlTemplate":"https:\/\/sdf.hr\/?s={search_term_string}"},"query-input":{"@type":"PropertyValueSpecification","valueRequired":true,"valueName":"search_term_string"}}],"inLanguage":"hr"},{"@type":"Organization","@id":"https:\/\/sdf.hr\/#organization","name":"SDF - Srpski demokratski forum","url":"https:\/\/sdf.hr\/","logo":{"@type":"ImageObject","inLanguage":"hr","@id":"https:\/\/sdf.hr\/#\/schema\/logo\/image\/","url":"https:\/\/sdf.hr\/wp-content\/uploads\/2021\/07\/logo-hr.svg","contentUrl":"https:\/\/sdf.hr\/wp-content\/uploads\/2021\/07\/logo-hr.svg","width":271,"height":100,"caption":"SDF - Srpski demokratski forum"},"image":{"@id":"https:\/\/sdf.hr\/#\/schema\/logo\/image\/"}}]}},"_links":{"self":[{"href":"https:\/\/sdf.hr\/hr\/wp-json\/wp\/v2\/nada\/5220","targetHints":{"allow":["GET"]}}],"collection":[{"href":"https:\/\/sdf.hr\/hr\/wp-json\/wp\/v2\/nada"}],"about":[{"href":"https:\/\/sdf.hr\/hr\/wp-json\/wp\/v2\/types\/nada"}],"wp:featuredmedia":[{"embeddable":true,"href":"https:\/\/sdf.hr\/hr\/wp-json\/wp\/v2\/media\/5215"}],"wp:attachment":[{"href":"https:\/\/sdf.hr\/hr\/wp-json\/wp\/v2\/media?parent=5220"}],"wp:term":[{"taxonomy":"post_tag","embeddable":true,"href":"https:\/\/sdf.hr\/hr\/wp-json\/wp\/v2\/tags?post=5220"},{"taxonomy":"atribut","embeddable":true,"href":"https:\/\/sdf.hr\/hr\/wp-json\/wp\/v2\/atribut?post=5220"}],"curies":[{"name":"wp","href":"https:\/\/api.w.org\/{rel}","templated":true}]}}