{"id":5235,"date":"2024-07-30T12:04:02","date_gmt":"2024-07-30T10:04:02","guid":{"rendered":"https:\/\/sdf.hr\/nada\/ocevi-i-boksaci\/"},"modified":"2024-07-30T12:04:02","modified_gmt":"2024-07-30T10:04:02","slug":"ocevi-i-boksaci","status":"publish","type":"nada","link":"https:\/\/sdf.hr\/hr\/nada\/ocevi-i-boksaci\/","title":{"rendered":"O\u010devi i boksa\u010di"},"content":{"rendered":"<p>&#8220;&#8216;Mati, pao je snijeg. Dobro mi je. \u010cuvaj sebe i djecu. Ne daj Tarzanu da boksa. On je jo\u0161 nejak&#8217;. Pismo, neki neugledni karton\u010di\u0107 zelene boje bez potpisa, donio je umoran, stari po\u0161tar. Dvadesetak \u0161krtih rije\u010di bilo je sve \u0161to je moglo do\u0107i. Zakon rulje, Jasenovac, nije dopu\u0161tao vi\u0161e i zato je ovo tu\u017eno pismo ostalo bez toplog zavr\u0161etka. Ostalo je i bez potpisa &#8216;va\u0161 tata&#8217;. Taj smo potpis \u2013 i mati, i mi, nas petero jedan drugome do uha \u2013 \u010dekali, vi\u0161e od svega. Sadr\u017eaj pisma nikad nisam mogao i ne\u0107u mo\u0107i zaboraviti. Nikad nisam izbjegavao naloge svoga oca, ali uvjet, sadr\u017ean u onoj re\u010denici \u2013 &#8216;ne daj Tarzanu da boksa&#8217; \u2013 nisam mogao da primim kao zavjet. Mo\u017eda zbog nastavka tog pisma, mo\u017eda zato \u0161to je rekao da sam nejak. Svejedno zbog \u010dega. Ali \u010dinjenica je da su mnogi moji koraci u boksa\u010dkoj karijeri bili vezani uspomenama na to pismo moga oca, koji nikada poslije toga nije vidio svog nejakog sina, zavr\u0161iv\u0161i te\u017eak \u017eivot pod krvlju natopljenom ledinom logora u Jasenovcu&#8221;.<\/p>\n<p>Uvodni je to paragraf memoara <strong>Tomislava Krizmani\u0107a<\/strong>, &#8220;Ring u vatri&#8221;, objavljenih 1962. godine. Krizmani\u0107 je ro\u0111en u Bosanskom Petrovcu 1929., a od 1935. je \u017eivio u Zagrebu. Kao tinejd\u017eer je zavr\u0161io vodoinstalaterski zanat i njime se ve\u0107inu \u017eivota bavio. Bio je i boksa\u010d, vrhunski, boksao u te\u0161koj kategoriji. Prvo je bio \u010dlan boksa\u010dkog kluba Radnik, a zatim Metalca. Nastupao je i za jugoslavensku reprezentaciju, prvak Jugoslaviji bio je \u010detiri godine zaredom (od 1951. do 1954.). Na europskom prvenstvu u Var\u0161avi 1953. osvojio je broncu, na Olimpijskim igrama u Helsinkiju 1952. bio je peti.<\/p>\n<p>Otac, komunist ubijen u Jasenovcu, u memoarima se pokazuje kao Krizmani\u0107ev bremeniti \u017eivotni kompas. \u017delja da u ringu poka\u017ee sve ono \u0161to izvan ringa nikad nije uspio ocu, vodi ga iz me\u010da u me\u010d. Krunski okr\u0161aj s ocem, zapravo sa samim sobom, Krizmani\u0107 pro\u017eivljava krajem 1953., u dvadeset i \u010detvrtoj godini \u017eivota. &#8220;Mo\u017eda je i prije bilo takvih \u010dasova, ali doga\u0111aj u prosincu bio je moment kada sam obavio razgovor s ocem. Slavio sam desetu godi\u0161njicu prola\u017eenja ringovima. Moji drugovi i rukovodioci iz kluba organizovali su reviju s mnogo pozvanih boksa\u010da. Tra\u017eili su protivnika koji \u0107e mi biti ravan i prona\u0161li ga. Bio je to momak velike reputacije, amaterski prvak iz Belgije, protivnik s kojim sam se ve\u0107 jednom susreo.(&#8230;) Za taj sam se susret pripremao kao nikad prije ni kasnije&#8221;, pi\u0161e Krizmani\u0107. Do\u010darava dalje kako se no\u0107 uo\u010di me\u010da oduljila u vje\u010dnost, kako je palio i gasio no\u0107nu svjetiljku, vodio bitku s vizijama, izjutra satima \u0161etao po Maksimirskoj aleji.<\/p>\n<p>Oko osam sati uve\u010der nova dvorana Velesajma se ispunila. U kut kraj svla\u010dionice povukao ga je trener <strong>Hrbi\u0107<\/strong> i odmah pre\u0161ao na stvar \u2013 najva\u017enije je \u010duvati se <strong>Marsilleve<\/strong> desnice. Me\u010d je startao, Marsille naglo krenuo, desnicu pru\u017eio u pravcu Krizmani\u0107eve brade. Krizmani\u0107 mu je prepustio inicijativu, ali samo privremeno. U tre\u0107oj mu je rundi &#8220;sasuo kombinaciju u facu&#8221; i Marsille je bio gotov. U dvorani je zavladalo odu\u0161evljenje, stolice su pucale, ring se ispunio ljudima, novinari su intervjuirali jugoslavenskog \u0161ampiona.<\/p>\n<p>&#8220;Ne bih se mogao sjetiti \u0161to sam govorio. Mislio sam tada samo na jedno: \u0161to bi bilo da je sada moj otac \u017eiv i da je ovdje? Bi li i sada rekao da je Tarzan &#8216;nejak&#8217; ili bi i on, kao i stotine ovih ljudi, aplaudirao i dijelio moje suze radosnice?&#8221;, pita se Krizmani\u0107. Na kraju se sa sobom miri, prihva\u0107aju\u0107i da je sve \u0161to je mislio da mora biti izviralo iz toga \u0161to oca nije moglo biti. Da mo\u017ee dobiti jo\u0161 sto me\u010deva, ali ring \u0107e ostati u vatri dokle god si ne dozvoli izgubiti oca.<\/p>\n<p><em>pi\u0161e Ivana Peri\u0107<\/em><\/p>\n","protected":false},"excerpt":{"rendered":"<p>Otac, komunist ubijen u Jasenovcu, u memoarima se pokazuje kao Krizmani\u0107ev bremeniti \u017eivotni kompas. \u017delja da u ringu poka\u017ee sve ono \u0161to izvan ringa nikad nije uspio ocu, vodi ga iz me\u010da u me\u010d<\/p>\n","protected":false},"featured_media":5234,"template":"","tags":[40],"atribut":[],"class_list":["post-5235","nada","type-nada","status-publish","has-post-thumbnail","hentry","tag-dvokorak-naprijed"],"acf":[],"yoast_head":"<!-- This site is optimized with the Yoast SEO plugin v27.4 - https:\/\/yoast.com\/product\/yoast-seo-wordpress\/ -->\n<title>O\u010devi i boksa\u010di - SDF - Srpski demokratski forum<\/title>\n<meta name=\"robots\" content=\"index, follow, max-snippet:-1, max-image-preview:large, max-video-preview:-1\" \/>\n<link rel=\"canonical\" href=\"https:\/\/sdf.hr\/hr\/nada\/ocevi-i-boksaci\/\" \/>\n<meta property=\"og:locale\" content=\"hr_HR\" \/>\n<meta property=\"og:type\" content=\"article\" \/>\n<meta property=\"og:title\" content=\"O\u010devi i boksa\u010di - SDF - Srpski demokratski forum\" \/>\n<meta property=\"og:description\" content=\"Otac, komunist ubijen u Jasenovcu, u memoarima se pokazuje kao Krizmani\u0107ev bremeniti \u017eivotni kompas. \u017delja da u ringu poka\u017ee sve ono \u0161to izvan ringa nikad nije uspio ocu, vodi ga iz me\u010da u me\u010d\" \/>\n<meta property=\"og:url\" content=\"https:\/\/sdf.hr\/hr\/nada\/ocevi-i-boksaci\/\" \/>\n<meta property=\"og:site_name\" content=\"SDF - Srpski demokratski forum\" \/>\n<meta name=\"twitter:card\" content=\"summary_large_image\" \/>\n<meta name=\"twitter:label1\" content=\"Procijenjeno vrijeme \u010ditanja\" \/>\n\t<meta name=\"twitter:data1\" content=\"3 minute\" \/>\n<script type=\"application\/ld+json\" class=\"yoast-schema-graph\">{\"@context\":\"https:\\\/\\\/schema.org\",\"@graph\":[{\"@type\":\"WebPage\",\"@id\":\"https:\\\/\\\/sdf.hr\\\/hr\\\/nada\\\/ocevi-i-boksaci\\\/\",\"url\":\"https:\\\/\\\/sdf.hr\\\/hr\\\/nada\\\/ocevi-i-boksaci\\\/\",\"name\":\"O\u010devi i boksa\u010di - SDF - Srpski demokratski forum\",\"isPartOf\":{\"@id\":\"https:\\\/\\\/sdf.hr\\\/#website\"},\"primaryImageOfPage\":{\"@id\":\"https:\\\/\\\/sdf.hr\\\/hr\\\/nada\\\/ocevi-i-boksaci\\\/#primaryimage\"},\"image\":{\"@id\":\"https:\\\/\\\/sdf.hr\\\/hr\\\/nada\\\/ocevi-i-boksaci\\\/#primaryimage\"},\"thumbnailUrl\":\"https:\\\/\\\/sdf.hr\\\/wp-content\\\/uploads\\\/2024\\\/07\\\/Knjiga-scaled.jpg\",\"datePublished\":\"2024-07-30T10:04:02+00:00\",\"breadcrumb\":{\"@id\":\"https:\\\/\\\/sdf.hr\\\/hr\\\/nada\\\/ocevi-i-boksaci\\\/#breadcrumb\"},\"inLanguage\":\"hr\",\"potentialAction\":[{\"@type\":\"ReadAction\",\"target\":[\"https:\\\/\\\/sdf.hr\\\/hr\\\/nada\\\/ocevi-i-boksaci\\\/\"]}]},{\"@type\":\"ImageObject\",\"inLanguage\":\"hr\",\"@id\":\"https:\\\/\\\/sdf.hr\\\/hr\\\/nada\\\/ocevi-i-boksaci\\\/#primaryimage\",\"url\":\"https:\\\/\\\/sdf.hr\\\/wp-content\\\/uploads\\\/2024\\\/07\\\/Knjiga-scaled.jpg\",\"contentUrl\":\"https:\\\/\\\/sdf.hr\\\/wp-content\\\/uploads\\\/2024\\\/07\\\/Knjiga-scaled.jpg\",\"width\":2560,\"height\":1760,\"caption\":\"Krizmani\u0107evi memoari\"},{\"@type\":\"BreadcrumbList\",\"@id\":\"https:\\\/\\\/sdf.hr\\\/hr\\\/nada\\\/ocevi-i-boksaci\\\/#breadcrumb\",\"itemListElement\":[{\"@type\":\"ListItem\",\"position\":1,\"name\":\"Po\u010detna stranica\",\"item\":\"https:\\\/\\\/sdf.hr\\\/hr\\\/\"},{\"@type\":\"ListItem\",\"position\":2,\"name\":\"Nada\",\"item\":\"https:\\\/\\\/sdf.hr\\\/nada\\\/\"},{\"@type\":\"ListItem\",\"position\":3,\"name\":\"O\u010devi i boksa\u010di\"}]},{\"@type\":\"WebSite\",\"@id\":\"https:\\\/\\\/sdf.hr\\\/#website\",\"url\":\"https:\\\/\\\/sdf.hr\\\/\",\"name\":\"SDF - Srpski demokratski forum\",\"description\":\"Srpski demokratski forum\",\"publisher\":{\"@id\":\"https:\\\/\\\/sdf.hr\\\/#organization\"},\"potentialAction\":[{\"@type\":\"SearchAction\",\"target\":{\"@type\":\"EntryPoint\",\"urlTemplate\":\"https:\\\/\\\/sdf.hr\\\/?s={search_term_string}\"},\"query-input\":{\"@type\":\"PropertyValueSpecification\",\"valueRequired\":true,\"valueName\":\"search_term_string\"}}],\"inLanguage\":\"hr\"},{\"@type\":\"Organization\",\"@id\":\"https:\\\/\\\/sdf.hr\\\/#organization\",\"name\":\"SDF - Srpski demokratski forum\",\"url\":\"https:\\\/\\\/sdf.hr\\\/\",\"logo\":{\"@type\":\"ImageObject\",\"inLanguage\":\"hr\",\"@id\":\"https:\\\/\\\/sdf.hr\\\/#\\\/schema\\\/logo\\\/image\\\/\",\"url\":\"https:\\\/\\\/sdf.hr\\\/wp-content\\\/uploads\\\/2021\\\/07\\\/logo-hr.svg\",\"contentUrl\":\"https:\\\/\\\/sdf.hr\\\/wp-content\\\/uploads\\\/2021\\\/07\\\/logo-hr.svg\",\"width\":271,\"height\":100,\"caption\":\"SDF - Srpski demokratski forum\"},\"image\":{\"@id\":\"https:\\\/\\\/sdf.hr\\\/#\\\/schema\\\/logo\\\/image\\\/\"}}]}<\/script>\n<!-- \/ Yoast SEO plugin. -->","yoast_head_json":{"title":"O\u010devi i boksa\u010di - SDF - Srpski demokratski forum","robots":{"index":"index","follow":"follow","max-snippet":"max-snippet:-1","max-image-preview":"max-image-preview:large","max-video-preview":"max-video-preview:-1"},"canonical":"https:\/\/sdf.hr\/hr\/nada\/ocevi-i-boksaci\/","og_locale":"hr_HR","og_type":"article","og_title":"O\u010devi i boksa\u010di - SDF - Srpski demokratski forum","og_description":"Otac, komunist ubijen u Jasenovcu, u memoarima se pokazuje kao Krizmani\u0107ev bremeniti \u017eivotni kompas. \u017delja da u ringu poka\u017ee sve ono \u0161to izvan ringa nikad nije uspio ocu, vodi ga iz me\u010da u me\u010d","og_url":"https:\/\/sdf.hr\/hr\/nada\/ocevi-i-boksaci\/","og_site_name":"SDF - Srpski demokratski forum","twitter_card":"summary_large_image","twitter_misc":{"Procijenjeno vrijeme \u010ditanja":"3 minute"},"schema":{"@context":"https:\/\/schema.org","@graph":[{"@type":"WebPage","@id":"https:\/\/sdf.hr\/hr\/nada\/ocevi-i-boksaci\/","url":"https:\/\/sdf.hr\/hr\/nada\/ocevi-i-boksaci\/","name":"O\u010devi i boksa\u010di - SDF - Srpski demokratski forum","isPartOf":{"@id":"https:\/\/sdf.hr\/#website"},"primaryImageOfPage":{"@id":"https:\/\/sdf.hr\/hr\/nada\/ocevi-i-boksaci\/#primaryimage"},"image":{"@id":"https:\/\/sdf.hr\/hr\/nada\/ocevi-i-boksaci\/#primaryimage"},"thumbnailUrl":"https:\/\/sdf.hr\/wp-content\/uploads\/2024\/07\/Knjiga-scaled.jpg","datePublished":"2024-07-30T10:04:02+00:00","breadcrumb":{"@id":"https:\/\/sdf.hr\/hr\/nada\/ocevi-i-boksaci\/#breadcrumb"},"inLanguage":"hr","potentialAction":[{"@type":"ReadAction","target":["https:\/\/sdf.hr\/hr\/nada\/ocevi-i-boksaci\/"]}]},{"@type":"ImageObject","inLanguage":"hr","@id":"https:\/\/sdf.hr\/hr\/nada\/ocevi-i-boksaci\/#primaryimage","url":"https:\/\/sdf.hr\/wp-content\/uploads\/2024\/07\/Knjiga-scaled.jpg","contentUrl":"https:\/\/sdf.hr\/wp-content\/uploads\/2024\/07\/Knjiga-scaled.jpg","width":2560,"height":1760,"caption":"Krizmani\u0107evi memoari"},{"@type":"BreadcrumbList","@id":"https:\/\/sdf.hr\/hr\/nada\/ocevi-i-boksaci\/#breadcrumb","itemListElement":[{"@type":"ListItem","position":1,"name":"Po\u010detna stranica","item":"https:\/\/sdf.hr\/hr\/"},{"@type":"ListItem","position":2,"name":"Nada","item":"https:\/\/sdf.hr\/nada\/"},{"@type":"ListItem","position":3,"name":"O\u010devi i boksa\u010di"}]},{"@type":"WebSite","@id":"https:\/\/sdf.hr\/#website","url":"https:\/\/sdf.hr\/","name":"SDF - Srpski demokratski forum","description":"Srpski demokratski forum","publisher":{"@id":"https:\/\/sdf.hr\/#organization"},"potentialAction":[{"@type":"SearchAction","target":{"@type":"EntryPoint","urlTemplate":"https:\/\/sdf.hr\/?s={search_term_string}"},"query-input":{"@type":"PropertyValueSpecification","valueRequired":true,"valueName":"search_term_string"}}],"inLanguage":"hr"},{"@type":"Organization","@id":"https:\/\/sdf.hr\/#organization","name":"SDF - Srpski demokratski forum","url":"https:\/\/sdf.hr\/","logo":{"@type":"ImageObject","inLanguage":"hr","@id":"https:\/\/sdf.hr\/#\/schema\/logo\/image\/","url":"https:\/\/sdf.hr\/wp-content\/uploads\/2021\/07\/logo-hr.svg","contentUrl":"https:\/\/sdf.hr\/wp-content\/uploads\/2021\/07\/logo-hr.svg","width":271,"height":100,"caption":"SDF - Srpski demokratski forum"},"image":{"@id":"https:\/\/sdf.hr\/#\/schema\/logo\/image\/"}}]}},"_links":{"self":[{"href":"https:\/\/sdf.hr\/hr\/wp-json\/wp\/v2\/nada\/5235","targetHints":{"allow":["GET"]}}],"collection":[{"href":"https:\/\/sdf.hr\/hr\/wp-json\/wp\/v2\/nada"}],"about":[{"href":"https:\/\/sdf.hr\/hr\/wp-json\/wp\/v2\/types\/nada"}],"wp:featuredmedia":[{"embeddable":true,"href":"https:\/\/sdf.hr\/hr\/wp-json\/wp\/v2\/media\/5234"}],"wp:attachment":[{"href":"https:\/\/sdf.hr\/hr\/wp-json\/wp\/v2\/media?parent=5235"}],"wp:term":[{"taxonomy":"post_tag","embeddable":true,"href":"https:\/\/sdf.hr\/hr\/wp-json\/wp\/v2\/tags?post=5235"},{"taxonomy":"atribut","embeddable":true,"href":"https:\/\/sdf.hr\/hr\/wp-json\/wp\/v2\/atribut?post=5235"}],"curies":[{"name":"wp","href":"https:\/\/api.w.org\/{rel}","templated":true}]}}