{"id":525,"date":"2021-09-03T14:38:58","date_gmt":"2021-09-03T12:38:58","guid":{"rendered":"https:\/\/sdf.hr\/?post_type=nada&#038;p=525"},"modified":"2023-03-28T13:14:23","modified_gmt":"2023-03-28T11:14:23","slug":"natasa-desnica-zerjavic-sve-je-islo-preko-nas","status":"publish","type":"nada","link":"https:\/\/sdf.hr\/hr\/nada\/natasa-desnica-zerjavic-sve-je-islo-preko-nas\/","title":{"rendered":"Nata\u0161a Desnica-\u017derjavi\u0107: Sve je i\u0161lo preko nas"},"content":{"rendered":"<p><span style=\"font-size: 16px;\">Jedan vru\u0107i julski dan proveli smo u Islamu Gr\u010dkom. Opasani zidinama, u debeloj hladovini unutra\u0161njosti Kule Jankovi\u0107a, razgovarali smo s Nata\u0161om Desnicom-\u017derjavi\u0107, jednom od vlasnica tog spomenika kulture prve kategorije. Na\u0161a sugovornica je umirovljena lektorica s Odsjeka za romanistiku Filozofskog fakulteta u Zagrebu, gdje je magistrirala i doktorirala. Ro\u0111ena je u Splitu 1941. i jedna je od \u010detvero djece knji\u017eevnika Vladana Desnice. Prostor u kojem smo boravili u dru\u0161tvu Desnice-\u017derjavi\u0107 devastiran je u ratnom periodu od 1991. do 1995. Obitelj se 2002. uhvatila uko\u0161tac sa zahtjevnom obnovom Kule, a do danas je obnovljeno sve osim gospodarskih objekata i pojata. Nata\u0161a Desnica-\u017derjavi\u0107 u razgovoru nam je otkrila da je razdvojenost od Kule i Islama Gr\u010dkog za vrijeme rata te\u0161ko podnosila. Me\u0111u prvima se priklju\u010dila Srpskom demokratskom forumu 1991., jer je htjela, kako ka\u017ee, imenom Desnica sugerirati ovda\u0161njim Srbima da vjeruju onima koji zagovaraju mir, a ne rat. U intervjuu za Nadu govori o prvim sje\u0107anjima na Islam Gr\u010dki, o ljubavi oca Vladana i majke Ksenije, ali i o posljedicama koje je rat ostavio na me\u0111uljudske odnose na prostoru Ravnih kotara.<\/span><\/p>\n<p><strong>Koja su va\u0161a prva sje\u0107anja na Kulu i Islam Gr\u010dki? Ovdje ste provodili ljeta?<\/strong><\/p>\n<p>Oduvijek, otkad znam za sebe ovdje sam provodila barem dio ljeta. Poznavala sam ve\u0107inu ljudi u selu, igrala se s djecom. \u010cak sam 1950. ili 1951. ovdje provela ve\u0107i dio godine, iako nije bilo \u0161kole do 1954. Kroz tu godinu sam upoznala bijedu u kojoj su ovdje \u017eivjeli ljudi. Nesta\u0161ica, oskudica hrane&#8230; Ljudi su bili gladni zato \u0161to su bili odsje\u010deni od svijeta. Ovo je samo na 15 kilometara od Zadra, a to kao da je bio neki drugi svijet. U tim godinama bila je prava avantura do\u0107i do Islama iz Zagreba. Preko Like vlakom, a onda autobusom koji se opasnom vo\u017enjom preko Velebita spu\u0161tao na Obrovac. Do\u0161li bismo do Smil\u010di\u0107a, a onda bi nas u Smil\u010di\u0107u do\u010dekao fijaker, baka i tetka su ga slale po nas. I\u0161li smo samo jednom godi\u0161nje jer se \u010de\u0161\u0107e nije moglo.<\/p>\n<p><strong>Danas kada gledate oko Kule brda, polja i raslinje \u2013 koliko se to izmijenilo u posljednjih nekoliko desetlje\u0107a?<\/strong><\/p>\n<p>Pogled na Velebit i vrhove Ugljana je isti. Na\u0161 park je dosta stradao, a \u0161to se ti\u010de kotarskog polja, ono je prekrasno, plodno i ima puno vode, klima je idealna za razli\u010dite kulture. Razlika je u tome \u0161to, ako pogledate bolje, vidite da je najve\u0107i dio neobra\u0111en.<\/p>\n<p><strong>Kako je izgledao Islam Gr\u010dki poslije Drugog svjetskog rata?<\/strong><\/p>\n<p>Tu je bilo pusto, a tako blizu civilizacije, bez osnovnih uvjeta za \u017eivot: prvi autobus pro\u0161ao je 1958., struja je do\u0161la tek 1969., 24 godine od kraja Drugog svjetskog rata. Da je to negdje u brdima, nepristupa\u010dno i slabo naseljeno, mo\u017eda bi bilo nekog opravdanja. U osamdesetima smo pla\u0107ali samodoprinos za vodu i telefon, i upravo kad se to trebalo ostvariti po\u010deo je rat. Zaostalost i zatvorenost koje karakteriziraju ovaj kraj, potje\u010du od toga \u0161to od turskih vremena nadalje nijedna dr\u017eava u kojoj su \u017eivjeli nije ovim ljudima stvorila osnovne uvjete za \u017eivot. Pre\u017eivljavali su jedino zahvaljuju\u0107i trudu svojih vrijednih ruku. Svatko je proizvodio ono \u0161to mu treba da se prehrani, na svojim malim njivama uglavnom su uzgajali \u017eitarice, kukuruz, je\u010dam, zob, ali nedovoljno za cijelu godinu, tako da ve\u0107 u prolje\u0107e mnogi nisu imali kruha. Do 1970. prakti\u010dno su gladovali. Tada je napravljena cesta koja vodi na magistralu, a oni su po\u010deli proizvoditi vo\u0107e i povr\u0107e. Te kulture bile su puno isplativije, pa su naglo iz krajnje bijede u\u0161li u fazu odre\u0111enog blagostanja. Zapravo, jedini period kad su dobro \u017eivjeli je onaj od 1970. do 1990. Nabavili su mehanizaciju, izgradili ku\u0107e i izvozili svoje proizvode u turisti\u010dke dijelove zemlje. Nije mi \u017eao \u0161to sam upoznala te crne poslijeratne godine, jer bez toga ne bih razumjela mentalitet ljudi.<\/p>\n<h3>Osvajali smo zgradu po zgradu<\/h3>\n<p><strong>Kad ste bili u Kuli zadnji put prije rata?<\/strong><\/p>\n<p>Zadnji put smo ljetovali 1990. Sje\u0107am se balvana, kolona turista koji su naglo odlazili. Zadnji put smo do\u0161le 1991. sestre i ja, pokupile smo neke ikone i vrijedne stvari, ali nismo ni same znale gdje je sigurno, kud da idemo i ostavimo te stvari. Nismo bile svjesne tada koliko je to putovanje bilo opasno, jer su nas svako malo zaustavljale neke kontrole, policije&#8230;<\/p>\n<p><strong>Da li ste tih godina imali a\u017eurirane i pouzdane informacije o stanju Kule? Kada ste se prvi put uputili ovdje nakon 1991.?<\/strong><\/p>\n<p>To su bile neprecizne informacije. Netko bi nam telefonom iz Njema\u010dke javio da je ne\u0161to \u010duo od nekog drugog, znate kako to ide. \u010culi smo da je Kula zapaljena, da je jugozapadni dio granatiran. Ni u \u0161to nismo mogli vjerovati dok nismo vidjeli svojim o\u010dima. Strahovali smo, onda bismo se tje\u0161ili time da su tu 300 godina prolazile razne vojske, ratovi, osvaja\u010di, a Kula je uvijek nekako ostajala \u010ditava. Mislili smo, pa ne mo\u017ee sada biti gore. Ali o\u010dito mo\u017ee. Nakon rata smo prvi put tu bili 1996. Netko nas je dovezao, hodali smo kroz \u0161ikaru, nismo znali je li ne\u0161to minirano i gdje mo\u017eemo ulaziti. Kula je bila u takvom stanju da je moja sestra razmi\u0161ljala da ode i da se nikad ne vrati. Izgledalo je potpuno beznadno. A ja sam razmi\u0161ljala, kad bismo samo popravili staru jezgru&#8230;<\/p>\n<p><strong>\u010cinjeni\u010dno stanje je takvo da su odnosi izme\u0111u Islama Gr\u010dkog, Islama Latinskog i pojedinih sela izuzetno naru\u0161eni zbog doga\u0111anja u ratnom periodu. Kako su ljudi ovdje \u017eivjeli jedni s drugima do prije 30 godina?<\/strong><\/p>\n<p>\u0160to se ti\u010de odnosa izme\u0111u Islama Gr\u010dkog, Islama Latinskog i svih okolnih sela benkova\u010dkog kraja, oni su bili vrlo prijateljski. Nisu naru\u0161eni ni za vrijeme Drugog svjetskog rata. Usta\u0161e nisu do\u0161li u Ravne kotare, pa nije bilo ni zakrvljenosti. Ovdje su mar\u0161irale razne vojske, a oni su jedni druge zaklanjali. Sklapalo se puno brakova, uop\u0107e se nije gledalo tko je koje nacionalnosti. Svaka ku\u0107a je imala neku baku ili tetku koja je udata u drugo selo. To je najgora posljedica ovog rata \u2013 ljudski odnosi su se pogor\u0161ali i okrenuli u ne\u0161to suprotno od onoga kako je bilo prije. Posedarje, koje je bilo partizansko selo, imalo je spomenik palim borcima \u2013 sad su ta imena izbrisana. Po\u010detkom rata netko je topom pucao iz Islama Grkog u Posedarje, ubio \u010dovjeka, oti\u0161ao, i selo ostavio u ratu. To je te\u0161ko popraviti. Na tom razdvajanju se jo\u0161 uvijek radi, neki od toga \u017eive i prave karijeru. Oni ne rade ni\u0161ta dobro za svoje selo, za svog susjeda.<\/p>\n<p><strong>Puno puta ste govorili o obnovi Kule. \u0160tetu ste godinama sanirali. Da li je ovo \u0161to sada vidimo u potpunosti obnovljeno i nalik onome \u0161to je bilo prije?<\/strong><\/p>\n<p>Gra\u0111evinski je u potpunosti obnovljen ovaj \u010detverokut, zgrade koje gledaju na veliku avliju, i one koje okru\u017euju unutarnje, malo dvori\u0161te. Godine 2002. je po\u010dela obnova, Ministarstvo kulture je odonda svake godine davalo neku sumu za gra\u0111evinsku obnovu, u po\u010detku su to bili ve\u0107i iznosi, a poslije sve manji. Izrada dokumentacije trajala je dvije godine, zatim su se dvije godine ra\u0161\u010di\u0161\u0107avale ru\u0161evine. Grupa profesora s Filozofskog fakulteta u Zagrebu organizirala je volonterski kamp, dolazili su studenti iz Francuske i Belgije koji su lopatama iznosili brda \u0161ute. Osvajali smo zgradu po zgradu, a istovremeno smo organizirali ljetne \u0161kole o va\u017enosti kulturnih spomenika za poticanje razvoja nekog kraja, o mogu\u0107nostima organiziranja eko-muzeja, o povijesti ovog kraja i sli\u010dno. U po\u010detku su volonteri i predava\u010di spavali u susjednim turisti\u010dkim mjestima, zatim u improviziranim spavaonicama. Kad je do\u0161la struja, vanjskim kablovima smo je sprovodili u svaku zgradu, imali smo improviziranu kuhinju, cisternu vode. Na neki na\u010din smo kampirali. To su bila lijepa vremena jer se vidio konkretan napredak.<\/p>\n<figure id=\"attachment_3202\" aria-describedby=\"caption-attachment-3202\" style=\"width: 2560px\" class=\"wp-caption alignnone\"><img loading=\"lazy\" decoding=\"async\" class=\"wp-image-3202 size-full\" src=\"https:\/\/sdf.hr\/wp-content\/uploads\/2021\/09\/Desnica2_Duska-Boban-scaled.jpg\" alt=\"\" width=\"2560\" height=\"1707\" srcset=\"https:\/\/sdf.hr\/wp-content\/uploads\/2021\/09\/Desnica2_Duska-Boban-scaled.jpg 2560w, https:\/\/sdf.hr\/wp-content\/uploads\/2021\/09\/Desnica2_Duska-Boban-300x200.jpg 300w, https:\/\/sdf.hr\/wp-content\/uploads\/2021\/09\/Desnica2_Duska-Boban-1024x683.jpg 1024w, https:\/\/sdf.hr\/wp-content\/uploads\/2021\/09\/Desnica2_Duska-Boban-768x512.jpg 768w, https:\/\/sdf.hr\/wp-content\/uploads\/2021\/09\/Desnica2_Duska-Boban-1536x1024.jpg 1536w, https:\/\/sdf.hr\/wp-content\/uploads\/2021\/09\/Desnica2_Duska-Boban-2048x1365.jpg 2048w\" sizes=\"auto, (max-width: 2560px) 100vw, 2560px\" \/><figcaption id=\"caption-attachment-3202\" class=\"wp-caption-text\">Foto: Du\u0161ka Boban<\/figcaption><\/figure>\n<h3>Bilo je kasno da ih privolimo<\/h3>\n<p><strong>Da li ste od Kule uspjeli napraviti mjesto susreta ljudi iz ovog kraja? Kako je tekao taj proces pribli\u017eavanja?<\/strong><\/p>\n<p>\u010cim smo osposobili prve prostorije, koristili smo ih za izvo\u0111enje nekog kulturnog, umjetni\u010dkog ili pedago\u0161kog programa. Jako nam je pomogao Centar za mirovne studije, organizirali su Miramide, mirovne radionice. Oni su nadobudno oti\u0161li u Benkovac, izlo\u017eili su svoj program dr\u017eavnim \u010dinovnicima. Pozvali su ih da ih nau\u010de tehnike pona\u0161anja s ljudima koji su bili na razli\u010ditim stranama u ratu, namijenjene lije\u010denju ratnih trauma, normalizaciji \u017eivota. To je bilo vrijeme kad se Hrvatska pripremala za ulazak u Europu, za \u017eivot po europskim standardima, ali ovdje nije bilo sluha za to. Nitko se nije odazvao. Kada smo organizirali zabavno-kulturne programe, ljudi su dolazili u nevelikom broju iz obli\u017enjih sela, iz Benkovca i Zadra. Tu bi se ljudi koji su se poznavali prije rata kona\u010dno sreli, vladala je divna, mirnodopska atmosfera. U po\u010detku je bilo dosta predrasuda, neki nisu htjeli do\u0107i, a kada bi do\u0161li, vidjeli bi da tu nisu nikakvi neprijatelji. To su neke iskrice, nije se \u0161iroko rasplamsalo, ali na koncu u 15 godina, koliko su se odr\u017eavaju te ljetne sve\u010danosti, svakako je taj negativni naboj prema Kuli, Islamu i na\u0161oj zajednici malo popu\u0161tao. Imamo izvrsnu suradnju s jednom amaterskom dramskom grupom iz Posedarja koja njeguje usko\u010dku tradiciju. Oni nastoje ljudima prenijeti da je usko\u010dka tradicija zajedni\u010dka, da je ta zajedni\u010dka povijest trajala stolje\u0107ima. To je u Kulu privuklo ljude koji u po\u010detku nisu htjeli ni \u010duti za to. Trebalo ih je podsjetiti na ne\u0161to \u0161to im je zajedni\u010dko.<\/p>\n<p><strong>Za vrijeme rata ste paralelno bili puni briga za svoje selo i Kulu, a u isto vrijeme \u017eivjeli ste u Zagrebu. Je li bilo te\u0161ko \u017eivjeti tih godina u gradu?<\/strong><\/p>\n<p>Uh, to je bilo jako mu\u010dno. Ni najbolji prijatelji hrvatske nacionalnosti ne mogu zamisliti do koje mjere smo trpjeli udarce. Svaka vijest koja se pojavljivala, napadi s jedne i s druge strane \u2013 sve je i\u0161lo preko nas. Svaki taj vojni napad poga\u0111ao je Srbe u gradovima. Bili smo kao djeca roditelja koji se burno rastavljaju i svaki udarac jednog na drugoga najprije pogodi dijete.<\/p>\n<p><strong>Navr\u0161ilo se 30 godina od osnivanja SDF-a u Lipiku. Kako pamtite to vrijeme i va\u0161 anga\u017eman?<\/strong><\/p>\n<p>To je bilo vrijeme kada se rat spremao, kada Krajina jo\u0161 nije bila razgrani\u010dena, kada se sve kome\u0161alo i kada se doga\u0111alo ono \u0161to smo smatrali katastrofom do koje ne smije do\u0107i. To je bila mala grupa ljudi, ne mogu re\u0107i da smo svi bili politi\u010dki anga\u017eirani. Milorad Pupovac je okupio nekoliko prijatelja koji su vidjeli da se sprema katastrofa, ali bilo je kasno. Mislim da sam od po\u010detka dobro interpretirala njegove ideje i namjere. On je od balvan revolucije do po\u010detka rata, kao jo\u0161 samo nekoliko ljudi koji su htjeli sprije\u010diti rat, obilazio teren i poku\u0161avao uvjeriti ljude da je rat najpogubnija opcija. Pupovac, Ivan Zvonimir \u010ci\u010dak, \u017darko Puhovski i jo\u0161 neki godinu dana su obilazili krajeve u kojima je tinjala pobuna, nose\u0107i glavu u torbi. Mislili smo da prvi sastanak za osnivanje SDF-a \u2013 tu nisu bili samo Srbi, iako su bili u ve\u0107ini \u2013 nije bio samo pitanje predstavljanja Srba, ve\u0107 pitanje ho\u0107emo li svi skupa srljati u propast ili ne\u0107emo.<\/p>\n<p><strong>Koji je bio glavni razlog va\u0161eg priklju\u010denja SDF-u?<\/strong><\/p>\n<p>Nisam se priklju\u010dila kao neki vrhunski intelektualac, nego kao predstavnik svoje porodice da podr\u017eim takvu ideju. Prije svega da u o\u010dima na\u0161ih ovda\u0161njih stanovnika koji dobro poznaju \u010destitost na\u0161e porodice, imenom kojem oni mogu vjerovati, poka\u017eem da to nije nekakva politi\u010dka manipulacija. No kada sam bila ovdje 1991. na jedan dan, vidjela sam da oni \u017eive u potpunoj ratnoj psihozi, da ih stalno pla\u0161e: \u2018Sad \u0107e hrvatska vojska, sad \u0107e!\u2019 Ta napetost je bila toliko jaka da je bilo kasno da ih privolimo da razmisle \u0161to je racionalno, a \u0161to ne.<\/p>\n<p><strong>Iz medija, obrazovanja i generalno javnog i dru\u0161tvenog \u017eivota 1990-ih su protjerani lik i djelo Vladana Desnice, ali i ostalih knji\u017eevnica i knji\u017eevnika srpskog porijekla. Kako ste se nosili s tim sramnim razdobljem?<\/strong><\/p>\n<p>Ve\u0107 od 1980-ih godina, kada su po\u010dele nacionalisti\u010dke sva\u0111e i prepirke, svaki put kad bi se spomenuo Vladan Desnica nije se propustilo ista\u0107i njegovu nacionalnost. To je pokazivalo da je kriti\u010darima va\u017enija nacionalnost od djela, to je na neki na\u010din bio kriterij vrednovanja. Moj otac nikad nije poricao da je Srbin, ali zar je to jedino va\u017eno, zar je to jedini kriterij? Naravno, kad je do\u0161ao rat, bilo je va\u017enije da je Desnica Srbin nego ono \u0161to je napisao. Njegova djela su neko vrijeme bila izba\u010dena iz lektire. Generalno, taj odnos prema srpskim piscima i \u0107irili\u010dnim knjigama 1990-ih je primitivni poriv, do te mjere da je na Filozofskom fakultetu cijela edicija jednog bugarskog \u010dasopisa izba\u010dena i uni\u0161tena jer je bila na \u0107irilici. To je sramotna epizoda koje se mnogi sad, vjerojatno, srame. I u tim nesretnim okolnostima neki su djelovali konstruktivno: Velimir Sekuli\u0107 i\u0161ao je po \u0161kolama i skupljao pakete odba\u010denih knjiga koje je dovla\u010dio u skd Prosvjetu. Tako je znatno obogatio Prosvjetinu biblioteku, koja je kasnije prerasla u Sredi\u0161nju knji\u017enicu Srba u Hrvatskoj.<\/p>\n<h3>Tata je vagao svaku rije\u010d<\/h3>\n<p><strong>Kula je za trajanja manifestacije \u2018Umjetnost pribli\u017eavanja\u2019 ovog ljeta bila ozvu\u010dena audio romanom \u2018Prolje\u0107a Ivana Galeba\u2019. Je li glumac Zoran \u010cubrilo dobro do\u010darao taj klasik? Imate li mo\u017eda neke o\u010deve zvu\u010dne zapise, ili ga pamtite kako je izgovarao napisano?<\/strong><\/p>\n<p>Audio roman je izuzetan. Prvo, glas Zorana \u010cubrila. Kada sam u crkvici \u010dula dio romana, znate, taj glas mi je odnekud bio poznat, i na\u010din govora, i ritam, podsjetilo me na tatu. Odu\u0161evilo me \u0161to su autorice Lana Deban i Ljubica Letini\u0107 same do\u0161le do ne\u010dega o \u010demu je tata govorio \u2013 o zvukovnom obliku teksta. On je na tome jako radio i do toga je mnogo dr\u017eao. Cijeli roman, raspored poglavlja ima tu polifonijsku strukturu, nije slu\u010dajno da iza poglavlja svjetlijeg raspolo\u017eenja slijedi ne\u0161to tamno, iza nekog poglavlja iz svakodnevnog \u017eivota slijedi neki kontemplativni odlomak. Kombinacija tih poglavlja nije zadana fabulom pa su mogla biti nekim drugim redom, ali on ih je svjesno tako komponirao, \u010dak na tom makroplanu, a da ne govorimo na mirkoplanu, na izboru rije\u010di, gdje je zvuk imao va\u017enu ulogu. Ili, kako su autorice rekle: \u2018Desnica je pisao svoj roman slu\u0161aju\u0107i ga.\u2019 Tata je svaku re\u010denicu, svaku rije\u010d vagao, mama je \u010ditala glasno, pa je onda on iz druge sobe slu\u0161ao odgovara li i zvuk onome \u0161to je htio iskazati. Imao je to\u010dnu zamisao \u0161to \u017eeli govorom uobli\u010diti. Ugodno me iznenadilo da su one, nemaju\u0107i te podatke iz biografije niti iz li\u010dnog kontakta, same to zaklju\u010dile. \u0160to mnogi uva\u017eeni kriti\u010dari nisu.<\/p>\n<p><strong>Dakle, va\u0161a majka je uvelike sudjelovala u stvarala\u0161tvu va\u0161eg oca? O njoj ne znamo mnogo. Tko je bila Ksenija Cari\u0107 Desnica?<\/strong><\/p>\n<p>Mama je rodom iz Jelse na Hvaru, unuka Jurja Cari\u0107a, knji\u017eevnika, pomorskog pisca i pedagoga, zastupnika u Dalmatinskom saboru. Bila je ne samo supruga, nego bitna suradnica i podr\u0161ka u \u017eivotu Vladana Desnice. Stalno je u\u010destvovala u njegovom radu, a on je \u017eelio \u010duti njezino mi\u0161ljenje o svakom detalju. Sje\u0107am se kad bi je pogledao dok bi ne\u0161to \u010ditao i govorio: \u2018A, Ksenija, hm?\u2019 Pored nas djece i svega drugog o \u010demu je morala brinuti, ona je uvijek bila tu kada je on radio. Njemu je bilo va\u017eno \u0161to ona misli, mijenjao bi neku rije\u010d i \u010ditao joj. Ona bi mu rekla: \u2018Dobro je, ne diraj!\u2019, a on bi tra\u017eio drugu, petu, pa \u0161estu, pa sedmu rije\u010d. Onda mu ona ka\u017ee: \u2018Pa to je ono prvo\u2019, on ka\u017ee: \u2018Ne, to je malko druk\u010dije!\u2019 Obi\u0161ao je cijeli krug da bi na\u0161ao onu rije\u010d koja je precizno poga\u0111ala \u0161to je zamislio. Nije ni \u010dudo da je \u2018Prolje\u0107a Ivana Galeba\u2019 pisao 20 godina, \u017eelio je na\u0107i pravi izraz kojim iskazuje viziju, sliku koju je imao u glavi. Ksenija je bila majka \u010detvero djece i Vladanova \u017eena i, vjerujte, to je zahtijevalo mnogo vi\u0161e od 24 sata. Podr\u017eala ga je da 1950. godine, u vrijeme te\u0161ke poslijeratne oskudice, napusti mjesto u Ministarstvu financija, uvjerena da mora dobiti mogu\u0107nost da realizira svoj stvarala\u010dki potencijal. Jako su se emocionalno oslanjali jedno na drugo, bili su srasli. Kada je ona iznenada umrla u 54. godini, mi djeca, bili smo ve\u0107 odrasli. Brat je bio bruco\u0161, ja sam bila apsolvent, starije sestre su ve\u0107 diplomirale. Imali smo osje\u0107aj da je pred njima jo\u0161 mnogo lijepih stvarala\u010dkih godina. Ali iznenada je sve prekinuto, za tatu to vi\u0161e nije bio \u017eivot. Te\u0161ko se razbolio i nakon tri godine umro.<\/p>\n<p><strong>Kako danas izgleda va\u0161 \u017eivot u mirovini? Studenti su vas voljeli, da li vam fali rad s mladima?<\/strong><\/p>\n<p>U mirovini sam 15 godina, a kako sam voljela raditi sa studentima, ostala sam predavati jo\u0161 pet godina. Sad na fakultetu vi\u0161e nema mojih kolega, a i ovi mla\u0111i ve\u0107 pomalo odlaze, oni koji su bili moji studenti. Nakon toliko godina vidite da se svijet sve vi\u0161e mijenja, ja naprosto vi\u0161e ne pripadam ovom mla\u0111em svijetu, on je toliko druk\u010diji. Ne bih voljela \u017eivjeti u njemu ni da sam milijarder. To ne bi bio moj \u017eivot, to ne bi bio moj svijet.<\/p>\n<p><em>razgovarala Anja Ko\u017eul<\/em><\/p>\n","protected":false},"excerpt":{"rendered":"<p>Moj otac nikad nije poricao da je Srbin, ali zar je to jedino va\u017eno, zar je to  jedini kriterij? Naravno, kad je do\u0161ao rat, bilo je va\u017enije da je Desnica Srbin nego ono \u0161to je napisao<\/p>\n","protected":false},"featured_media":3204,"template":"","tags":[29],"atribut":[],"class_list":["post-525","nada","type-nada","status-publish","has-post-thumbnail","hentry","tag-intervju"],"acf":[],"yoast_head":"<!-- This site is optimized with the Yoast SEO plugin v27.4 - https:\/\/yoast.com\/product\/yoast-seo-wordpress\/ -->\n<title>Nata\u0161a Desnica-\u017derjavi\u0107: Sve je i\u0161lo preko nas - SDF - Srpski demokratski forum<\/title>\n<meta name=\"robots\" content=\"index, follow, max-snippet:-1, max-image-preview:large, max-video-preview:-1\" \/>\n<link rel=\"canonical\" href=\"https:\/\/sdf.hr\/hr\/nada\/natasa-desnica-zerjavic-sve-je-islo-preko-nas\/\" \/>\n<meta property=\"og:locale\" content=\"hr_HR\" \/>\n<meta property=\"og:type\" content=\"article\" \/>\n<meta property=\"og:title\" content=\"Nata\u0161a Desnica-\u017derjavi\u0107: Sve je i\u0161lo preko nas - SDF - Srpski demokratski forum\" \/>\n<meta property=\"og:description\" content=\"Moj otac nikad nije poricao da je Srbin, ali zar je to jedino va\u017eno, zar je to jedini kriterij? Naravno, kad je do\u0161ao rat, bilo je va\u017enije da je Desnica Srbin nego ono \u0161to je napisao\" \/>\n<meta property=\"og:url\" content=\"https:\/\/sdf.hr\/hr\/nada\/natasa-desnica-zerjavic-sve-je-islo-preko-nas\/\" \/>\n<meta property=\"og:site_name\" content=\"SDF - Srpski demokratski forum\" \/>\n<meta property=\"article:modified_time\" content=\"2023-03-28T11:14:23+00:00\" \/>\n<meta property=\"og:image\" content=\"https:\/\/sdf.hr\/wp-content\/uploads\/2021\/09\/Desnica1_Duska-Boban-scaled.jpg\" \/>\n\t<meta property=\"og:image:width\" content=\"2560\" \/>\n\t<meta property=\"og:image:height\" content=\"1707\" \/>\n\t<meta property=\"og:image:type\" content=\"image\/jpeg\" \/>\n<meta name=\"twitter:card\" content=\"summary_large_image\" \/>\n<meta name=\"twitter:label1\" content=\"Procijenjeno vrijeme \u010ditanja\" \/>\n\t<meta name=\"twitter:data1\" content=\"13 minuta\" \/>\n<script type=\"application\/ld+json\" class=\"yoast-schema-graph\">{\"@context\":\"https:\\\/\\\/schema.org\",\"@graph\":[{\"@type\":\"WebPage\",\"@id\":\"https:\\\/\\\/sdf.hr\\\/hr\\\/nada\\\/natasa-desnica-zerjavic-sve-je-islo-preko-nas\\\/\",\"url\":\"https:\\\/\\\/sdf.hr\\\/hr\\\/nada\\\/natasa-desnica-zerjavic-sve-je-islo-preko-nas\\\/\",\"name\":\"Nata\u0161a Desnica-\u017derjavi\u0107: Sve je i\u0161lo preko nas - SDF - Srpski demokratski forum\",\"isPartOf\":{\"@id\":\"https:\\\/\\\/sdf.hr\\\/#website\"},\"primaryImageOfPage\":{\"@id\":\"https:\\\/\\\/sdf.hr\\\/hr\\\/nada\\\/natasa-desnica-zerjavic-sve-je-islo-preko-nas\\\/#primaryimage\"},\"image\":{\"@id\":\"https:\\\/\\\/sdf.hr\\\/hr\\\/nada\\\/natasa-desnica-zerjavic-sve-je-islo-preko-nas\\\/#primaryimage\"},\"thumbnailUrl\":\"https:\\\/\\\/sdf.hr\\\/wp-content\\\/uploads\\\/2021\\\/09\\\/Desnica1_Duska-Boban-scaled.jpg\",\"datePublished\":\"2021-09-03T12:38:58+00:00\",\"dateModified\":\"2023-03-28T11:14:23+00:00\",\"breadcrumb\":{\"@id\":\"https:\\\/\\\/sdf.hr\\\/hr\\\/nada\\\/natasa-desnica-zerjavic-sve-je-islo-preko-nas\\\/#breadcrumb\"},\"inLanguage\":\"hr\",\"potentialAction\":[{\"@type\":\"ReadAction\",\"target\":[\"https:\\\/\\\/sdf.hr\\\/hr\\\/nada\\\/natasa-desnica-zerjavic-sve-je-islo-preko-nas\\\/\"]}]},{\"@type\":\"ImageObject\",\"inLanguage\":\"hr\",\"@id\":\"https:\\\/\\\/sdf.hr\\\/hr\\\/nada\\\/natasa-desnica-zerjavic-sve-je-islo-preko-nas\\\/#primaryimage\",\"url\":\"https:\\\/\\\/sdf.hr\\\/wp-content\\\/uploads\\\/2021\\\/09\\\/Desnica1_Duska-Boban-scaled.jpg\",\"contentUrl\":\"https:\\\/\\\/sdf.hr\\\/wp-content\\\/uploads\\\/2021\\\/09\\\/Desnica1_Duska-Boban-scaled.jpg\",\"width\":2560,\"height\":1707,\"caption\":\"Foto: Du\u0161ka Boban\"},{\"@type\":\"BreadcrumbList\",\"@id\":\"https:\\\/\\\/sdf.hr\\\/hr\\\/nada\\\/natasa-desnica-zerjavic-sve-je-islo-preko-nas\\\/#breadcrumb\",\"itemListElement\":[{\"@type\":\"ListItem\",\"position\":1,\"name\":\"Po\u010detna stranica\",\"item\":\"https:\\\/\\\/sdf.hr\\\/hr\\\/\"},{\"@type\":\"ListItem\",\"position\":2,\"name\":\"Nada\",\"item\":\"https:\\\/\\\/sdf.hr\\\/nada\\\/\"},{\"@type\":\"ListItem\",\"position\":3,\"name\":\"Nata\u0161a Desnica-\u017derjavi\u0107: Sve je i\u0161lo preko nas\"}]},{\"@type\":\"WebSite\",\"@id\":\"https:\\\/\\\/sdf.hr\\\/#website\",\"url\":\"https:\\\/\\\/sdf.hr\\\/\",\"name\":\"SDF - Srpski demokratski forum\",\"description\":\"Srpski demokratski forum\",\"publisher\":{\"@id\":\"https:\\\/\\\/sdf.hr\\\/#organization\"},\"potentialAction\":[{\"@type\":\"SearchAction\",\"target\":{\"@type\":\"EntryPoint\",\"urlTemplate\":\"https:\\\/\\\/sdf.hr\\\/?s={search_term_string}\"},\"query-input\":{\"@type\":\"PropertyValueSpecification\",\"valueRequired\":true,\"valueName\":\"search_term_string\"}}],\"inLanguage\":\"hr\"},{\"@type\":\"Organization\",\"@id\":\"https:\\\/\\\/sdf.hr\\\/#organization\",\"name\":\"SDF - Srpski demokratski forum\",\"url\":\"https:\\\/\\\/sdf.hr\\\/\",\"logo\":{\"@type\":\"ImageObject\",\"inLanguage\":\"hr\",\"@id\":\"https:\\\/\\\/sdf.hr\\\/#\\\/schema\\\/logo\\\/image\\\/\",\"url\":\"https:\\\/\\\/sdf.hr\\\/wp-content\\\/uploads\\\/2021\\\/07\\\/logo-hr.svg\",\"contentUrl\":\"https:\\\/\\\/sdf.hr\\\/wp-content\\\/uploads\\\/2021\\\/07\\\/logo-hr.svg\",\"width\":271,\"height\":100,\"caption\":\"SDF - Srpski demokratski forum\"},\"image\":{\"@id\":\"https:\\\/\\\/sdf.hr\\\/#\\\/schema\\\/logo\\\/image\\\/\"}}]}<\/script>\n<!-- \/ Yoast SEO plugin. -->","yoast_head_json":{"title":"Nata\u0161a Desnica-\u017derjavi\u0107: Sve je i\u0161lo preko nas - SDF - Srpski demokratski forum","robots":{"index":"index","follow":"follow","max-snippet":"max-snippet:-1","max-image-preview":"max-image-preview:large","max-video-preview":"max-video-preview:-1"},"canonical":"https:\/\/sdf.hr\/hr\/nada\/natasa-desnica-zerjavic-sve-je-islo-preko-nas\/","og_locale":"hr_HR","og_type":"article","og_title":"Nata\u0161a Desnica-\u017derjavi\u0107: Sve je i\u0161lo preko nas - SDF - Srpski demokratski forum","og_description":"Moj otac nikad nije poricao da je Srbin, ali zar je to jedino va\u017eno, zar je to jedini kriterij? Naravno, kad je do\u0161ao rat, bilo je va\u017enije da je Desnica Srbin nego ono \u0161to je napisao","og_url":"https:\/\/sdf.hr\/hr\/nada\/natasa-desnica-zerjavic-sve-je-islo-preko-nas\/","og_site_name":"SDF - Srpski demokratski forum","article_modified_time":"2023-03-28T11:14:23+00:00","og_image":[{"width":2560,"height":1707,"url":"https:\/\/sdf.hr\/wp-content\/uploads\/2021\/09\/Desnica1_Duska-Boban-scaled.jpg","type":"image\/jpeg"}],"twitter_card":"summary_large_image","twitter_misc":{"Procijenjeno vrijeme \u010ditanja":"13 minuta"},"schema":{"@context":"https:\/\/schema.org","@graph":[{"@type":"WebPage","@id":"https:\/\/sdf.hr\/hr\/nada\/natasa-desnica-zerjavic-sve-je-islo-preko-nas\/","url":"https:\/\/sdf.hr\/hr\/nada\/natasa-desnica-zerjavic-sve-je-islo-preko-nas\/","name":"Nata\u0161a Desnica-\u017derjavi\u0107: Sve je i\u0161lo preko nas - SDF - Srpski demokratski forum","isPartOf":{"@id":"https:\/\/sdf.hr\/#website"},"primaryImageOfPage":{"@id":"https:\/\/sdf.hr\/hr\/nada\/natasa-desnica-zerjavic-sve-je-islo-preko-nas\/#primaryimage"},"image":{"@id":"https:\/\/sdf.hr\/hr\/nada\/natasa-desnica-zerjavic-sve-je-islo-preko-nas\/#primaryimage"},"thumbnailUrl":"https:\/\/sdf.hr\/wp-content\/uploads\/2021\/09\/Desnica1_Duska-Boban-scaled.jpg","datePublished":"2021-09-03T12:38:58+00:00","dateModified":"2023-03-28T11:14:23+00:00","breadcrumb":{"@id":"https:\/\/sdf.hr\/hr\/nada\/natasa-desnica-zerjavic-sve-je-islo-preko-nas\/#breadcrumb"},"inLanguage":"hr","potentialAction":[{"@type":"ReadAction","target":["https:\/\/sdf.hr\/hr\/nada\/natasa-desnica-zerjavic-sve-je-islo-preko-nas\/"]}]},{"@type":"ImageObject","inLanguage":"hr","@id":"https:\/\/sdf.hr\/hr\/nada\/natasa-desnica-zerjavic-sve-je-islo-preko-nas\/#primaryimage","url":"https:\/\/sdf.hr\/wp-content\/uploads\/2021\/09\/Desnica1_Duska-Boban-scaled.jpg","contentUrl":"https:\/\/sdf.hr\/wp-content\/uploads\/2021\/09\/Desnica1_Duska-Boban-scaled.jpg","width":2560,"height":1707,"caption":"Foto: Du\u0161ka Boban"},{"@type":"BreadcrumbList","@id":"https:\/\/sdf.hr\/hr\/nada\/natasa-desnica-zerjavic-sve-je-islo-preko-nas\/#breadcrumb","itemListElement":[{"@type":"ListItem","position":1,"name":"Po\u010detna stranica","item":"https:\/\/sdf.hr\/hr\/"},{"@type":"ListItem","position":2,"name":"Nada","item":"https:\/\/sdf.hr\/nada\/"},{"@type":"ListItem","position":3,"name":"Nata\u0161a Desnica-\u017derjavi\u0107: Sve je i\u0161lo preko nas"}]},{"@type":"WebSite","@id":"https:\/\/sdf.hr\/#website","url":"https:\/\/sdf.hr\/","name":"SDF - Srpski demokratski forum","description":"Srpski demokratski forum","publisher":{"@id":"https:\/\/sdf.hr\/#organization"},"potentialAction":[{"@type":"SearchAction","target":{"@type":"EntryPoint","urlTemplate":"https:\/\/sdf.hr\/?s={search_term_string}"},"query-input":{"@type":"PropertyValueSpecification","valueRequired":true,"valueName":"search_term_string"}}],"inLanguage":"hr"},{"@type":"Organization","@id":"https:\/\/sdf.hr\/#organization","name":"SDF - Srpski demokratski forum","url":"https:\/\/sdf.hr\/","logo":{"@type":"ImageObject","inLanguage":"hr","@id":"https:\/\/sdf.hr\/#\/schema\/logo\/image\/","url":"https:\/\/sdf.hr\/wp-content\/uploads\/2021\/07\/logo-hr.svg","contentUrl":"https:\/\/sdf.hr\/wp-content\/uploads\/2021\/07\/logo-hr.svg","width":271,"height":100,"caption":"SDF - Srpski demokratski forum"},"image":{"@id":"https:\/\/sdf.hr\/#\/schema\/logo\/image\/"}}]}},"_links":{"self":[{"href":"https:\/\/sdf.hr\/hr\/wp-json\/wp\/v2\/nada\/525","targetHints":{"allow":["GET"]}}],"collection":[{"href":"https:\/\/sdf.hr\/hr\/wp-json\/wp\/v2\/nada"}],"about":[{"href":"https:\/\/sdf.hr\/hr\/wp-json\/wp\/v2\/types\/nada"}],"wp:featuredmedia":[{"embeddable":true,"href":"https:\/\/sdf.hr\/hr\/wp-json\/wp\/v2\/media\/3204"}],"wp:attachment":[{"href":"https:\/\/sdf.hr\/hr\/wp-json\/wp\/v2\/media?parent=525"}],"wp:term":[{"taxonomy":"post_tag","embeddable":true,"href":"https:\/\/sdf.hr\/hr\/wp-json\/wp\/v2\/tags?post=525"},{"taxonomy":"atribut","embeddable":true,"href":"https:\/\/sdf.hr\/hr\/wp-json\/wp\/v2\/atribut?post=525"}],"curies":[{"name":"wp","href":"https:\/\/api.w.org\/{rel}","templated":true}]}}