{"id":5278,"date":"2024-07-31T12:19:13","date_gmt":"2024-07-31T10:19:13","guid":{"rendered":"https:\/\/sdf.hr\/nada\/ne-valja-pa-dobro\/"},"modified":"2024-07-31T12:21:20","modified_gmt":"2024-07-31T10:21:20","slug":"ne-valja-pa-dobro","status":"publish","type":"nada","link":"https:\/\/sdf.hr\/hr\/nada\/ne-valja-pa-dobro\/","title":{"rendered":"Ne valja, pa dobro"},"content":{"rendered":"<p>Ovih dana dosta razmi\u0161ljam o <strong>Eleni Ferrante<\/strong>, koju sam sam upoznala davno, prvo preko jednog filma ra\u0111enog po njezinu romanu, a koju godinu poslije i preko &#8220;Napuljske tetralogije&#8221;. Nije to bez veze, jer \u0107e na isti dan kad trebam krenuti s fizikalnom poslije svih godi\u0161njih, a sad kako sam pogledala u kalendar da provjerim govorim li dobro, vidjela sam da bih trebala biti na jo\u0161 jednom mjestu u isto vrijeme, na tre\u0107em (!) premijerno iza\u0107i prva epizoda \u010detvrte i zadnje sezone &#8220;Genijalne prijateljice&#8221;. <strong>Alba Rochwacher<\/strong> kao Lenu, to je sve \u0161to \u017eelim vidjeti. Ali, nije to jedini razlog za\u0161to mislim o Ferrante, mislim i o <strong>Louise Gl\u00fcck<\/strong>, <strong>Laurie Anderson<\/strong>, <strong>Donni Tart<\/strong>, <strong>Mariji \u010cudini<\/strong>, <strong>Sofiji Andruhovi\u010d<\/strong>\u2026, sve nekim meni dragim spisateljicama koje su se na ovaj ili onaj na\u010din, neke kroz intervjue, neke kroz svoje romane i poeziju, eseje, bavile idejom neuspjeha. Neke direktnije, neke usput, neke tako da ni same nikad ne primijete o \u010demu to\u010dno govore nego ti \u010ditatelj naknadno upi\u0161e u tekst i \u0161to se mo\u017ee, rekla bih.<\/p>\n<p>Razmi\u0161ljam o Eleni i ekipi, jer ovih dana probijam sve mogu\u0107e rokove po pisanju svoje knjige pri\u010da, koja je na\u010delno gotova, ali ta jedna pri\u010da tra\u017ei vi\u0161e koncentracije, vi\u0161e mene, manje projiciranja u budu\u0107nost, tra\u017ei u\u017eitak u stvaranju teksta i proizvodi ga, a onda ga interferira dostava, pisanje izvje\u0161taja, pla\u0107anje ra\u010duna, organiziranje \u010duvanja i \u0161etnje pasa, \u010di\u0161\u0107enje stana\u2026 A u mojoj glavi, dok (nju) pi\u0161em sve ostalo naprosto ne smije i mo\u017ee postojati, ma, evo, stavila bih ruku u vatru da ka\u017eem da ne postoji, a i ono \u0161to radim dok pi\u0161em, po subjektivnoj procjeni, proizvodi mi ve\u0107i u\u017eitak od materijalnog svijeta. Mo\u017eda je to, pisanje, moja strehica za skloniti se pod nju od stvarnosti, ne znam, nije to ni tema, niti bi stvarnost toliko otu\u0111ivala od sebe i tako je pau\u0161alno ocjenjivala. S druge je strane rok koji na neki na\u010din poku\u0161avam dosti\u0107i, a on me polako gr\u010di i ulazim u sferu: e, vidi\u0161, opet si ne\u0161to zaje&#8230;zeznula. Odakle mi ideja da \u0107u probijanjem roka definirati svoj neuspjeh, ne znam. Za\u0161to unutar svega ne vidim objektivne okolnosti koje utje\u010du na \u010ditav proces, isto ne znam. Sve se pobri\u0161e. Ostaje samo gr\u010d.<\/p>\n<p>A jedini na\u010din da se otklju\u010dam iz <em>deadlocka<\/em> je putem, dok se po pustari pisanja valjam ko korov, pa naletim na stvari koje, kako bi Ameri rekli, informiraju moj proces: dok \u010ditam &#8220;svoje&#8221; \u017eene. I one su se na razne na\u010dine nosile s unutarnjim idejama uspjeha i neuspjeha. To me na neki na\u010din razoru\u017eava i opu\u0161ta, ali i vodi tekstovima koji su pouzdani, jer su uvijek tu i dostupni, uvijek se da u\u0107i u dvoboj ili troboj s njima, razgovarati i sva\u0111ati se, zahtijevati od njih kako i oni od mene. A kako su podlo\u017eni interpretacijama i svaki je tekst novim \u010ditanjem druga\u010diji i govori ne\u0161to novo, tako i oni najzgr\u010deniji dijelovi mene polako ravnaju svoje nabore. Nikad do kraja, ali dovoljno da ne puknem ni ja, ni oni. Te\u0161ko je samo ako ne\u0161to pretjerano lipti. A tamo je uvijek najopasnije oti\u0107i, tamo onda nema prostora ni za \u0161to osim za sanaciju onog \u0161to je nenadano umaljalo tekst.<\/p>\n<p><em>Postavila bih si ovdje otvoreno pitanje za daljnje \u010ditanje: je li to odgovornost prema sebi, tekstu ili odgovornost (pisca, kolumnista, esejista, kroni\u010dara) op\u0107enito? Od koga ili \u010dega krijem mrlje? Tko dobiva?<\/em><\/p>\n<p>Proces pisanja teksta na dvotjednoj razini isto donosi neke svoje gr\u010deve, iako su oni, nau\u010dila sam o sebi, po svoj prilici mali i nije se te\u0161ko izborkati s njima. Negdje sam putem, nakon prva dva ili tri teksta, shvatila da ne\u0107e svaki biti savr\u0161en, da \u0107e se mnogi uru\u0161iti sami u sebi i pod nerazra\u0111enim idejama, osvrtima, \u017eeljom da pobjegnem s diskurzivnog mjesta, da \u0107e kolaps biti neminovan, jer neke teme zahtijevaju da znam proverbijalno udariti, ali ja to ne znam, ili da znam udariti \u0161akom o stol kako <strong>Doris Dragovi\u0107<\/strong>, a to nije moj nastup prema svijetu.<\/p>\n<p>S druge strane, \u010desto mi ni strategije borbe koje proizlaze iz prirode onog protiv \u010dega se borim dok pi\u0161em nisu jasne i bome, ne \u017eelim ih ni upoznati, niti se pouzdati u potencijalno isti sloj u svojoj nekoj diskurzivnoj mapi. Ve\u0107inom \u010da\u010dkam i gr\u010dim se u procesu da na\u0111em neke druge, neke strategije svojstvenije sebi, a da nisu sviranje primirja ili povla\u010denje, da nisu iskaz blagosti ili razumijevanja za ne\u0161to \u0161to nikad ne bi trebalo razumjeti, a da nisu ni rezignacija, ili ekscesivni moment predaje i\/ili otpora, da nisam u kanonskim dihotomijama prepisanima i onda nalijepljenima na \u017eene i na\u0161 poku\u0161aj kanoniziranja stvarnosti ovako ili onako. Meni je, uostalom, ponekad dosta razumijevanja svijeta, a pritom, paradoksalno, ne \u017eelim ni\u0161ta drugo nego ga razumjeti u potpunosti. I to je, u kona\u010dnici, polje na kojem ve\u0107inom padam, jer ne odustajem na toj klackalici gubitaka i dobitaka. Nego, ni to nisam znala dok nisam po\u010dela otkrivati kapacitete svoje tekstualne ba\u010dve, \u010dime je punim i \u010dime je praznim, jednom kad sam si stvorila priliku za relativno redovito pisanje i pristup vlastitom tekstu.<\/p>\n<p>A on ne dolazi, i nismo o tome ve\u0107 ne pisali, &#8220;moje&#8221; \u017eene i ja, bez sre\u0111enih ekonomskih i ostalih uvjeta, ali valja ponoviti i podcrtati ne\u010dim \u0161to je Elena pisala u The Guardianu u onoj svojoj jednogodi\u0161njoj epizodi pisanja kratkih kolumni. U jednoj od njih se konkretno bavi neuspjehom, i ja joj kimam, iako jo\u0161 uvijek razgovaramo o tome, jer kao \u0161to ste primijetili, ja u pri\u010du nisam upisala gubitnike, pitam samo tko dobiva.<\/p>\n<p>Uglavnom, Elena veli onako kako ja zami\u0161ljam da mi govori, pa tako i prevodim, i eto jednog otpori\u0107a: &#8220;Mo\u017eda je jedina utvara iza ove podjele na pobjednike i gubitnike upravo to, strah od neuspjeha. To je bila jedina stvar koje sam se kao djevoj\u010dica najvi\u0161e bojala. Neuspjeh u \u0161koli; neuspjeh oko zapo\u0161ljavanja; neuspjeh na ispitima, bili oni iz tjelesnoga ili matematike. Preko glave sam se trudila oko svega \u0161to je iole nalikovalo natjecanju, jer sam slutila da jedan neuspjeh vodi drugome, a to je odakle lista dobrih i lo\u0161ih stvari vu\u010de svoje porijeklo. Kad zavr\u0161i\u0161 na listi lo\u0161ih, jako je te\u0161ko dospjeti na listu dobrih. Trebalo mi je dosta vremena da shvatim da su te podjele okrutne kako su i arbitrarne. Pretvaraju se da socioekonomske jednakosti, seksualna i rasna diskriminacija ne postoje, ni to dozlaboga neoprostivo tra\u0107enje pameti koje im je nusprodukt. Radimo liste dobrog i lo\u0161eg kao da mnoge privilegije koje proizlaze iz prilika nisu u tome u\u010destvovale: tvoje mjesto ro\u0111enja, tvoja obitelj, nejednake mogu\u0107nosti.&#8221;<\/p>\n<p>Draga Elena, hvala ti na ovome.<\/p>\n<p>\u017delim samo dodati da ponekad treba biti uru\u0161avanja, ponekad tekst mora trpjeti kao dokaz ovim stvarima, gotovo uvijek treba kidati liste dobrih i lo\u0161ih stvari, kako je kolegica Gl\u00fcck na radionicama poezije kidala lo\u0161e pjesme svojih sudionika. Zvuk paranja sigurno zvu\u010di bolje od straha koji se u tekstu uka\u017ee na razne na\u010din, a sve samo da tekst udovolji, a ne da govori. I okej, proces u\u010denja nikad nije lagan. \u017delim re\u0107i, prelazak s liste dobrih na lo\u0161e ne bi trebala biti alpinisti\u010dka disciplina, treba propadati i \u010dupati krajeve dok liste poput plahti ne svu\u010demo i ajde, u mom svijetu, proverbijalno zapalimo. Probila rok, pa probila rok, je l&#8217; stvarno u tome utkan strah za egzistenciju i listu lo\u0161ih? Zamisli na kakvoj sitnici padam, kao \u017eena. Ajmo, parajmo.<\/p>\n<p>Ina\u010de, tko dobiva?<\/p>\n<p><em>pi\u0161e Marija Andrija\u0161evi\u0107<\/em><\/p>\n","protected":false},"excerpt":{"rendered":"<p>Odakle mi ideja da \u0107u probijanjem roka definirati svoj neuspjeh, ne znam. Za\u0161to unutar svega ne vidim objektivne okolnosti koje utje\u010du na \u010ditav proces, isto ne znam. Sve se pobri\u0161e. Ostaje samo gr\u010d<\/p>\n","protected":false},"featured_media":4983,"template":"","tags":[177],"atribut":[],"class_list":["post-5278","nada","type-nada","status-publish","has-post-thumbnail","hentry","tag-vrzino-kolo-hr"],"acf":[],"yoast_head":"<!-- This site is optimized with the Yoast SEO plugin v27.4 - https:\/\/yoast.com\/product\/yoast-seo-wordpress\/ -->\n<title>Ne valja, pa dobro - SDF - Srpski demokratski forum<\/title>\n<meta name=\"robots\" content=\"index, follow, max-snippet:-1, max-image-preview:large, max-video-preview:-1\" \/>\n<link rel=\"canonical\" href=\"https:\/\/sdf.hr\/hr\/nada\/ne-valja-pa-dobro\/\" \/>\n<meta property=\"og:locale\" content=\"hr_HR\" \/>\n<meta property=\"og:type\" content=\"article\" \/>\n<meta property=\"og:title\" content=\"Ne valja, pa dobro - SDF - Srpski demokratski forum\" \/>\n<meta property=\"og:description\" content=\"Odakle mi ideja da \u0107u probijanjem roka definirati svoj neuspjeh, ne znam. Za\u0161to unutar svega ne vidim objektivne okolnosti koje utje\u010du na \u010ditav proces, isto ne znam. Sve se pobri\u0161e. Ostaje samo gr\u010d\" \/>\n<meta property=\"og:url\" content=\"https:\/\/sdf.hr\/hr\/nada\/ne-valja-pa-dobro\/\" \/>\n<meta property=\"og:site_name\" content=\"SDF - Srpski demokratski forum\" \/>\n<meta property=\"article:modified_time\" content=\"2024-07-31T10:21:20+00:00\" \/>\n<meta property=\"og:image\" content=\"https:\/\/sdf.hr\/wp-content\/uploads\/2024\/06\/Andrijasevic_Duska-Boban-scaled.jpg\" \/>\n\t<meta property=\"og:image:width\" content=\"2560\" \/>\n\t<meta property=\"og:image:height\" content=\"1685\" \/>\n\t<meta property=\"og:image:type\" content=\"image\/jpeg\" \/>\n<meta name=\"twitter:card\" content=\"summary_large_image\" \/>\n<meta name=\"twitter:label1\" content=\"Procijenjeno vrijeme \u010ditanja\" \/>\n\t<meta name=\"twitter:data1\" content=\"7 minuta\" \/>\n<script type=\"application\/ld+json\" class=\"yoast-schema-graph\">{\"@context\":\"https:\\\/\\\/schema.org\",\"@graph\":[{\"@type\":\"WebPage\",\"@id\":\"https:\\\/\\\/sdf.hr\\\/hr\\\/nada\\\/ne-valja-pa-dobro\\\/\",\"url\":\"https:\\\/\\\/sdf.hr\\\/hr\\\/nada\\\/ne-valja-pa-dobro\\\/\",\"name\":\"Ne valja, pa dobro - SDF - Srpski demokratski forum\",\"isPartOf\":{\"@id\":\"https:\\\/\\\/sdf.hr\\\/#website\"},\"primaryImageOfPage\":{\"@id\":\"https:\\\/\\\/sdf.hr\\\/hr\\\/nada\\\/ne-valja-pa-dobro\\\/#primaryimage\"},\"image\":{\"@id\":\"https:\\\/\\\/sdf.hr\\\/hr\\\/nada\\\/ne-valja-pa-dobro\\\/#primaryimage\"},\"thumbnailUrl\":\"https:\\\/\\\/sdf.hr\\\/wp-content\\\/uploads\\\/2024\\\/06\\\/Andrijasevic_Duska-Boban-scaled.jpg\",\"datePublished\":\"2024-07-31T10:19:13+00:00\",\"dateModified\":\"2024-07-31T10:21:20+00:00\",\"breadcrumb\":{\"@id\":\"https:\\\/\\\/sdf.hr\\\/hr\\\/nada\\\/ne-valja-pa-dobro\\\/#breadcrumb\"},\"inLanguage\":\"hr\",\"potentialAction\":[{\"@type\":\"ReadAction\",\"target\":[\"https:\\\/\\\/sdf.hr\\\/hr\\\/nada\\\/ne-valja-pa-dobro\\\/\"]}]},{\"@type\":\"ImageObject\",\"inLanguage\":\"hr\",\"@id\":\"https:\\\/\\\/sdf.hr\\\/hr\\\/nada\\\/ne-valja-pa-dobro\\\/#primaryimage\",\"url\":\"https:\\\/\\\/sdf.hr\\\/wp-content\\\/uploads\\\/2024\\\/06\\\/Andrijasevic_Duska-Boban-scaled.jpg\",\"contentUrl\":\"https:\\\/\\\/sdf.hr\\\/wp-content\\\/uploads\\\/2024\\\/06\\\/Andrijasevic_Duska-Boban-scaled.jpg\",\"width\":2560,\"height\":1685,\"caption\":\"Marija Andrija\u0161evi\u0107 (Foto: Du\u0161ka Boban)\"},{\"@type\":\"BreadcrumbList\",\"@id\":\"https:\\\/\\\/sdf.hr\\\/hr\\\/nada\\\/ne-valja-pa-dobro\\\/#breadcrumb\",\"itemListElement\":[{\"@type\":\"ListItem\",\"position\":1,\"name\":\"Po\u010detna stranica\",\"item\":\"https:\\\/\\\/sdf.hr\\\/hr\\\/\"},{\"@type\":\"ListItem\",\"position\":2,\"name\":\"Nada\",\"item\":\"https:\\\/\\\/sdf.hr\\\/nada\\\/\"},{\"@type\":\"ListItem\",\"position\":3,\"name\":\"Ne valja, pa dobro\"}]},{\"@type\":\"WebSite\",\"@id\":\"https:\\\/\\\/sdf.hr\\\/#website\",\"url\":\"https:\\\/\\\/sdf.hr\\\/\",\"name\":\"SDF - Srpski demokratski forum\",\"description\":\"Srpski demokratski forum\",\"publisher\":{\"@id\":\"https:\\\/\\\/sdf.hr\\\/#organization\"},\"potentialAction\":[{\"@type\":\"SearchAction\",\"target\":{\"@type\":\"EntryPoint\",\"urlTemplate\":\"https:\\\/\\\/sdf.hr\\\/?s={search_term_string}\"},\"query-input\":{\"@type\":\"PropertyValueSpecification\",\"valueRequired\":true,\"valueName\":\"search_term_string\"}}],\"inLanguage\":\"hr\"},{\"@type\":\"Organization\",\"@id\":\"https:\\\/\\\/sdf.hr\\\/#organization\",\"name\":\"SDF - Srpski demokratski forum\",\"url\":\"https:\\\/\\\/sdf.hr\\\/\",\"logo\":{\"@type\":\"ImageObject\",\"inLanguage\":\"hr\",\"@id\":\"https:\\\/\\\/sdf.hr\\\/#\\\/schema\\\/logo\\\/image\\\/\",\"url\":\"https:\\\/\\\/sdf.hr\\\/wp-content\\\/uploads\\\/2021\\\/07\\\/logo-hr.svg\",\"contentUrl\":\"https:\\\/\\\/sdf.hr\\\/wp-content\\\/uploads\\\/2021\\\/07\\\/logo-hr.svg\",\"width\":271,\"height\":100,\"caption\":\"SDF - Srpski demokratski forum\"},\"image\":{\"@id\":\"https:\\\/\\\/sdf.hr\\\/#\\\/schema\\\/logo\\\/image\\\/\"}}]}<\/script>\n<!-- \/ Yoast SEO plugin. -->","yoast_head_json":{"title":"Ne valja, pa dobro - SDF - Srpski demokratski forum","robots":{"index":"index","follow":"follow","max-snippet":"max-snippet:-1","max-image-preview":"max-image-preview:large","max-video-preview":"max-video-preview:-1"},"canonical":"https:\/\/sdf.hr\/hr\/nada\/ne-valja-pa-dobro\/","og_locale":"hr_HR","og_type":"article","og_title":"Ne valja, pa dobro - SDF - Srpski demokratski forum","og_description":"Odakle mi ideja da \u0107u probijanjem roka definirati svoj neuspjeh, ne znam. Za\u0161to unutar svega ne vidim objektivne okolnosti koje utje\u010du na \u010ditav proces, isto ne znam. Sve se pobri\u0161e. Ostaje samo gr\u010d","og_url":"https:\/\/sdf.hr\/hr\/nada\/ne-valja-pa-dobro\/","og_site_name":"SDF - Srpski demokratski forum","article_modified_time":"2024-07-31T10:21:20+00:00","og_image":[{"width":2560,"height":1685,"url":"https:\/\/sdf.hr\/wp-content\/uploads\/2024\/06\/Andrijasevic_Duska-Boban-scaled.jpg","type":"image\/jpeg"}],"twitter_card":"summary_large_image","twitter_misc":{"Procijenjeno vrijeme \u010ditanja":"7 minuta"},"schema":{"@context":"https:\/\/schema.org","@graph":[{"@type":"WebPage","@id":"https:\/\/sdf.hr\/hr\/nada\/ne-valja-pa-dobro\/","url":"https:\/\/sdf.hr\/hr\/nada\/ne-valja-pa-dobro\/","name":"Ne valja, pa dobro - SDF - Srpski demokratski forum","isPartOf":{"@id":"https:\/\/sdf.hr\/#website"},"primaryImageOfPage":{"@id":"https:\/\/sdf.hr\/hr\/nada\/ne-valja-pa-dobro\/#primaryimage"},"image":{"@id":"https:\/\/sdf.hr\/hr\/nada\/ne-valja-pa-dobro\/#primaryimage"},"thumbnailUrl":"https:\/\/sdf.hr\/wp-content\/uploads\/2024\/06\/Andrijasevic_Duska-Boban-scaled.jpg","datePublished":"2024-07-31T10:19:13+00:00","dateModified":"2024-07-31T10:21:20+00:00","breadcrumb":{"@id":"https:\/\/sdf.hr\/hr\/nada\/ne-valja-pa-dobro\/#breadcrumb"},"inLanguage":"hr","potentialAction":[{"@type":"ReadAction","target":["https:\/\/sdf.hr\/hr\/nada\/ne-valja-pa-dobro\/"]}]},{"@type":"ImageObject","inLanguage":"hr","@id":"https:\/\/sdf.hr\/hr\/nada\/ne-valja-pa-dobro\/#primaryimage","url":"https:\/\/sdf.hr\/wp-content\/uploads\/2024\/06\/Andrijasevic_Duska-Boban-scaled.jpg","contentUrl":"https:\/\/sdf.hr\/wp-content\/uploads\/2024\/06\/Andrijasevic_Duska-Boban-scaled.jpg","width":2560,"height":1685,"caption":"Marija Andrija\u0161evi\u0107 (Foto: Du\u0161ka Boban)"},{"@type":"BreadcrumbList","@id":"https:\/\/sdf.hr\/hr\/nada\/ne-valja-pa-dobro\/#breadcrumb","itemListElement":[{"@type":"ListItem","position":1,"name":"Po\u010detna stranica","item":"https:\/\/sdf.hr\/hr\/"},{"@type":"ListItem","position":2,"name":"Nada","item":"https:\/\/sdf.hr\/nada\/"},{"@type":"ListItem","position":3,"name":"Ne valja, pa dobro"}]},{"@type":"WebSite","@id":"https:\/\/sdf.hr\/#website","url":"https:\/\/sdf.hr\/","name":"SDF - Srpski demokratski forum","description":"Srpski demokratski forum","publisher":{"@id":"https:\/\/sdf.hr\/#organization"},"potentialAction":[{"@type":"SearchAction","target":{"@type":"EntryPoint","urlTemplate":"https:\/\/sdf.hr\/?s={search_term_string}"},"query-input":{"@type":"PropertyValueSpecification","valueRequired":true,"valueName":"search_term_string"}}],"inLanguage":"hr"},{"@type":"Organization","@id":"https:\/\/sdf.hr\/#organization","name":"SDF - Srpski demokratski forum","url":"https:\/\/sdf.hr\/","logo":{"@type":"ImageObject","inLanguage":"hr","@id":"https:\/\/sdf.hr\/#\/schema\/logo\/image\/","url":"https:\/\/sdf.hr\/wp-content\/uploads\/2021\/07\/logo-hr.svg","contentUrl":"https:\/\/sdf.hr\/wp-content\/uploads\/2021\/07\/logo-hr.svg","width":271,"height":100,"caption":"SDF - Srpski demokratski forum"},"image":{"@id":"https:\/\/sdf.hr\/#\/schema\/logo\/image\/"}}]}},"_links":{"self":[{"href":"https:\/\/sdf.hr\/hr\/wp-json\/wp\/v2\/nada\/5278","targetHints":{"allow":["GET"]}}],"collection":[{"href":"https:\/\/sdf.hr\/hr\/wp-json\/wp\/v2\/nada"}],"about":[{"href":"https:\/\/sdf.hr\/hr\/wp-json\/wp\/v2\/types\/nada"}],"wp:featuredmedia":[{"embeddable":true,"href":"https:\/\/sdf.hr\/hr\/wp-json\/wp\/v2\/media\/4983"}],"wp:attachment":[{"href":"https:\/\/sdf.hr\/hr\/wp-json\/wp\/v2\/media?parent=5278"}],"wp:term":[{"taxonomy":"post_tag","embeddable":true,"href":"https:\/\/sdf.hr\/hr\/wp-json\/wp\/v2\/tags?post=5278"},{"taxonomy":"atribut","embeddable":true,"href":"https:\/\/sdf.hr\/hr\/wp-json\/wp\/v2\/atribut?post=5278"}],"curies":[{"name":"wp","href":"https:\/\/api.w.org\/{rel}","templated":true}]}}