{"id":5285,"date":"2024-08-02T07:47:09","date_gmt":"2024-08-02T05:47:09","guid":{"rendered":"https:\/\/sdf.hr\/nada\/lori-duga-iznad-rijeke\/"},"modified":"2024-08-02T07:47:57","modified_gmt":"2024-08-02T05:47:57","slug":"lori-duga-iznad-rijeke","status":"publish","type":"nada","link":"https:\/\/sdf.hr\/hr\/nada\/lori-duga-iznad-rijeke\/","title":{"rendered":"LORI \u2013 Duga iznad Rijeke"},"content":{"rendered":"<p>Od 2000. godine u Rijeci djeluje LORI, Lezbijska organizacija Rijeka, koju je tada osnovalo desetak entuzijastica. Isti je entuzijazam priklju\u010divanjem udruzi 2012. godine nastavila gajiti i jedna od dana\u0161njih \u010dlanica, <strong>Antonija Stojanovi\u0107<\/strong>, koja nam je ispri\u010dala vi\u0161e o po\u010decima udruge, isti\u010du\u0107i odjek i medijski pritisak s kojim se LORI nosila kao prva registrirana lezbijska udruga u Hrvatskoj. U to su vrijeme, govori nam Antonija, osobe istospolne orijentacije i transrodne osobe u Hrvatskoj bile potpuno nevidljive i marginalizirane, bez ikakve zakonske za\u0161tite.<\/p>\n<p>&#8211; Nije postojao zakon o zabrani diskriminacije: mogli ste dobiti otkaz na poslu samo zato \u0161to ste gej, bez ikakvih posljedica. Stoga LORI po\u010dinje s kreiranjem sigurnog prostora, osna\u017eivanjem LGBTIQ osoba te informiranjem i senzibiliziranjem javnosti o tome s \u010dime se susre\u0107emo uslijed nerazumijevanja, predrasuda i neznanja drugih. Od najbli\u017eih, u obitelji, na radnom mjestu, u \u0161koli, na javnim mjestima \u2013 kazala je Antonija te se prisjetila kako su tada brojni ljudi, s obzirom na to da je pristup internetu bio rijedak, dolazili u udrugu &#8220;surfati&#8221; i tako se upoznavati s queer kulturom, aktivizmom i stanjem u drugim zemljama.<\/p>\n<p>Ve\u0107 12 godina udruga provodi program Suzbijanja homofobije, bifobije i transfobije u sustavu obrazovanja, a Antonija isti\u010de kako od tada osobno vidi napredak u tom podru\u010dju. Na seminare za nastavno i \u0161kolsko osoblje javlja im se puno vi\u0161e ljudi negoli mogu primiti, upravo jer se o tome nemaju prilike educirati kroz formalno obrazovanje.<\/p>\n<p>&#8211; Javljaju nam se s pitanjima kako pokazati u \u0161koli da su podr\u0161ka svoj djeci bez obzira na njihovu spolnu orijentaciju i rodni identitet, kako postupiti kad im u\u010denik ili u\u010denica napravi <em>coming out<\/em>, tj. povjeri da je lezbijka, gej ili trans, a tra\u017ee savjete i kod obra\u0111ivanja odre\u0111enih tema vezanih za ljudska prava. O\u010dito nastavnici i nastavnice na temelju onoga \u0161to vide u \u0161koli \u2013 predrasude i &#8220;more&#8221; neistina kad su u pitanju ove teme \u2013 uvi\u0111aju kolika je potreba da se djeci i mladima pru\u017ee provjerene informacije te kolika je va\u017enost kreiranja ozra\u010dja prihva\u0107anja, a ne netolerancije i nasilja \u2013 ukazuje Antonija.<\/p>\n<p>Udruga trenutno provodi projekt &#8220;S margina u fokus \u2013 zdravstvene potrebe LBTQ \u017eena&#8221; kojim \u017eele pobolj\u0161ati dostupnost i kvalitetu zdravstvenih usluga za lezbijke, biseksualne, transrodne i queer \u017eene te podi\u0107i svijest o problemima s kojima se susre\u0107u u podru\u010dju zdravlja. Do kraja godine izdat \u0107e izvje\u0161\u0107e istra\u017eivanja o zdravstvenom statusu i potrebama LBTQ \u017eena u Hrvatskoj, a kroz svoj rad do sada su svjedo\u010dile da je za lezbijke, biseksualne, trans cure i \u017eene zdravstveni sustav \u010desto susret s homofobijom medicinskog osoblja te da mnoge kriju svoju orijentaciju i rodni identitet, ili, u kona\u010dnici, izbjegavaju odlazak na preglede.<\/p>\n<figure id=\"attachment_5282\" aria-describedby=\"caption-attachment-5282\" style=\"width: 2560px\" class=\"wp-caption alignnone\"><img loading=\"lazy\" decoding=\"async\" class=\"wp-image-5282 size-full\" src=\"https:\/\/sdf.hr\/wp-content\/uploads\/2024\/08\/Lori2_Tanja-Kanazir-scaled.jpg\" alt=\"\" width=\"2560\" height=\"1707\" srcset=\"https:\/\/sdf.hr\/wp-content\/uploads\/2024\/08\/Lori2_Tanja-Kanazir-scaled.jpg 2560w, https:\/\/sdf.hr\/wp-content\/uploads\/2024\/08\/Lori2_Tanja-Kanazir-300x200.jpg 300w, https:\/\/sdf.hr\/wp-content\/uploads\/2024\/08\/Lori2_Tanja-Kanazir-1024x683.jpg 1024w, https:\/\/sdf.hr\/wp-content\/uploads\/2024\/08\/Lori2_Tanja-Kanazir-768x512.jpg 768w, https:\/\/sdf.hr\/wp-content\/uploads\/2024\/08\/Lori2_Tanja-Kanazir-1536x1024.jpg 1536w, https:\/\/sdf.hr\/wp-content\/uploads\/2024\/08\/Lori2_Tanja-Kanazir-2048x1365.jpg 2048w\" sizes=\"auto, (max-width: 2560px) 100vw, 2560px\" \/><figcaption id=\"caption-attachment-5282\" class=\"wp-caption-text\">S pro\u0161logodi\u0161nje Smoque (Foto: Tanja Kanazir)<\/figcaption><\/figure>\n<p>&#8211; Konstantno razmatranje kad se i kome mo\u017eemo povjeriti (autati se), manjinski stres, predrasude i neinformiranost zdravstvenog osoblja umnogome utje\u010du na na\u0161e zdravlje, reproduktivno i mentalno. Nerijetko nam se obra\u0107aju osobe s upitima za preporuku informiranih i prijateljskih lije\u010dnika ili lije\u010dnica, nakon \u0161to su do\u017eivjele neugodnosti i osu\u0111ivanje ili su u strahu da ih ne do\u017eive. S posebnim se pote\u0161ko\u0107ama i diskriminacijom od strane ginekologa i ginekologinja susre\u0107u lezbijke koje se odlu\u010duju na roditeljstvo. Trans \u017eenama u Hrvatskoj zdravstveno osiguranje ne pokriva operacije i hormone; nema stru\u010dnjaka i stru\u010dnjakinja educiranih za pru\u017eanje adekvatne zdravstvene usluge transrodnim osobama (osim njih nekoliko u Zagrebu), \u010dime su posebice u nepovoljnom polo\u017eaju osobe slabije imovinske situacije ili koje \u017eive udaljenije od Zagreba \u2013 govori nam Antonija.<\/p>\n<p>Besplatna psihosocijalna podr\u0161ka i javno savjetovanje jo\u0161 je jedna od stvari koje udruga pru\u017ea, a \u010desto im se javljaju i mlade osobe koje tra\u017ee neki vid podr\u0161ke u procesu otkrivanja svog identiteta, samoprihva\u0107anja, (ne)prihva\u0107anja u obitelji, u \u0161koli ili na fakultetu. Posljednjih godina udruga intenzivno radi na osna\u017eivanju LGBTIQ+ mladih za aktivno djelovanje u zajednici, a oformljena je i Grupa mladih koja osmi\u0161ljava doga\u0111anja za zajednicu, sudjeluje u kampanjama, prosvjedima i kreira sadr\u017eaje za druge mlade. Od 2017. godine LORI organizira ve\u0107 prepoznati Festival queer i feministi\u010dke kulture Smoqua, a upravo njega, kako nam Antonija ka\u017ee, &#8220;iznesu&#8221; mlade snage koje time osna\u017euju i inspiriraju svoje vr\u0161njake.<\/p>\n<p>Osim Smoque, LORI od svojih po\u010detaka samostalno i u suradnji s udrugama, institucijama i umjetnicima i umjetnicama iz Hrvatske i inozemstva organizira izlo\u017ebe, kazali\u0161ne predstave, knji\u017eevne ve\u010deri, filmske projekcije i druga doga\u0111anja.<\/p>\n<p>&#8211; Interes za ta doga\u0111anja, kako \u0161ire, tako i queer zajednice, zbilja je velik, a \u010desto nam i na na\u0161im doga\u0111anjima poput Smoque ljudi ka\u017eu da im fali vi\u0161e takvih sadr\u017eaja, a ponajvi\u0161e na Smoqui. Tada nam redovito posjetitelji prilaze i pohvaljuju ne samo sadr\u017eaje, ve\u0107 i osje\u0107aj zajedni\u0161tva, solidarnosti, prihva\u0107anja koji se tu njeguju i poti\u010du. U Hrvatskoj su queer i feministi\u010dka kultura umnogome podzastupljene, marginalizirane, nemaju sustavnu podr\u0161ku, te ni javnost s njima nije dovoljno upoznata. Zato je na\u0161a namjera kroz umjetni\u010dke sadr\u017eaje javnosti pribli\u017eiti koncepte queera i feminizma, a kako bi ona mogla izgraditi kriti\u010dko mi\u0161ljenje o tim temama, ste\u0107i uvid u razvoj i djelovanje te kulture \u2013 obja\u0161njava Antonija.<\/p>\n<p>Potaknuta nedavno odr\u017eanim prvim pulskim Prajdom, za koji isti\u010de da je pokazao sr\u010danu podr\u0161ku uklju\u010divosti i ravnopravnosti, ali i \u010dinjenicom da su kroz edukacije shvatile kako velik broj ljudi ne zna pri\u010du iza Povorke ponosa, Antonija se dotakla razloga iz kojih se odr\u017eava i kako je nastala. Naime, u njujor\u0161kom klubu Stonewall 1960-ih se okupljala LGBTIQ &#8220;scena&#8221;, a policija je redovito radila racije i privodila ljude samo zbog toga \u0161to su queer, uz \u010destu brutalnost. Godine 1969. nakon dolaska policije prisutni su ustali protiv diskriminacije i nasilja, pobuna se narednih dana prelijevala i pridru\u017euju joj se drugi pokreti za ljudska prava. Prvi je Pride u New Yorku organiziran na godi\u0161njicu tog doga\u0111aja.<\/p>\n<p>&#8211; Od tada je Povorka prosvjed kojim se ukazuje na polo\u017eaj LGBTIQ+ osoba u dru\u0161tvu, podr\u0161ka drugim zemljama u kojima pravo na okupljanje nije mogu\u0107e za LGBTIQ+ osobe. Povorka ponosa va\u017ena je za vidljivost, ali i osna\u017eivanje zajednice, jer posebno je mo\u0107an osje\u0107aj da nismo same ili sami, da \u017eivot itekako mo\u017ee biti lijep kad gradimo dru\u0161tvo prihva\u0107anja, uzajamne podr\u0161ke, bez stega predrasuda, neznanja, straha, odbacivanja, mr\u017enje i nasilja \u2013 zaklju\u010duje Antonija.<\/p>\n<p><em>pi\u0161e Katarina Bo\u0161njak\u00a0<\/em><\/p>\n","protected":false},"excerpt":{"rendered":"<p>Nerijetko nam se obra\u0107aju osobe s upitima za preporuku prijateljskih lije\u010dnika, nakon \u0161to su do\u017eivjele neugodnosti, ka\u017ee Antonija Stojanovi\u0107 iz rije\u010dke udruge LORI, koja trenutno provodi projekt pobolj\u0161anja dostupnosti zdravstvenih usluga za LBTQ \u017eene<\/p>\n","protected":false},"featured_media":5281,"template":"","tags":[136],"atribut":[],"class_list":["post-5285","nada","type-nada","status-publish","has-post-thumbnail","hentry","tag-portret"],"acf":[],"yoast_head":"<!-- This site is optimized with the Yoast SEO plugin v27.4 - https:\/\/yoast.com\/product\/yoast-seo-wordpress\/ -->\n<title>LORI \u2013 Duga iznad Rijeke - SDF - Srpski demokratski forum<\/title>\n<meta name=\"robots\" content=\"index, follow, max-snippet:-1, max-image-preview:large, max-video-preview:-1\" \/>\n<link rel=\"canonical\" href=\"https:\/\/sdf.hr\/hr\/nada\/lori-duga-iznad-rijeke\/\" \/>\n<meta property=\"og:locale\" content=\"hr_HR\" \/>\n<meta property=\"og:type\" content=\"article\" \/>\n<meta property=\"og:title\" content=\"LORI \u2013 Duga iznad Rijeke - SDF - Srpski demokratski forum\" \/>\n<meta property=\"og:description\" content=\"Nerijetko nam se obra\u0107aju osobe s upitima za preporuku prijateljskih lije\u010dnika, nakon \u0161to su do\u017eivjele neugodnosti, ka\u017ee Antonija Stojanovi\u0107 iz rije\u010dke udruge LORI, koja trenutno provodi projekt pobolj\u0161anja dostupnosti zdravstvenih usluga za LBTQ \u017eene\" \/>\n<meta property=\"og:url\" content=\"https:\/\/sdf.hr\/hr\/nada\/lori-duga-iznad-rijeke\/\" \/>\n<meta property=\"og:site_name\" content=\"SDF - Srpski demokratski forum\" \/>\n<meta property=\"article:modified_time\" content=\"2024-08-02T05:47:57+00:00\" \/>\n<meta property=\"og:image\" content=\"https:\/\/sdf.hr\/wp-content\/uploads\/2024\/08\/Lori_Tanja-Kanazir.jpg\" \/>\n\t<meta property=\"og:image:width\" content=\"2000\" \/>\n\t<meta property=\"og:image:height\" content=\"1311\" \/>\n\t<meta property=\"og:image:type\" content=\"image\/jpeg\" \/>\n<meta name=\"twitter:card\" content=\"summary_large_image\" \/>\n<meta name=\"twitter:label1\" content=\"Procijenjeno vrijeme \u010ditanja\" \/>\n\t<meta name=\"twitter:data1\" content=\"6 minuta\" \/>\n<script type=\"application\/ld+json\" class=\"yoast-schema-graph\">{\"@context\":\"https:\\\/\\\/schema.org\",\"@graph\":[{\"@type\":\"WebPage\",\"@id\":\"https:\\\/\\\/sdf.hr\\\/hr\\\/nada\\\/lori-duga-iznad-rijeke\\\/\",\"url\":\"https:\\\/\\\/sdf.hr\\\/hr\\\/nada\\\/lori-duga-iznad-rijeke\\\/\",\"name\":\"LORI \u2013 Duga iznad Rijeke - SDF - Srpski demokratski forum\",\"isPartOf\":{\"@id\":\"https:\\\/\\\/sdf.hr\\\/#website\"},\"primaryImageOfPage\":{\"@id\":\"https:\\\/\\\/sdf.hr\\\/hr\\\/nada\\\/lori-duga-iznad-rijeke\\\/#primaryimage\"},\"image\":{\"@id\":\"https:\\\/\\\/sdf.hr\\\/hr\\\/nada\\\/lori-duga-iznad-rijeke\\\/#primaryimage\"},\"thumbnailUrl\":\"https:\\\/\\\/sdf.hr\\\/wp-content\\\/uploads\\\/2024\\\/08\\\/Lori_Tanja-Kanazir.jpg\",\"datePublished\":\"2024-08-02T05:47:09+00:00\",\"dateModified\":\"2024-08-02T05:47:57+00:00\",\"breadcrumb\":{\"@id\":\"https:\\\/\\\/sdf.hr\\\/hr\\\/nada\\\/lori-duga-iznad-rijeke\\\/#breadcrumb\"},\"inLanguage\":\"hr\",\"potentialAction\":[{\"@type\":\"ReadAction\",\"target\":[\"https:\\\/\\\/sdf.hr\\\/hr\\\/nada\\\/lori-duga-iznad-rijeke\\\/\"]}]},{\"@type\":\"ImageObject\",\"inLanguage\":\"hr\",\"@id\":\"https:\\\/\\\/sdf.hr\\\/hr\\\/nada\\\/lori-duga-iznad-rijeke\\\/#primaryimage\",\"url\":\"https:\\\/\\\/sdf.hr\\\/wp-content\\\/uploads\\\/2024\\\/08\\\/Lori_Tanja-Kanazir.jpg\",\"contentUrl\":\"https:\\\/\\\/sdf.hr\\\/wp-content\\\/uploads\\\/2024\\\/08\\\/Lori_Tanja-Kanazir.jpg\",\"width\":2000,\"height\":1311,\"caption\":\"Antonija Stojanovi\u0107 (lijevo) s kolegicama (Foto: Tanja Kanazir)\"},{\"@type\":\"BreadcrumbList\",\"@id\":\"https:\\\/\\\/sdf.hr\\\/hr\\\/nada\\\/lori-duga-iznad-rijeke\\\/#breadcrumb\",\"itemListElement\":[{\"@type\":\"ListItem\",\"position\":1,\"name\":\"Po\u010detna stranica\",\"item\":\"https:\\\/\\\/sdf.hr\\\/hr\\\/\"},{\"@type\":\"ListItem\",\"position\":2,\"name\":\"Nada\",\"item\":\"https:\\\/\\\/sdf.hr\\\/nada\\\/\"},{\"@type\":\"ListItem\",\"position\":3,\"name\":\"LORI \u2013 Duga iznad Rijeke\"}]},{\"@type\":\"WebSite\",\"@id\":\"https:\\\/\\\/sdf.hr\\\/#website\",\"url\":\"https:\\\/\\\/sdf.hr\\\/\",\"name\":\"SDF - Srpski demokratski forum\",\"description\":\"Srpski demokratski forum\",\"publisher\":{\"@id\":\"https:\\\/\\\/sdf.hr\\\/#organization\"},\"potentialAction\":[{\"@type\":\"SearchAction\",\"target\":{\"@type\":\"EntryPoint\",\"urlTemplate\":\"https:\\\/\\\/sdf.hr\\\/?s={search_term_string}\"},\"query-input\":{\"@type\":\"PropertyValueSpecification\",\"valueRequired\":true,\"valueName\":\"search_term_string\"}}],\"inLanguage\":\"hr\"},{\"@type\":\"Organization\",\"@id\":\"https:\\\/\\\/sdf.hr\\\/#organization\",\"name\":\"SDF - Srpski demokratski forum\",\"url\":\"https:\\\/\\\/sdf.hr\\\/\",\"logo\":{\"@type\":\"ImageObject\",\"inLanguage\":\"hr\",\"@id\":\"https:\\\/\\\/sdf.hr\\\/#\\\/schema\\\/logo\\\/image\\\/\",\"url\":\"https:\\\/\\\/sdf.hr\\\/wp-content\\\/uploads\\\/2021\\\/07\\\/logo-hr.svg\",\"contentUrl\":\"https:\\\/\\\/sdf.hr\\\/wp-content\\\/uploads\\\/2021\\\/07\\\/logo-hr.svg\",\"width\":271,\"height\":100,\"caption\":\"SDF - Srpski demokratski forum\"},\"image\":{\"@id\":\"https:\\\/\\\/sdf.hr\\\/#\\\/schema\\\/logo\\\/image\\\/\"}}]}<\/script>\n<!-- \/ Yoast SEO plugin. -->","yoast_head_json":{"title":"LORI \u2013 Duga iznad Rijeke - SDF - Srpski demokratski forum","robots":{"index":"index","follow":"follow","max-snippet":"max-snippet:-1","max-image-preview":"max-image-preview:large","max-video-preview":"max-video-preview:-1"},"canonical":"https:\/\/sdf.hr\/hr\/nada\/lori-duga-iznad-rijeke\/","og_locale":"hr_HR","og_type":"article","og_title":"LORI \u2013 Duga iznad Rijeke - SDF - Srpski demokratski forum","og_description":"Nerijetko nam se obra\u0107aju osobe s upitima za preporuku prijateljskih lije\u010dnika, nakon \u0161to su do\u017eivjele neugodnosti, ka\u017ee Antonija Stojanovi\u0107 iz rije\u010dke udruge LORI, koja trenutno provodi projekt pobolj\u0161anja dostupnosti zdravstvenih usluga za LBTQ \u017eene","og_url":"https:\/\/sdf.hr\/hr\/nada\/lori-duga-iznad-rijeke\/","og_site_name":"SDF - Srpski demokratski forum","article_modified_time":"2024-08-02T05:47:57+00:00","og_image":[{"width":2000,"height":1311,"url":"https:\/\/sdf.hr\/wp-content\/uploads\/2024\/08\/Lori_Tanja-Kanazir.jpg","type":"image\/jpeg"}],"twitter_card":"summary_large_image","twitter_misc":{"Procijenjeno vrijeme \u010ditanja":"6 minuta"},"schema":{"@context":"https:\/\/schema.org","@graph":[{"@type":"WebPage","@id":"https:\/\/sdf.hr\/hr\/nada\/lori-duga-iznad-rijeke\/","url":"https:\/\/sdf.hr\/hr\/nada\/lori-duga-iznad-rijeke\/","name":"LORI \u2013 Duga iznad Rijeke - SDF - Srpski demokratski forum","isPartOf":{"@id":"https:\/\/sdf.hr\/#website"},"primaryImageOfPage":{"@id":"https:\/\/sdf.hr\/hr\/nada\/lori-duga-iznad-rijeke\/#primaryimage"},"image":{"@id":"https:\/\/sdf.hr\/hr\/nada\/lori-duga-iznad-rijeke\/#primaryimage"},"thumbnailUrl":"https:\/\/sdf.hr\/wp-content\/uploads\/2024\/08\/Lori_Tanja-Kanazir.jpg","datePublished":"2024-08-02T05:47:09+00:00","dateModified":"2024-08-02T05:47:57+00:00","breadcrumb":{"@id":"https:\/\/sdf.hr\/hr\/nada\/lori-duga-iznad-rijeke\/#breadcrumb"},"inLanguage":"hr","potentialAction":[{"@type":"ReadAction","target":["https:\/\/sdf.hr\/hr\/nada\/lori-duga-iznad-rijeke\/"]}]},{"@type":"ImageObject","inLanguage":"hr","@id":"https:\/\/sdf.hr\/hr\/nada\/lori-duga-iznad-rijeke\/#primaryimage","url":"https:\/\/sdf.hr\/wp-content\/uploads\/2024\/08\/Lori_Tanja-Kanazir.jpg","contentUrl":"https:\/\/sdf.hr\/wp-content\/uploads\/2024\/08\/Lori_Tanja-Kanazir.jpg","width":2000,"height":1311,"caption":"Antonija Stojanovi\u0107 (lijevo) s kolegicama (Foto: Tanja Kanazir)"},{"@type":"BreadcrumbList","@id":"https:\/\/sdf.hr\/hr\/nada\/lori-duga-iznad-rijeke\/#breadcrumb","itemListElement":[{"@type":"ListItem","position":1,"name":"Po\u010detna stranica","item":"https:\/\/sdf.hr\/hr\/"},{"@type":"ListItem","position":2,"name":"Nada","item":"https:\/\/sdf.hr\/nada\/"},{"@type":"ListItem","position":3,"name":"LORI \u2013 Duga iznad Rijeke"}]},{"@type":"WebSite","@id":"https:\/\/sdf.hr\/#website","url":"https:\/\/sdf.hr\/","name":"SDF - Srpski demokratski forum","description":"Srpski demokratski forum","publisher":{"@id":"https:\/\/sdf.hr\/#organization"},"potentialAction":[{"@type":"SearchAction","target":{"@type":"EntryPoint","urlTemplate":"https:\/\/sdf.hr\/?s={search_term_string}"},"query-input":{"@type":"PropertyValueSpecification","valueRequired":true,"valueName":"search_term_string"}}],"inLanguage":"hr"},{"@type":"Organization","@id":"https:\/\/sdf.hr\/#organization","name":"SDF - Srpski demokratski forum","url":"https:\/\/sdf.hr\/","logo":{"@type":"ImageObject","inLanguage":"hr","@id":"https:\/\/sdf.hr\/#\/schema\/logo\/image\/","url":"https:\/\/sdf.hr\/wp-content\/uploads\/2021\/07\/logo-hr.svg","contentUrl":"https:\/\/sdf.hr\/wp-content\/uploads\/2021\/07\/logo-hr.svg","width":271,"height":100,"caption":"SDF - Srpski demokratski forum"},"image":{"@id":"https:\/\/sdf.hr\/#\/schema\/logo\/image\/"}}]}},"_links":{"self":[{"href":"https:\/\/sdf.hr\/hr\/wp-json\/wp\/v2\/nada\/5285","targetHints":{"allow":["GET"]}}],"collection":[{"href":"https:\/\/sdf.hr\/hr\/wp-json\/wp\/v2\/nada"}],"about":[{"href":"https:\/\/sdf.hr\/hr\/wp-json\/wp\/v2\/types\/nada"}],"wp:featuredmedia":[{"embeddable":true,"href":"https:\/\/sdf.hr\/hr\/wp-json\/wp\/v2\/media\/5281"}],"wp:attachment":[{"href":"https:\/\/sdf.hr\/hr\/wp-json\/wp\/v2\/media?parent=5285"}],"wp:term":[{"taxonomy":"post_tag","embeddable":true,"href":"https:\/\/sdf.hr\/hr\/wp-json\/wp\/v2\/tags?post=5285"},{"taxonomy":"atribut","embeddable":true,"href":"https:\/\/sdf.hr\/hr\/wp-json\/wp\/v2\/atribut?post=5285"}],"curies":[{"name":"wp","href":"https:\/\/api.w.org\/{rel}","templated":true}]}}