{"id":5310,"date":"2024-08-13T09:15:09","date_gmt":"2024-08-13T07:15:09","guid":{"rendered":"https:\/\/sdf.hr\/nada\/ponosne-dobitnice-nade-dimic\/"},"modified":"2024-08-12T16:16:11","modified_gmt":"2024-08-12T14:16:11","slug":"ponosne-dobitnice-nade-dimic","status":"publish","type":"nada","link":"https:\/\/sdf.hr\/hr\/nada\/ponosne-dobitnice-nade-dimic\/","title":{"rendered":"Ponosne dobitnice &#8220;Nade Dimi\u0107&#8221;"},"content":{"rendered":"<p><strong>Dora \u010caldarovi\u0107<\/strong>, <strong>Karla Jeli\u0107<\/strong> i <strong>Vida Skerk<\/strong> mlade su \u017eene koje su pro\u0161le godine uzdrmale Akademiju dramskih umjetnosti, pripadaju\u0107u zajednicu, ali i \u0161iru javnost, kada su organizirale prosvjed zbog zlostavljanja studentica na svom fakultetu. Krajem listopada 2023. pred nekoliko stotina studenata ispred Akademije izvele su performans pu\u0161taju\u0107i snimku profesora <strong>Ozrena Prohi\u0107a<\/strong> na kojoj otvoreno vrije\u0111a studenticu. Prohi\u0107 je, naime, unato\u010d sedam prijava za zlostavljanje vra\u0107en na posao, pa su organizatorice prosvjeda tra\u017eile da se odluka poni\u0161ti, a dekan <strong>Davor \u0160vai\u0107<\/strong> podnese ostavku. Do ostavki nije do\u0161lo, no Prohi\u0107u je zabranjen rad sa studentima, premda i dalje prima pla\u0107u na Akademiji. Ipak, sam prosvjed je prepoznat kao \u010din izuzetne hrabrosti unutar zatvorene i upla\u0161ene zajednice te je rezultirao porastom svijesti o seksualnom uznemiravanju me\u0111u studentima i njihovom me\u0111usobnom solidariziranju.<\/p>\n<p>Hrabri istup studentica prepoznao je i Fond za druge koji ih je u srpnju proglasio pobjednicama nagrade &#8220;Nada Dimi\u0107&#8221;. Nagrada se od 2017. godine dodjeljuje anga\u017eiranim inicijativama za doprinos boljem i pravednijem zajedni\u010dkom dru\u0161tvu. O tome za\u0161to su odlu\u010dile progovoriti o seksualnom uznemiravanju na Akademiji, kako je prosvjed utjecao na njihov profesionalni razvoj i jesu li osjetile posljedice svog djelovanja, povodom nagrade razgovaramo s Dorom, Karlom i Vidom. S obzirom na to da je Dora bila na moru, a Vida u Engleskoj gdje sada studira, razgovor smo vodile putem video poziva. Prvo me je zanimalo jesu li i gdje ve\u0107 prije \u010dule za Nadu Dimi\u0107 te kakav je odnos njihove generacije prema naslije\u0111u antifa\u0161izma. Vida koja je odrasla u okru\u017eju slovenske zajednice u Trstu, ka\u017ee da za Nadu Dimi\u0107 zna oduvijek.<\/p>\n<p>&#8211; Od devedesetih nadalje antifa\u0161izam u Hrvatskoj, ako je spomenut, spomenut je na sporedni na\u010din, dok sam ja odrasla u zajednici gdje je ovaj pokret bio klju\u010dan za pre\u017eivljavanje &#8211; obja\u0161njava Vida i dodaje kako u svakom slovenskom selu postoji spomenik palim partizanskim borcima, na \u0161kolskim izletima se pjevaju partizanske pjesme, a svi napamet znaju &#8220;Ustajanje Primorske&#8221;.<\/p>\n<p>No i u suvremenom hrvatskom dru\u0161tvu primje\u0107uje polako rastu\u0107u kolektivnu svijest o antifa\u0161isti\u010dkoj borbi jer se, smatra, danas brojna ste\u010dena prava dovode u pitanje. Nadovezuju\u0107i se na Vidino slovensko iskustvo, Dora se sla\u017ee kako je kod nas situacija posve suprotna, no isti\u010de da je ona sama odrasla u antifa\u0161isti\u010dkom okru\u017eenju.<\/p>\n<p>&#8211; Ba\u0161 zato mi je bilo drago da sam dobila ovu nagradu jer su meni i baka i deda bili partizani, zakleti antifa\u0161isti od po\u010detka \u2013 ka\u017ee.<\/p>\n<p>Dodaje da, ako se na\u0111e u nekom nepoznatom dru\u0161tvu, odmjerava da li \u0107e se proklamirati kao antifa\u0161istkinja jer nikad ne zna kako \u0107e tko reagirati.<\/p>\n<p>&#8211; Dolazim s ove druge strane, gdje moji nisu bili antifa\u0161isti &#8211; ka\u017ee Karla koja obja\u0161njava kako je za Nadu Dimi\u0107 \u010dula u \u0161koli, gdje se o antifa\u0161izmu pri\u010dalo u kontekstu ne posve antihrvatskom, ali kao o ne\u010demu \u0161to je stvar &#8220;onih drugih&#8221;.<\/p>\n<p>Prisjetila se kako je rade\u0107i u medijima pri\u010dala s mla\u0111om generacijom o tome znaju li tko su <strong>Milka Planinc<\/strong> i Nada Dimi\u0107 kad se pojavila inicijativa o preimenovanju zagreba\u010dkih ulica.<\/p>\n<p>&#8211; Milku nije znao nitko, a Nadu Dimi\u0107 dvije do tri osobe \u2013 govori ona.<\/p>\n<figure id=\"attachment_5306\" aria-describedby=\"caption-attachment-5306\" style=\"width: 1600px\" class=\"wp-caption alignnone\"><img loading=\"lazy\" decoding=\"async\" class=\"wp-image-5306 size-full\" src=\"https:\/\/sdf.hr\/wp-content\/uploads\/2024\/08\/Dora_Melita-Mukavec.jpg\" alt=\"\" width=\"1600\" height=\"1066\" srcset=\"https:\/\/sdf.hr\/wp-content\/uploads\/2024\/08\/Dora_Melita-Mukavec.jpg 1600w, https:\/\/sdf.hr\/wp-content\/uploads\/2024\/08\/Dora_Melita-Mukavec-300x200.jpg 300w, https:\/\/sdf.hr\/wp-content\/uploads\/2024\/08\/Dora_Melita-Mukavec-1024x682.jpg 1024w, https:\/\/sdf.hr\/wp-content\/uploads\/2024\/08\/Dora_Melita-Mukavec-768x512.jpg 768w, https:\/\/sdf.hr\/wp-content\/uploads\/2024\/08\/Dora_Melita-Mukavec-1536x1023.jpg 1536w\" sizes=\"auto, (max-width: 1600px) 100vw, 1600px\" \/><figcaption id=\"caption-attachment-5306\" class=\"wp-caption-text\">Dora \u010caldarovi\u0107 (Foto: Melita Mukavec)<\/figcaption><\/figure>\n<p>Osim dru\u0161tvenog priznanja, nagrada ima i svoj nov\u010dani dio od 1000 eura koji su Dora, Karla i Vida odlu\u010dile donirati \u017ertvama <strong>Dalibora Matani\u0107a<\/strong>, poznatog redatelja kojem je po\u010detkom godine otkazana suradnja na velikom projektu zbog seksualnog uznemiravanja mladih kolegica. Pri\u010du je otkrila Ve\u010dernjakova novinarka <strong>Milena Zajovi\u0107<\/strong> nakon razgovora s tridesetak osoba, a u javnosti je kao \u017ertva istupila tek jedna scenaristica. Zlostavljanje je navodno trajalo vi\u0161e od deset godina, a kako to obi\u010dno biva, najbli\u017ei suradnici danas tvrde da ni\u0161ta od toga nisu znali. Karla ka\u017ee kako je razgovaraju\u0107i s ljudima iz filmske zajednice shvatila da su mnogi znali \u0161to se doga\u0111a, no ne i do kuda je to i\u0161lo.<\/p>\n<p>&#8211; Takvo se pona\u0161anje tolerira jer se radi o sustavu koji \u0161titi zlostavlja\u010de, a ne \u017ertve &#8211; smatra Karla, koja nije zadovoljna sveukupnom reakcijom zajednice.<\/p>\n<p>Vida se sla\u017ee. Prema njenom mi\u0161ljenju nije dovoljno bilo samo iskazati ogor\u010denje, ve\u0107 je potrebno pokrenuti promjenu.<\/p>\n<p>&#8211; Za\u0161to zajednica nije odmah krenula u pravcu osmi\u0161ljavanja sustava prijavljivanja te organiziranja te\u010dajeva prepoznavanja seksualnog uznemiravanja &#8211; pita se.<\/p>\n<p>&#8211; Matani\u0107ev slu\u010daj je samo vi\u0161a razina onoga \u0161to se doga\u0111a na Akademiji, a to je za\u0161tita nekakvog ugleda hrvatske filmske industrije nau\u0161trb glumica &#8211; poentirala je.<\/p>\n<p>Sve to dovodi do situacije gdje mlade djevojke koje upisuju glumu zlostavljanje smatraju, ka\u017ee Karla, dijelom posla.<\/p>\n<p>&#8211; U slu\u010daju Matani\u0107 napravljen je monstrum od jedne osobe. Dok je on na rehabilitaciji, filmska industrija nastavlja dalje, o\u010di\u0161\u0107ena. Realno, nije tako &#8211; ka\u017ee Dora koja smatra da je ta situacija identi\u010dna onoj na Akademiji jer se radi o maloj zajednici \u010diji su odnosi vi\u0161estruko isprepleteni.<\/p>\n<p>&#8211; A kad se u to sve upletu ogromne koli\u010dine novca gdje ljudima \u017eivot ovisi o tom jednom poslu i pitanju ho\u0107e li dobiti sljede\u0107i frilens anga\u017eman, to sve postaje jako mra\u010dno i toksi\u010dno &#8211; dodaje Karla.<\/p>\n<p>Vida, koja je i sama podnijela prijavu na Akademiji, sla\u017ee se da se radi o sli\u010dnim situacijama.<\/p>\n<p>&#8211; Za osobu koju sam prijavila na Akademiji, postoji mogu\u0107nost da \u0107e nekad u budu\u0107nosti biti u \u017eiriju HAVC-a i odlu\u010divati ho\u0107u li imati kruha i vode naredne tri godine. Ba\u0161 zbog toga \u0161to je zajednica posebno mala treba nam ve\u0107a za\u0161tita nego u zemljama gdje se mo\u017ee\u0161 zamjeriti jednom producentu po\u0161to ih ima jo\u0161 30 drugih. Ovdje nema toga jer smo svi zajedno, a mo\u0107 unutar industrije dr\u017ee osobe koje dopu\u0161taju ili same provode nasilje &#8211; ka\u017ee Vida dodaju\u0107i kako su se one kockale sa svojim karijerama.<\/p>\n<p>Prijaviti osobu na poziciji mo\u0107i zna\u010di potencijalno ugroziti svoju budu\u0107nost. Mnogo je te\u017ee prijaviti nasilje ili uznemiravanje nekome tko nema financijsku sigurnost ili srednjeklasnu pozadinu, ka\u017ee Vida, otvaraju\u0107i tako pitanje o tome za\u0161to su se odlu\u010dile na prosvjed, jesu li razmi\u0161ljale o mogu\u0107im posljedicama i je li ih u kona\u010dnici i bilo.<\/p>\n<p>Karla ka\u017ee kako se temom po\u010dela baviti na drugoj godini fakulteta zbog ogromne koli\u010dine seksizma na njenom odsjeku te je krenula intervjuirati cure o njihovim iskustvima. Kako dolazi iz novinarstva, uvijek tra\u017ei neku pri\u010du, a za\u010dudilo ju je kako o uznemiravanju i zlostavljanju toliko rasprostranjenom na ADU nitko do tada nije napravio film.<\/p>\n<p>&#8211; Tu sam upoznala Vidu i njenu pri\u010du i odlu\u010dile smo da ne\u0161to treba napraviti. Kad je Vida gre\u0161kom dobila mejl u kojem je stajalo da je Prohi\u0107 vra\u0107en na predavanje, mi smo krenule kopati te smo saznale za snimku iz 2017. godine. Odlu\u010dile smo napraviti prosvjed jer su se studenti na njega \u017ealili ve\u0107 20 godina. No cure koje su na snimci ogor\u010deno su nam pri\u010dale kako su uzalud slale prijave te su bile poprili\u010dno sigurne da ni\u0161ta ne\u0107e uspjeti &#8211; obja\u0161njava Karla.<\/p>\n<figure id=\"attachment_5308\" aria-describedby=\"caption-attachment-5308\" style=\"width: 2560px\" class=\"wp-caption alignnone\"><img loading=\"lazy\" decoding=\"async\" class=\"wp-image-5308 size-full\" src=\"https:\/\/sdf.hr\/wp-content\/uploads\/2024\/08\/Prosvjed-ADU_Sanjina-Strukic-scaled.jpg\" alt=\"\" width=\"2560\" height=\"1707\" srcset=\"https:\/\/sdf.hr\/wp-content\/uploads\/2024\/08\/Prosvjed-ADU_Sanjina-Strukic-scaled.jpg 2560w, https:\/\/sdf.hr\/wp-content\/uploads\/2024\/08\/Prosvjed-ADU_Sanjina-Strukic-300x200.jpg 300w, https:\/\/sdf.hr\/wp-content\/uploads\/2024\/08\/Prosvjed-ADU_Sanjina-Strukic-1024x683.jpg 1024w, https:\/\/sdf.hr\/wp-content\/uploads\/2024\/08\/Prosvjed-ADU_Sanjina-Strukic-768x512.jpg 768w, https:\/\/sdf.hr\/wp-content\/uploads\/2024\/08\/Prosvjed-ADU_Sanjina-Strukic-1536x1024.jpg 1536w, https:\/\/sdf.hr\/wp-content\/uploads\/2024\/08\/Prosvjed-ADU_Sanjina-Strukic-2048x1366.jpg 2048w\" sizes=\"auto, (max-width: 2560px) 100vw, 2560px\" \/><figcaption id=\"caption-attachment-5308\" class=\"wp-caption-text\">Prosvjed studenata ADU (Foto: Sanjin Struki\u0107\/ PIXSELL)<\/figcaption><\/figure>\n<p>Ipak, na prosvjedu se pojavilo stotine studenata, od kojih su neki i pomagali u organizaciji. Nastala je inicijativa &#8220;\u0160kandal&#8221;. Starije kolege iz zajednice \u010destitali su im na hrabrosti.<\/p>\n<p>&#8211; Koliko god je Akademija kao ustanova napravila sve da nas u\u0161utka, najve\u0107u promjenu vidim po pitanju svijesti i aktivacije studenata o toj temi. Iako dekan nije izbacio novi super program za\u0161tite studenata od seksualnog nasilja, nastala je svijest kod studenata, a posljedi\u010dno i njihov anga\u017eman na polju umjetnosti \u2013 ka\u017ee Vida, spominju\u0107i fenomenalni drag performans koji je nastao kao kritika Akademijinog skrivanja ovakvih slu\u010dajeva.<\/p>\n<p>Dora dodaje da je na \u017ealost i jedan vid otpora odbijanje studenata da upisuju Akademiju ili nastave svoj studij na toj instituciji.<\/p>\n<p>&#8211; Nikad ne\u0107u zaboraviti kako me na stubi\u0161tu zaustavila jedna starija susjeda. Pro\u010ditala je \u010dlanak u Gloriji i rekla mi: &#8220;Bravo&#8221;. Ta vanjska podr\u0161ka je bila va\u017ena da shvatimo da nismo lude te da sa sustavom uistinu ne\u0161to nije u redu &#8211; rekla je Vida.<\/p>\n<p>Ipak, reakcije nisu bile samo pozitivne. Dora isti\u010de da su im neki kolege zamjerali zbog na\u010dina na koji su pristupile problemu.<\/p>\n<p>&#8211; To je posljedica straha i neosvije\u0161tenih dru\u0161tvenih konstrukta &#8211; dodaje.<\/p>\n<p>Karla je zato i raskinula nekoliko profesionalnih suradnji. Obja\u0161njavati mladim mu\u0161karcima od 20 godina zbog \u010dega su poku\u0161aji silovanja nedopustivi, za nju je bilo previ\u0161e. Dora ka\u017ee da je to problem i sa zajednicom jer mla\u0111e generacije naslje\u0111uju obrasce pona\u0161anja starijih koji se ne bi smjeli tolerirati. Nema puno studenata koji su bili aktivno i agresivno protiv njih, no oni su na kraju dana puno glasniji, smatra Vida.<\/p>\n<p>&#8211; Ako \u010delni ljudi i \u017eele odr\u017eati status quo, prije ili kasnije do\u0107i \u0107e do smjene generacija. Samo se nadam da sljede\u0107e generacije koje \u0107e voditi Akademiju ne\u0107e \u010diniti oni koji su bili aktivno protiv nas &#8211; ka\u017ee Vida.<\/p>\n<p>Sumnji\u010dave su i oko toga koliko su profesori shvatili problem ili ga pod utjecajem javnosti odlu\u010dili rije\u0161iti.<\/p>\n<p>Karla ka\u017ee da to \u0161to je \u0160vari\u0107 ponovo izabran za dekana dovoljno govori o svemu. Osim toga, nakon prosvjeda, odr\u017eana je izvanredna sjednica na kojoj se njih optu\u017eivalo da kaljaju ugled institucije, umjesto da je fokus bio na nasilnicima. To je za njih bilo izrazito traumati\u010dno iskustvo. Sve se sla\u017eu da unutar sustava ima pojedinaca koji ga poku\u0161avaju promijeniti, no oni su u manjini. Ipak, to ih ne obeshrabruje.<\/p>\n<p>Njihovi planovi na ovaj ili onaj na\u010din vezani su uz aktivisti\u010dke teme seksualnog nasilja. Vida je nakon cijele situacije, i nakon \u0161to se s njenom prijavom nije dogodilo ni\u0161ta, studij odlu\u010dila nastaviti u Londonu.<\/p>\n<p>&#8211; Trebala mi je pauza od Hrvatske, ali teme me vra\u0107aju prema Hrvatskoj \u2013 ka\u017ee, obja\u0161njavaju\u0107i kako trenutno razvija scenarij za dugometra\u017eni film koji se dijelom bavi seksualnim nasiljem.<\/p>\n<p>&#8211; Prije sam se orijentirala na introspektivne filmove koji se bave politikom na malo suptilniji na\u010din, me\u0111utim nakon ovog iskustva i klasno osvije\u0161tenih trenutaka koje sam do\u017eivjela u Engleskoj vratio mi se osje\u0107aj da se aktivizmom bavim malo direktnije &#8211; dodaje.<\/p>\n<p>Dora i Klara rade zajedno. Osim rada na filmu o &#8220;moliteljima na trgovima&#8221;, snimaju i onaj o Vidinom iskustvu koji \u0107e uskoro u distribuciju. Dora, koja je snimateljica, osim rada s Karlom, sura\u0111uje i na dokumentarnim filmovima povijesnih i intimnih tema. Njen rad sve vi\u0161e ide u dokumentarnom smjeru, \u0161to ju je i samu iznenadilo, no shvatila je da u tome pronalazi inspiraciju.<\/p>\n<p>Karla, ogor\u010dena stanjem dokumentarnog filma u Hrvatskoj, jer joj se \u010dini da se osmi\u0161ljava jedino oko &#8217;45. i &#8217;91., ka\u017ee da \u0107e se uvijek baviti aktivisti\u010dkim temama.<\/p>\n<p>&#8211; Vrijeme je da pogledamo malo \u0161to se doga\u0111a oko nas. I Dora i ja s filmovima koje sada pripremamo radimo na tome.<\/p>\n<p><em>pi\u0161e Ma\u0161enjka Ba\u010di\u0107<\/em><\/p>\n","protected":false},"excerpt":{"rendered":"<p>Razgovarali smo s Dorom \u010caldarovi\u0107, Karlom Jeli\u0107 i Vidom Skerk, dobitnicama nagrade &#8220;Nada Dimi\u0107&#8221; za organizaciju lanjskog prosvjeda na Akademiji dramskih umjetnosti. &#8220;Koliko god je Akademija kao ustanova napravila sve da nas u\u0161utka, najve\u0107u promjenu vidim po pitanju svijesti i aktivacije studenata o toj temi&#8221;, poru\u010duje Vida<\/p>\n","protected":false},"featured_media":5305,"template":"","tags":[136],"atribut":[],"class_list":["post-5310","nada","type-nada","status-publish","has-post-thumbnail","hentry","tag-portret"],"acf":[],"yoast_head":"<!-- This site is optimized with the Yoast SEO plugin v27.4 - https:\/\/yoast.com\/product\/yoast-seo-wordpress\/ -->\n<title>Ponosne dobitnice &quot;Nade Dimi\u0107&quot; - SDF - Srpski demokratski forum<\/title>\n<meta name=\"robots\" content=\"index, follow, max-snippet:-1, max-image-preview:large, max-video-preview:-1\" \/>\n<link rel=\"canonical\" href=\"https:\/\/sdf.hr\/nada\/ponosne-dobitnice-nade-dimic\/\" \/>\n<meta property=\"og:locale\" content=\"hr_HR\" \/>\n<meta property=\"og:type\" content=\"article\" \/>\n<meta property=\"og:title\" content=\"Ponosne dobitnice &quot;Nade Dimi\u0107&quot; - SDF - Srpski demokratski forum\" \/>\n<meta property=\"og:description\" content=\"Razgovarali smo s Dorom \u010caldarovi\u0107, Karlom Jeli\u0107 i Vidom Skerk, dobitnicama nagrade &quot;Nada Dimi\u0107&quot; za organizaciju lanjskog prosvjeda na Akademiji dramskih umjetnosti. &quot;Koliko god je Akademija kao ustanova napravila sve da nas u\u0161utka, najve\u0107u promjenu vidim po pitanju svijesti i aktivacije studenata o toj temi&quot;, poru\u010duje Vida\" \/>\n<meta property=\"og:url\" content=\"https:\/\/sdf.hr\/nada\/ponosne-dobitnice-nade-dimic\/\" \/>\n<meta property=\"og:site_name\" content=\"SDF - Srpski demokratski forum\" \/>\n<meta property=\"og:image\" content=\"https:\/\/sdf.hr\/wp-content\/uploads\/2024\/08\/Vida-i-Karla_Emica-Elvedi-scaled.jpg\" \/>\n\t<meta property=\"og:image:width\" content=\"2560\" \/>\n\t<meta property=\"og:image:height\" content=\"1775\" \/>\n\t<meta property=\"og:image:type\" content=\"image\/jpeg\" \/>\n<meta name=\"twitter:card\" content=\"summary_large_image\" \/>\n<meta name=\"twitter:label1\" content=\"Procijenjeno vrijeme \u010ditanja\" \/>\n\t<meta name=\"twitter:data1\" content=\"10 minuta\" \/>\n<script type=\"application\/ld+json\" class=\"yoast-schema-graph\">{\"@context\":\"https:\\\/\\\/schema.org\",\"@graph\":[{\"@type\":\"WebPage\",\"@id\":\"https:\\\/\\\/sdf.hr\\\/nada\\\/ponosne-dobitnice-nade-dimic\\\/\",\"url\":\"https:\\\/\\\/sdf.hr\\\/nada\\\/ponosne-dobitnice-nade-dimic\\\/\",\"name\":\"Ponosne dobitnice \\\"Nade Dimi\u0107\\\" - SDF - Srpski demokratski forum\",\"isPartOf\":{\"@id\":\"https:\\\/\\\/sdf.hr\\\/#website\"},\"primaryImageOfPage\":{\"@id\":\"https:\\\/\\\/sdf.hr\\\/nada\\\/ponosne-dobitnice-nade-dimic\\\/#primaryimage\"},\"image\":{\"@id\":\"https:\\\/\\\/sdf.hr\\\/nada\\\/ponosne-dobitnice-nade-dimic\\\/#primaryimage\"},\"thumbnailUrl\":\"https:\\\/\\\/sdf.hr\\\/wp-content\\\/uploads\\\/2024\\\/08\\\/Vida-i-Karla_Emica-Elvedi-scaled.jpg\",\"datePublished\":\"2024-08-13T07:15:09+00:00\",\"breadcrumb\":{\"@id\":\"https:\\\/\\\/sdf.hr\\\/nada\\\/ponosne-dobitnice-nade-dimic\\\/#breadcrumb\"},\"inLanguage\":\"hr\",\"potentialAction\":[{\"@type\":\"ReadAction\",\"target\":[\"https:\\\/\\\/sdf.hr\\\/nada\\\/ponosne-dobitnice-nade-dimic\\\/\"]}]},{\"@type\":\"ImageObject\",\"inLanguage\":\"hr\",\"@id\":\"https:\\\/\\\/sdf.hr\\\/nada\\\/ponosne-dobitnice-nade-dimic\\\/#primaryimage\",\"url\":\"https:\\\/\\\/sdf.hr\\\/wp-content\\\/uploads\\\/2024\\\/08\\\/Vida-i-Karla_Emica-Elvedi-scaled.jpg\",\"contentUrl\":\"https:\\\/\\\/sdf.hr\\\/wp-content\\\/uploads\\\/2024\\\/08\\\/Vida-i-Karla_Emica-Elvedi-scaled.jpg\",\"width\":2560,\"height\":1775,\"caption\":\"Vida Skerk i Karla Jeli\u0107 preuzimaju nagrade \\\"Nada Dimi\u0107\\\" (Foto: Emica Elve\u0111i\\\/PIXSELL)\"},{\"@type\":\"BreadcrumbList\",\"@id\":\"https:\\\/\\\/sdf.hr\\\/nada\\\/ponosne-dobitnice-nade-dimic\\\/#breadcrumb\",\"itemListElement\":[{\"@type\":\"ListItem\",\"position\":1,\"name\":\"Po\u010detna stranica\",\"item\":\"https:\\\/\\\/sdf.hr\\\/hr\\\/\"},{\"@type\":\"ListItem\",\"position\":2,\"name\":\"Nada\",\"item\":\"https:\\\/\\\/sdf.hr\\\/nada\\\/\"},{\"@type\":\"ListItem\",\"position\":3,\"name\":\"Ponosne dobitnice &#8222;Nade Dimi\u0107&#8220;\"}]},{\"@type\":\"WebSite\",\"@id\":\"https:\\\/\\\/sdf.hr\\\/#website\",\"url\":\"https:\\\/\\\/sdf.hr\\\/\",\"name\":\"SDF - Srpski demokratski forum\",\"description\":\"Srpski demokratski forum\",\"publisher\":{\"@id\":\"https:\\\/\\\/sdf.hr\\\/#organization\"},\"potentialAction\":[{\"@type\":\"SearchAction\",\"target\":{\"@type\":\"EntryPoint\",\"urlTemplate\":\"https:\\\/\\\/sdf.hr\\\/?s={search_term_string}\"},\"query-input\":{\"@type\":\"PropertyValueSpecification\",\"valueRequired\":true,\"valueName\":\"search_term_string\"}}],\"inLanguage\":\"hr\"},{\"@type\":\"Organization\",\"@id\":\"https:\\\/\\\/sdf.hr\\\/#organization\",\"name\":\"SDF - Srpski demokratski forum\",\"url\":\"https:\\\/\\\/sdf.hr\\\/\",\"logo\":{\"@type\":\"ImageObject\",\"inLanguage\":\"hr\",\"@id\":\"https:\\\/\\\/sdf.hr\\\/#\\\/schema\\\/logo\\\/image\\\/\",\"url\":\"https:\\\/\\\/sdf.hr\\\/wp-content\\\/uploads\\\/2021\\\/07\\\/logo-hr.svg\",\"contentUrl\":\"https:\\\/\\\/sdf.hr\\\/wp-content\\\/uploads\\\/2021\\\/07\\\/logo-hr.svg\",\"width\":271,\"height\":100,\"caption\":\"SDF - Srpski demokratski forum\"},\"image\":{\"@id\":\"https:\\\/\\\/sdf.hr\\\/#\\\/schema\\\/logo\\\/image\\\/\"}}]}<\/script>\n<!-- \/ Yoast SEO plugin. -->","yoast_head_json":{"title":"Ponosne dobitnice \"Nade Dimi\u0107\" - SDF - Srpski demokratski forum","robots":{"index":"index","follow":"follow","max-snippet":"max-snippet:-1","max-image-preview":"max-image-preview:large","max-video-preview":"max-video-preview:-1"},"canonical":"https:\/\/sdf.hr\/nada\/ponosne-dobitnice-nade-dimic\/","og_locale":"hr_HR","og_type":"article","og_title":"Ponosne dobitnice \"Nade Dimi\u0107\" - SDF - Srpski demokratski forum","og_description":"Razgovarali smo s Dorom \u010caldarovi\u0107, Karlom Jeli\u0107 i Vidom Skerk, dobitnicama nagrade \"Nada Dimi\u0107\" za organizaciju lanjskog prosvjeda na Akademiji dramskih umjetnosti. \"Koliko god je Akademija kao ustanova napravila sve da nas u\u0161utka, najve\u0107u promjenu vidim po pitanju svijesti i aktivacije studenata o toj temi\", poru\u010duje Vida","og_url":"https:\/\/sdf.hr\/nada\/ponosne-dobitnice-nade-dimic\/","og_site_name":"SDF - Srpski demokratski forum","og_image":[{"width":2560,"height":1775,"url":"https:\/\/sdf.hr\/wp-content\/uploads\/2024\/08\/Vida-i-Karla_Emica-Elvedi-scaled.jpg","type":"image\/jpeg"}],"twitter_card":"summary_large_image","twitter_misc":{"Procijenjeno vrijeme \u010ditanja":"10 minuta"},"schema":{"@context":"https:\/\/schema.org","@graph":[{"@type":"WebPage","@id":"https:\/\/sdf.hr\/nada\/ponosne-dobitnice-nade-dimic\/","url":"https:\/\/sdf.hr\/nada\/ponosne-dobitnice-nade-dimic\/","name":"Ponosne dobitnice \"Nade Dimi\u0107\" - SDF - Srpski demokratski forum","isPartOf":{"@id":"https:\/\/sdf.hr\/#website"},"primaryImageOfPage":{"@id":"https:\/\/sdf.hr\/nada\/ponosne-dobitnice-nade-dimic\/#primaryimage"},"image":{"@id":"https:\/\/sdf.hr\/nada\/ponosne-dobitnice-nade-dimic\/#primaryimage"},"thumbnailUrl":"https:\/\/sdf.hr\/wp-content\/uploads\/2024\/08\/Vida-i-Karla_Emica-Elvedi-scaled.jpg","datePublished":"2024-08-13T07:15:09+00:00","breadcrumb":{"@id":"https:\/\/sdf.hr\/nada\/ponosne-dobitnice-nade-dimic\/#breadcrumb"},"inLanguage":"hr","potentialAction":[{"@type":"ReadAction","target":["https:\/\/sdf.hr\/nada\/ponosne-dobitnice-nade-dimic\/"]}]},{"@type":"ImageObject","inLanguage":"hr","@id":"https:\/\/sdf.hr\/nada\/ponosne-dobitnice-nade-dimic\/#primaryimage","url":"https:\/\/sdf.hr\/wp-content\/uploads\/2024\/08\/Vida-i-Karla_Emica-Elvedi-scaled.jpg","contentUrl":"https:\/\/sdf.hr\/wp-content\/uploads\/2024\/08\/Vida-i-Karla_Emica-Elvedi-scaled.jpg","width":2560,"height":1775,"caption":"Vida Skerk i Karla Jeli\u0107 preuzimaju nagrade \"Nada Dimi\u0107\" (Foto: Emica Elve\u0111i\/PIXSELL)"},{"@type":"BreadcrumbList","@id":"https:\/\/sdf.hr\/nada\/ponosne-dobitnice-nade-dimic\/#breadcrumb","itemListElement":[{"@type":"ListItem","position":1,"name":"Po\u010detna stranica","item":"https:\/\/sdf.hr\/hr\/"},{"@type":"ListItem","position":2,"name":"Nada","item":"https:\/\/sdf.hr\/nada\/"},{"@type":"ListItem","position":3,"name":"Ponosne dobitnice &#8222;Nade Dimi\u0107&#8220;"}]},{"@type":"WebSite","@id":"https:\/\/sdf.hr\/#website","url":"https:\/\/sdf.hr\/","name":"SDF - Srpski demokratski forum","description":"Srpski demokratski forum","publisher":{"@id":"https:\/\/sdf.hr\/#organization"},"potentialAction":[{"@type":"SearchAction","target":{"@type":"EntryPoint","urlTemplate":"https:\/\/sdf.hr\/?s={search_term_string}"},"query-input":{"@type":"PropertyValueSpecification","valueRequired":true,"valueName":"search_term_string"}}],"inLanguage":"hr"},{"@type":"Organization","@id":"https:\/\/sdf.hr\/#organization","name":"SDF - Srpski demokratski forum","url":"https:\/\/sdf.hr\/","logo":{"@type":"ImageObject","inLanguage":"hr","@id":"https:\/\/sdf.hr\/#\/schema\/logo\/image\/","url":"https:\/\/sdf.hr\/wp-content\/uploads\/2021\/07\/logo-hr.svg","contentUrl":"https:\/\/sdf.hr\/wp-content\/uploads\/2021\/07\/logo-hr.svg","width":271,"height":100,"caption":"SDF - Srpski demokratski forum"},"image":{"@id":"https:\/\/sdf.hr\/#\/schema\/logo\/image\/"}}]}},"_links":{"self":[{"href":"https:\/\/sdf.hr\/hr\/wp-json\/wp\/v2\/nada\/5310","targetHints":{"allow":["GET"]}}],"collection":[{"href":"https:\/\/sdf.hr\/hr\/wp-json\/wp\/v2\/nada"}],"about":[{"href":"https:\/\/sdf.hr\/hr\/wp-json\/wp\/v2\/types\/nada"}],"wp:featuredmedia":[{"embeddable":true,"href":"https:\/\/sdf.hr\/hr\/wp-json\/wp\/v2\/media\/5305"}],"wp:attachment":[{"href":"https:\/\/sdf.hr\/hr\/wp-json\/wp\/v2\/media?parent=5310"}],"wp:term":[{"taxonomy":"post_tag","embeddable":true,"href":"https:\/\/sdf.hr\/hr\/wp-json\/wp\/v2\/tags?post=5310"},{"taxonomy":"atribut","embeddable":true,"href":"https:\/\/sdf.hr\/hr\/wp-json\/wp\/v2\/atribut?post=5310"}],"curies":[{"name":"wp","href":"https:\/\/api.w.org\/{rel}","templated":true}]}}