{"id":5316,"date":"2024-08-14T12:45:56","date_gmt":"2024-08-14T10:45:56","guid":{"rendered":"https:\/\/sdf.hr\/nada\/zeleni-bombasi\/"},"modified":"2024-08-14T12:46:51","modified_gmt":"2024-08-14T10:46:51","slug":"zeleni-bombasi","status":"publish","type":"nada","link":"https:\/\/sdf.hr\/hr\/nada\/zeleni-bombasi\/","title":{"rendered":"Zeleni bomba\u0161i"},"content":{"rendered":"<p>Pripadnici generacije Z mo\u017eda ne\u0107e spasiti svijet, ali su prona\u0161li na\u010dine kako da ga u\u010dine iole podno\u0161ljivijim za \u017eivot. Posebno u periodu su\u0161nih ljeta, kada razorne posljedice klimatskih promjena dolaze po svoje i \u017eivot u prekomjerno asfaltiranim gradovima \u010dine nepodno\u0161ljivim. Za jednog takvog nesnosnog dana, u sigurnosti klimatiziranog doma, palimo TikTok i nakon poduljeg skrolanja nailazimo na pravo malo blago \u2013 trend tzv. <em>seed bombinga<\/em>.<\/p>\n<p>Radi se o drevnoj japanskoj praksi, u originalu poznatoj kao <em>tsuchi dango<\/em> (zemljane knedle), koja podrazumijeva pravljenje bombica sastavljenih od sjemenja razli\u010ditog bilja, naj\u010de\u0161\u0107e autohtonog, komposta i gline. Ljudi ih potom bacaju u vlastite vrtove i polja ili, jo\u0161 bolje, na zelene gradske parcele, koje se, nakon \u0161to priroda oradi svoje, pretvaraju u \u010darobne male oaze.<\/p>\n<p>Tom metodom svojevremeno su se slu\u017eila i autohtona sjevernoameri\u010dka plemena, a u modu su je 1970-ih vratili ameri\u010dki aktivisti, predstavljaju\u0107i je kao novi vid prakti\u010dne pobune. Skupina urbanista iz Lower East Sidea u New Yorku, sklona gerilskom vrtlarenju, o\u010dajni\u010dki je \u017eeljela transformirati vlastitu okolinu. U nemogu\u0107nosti da natjeraju lokalne vlasti na djelovanje, dizajnirali su prototipove tradicionalnih bombica sjemenja, bacali ih preko ograda na prazne zemljane povr\u0161ine i gledali kako njihov kvart, na zadovoljstvo p\u010dela i drugih opra\u0161iva\u010da, postaje sve zeleniji. Trend je nastavio \u017eivotariti u narednim desetlje\u0107ima, a u sredi\u0161te pa\u017enje su ga vratili TikTokeri, koji svoje <em>seed bombing<\/em> akcije dijele s korisnicima te dru\u0161tvene mre\u017ee. Naj\u010de\u0161\u0107e se, ponovo, radi o Amerikancima koji se snimaju\u0107i i objavljuju\u0107i to \u0161to \u010dine upu\u0161taju u poprili\u010dno velik rizik. U ve\u0107ini dijelova SAD-a, naime, nekontrolirano prosipanje sjemenja je protuzakonito. Ali zato ljudi bez imalo problema mogu hodati naokolo naoru\u017eani do zuba.<\/p>\n<p>U takvim okolnostima nije nam bilo lako prona\u0107i sugovornike za ovaj tekst. Nakon neizvjesnog traganja, napokon nam je stigao pozitivan odgovor od djevojke koja je na TikToku poznata pod alijasom Eco Punk. Zbog rizika u koji se svjesno upu\u0161ta, za ovu priliku \u0107emo joj za\u0161titi puni identitet i tek otkriti da se radi o <strong>Aminah<\/strong>, zoomerici u dvadesetima koja \u017eivi u New Yorku i radi u neprofitnoj organizaciji za za\u0161titu okoli\u0161a. Govori nam da je odrasla u\u017eivaju\u0107i u divljini, igraju\u0107i se na obalama rijeka i planinare\u0107i. To ju je, u kombinaciji sa stra\u0161\u0107u za dru\u0161tvenom pravdom i interesom za polo\u017eaj marginaliziranih zajednica, nadahnulo da nastavi karijeru u znanosti o okoli\u0161u. Ali i da se okrene aktivizmu.<\/p>\n<p>&#8211; U posljednjem periodu sam se osje\u0107ala frustrirano zbog ograni\u010denja koja postoje na polju zagovaranja u borbi protiv klimatskih promjena. Nakon mjeseci prolaska pored napu\u0161tenih parcela u mom susjedstvu, u Harlemu, i gledanja svih neautohtonih vrsta koje je grad zasadio na odre\u0111enim podru\u010djima, odlu\u010dila sam se baciti u akciju \u2013 ka\u017ee Aminah.<\/p>\n<p>Zanima nas koje sve koristi na\u0161 ekosustav mo\u017ee imati od urbanog vrtlarstva i <em>seed bombinga<\/em>, posebno s obzirom na zastra\u0161uju\u0107e posljedice klimatske krize. Za\u0161to je, uop\u0107e, takve akcije va\u017eno provoditi u gradovima, pitamo je.<\/p>\n<figure id=\"attachment_5314\" aria-describedby=\"caption-attachment-5314\" style=\"width: 1024px\" class=\"wp-caption alignnone\"><img loading=\"lazy\" decoding=\"async\" class=\"wp-image-5314 size-full\" src=\"https:\/\/sdf.hr\/wp-content\/uploads\/2024\/08\/Divlje-cvijece_Wikipedia.jpg\" alt=\"\" width=\"1024\" height=\"768\" srcset=\"https:\/\/sdf.hr\/wp-content\/uploads\/2024\/08\/Divlje-cvijece_Wikipedia.jpg 1024w, https:\/\/sdf.hr\/wp-content\/uploads\/2024\/08\/Divlje-cvijece_Wikipedia-300x225.jpg 300w, https:\/\/sdf.hr\/wp-content\/uploads\/2024\/08\/Divlje-cvijece_Wikipedia-768x576.jpg 768w\" sizes=\"auto, (max-width: 1024px) 100vw, 1024px\" \/><figcaption id=\"caption-attachment-5314\" class=\"wp-caption-text\">Gradovi trebaju zelena uto\u010di\u0161ta (Foto: Wikipedia)<\/figcaption><\/figure>\n<p>&#8211; Urbano vrtlarstvo i bombardiranje sjemenjem utje\u010du na pove\u0107anje bioraznolikosti, sekvestraciju ugljika i reguliranje temperature te pobolj\u0161avaju kvalitetu zraka i vode \u2013 a sve to je klju\u010dno za ubla\u017eavanje u\u010dinaka klimatske krize. Te su radnje od iznimne va\u017enosti u gradovima jer pretvaraju zapu\u0161tene prostore u zelena uto\u010di\u0161ta, podupiru opra\u0161iva\u010de i zbli\u017eavaju zajednice koje rade na odr\u017eivosti, \u010dine\u0107i tako urbana okru\u017eenja otpornijima i pogodnijima za \u017eivot \u2013 obja\u0161njava Aminah.<\/p>\n<p>Na\u0161a sugovornica na svom TikTok profilu \u010desto upozorava na va\u017enost kori\u0161tenja tradicionalnog, autohtonog sjemenja. Time se, tuma\u010di nam, podr\u017eava lokalne ekosustave i osigurava bolji rast zelenih oaza. Dodaje, me\u0111utim, da to nije jedina stvar koju bi po\u010detnici, dovoljno odva\u017eni da se bace na gerilsko vrtlarenje, trebali znati.<\/p>\n<p>&#8211; Za &#8220;sadnju&#8221; je klju\u010dno odabrati pravu sezonu, pri \u010demu je jesen najbolje vrijeme, te lokaciju na koju \u0107emo baciti sjemenje, uzimaju\u0107i u obzir faktore kao \u0161to su kvaliteta tla i dostupnost sun\u010deve svjetlosti. U gradu kao \u0161to je New York ponekad mo\u017ee biti te\u0161ko prona\u0107i zelene povr\u0161ine, ali postoje na\u010dini da onu malu koli\u010dinu koja u gradovima jo\u0161 uvijek postoji povratimo u na\u0161e ruke \u2013 ohrabruju\u0107e \u0107e Aminah.<\/p>\n<p>&#8211; Va\u017ean je i sam na\u010din izrade bombica. Prije svega se pobrinite da imate dovoljno sjemenki koje su pravilno umotane u smjesu bogatu hranjivim tvarima kako biste pove\u0107ali njihove \u0161anse za klijanje i pre\u017eivljavanje \u2013 dome\u0107e ona.<\/p>\n<p>Sve u svemu, za akciju nije potrebna posebna oprema niti vrtlarske vje\u0161tine. Budu\u0107i da su sjemenke oblo\u017eene kompostom, one su u biti ve\u0107 posa\u0111ene u vlastitom malom ekosustavu. Bombice \u0107e se otvoriti pri udaru o tlo i nakon dva do tri tjedna uz malo ki\u0161e, pustiti korijenje. Uostalom, TikTok je prepun videa s uputama kako ih napraviti.<\/p>\n<p>Pored takvih videa, Aminah na svome profilu donosi i one u kojima komentira aktualna politi\u010dka zbivanja, i to u kontekstu za\u0161tite okoli\u0161a. Jedan od gledanijih je onaj u kojem obja\u0161njava za\u0161to na zastra\u0161uju\u0107a zbivanja u pojasu Gaze, gdje je dosad u izraelskim napadima ubijeno oko 40.000 palestinskih civila, me\u0111u kojima veliki broj \u017eena i djece, treba gledati i kao na ekolo\u0161ku krizu.<\/p>\n<p>&#8211; Taj konflikt ozbiljno utje\u010de na prirodne resurse, proizvodi nesta\u0161icu vode i hrane, degradaciju zemlji\u0161ta, a iza sebe ostavlja opasni otpad. Vojne akcije i ograni\u010denja kretanja koja su nametnuta ljudima ometaju upravljanje okoli\u0161em i napore za njegovo o\u010duvanje, pospje\u0161uju\u0107i one\u010di\u0161\u0107enje i uni\u0161tavanje tradicionalnih stani\u0161ta \u2013 veli na\u0161a sugovornica.<\/p>\n<p>&#8211; Rje\u0161avanje tih pitanja klju\u010dno je za dugoro\u010dnu odr\u017eivost, zdravlje ekosustava, kao i zajednica u toj regiji. Uostalom, vjerujem da svatko na planetu ima pravo na zdrav okoli\u0161 \u2013 zaklju\u010duje Aminah.<\/p>\n<p><em>pi\u0161e Tamara Opa\u010di\u0107<\/em><\/p>\n","protected":false},"excerpt":{"rendered":"<p>Korisnici TikToka u sredi\u0161te pa\u017enje vratili su praksu ameri\u010dkih aktivista iz 1970-ih \u2013 bacanje bombica sa sjemenom na prazne zemljane povr\u0161ine. O izradi bombica i koristima za ekosustav pri\u010dali smo s Aminah, bomba\u0161icom iz New Yorka<\/p>\n","protected":false},"featured_media":5313,"template":"","tags":[130],"atribut":[],"class_list":["post-5316","nada","type-nada","status-publish","has-post-thumbnail","hentry","tag-tema"],"acf":[],"yoast_head":"<!-- This site is optimized with the Yoast SEO plugin v27.4 - https:\/\/yoast.com\/product\/yoast-seo-wordpress\/ -->\n<title>Zeleni bomba\u0161i - SDF - Srpski demokratski forum<\/title>\n<meta name=\"robots\" content=\"index, follow, max-snippet:-1, max-image-preview:large, max-video-preview:-1\" \/>\n<link rel=\"canonical\" href=\"https:\/\/sdf.hr\/hr\/nada\/zeleni-bombasi\/\" \/>\n<meta property=\"og:locale\" content=\"hr_HR\" \/>\n<meta property=\"og:type\" content=\"article\" \/>\n<meta property=\"og:title\" content=\"Zeleni bomba\u0161i - SDF - Srpski demokratski forum\" \/>\n<meta property=\"og:description\" content=\"Korisnici TikToka u sredi\u0161te pa\u017enje vratili su praksu ameri\u010dkih aktivista iz 1970-ih \u2013 bacanje bombica sa sjemenom na prazne zemljane povr\u0161ine. O izradi bombica i koristima za ekosustav pri\u010dali smo s Aminah, bomba\u0161icom iz New Yorka\" \/>\n<meta property=\"og:url\" content=\"https:\/\/sdf.hr\/hr\/nada\/zeleni-bombasi\/\" \/>\n<meta property=\"og:site_name\" content=\"SDF - Srpski demokratski forum\" \/>\n<meta property=\"article:modified_time\" content=\"2024-08-14T10:46:51+00:00\" \/>\n<meta property=\"og:image\" content=\"https:\/\/sdf.hr\/wp-content\/uploads\/2024\/08\/Seed-bomb_Wikipedia.jpg\" \/>\n\t<meta property=\"og:image:width\" content=\"1280\" \/>\n\t<meta property=\"og:image:height\" content=\"853\" \/>\n\t<meta property=\"og:image:type\" content=\"image\/jpeg\" \/>\n<meta name=\"twitter:card\" content=\"summary_large_image\" \/>\n<meta name=\"twitter:label1\" content=\"Procijenjeno vrijeme \u010ditanja\" \/>\n\t<meta name=\"twitter:data1\" content=\"5 minuta\" \/>\n<script type=\"application\/ld+json\" class=\"yoast-schema-graph\">{\"@context\":\"https:\\\/\\\/schema.org\",\"@graph\":[{\"@type\":\"WebPage\",\"@id\":\"https:\\\/\\\/sdf.hr\\\/hr\\\/nada\\\/zeleni-bombasi\\\/\",\"url\":\"https:\\\/\\\/sdf.hr\\\/hr\\\/nada\\\/zeleni-bombasi\\\/\",\"name\":\"Zeleni bomba\u0161i - SDF - Srpski demokratski forum\",\"isPartOf\":{\"@id\":\"https:\\\/\\\/sdf.hr\\\/#website\"},\"primaryImageOfPage\":{\"@id\":\"https:\\\/\\\/sdf.hr\\\/hr\\\/nada\\\/zeleni-bombasi\\\/#primaryimage\"},\"image\":{\"@id\":\"https:\\\/\\\/sdf.hr\\\/hr\\\/nada\\\/zeleni-bombasi\\\/#primaryimage\"},\"thumbnailUrl\":\"https:\\\/\\\/sdf.hr\\\/wp-content\\\/uploads\\\/2024\\\/08\\\/Seed-bomb_Wikipedia.jpg\",\"datePublished\":\"2024-08-14T10:45:56+00:00\",\"dateModified\":\"2024-08-14T10:46:51+00:00\",\"breadcrumb\":{\"@id\":\"https:\\\/\\\/sdf.hr\\\/hr\\\/nada\\\/zeleni-bombasi\\\/#breadcrumb\"},\"inLanguage\":\"hr\",\"potentialAction\":[{\"@type\":\"ReadAction\",\"target\":[\"https:\\\/\\\/sdf.hr\\\/hr\\\/nada\\\/zeleni-bombasi\\\/\"]}]},{\"@type\":\"ImageObject\",\"inLanguage\":\"hr\",\"@id\":\"https:\\\/\\\/sdf.hr\\\/hr\\\/nada\\\/zeleni-bombasi\\\/#primaryimage\",\"url\":\"https:\\\/\\\/sdf.hr\\\/wp-content\\\/uploads\\\/2024\\\/08\\\/Seed-bomb_Wikipedia.jpg\",\"contentUrl\":\"https:\\\/\\\/sdf.hr\\\/wp-content\\\/uploads\\\/2024\\\/08\\\/Seed-bomb_Wikipedia.jpg\",\"width\":1280,\"height\":853,\"caption\":\"Sjemena bombica (Foto: Wikipedia)\"},{\"@type\":\"BreadcrumbList\",\"@id\":\"https:\\\/\\\/sdf.hr\\\/hr\\\/nada\\\/zeleni-bombasi\\\/#breadcrumb\",\"itemListElement\":[{\"@type\":\"ListItem\",\"position\":1,\"name\":\"Po\u010detna stranica\",\"item\":\"https:\\\/\\\/sdf.hr\\\/hr\\\/\"},{\"@type\":\"ListItem\",\"position\":2,\"name\":\"Nada\",\"item\":\"https:\\\/\\\/sdf.hr\\\/nada\\\/\"},{\"@type\":\"ListItem\",\"position\":3,\"name\":\"Zeleni bomba\u0161i\"}]},{\"@type\":\"WebSite\",\"@id\":\"https:\\\/\\\/sdf.hr\\\/#website\",\"url\":\"https:\\\/\\\/sdf.hr\\\/\",\"name\":\"SDF - Srpski demokratski forum\",\"description\":\"Srpski demokratski forum\",\"publisher\":{\"@id\":\"https:\\\/\\\/sdf.hr\\\/#organization\"},\"potentialAction\":[{\"@type\":\"SearchAction\",\"target\":{\"@type\":\"EntryPoint\",\"urlTemplate\":\"https:\\\/\\\/sdf.hr\\\/?s={search_term_string}\"},\"query-input\":{\"@type\":\"PropertyValueSpecification\",\"valueRequired\":true,\"valueName\":\"search_term_string\"}}],\"inLanguage\":\"hr\"},{\"@type\":\"Organization\",\"@id\":\"https:\\\/\\\/sdf.hr\\\/#organization\",\"name\":\"SDF - Srpski demokratski forum\",\"url\":\"https:\\\/\\\/sdf.hr\\\/\",\"logo\":{\"@type\":\"ImageObject\",\"inLanguage\":\"hr\",\"@id\":\"https:\\\/\\\/sdf.hr\\\/#\\\/schema\\\/logo\\\/image\\\/\",\"url\":\"https:\\\/\\\/sdf.hr\\\/wp-content\\\/uploads\\\/2021\\\/07\\\/logo-hr.svg\",\"contentUrl\":\"https:\\\/\\\/sdf.hr\\\/wp-content\\\/uploads\\\/2021\\\/07\\\/logo-hr.svg\",\"width\":271,\"height\":100,\"caption\":\"SDF - Srpski demokratski forum\"},\"image\":{\"@id\":\"https:\\\/\\\/sdf.hr\\\/#\\\/schema\\\/logo\\\/image\\\/\"}}]}<\/script>\n<!-- \/ Yoast SEO plugin. -->","yoast_head_json":{"title":"Zeleni bomba\u0161i - SDF - Srpski demokratski forum","robots":{"index":"index","follow":"follow","max-snippet":"max-snippet:-1","max-image-preview":"max-image-preview:large","max-video-preview":"max-video-preview:-1"},"canonical":"https:\/\/sdf.hr\/hr\/nada\/zeleni-bombasi\/","og_locale":"hr_HR","og_type":"article","og_title":"Zeleni bomba\u0161i - SDF - Srpski demokratski forum","og_description":"Korisnici TikToka u sredi\u0161te pa\u017enje vratili su praksu ameri\u010dkih aktivista iz 1970-ih \u2013 bacanje bombica sa sjemenom na prazne zemljane povr\u0161ine. O izradi bombica i koristima za ekosustav pri\u010dali smo s Aminah, bomba\u0161icom iz New Yorka","og_url":"https:\/\/sdf.hr\/hr\/nada\/zeleni-bombasi\/","og_site_name":"SDF - Srpski demokratski forum","article_modified_time":"2024-08-14T10:46:51+00:00","og_image":[{"width":1280,"height":853,"url":"https:\/\/sdf.hr\/wp-content\/uploads\/2024\/08\/Seed-bomb_Wikipedia.jpg","type":"image\/jpeg"}],"twitter_card":"summary_large_image","twitter_misc":{"Procijenjeno vrijeme \u010ditanja":"5 minuta"},"schema":{"@context":"https:\/\/schema.org","@graph":[{"@type":"WebPage","@id":"https:\/\/sdf.hr\/hr\/nada\/zeleni-bombasi\/","url":"https:\/\/sdf.hr\/hr\/nada\/zeleni-bombasi\/","name":"Zeleni bomba\u0161i - SDF - Srpski demokratski forum","isPartOf":{"@id":"https:\/\/sdf.hr\/#website"},"primaryImageOfPage":{"@id":"https:\/\/sdf.hr\/hr\/nada\/zeleni-bombasi\/#primaryimage"},"image":{"@id":"https:\/\/sdf.hr\/hr\/nada\/zeleni-bombasi\/#primaryimage"},"thumbnailUrl":"https:\/\/sdf.hr\/wp-content\/uploads\/2024\/08\/Seed-bomb_Wikipedia.jpg","datePublished":"2024-08-14T10:45:56+00:00","dateModified":"2024-08-14T10:46:51+00:00","breadcrumb":{"@id":"https:\/\/sdf.hr\/hr\/nada\/zeleni-bombasi\/#breadcrumb"},"inLanguage":"hr","potentialAction":[{"@type":"ReadAction","target":["https:\/\/sdf.hr\/hr\/nada\/zeleni-bombasi\/"]}]},{"@type":"ImageObject","inLanguage":"hr","@id":"https:\/\/sdf.hr\/hr\/nada\/zeleni-bombasi\/#primaryimage","url":"https:\/\/sdf.hr\/wp-content\/uploads\/2024\/08\/Seed-bomb_Wikipedia.jpg","contentUrl":"https:\/\/sdf.hr\/wp-content\/uploads\/2024\/08\/Seed-bomb_Wikipedia.jpg","width":1280,"height":853,"caption":"Sjemena bombica (Foto: Wikipedia)"},{"@type":"BreadcrumbList","@id":"https:\/\/sdf.hr\/hr\/nada\/zeleni-bombasi\/#breadcrumb","itemListElement":[{"@type":"ListItem","position":1,"name":"Po\u010detna stranica","item":"https:\/\/sdf.hr\/hr\/"},{"@type":"ListItem","position":2,"name":"Nada","item":"https:\/\/sdf.hr\/nada\/"},{"@type":"ListItem","position":3,"name":"Zeleni bomba\u0161i"}]},{"@type":"WebSite","@id":"https:\/\/sdf.hr\/#website","url":"https:\/\/sdf.hr\/","name":"SDF - Srpski demokratski forum","description":"Srpski demokratski forum","publisher":{"@id":"https:\/\/sdf.hr\/#organization"},"potentialAction":[{"@type":"SearchAction","target":{"@type":"EntryPoint","urlTemplate":"https:\/\/sdf.hr\/?s={search_term_string}"},"query-input":{"@type":"PropertyValueSpecification","valueRequired":true,"valueName":"search_term_string"}}],"inLanguage":"hr"},{"@type":"Organization","@id":"https:\/\/sdf.hr\/#organization","name":"SDF - Srpski demokratski forum","url":"https:\/\/sdf.hr\/","logo":{"@type":"ImageObject","inLanguage":"hr","@id":"https:\/\/sdf.hr\/#\/schema\/logo\/image\/","url":"https:\/\/sdf.hr\/wp-content\/uploads\/2021\/07\/logo-hr.svg","contentUrl":"https:\/\/sdf.hr\/wp-content\/uploads\/2021\/07\/logo-hr.svg","width":271,"height":100,"caption":"SDF - Srpski demokratski forum"},"image":{"@id":"https:\/\/sdf.hr\/#\/schema\/logo\/image\/"}}]}},"_links":{"self":[{"href":"https:\/\/sdf.hr\/hr\/wp-json\/wp\/v2\/nada\/5316","targetHints":{"allow":["GET"]}}],"collection":[{"href":"https:\/\/sdf.hr\/hr\/wp-json\/wp\/v2\/nada"}],"about":[{"href":"https:\/\/sdf.hr\/hr\/wp-json\/wp\/v2\/types\/nada"}],"wp:featuredmedia":[{"embeddable":true,"href":"https:\/\/sdf.hr\/hr\/wp-json\/wp\/v2\/media\/5313"}],"wp:attachment":[{"href":"https:\/\/sdf.hr\/hr\/wp-json\/wp\/v2\/media?parent=5316"}],"wp:term":[{"taxonomy":"post_tag","embeddable":true,"href":"https:\/\/sdf.hr\/hr\/wp-json\/wp\/v2\/tags?post=5316"},{"taxonomy":"atribut","embeddable":true,"href":"https:\/\/sdf.hr\/hr\/wp-json\/wp\/v2\/atribut?post=5316"}],"curies":[{"name":"wp","href":"https:\/\/api.w.org\/{rel}","templated":true}]}}