{"id":5356,"date":"2024-08-30T08:00:48","date_gmt":"2024-08-30T06:00:48","guid":{"rendered":"https:\/\/sdf.hr\/nada\/ljubav-u-doba-boksa\/"},"modified":"2024-08-30T08:08:35","modified_gmt":"2024-08-30T06:08:35","slug":"ljubav-u-doba-boksa","status":"publish","type":"nada","link":"https:\/\/sdf.hr\/hr\/nada\/ljubav-u-doba-boksa\/","title":{"rendered":"Ljubav u doba boksa"},"content":{"rendered":"<p>Godine 1962. jugoslavenski boksa\u010d <strong>Tomislav Krizmani\u0107<\/strong> objavljuje memoare &#8220;Ring u vatri&#8221;. U njima se bori sa smr\u0107u oca, ubijenog u Jasenovcu. Ve\u0107 je o tome bilo rije\u010di u ovoj rubrici. &#8220;Do\u0161ao sam u ovu zemlju 50-ih s karipskih otoka. Pet sam puta bio boksa\u010dki prvak svijeta. Godina 1962. mi je zauvijek promijenila \u017eivot&#8221;, \u010duje se glas starog boksa\u010da. Zove se <strong>Emile Griffith<\/strong>. Slu\u0161am kako \u017eivot prepri\u010dava u dokumentarcu koji se tako\u0111er zove &#8220;Ring u vatri&#8221;. Godine 1962. Griffith je ubio \u010dovjeka. Te je godine <strong>Anita Carter<\/strong> na albumu &#8220;Folk songs old and new&#8221; snimila pjesmu &#8220;Ring of fire&#8221;, a godinu kasnije ta numera (naj)poznatija postaje u obradi <strong>Johnnyja Casha<\/strong>. Di gori? 60-ih svugdi.<\/p>\n<p>Griffith je ro\u0111en 1938. na Djevi\u010danskim otocima. Kao tinejd\u017eer se preselio u New York trbuhom za kruhom. Zaposlio se u tvornici \u0161e\u0161ira, prvo kao dostavlja\u010d, a zatim kao izra\u0111iva\u010d \u0161e\u0161ira. \u0160ef mu je jednog dana kazao da ima tijelo za boks i da je \u0161teta da se ne oproba u ringu, \u0161to je 1958. i u\u010dinio. Prvu titulu svjetskog prvaka osvojio je tri godine kasnije. Prvo \u0161to \u010dovjek primijeti u svakoj snimci mladog Griffitha u ringu njegove su brze ruke. Ruke kojima je ka\u010dio cvjetove na \u0161e\u0161ire, ruke kojima je 1962. kubanskog boksa\u010da <strong>Bennyja Pareta<\/strong> nokautirao tako da se Paret vi\u0161e nikad nije probudio.<\/p>\n<p>Bio je to tre\u0107i put da se Griffith i Paret susre\u0107u \u2013 ranije je jednu pobjedu odnio Griffith, jednu Paret. Pred novu borbu, najavljivanu kao &#8220;me\u010d godine, a mo\u017eda i desetlje\u0107a&#8221;, Paret je Griffitha na vaganju u Madison Square Gardenu nazvao <em>maric\u00f3nom<\/em> (pederom). Gej seks u tom je trenutku bio ilegalan u 49 od 50 ameri\u010dkih saveznih dr\u017eava. Novinar <strong>Jimmy Breslin<\/strong> situaciju ovako opisuje: &#8220;Ako bi tri homoseksualca hodala ulicom, uhitili bi ih jer nemaju dozvolu za paradu. Nitko se tada ne bi usudio staviti u novine da je Emile Griffith gej. Bilo je to ne\u010duveno, sve dok nije iza\u0161lo u javnost uo\u010di borbe.&#8221;<\/p>\n<p>Paret je u borbu u\u0161ao u lo\u0161oj kondiciji, oslabljen prethodnim me\u010devima u kojima je dobio te\u0161ke batine. Na jo\u0161 jedan veliki okr\u0161aj natjerao ga je menad\u017eer \u2013 borba s Griffithom bila mu je posljednja prilika za izmusti jo\u0161 malo para. I danas se pasionirani pratitelji boksa prepiru oko toga koliko mu je to\u010dno udaraca u facu sasuo Griffith u par zavr\u0161nih sekundi me\u010da, je li ih bilo 13, 17, 19, 25. Brze, brze ruke. U svakom slu\u010daju, bilo je to prvi put da je boksa\u010d ubijen u\u017eivo na nacionalnoj televiziji. Ogla\u0161iva\u010di su \u010dupali kosu, boks je maknut s TV-a skoro \u010ditavo idu\u0107e desetlje\u0107e, a ameri\u010dki politi\u010dari zgra\u017eali su se nad nasilnim &#8220;primitivnim&#8221; sportom u pu\u0161-pauzama vo\u0111enja rata u Vijetnamu i suzbijanja Pokreta za gra\u0111anska prava.<\/p>\n<p>Griffith je nastavio boksati, ali kako pi\u0161e <strong>Donald McRae<\/strong> u knjizi &#8220;Mu\u0161ki svijet: Dvostruki \u017eivot Emilea Griffitha&#8221;, nikad vi\u0161e nije bio isti boksa\u010d. Kasnije je radio i kao trener mla\u0111ih boksa\u010da, a javnosti se autao kao biseksualac. \u010cesto je izlazio u gej klubove u New Yorku, a 1992. je u izlasku te\u0161ko napadnut, nakon \u010dega se oporavljao mjesecima i postao dementan.<\/p>\n<p>Pred kraj dokumentarca &#8220;Ring u vatri&#8221; Griffith se upoznaje sa sinom Bennyja Pareta, <strong>Bennyjem Paretom Juniorom<\/strong>. Prestra\u0161enom Griffithu, kojeg je \u010ditav \u017eivot progonila Paretova smrt, prvi prilazi Junior. Govori mu da &#8220;nema ljutnje&#8221;, \u0161iri ruke i Griffith mu pada u zagrljaj. Zagrljeni pla\u010du pa kasnije malo sjede na klupi u parku. Vatra u ringu napokon je malo utrnula. Griffith je umro 2013., a za vje\u010dno tinjanje ostaju njegove rije\u010di: &#8220;Ubijem mu\u0161karca i ve\u0107ina ljudi mi oprosti. Volim mu\u0161karca i mnogi ka\u017eu da me to \u010dini zlom osobom.&#8221;<\/p>\n<p><em>pi\u0161e Ivana Peri\u0107<\/em><\/p>\n","protected":false},"excerpt":{"rendered":"<p>Boksa\u010d Emile Griffith umro je 2013., a za vje\u010dno tinjanje ostaju njegove rije\u010di: &#8220;Ubijem mu\u0161karca i ve\u0107ina ljudi mi oprosti. Volim mu\u0161karca i mnogi ka\u017eu da me to \u010dini zlom osobom&#8221;<\/p>\n","protected":false},"featured_media":5355,"template":"","tags":[40],"atribut":[],"class_list":["post-5356","nada","type-nada","status-publish","has-post-thumbnail","hentry","tag-dvokorak-naprijed"],"acf":[],"yoast_head":"<!-- This site is optimized with the Yoast SEO plugin v27.4 - https:\/\/yoast.com\/product\/yoast-seo-wordpress\/ -->\n<title>Ljubav u doba boksa - SDF - Srpski demokratski forum<\/title>\n<meta name=\"robots\" content=\"index, follow, max-snippet:-1, max-image-preview:large, max-video-preview:-1\" \/>\n<link rel=\"canonical\" href=\"https:\/\/sdf.hr\/hr\/nada\/ljubav-u-doba-boksa\/\" \/>\n<meta property=\"og:locale\" content=\"hr_HR\" \/>\n<meta property=\"og:type\" content=\"article\" \/>\n<meta property=\"og:title\" content=\"Ljubav u doba boksa - SDF - Srpski demokratski forum\" \/>\n<meta property=\"og:description\" content=\"Boksa\u010d Emile Griffith umro je 2013., a za vje\u010dno tinjanje ostaju njegove rije\u010di: &quot;Ubijem mu\u0161karca i ve\u0107ina ljudi mi oprosti. Volim mu\u0161karca i mnogi ka\u017eu da me to \u010dini zlom osobom&quot;\" \/>\n<meta property=\"og:url\" content=\"https:\/\/sdf.hr\/hr\/nada\/ljubav-u-doba-boksa\/\" \/>\n<meta property=\"og:site_name\" content=\"SDF - Srpski demokratski forum\" \/>\n<meta property=\"article:modified_time\" content=\"2024-08-30T06:08:35+00:00\" \/>\n<meta property=\"og:image\" content=\"https:\/\/sdf.hr\/wp-content\/uploads\/2024\/08\/Ring-u-vatri.jpg\" \/>\n\t<meta property=\"og:image:width\" content=\"1920\" \/>\n\t<meta property=\"og:image:height\" content=\"1080\" \/>\n\t<meta property=\"og:image:type\" content=\"image\/jpeg\" \/>\n<meta name=\"twitter:card\" content=\"summary_large_image\" \/>\n<meta name=\"twitter:label1\" content=\"Procijenjeno vrijeme \u010ditanja\" \/>\n\t<meta name=\"twitter:data1\" content=\"3 minute\" \/>\n<script type=\"application\/ld+json\" class=\"yoast-schema-graph\">{\"@context\":\"https:\\\/\\\/schema.org\",\"@graph\":[{\"@type\":\"WebPage\",\"@id\":\"https:\\\/\\\/sdf.hr\\\/hr\\\/nada\\\/ljubav-u-doba-boksa\\\/\",\"url\":\"https:\\\/\\\/sdf.hr\\\/hr\\\/nada\\\/ljubav-u-doba-boksa\\\/\",\"name\":\"Ljubav u doba boksa - SDF - Srpski demokratski forum\",\"isPartOf\":{\"@id\":\"https:\\\/\\\/sdf.hr\\\/#website\"},\"primaryImageOfPage\":{\"@id\":\"https:\\\/\\\/sdf.hr\\\/hr\\\/nada\\\/ljubav-u-doba-boksa\\\/#primaryimage\"},\"image\":{\"@id\":\"https:\\\/\\\/sdf.hr\\\/hr\\\/nada\\\/ljubav-u-doba-boksa\\\/#primaryimage\"},\"thumbnailUrl\":\"https:\\\/\\\/sdf.hr\\\/wp-content\\\/uploads\\\/2024\\\/08\\\/Ring-u-vatri.jpg\",\"datePublished\":\"2024-08-30T06:00:48+00:00\",\"dateModified\":\"2024-08-30T06:08:35+00:00\",\"breadcrumb\":{\"@id\":\"https:\\\/\\\/sdf.hr\\\/hr\\\/nada\\\/ljubav-u-doba-boksa\\\/#breadcrumb\"},\"inLanguage\":\"hr\",\"potentialAction\":[{\"@type\":\"ReadAction\",\"target\":[\"https:\\\/\\\/sdf.hr\\\/hr\\\/nada\\\/ljubav-u-doba-boksa\\\/\"]}]},{\"@type\":\"ImageObject\",\"inLanguage\":\"hr\",\"@id\":\"https:\\\/\\\/sdf.hr\\\/hr\\\/nada\\\/ljubav-u-doba-boksa\\\/#primaryimage\",\"url\":\"https:\\\/\\\/sdf.hr\\\/wp-content\\\/uploads\\\/2024\\\/08\\\/Ring-u-vatri.jpg\",\"contentUrl\":\"https:\\\/\\\/sdf.hr\\\/wp-content\\\/uploads\\\/2024\\\/08\\\/Ring-u-vatri.jpg\",\"width\":1920,\"height\":1080},{\"@type\":\"BreadcrumbList\",\"@id\":\"https:\\\/\\\/sdf.hr\\\/hr\\\/nada\\\/ljubav-u-doba-boksa\\\/#breadcrumb\",\"itemListElement\":[{\"@type\":\"ListItem\",\"position\":1,\"name\":\"Po\u010detna stranica\",\"item\":\"https:\\\/\\\/sdf.hr\\\/hr\\\/\"},{\"@type\":\"ListItem\",\"position\":2,\"name\":\"Nada\",\"item\":\"https:\\\/\\\/sdf.hr\\\/nada\\\/\"},{\"@type\":\"ListItem\",\"position\":3,\"name\":\"Ljubav u doba boksa\"}]},{\"@type\":\"WebSite\",\"@id\":\"https:\\\/\\\/sdf.hr\\\/#website\",\"url\":\"https:\\\/\\\/sdf.hr\\\/\",\"name\":\"SDF - Srpski demokratski forum\",\"description\":\"Srpski demokratski forum\",\"publisher\":{\"@id\":\"https:\\\/\\\/sdf.hr\\\/#organization\"},\"potentialAction\":[{\"@type\":\"SearchAction\",\"target\":{\"@type\":\"EntryPoint\",\"urlTemplate\":\"https:\\\/\\\/sdf.hr\\\/?s={search_term_string}\"},\"query-input\":{\"@type\":\"PropertyValueSpecification\",\"valueRequired\":true,\"valueName\":\"search_term_string\"}}],\"inLanguage\":\"hr\"},{\"@type\":\"Organization\",\"@id\":\"https:\\\/\\\/sdf.hr\\\/#organization\",\"name\":\"SDF - Srpski demokratski forum\",\"url\":\"https:\\\/\\\/sdf.hr\\\/\",\"logo\":{\"@type\":\"ImageObject\",\"inLanguage\":\"hr\",\"@id\":\"https:\\\/\\\/sdf.hr\\\/#\\\/schema\\\/logo\\\/image\\\/\",\"url\":\"https:\\\/\\\/sdf.hr\\\/wp-content\\\/uploads\\\/2021\\\/07\\\/logo-hr.svg\",\"contentUrl\":\"https:\\\/\\\/sdf.hr\\\/wp-content\\\/uploads\\\/2021\\\/07\\\/logo-hr.svg\",\"width\":271,\"height\":100,\"caption\":\"SDF - Srpski demokratski forum\"},\"image\":{\"@id\":\"https:\\\/\\\/sdf.hr\\\/#\\\/schema\\\/logo\\\/image\\\/\"}}]}<\/script>\n<!-- \/ Yoast SEO plugin. -->","yoast_head_json":{"title":"Ljubav u doba boksa - SDF - Srpski demokratski forum","robots":{"index":"index","follow":"follow","max-snippet":"max-snippet:-1","max-image-preview":"max-image-preview:large","max-video-preview":"max-video-preview:-1"},"canonical":"https:\/\/sdf.hr\/hr\/nada\/ljubav-u-doba-boksa\/","og_locale":"hr_HR","og_type":"article","og_title":"Ljubav u doba boksa - SDF - Srpski demokratski forum","og_description":"Boksa\u010d Emile Griffith umro je 2013., a za vje\u010dno tinjanje ostaju njegove rije\u010di: \"Ubijem mu\u0161karca i ve\u0107ina ljudi mi oprosti. Volim mu\u0161karca i mnogi ka\u017eu da me to \u010dini zlom osobom\"","og_url":"https:\/\/sdf.hr\/hr\/nada\/ljubav-u-doba-boksa\/","og_site_name":"SDF - Srpski demokratski forum","article_modified_time":"2024-08-30T06:08:35+00:00","og_image":[{"width":1920,"height":1080,"url":"https:\/\/sdf.hr\/wp-content\/uploads\/2024\/08\/Ring-u-vatri.jpg","type":"image\/jpeg"}],"twitter_card":"summary_large_image","twitter_misc":{"Procijenjeno vrijeme \u010ditanja":"3 minute"},"schema":{"@context":"https:\/\/schema.org","@graph":[{"@type":"WebPage","@id":"https:\/\/sdf.hr\/hr\/nada\/ljubav-u-doba-boksa\/","url":"https:\/\/sdf.hr\/hr\/nada\/ljubav-u-doba-boksa\/","name":"Ljubav u doba boksa - SDF - Srpski demokratski forum","isPartOf":{"@id":"https:\/\/sdf.hr\/#website"},"primaryImageOfPage":{"@id":"https:\/\/sdf.hr\/hr\/nada\/ljubav-u-doba-boksa\/#primaryimage"},"image":{"@id":"https:\/\/sdf.hr\/hr\/nada\/ljubav-u-doba-boksa\/#primaryimage"},"thumbnailUrl":"https:\/\/sdf.hr\/wp-content\/uploads\/2024\/08\/Ring-u-vatri.jpg","datePublished":"2024-08-30T06:00:48+00:00","dateModified":"2024-08-30T06:08:35+00:00","breadcrumb":{"@id":"https:\/\/sdf.hr\/hr\/nada\/ljubav-u-doba-boksa\/#breadcrumb"},"inLanguage":"hr","potentialAction":[{"@type":"ReadAction","target":["https:\/\/sdf.hr\/hr\/nada\/ljubav-u-doba-boksa\/"]}]},{"@type":"ImageObject","inLanguage":"hr","@id":"https:\/\/sdf.hr\/hr\/nada\/ljubav-u-doba-boksa\/#primaryimage","url":"https:\/\/sdf.hr\/wp-content\/uploads\/2024\/08\/Ring-u-vatri.jpg","contentUrl":"https:\/\/sdf.hr\/wp-content\/uploads\/2024\/08\/Ring-u-vatri.jpg","width":1920,"height":1080},{"@type":"BreadcrumbList","@id":"https:\/\/sdf.hr\/hr\/nada\/ljubav-u-doba-boksa\/#breadcrumb","itemListElement":[{"@type":"ListItem","position":1,"name":"Po\u010detna stranica","item":"https:\/\/sdf.hr\/hr\/"},{"@type":"ListItem","position":2,"name":"Nada","item":"https:\/\/sdf.hr\/nada\/"},{"@type":"ListItem","position":3,"name":"Ljubav u doba boksa"}]},{"@type":"WebSite","@id":"https:\/\/sdf.hr\/#website","url":"https:\/\/sdf.hr\/","name":"SDF - Srpski demokratski forum","description":"Srpski demokratski forum","publisher":{"@id":"https:\/\/sdf.hr\/#organization"},"potentialAction":[{"@type":"SearchAction","target":{"@type":"EntryPoint","urlTemplate":"https:\/\/sdf.hr\/?s={search_term_string}"},"query-input":{"@type":"PropertyValueSpecification","valueRequired":true,"valueName":"search_term_string"}}],"inLanguage":"hr"},{"@type":"Organization","@id":"https:\/\/sdf.hr\/#organization","name":"SDF - Srpski demokratski forum","url":"https:\/\/sdf.hr\/","logo":{"@type":"ImageObject","inLanguage":"hr","@id":"https:\/\/sdf.hr\/#\/schema\/logo\/image\/","url":"https:\/\/sdf.hr\/wp-content\/uploads\/2021\/07\/logo-hr.svg","contentUrl":"https:\/\/sdf.hr\/wp-content\/uploads\/2021\/07\/logo-hr.svg","width":271,"height":100,"caption":"SDF - Srpski demokratski forum"},"image":{"@id":"https:\/\/sdf.hr\/#\/schema\/logo\/image\/"}}]}},"_links":{"self":[{"href":"https:\/\/sdf.hr\/hr\/wp-json\/wp\/v2\/nada\/5356","targetHints":{"allow":["GET"]}}],"collection":[{"href":"https:\/\/sdf.hr\/hr\/wp-json\/wp\/v2\/nada"}],"about":[{"href":"https:\/\/sdf.hr\/hr\/wp-json\/wp\/v2\/types\/nada"}],"wp:featuredmedia":[{"embeddable":true,"href":"https:\/\/sdf.hr\/hr\/wp-json\/wp\/v2\/media\/5355"}],"wp:attachment":[{"href":"https:\/\/sdf.hr\/hr\/wp-json\/wp\/v2\/media?parent=5356"}],"wp:term":[{"taxonomy":"post_tag","embeddable":true,"href":"https:\/\/sdf.hr\/hr\/wp-json\/wp\/v2\/tags?post=5356"},{"taxonomy":"atribut","embeddable":true,"href":"https:\/\/sdf.hr\/hr\/wp-json\/wp\/v2\/atribut?post=5356"}],"curies":[{"name":"wp","href":"https:\/\/api.w.org\/{rel}","templated":true}]}}