{"id":5401,"date":"2024-09-18T12:59:58","date_gmt":"2024-09-18T10:59:58","guid":{"rendered":"https:\/\/sdf.hr\/nada\/planine-djece-adamove\/"},"modified":"2024-09-18T13:00:18","modified_gmt":"2024-09-18T11:00:18","slug":"planine-djece-adamove","status":"publish","type":"nada","link":"https:\/\/sdf.hr\/hr\/nada\/planine-djece-adamove\/","title":{"rendered":"Planine djece Adamove"},"content":{"rendered":"<p>Mi nemamo prijatelja ni neprijatelja, samo interese, izjavio je svojedobno Nobelovac i dr\u017eavni tajnik SAD-a <strong>Henry Kissinger<\/strong>, sa\u017eev\u0161i time lajtmotiv i povijest vanjsko-politi\u010dkih odnosa SAD-a, ali i ulju\u0111ene me\u0111unarodne zajednice koja osim vazala i biv\u0161ih kolonija ne broji ni deset &#8220;samostalnih&#8221; dr\u017eava. Ovdje, iznad turskih planinskih lanaca i anatolijske visoravni vrijedi jedno drugo na\u010delo. &#8220;Mi nemamo drugih prijatelja osim planina&#8221;, ka\u017ee poznata kurdska izreka, opjevana i u refrenu benda Grup Yorum: &#8220;Ako te zateknu lo\u0161a vremena, dragi, do\u0111i u planine \/ One \u0107e te \u0161tititi, ne\u0107e te izdati&#8221;. Mo\u017eda nema prikladnijeg mjesta za promatranje razlika izme\u0111u zapadnja\u010dkog i isto\u010dnja\u010dkog pristupa \u017eivotu uprili\u010denom u srazu izme\u0111u svakodnevice politi\u010dkih elita i naroda, od ovog ovdje, gdje ih planine razdvajaju.<\/p>\n<p>Anatolska visoravan i planine su kroz povijest bile dom ne samo Kurdima koje su vlasti \u2013 zatiru\u0107i im identitet \u2013 zvale &#8220;planinskim Turcima&#8221;, ve\u0107 i Armencima, Alevitima, \u010cerkezima, Romima, hereticima\u2026 Ne znam koliko je to politi\u010dki (ne)korektno u 2024. godini, no na letu iznad turskih planina u misli su mi do\u0161le upravo teorije iz raznih \u010dlanaka i istra\u017eivanja s podru\u010dja geografske psihologije: planinski narodi sna\u017eno dr\u017ee do svoje autonomije, skloniji su riskantnom pona\u0161anju kako bi opstali, otvoreniji su iskustvima, samodostatni, emocionalno stabilniji od prosjeka populacije\u2026 Svojeglavi i nepokoreni. Nije poziv u planine za bezveze.<\/p>\n<p>Ispod oblaka i izme\u0111u masiva nazire se mjesta\u0161ce Sadak, anti\u010dkog imena Satala. Prolaznik bi mogao pomisliti da je zalutao u zapu\u0161teno mjesta\u0161ce u BiH da nema pokoje tirkizno-bijele ku\u0107ice. Danas tirkiznu boju asociramo s Gr\u010dkom i iranskim d\u017eamijama, ali sama rije\u010d tirkizno dolazi od stare francuske rije\u010di za tursko \u2013 jer se upravo iz Osmanskog Carstva mineral koji poznajemo kao tirkiz uvozio u Europu. Tamo gdje bi kod nas bili rasuti ste\u0107ci po polju, ovdje stoje kameni stupovi i lukovi ukazuju\u0107i da je tu davno bio akvadukt. Ipak, najva\u017eniji arheolo\u0161ki nalaz je Afrodita iz Satale, glava bo\u017eice iz helenisti\u010dkog perioda. Danas se nalazi u Britanskom muzeju, zahvaljuju\u0107i rimskom dileru antikviteta iz 19. stolje\u0107a, <strong>Alessandru Castellaniju<\/strong>. Klijenti njegove obitelji bili su, me\u0111u ostalima, muzej Louvre i <strong>Napoleon III<\/strong> &#8211; unato\u010d sumnjama da su neki nalazi bili la\u017enjaci ili da su ih \u0161vercali potkupljuju\u0107i carinike.<\/p>\n<p>Dok vi\u0161e od 200.000 artefakata s podru\u010dja dana\u0161nje Turske jo\u0161 stoji izlo\u017eeno u inozemstvu, a kradljivci s detektorima pusto\u0161e nalazi\u0161ta po Mediteranu i prodaju ih na eBayu, stav zapada prema domovinama tih spomenika prokazala je arheologinja <strong>Dorothy King<\/strong> kada je, govore\u0107i o Elginovom mramoru uzetom iz Partenona izjavila: &#8220;Ne mo\u017eemo uop\u0107e ni pomi\u0161ljati da im ga vratimo dok se ne nau\u010de brinuti o onome \u0161to ve\u0107 imaju. Da znate majku koja zlostavlja svoje dijete, ne biste joj dali da posvoji drugo.&#8221; Mezopotamija je kolijevka civilizacije, Gr\u010dka demokracije, a zapad je kolijevka starog gesla: &#8220;finders \u2013 keepers, losers \u2013 weepers&#8221;. &#8220;Slijepe su o\u010di koje ne pla\u010du gledaju\u0107i svete predmete ukradene engleskim rukama&#8221;, pisao je <strong>Lord Byron<\/strong>. \u010cini se da \u0107e anatolijski bogovi jo\u0161 dugo \u017eivjeti u &#8220;groznoj sjevernoj klimi koju mrze&#8221;.<\/p>\n<figure id=\"attachment_5397\" aria-describedby=\"caption-attachment-5397\" style=\"width: 1368px\" class=\"wp-caption alignnone\"><img loading=\"lazy\" decoding=\"async\" class=\"wp-image-5397 size-full\" src=\"https:\/\/sdf.hr\/wp-content\/uploads\/2024\/09\/Mardin-Lidija.jpg\" alt=\"\" width=\"1368\" height=\"1824\" srcset=\"https:\/\/sdf.hr\/wp-content\/uploads\/2024\/09\/Mardin-Lidija.jpg 1368w, https:\/\/sdf.hr\/wp-content\/uploads\/2024\/09\/Mardin-Lidija-225x300.jpg 225w, https:\/\/sdf.hr\/wp-content\/uploads\/2024\/09\/Mardin-Lidija-768x1024.jpg 768w, https:\/\/sdf.hr\/wp-content\/uploads\/2024\/09\/Mardin-Lidija-1152x1536.jpg 1152w\" sizes=\"auto, (max-width: 1368px) 100vw, 1368px\" \/><figcaption id=\"caption-attachment-5397\" class=\"wp-caption-text\">Mardin \u2013 dje\u010dak zagledan u daljinu (Foto: Lidija \u010culo)<\/figcaption><\/figure>\n<p>Mnogo je etni\u010dkih i vjerskih to\u010dkica na mapi Anatolije. Armenska Katedrala Svetog Kri\u017ea na otoku Akdamar s o\u0161te\u0107enjima od metaka, ostaci velebnog dvorca u Bitlisu koji svjedo\u010de stoljetnom Kurdskom emiratu kao i pjesme koje su ostale iza njegovih kurdskih spisatelja, planina Ararat \u010diji su bijeli vrhovi pomije\u0161ani s oblacima poput \u0161laga, a na kojoj se po predaji nasukala Noina arka nakon potopa. Upravo \u0107e Noini potomci kasnije dizati Babilonsku kulu u nebesa, a Bog \u0107e ih kazniti pomije\u0161av\u0161i im jezike \u2013 uzrokuju\u0107i tako sukobe me\u0111u doju\u010dera\u0161njom bra\u0107om. Abrahamske vjere pune su pri\u010da o prokletstvima zava\u0111ene bra\u0107e \u2013 kao da su i same prokletstvo, a ne lekcija. Iz provincije Sivas dolazi poznati narodni pjesnik <strong>\u00c2\u015f\u0131k Veyse<\/strong>l. &#8220;Kurdi i Turci, svi smo djeca Adamova&#8221; i &#8220;Sve svete knjige su vrijedne, koja li je sramota diskriminirati i omalova\u017eavati tu\u0111e&#8221;, govorio je ovaj slijepac koji je svijet vidio bolje od mnogih spram zdravih o\u010diju. Kao da je i sam promatrao zemlju s visina gdje se gubi buka bespotrebnih sva\u0111a. Svi postaju jedno i ostaju samo spokojna ti\u0161ina oblaka i ljepota veli\u010danstvenih planina obasjanih suncem.<\/p>\n<p>Prema jugu i Mezopotamiji gradovi se spu\u0161taju s planinskih visina prema sirijskoj visoravni koju promatraju poredani uz tursko-sirijsku granicu, a koja \u0107e se potom naglo obru\u0161iti u Mediteransko more od regije Hatay pa sve do Gaze. Putopis iz zraka sada je bogatiji za opipljiva sje\u0107anja od prije par godina kada smo boravili na samom jugoistoku Turske, u regiji izme\u0111u Eufrata i Tigrisa, odakle se ra\u0111a &#8220;plodni polumjesec&#8221; &#8211; slavna Mezopotamija i Levant.<\/p>\n<p>Po\u010delo je u Sanliurfi ili Veli\u010danstvenoj Urfi. Grad je to &#8220;zelenog zlata&#8221;, tj. pistacija kojem su podigli spomenik, ljudi koji ma\u010dkama iznose kuhanu piletinu u vre\u0107icama, voza\u010da autobusa koji dr\u017ee staklenu \u010da\u0161u \u010daja kraj volana, pe\u010datnjaka na debelim i dlakavim prstima, du\u0107ana kao iz devedesetih sa starim barbikama i kazetama s \u010dijih se omota smije\u0161e brkati Tur\u010dini, komplimenata da ima\u0161 o\u010di lijepe kao magarac, grad u kojem smo kraj potoka \u010daja jedva uspijevali prona\u0107i ono \u0161to zovemo turskom kavom. Lak\u0161e smo prona\u0161li \u010dak i alkohol, tursku rakiju koja se pije s vodom i poprima izgled razrije\u0111enog mlijeka. Ka\u017eu da je <strong>Ataturk<\/strong> znao potegnuti i pola litre ovog &#8220;mlijeka lavova&#8221; dnevno, uz rumelijske pjesme \u2013 nastale u osmansko doba na Balkanu \u2013 koje su ga poga\u0111ale u srce. U svijetu koji postaje sve uniformniji i sterilniji, Sanliurfa je do\u0161la kao nostalgi\u010dni <em>deja vu<\/em> iz djetinjstva.<\/p>\n<p>Kraj Sanliurfe le\u017ee &#8220;kamenita brda&#8221;, tzv. Ta\u015f Tepeler. Rije\u010d je o skupini od 12 arheolo\u0161kih nalazi\u0161ta, me\u0111u kojima je najpoznatiji G\u00f6bekli tepe \u2013 &#8220;nulta to\u010dka u povijesti \u010dovje\u010danstva&#8221;. Masivni vapnena\u010dki spomenici, te\u0161ki i po desetak tona, tisu\u0107lje\u0107a su proveli \u0161utke ukopani u brda pod zemljom, kao da su \u010dekali da poslo\u017eimo puzzle povijesti i onda se otkriju poremetiv\u0161i sve \u0161to smo mislili da znamo. Stariji od Stonehengea i od neolitske revolucije, ovi hramovi su mo\u017eda i prvi u povijesti \u010dovje\u010danstva \u2013 podignuti i potom zakopani u zemlju onda kada su nomadi krenuli dalje. Time su ih nesvjesno sakrili i za\u0161titili od kolonijalisti\u010dkih ruku, pa sada stoje ovdje gdje i pripadaju \u2013 pod zvjezdanim nebom, na brdu koje gleda u beskrajnu crvenu zemlju, masline i Siriju.<\/p>\n<p>Tursko-sirijska granica nekada je bila \u017eivahni mravinjak koji svjetluca kao tisu\u0107e dragih kamena u no\u0107i, zbog \u010dega je obli\u017enji grad Mardin dobio nadimak Ogrlica Regije. Obitelji s obje strane i\u0161le su preko granice u \u0161oping, na izlete u veli\u010danstvene gradove mrtvih, u dru\u017eenja popra\u0107ena \u0161arenilom seoskih va\u0161ara \u2013 piknicima na dekama, \u0161e\u0107ernim vatama i balonima, starim Mercedesima iz \u010dijih se gepeka mogu kupiti kazete, torbe, igra\u010dke\u2026 Fizi\u010dka granica je bila samo dosadna formalnost, pri\u010daju lokalci dok se s tugom prisje\u0107aju pro\u0161lih vremena.<\/p>\n<p>Kada je zakuhan rat u Siriji, doju\u010dera\u0161nji prijatelji, susjedi i rodbina postali su izbjeglice \u2013 iako sami stanovnici turskih gradova izbjegavaju koristiti taj izraz za ljude koje smatraju bra\u0107om i sestrama. Gradovi poput Mardina, Sanliurfe i Gaziantepa na\u0161li su se na prvoj liniji i otvorili im vrata bez okoli\u0161anja. Gaziantep je jednom prilikom u svega 24 sata prihvatio \u010dak 200.000 izbjeglica. Mardin je na padinama podno dvorca na stijeni okupio \u0161arenilo sa svih strana \u2013 Arape, Turke, Kurde, muslimane, kr\u0161\u0107ane, pravoslavce\u2026 Hodaju\u0107i ulicama grada vidjeli smo d\u017eamije i halal restorane smje\u0161tene kraj vinarija u \u010dijim je izlozima stajao ogroman portret Isusa Krista, kao da poru\u010duje vinoljupcima: &#8220;Ne brinite, uz vas sam.&#8221;<\/p>\n<figure id=\"attachment_5399\" aria-describedby=\"caption-attachment-5399\" style=\"width: 1920px\" class=\"wp-caption alignnone\"><img loading=\"lazy\" decoding=\"async\" class=\"wp-image-5399 size-full\" src=\"https:\/\/sdf.hr\/wp-content\/uploads\/2024\/09\/Tas-Tepeler.jpg\" alt=\"\" width=\"1920\" height=\"1440\" srcset=\"https:\/\/sdf.hr\/wp-content\/uploads\/2024\/09\/Tas-Tepeler.jpg 1920w, https:\/\/sdf.hr\/wp-content\/uploads\/2024\/09\/Tas-Tepeler-300x225.jpg 300w, https:\/\/sdf.hr\/wp-content\/uploads\/2024\/09\/Tas-Tepeler-1024x768.jpg 1024w, https:\/\/sdf.hr\/wp-content\/uploads\/2024\/09\/Tas-Tepeler-768x576.jpg 768w, https:\/\/sdf.hr\/wp-content\/uploads\/2024\/09\/Tas-Tepeler-1536x1152.jpg 1536w\" sizes=\"auto, (max-width: 1920px) 100vw, 1920px\" \/><figcaption id=\"caption-attachment-5399\" class=\"wp-caption-text\">Ta\u015f Tepeler \u2013 arheolo\u0161ka nalazi\u0161ta (Foto: Ministarstvo kulture Turske)<\/figcaption><\/figure>\n<p>Tek \u0161to su zapo\u010deli novi \u017eivot, pred zoru 6. velja\u010de 2023. potres magnitude 7.8 s epicentrom u Gaziantepu pogodio je Tursku i Siriju. Bio je to jedan od najja\u010dih potresa u zabilje\u017eenoj povijesti regije. Poginulo je vi\u0161e od 60 tisu\u0107a ljudi, ozlije\u0111eno vi\u0161e od 120 tisu\u0107a, a oko 1,5 milijuna njih ostalo je bez domova. Ratne izbjeglice koje su prona\u0161le spas u turskim gradovima sada su sudjelovale u pomaganju tisu\u0107ama novih koje su pristigle nakon \u0161to su izgubile domove. &#8220;Kada je po\u010deo rat u Siriji, do\u0161li smo u Gaziantep i Mardin. Ljudi su nas primili i pomogli nam. Sada je na nama red da pomognemo drugima&#8221;, izjavila je jedna Sirijka tih dana za televiziju.<\/p>\n<p>Strpljenje koje prihva\u0107a da je ovo samo trenutak u vje\u010dnosti i \u017eivotu tisu\u0107ljetne civilizacije, podsje\u0107a na rije\u010di turskog arheologa <strong>Ozana<\/strong> koji nam je obja\u0161njavao stoljetne simbole urezane u kamene ku\u0107e: &#8220;Ovdje nema kutova. Sve je bo\u017eanstveno, sve je krug, sve se vra\u0107a i sve je vje\u010dno. Tako su razmi\u0161ljali i oni koji su ovdje stolje\u0107ima pokapali svoje mrtve.&#8221; Koliko je bio sretan kad je \u010duo da su spomenici u kamenitim brdima kod Sanliurfe iza\u0161li iz potresa gotovo neokrznuti, kao nekim \u010dudom (pa \u010duda ipak postoje), &#8220;jo\u0161 jednom pobijediv\u0161i sve&#8221;.<\/p>\n<p>Na zidi\u0107u u stijenama Mardina, jedan dje\u010dak je sjedio zagledan prema granici sa Sirijom. Sutra \u0107e zapadni mediji i politi\u010dari za njega i ostale govoriti kako se samo \u017eele do\u010depati Europe i putovnice. To jest istina za dio njih, u legitimnoj borbi za \u017eivot. No uvelike je to narcisoidni stav zapada na koji se s gnu\u0161anjem osvrnuo onaj Kolumbijac u &#8220;Narcosima&#8221; kad je rekao: &#8220;Vi mislite da svi patimo za Amerikom&#8221;. U Palestini sam vi\u0111ala velike \u017eeljezne klju\u010deve oka\u010dene na zidovima privremenih domova. Zvali su ih &#8220;klju\u010devima povratka&#8221; i bili su podsjetnik na domove koji ih \u010dekaju da im se vrate. Sli\u010dne sam vidjela i ovdje, vjerojatno im je simbolika ista. Zapad to ne razumije jer postoje samo interesi.<\/p>\n<p>Zatekla sam se s mi\u0161lju da \u0107e ovo sve zvu\u010dati kao zapis nostalgi\u010dnog orijentofila, ali neka, mo\u017eda to i jesam. Jer nigdje \u010dovjek ne prona\u0111e toliko duha, borbenosti i \u017eelje za \u017eivotom koliko na ovakvim mjestima, od ljudi kojima \u017eivot ne ostavlja vremena za o\u010dajavanje, za koje je predaja luksuz koji si ne mogu priu\u0161titi, ovdje, kako ka\u017ee anatolska pjesma, &#8220;u zemlji hrabrih ljudi, gdje ljubavnici ispisuju legende u planinama&#8221;. I ovaj dje\u010dak sjedio je le\u0111ima okrenut zapadu, zagledan u svoju zemlju. Kao mnogi, prisje\u0107a se boljih dana, ili \u010deka one koji tek dolaze. U regiji kojom od pamtivijeka teku rijeke \u017eivota i cvatu crne ru\u017ee, stara proro\u010danstva govore o skrivenim zlatnim planinama koje \u0107e se tek otkriti, a ljubav prema podneblju koje unosi konfuziju u glavama onih koji bi htjeli da je svijet uniformiran kao ravnalom po njihovim mjerilima, sro\u010dena je u izreci: &#8220;Kada bi sve bio zapad, gdje bi sunce izlazilo?&#8221;<\/p>\n<p><em>pi\u0161e Lidija \u010culo<\/em><\/p>\n","protected":false},"excerpt":{"rendered":"<p>Zatekla sam se s mi\u0161lju da \u0107e ovo sve zvu\u010dati kao zapis nostalgi\u010dnog orijentofila, ali neka, mo\u017eda to i jesam. Jer nigdje \u010dovjek ne prona\u0111e toliko duha, borbenosti i \u017eelje za \u017eivotom koliko na ovakvim mjestima, ovdje, kako ka\u017ee anatolska pjesma, &#8220;u zemlji hrabrih ljudi, gdje ljubavnici ispisuju legende u planinama&#8221;<\/p>\n","protected":false},"featured_media":5396,"template":"","tags":[131],"atribut":[],"class_list":["post-5401","nada","type-nada","status-publish","has-post-thumbnail","hentry","tag-reportaza"],"acf":[],"yoast_head":"<!-- This site is optimized with the Yoast SEO plugin v27.4 - https:\/\/yoast.com\/product\/yoast-seo-wordpress\/ -->\n<title>Planine djece Adamove - SDF - Srpski demokratski forum<\/title>\n<meta name=\"robots\" content=\"index, follow, max-snippet:-1, max-image-preview:large, max-video-preview:-1\" \/>\n<link rel=\"canonical\" href=\"https:\/\/sdf.hr\/hr\/nada\/planine-djece-adamove\/\" \/>\n<meta property=\"og:locale\" content=\"hr_HR\" \/>\n<meta property=\"og:type\" content=\"article\" \/>\n<meta property=\"og:title\" content=\"Planine djece Adamove - SDF - Srpski demokratski forum\" \/>\n<meta property=\"og:description\" content=\"Zatekla sam se s mi\u0161lju da \u0107e ovo sve zvu\u010dati kao zapis nostalgi\u010dnog orijentofila, ali neka, mo\u017eda to i jesam. Jer nigdje \u010dovjek ne prona\u0111e toliko duha, borbenosti i \u017eelje za \u017eivotom koliko na ovakvim mjestima, ovdje, kako ka\u017ee anatolska pjesma, &quot;u zemlji hrabrih ljudi, gdje ljubavnici ispisuju legende u planinama&quot;\" \/>\n<meta property=\"og:url\" content=\"https:\/\/sdf.hr\/hr\/nada\/planine-djece-adamove\/\" \/>\n<meta property=\"og:site_name\" content=\"SDF - Srpski demokratski forum\" \/>\n<meta property=\"article:modified_time\" content=\"2024-09-18T11:00:18+00:00\" \/>\n<meta property=\"og:image\" content=\"https:\/\/sdf.hr\/wp-content\/uploads\/2024\/09\/Mardin_Wikimedia-scaled.jpg\" \/>\n\t<meta property=\"og:image:width\" content=\"2560\" \/>\n\t<meta property=\"og:image:height\" content=\"1920\" \/>\n\t<meta property=\"og:image:type\" content=\"image\/jpeg\" \/>\n<meta name=\"twitter:card\" content=\"summary_large_image\" \/>\n<meta name=\"twitter:label1\" content=\"Procijenjeno vrijeme \u010ditanja\" \/>\n\t<meta name=\"twitter:data1\" content=\"9 minuta\" \/>\n<script type=\"application\/ld+json\" class=\"yoast-schema-graph\">{\"@context\":\"https:\\\/\\\/schema.org\",\"@graph\":[{\"@type\":\"WebPage\",\"@id\":\"https:\\\/\\\/sdf.hr\\\/hr\\\/nada\\\/planine-djece-adamove\\\/\",\"url\":\"https:\\\/\\\/sdf.hr\\\/hr\\\/nada\\\/planine-djece-adamove\\\/\",\"name\":\"Planine djece Adamove - SDF - Srpski demokratski forum\",\"isPartOf\":{\"@id\":\"https:\\\/\\\/sdf.hr\\\/#website\"},\"primaryImageOfPage\":{\"@id\":\"https:\\\/\\\/sdf.hr\\\/hr\\\/nada\\\/planine-djece-adamove\\\/#primaryimage\"},\"image\":{\"@id\":\"https:\\\/\\\/sdf.hr\\\/hr\\\/nada\\\/planine-djece-adamove\\\/#primaryimage\"},\"thumbnailUrl\":\"https:\\\/\\\/sdf.hr\\\/wp-content\\\/uploads\\\/2024\\\/09\\\/Mardin_Wikimedia-scaled.jpg\",\"datePublished\":\"2024-09-18T10:59:58+00:00\",\"dateModified\":\"2024-09-18T11:00:18+00:00\",\"breadcrumb\":{\"@id\":\"https:\\\/\\\/sdf.hr\\\/hr\\\/nada\\\/planine-djece-adamove\\\/#breadcrumb\"},\"inLanguage\":\"hr\",\"potentialAction\":[{\"@type\":\"ReadAction\",\"target\":[\"https:\\\/\\\/sdf.hr\\\/hr\\\/nada\\\/planine-djece-adamove\\\/\"]}]},{\"@type\":\"ImageObject\",\"inLanguage\":\"hr\",\"@id\":\"https:\\\/\\\/sdf.hr\\\/hr\\\/nada\\\/planine-djece-adamove\\\/#primaryimage\",\"url\":\"https:\\\/\\\/sdf.hr\\\/wp-content\\\/uploads\\\/2024\\\/09\\\/Mardin_Wikimedia-scaled.jpg\",\"contentUrl\":\"https:\\\/\\\/sdf.hr\\\/wp-content\\\/uploads\\\/2024\\\/09\\\/Mardin_Wikimedia-scaled.jpg\",\"width\":2560,\"height\":1920,\"caption\":\"Mardin je dobio nadimak Ogrlica Regije (Foto: Nevit Dilmen\\\/Wikimedia)\"},{\"@type\":\"BreadcrumbList\",\"@id\":\"https:\\\/\\\/sdf.hr\\\/hr\\\/nada\\\/planine-djece-adamove\\\/#breadcrumb\",\"itemListElement\":[{\"@type\":\"ListItem\",\"position\":1,\"name\":\"Po\u010detna stranica\",\"item\":\"https:\\\/\\\/sdf.hr\\\/hr\\\/\"},{\"@type\":\"ListItem\",\"position\":2,\"name\":\"Nada\",\"item\":\"https:\\\/\\\/sdf.hr\\\/nada\\\/\"},{\"@type\":\"ListItem\",\"position\":3,\"name\":\"Planine djece Adamove\"}]},{\"@type\":\"WebSite\",\"@id\":\"https:\\\/\\\/sdf.hr\\\/#website\",\"url\":\"https:\\\/\\\/sdf.hr\\\/\",\"name\":\"SDF - Srpski demokratski forum\",\"description\":\"Srpski demokratski forum\",\"publisher\":{\"@id\":\"https:\\\/\\\/sdf.hr\\\/#organization\"},\"potentialAction\":[{\"@type\":\"SearchAction\",\"target\":{\"@type\":\"EntryPoint\",\"urlTemplate\":\"https:\\\/\\\/sdf.hr\\\/?s={search_term_string}\"},\"query-input\":{\"@type\":\"PropertyValueSpecification\",\"valueRequired\":true,\"valueName\":\"search_term_string\"}}],\"inLanguage\":\"hr\"},{\"@type\":\"Organization\",\"@id\":\"https:\\\/\\\/sdf.hr\\\/#organization\",\"name\":\"SDF - Srpski demokratski forum\",\"url\":\"https:\\\/\\\/sdf.hr\\\/\",\"logo\":{\"@type\":\"ImageObject\",\"inLanguage\":\"hr\",\"@id\":\"https:\\\/\\\/sdf.hr\\\/#\\\/schema\\\/logo\\\/image\\\/\",\"url\":\"https:\\\/\\\/sdf.hr\\\/wp-content\\\/uploads\\\/2021\\\/07\\\/logo-hr.svg\",\"contentUrl\":\"https:\\\/\\\/sdf.hr\\\/wp-content\\\/uploads\\\/2021\\\/07\\\/logo-hr.svg\",\"width\":271,\"height\":100,\"caption\":\"SDF - Srpski demokratski forum\"},\"image\":{\"@id\":\"https:\\\/\\\/sdf.hr\\\/#\\\/schema\\\/logo\\\/image\\\/\"}}]}<\/script>\n<!-- \/ Yoast SEO plugin. -->","yoast_head_json":{"title":"Planine djece Adamove - SDF - Srpski demokratski forum","robots":{"index":"index","follow":"follow","max-snippet":"max-snippet:-1","max-image-preview":"max-image-preview:large","max-video-preview":"max-video-preview:-1"},"canonical":"https:\/\/sdf.hr\/hr\/nada\/planine-djece-adamove\/","og_locale":"hr_HR","og_type":"article","og_title":"Planine djece Adamove - SDF - Srpski demokratski forum","og_description":"Zatekla sam se s mi\u0161lju da \u0107e ovo sve zvu\u010dati kao zapis nostalgi\u010dnog orijentofila, ali neka, mo\u017eda to i jesam. Jer nigdje \u010dovjek ne prona\u0111e toliko duha, borbenosti i \u017eelje za \u017eivotom koliko na ovakvim mjestima, ovdje, kako ka\u017ee anatolska pjesma, \"u zemlji hrabrih ljudi, gdje ljubavnici ispisuju legende u planinama\"","og_url":"https:\/\/sdf.hr\/hr\/nada\/planine-djece-adamove\/","og_site_name":"SDF - Srpski demokratski forum","article_modified_time":"2024-09-18T11:00:18+00:00","og_image":[{"width":2560,"height":1920,"url":"https:\/\/sdf.hr\/wp-content\/uploads\/2024\/09\/Mardin_Wikimedia-scaled.jpg","type":"image\/jpeg"}],"twitter_card":"summary_large_image","twitter_misc":{"Procijenjeno vrijeme \u010ditanja":"9 minuta"},"schema":{"@context":"https:\/\/schema.org","@graph":[{"@type":"WebPage","@id":"https:\/\/sdf.hr\/hr\/nada\/planine-djece-adamove\/","url":"https:\/\/sdf.hr\/hr\/nada\/planine-djece-adamove\/","name":"Planine djece Adamove - SDF - Srpski demokratski forum","isPartOf":{"@id":"https:\/\/sdf.hr\/#website"},"primaryImageOfPage":{"@id":"https:\/\/sdf.hr\/hr\/nada\/planine-djece-adamove\/#primaryimage"},"image":{"@id":"https:\/\/sdf.hr\/hr\/nada\/planine-djece-adamove\/#primaryimage"},"thumbnailUrl":"https:\/\/sdf.hr\/wp-content\/uploads\/2024\/09\/Mardin_Wikimedia-scaled.jpg","datePublished":"2024-09-18T10:59:58+00:00","dateModified":"2024-09-18T11:00:18+00:00","breadcrumb":{"@id":"https:\/\/sdf.hr\/hr\/nada\/planine-djece-adamove\/#breadcrumb"},"inLanguage":"hr","potentialAction":[{"@type":"ReadAction","target":["https:\/\/sdf.hr\/hr\/nada\/planine-djece-adamove\/"]}]},{"@type":"ImageObject","inLanguage":"hr","@id":"https:\/\/sdf.hr\/hr\/nada\/planine-djece-adamove\/#primaryimage","url":"https:\/\/sdf.hr\/wp-content\/uploads\/2024\/09\/Mardin_Wikimedia-scaled.jpg","contentUrl":"https:\/\/sdf.hr\/wp-content\/uploads\/2024\/09\/Mardin_Wikimedia-scaled.jpg","width":2560,"height":1920,"caption":"Mardin je dobio nadimak Ogrlica Regije (Foto: Nevit Dilmen\/Wikimedia)"},{"@type":"BreadcrumbList","@id":"https:\/\/sdf.hr\/hr\/nada\/planine-djece-adamove\/#breadcrumb","itemListElement":[{"@type":"ListItem","position":1,"name":"Po\u010detna stranica","item":"https:\/\/sdf.hr\/hr\/"},{"@type":"ListItem","position":2,"name":"Nada","item":"https:\/\/sdf.hr\/nada\/"},{"@type":"ListItem","position":3,"name":"Planine djece Adamove"}]},{"@type":"WebSite","@id":"https:\/\/sdf.hr\/#website","url":"https:\/\/sdf.hr\/","name":"SDF - Srpski demokratski forum","description":"Srpski demokratski forum","publisher":{"@id":"https:\/\/sdf.hr\/#organization"},"potentialAction":[{"@type":"SearchAction","target":{"@type":"EntryPoint","urlTemplate":"https:\/\/sdf.hr\/?s={search_term_string}"},"query-input":{"@type":"PropertyValueSpecification","valueRequired":true,"valueName":"search_term_string"}}],"inLanguage":"hr"},{"@type":"Organization","@id":"https:\/\/sdf.hr\/#organization","name":"SDF - Srpski demokratski forum","url":"https:\/\/sdf.hr\/","logo":{"@type":"ImageObject","inLanguage":"hr","@id":"https:\/\/sdf.hr\/#\/schema\/logo\/image\/","url":"https:\/\/sdf.hr\/wp-content\/uploads\/2021\/07\/logo-hr.svg","contentUrl":"https:\/\/sdf.hr\/wp-content\/uploads\/2021\/07\/logo-hr.svg","width":271,"height":100,"caption":"SDF - Srpski demokratski forum"},"image":{"@id":"https:\/\/sdf.hr\/#\/schema\/logo\/image\/"}}]}},"_links":{"self":[{"href":"https:\/\/sdf.hr\/hr\/wp-json\/wp\/v2\/nada\/5401","targetHints":{"allow":["GET"]}}],"collection":[{"href":"https:\/\/sdf.hr\/hr\/wp-json\/wp\/v2\/nada"}],"about":[{"href":"https:\/\/sdf.hr\/hr\/wp-json\/wp\/v2\/types\/nada"}],"wp:featuredmedia":[{"embeddable":true,"href":"https:\/\/sdf.hr\/hr\/wp-json\/wp\/v2\/media\/5396"}],"wp:attachment":[{"href":"https:\/\/sdf.hr\/hr\/wp-json\/wp\/v2\/media?parent=5401"}],"wp:term":[{"taxonomy":"post_tag","embeddable":true,"href":"https:\/\/sdf.hr\/hr\/wp-json\/wp\/v2\/tags?post=5401"},{"taxonomy":"atribut","embeddable":true,"href":"https:\/\/sdf.hr\/hr\/wp-json\/wp\/v2\/atribut?post=5401"}],"curies":[{"name":"wp","href":"https:\/\/api.w.org\/{rel}","templated":true}]}}