{"id":5420,"date":"2024-09-29T07:00:41","date_gmt":"2024-09-29T05:00:41","guid":{"rendered":"https:\/\/sdf.hr\/nada\/branko-dragicevic-sviranje-nam-dodje-kao-apaurin\/"},"modified":"2024-10-13T10:12:07","modified_gmt":"2024-10-13T08:12:07","slug":"branko-dragicevic-sviranje-nam-dodje-kao-apaurin","status":"publish","type":"nada","link":"https:\/\/sdf.hr\/hr\/nada\/branko-dragicevic-sviranje-nam-dodje-kao-apaurin\/","title":{"rendered":"Branko Dragi\u010devi\u0107: Sviranje nam do\u0111e kao apaurin"},"content":{"rendered":"<p>Davne 2001. godine pokraj Staroga placa u Splitu gimnazijalke su petkom nave\u010der dolazile prije po\u010detka svirke, pronalazile najbolje mjesto i buljile u \u010dlanove benda Peco Petej &amp; The New Blues Power. Bila su to vremena kada je centar grada pripadao njegovim gra\u0111anima, kada su \u0161esnaestogodi\u0161njakinje slu\u0161ale bluz i kada su gitaristi svima bili tiha patnja. Ne\u0161to davnije, 1646. godine, jedne nedjelje, nakon mise, Valentino Bo\u0161kovi\u0107 je prona\u0161ao tajni recept \u2013 kako napraviti svemirsku raketu s kojom se s bra\u010dke Vidove gore lansirao u svemir.<\/p>\n<p>Ove dvije naoko nepovezane pri\u010de imaju puno toga zajedni\u010dkog \u2013 gitarista iz prve je <strong>Branko Dragi\u010devi\u0107<\/strong>, a Valentino, kojim je zalu\u0111ena cijela regija, plod je ma\u0161te Branka i bendovskog mu kolege <strong>Josipa Radi\u0107a<\/strong>. \u0160esnaestogodi\u0161njakinja s pogledom na bend sam ja. Dvadeset i tri godine kasnije, Dragi\u010devi\u0107 i ja po prvi smo puta sjeli u kvartovski kafi\u0107 i pretresli par \u017eivota: od mladosti preko muzike, od El Shatta do morskog svijeta.<\/p>\n<p>Branko Dragi\u010devi\u0107 ro\u0111en je 1980. u Splitu. Muzi\u010dar je i (su)osniva\u010d bendova Kundyak Mezhie, Summy i Bummy, Fog Frog Dog, Valentino Bo\u0161kovi\u0107 i Gdinjko. Vi\u0161i je znanstveni suradnik laboratorija za ihtiologiju i priobalni ribolov Instituta za oceanografiju i ribarstvo u Splitu.<\/p>\n<p><strong>Krenimo otpo\u010detka \u2013 kada ste se po\u010deli baviti muzikom, kako su izgledali prvi koraci?<\/strong><\/p>\n<p>Muzikom sam se krenuo baviti relativno kasno, sa sedamnaest godina, kada sam nagovorio roditelje da mi kupe gitaru. Ne dolazim iz muzi\u010dke obitelji, iako je baba imala dobar operni glas, a njoj je ba\u0161 najvi\u0161e smetalo kada sam doma vje\u017ebao jer nije mogla u miru gledati serije. Rodio sam se u ku\u0107i sa setom dobrih, maj\u010dinih plo\u010da \u2013 slu\u0161ala je <strong>Hendrixa<\/strong>, <strong>Dylana<\/strong>, <strong>Neila Younga<\/strong>, \u0161to je imalo utjecaj na moj muzi\u010dki ukus.<\/p>\n<p>Po\u010detak sviranja vezan je za Ba\u0161ku Vodu. S osamnaest godina krenuo sam svirati s prijateljem <strong>Tonijem Juri\u0161i\u0107em<\/strong> na ljetnoj terasi. Po\u010detkom nultih nas par mulaca osnovalo je bend New Blues Power i zvali smo bubnjara <strong>Pecu Peteja<\/strong> da nam se pridru\u017ei. Tako smo krenuli svirati po Splitu i Dalmaciji. Nakon razila\u017eenja s Pecom, osnovali smo bend Southbound u kojem mi bubnjar postaje prijatelj s kojim i dan danas sviram, <strong>Sr\u0111an Jeli\u010di\u0107<\/strong>. U jednom smo se trenu, mislim 2004., odselili u Rude, malo mjesto pokraj Samobora, mislili smo da \u0107emo biti novi Allman Brothers Band, da \u0107emo \u017eivjeti od svirki, a skoro smo umrli od gladi (smijeh). Kada sam shvatio da ni\u0161ta od muzike, vratio sam se u Split i zavr\u0161io fakultet. No i dalje mi je bilo va\u017eno nastaviti se baviti glazbom.<\/p>\n<p><strong>I tako dolazimo do pomalo kultnog benda Kundyak Mezhie.<\/strong><\/p>\n<p>Kundyak Mezhie je prvi bend s kojim nismo radili kavere, nego svoje stvari. Pjevao sam na engleskom jer mi je tad, u ranim dvadesetima, muzika na materinjem jeziku uglavnom i\u0161la na \u017eivce. U tim godinama si i malo pogubljen, ne zna\u0161 ba\u0161 za\u0161to radi\u0161 stvari koje radi\u0161.<\/p>\n<p><strong>A \u0161to zna\u010di ime?<\/strong><\/p>\n<p>Ni\u0161ta. Sve od te to\u010dke kada smo krenuli stvarati vlastite pjesme je na\u0161a interna zajebancija, bez ikakvih aspiracija, nama je bilo va\u017eno samo svirati i dobro se zabaviti. Sviranje nam do\u0111e kao apaurin, na\u010din na koji guramo svakodnevicu.<\/p>\n<p><strong>Paralelno radite i solo projekt: kao Fog Frog Dog izdajete dva albuma, &#8220;Split&#8221; i &#8220;sdgvuigujheriptbnjieoang&#8221;. YouTube komentarijat vas je prozvao splitskim Beckom.<\/strong><\/p>\n<p>Tra\u017eio sam neki svoj autorski glas, s\u00e2m sam sve i producirao, ali nisam se gnjavio ni sa kakvom promocijom. Iskreno, dra\u017ee mi je biti <em>low-key<\/em>, to mi je i cilj, i uspjelo mi je osim s Valentinom Bo\u0161kovi\u0107em, on je Josipu i meni malo pobjegao.<\/p>\n<p><strong>Valentinota \u010duvamo za kraj \u2013 novi bend Gdinjko izbacio je tri singla, zadnji nedavno, u kolovozu. Opet se vra\u0107ate muzici na hrvatskom, pardon bra\u010dkom. Gdinjko pjeva o prekomjernom izlovu ribe, o El Shattu i dovo\u0111enju vode u oto\u010dko misto.<\/strong><\/p>\n<p>Dok smo svirali kao Kundyak Mezhie bili smo mladi, fokus je bio samo na muzici, pisao sam tekstove na engleskom jer smo morali imati tekstove. Nismo htjeli da tekst bude banalan, ali nam nije bio ni toliko bitan. Gdinjko nastaje sasvim slu\u010dajno \u2013 ranije spomenuti Srki je prije pet-\u0161est godina kupio staru ku\u0107u na Hvaru i zaljubio se u mjesto Gdinj. Po\u010deo je pisati pjesme o Gdinju, sviruckali smo ih kao duo, jo\u0161 jedan rukavac na\u0161ih suludih bendova s nejasnim imenima, Summy i Bummy (Sr\u0111an i Branko, jel) i tu se rodila ideja Gdinjka. Bili smo blizu \u010detrdesetima, rekli smo jedan drugome ajmo se vratiti tradiciji i na\u0161oj Dalmaciji, \u0161to \u0107emo ganjati iluzije i pjevati na engleskom. Zajedno s na\u0161im suputnikom iz Kundyak Mezhieja, <strong>Marijanom Kati\u0107em<\/strong>, po\u010deli smo svirati i pjevati o poskocima ispod broda, birali smo rudimentarne dalmatinske teme, ali obavijene zajebancijom. \u0160to se ti\u010de pjesme &#8220;Chile&#8221; u kojoj spominjemo El Shatt, nemamo mi osobne veze s El Shattom, nije se moja mater rodila tamo kao \u0161to pjesma ka\u017ee, ali to je tema koja je dosta va\u017ena za cijelu Dalmaciju. Ta pjesma na primjer nije zajebancija, nego posveta.<\/p>\n<figure id=\"attachment_5416\" aria-describedby=\"caption-attachment-5416\" style=\"width: 1707px\" class=\"wp-caption alignnone\"><img loading=\"lazy\" decoding=\"async\" class=\"wp-image-5416 size-full\" src=\"https:\/\/sdf.hr\/wp-content\/uploads\/2024\/09\/Dragicevic2_Duska-Boban-scaled.jpg\" alt=\"\" width=\"1707\" height=\"2560\" srcset=\"https:\/\/sdf.hr\/wp-content\/uploads\/2024\/09\/Dragicevic2_Duska-Boban-scaled.jpg 1707w, https:\/\/sdf.hr\/wp-content\/uploads\/2024\/09\/Dragicevic2_Duska-Boban-200x300.jpg 200w, https:\/\/sdf.hr\/wp-content\/uploads\/2024\/09\/Dragicevic2_Duska-Boban-683x1024.jpg 683w, https:\/\/sdf.hr\/wp-content\/uploads\/2024\/09\/Dragicevic2_Duska-Boban-768x1152.jpg 768w, https:\/\/sdf.hr\/wp-content\/uploads\/2024\/09\/Dragicevic2_Duska-Boban-1024x1536.jpg 1024w, https:\/\/sdf.hr\/wp-content\/uploads\/2024\/09\/Dragicevic2_Duska-Boban-1365x2048.jpg 1365w\" sizes=\"auto, (max-width: 1707px) 100vw, 1707px\" \/><figcaption id=\"caption-attachment-5416\" class=\"wp-caption-text\">Branko Dragi\u010devi\u0107 (Foto: Du\u0161ka Boban)<\/figcaption><\/figure>\n<p><strong>Nemogu\u0107e da nikada niste napisali nijednu ljubavnu pjesmu o prekidu?<\/strong><\/p>\n<p>Jesam, kako nisam, u sklopu projekta Fog Frog Dog, ali sam i tu poku\u0161ao napraviti odmak. Uvijek sam se trudio da ne budem u nekoj \u0161abloni, da sviramo muziku koju ne mo\u017ee\u0161 utrpati u ladicu, jedan ko\u0161, jer meni to nije interesantno. Ne bih mogao ni opisati kakvu muziku stvaramo, osim da je pomalo apsurdna. Ako me \u017eeli\u0161 staviti u ko\u0161, ma radije me baci u ko\u0161 za \u0161kovace, nego u odre\u0111eni muzi\u010dki \u017eanr.<\/p>\n<p><strong>Kada Gdinjku izlazi prvi album?<\/strong><\/p>\n<p>Nadam se idu\u0107e godine, zasad smo izbacili tri pjesme sa spotovima iz na\u0161e radinosti. Marijan je animator, radi 3D vizualizacije, pa je on napravio prva dva spota, za pjesme &#8220;\u010ca si \u0107apa&#8221; i &#8220;Chile&#8221;, ali kako mu to oduzima puno vremena, za tre\u0107i singl &#8220;U Gdinju je raj&#8221; ja sam doma snimao neki stari magnetofon. Ve\u0107ina muzi\u010dara ulo\u017ei brdo para u produkciju i spot, ali mi se zabavljamo u cijelom procesu i sve radimo sami.<\/p>\n<p><strong>Umjetnici nerijetko bje\u017ee od ikakve politi\u010dnosti i vole ponavljati da je umjetnost autonomna, \u010desto govore i da su apoliti\u010dni. Ali svi mi u poslu biramo teme kojima se bavimo, a te teme ne\u0161to govore o nama: Gdinjko pjeva o El Shattu, Valentino se pozdravlja s Predragom Luci\u0107em u pjesmi &#8220;Adio trafikonte&#8221;. Smeta li vam kad se va\u0161i stihovi analiziraju u politi\u010dkom klju\u010du?<\/strong><\/p>\n<p>Ne smeta, ne sprdamo se mi s temama o kojima pi\u0161emo, samo pi\u0161emo o njima na pomalo apsurdisti\u010dki na\u010din i na tome je naglasak. Naravno da sam svjestan tema s kojima se bavimo, sama \u010dinjenica da ba\u0161 njih biramo ne\u0161to zna\u010di, a kada pjesmu objavi\u0161, zna\u010di da stoji\u0161 iza nje i njene poruke. Samo, te pjesme nisu produkt predumi\u0161ljaja i dugog mozganja, nego internog procesa, opu\u0161tenosti i zezancije. \u0160to se ti\u010de pjesme za <strong>Predraga<\/strong>, to je uglavnom Josipova pjesma, njemu je diplomski rad bio vezan za Feral i bilo mu je jako bitno da ne\u0161to takvo stvorimo. Naravno da sam prihvatio da je snimimo, a TBF joj je dao dodatnu svemirsku dimenziju.<\/p>\n<p><strong>Poruku Valentina Bo\u0161kovi\u0107a zemljanima prenosite vi i Josip Radi\u0107. Kako ste se povezali i kako biste opisali va\u0161 duo?<\/strong><\/p>\n<p>Josip i ja smo dosta druga\u010diji, on je sociolog i etnolog, ja sam biolog. Mislim da u Valentinotu Josip vi\u0161e donosi dru\u0161tveni kontekst, ipak je on humanista, a mene je uvijek zanimao svemir pa pridonosim svemirskim temama. Takav je i Valentino, spoj svemira i zemlje i mislim da je taj spoj nekako kliknuo. Josipa znam dugo, svirao je i s Kundacima puno prije nastanka Valentinota, nalazili smo se u na\u0161em prostoru na splitskim Ba\u010dvicama, \u010dak smo zajedno svirali obrade <strong>Elvisa<\/strong> i Beatlesa u Trpnju. Jednom smo se tako na\u0161li u prostoru i bezveze po\u010deli smi\u0161ljati pjesmu o \u010dovjeku koji je do\u0161ao u Pu\u010di\u0161\u0107a i pobio mje\u0161tane mitraljezom, ja sam na kraju pjesme samo provalio: &#8220;Do\u0161a je Valentino Bo\u0161kovi\u0107!&#8221; Pjesmu nikada nismo izdali, a kada smo se na\u0161li idu\u0107i put, Josip je uzeo akusti\u010dnu gitaru, ja sam pjevao prvo \u0161to mi je palo na pamet i tako je nastala pjesma &#8220;Roketomobil&#8221;. Smiksao sam pjesmu, stavio je na YouTube i na\u0161e Facebook profile i ljudima se dosta svidjela. Uskoro smo otvorili Facebook stranicu Valentinotu, snimili drugu pjesmu i lajkovi i komentari su prerasli na\u0161e prijatelje i poznanike. Iskreno, ni sam ne znam objasniti kako se to to\u010dno dogodilo. Znam samo da smo tek nakon par godina platili po par dolara za promociju, ipak smo mi Bra\u010dani.<\/p>\n<p><strong>Valentino iza sebe ima tri studijska albuma, &#8220;VSSR&#8221;, &#8220;Marsovsku listinu&#8221; i &#8220;Veliku prasku&#8221;, koji su nastajali od 2014. do 2020., a ovo ste ljeto, nakon \u010detiri godine pauze, objavili novi singl &#8220;Kruzer u Postira&#8221;. U ime va\u0161e prili\u010dno aktivne fan baze \u2013 za\u0161to tolika pauza?<\/strong><\/p>\n<p>\u017divim u Splitu, a Josip u Zagrebu i oboje imamo poslove i familije. Te\u0161ko je prona\u0107i dovoljno vremena. Prvi smo album snimili dijelom u Splitu, a dijelom smo radili onlajn ping-pong Split \u2013 Zagreb. Za &#8220;Veliku prasku&#8221; smo uspjeli iskombinirati nekoliko dana, u dva navrata iznajmiti ku\u0107e od para koje smo dobili od autorskih prava, jedna je bila u Lici, druga u Gorskom kotaru. Jedna je bila s bazenom koji nismo koristili, druga bez bazena, i snimili smo cijeli album daleko od grada. I, eto, nakon \u010detiri godine smo stigli izbaciti i novu stvar.<\/p>\n<p><strong>U spotovima za pjesme &#8220;Kruzer u Postira&#8221;, &#8220;Prilog semanti\u010dkoj motivaciji toponima otoka Bra\u010da&#8221; i jo\u0161 ponegdje pojavljuju se snimke mora i Bra\u010da snimanog iz broda iz kolovoza 1992. godine. Ne mogu objasniti za\u0161to, ali te VHS snimke mora su dirljive. Odakle snimke?<\/strong><\/p>\n<p>Dobar dio sam ja snimao, a ostalo otac i ro\u0111ak s kojima sam i\u0161ao na \u0111ite malim brodom. Taj ro\u0111ak je <strong>Igor Kralj<\/strong>, odli\u010dan pjeva\u010d autohtone dalmatinske klapske glazbe. Ne vidim da bi danas svoju k\u0107er vodio po jugu do Bi\u0161eva u brodu od pet metara kojem je crkao motor, ali bilo nam je fenomenalno. Otac bi mi rekao: &#8220;Branko, uzmi kameru i snimi ovu stranu Bra\u010da, ja \u0107u ti re\u0107&#8217; koja je koja uvala pa \u0107e\u0161 ti to ponoviti u kameru!&#8221;. Volim koristiti te stare snimke. Sli\u010dne snimke ima i &#8220;Uspavanka za Valentinota&#8221; koja je objavljena u sklopu nizozemskog ESNS festivala 2021. godine.<\/p>\n<p><strong>Pjevate na ponekad i Spli\u0107anima te\u0161ko razumljivom bra\u010dkom dijalektu, a slu\u0161a vas cijela biv\u0161a Juga. Ka\u017ee jedan komentar: &#8220;Me\u0161avina jednostavnosti, lako\u0107e u izrazu i univerzalnosti u podtekstu, koju nam Valentino isporu\u010duje, naprosto su fascinantni! Ro\u0111en sam i \u017eivim u Novom Sadu. Vojvo\u0111anin sam mentalitetom i ose\u0107anjem sveta. Vi\u0161e od pola teksta i ove pesme apsolutno ne razumem. A opet, imam ose\u0107aj da ta tri minuta dru\u017eenja sa Valentinom uvek probude najlep\u0161e u meni.&#8221;<\/strong><\/p>\n<p>Na dnevnoj bazi primamo poruke, zovu nas da sviramo svugdje, dosta se ljudi javlja iz Beograda. Iskreno ne znam kako se to dogodilo, ali je lijepo. Komentari ba\u0161 zra\u010de <em>peace and love<\/em> atmosferom i to nam je jako drago.<\/p>\n<figure id=\"attachment_5418\" aria-describedby=\"caption-attachment-5418\" style=\"width: 2560px\" class=\"wp-caption alignnone\"><img loading=\"lazy\" decoding=\"async\" class=\"wp-image-5418 size-full\" src=\"https:\/\/sdf.hr\/wp-content\/uploads\/2024\/09\/Dragicevic3_Duska-Boban-scaled.jpg\" alt=\"\" width=\"2560\" height=\"1706\" srcset=\"https:\/\/sdf.hr\/wp-content\/uploads\/2024\/09\/Dragicevic3_Duska-Boban-scaled.jpg 2560w, https:\/\/sdf.hr\/wp-content\/uploads\/2024\/09\/Dragicevic3_Duska-Boban-300x200.jpg 300w, https:\/\/sdf.hr\/wp-content\/uploads\/2024\/09\/Dragicevic3_Duska-Boban-1024x683.jpg 1024w, https:\/\/sdf.hr\/wp-content\/uploads\/2024\/09\/Dragicevic3_Duska-Boban-768x512.jpg 768w, https:\/\/sdf.hr\/wp-content\/uploads\/2024\/09\/Dragicevic3_Duska-Boban-1536x1024.jpg 1536w, https:\/\/sdf.hr\/wp-content\/uploads\/2024\/09\/Dragicevic3_Duska-Boban-2048x1365.jpg 2048w\" sizes=\"auto, (max-width: 2560px) 100vw, 2560px\" \/><figcaption id=\"caption-attachment-5418\" class=\"wp-caption-text\">Branko Dragi\u010devi\u0107 (Foto: Du\u0161ka Boban)<\/figcaption><\/figure>\n<p><strong>Na Facebook eventu koncerta Valentina Bo\u0161kovi\u0107a &#8220;Vozi son se roketon&#8221;, koji \u0107e se odr\u017eati na Valentinovo na Vidovoj gori 2046. godine, 4900 ljudi kliknulo je da dolazi, a njih jo\u0161 3595 da je zainteresirano. Za\u0161to moramo \u010dekati jo\u0161 dvadeset i dvije godine na va\u0161u prvu svirku?<\/strong><\/p>\n<p>Jer nam je prekomplicirano \u2013 vidimo se par puta godi\u0161nje, i Josip i ja sviramo hrpu instrumenata na albumima i trenutno nam je to potpuno neizvedivo organizirati iz logisti\u010dkih razloga. A pinku smo i lijeni.<\/p>\n<p><strong>Stvorila se poprili\u010dna fama oko toga \u0161to ne nastupate.<\/strong><\/p>\n<p>A \u0161ta \u0107emo. 2046. godina je tu ne samo zbog 400. godi\u0161njice Valentinotovog lansiranja u svemir, nego jer \u0107emo onda biti u penziji i imati vremena.<\/p>\n<p><strong>A sada ne\u0161to sasvim druga\u010dije: zaposleni ste na Institutu za oceanografiju i ribarstvo u Splitu. Pribli\u017eite nam svoj posao, \u0161to radi jedan znanstvenik ihtiolog? Raste li porastom temperature mora interes javnosti za va\u0161 rad?<\/strong><\/p>\n<p>Po struci sam morski biolog, a bavim se primarno ihtiologijom, \u0161to zna\u010di da prou\u010davam ribe. Mislim da raste interes za morske teme, \u010de\u0161\u0107e novinari zovu za izjave, na primjer u zadnje vrijeme vezano za vatrenja\u010du, invazivnu vrstu ribe o kojoj se ovo ljeto dosta pisalo. Pro\u0161le smo godine kolega <strong>Jakov Dul\u010di\u0107<\/strong> i ja izdali i priru\u010dnik na engleskom o novim vrstama riba i rakova u Jadranu, koji je namijenjen dijelu znanstvene zajednice koji se ne bavi primarno ovom temom. Situacija u moru se jako brzo mijenja \u2013 morski ekosustav jako je dinami\u010dan i svaka godina je druga\u010dija, ali brzina promjene uzrokovana klimatskim promjenama je sve ve\u0107a. Svaka tema vezana za more zahtijeva jedan ovakav intervju: od uni\u0161tavanja stani\u0161ta, ugro\u017eenih vrsta, preko mikroplastike i otpada do utjecaja ribarstva, zaga\u0111enja, turizma&#8230; Pritisak na more od strane \u010dovjeka je enorman, uostalom kao i na cijeli planet.<\/p>\n<p><strong>Uredski dio znanstvenog rada i nepregledne tablice mo\u017eemo zamisliti, ali kako izgleda jedan va\u0161 teren?<\/strong><\/p>\n<p>Evo, na primjer \u2013 uskoro \u0107emo kolege i ja sjesti u auto, oti\u0107i na u\u0161\u0107e Neretve, baciti vr\u0161e i loviti plavog raka, invazivnu vrstu u Jadranu. Plavi rak je unesen u Sredozemno more \u010detrdesetih godina pro\u0161log stolje\u0107a. Populacija mu je u Mediteranu eksplodirala zadnjih dvadesetak godina, a u\u0161\u0107a rijeka su mu pogodna stani\u0161ta. Kada se neka vrsta naseli, a nema predatora, to je formula za eksploziju \u2013 u morskom ekosustavu zapravo nije mogu\u0107e raditi eradikaciju (osim u jako lokaliziranim slu\u010dajevima), ne mo\u017eemo se invazivnih vrsta tek tako rije\u0161iti, jedini na\u010din je da se prilagodimo i da ih iskori\u0161tavamo te tako kontroliramo populaciju. Neki tereni su potpuno druga\u010dijeg tipa, ronimo i bilje\u017eimo sastav ribljih populacija.<\/p>\n<p><strong>U moru zabrinjavaju\u0107ih, ponekad se pojavi i neka lijepa vijest \u2013 primjerice, ovoga su ljeta u blizini Zadra vi\u0111eni sklatovi, iznimno ugro\u017eeni morski psi.<\/strong><\/p>\n<p>Jako su me obradovale snimke sklatova koje je snimio ribar <strong>Nikola Kosanovi\u0107<\/strong> s kojim sura\u0111ujem, a ka\u0161ete s njegovog broda nalaze se na omotu albuma &#8220;VSSR&#8221;. Sklatovima se tako\u0111er bavim te sura\u0111ujem s kolegama u istra\u017eivanju i na podizanju svijesti o ugro\u017eenim vrstama. Va\u017eno je ljudima pokazati da briga donosi rezultate te da mo\u017eemo stvari okrenuti nabolje ako se potrudimo. Naravno, jedan od zadataka znanstvenika je upozoriti na negativne procese, ali i, kada je mogu\u0107e, ponuditi neka rje\u0161enja. Ne mo\u017eemo \u017eivjeti bez optimizma i nade da rje\u0161enja postoje. No ta rje\u0161enja \u010desto tra\u017ee odricanje ili dodatni napor. Primjerice, svako klimatsko rje\u0161enje zahtjeva neki vid odricanja na koji mnogi nisu spremni. Kako \u0107emo se nositi s posljedicama na\u0161eg djelovanja bit \u0107e pravi test civilizacijske zrelosti.<\/p>\n<p><strong>I za kraj, \u0161to jednom muzi\u010daru i ihtiologu budi nadu? Osim, naravno, ideja da \u0107e Valentino s Marsa ipak prona\u0107i put ku\u0107i, na Bra\u010d.<\/strong><\/p>\n<p>Mislim da nada nije ni\u0161ta drugo nego optimizam. Trudim se imati optimisti\u010dan pogled na svijet, tj. sagledati stvari realisti\u010dno, ali u nadi da \u0107e budu\u0107nost ipak biti bolja od onoga kakvom se trenutno \u010dini. A tje\u0161i me i \u010dinjenica da koliko god mi negativno utjecali na \u017eivotni prostor koji dijelimo s bezbroj drugih organizama, koliko god iscrpljivali ovaj tanki sloj biosfere u kojem postojimo, ipak apsolutno sve \u0161to mi ljudi mo\u017eemo napraviti, bilo to pozitivno ili negativno, nema u\u010dinka dalje od ove na\u0161e atmosfere. I zato, dragi vanzemaljci, ne bojte se, na sigurnom ste.<\/p>\n<p><em>razgovor vodila Vedrana Bibi\u0107<\/em><\/p>\n","protected":false},"excerpt":{"rendered":"<p>Uvijek sam se trudio da ne budem u nekoj \u0161abloni, da sviramo muziku koju ne mo\u017ee\u0161 utrpati u ladicu jer mi to nije interesantno. Ne bih mogao ni opisati kakvu muziku stvaramo, osim da je pomalo apsurdna. Ako me \u017eeli\u0161 staviti u ko\u0161, ma radije me baci u ko\u0161 za \u0161kovace<\/p>\n","protected":false},"featured_media":5415,"template":"","tags":[173],"atribut":[],"class_list":["post-5420","nada","type-nada","status-publish","has-post-thumbnail","hentry","tag-intervju-2-hr"],"acf":[],"yoast_head":"<!-- This site is optimized with the Yoast SEO plugin v27.4 - https:\/\/yoast.com\/product\/yoast-seo-wordpress\/ -->\n<title>Branko Dragi\u010devi\u0107: Sviranje nam do\u0111e kao apaurin - SDF - Srpski demokratski forum<\/title>\n<meta name=\"robots\" content=\"index, follow, max-snippet:-1, max-image-preview:large, max-video-preview:-1\" \/>\n<link rel=\"canonical\" href=\"https:\/\/sdf.hr\/hr\/nada\/branko-dragicevic-sviranje-nam-dodje-kao-apaurin\/\" \/>\n<meta property=\"og:locale\" content=\"hr_HR\" \/>\n<meta property=\"og:type\" content=\"article\" \/>\n<meta property=\"og:title\" content=\"Branko Dragi\u010devi\u0107: Sviranje nam do\u0111e kao apaurin - SDF - Srpski demokratski forum\" \/>\n<meta property=\"og:description\" content=\"Uvijek sam se trudio da ne budem u nekoj \u0161abloni, da sviramo muziku koju ne mo\u017ee\u0161 utrpati u ladicu jer mi to nije interesantno. Ne bih mogao ni opisati kakvu muziku stvaramo, osim da je pomalo apsurdna. Ako me \u017eeli\u0161 staviti u ko\u0161, ma radije me baci u ko\u0161 za \u0161kovace\" \/>\n<meta property=\"og:url\" content=\"https:\/\/sdf.hr\/hr\/nada\/branko-dragicevic-sviranje-nam-dodje-kao-apaurin\/\" \/>\n<meta property=\"og:site_name\" content=\"SDF - Srpski demokratski forum\" \/>\n<meta property=\"article:modified_time\" content=\"2024-10-13T08:12:07+00:00\" \/>\n<meta property=\"og:image\" content=\"https:\/\/sdf.hr\/wp-content\/uploads\/2024\/09\/Dragicevic1_Duska-Boban-scaled.jpg\" \/>\n\t<meta property=\"og:image:width\" content=\"2560\" \/>\n\t<meta property=\"og:image:height\" content=\"1706\" \/>\n\t<meta property=\"og:image:type\" content=\"image\/jpeg\" \/>\n<meta name=\"twitter:card\" content=\"summary_large_image\" \/>\n<meta name=\"twitter:label1\" content=\"Procijenjeno vrijeme \u010ditanja\" \/>\n\t<meta name=\"twitter:data1\" content=\"14 minuta\" \/>\n<script type=\"application\/ld+json\" class=\"yoast-schema-graph\">{\"@context\":\"https:\\\/\\\/schema.org\",\"@graph\":[{\"@type\":\"WebPage\",\"@id\":\"https:\\\/\\\/sdf.hr\\\/hr\\\/nada\\\/branko-dragicevic-sviranje-nam-dodje-kao-apaurin\\\/\",\"url\":\"https:\\\/\\\/sdf.hr\\\/hr\\\/nada\\\/branko-dragicevic-sviranje-nam-dodje-kao-apaurin\\\/\",\"name\":\"Branko Dragi\u010devi\u0107: Sviranje nam do\u0111e kao apaurin - SDF - Srpski demokratski forum\",\"isPartOf\":{\"@id\":\"https:\\\/\\\/sdf.hr\\\/#website\"},\"primaryImageOfPage\":{\"@id\":\"https:\\\/\\\/sdf.hr\\\/hr\\\/nada\\\/branko-dragicevic-sviranje-nam-dodje-kao-apaurin\\\/#primaryimage\"},\"image\":{\"@id\":\"https:\\\/\\\/sdf.hr\\\/hr\\\/nada\\\/branko-dragicevic-sviranje-nam-dodje-kao-apaurin\\\/#primaryimage\"},\"thumbnailUrl\":\"https:\\\/\\\/sdf.hr\\\/wp-content\\\/uploads\\\/2024\\\/09\\\/Dragicevic1_Duska-Boban-scaled.jpg\",\"datePublished\":\"2024-09-29T05:00:41+00:00\",\"dateModified\":\"2024-10-13T08:12:07+00:00\",\"breadcrumb\":{\"@id\":\"https:\\\/\\\/sdf.hr\\\/hr\\\/nada\\\/branko-dragicevic-sviranje-nam-dodje-kao-apaurin\\\/#breadcrumb\"},\"inLanguage\":\"hr\",\"potentialAction\":[{\"@type\":\"ReadAction\",\"target\":[\"https:\\\/\\\/sdf.hr\\\/hr\\\/nada\\\/branko-dragicevic-sviranje-nam-dodje-kao-apaurin\\\/\"]}]},{\"@type\":\"ImageObject\",\"inLanguage\":\"hr\",\"@id\":\"https:\\\/\\\/sdf.hr\\\/hr\\\/nada\\\/branko-dragicevic-sviranje-nam-dodje-kao-apaurin\\\/#primaryimage\",\"url\":\"https:\\\/\\\/sdf.hr\\\/wp-content\\\/uploads\\\/2024\\\/09\\\/Dragicevic1_Duska-Boban-scaled.jpg\",\"contentUrl\":\"https:\\\/\\\/sdf.hr\\\/wp-content\\\/uploads\\\/2024\\\/09\\\/Dragicevic1_Duska-Boban-scaled.jpg\",\"width\":2560,\"height\":1706,\"caption\":\"Branko Dragi\u010devi\u0107 (Foto: Du\u0161ka Boban)\"},{\"@type\":\"BreadcrumbList\",\"@id\":\"https:\\\/\\\/sdf.hr\\\/hr\\\/nada\\\/branko-dragicevic-sviranje-nam-dodje-kao-apaurin\\\/#breadcrumb\",\"itemListElement\":[{\"@type\":\"ListItem\",\"position\":1,\"name\":\"Po\u010detna stranica\",\"item\":\"https:\\\/\\\/sdf.hr\\\/hr\\\/\"},{\"@type\":\"ListItem\",\"position\":2,\"name\":\"Nada\",\"item\":\"https:\\\/\\\/sdf.hr\\\/nada\\\/\"},{\"@type\":\"ListItem\",\"position\":3,\"name\":\"Branko Dragi\u010devi\u0107: Sviranje nam do\u0111e kao apaurin\"}]},{\"@type\":\"WebSite\",\"@id\":\"https:\\\/\\\/sdf.hr\\\/#website\",\"url\":\"https:\\\/\\\/sdf.hr\\\/\",\"name\":\"SDF - Srpski demokratski forum\",\"description\":\"Srpski demokratski forum\",\"publisher\":{\"@id\":\"https:\\\/\\\/sdf.hr\\\/#organization\"},\"potentialAction\":[{\"@type\":\"SearchAction\",\"target\":{\"@type\":\"EntryPoint\",\"urlTemplate\":\"https:\\\/\\\/sdf.hr\\\/?s={search_term_string}\"},\"query-input\":{\"@type\":\"PropertyValueSpecification\",\"valueRequired\":true,\"valueName\":\"search_term_string\"}}],\"inLanguage\":\"hr\"},{\"@type\":\"Organization\",\"@id\":\"https:\\\/\\\/sdf.hr\\\/#organization\",\"name\":\"SDF - Srpski demokratski forum\",\"url\":\"https:\\\/\\\/sdf.hr\\\/\",\"logo\":{\"@type\":\"ImageObject\",\"inLanguage\":\"hr\",\"@id\":\"https:\\\/\\\/sdf.hr\\\/#\\\/schema\\\/logo\\\/image\\\/\",\"url\":\"https:\\\/\\\/sdf.hr\\\/wp-content\\\/uploads\\\/2021\\\/07\\\/logo-hr.svg\",\"contentUrl\":\"https:\\\/\\\/sdf.hr\\\/wp-content\\\/uploads\\\/2021\\\/07\\\/logo-hr.svg\",\"width\":271,\"height\":100,\"caption\":\"SDF - Srpski demokratski forum\"},\"image\":{\"@id\":\"https:\\\/\\\/sdf.hr\\\/#\\\/schema\\\/logo\\\/image\\\/\"}}]}<\/script>\n<!-- \/ Yoast SEO plugin. -->","yoast_head_json":{"title":"Branko Dragi\u010devi\u0107: Sviranje nam do\u0111e kao apaurin - SDF - Srpski demokratski forum","robots":{"index":"index","follow":"follow","max-snippet":"max-snippet:-1","max-image-preview":"max-image-preview:large","max-video-preview":"max-video-preview:-1"},"canonical":"https:\/\/sdf.hr\/hr\/nada\/branko-dragicevic-sviranje-nam-dodje-kao-apaurin\/","og_locale":"hr_HR","og_type":"article","og_title":"Branko Dragi\u010devi\u0107: Sviranje nam do\u0111e kao apaurin - SDF - Srpski demokratski forum","og_description":"Uvijek sam se trudio da ne budem u nekoj \u0161abloni, da sviramo muziku koju ne mo\u017ee\u0161 utrpati u ladicu jer mi to nije interesantno. Ne bih mogao ni opisati kakvu muziku stvaramo, osim da je pomalo apsurdna. Ako me \u017eeli\u0161 staviti u ko\u0161, ma radije me baci u ko\u0161 za \u0161kovace","og_url":"https:\/\/sdf.hr\/hr\/nada\/branko-dragicevic-sviranje-nam-dodje-kao-apaurin\/","og_site_name":"SDF - Srpski demokratski forum","article_modified_time":"2024-10-13T08:12:07+00:00","og_image":[{"width":2560,"height":1706,"url":"https:\/\/sdf.hr\/wp-content\/uploads\/2024\/09\/Dragicevic1_Duska-Boban-scaled.jpg","type":"image\/jpeg"}],"twitter_card":"summary_large_image","twitter_misc":{"Procijenjeno vrijeme \u010ditanja":"14 minuta"},"schema":{"@context":"https:\/\/schema.org","@graph":[{"@type":"WebPage","@id":"https:\/\/sdf.hr\/hr\/nada\/branko-dragicevic-sviranje-nam-dodje-kao-apaurin\/","url":"https:\/\/sdf.hr\/hr\/nada\/branko-dragicevic-sviranje-nam-dodje-kao-apaurin\/","name":"Branko Dragi\u010devi\u0107: Sviranje nam do\u0111e kao apaurin - SDF - Srpski demokratski forum","isPartOf":{"@id":"https:\/\/sdf.hr\/#website"},"primaryImageOfPage":{"@id":"https:\/\/sdf.hr\/hr\/nada\/branko-dragicevic-sviranje-nam-dodje-kao-apaurin\/#primaryimage"},"image":{"@id":"https:\/\/sdf.hr\/hr\/nada\/branko-dragicevic-sviranje-nam-dodje-kao-apaurin\/#primaryimage"},"thumbnailUrl":"https:\/\/sdf.hr\/wp-content\/uploads\/2024\/09\/Dragicevic1_Duska-Boban-scaled.jpg","datePublished":"2024-09-29T05:00:41+00:00","dateModified":"2024-10-13T08:12:07+00:00","breadcrumb":{"@id":"https:\/\/sdf.hr\/hr\/nada\/branko-dragicevic-sviranje-nam-dodje-kao-apaurin\/#breadcrumb"},"inLanguage":"hr","potentialAction":[{"@type":"ReadAction","target":["https:\/\/sdf.hr\/hr\/nada\/branko-dragicevic-sviranje-nam-dodje-kao-apaurin\/"]}]},{"@type":"ImageObject","inLanguage":"hr","@id":"https:\/\/sdf.hr\/hr\/nada\/branko-dragicevic-sviranje-nam-dodje-kao-apaurin\/#primaryimage","url":"https:\/\/sdf.hr\/wp-content\/uploads\/2024\/09\/Dragicevic1_Duska-Boban-scaled.jpg","contentUrl":"https:\/\/sdf.hr\/wp-content\/uploads\/2024\/09\/Dragicevic1_Duska-Boban-scaled.jpg","width":2560,"height":1706,"caption":"Branko Dragi\u010devi\u0107 (Foto: Du\u0161ka Boban)"},{"@type":"BreadcrumbList","@id":"https:\/\/sdf.hr\/hr\/nada\/branko-dragicevic-sviranje-nam-dodje-kao-apaurin\/#breadcrumb","itemListElement":[{"@type":"ListItem","position":1,"name":"Po\u010detna stranica","item":"https:\/\/sdf.hr\/hr\/"},{"@type":"ListItem","position":2,"name":"Nada","item":"https:\/\/sdf.hr\/nada\/"},{"@type":"ListItem","position":3,"name":"Branko Dragi\u010devi\u0107: Sviranje nam do\u0111e kao apaurin"}]},{"@type":"WebSite","@id":"https:\/\/sdf.hr\/#website","url":"https:\/\/sdf.hr\/","name":"SDF - Srpski demokratski forum","description":"Srpski demokratski forum","publisher":{"@id":"https:\/\/sdf.hr\/#organization"},"potentialAction":[{"@type":"SearchAction","target":{"@type":"EntryPoint","urlTemplate":"https:\/\/sdf.hr\/?s={search_term_string}"},"query-input":{"@type":"PropertyValueSpecification","valueRequired":true,"valueName":"search_term_string"}}],"inLanguage":"hr"},{"@type":"Organization","@id":"https:\/\/sdf.hr\/#organization","name":"SDF - Srpski demokratski forum","url":"https:\/\/sdf.hr\/","logo":{"@type":"ImageObject","inLanguage":"hr","@id":"https:\/\/sdf.hr\/#\/schema\/logo\/image\/","url":"https:\/\/sdf.hr\/wp-content\/uploads\/2021\/07\/logo-hr.svg","contentUrl":"https:\/\/sdf.hr\/wp-content\/uploads\/2021\/07\/logo-hr.svg","width":271,"height":100,"caption":"SDF - Srpski demokratski forum"},"image":{"@id":"https:\/\/sdf.hr\/#\/schema\/logo\/image\/"}}]}},"_links":{"self":[{"href":"https:\/\/sdf.hr\/hr\/wp-json\/wp\/v2\/nada\/5420","targetHints":{"allow":["GET"]}}],"collection":[{"href":"https:\/\/sdf.hr\/hr\/wp-json\/wp\/v2\/nada"}],"about":[{"href":"https:\/\/sdf.hr\/hr\/wp-json\/wp\/v2\/types\/nada"}],"wp:featuredmedia":[{"embeddable":true,"href":"https:\/\/sdf.hr\/hr\/wp-json\/wp\/v2\/media\/5415"}],"wp:attachment":[{"href":"https:\/\/sdf.hr\/hr\/wp-json\/wp\/v2\/media?parent=5420"}],"wp:term":[{"taxonomy":"post_tag","embeddable":true,"href":"https:\/\/sdf.hr\/hr\/wp-json\/wp\/v2\/tags?post=5420"},{"taxonomy":"atribut","embeddable":true,"href":"https:\/\/sdf.hr\/hr\/wp-json\/wp\/v2\/atribut?post=5420"}],"curies":[{"name":"wp","href":"https:\/\/api.w.org\/{rel}","templated":true}]}}