{"id":5428,"date":"2024-10-01T17:07:53","date_gmt":"2024-10-01T15:07:53","guid":{"rendered":"https:\/\/sdf.hr\/nada\/pekarna-kulture\/"},"modified":"2024-10-01T17:08:05","modified_gmt":"2024-10-01T15:08:05","slug":"pekarna-kulture","status":"publish","type":"nada","link":"https:\/\/sdf.hr\/hr\/nada\/pekarna-kulture\/","title":{"rendered":"Pekarna kulture"},"content":{"rendered":"<p>Za vrijeme Austro-Ugarske, <strong>Franjo Josip II<\/strong> u Mariboru je imao svoju kasarnu s vojnom pekarom. Ona je i za vrijeme Kraljevine Jugoslavije, a onda i socijalisti\u010dke Jugoslavije slu\u017eila kao pekara (slo. pekarna) u kojoj se proizvodio prepe\u010denac, odnosno skladi\u0161tilo \u017eito i hleb. Nosila je ime mariborske heroine <strong>Slave Klavore<\/strong>, jedne od skojevki koje su se borile protiv nacista, a koje je Gestapo zatvorio, mu\u010dio i ubio. Nakon <strong>Titove<\/strong> smrti nitko se u Mariboru nije pretjerano bavio omladinom, a posebice onom alternativnom, pa se oko 1993. godine mariborske pankerice i pankeri, umjetnice i aktivisti okupljaju i organiziraju na Trgu slobode protestne koncerte protiv odnosa gradske uprave prema kulturi. Jedan dio mladih nije bio za dijalog s vlastima. Mladi su \u010dekali da do\u0111e ljeto i slu\u017ebenici odu na more u Hrvatsku, a potom su zauzeli neke od prostora u kompleksu Pekarne.<\/p>\n<p>S vremenom su se \u0161irili, pravili ateljee, koncertne dvorane, prostore za vje\u017ebanje, zid za penjanje, imali prvi veganski restoran u gradu, skate park i razne druge stvari. Kako su se u to vrijeme sistemski uni\u0161tavale knjige iz Jugoslavije, nekoliko ih je djevojaka odlu\u010dilo spasiti pa danas pod nazivom Bukvarna Cipro\u0161 imaju gotovo dva milijuna sa\u010duvanih kori\u0161tenih knjiga. U biv\u0161em vojnom kompleksu su se nalazili neki od rijetkih klubova alternativne muzike, a 1997. godine osnovan je zavod Pekarna Magdalenske Mre\u017ee u kojemu su po\u010dele djelovati brojne umjetnice i umjetnici, sporta\u0161ice i sporta\u0161i, ali se sna\u017eno njegovao i aktivisti\u010dki duh. Veliku su stvar za povijest ovoga mjesta napravili upravo skvoteri, zahvaljuju\u0107i \u010dijoj upornosti je 2011. godine Ministarstvo obrane, koje je bilo nadle\u017eno za ovaj kompleks, dodijelilo prostore za rad u kulturi i rad s mladima.<\/p>\n<p>Kako nam govore <strong>Filip Bojani\u0107<\/strong> i <strong>Kaja Fiedler<\/strong> koji su uklju\u010deni u rad Pekarne, u kompleksu se i dalje doga\u0111a hrpa stvari, od koncerata i izlo\u017ebi, preko diskusija, do sportskih aktivnosti. Imaju me\u0111unarodne volontere preko programa Evropske snage solidarnosti te lokalne volontere koji su aktivni tijekom akademske godine, a koji tako\u0111er daju instrukcije djeci i poma\u017eu sa \u0161kolskim zadacima. Upravo je to jedan od programa koji opstaje od samog po\u010detka.<\/p>\n<p>&#8211; U zadnje vrijeme uglavnom u tom programu imamo djecu koja nisu slovenskog porijekla, tako da imaju problema s jezikom jer su \u017eivjela u vi\u0161e razli\u010ditih dr\u017eava. Onda su i diskriminovani jer ne govore i ne razumiju slovena\u010dki. Imaju i slabije ocjene, profesori ih nekada znaju dati u posebne \u0161kole, zbog \u010dega kasnije nemaju priliku zavr\u0161iti redovnu srednju \u0161kolu i i\u0107i na fakultete \u2013 obja\u0161njava Filip.<\/p>\n<figure id=\"attachment_5425\" aria-describedby=\"caption-attachment-5425\" style=\"width: 1197px\" class=\"wp-caption alignnone\"><img loading=\"lazy\" decoding=\"async\" class=\"wp-image-5425 size-full\" src=\"https:\/\/sdf.hr\/wp-content\/uploads\/2024\/10\/Pekarna2.png\" alt=\"\" width=\"1197\" height=\"672\" srcset=\"https:\/\/sdf.hr\/wp-content\/uploads\/2024\/10\/Pekarna2.png 1197w, https:\/\/sdf.hr\/wp-content\/uploads\/2024\/10\/Pekarna2-300x168.png 300w, https:\/\/sdf.hr\/wp-content\/uploads\/2024\/10\/Pekarna2-1024x575.png 1024w, https:\/\/sdf.hr\/wp-content\/uploads\/2024\/10\/Pekarna2-768x431.png 768w, https:\/\/sdf.hr\/wp-content\/uploads\/2024\/10\/Pekarna2-820x460.png 820w\" sizes=\"auto, (max-width: 1197px) 100vw, 1197px\" \/><figcaption id=\"caption-attachment-5425\" class=\"wp-caption-text\">Bukvarna Cipro\u0161<\/figcaption><\/figure>\n<p>Jedan od edukativnih programa koje provode su i radionice kriti\u010dke pismenosti, bilo da su u pitanju radionice u srednjim \u0161kolama, bilo u centrima za mlade. Kako nam Kaja govori, cilj je da se kroz radionice podigne svijest o poziciji u kojoj se svatko nalazi. Radi se na i\u0161\u010ditavanju ideologije iz informacija koje nas okru\u017euju, uklju\u010duju\u0107i medije ili, primjerice, knjige koje se koriste u obrazovanju. Plan im je da u skoroj budu\u0107nosti na svojoj web stranici naprave pregled literature, filmova i pedago\u0161kih modela, kako bi znanje bilo dostupno svima.<\/p>\n<p>&#8211; Obrazovni sistem je slab \u0161to se toga ti\u010de. Mladi nisu zainteresirani za vijesti, ne \u017eele dublje u\u0107i u neke teme, promi\u0161ljati i razgovarati na primjerima. Sve je instant, ali ne samo me\u0111u mladima, vidimo da op\u0107enito fali takvog pristupa. Kriti\u010dka pismenost ide u smjeru promjena, a vidimo da se ljudi jako te\u0161ko anga\u017eiraju za bilo \u0161to. Na protestima su to uvijek jedni te isti ljudi, a nije ih ni puno \u2013 govori Kaja.<\/p>\n<p>Filip dodaje da je, koliko god da je standard Slovenije jo\u0161 i u redu u usporedbi s drugim dr\u017eavama Jugoslavije, individualizacija dovela do toga da se ne razmi\u0161lja o drugima, o \u010detvrti, o gradu, ve\u0107 o profitu i li\u010dnoj dobrobiti.<\/p>\n<p>Pekarna je solidarna s Palestinom i \u010desto organizira proteste, izlo\u017ebe, projekcije filmova i druge kulturne sadr\u017eaje, me\u0111utim, kako nam govore Filip i Kaja, generalni stav Slovenije prema Palestini povezuje se s ostav\u0161tinom Jugoslavije i Pokretom nesvrstanih. Iako je Slovenija jedna od rijetkih dr\u017eava u Europi koja je priznala Palestinu, ka\u017eu da je to ipak samo deklarativno i da ne znaju \u0161to su \u010dekali od 1991.<\/p>\n<p>&#8211; Ba\u0161 su pro\u0161le sedmice kroz Kopar prolazila dva broda sa vojnom opremom koja idu u Izrael. Prema NATO-u je odnos druga\u010diji jer ljudi ne razumiju da to zna\u010di da je Slovenija, time \u0161to je dio NATO pakta, dio istog ovog rata. Mi kroz razne akcije protiv NATO-a, protiv izraelske okupacije, poku\u0161avamo do\u0107i do ljudi, ali to nisu ogromne brojke \u2013 govori Filip.<\/p>\n<p>Du\u017ee od desetlje\u0107a organiziraju Rosinu \u0161kolu radni\u010dkih prava, po uzoru na <strong>Rosu Luxemburg<\/strong>, a organizirali su i festival &#8220;Rosa je bosa, ker je prekarka&#8221;. Kako nam pri\u010da Kaja, mlade se u\u010di o prekarnom radu i atipi\u010dnim oblicima rada polaze\u0107i od samih osnova, poput definiranja rada u kapitalisti\u010dkom sistemu i na\u010dina organiziranja. Ove godine tema \u0161kole je \u017eenski reproduktivni rad. Ve\u0107 14 godina organiziraju i StopTrik festival, me\u0111unarodno priznati, ali i prvi i jedini festival stop animacije u Europi. Sve njihove nabrojane aktivnosti u polju kulture i umjetnosti, rada s mladima i civilnog dru\u0161tva, zahtijevaju odre\u0111ene financije. No, prema Kaji i Filipu, bud\u017eeti za kulturu i mlade svake su godine sve manji, a zahtjevno je baviti se ovim temama na kvalitetan na\u010din.<\/p>\n<p>Trenutni gradona\u010delnik Maribora <strong>Sa\u0161a Arsenovi\u010d<\/strong> poznat je kao uspje\u0161ni privatnik i menad\u017eer koji voli otvarati restorane i hotele, i koji, kako se Filip na\u0161alio, \u017eeli napraviti Maribor <em>great again<\/em>.<\/p>\n<p>&#8211; Mjesto prolazi kroz stra\u0161nu gentrifikaciju, apsolutno se ne razumije \u0161to zna\u010di neprofitna djelatnost i rad. Mislim da je trenutno \u010ditav kompleks Pekarne pod najve\u0107im pritiskom i da je situacija pod njegovom vla\u0161\u0107u najkriti\u010dnija. Polako oko nas rastu neke nove zgrade koje uop\u0107e ne bi trebale biti tu. Sve \u0161to je javno lako nestaje, tako da nisu ugro\u017eene samo alternativna kultura i Pekarna, a sve \u0161to se gradi je privatno jer se Maribor priprema za bogatije turiste iz susjednih dr\u017eava, za penzionere iz Ma\u0111arske, Austrije i drugih zemalja \u2013 obja\u0161njava Filip.<\/p>\n<p>&#8211; Uvijek je neka bitka. Bilo je okej jedno vrijeme kada smo bili priznati i kad smo dobili status, ali nakon toga, svaki drugi gradona\u010delnik koji je do\u0161ao \u017eelio je ne\u0161to drugo napraviti s ovim prostorom jer je ba\u0161 blizu centra, dobra je parcela i dobre su zgrade. Tako da su uvijek borbe oko njega. Ali, stvari koje se trenutno odvijaju ovdje su za sve ljude, besplatne su ili ba\u0161 jeftine, to je otvoren prostor u koji mo\u017ee do\u0107i tko god \u017eeli \u2013 zaklju\u010duje Kaja.<\/p>\n<p><em>pi\u0161e Katarina Bo\u0161njak<\/em><\/p>\n","protected":false},"excerpt":{"rendered":"<p>&#8220;\u010citav kompleks Pekarne je pod velikim pritiskom. Uvijek je neka bitka&#8221;, ka\u017eu za Nadu Filip Bojani\u0107 i Kaja Fiedler iz mariborske Pekarne, nekada\u0161njeg vojnog kompleksa koji je danas u slu\u017ebi alternativne kulture i opire se posvema\u0161njoj gentrifikaciji<\/p>\n","protected":false},"featured_media":5424,"template":"","tags":[130],"atribut":[],"class_list":["post-5428","nada","type-nada","status-publish","has-post-thumbnail","hentry","tag-tema"],"acf":[],"yoast_head":"<!-- This site is optimized with the Yoast SEO plugin v27.4 - https:\/\/yoast.com\/product\/yoast-seo-wordpress\/ -->\n<title>Pekarna kulture - SDF - Srpski demokratski forum<\/title>\n<meta name=\"robots\" content=\"index, follow, max-snippet:-1, max-image-preview:large, max-video-preview:-1\" \/>\n<link rel=\"canonical\" href=\"https:\/\/sdf.hr\/hr\/nada\/pekarna-kulture\/\" \/>\n<meta property=\"og:locale\" content=\"hr_HR\" \/>\n<meta property=\"og:type\" content=\"article\" \/>\n<meta property=\"og:title\" content=\"Pekarna kulture - SDF - Srpski demokratski forum\" \/>\n<meta property=\"og:description\" content=\"&quot;\u010citav kompleks Pekarne je pod velikim pritiskom. Uvijek je neka bitka&quot;, ka\u017eu za Nadu Filip Bojani\u0107 i Kaja Fiedler iz mariborske Pekarne, nekada\u0161njeg vojnog kompleksa koji je danas u slu\u017ebi alternativne kulture i opire se posvema\u0161njoj gentrifikaciji\" \/>\n<meta property=\"og:url\" content=\"https:\/\/sdf.hr\/hr\/nada\/pekarna-kulture\/\" \/>\n<meta property=\"og:site_name\" content=\"SDF - Srpski demokratski forum\" \/>\n<meta property=\"article:modified_time\" content=\"2024-10-01T15:08:05+00:00\" \/>\n<meta property=\"og:image\" content=\"https:\/\/sdf.hr\/wp-content\/uploads\/2024\/10\/Pekarna1.png\" \/>\n\t<meta property=\"og:image:width\" content=\"1189\" \/>\n\t<meta property=\"og:image:height\" content=\"662\" \/>\n\t<meta property=\"og:image:type\" content=\"image\/png\" \/>\n<meta name=\"twitter:card\" content=\"summary_large_image\" \/>\n<meta name=\"twitter:label1\" content=\"Procijenjeno vrijeme \u010ditanja\" \/>\n\t<meta name=\"twitter:data1\" content=\"6 minuta\" \/>\n<script type=\"application\/ld+json\" class=\"yoast-schema-graph\">{\"@context\":\"https:\\\/\\\/schema.org\",\"@graph\":[{\"@type\":\"WebPage\",\"@id\":\"https:\\\/\\\/sdf.hr\\\/hr\\\/nada\\\/pekarna-kulture\\\/\",\"url\":\"https:\\\/\\\/sdf.hr\\\/hr\\\/nada\\\/pekarna-kulture\\\/\",\"name\":\"Pekarna kulture - SDF - Srpski demokratski forum\",\"isPartOf\":{\"@id\":\"https:\\\/\\\/sdf.hr\\\/#website\"},\"primaryImageOfPage\":{\"@id\":\"https:\\\/\\\/sdf.hr\\\/hr\\\/nada\\\/pekarna-kulture\\\/#primaryimage\"},\"image\":{\"@id\":\"https:\\\/\\\/sdf.hr\\\/hr\\\/nada\\\/pekarna-kulture\\\/#primaryimage\"},\"thumbnailUrl\":\"https:\\\/\\\/sdf.hr\\\/wp-content\\\/uploads\\\/2024\\\/10\\\/Pekarna1.png\",\"datePublished\":\"2024-10-01T15:07:53+00:00\",\"dateModified\":\"2024-10-01T15:08:05+00:00\",\"breadcrumb\":{\"@id\":\"https:\\\/\\\/sdf.hr\\\/hr\\\/nada\\\/pekarna-kulture\\\/#breadcrumb\"},\"inLanguage\":\"hr\",\"potentialAction\":[{\"@type\":\"ReadAction\",\"target\":[\"https:\\\/\\\/sdf.hr\\\/hr\\\/nada\\\/pekarna-kulture\\\/\"]}]},{\"@type\":\"ImageObject\",\"inLanguage\":\"hr\",\"@id\":\"https:\\\/\\\/sdf.hr\\\/hr\\\/nada\\\/pekarna-kulture\\\/#primaryimage\",\"url\":\"https:\\\/\\\/sdf.hr\\\/wp-content\\\/uploads\\\/2024\\\/10\\\/Pekarna1.png\",\"contentUrl\":\"https:\\\/\\\/sdf.hr\\\/wp-content\\\/uploads\\\/2024\\\/10\\\/Pekarna1.png\",\"width\":1189,\"height\":662,\"caption\":\"Kompleks Pekarne\"},{\"@type\":\"BreadcrumbList\",\"@id\":\"https:\\\/\\\/sdf.hr\\\/hr\\\/nada\\\/pekarna-kulture\\\/#breadcrumb\",\"itemListElement\":[{\"@type\":\"ListItem\",\"position\":1,\"name\":\"Po\u010detna stranica\",\"item\":\"https:\\\/\\\/sdf.hr\\\/hr\\\/\"},{\"@type\":\"ListItem\",\"position\":2,\"name\":\"Nada\",\"item\":\"https:\\\/\\\/sdf.hr\\\/nada\\\/\"},{\"@type\":\"ListItem\",\"position\":3,\"name\":\"Pekarna kulture\"}]},{\"@type\":\"WebSite\",\"@id\":\"https:\\\/\\\/sdf.hr\\\/#website\",\"url\":\"https:\\\/\\\/sdf.hr\\\/\",\"name\":\"SDF - Srpski demokratski forum\",\"description\":\"Srpski demokratski forum\",\"publisher\":{\"@id\":\"https:\\\/\\\/sdf.hr\\\/#organization\"},\"potentialAction\":[{\"@type\":\"SearchAction\",\"target\":{\"@type\":\"EntryPoint\",\"urlTemplate\":\"https:\\\/\\\/sdf.hr\\\/?s={search_term_string}\"},\"query-input\":{\"@type\":\"PropertyValueSpecification\",\"valueRequired\":true,\"valueName\":\"search_term_string\"}}],\"inLanguage\":\"hr\"},{\"@type\":\"Organization\",\"@id\":\"https:\\\/\\\/sdf.hr\\\/#organization\",\"name\":\"SDF - Srpski demokratski forum\",\"url\":\"https:\\\/\\\/sdf.hr\\\/\",\"logo\":{\"@type\":\"ImageObject\",\"inLanguage\":\"hr\",\"@id\":\"https:\\\/\\\/sdf.hr\\\/#\\\/schema\\\/logo\\\/image\\\/\",\"url\":\"https:\\\/\\\/sdf.hr\\\/wp-content\\\/uploads\\\/2021\\\/07\\\/logo-hr.svg\",\"contentUrl\":\"https:\\\/\\\/sdf.hr\\\/wp-content\\\/uploads\\\/2021\\\/07\\\/logo-hr.svg\",\"width\":271,\"height\":100,\"caption\":\"SDF - Srpski demokratski forum\"},\"image\":{\"@id\":\"https:\\\/\\\/sdf.hr\\\/#\\\/schema\\\/logo\\\/image\\\/\"}}]}<\/script>\n<!-- \/ Yoast SEO plugin. -->","yoast_head_json":{"title":"Pekarna kulture - SDF - Srpski demokratski forum","robots":{"index":"index","follow":"follow","max-snippet":"max-snippet:-1","max-image-preview":"max-image-preview:large","max-video-preview":"max-video-preview:-1"},"canonical":"https:\/\/sdf.hr\/hr\/nada\/pekarna-kulture\/","og_locale":"hr_HR","og_type":"article","og_title":"Pekarna kulture - SDF - Srpski demokratski forum","og_description":"\"\u010citav kompleks Pekarne je pod velikim pritiskom. Uvijek je neka bitka\", ka\u017eu za Nadu Filip Bojani\u0107 i Kaja Fiedler iz mariborske Pekarne, nekada\u0161njeg vojnog kompleksa koji je danas u slu\u017ebi alternativne kulture i opire se posvema\u0161njoj gentrifikaciji","og_url":"https:\/\/sdf.hr\/hr\/nada\/pekarna-kulture\/","og_site_name":"SDF - Srpski demokratski forum","article_modified_time":"2024-10-01T15:08:05+00:00","og_image":[{"width":1189,"height":662,"url":"https:\/\/sdf.hr\/wp-content\/uploads\/2024\/10\/Pekarna1.png","type":"image\/png"}],"twitter_card":"summary_large_image","twitter_misc":{"Procijenjeno vrijeme \u010ditanja":"6 minuta"},"schema":{"@context":"https:\/\/schema.org","@graph":[{"@type":"WebPage","@id":"https:\/\/sdf.hr\/hr\/nada\/pekarna-kulture\/","url":"https:\/\/sdf.hr\/hr\/nada\/pekarna-kulture\/","name":"Pekarna kulture - SDF - Srpski demokratski forum","isPartOf":{"@id":"https:\/\/sdf.hr\/#website"},"primaryImageOfPage":{"@id":"https:\/\/sdf.hr\/hr\/nada\/pekarna-kulture\/#primaryimage"},"image":{"@id":"https:\/\/sdf.hr\/hr\/nada\/pekarna-kulture\/#primaryimage"},"thumbnailUrl":"https:\/\/sdf.hr\/wp-content\/uploads\/2024\/10\/Pekarna1.png","datePublished":"2024-10-01T15:07:53+00:00","dateModified":"2024-10-01T15:08:05+00:00","breadcrumb":{"@id":"https:\/\/sdf.hr\/hr\/nada\/pekarna-kulture\/#breadcrumb"},"inLanguage":"hr","potentialAction":[{"@type":"ReadAction","target":["https:\/\/sdf.hr\/hr\/nada\/pekarna-kulture\/"]}]},{"@type":"ImageObject","inLanguage":"hr","@id":"https:\/\/sdf.hr\/hr\/nada\/pekarna-kulture\/#primaryimage","url":"https:\/\/sdf.hr\/wp-content\/uploads\/2024\/10\/Pekarna1.png","contentUrl":"https:\/\/sdf.hr\/wp-content\/uploads\/2024\/10\/Pekarna1.png","width":1189,"height":662,"caption":"Kompleks Pekarne"},{"@type":"BreadcrumbList","@id":"https:\/\/sdf.hr\/hr\/nada\/pekarna-kulture\/#breadcrumb","itemListElement":[{"@type":"ListItem","position":1,"name":"Po\u010detna stranica","item":"https:\/\/sdf.hr\/hr\/"},{"@type":"ListItem","position":2,"name":"Nada","item":"https:\/\/sdf.hr\/nada\/"},{"@type":"ListItem","position":3,"name":"Pekarna kulture"}]},{"@type":"WebSite","@id":"https:\/\/sdf.hr\/#website","url":"https:\/\/sdf.hr\/","name":"SDF - Srpski demokratski forum","description":"Srpski demokratski forum","publisher":{"@id":"https:\/\/sdf.hr\/#organization"},"potentialAction":[{"@type":"SearchAction","target":{"@type":"EntryPoint","urlTemplate":"https:\/\/sdf.hr\/?s={search_term_string}"},"query-input":{"@type":"PropertyValueSpecification","valueRequired":true,"valueName":"search_term_string"}}],"inLanguage":"hr"},{"@type":"Organization","@id":"https:\/\/sdf.hr\/#organization","name":"SDF - Srpski demokratski forum","url":"https:\/\/sdf.hr\/","logo":{"@type":"ImageObject","inLanguage":"hr","@id":"https:\/\/sdf.hr\/#\/schema\/logo\/image\/","url":"https:\/\/sdf.hr\/wp-content\/uploads\/2021\/07\/logo-hr.svg","contentUrl":"https:\/\/sdf.hr\/wp-content\/uploads\/2021\/07\/logo-hr.svg","width":271,"height":100,"caption":"SDF - Srpski demokratski forum"},"image":{"@id":"https:\/\/sdf.hr\/#\/schema\/logo\/image\/"}}]}},"_links":{"self":[{"href":"https:\/\/sdf.hr\/hr\/wp-json\/wp\/v2\/nada\/5428","targetHints":{"allow":["GET"]}}],"collection":[{"href":"https:\/\/sdf.hr\/hr\/wp-json\/wp\/v2\/nada"}],"about":[{"href":"https:\/\/sdf.hr\/hr\/wp-json\/wp\/v2\/types\/nada"}],"wp:featuredmedia":[{"embeddable":true,"href":"https:\/\/sdf.hr\/hr\/wp-json\/wp\/v2\/media\/5424"}],"wp:attachment":[{"href":"https:\/\/sdf.hr\/hr\/wp-json\/wp\/v2\/media?parent=5428"}],"wp:term":[{"taxonomy":"post_tag","embeddable":true,"href":"https:\/\/sdf.hr\/hr\/wp-json\/wp\/v2\/tags?post=5428"},{"taxonomy":"atribut","embeddable":true,"href":"https:\/\/sdf.hr\/hr\/wp-json\/wp\/v2\/atribut?post=5428"}],"curies":[{"name":"wp","href":"https:\/\/api.w.org\/{rel}","templated":true}]}}