{"id":543,"date":"2021-09-03T15:12:39","date_gmt":"2021-09-03T13:12:39","guid":{"rendered":"https:\/\/sdf.hr\/nada\/%d0%b2%d0%b5%d1%81%d0%bd%d0%b0-%d0%b8-%d0%b0%d0%b4%d0%bd%d0%b0%d0%bd\/"},"modified":"2023-03-28T12:56:49","modified_gmt":"2023-03-28T10:56:49","slug":"%d0%b2%d0%b5%d1%81%d0%bd%d0%b0-%d0%b8-%d0%b0%d0%b4%d0%bd%d0%b0%d0%bd","status":"publish","type":"nada","link":"https:\/\/sdf.hr\/hr\/nada\/%d0%b2%d0%b5%d1%81%d0%bd%d0%b0-%d0%b8-%d0%b0%d0%b4%d0%bd%d0%b0%d0%bd\/","title":{"rendered":"Vesna i Adnan"},"content":{"rendered":"<p>Ovo je draga uspomena na jedinog na svijetu prijatelja do kraja \u017eivota, najboljeg, najpo\u0161tenijeg, najdra\u017eeg, najvjernijeg Adnana kojem posvetih najljep\u0161i i zadnji ljubavni sonet \u2018Da nema tvojih o\u010diju\u2019. Devet godina kod mene je \u017eivio, pisao pjesme, slikao, kuhao mi, lije\u010dio me u bolesti. Bio mi sve.\u2019 Re\u010denice su to ispisane na koricama pohabane naran\u010daste bilje\u017enice iz matematike, koju prevr\u0107em po rukama u Hrvatskom dr\u017eavnom arhivu. Radi se o osobnom fondu Vesne Parun koji je Dr\u017eavni arhiv otkupio od nje u dvanaest navrata.<\/p>\n<p>O Sirijcu Adnanu Al-Marzukiju uglavnom se zna i pi\u0161e jako malo. U tekstovima o Parun \u010desto je sveden na nekoliko re\u010denica o \u2018mla\u0111oj misterioznoj ljubavi\u2019. Marzuki je ro\u0111en 1958. na jugu Sirije, a u Zagreb dolazi krajem 1970-ih na studij medicine. U trenutku kad upoznaje Parun njemu su 22, a njoj 58 godina. U arhivu nalazim i pozivnicu za knji\u017eevni susret u knji\u017enici Bogdana Ogrizovi\u0107a 29. svibnja 1980., nakon kojega je Parun prvi puta srela Adnana (na marginama pozivnice ispisana je bilje\u0161ka \u2018taj \u010detvrtak svibanjski\u2019). U kakvom je trenutku \u017eivota Parun upoznala Marzukija ilustrira citat iz intervjua tjedniku Oko 1976., u kojem ka\u017ee: \u2018Kad me ho\u0107e nekome predstaviti ili se pohvaliti da me znaju, otkrije mi se da to \u010dine kao da je u pitanju neka pripitomljena zvjerka ili rijetka ptica. Ne\u0107u i ne \u017eelim nikome biti njegova bizarnost, dodatak njegovom meblu, njegovim vikendima i ostalom \u010dime je ispunio svoj \u017eivot.\u2019<\/p>\n<p>Adnan joj je od prvog susreta djelovao druga\u010dije, zainteresirano i zaneseno. U arhivu su sa\u010duvane njegove skripte sa studija, podcrtano gradivo o metabolizmu proteina, ali i o razvoju sudjelovanja radnika u upravljanju, iz vremena kad je bio upisao i politi\u010dke znanosti. Uz skripte stoji i Vesnin komentar: \u2018Adnan je u\u010dio za ispit, a ja sam ga s u\u017eitkom ispitivala, nau\u010div\u0161i pritom podosta.\u2019 Na njegovoj skripti o mozgu, uz pojedine regije mozga ispisala je: \u2018ovime pi\u0161em pjesme\u2019, \u2018ovime slikam\u2019, \u2018ovime rje\u0161avam sportsku\u2019. Oboje su strastveno pratili nogomet, zajedno \u010desto i\u0161li u kladionicu i na utakmice.<\/p>\n<figure id=\"attachment_541\" aria-describedby=\"caption-attachment-541\" style=\"width: 922px\" class=\"wp-caption alignnone\"><img loading=\"lazy\" decoding=\"async\" class=\"wp-image-542 size-full\" src=\"https:\/\/sdf.hr\/wp-content\/uploads\/2021\/09\/Adnan.jpg\" alt=\"\" width=\"922\" height=\"1114\" srcset=\"https:\/\/sdf.hr\/wp-content\/uploads\/2021\/09\/Adnan.jpg 922w, https:\/\/sdf.hr\/wp-content\/uploads\/2021\/09\/Adnan-248x300.jpg 248w, https:\/\/sdf.hr\/wp-content\/uploads\/2021\/09\/Adnan-848x1024.jpg 848w, https:\/\/sdf.hr\/wp-content\/uploads\/2021\/09\/Adnan-768x928.jpg 768w\" sizes=\"auto, (max-width: 922px) 100vw, 922px\" \/><figcaption id=\"caption-attachment-541\" class=\"wp-caption-text\">Adnan Al-Marzuki<\/figcaption><\/figure>\n<p>I Adnan je pisao poeziju, u arhivu su sa\u010duvani njegovi koncepti pjesama na arapskom i hrvatskom, kao i mala zbirka \u2018Mjesec u tu\u0111ini\u2019, objavljena 1983. godine, kojoj je izdava\u010d bila sama Parun. U\u010dila ga je njema\u010dki i hrvatski \u2018koji je ve\u0107 znao, ali sam ga u\u010dila ljep\u0161oj varijanti\u2019. Iz na\u010dina na koji opisuje te procese vidljivo je da se Parun nikad nije sramila svoga znanja, rado ga je imala i rado ga je dijelila. O arapskom pismu zapisala je: \u2018Ni za sto godina ne bih mogla nau\u010diti to prelijepo pismo. U ovim godinama mi je isuvi\u0161e i glagoljice i latinice.\u2019 U pjesmi \u2018\u0160kola \u017eivota\u2019 Adnan pak pi\u0161e: \u2018Poslali su me u drugu zemlju da nau\u010dim kako se skelet sklapa \/ Ja slu\u0161ah i nau\u010dih kako se melodija drugog jezika s mojim jezikom stapa.\u2019<\/p>\n<p>Pisao je i o nemirima na Bliskom istoku, progonima i prognanima. U pjesmi \u2018Miris istoka\u2019 pi\u0161e: \u2018Ponio sam sa sobom mirise \/ Ponio sam sa sobom sunce \/ Ne ponijeh s maj\u010dina grla biser \/ suzu Mjeseca u ru\u017ei\u010dnjaku.\u2019 Uz njegovu pjesmu \u2018Golanski vjetar\u2019 stoji Vesnino poja\u0161njenje: \u2018Tada su s Bliskog Istoka dolazile lo\u0161e vijesti, uglavnom o Libanonu. Gledali smo i slu\u0161ali na tv-u \u0161to se doga\u0111a. Kad je oti\u0161ao, sli\u010dne sam vijesti gledala i slu\u0161ala ovdje sama, o nama.\u2019 Adnan je imao 24 godine kad je pisao zbirku, koliko i Vesnin brat kad je \u2018odlazio zauvijek, u Drugi svjetski rat, iz Sesveta, preko Ivanje Reke\u2019. Pjesmu \u2018Ivanja Reka\u2019 Parun je posvetila bratu koji je poginuo u pokretu otpora, a u njoj pi\u0161e: \u2018A ima neka tajna \/ Koju si samo ti \/ Nemirni dje\u010da\u010de \/ U tom \u010dudnom carstvu jegulje \/ Na\u010deo srcem reflektora.\u2019 Vesna je znala re\u0107i da vjeruje da je Adnan oblik reinkarnacije njenog brata, pustolov sa srcem djeteta, \u010dovjek koji je pripadao njenim ljudima.<\/p>\n<p>Skupa su i prevodili poeziju, najvi\u0161e sirijskog pjesnika Nizara Kabanija. Adnanov prijevod Kabanijeve pjesme \u2018Pismo ispod vode\u2019 objavljen je u tjedniku Oko. Vjerojatno nisu mogli ni slutiti koliki \u0107e se izbjegli s Bliskog istoka utapati u Mediteranu par desetlje\u0107a nakon \u0161to su prevodili Kabanijeve stihove: \u2018Da sam znao da je more tako duboko \/ Ne bih plovio \/ Da sam slutio svoj kraj \/ Ne bih ni zapo\u010deo.\u2019 Oko 19 tisu\u0107a izbjeglica i migranata utopilo se u Mediteranu u posljednjih osam godina, od kojih mnogi iz Sirije. Nije slu\u010dajno da je Adnan prevodio upravo Kabanija. Kabani je bio jedna od najve\u0107ih zvijezda arapske poezije 20. stolje\u0107a, a kako je poezija u arapskom svijetu puno vi\u0161e od \u2018lijepih stihova\u2019 i \u010desto \u0161iroko ra\u0161iren izraz borbe, nije pretjerano re\u0107i da je bio revolucionaran. Palestinski pjesnik Taha Muhamad Ali svoje je prvo dijete nazvao Nizar, po Kabaniju \u010dije je stihove i\u0161\u010ditavao u maloj suvenirnici u Nazaretu. Jedna od rijetkih ulica u Bejrutu, glavnom gradu Libanona, koja ima ime (a ne broj), ona je nazvana po Kabaniju, a vodi iz osinjaka nebodera direktno na Mediteransko more.<\/p>\n<p>S isto\u010dne strane Mediteranskog mora na kraju je zavr\u0161io i Adnan. Na kalendaru iz 1989. koji izvla\u010dim iz arhivske kutije zaokru\u017een je datum 30. o\u017eujka (\u2019tada je oti\u0161ao Adnan\u2019). Nakon desetlje\u0107a u Zagrebu, vratio se u Siriju zbog obaveznog slu\u017eenja vojnog roka. Parun je sa\u010duvala njihove karte za vlak iz Zagreba do \u0160ibenika, oglase za poslove, ra\u010dune za struju i opomene. Ostala je i avionska karta za let iz Budimpe\u0161te za Damask, odmah po zavr\u0161etku rata, 13. o\u017eujka 1995. U Damasku je provela dva mjeseca s Adnanom i njegovom obitelji, u avionu natrag za Zagreb zapisala je \u2018bijah kruh u ruci zaspala djeteta\u2019.<\/p>\n<p>Umrla je 2010., taman prije po\u010detka rata u Siriji. U smrti su joj u jednu ruku morali staviti fotografiju prosjakinje Magdice, s kojom se dru\u017eila u Stubi\u010dkim toplicama, a u drugu fotografiju Adnana. Bra\u0107a, sestre, prijatelji, ljubavnici, \u0161to su joj sve bili, nitko ne zna. \u0160to je sve Vesna bila nitko ne\u0107e doku\u010diti, jer su alati kojima je \u010ditamo previ\u0161e sku\u010deni. Ona koja nije tra\u017eila smisao \u017eivota, nego ga je \u017eivljenjem stvarala. Vje\u010dno u nastajanju, onkraj dru\u0161tva. Kako je \u017eivjela u sirotinjskom stanu, \u010desto se odlazila u kino ugrijati, u javno kupatilo oprati, u po\u0161tu telefonirati. Stalno je bila u tramvaju broj 11, pa ga je i opjevala: \u2018Tramvaj broj jedanaest \/ Od Dubrave do \u010crnomerca \/ Moja ostav\u0161tina jedina \/ Moj zahr\u0111ao spomenik \/ I ne treba mi nikakav drugi \/ Ovo je spomenik \/ Onoj koja jesam \/ Sve drugo bilo bi \/ Tu\u017ena krivotvorina.\u2019<\/p>\n<p>Tramvajem broj 11 sti\u017eem do okreti\u0161ta u Dubravi, a onda pje\u0161ke do Studentskog grada, do nekada\u0161nje Badelove ulice, koja je danas Vile Velebita. Zastajem na broju 15, na kojem je ve\u0107inu \u017eivota provela Vesna Zlarinska, a jedno desetlje\u0107e i Adnan Dama\u0161\u010danin. U vrtu ispred niske zgrade starija \u017eena \u010disti korov. Nema nikakve table, spomena da je ovdje \u017eivjela na\u0161a najve\u0107a pjesnikinja. Pitam \u017eenu jesam li na pravom mjestu. Nasmije se. \u2018Je, tu je \u017eivjela, na najvi\u0161em katu\u2019, re\u010de i poka\u017ee mi prstom prema vrhu zgrade. \u0160e\u0107em lagano oko zgrade, kao da \u0107e mi ne\u0161to re\u0107i. U jednom vrtu spazim rasko\u0161ni jasmin i uz njega staru, velebnu smokvu. Dalmacija i Damask jo\u0161 rastu skupa u Dubravi.<\/p>\n<p><em>pi\u0161e Ivana Peri\u0107<\/em><\/p>\n","protected":false},"excerpt":{"rendered":"<p>Sirijac Adnan Al-Marzuki u tekstovima o Vesni Parun \u010desto je sveden na nekoliko re\u010denica o \u2018mla\u0111oj misteri\u00adoznoj ljubavi\u2019. U Zagreb dolazi krajem 1970-ih na studij. U trenutku kad upoz\u00adnaje Parun njemu su 22, a njoj 58 godina<\/p>\n","protected":false},"featured_media":540,"template":"","tags":[136],"atribut":[],"class_list":["post-543","nada","type-nada","status-publish","has-post-thumbnail","hentry","tag-portret"],"acf":[],"yoast_head":"<!-- This site is optimized with the Yoast SEO plugin v27.4 - https:\/\/yoast.com\/product\/yoast-seo-wordpress\/ -->\n<title>Vesna i Adnan - SDF - Srpski demokratski forum<\/title>\n<meta name=\"robots\" content=\"index, follow, max-snippet:-1, max-image-preview:large, max-video-preview:-1\" \/>\n<link rel=\"canonical\" href=\"https:\/\/sdf.hr\/hr\/nada\/\u0432\u0435\u0441\u043d\u0430-\u0438-\u0430\u0434\u043d\u0430\u043d\/\" \/>\n<meta property=\"og:locale\" content=\"hr_HR\" \/>\n<meta property=\"og:type\" content=\"article\" \/>\n<meta property=\"og:title\" content=\"Vesna i Adnan - SDF - Srpski demokratski forum\" \/>\n<meta property=\"og:description\" content=\"Sirijac Adnan Al-Marzuki u tekstovima o Vesni Parun \u010desto je sveden na nekoliko re\u010denica o \u2018mla\u0111oj misteri\u00adoznoj ljubavi\u2019. U Zagreb dolazi krajem 1970-ih na studij. U trenutku kad upoz\u00adnaje Parun njemu su 22, a njoj 58 godina\" \/>\n<meta property=\"og:url\" content=\"https:\/\/sdf.hr\/hr\/nada\/\u0432\u0435\u0441\u043d\u0430-\u0438-\u0430\u0434\u043d\u0430\u043d\/\" \/>\n<meta property=\"og:site_name\" content=\"SDF - Srpski demokratski forum\" \/>\n<meta property=\"article:modified_time\" content=\"2023-03-28T10:56:49+00:00\" \/>\n<meta property=\"og:image\" content=\"https:\/\/sdf.hr\/wp-content\/uploads\/2021\/09\/VesnaParun-scaled.jpg\" \/>\n\t<meta property=\"og:image:width\" content=\"2560\" \/>\n\t<meta property=\"og:image:height\" content=\"1680\" \/>\n\t<meta property=\"og:image:type\" content=\"image\/jpeg\" \/>\n<meta name=\"twitter:card\" content=\"summary_large_image\" \/>\n<meta name=\"twitter:label1\" content=\"Procijenjeno vrijeme \u010ditanja\" \/>\n\t<meta name=\"twitter:data1\" content=\"6 minuta\" \/>\n<script type=\"application\/ld+json\" class=\"yoast-schema-graph\">{\"@context\":\"https:\\\/\\\/schema.org\",\"@graph\":[{\"@type\":\"WebPage\",\"@id\":\"https:\\\/\\\/sdf.hr\\\/hr\\\/nada\\\/%d0%b2%d0%b5%d1%81%d0%bd%d0%b0-%d0%b8-%d0%b0%d0%b4%d0%bd%d0%b0%d0%bd\\\/\",\"url\":\"https:\\\/\\\/sdf.hr\\\/hr\\\/nada\\\/%d0%b2%d0%b5%d1%81%d0%bd%d0%b0-%d0%b8-%d0%b0%d0%b4%d0%bd%d0%b0%d0%bd\\\/\",\"name\":\"Vesna i Adnan - SDF - Srpski demokratski forum\",\"isPartOf\":{\"@id\":\"https:\\\/\\\/sdf.hr\\\/#website\"},\"primaryImageOfPage\":{\"@id\":\"https:\\\/\\\/sdf.hr\\\/hr\\\/nada\\\/%d0%b2%d0%b5%d1%81%d0%bd%d0%b0-%d0%b8-%d0%b0%d0%b4%d0%bd%d0%b0%d0%bd\\\/#primaryimage\"},\"image\":{\"@id\":\"https:\\\/\\\/sdf.hr\\\/hr\\\/nada\\\/%d0%b2%d0%b5%d1%81%d0%bd%d0%b0-%d0%b8-%d0%b0%d0%b4%d0%bd%d0%b0%d0%bd\\\/#primaryimage\"},\"thumbnailUrl\":\"https:\\\/\\\/sdf.hr\\\/wp-content\\\/uploads\\\/2021\\\/09\\\/VesnaParun-scaled.jpg\",\"datePublished\":\"2021-09-03T13:12:39+00:00\",\"dateModified\":\"2023-03-28T10:56:49+00:00\",\"breadcrumb\":{\"@id\":\"https:\\\/\\\/sdf.hr\\\/hr\\\/nada\\\/%d0%b2%d0%b5%d1%81%d0%bd%d0%b0-%d0%b8-%d0%b0%d0%b4%d0%bd%d0%b0%d0%bd\\\/#breadcrumb\"},\"inLanguage\":\"hr\",\"potentialAction\":[{\"@type\":\"ReadAction\",\"target\":[\"https:\\\/\\\/sdf.hr\\\/hr\\\/nada\\\/%d0%b2%d0%b5%d1%81%d0%bd%d0%b0-%d0%b8-%d0%b0%d0%b4%d0%bd%d0%b0%d0%bd\\\/\"]}]},{\"@type\":\"ImageObject\",\"inLanguage\":\"hr\",\"@id\":\"https:\\\/\\\/sdf.hr\\\/hr\\\/nada\\\/%d0%b2%d0%b5%d1%81%d0%bd%d0%b0-%d0%b8-%d0%b0%d0%b4%d0%bd%d0%b0%d0%bd\\\/#primaryimage\",\"url\":\"https:\\\/\\\/sdf.hr\\\/wp-content\\\/uploads\\\/2021\\\/09\\\/VesnaParun-scaled.jpg\",\"contentUrl\":\"https:\\\/\\\/sdf.hr\\\/wp-content\\\/uploads\\\/2021\\\/09\\\/VesnaParun-scaled.jpg\",\"width\":2560,\"height\":1680,\"caption\":\"Vesna Parun \u2013 izlo\u017eba iz 2010. godine (Foto: Du\u0161ko Jaramaz\\\/Pixsell)\"},{\"@type\":\"BreadcrumbList\",\"@id\":\"https:\\\/\\\/sdf.hr\\\/hr\\\/nada\\\/%d0%b2%d0%b5%d1%81%d0%bd%d0%b0-%d0%b8-%d0%b0%d0%b4%d0%bd%d0%b0%d0%bd\\\/#breadcrumb\",\"itemListElement\":[{\"@type\":\"ListItem\",\"position\":1,\"name\":\"Po\u010detna stranica\",\"item\":\"https:\\\/\\\/sdf.hr\\\/hr\\\/\"},{\"@type\":\"ListItem\",\"position\":2,\"name\":\"Nada\",\"item\":\"https:\\\/\\\/sdf.hr\\\/nada\\\/\"},{\"@type\":\"ListItem\",\"position\":3,\"name\":\"Vesna i Adnan\"}]},{\"@type\":\"WebSite\",\"@id\":\"https:\\\/\\\/sdf.hr\\\/#website\",\"url\":\"https:\\\/\\\/sdf.hr\\\/\",\"name\":\"SDF - Srpski demokratski forum\",\"description\":\"Srpski demokratski forum\",\"publisher\":{\"@id\":\"https:\\\/\\\/sdf.hr\\\/#organization\"},\"potentialAction\":[{\"@type\":\"SearchAction\",\"target\":{\"@type\":\"EntryPoint\",\"urlTemplate\":\"https:\\\/\\\/sdf.hr\\\/?s={search_term_string}\"},\"query-input\":{\"@type\":\"PropertyValueSpecification\",\"valueRequired\":true,\"valueName\":\"search_term_string\"}}],\"inLanguage\":\"hr\"},{\"@type\":\"Organization\",\"@id\":\"https:\\\/\\\/sdf.hr\\\/#organization\",\"name\":\"SDF - Srpski demokratski forum\",\"url\":\"https:\\\/\\\/sdf.hr\\\/\",\"logo\":{\"@type\":\"ImageObject\",\"inLanguage\":\"hr\",\"@id\":\"https:\\\/\\\/sdf.hr\\\/#\\\/schema\\\/logo\\\/image\\\/\",\"url\":\"https:\\\/\\\/sdf.hr\\\/wp-content\\\/uploads\\\/2021\\\/07\\\/logo-hr.svg\",\"contentUrl\":\"https:\\\/\\\/sdf.hr\\\/wp-content\\\/uploads\\\/2021\\\/07\\\/logo-hr.svg\",\"width\":271,\"height\":100,\"caption\":\"SDF - Srpski demokratski forum\"},\"image\":{\"@id\":\"https:\\\/\\\/sdf.hr\\\/#\\\/schema\\\/logo\\\/image\\\/\"}}]}<\/script>\n<!-- \/ Yoast SEO plugin. -->","yoast_head_json":{"title":"Vesna i Adnan - SDF - Srpski demokratski forum","robots":{"index":"index","follow":"follow","max-snippet":"max-snippet:-1","max-image-preview":"max-image-preview:large","max-video-preview":"max-video-preview:-1"},"canonical":"https:\/\/sdf.hr\/hr\/nada\/\u0432\u0435\u0441\u043d\u0430-\u0438-\u0430\u0434\u043d\u0430\u043d\/","og_locale":"hr_HR","og_type":"article","og_title":"Vesna i Adnan - SDF - Srpski demokratski forum","og_description":"Sirijac Adnan Al-Marzuki u tekstovima o Vesni Parun \u010desto je sveden na nekoliko re\u010denica o \u2018mla\u0111oj misteri\u00adoznoj ljubavi\u2019. U Zagreb dolazi krajem 1970-ih na studij. U trenutku kad upoz\u00adnaje Parun njemu su 22, a njoj 58 godina","og_url":"https:\/\/sdf.hr\/hr\/nada\/\u0432\u0435\u0441\u043d\u0430-\u0438-\u0430\u0434\u043d\u0430\u043d\/","og_site_name":"SDF - Srpski demokratski forum","article_modified_time":"2023-03-28T10:56:49+00:00","og_image":[{"width":2560,"height":1680,"url":"https:\/\/sdf.hr\/wp-content\/uploads\/2021\/09\/VesnaParun-scaled.jpg","type":"image\/jpeg"}],"twitter_card":"summary_large_image","twitter_misc":{"Procijenjeno vrijeme \u010ditanja":"6 minuta"},"schema":{"@context":"https:\/\/schema.org","@graph":[{"@type":"WebPage","@id":"https:\/\/sdf.hr\/hr\/nada\/%d0%b2%d0%b5%d1%81%d0%bd%d0%b0-%d0%b8-%d0%b0%d0%b4%d0%bd%d0%b0%d0%bd\/","url":"https:\/\/sdf.hr\/hr\/nada\/%d0%b2%d0%b5%d1%81%d0%bd%d0%b0-%d0%b8-%d0%b0%d0%b4%d0%bd%d0%b0%d0%bd\/","name":"Vesna i Adnan - SDF - Srpski demokratski forum","isPartOf":{"@id":"https:\/\/sdf.hr\/#website"},"primaryImageOfPage":{"@id":"https:\/\/sdf.hr\/hr\/nada\/%d0%b2%d0%b5%d1%81%d0%bd%d0%b0-%d0%b8-%d0%b0%d0%b4%d0%bd%d0%b0%d0%bd\/#primaryimage"},"image":{"@id":"https:\/\/sdf.hr\/hr\/nada\/%d0%b2%d0%b5%d1%81%d0%bd%d0%b0-%d0%b8-%d0%b0%d0%b4%d0%bd%d0%b0%d0%bd\/#primaryimage"},"thumbnailUrl":"https:\/\/sdf.hr\/wp-content\/uploads\/2021\/09\/VesnaParun-scaled.jpg","datePublished":"2021-09-03T13:12:39+00:00","dateModified":"2023-03-28T10:56:49+00:00","breadcrumb":{"@id":"https:\/\/sdf.hr\/hr\/nada\/%d0%b2%d0%b5%d1%81%d0%bd%d0%b0-%d0%b8-%d0%b0%d0%b4%d0%bd%d0%b0%d0%bd\/#breadcrumb"},"inLanguage":"hr","potentialAction":[{"@type":"ReadAction","target":["https:\/\/sdf.hr\/hr\/nada\/%d0%b2%d0%b5%d1%81%d0%bd%d0%b0-%d0%b8-%d0%b0%d0%b4%d0%bd%d0%b0%d0%bd\/"]}]},{"@type":"ImageObject","inLanguage":"hr","@id":"https:\/\/sdf.hr\/hr\/nada\/%d0%b2%d0%b5%d1%81%d0%bd%d0%b0-%d0%b8-%d0%b0%d0%b4%d0%bd%d0%b0%d0%bd\/#primaryimage","url":"https:\/\/sdf.hr\/wp-content\/uploads\/2021\/09\/VesnaParun-scaled.jpg","contentUrl":"https:\/\/sdf.hr\/wp-content\/uploads\/2021\/09\/VesnaParun-scaled.jpg","width":2560,"height":1680,"caption":"Vesna Parun \u2013 izlo\u017eba iz 2010. godine (Foto: Du\u0161ko Jaramaz\/Pixsell)"},{"@type":"BreadcrumbList","@id":"https:\/\/sdf.hr\/hr\/nada\/%d0%b2%d0%b5%d1%81%d0%bd%d0%b0-%d0%b8-%d0%b0%d0%b4%d0%bd%d0%b0%d0%bd\/#breadcrumb","itemListElement":[{"@type":"ListItem","position":1,"name":"Po\u010detna stranica","item":"https:\/\/sdf.hr\/hr\/"},{"@type":"ListItem","position":2,"name":"Nada","item":"https:\/\/sdf.hr\/nada\/"},{"@type":"ListItem","position":3,"name":"Vesna i Adnan"}]},{"@type":"WebSite","@id":"https:\/\/sdf.hr\/#website","url":"https:\/\/sdf.hr\/","name":"SDF - Srpski demokratski forum","description":"Srpski demokratski forum","publisher":{"@id":"https:\/\/sdf.hr\/#organization"},"potentialAction":[{"@type":"SearchAction","target":{"@type":"EntryPoint","urlTemplate":"https:\/\/sdf.hr\/?s={search_term_string}"},"query-input":{"@type":"PropertyValueSpecification","valueRequired":true,"valueName":"search_term_string"}}],"inLanguage":"hr"},{"@type":"Organization","@id":"https:\/\/sdf.hr\/#organization","name":"SDF - Srpski demokratski forum","url":"https:\/\/sdf.hr\/","logo":{"@type":"ImageObject","inLanguage":"hr","@id":"https:\/\/sdf.hr\/#\/schema\/logo\/image\/","url":"https:\/\/sdf.hr\/wp-content\/uploads\/2021\/07\/logo-hr.svg","contentUrl":"https:\/\/sdf.hr\/wp-content\/uploads\/2021\/07\/logo-hr.svg","width":271,"height":100,"caption":"SDF - Srpski demokratski forum"},"image":{"@id":"https:\/\/sdf.hr\/#\/schema\/logo\/image\/"}}]}},"_links":{"self":[{"href":"https:\/\/sdf.hr\/hr\/wp-json\/wp\/v2\/nada\/543","targetHints":{"allow":["GET"]}}],"collection":[{"href":"https:\/\/sdf.hr\/hr\/wp-json\/wp\/v2\/nada"}],"about":[{"href":"https:\/\/sdf.hr\/hr\/wp-json\/wp\/v2\/types\/nada"}],"wp:featuredmedia":[{"embeddable":true,"href":"https:\/\/sdf.hr\/hr\/wp-json\/wp\/v2\/media\/540"}],"wp:attachment":[{"href":"https:\/\/sdf.hr\/hr\/wp-json\/wp\/v2\/media?parent=543"}],"wp:term":[{"taxonomy":"post_tag","embeddable":true,"href":"https:\/\/sdf.hr\/hr\/wp-json\/wp\/v2\/tags?post=543"},{"taxonomy":"atribut","embeddable":true,"href":"https:\/\/sdf.hr\/hr\/wp-json\/wp\/v2\/atribut?post=543"}],"curies":[{"name":"wp","href":"https:\/\/api.w.org\/{rel}","templated":true}]}}