{"id":5447,"date":"2024-10-06T08:12:43","date_gmt":"2024-10-06T06:12:43","guid":{"rendered":"https:\/\/sdf.hr\/nada\/kruh-od-bundeve\/"},"modified":"2024-10-06T08:17:10","modified_gmt":"2024-10-06T06:17:10","slug":"kruh-od-bundeve","status":"publish","type":"nada","link":"https:\/\/sdf.hr\/hr\/nada\/kruh-od-bundeve\/","title":{"rendered":"Kruh od bundeve"},"content":{"rendered":"<p>Kruh s doma\u0107im kvascem pe\u010dem otprilike tri godine. Osim obi\u010dnog kruha, volim pe\u0107i i kruh s raznim dodacima ili s mje\u0161avinom raznih vrsta bra\u0161na, sjemenki i ora\u0161ida. Jedan od omiljenih okusom, bojom i oblikom, mi je kruh s pireom pe\u010dene bundeve. Samu ideju za oblikovanje ovog kruha sam prona\u0161la u bespu\u0107ima interneta i nisam imala mira dok to ne isprobam. Prvi me je odu\u0161evio, a pekla sam ga ba\u0161 u ovo jesensko vrijeme te za na\u0161u Bundevijadu koja se odr\u017eava u listopadu.<\/p>\n<p>Za ovaj kruh koristim pe\u010denu bundevu, najdra\u017ee su mi hokaido, mu\u0161katna ili turkinja. Bundevu operem, prepolovim pa o\u010distim sjemenke, nare\u017eem na velike komade skupa s korom pa pokrijem folijom i pe\u010dem na 180 stupnjeva dok ne omek\u0161a. Kada se ohladi, \u017elicom sastru\u017eem pire. Tako pripremljen pire koristim za juhe, kola\u010de, tijesta i sli\u010dno. Mo\u017eete ga i zalediti pa uvijek imate pri ruci kada zatreba.<\/p>\n<p>Pe\u010dena bundeva ima puniji okus te nema toliko vode, a sam kruh bude slatkast i \u017eut poput dukata. Naravno, mo\u017ee se umijesiti i sa svje\u017eim ili suhim kvascem, samo tada prilagodite vrijeme dizanja i sve mo\u017eete odraditi u nekoliko sati.<\/p>\n<p>&nbsp;<\/p>\n<p><strong><em>Sastojci<\/em>:<\/strong><\/p>\n<p>500 g glatkog bijelog p\u0161eni\u010dnog bra\u0161na<\/p>\n<p>250 g vode<\/p>\n<p>175 g pirea pe\u010dene bundeve<\/p>\n<p>100 g \u010dvrstog startera<\/p>\n<p>10 g soli<\/p>\n<p>5 g meda<\/p>\n<p>5 g ulja<\/p>\n<p>&nbsp;<\/p>\n<p><strong><em>Priprema:<\/em><\/strong><\/p>\n<p>U posudu ulijte vodu, dodajte med i ulje te \u010dvrsti doma\u0107i kvasac ili starter. Dobro je da bude nahranjen dan prije i da je aktivan. Promije\u0161ajte pa dodajte pire bundeve i bra\u0161no te umijesite u glatku smjesu. Pokrijte tijesto i ostavite na sobnoj temperaturi 15 do 20 minuta. Dodajte sol pa jo\u0161 jednom dobro umijesite da se sol otopi i ukomponira u tijesto. Opet prekrijte i ostavite 45 min. Napravite jedno rastezanje (mokrom rukom uhvatite rub tijesta, povucite u vis dokle ide i preklopite pa tako u krug dok tijesto ne po\u010dne pru\u017eati otpor). Tako napravite jo\u0161 dva puta u razmacima od 35 do 40 min. Mo\u017eete napraviti i preklapanje na na\u010din da s obje ruke (mokre) uhvatite tijesto, podignete iz posude i kada se krajevi podvuku, samo ga spustite natrag. To mo\u017eete ponoviti dva do tri puta svakih 30 min. Nakon toga ostavite tijesto da raste.<\/p>\n<p>Vrijeme dizanja po\u010dinje od trenutka stavljanja kvasca pa ove sve radnje i rukovanje tijestom radim u prvih dva sata dizanja. Ovisno o temperaturi prostorije, tijesto se mo\u017ee dizati od tri pa do osam ili 10 sati. Na temperaturi od nekih 24 do 25 stupnjeva mu je potrebno oko \u010detiri do pet sati.<\/p>\n<p>Kada je tijesto dignuto, istresite ga na malo pobra\u0161njenu podlogu i oblikujte kuglu tako da tijesto preklopite poput pisma, smotate i dlanovima kru\u017eite i povla\u010dite tijesto po podlozi da se napravi zategnuta povr\u0161ina. Tako oblikovan kruh spremite u ko\u0161aricu u kojoj je krpa posuta bra\u0161nom, prekrijte vre\u0107icom i spremite na no\u0107enje u hladnjak.<\/p>\n<p>Kako oblikovati bundeva kruh? Pe\u0107nicu upalite nekih sat vremena ranije na 250 stupnjeva, stavite posudu za pe\u010denje i poklopac da se griju. Ohla\u0111eno tijesto izvadite iz fri\u017eidera. Trebat \u0107e vam \u010detiri komada kuhinjskog konca u du\u017eini od nekih 50 do 60 cm. Namo\u010dite kuhinjski konac u ulje, polo\u017eite ga preko tijesta dok je jo\u0161 u ko\u0161arici (u kri\u017e pa na kri\u0161ke), preokrenite kruh na papir za pe\u010denje, zave\u017eite krajeve konca u \u010dvorove na sredini kruha (nemojte zatezati jer \u0107e kruh u pe\u010denju narasti), zare\u017eite \u017eiletom da vam kruh ne popuca i stavite pe\u0107i na papiru za pe\u010denje. Kruh pecite poklopljen nekih 25 min pa maknite poklopac i pecite jo\u0161 10 min. Konac uklonite odmah nakon pe\u010denja.<\/p>\n<p>Dobar tek!<\/p>\n<p><em>pi\u0161e Valentina Vukadinovi\u0107<\/em><\/p>\n","protected":false},"excerpt":{"rendered":"<p>Jedan od omiljenih okusom, bojom i oblikom, mi je kruh s pireom pe\u010dene bundeve. Samu ideju za oblikovanje ovog kruha sam prona\u0161la u bespu\u0107ima interneta i nisam imala mira dok to ne isprobam<\/p>\n","protected":false},"featured_media":5446,"template":"","tags":[42],"atribut":[],"class_list":["post-5447","nada","type-nada","status-publish","has-post-thumbnail","hentry","tag-gorski-kotao"],"acf":[],"yoast_head":"<!-- This site is optimized with the Yoast SEO plugin v27.4 - https:\/\/yoast.com\/product\/yoast-seo-wordpress\/ -->\n<title>Kruh od bundeve - SDF - Srpski demokratski forum<\/title>\n<meta name=\"robots\" content=\"index, follow, max-snippet:-1, max-image-preview:large, max-video-preview:-1\" \/>\n<link rel=\"canonical\" href=\"https:\/\/sdf.hr\/hr\/nada\/kruh-od-bundeve\/\" \/>\n<meta property=\"og:locale\" content=\"hr_HR\" \/>\n<meta property=\"og:type\" content=\"article\" \/>\n<meta property=\"og:title\" content=\"Kruh od bundeve - SDF - Srpski demokratski forum\" \/>\n<meta property=\"og:description\" content=\"Jedan od omiljenih okusom, bojom i oblikom, mi je kruh s pireom pe\u010dene bundeve. Samu ideju za oblikovanje ovog kruha sam prona\u0161la u bespu\u0107ima interneta i nisam imala mira dok to ne isprobam\" \/>\n<meta property=\"og:url\" content=\"https:\/\/sdf.hr\/hr\/nada\/kruh-od-bundeve\/\" \/>\n<meta property=\"og:site_name\" content=\"SDF - Srpski demokratski forum\" \/>\n<meta property=\"article:modified_time\" content=\"2024-10-06T06:17:10+00:00\" \/>\n<meta property=\"og:image\" content=\"https:\/\/sdf.hr\/wp-content\/uploads\/2024\/10\/Kruh-scaled.jpeg\" \/>\n\t<meta property=\"og:image:width\" content=\"2560\" \/>\n\t<meta property=\"og:image:height\" content=\"2404\" \/>\n\t<meta property=\"og:image:type\" content=\"image\/jpeg\" \/>\n<meta name=\"twitter:card\" content=\"summary_large_image\" \/>\n<meta name=\"twitter:label1\" content=\"Procijenjeno vrijeme \u010ditanja\" \/>\n\t<meta name=\"twitter:data1\" content=\"3 minute\" \/>\n<script type=\"application\/ld+json\" class=\"yoast-schema-graph\">{\"@context\":\"https:\\\/\\\/schema.org\",\"@graph\":[{\"@type\":\"WebPage\",\"@id\":\"https:\\\/\\\/sdf.hr\\\/hr\\\/nada\\\/kruh-od-bundeve\\\/\",\"url\":\"https:\\\/\\\/sdf.hr\\\/hr\\\/nada\\\/kruh-od-bundeve\\\/\",\"name\":\"Kruh od bundeve - SDF - Srpski demokratski forum\",\"isPartOf\":{\"@id\":\"https:\\\/\\\/sdf.hr\\\/#website\"},\"primaryImageOfPage\":{\"@id\":\"https:\\\/\\\/sdf.hr\\\/hr\\\/nada\\\/kruh-od-bundeve\\\/#primaryimage\"},\"image\":{\"@id\":\"https:\\\/\\\/sdf.hr\\\/hr\\\/nada\\\/kruh-od-bundeve\\\/#primaryimage\"},\"thumbnailUrl\":\"https:\\\/\\\/sdf.hr\\\/wp-content\\\/uploads\\\/2024\\\/10\\\/Kruh-scaled.jpeg\",\"datePublished\":\"2024-10-06T06:12:43+00:00\",\"dateModified\":\"2024-10-06T06:17:10+00:00\",\"breadcrumb\":{\"@id\":\"https:\\\/\\\/sdf.hr\\\/hr\\\/nada\\\/kruh-od-bundeve\\\/#breadcrumb\"},\"inLanguage\":\"hr\",\"potentialAction\":[{\"@type\":\"ReadAction\",\"target\":[\"https:\\\/\\\/sdf.hr\\\/hr\\\/nada\\\/kruh-od-bundeve\\\/\"]}]},{\"@type\":\"ImageObject\",\"inLanguage\":\"hr\",\"@id\":\"https:\\\/\\\/sdf.hr\\\/hr\\\/nada\\\/kruh-od-bundeve\\\/#primaryimage\",\"url\":\"https:\\\/\\\/sdf.hr\\\/wp-content\\\/uploads\\\/2024\\\/10\\\/Kruh-scaled.jpeg\",\"contentUrl\":\"https:\\\/\\\/sdf.hr\\\/wp-content\\\/uploads\\\/2024\\\/10\\\/Kruh-scaled.jpeg\",\"width\":2560,\"height\":2404},{\"@type\":\"BreadcrumbList\",\"@id\":\"https:\\\/\\\/sdf.hr\\\/hr\\\/nada\\\/kruh-od-bundeve\\\/#breadcrumb\",\"itemListElement\":[{\"@type\":\"ListItem\",\"position\":1,\"name\":\"Po\u010detna stranica\",\"item\":\"https:\\\/\\\/sdf.hr\\\/hr\\\/\"},{\"@type\":\"ListItem\",\"position\":2,\"name\":\"Nada\",\"item\":\"https:\\\/\\\/sdf.hr\\\/nada\\\/\"},{\"@type\":\"ListItem\",\"position\":3,\"name\":\"Kruh od bundeve\"}]},{\"@type\":\"WebSite\",\"@id\":\"https:\\\/\\\/sdf.hr\\\/#website\",\"url\":\"https:\\\/\\\/sdf.hr\\\/\",\"name\":\"SDF - Srpski demokratski forum\",\"description\":\"Srpski demokratski forum\",\"publisher\":{\"@id\":\"https:\\\/\\\/sdf.hr\\\/#organization\"},\"potentialAction\":[{\"@type\":\"SearchAction\",\"target\":{\"@type\":\"EntryPoint\",\"urlTemplate\":\"https:\\\/\\\/sdf.hr\\\/?s={search_term_string}\"},\"query-input\":{\"@type\":\"PropertyValueSpecification\",\"valueRequired\":true,\"valueName\":\"search_term_string\"}}],\"inLanguage\":\"hr\"},{\"@type\":\"Organization\",\"@id\":\"https:\\\/\\\/sdf.hr\\\/#organization\",\"name\":\"SDF - Srpski demokratski forum\",\"url\":\"https:\\\/\\\/sdf.hr\\\/\",\"logo\":{\"@type\":\"ImageObject\",\"inLanguage\":\"hr\",\"@id\":\"https:\\\/\\\/sdf.hr\\\/#\\\/schema\\\/logo\\\/image\\\/\",\"url\":\"https:\\\/\\\/sdf.hr\\\/wp-content\\\/uploads\\\/2021\\\/07\\\/logo-hr.svg\",\"contentUrl\":\"https:\\\/\\\/sdf.hr\\\/wp-content\\\/uploads\\\/2021\\\/07\\\/logo-hr.svg\",\"width\":271,\"height\":100,\"caption\":\"SDF - Srpski demokratski forum\"},\"image\":{\"@id\":\"https:\\\/\\\/sdf.hr\\\/#\\\/schema\\\/logo\\\/image\\\/\"}}]}<\/script>\n<!-- \/ Yoast SEO plugin. -->","yoast_head_json":{"title":"Kruh od bundeve - SDF - Srpski demokratski forum","robots":{"index":"index","follow":"follow","max-snippet":"max-snippet:-1","max-image-preview":"max-image-preview:large","max-video-preview":"max-video-preview:-1"},"canonical":"https:\/\/sdf.hr\/hr\/nada\/kruh-od-bundeve\/","og_locale":"hr_HR","og_type":"article","og_title":"Kruh od bundeve - SDF - Srpski demokratski forum","og_description":"Jedan od omiljenih okusom, bojom i oblikom, mi je kruh s pireom pe\u010dene bundeve. Samu ideju za oblikovanje ovog kruha sam prona\u0161la u bespu\u0107ima interneta i nisam imala mira dok to ne isprobam","og_url":"https:\/\/sdf.hr\/hr\/nada\/kruh-od-bundeve\/","og_site_name":"SDF - Srpski demokratski forum","article_modified_time":"2024-10-06T06:17:10+00:00","og_image":[{"width":2560,"height":2404,"url":"https:\/\/sdf.hr\/wp-content\/uploads\/2024\/10\/Kruh-scaled.jpeg","type":"image\/jpeg"}],"twitter_card":"summary_large_image","twitter_misc":{"Procijenjeno vrijeme \u010ditanja":"3 minute"},"schema":{"@context":"https:\/\/schema.org","@graph":[{"@type":"WebPage","@id":"https:\/\/sdf.hr\/hr\/nada\/kruh-od-bundeve\/","url":"https:\/\/sdf.hr\/hr\/nada\/kruh-od-bundeve\/","name":"Kruh od bundeve - SDF - Srpski demokratski forum","isPartOf":{"@id":"https:\/\/sdf.hr\/#website"},"primaryImageOfPage":{"@id":"https:\/\/sdf.hr\/hr\/nada\/kruh-od-bundeve\/#primaryimage"},"image":{"@id":"https:\/\/sdf.hr\/hr\/nada\/kruh-od-bundeve\/#primaryimage"},"thumbnailUrl":"https:\/\/sdf.hr\/wp-content\/uploads\/2024\/10\/Kruh-scaled.jpeg","datePublished":"2024-10-06T06:12:43+00:00","dateModified":"2024-10-06T06:17:10+00:00","breadcrumb":{"@id":"https:\/\/sdf.hr\/hr\/nada\/kruh-od-bundeve\/#breadcrumb"},"inLanguage":"hr","potentialAction":[{"@type":"ReadAction","target":["https:\/\/sdf.hr\/hr\/nada\/kruh-od-bundeve\/"]}]},{"@type":"ImageObject","inLanguage":"hr","@id":"https:\/\/sdf.hr\/hr\/nada\/kruh-od-bundeve\/#primaryimage","url":"https:\/\/sdf.hr\/wp-content\/uploads\/2024\/10\/Kruh-scaled.jpeg","contentUrl":"https:\/\/sdf.hr\/wp-content\/uploads\/2024\/10\/Kruh-scaled.jpeg","width":2560,"height":2404},{"@type":"BreadcrumbList","@id":"https:\/\/sdf.hr\/hr\/nada\/kruh-od-bundeve\/#breadcrumb","itemListElement":[{"@type":"ListItem","position":1,"name":"Po\u010detna stranica","item":"https:\/\/sdf.hr\/hr\/"},{"@type":"ListItem","position":2,"name":"Nada","item":"https:\/\/sdf.hr\/nada\/"},{"@type":"ListItem","position":3,"name":"Kruh od bundeve"}]},{"@type":"WebSite","@id":"https:\/\/sdf.hr\/#website","url":"https:\/\/sdf.hr\/","name":"SDF - Srpski demokratski forum","description":"Srpski demokratski forum","publisher":{"@id":"https:\/\/sdf.hr\/#organization"},"potentialAction":[{"@type":"SearchAction","target":{"@type":"EntryPoint","urlTemplate":"https:\/\/sdf.hr\/?s={search_term_string}"},"query-input":{"@type":"PropertyValueSpecification","valueRequired":true,"valueName":"search_term_string"}}],"inLanguage":"hr"},{"@type":"Organization","@id":"https:\/\/sdf.hr\/#organization","name":"SDF - Srpski demokratski forum","url":"https:\/\/sdf.hr\/","logo":{"@type":"ImageObject","inLanguage":"hr","@id":"https:\/\/sdf.hr\/#\/schema\/logo\/image\/","url":"https:\/\/sdf.hr\/wp-content\/uploads\/2021\/07\/logo-hr.svg","contentUrl":"https:\/\/sdf.hr\/wp-content\/uploads\/2021\/07\/logo-hr.svg","width":271,"height":100,"caption":"SDF - Srpski demokratski forum"},"image":{"@id":"https:\/\/sdf.hr\/#\/schema\/logo\/image\/"}}]}},"_links":{"self":[{"href":"https:\/\/sdf.hr\/hr\/wp-json\/wp\/v2\/nada\/5447","targetHints":{"allow":["GET"]}}],"collection":[{"href":"https:\/\/sdf.hr\/hr\/wp-json\/wp\/v2\/nada"}],"about":[{"href":"https:\/\/sdf.hr\/hr\/wp-json\/wp\/v2\/types\/nada"}],"wp:featuredmedia":[{"embeddable":true,"href":"https:\/\/sdf.hr\/hr\/wp-json\/wp\/v2\/media\/5446"}],"wp:attachment":[{"href":"https:\/\/sdf.hr\/hr\/wp-json\/wp\/v2\/media?parent=5447"}],"wp:term":[{"taxonomy":"post_tag","embeddable":true,"href":"https:\/\/sdf.hr\/hr\/wp-json\/wp\/v2\/tags?post=5447"},{"taxonomy":"atribut","embeddable":true,"href":"https:\/\/sdf.hr\/hr\/wp-json\/wp\/v2\/atribut?post=5447"}],"curies":[{"name":"wp","href":"https:\/\/api.w.org\/{rel}","templated":true}]}}