{"id":545,"date":"2021-09-03T15:20:07","date_gmt":"2021-09-03T13:20:07","guid":{"rendered":"https:\/\/sdf.hr\/?post_type=nada&#038;p=545"},"modified":"2023-03-28T12:55:10","modified_gmt":"2023-03-28T10:55:10","slug":"branitelj-istine","status":"publish","type":"nada","link":"https:\/\/sdf.hr\/hr\/nada\/branitelj-istine\/","title":{"rendered":"Branitelj istine"},"content":{"rendered":"<p class=\"p1\"><span class=\"s1\">M<\/span><span class=\"s1\">ilo\u0161 Crnjanski ko\u0161tao me je jedinice u \u010detvrtom razredu srednje \u0161kole. \u010citala sam njegov \u2018Dnevnik o \u010carnojevi\u0107u\u2019 umjesto zadane lektire i odbrusila profesorici hrvatskosrpskog jezika da \u0107u \u010ditati ono \u0161to mi se \u010dita, a ne ono \u0161to moram, zaboga, u zavr\u0161noj sam godini \u0161kolovanja. O romanu prije \u010ditanja nisam znala ni\u0161ta, privukla me je rije\u010d <i>dnevnik<\/i>. Mnogo godina kasnije, nekako u vrijeme sanaderizma, javio mi se njezin sin, znanstvenik i povratnik iz Amerike, u \u017eelji da se napokon vidimo. Prvu polovicu 90-ih proveo je u Zagrebu, a onda odlazi u Ameriku unapre\u0111ivati njihovu znanost. Zapelo je na politici: iako sam ja njemu mogla gotovo dnevni\u010dki svjedo\u010diti o ratnim zbivanjima u Vinkovcima, Slavoniji, Hrvatskoj i \u0161ire jer sam bila <i>na licu mjesta<\/i>, on je meni iz zagreba\u010dko-ameri\u010dke perspektive tuma\u010dio o humanitarnom i vite\u0161kom karakteru hrvatske politike, kakvi su Bo\u0161njaci a kakvi Srbi, o tome da se trebam zaposliti u <i>normalnoj<\/i> \u0161koli i tako redom. Kulturno izru\u010den roditelji\u010dinom organu, pokupio se i nestao u bespu\u0107ima hrvatske znanosti.<br \/>\nNikada se vi\u0161e nismo \u010duli.<\/span><\/p>\n<p class=\"p3\"><span class=\"s1\">Dugo toplo ljeto \u2013 vrijeme kada se namiruju dugovi prema nepro\u010ditanim knjigama \u0161to strpljivo \u010dekaju svoj red. Iako je u \u010dekaonici i nepro\u010ditani sve\u017eanj svje\u017eih naslova, vra\u0107am se nekim svojim miljenicama s takozvanih margina literarnog \u017eanra \u2013 dnevni\u010dkoj prozi, autobiografskim zapisima i memoarima. Interes prema ovoj vrsti knji\u017eevnog svjedo\u010denja sebe i svijeta niknuo je u djetinjstvu, kao i sve drugo uostalom. Sazrijevanjem se to zanimanje za literarni dokumentarizam intenziviralo \u2013 najvi\u0161e zahvaljuju\u0107i ratu, treba li re\u0107i, koji je prije 30 godina stigao i na na\u0161 prag. Autenti\u010dni koliko i njihova sudbina u nekom mehani\u010dki postoje\u0107em vremenskom odsje\u010dku, uvijek zvanom <i>povijesni trenutak<\/i>, hrabri autori omogu\u0107uju nam da upoznavanjem njihove sudbine otkrivamo istinu i dekonstruiramo la\u017ei, kako god se one nazivale: falsifikat, propaganda, revizija. Koliko sam do sada saznala istra\u017euju\u0107i povezanost jedinke i povijesti, jedno <i>sje\u0107anje<\/i> satkano od iskrenosti i istinitosti mo\u017ee oboriti svaku povijesnu la\u017e.<\/span><\/p>\n<p class=\"p3\"><span class=\"s1\">Ne mogu stoga do\u010dekati da uzmem u ruke netom objelodanjenu knjigu generala Rahima Ademija, dnevni\u010dki strukturiranu, koja ve\u0107 u naslovu apostrofira svoj smisao: \u2018Ratni dnevnik \u2013 samo istina\u2019. Sa svim simpatijama prema g. Ademiju, ne sumnjaju\u0107i u razloge koji su ga motivirali da objavi svoju istinu o ratnim doga\u0111anjima, moram bezobrazno konstatirati da ga je ponajvi\u0161e motivirala la\u017e dobroga dijela njegovih kolega suboraca, nadre\u0111enih mu zapovjednika i nekih politi\u010dara. Ne\u010dasna vremena ne podnose \u010dasne pojedince, pa se generala Ademija planiralo uni\u0161titi. Tko? Dr\u017eava, poetski Domovina, za koju se borio i njezini samoprozvani najve\u0107i patrioti. Je li kriv zato \u0161to staricama nije pucao u potiljak, nije nabijao na kolac, nije rezao prste, nije rasparao nikome trbuh, nije palio \u017eive, nepokretne ljude i jadne \u017eivotinje, nije plja\u010dkao tu\u0111u imovinu, nije se kur\u010dio da je usta\u0161a. No sve to politi\u010dko-vojno-obavje\u0161tajni vrh \u017eelio je natovariti ba\u0161 njemu. Nije im uspjelo, ali vjerujem da mu je ta bitka za dokazivanje nevinosti bila te\u017ea od svih onih ratnih.<\/span><\/p>\n<p class=\"p3\">U kutku tavana roditeljske ku\u0107e u Vinkovcima po\u010detkom ljeta prona\u0161la sam svoj dnevnik, koji sam po\u010dela voditi davne 1980. Moja djevoj\u010dica po\u010dela je voditi dnevnik u istoj dobi kad i ja, \u0161to me je ponukalo da potra\u017eim svoj prvi zapis o sebi. U godini Mar\u0161alove smrti, nakon \u0161to sam napisala dvije pjesme na zahtjev svoga u\u010ditelja Koje \u2013 od kojih je jedna izabrana i poslana u Ku\u0107u cvije\u0107a u Beogradu, knji\u017eevnost me po\u010dela jako zanimati. U ruke mi je dospio \u2018Dnevnik Anne Frank\u2019. I sama sam po\u017eeljela pisati vlastiti dnevnik. Nisam tada znala ni\u0161ta o pojmu Shoe niti o razmjerima <i>katastrofe<\/i> u \u010dijem je sredi\u0161tu bila djevoj\u010dica Anna, samo sam po\u017eeljela pisati o svom \u017eivotu poput nje \u2013 rje\u010dito, elegantno, precizno. Svi\u0111alo mi se kako pi\u0161e o djevoja\u010dkim snovima i \u017eeljama, de\u010dkima, obitelji. Iz Anninih bilje\u017eaka povremeno je izbijala melankolija, koju tada nisam znala definirati, ali sam je osje\u0107ala, i strahovita samo\u0107a. U tim sam emocijama prona\u0161la sebe. A onda mi je prijatelj koji je ljeti dolazio kod bake u Vinkulju ispri\u010dao \u0161to se <i>zapravo<\/i> dogodilo i izbrisalo \u017eivot Anne i milijuna njezinih sunarodnjaka. Bio je stariji od mene, i slu\u0161ala sam ga pa\u017eljivo pitaju\u0107i se otkud mu svi ti detalji, ne samo o Anni, nego o cijelom jednom narodu kojem je tada\u0161nji istorijski trenutak u svemirskoj vje\u010dnosti prijetio nestankom. Njegova riznica znanja bila je baka \u017didovka, koja nije vjerovala povijesti; <i>znala je<\/i> da se istina manje pre\u0161u\u0107uje, farba, lomi, iskrivljuje, fabricira i umna\u017ea nego neistina. Rekla mu je: \u2018Bila sam na licu mjesta.\u2019 To je potvr\u0111ivao \u0161esteroznamenkasti broj na njezinoj ruci.<\/p>\n<p class=\"p3\">Humanitarna i vite\u0161ka politika hrvatske dr\u017eave nagnala me je da ujesen 1991. ponovo po\u010dnem bilje\u017eiti. Ovoga puta proces je bio dvostruk: istovremeno sam upisivala te\u0161ke i rizi\u010dne trenutke balansiranja izme\u0111u \u017eivota i mogu\u0107e smrti i \u010ditala kako su drugi pre\u017eivljavali. Kada mi je osje\u010dki prijatelj Nenad Rizvanovi\u0107 u jednom naletu iz Zagreba donio tri knjige sarajevskih pisaca, uslijed \u010ditanja jedne od njih mi je pozlilo. Bila je to zbirka pri\u010da \u2018Prognani grad\u2019 Irfana Horozovi\u0107a. Svaki na\u0161 grad zahva\u0107en ratnim strahotama u nekom je \u010dasu postao <i>prognan<\/i> jer je izgubio svoje gra\u0111ane u procesu <i>\u010di\u0161\u0107enja<\/i>. Shvatila sam to li\u010dno \u2013 otada distanca izme\u0111u moga rodnog grada i mene. Druga je bila \u2018Sarajevo blues\u2019 Semezdina Mehmedinovi\u0107a, do danas mi najdra\u017ea knjiga ratnih zapisa, i tre\u0107a \u2018Smrt je majstor iz Srbije\u2019 Marka Ve\u0161ovi\u0107a.<\/p>\n<p class=\"p3\">Kasnije sam pro\u010ditala \u2018Pale 5. iv. \u2013 15. vii. 1992.\u2019 Mladena Vuksanovi\u0107a. Zato\u010denik u rodnim Palama, Mladen je odbio raditi za televiziju Radovana Karad\u017ei\u0107a, tra\u017ee\u0107i na\u010dine kako da se on i supruga dokopaju Sarajeva. Vrstan snimatelj, umro je u statusu izbjegle osobe 1999. na Cresu gdje je radio kao no\u0107ni \u010duvar, eto. Pale, nedjelja, 28. vi. 1992.: \u2018Sa\u010duvati prvo \u010dist obraz, pa onda glavu, ka\u017eem sebi. Poku\u0161avam iz Beograda i Titograda dobiti lijek za te\u0161ko bolesnog sina na\u0161eg kom\u0161ije Miralema. Siroti \u010dovjek. U ku\u0107i mu je nervno oboljeli sin, a kad iza\u0111e napolje, vidi nervno oboljele i izludjele kom\u0161ije. Danas ponovo bombardovanje cijelog grada. Oko deset na groblju ponovo osje\u0107am pogled dvojice bradonja s ma\u0161inkama. <i>Mogu me samo ukinuti kao ljudsko bi\u0107e i ni\u0161ta vi\u0161e<\/i>. Poslije podne dugo na telefon razgovaram sa sinom u Sarajevu. Ponosan je na mene i ja na njega. Moji prijatelji brinu za njega. Ka\u017ee mi da je u srpskom dnevniku vidio svog profesora Radoja kako sa Trebevi\u0107a granatira grad. Profesor koji ubija \u0111ake. Sve vrijednosti su sru\u0161ene (&#8230;)\u2019<\/p>\n<p class=\"p3\"><span class=\"s1\">A prije to\u010dno jednoga stolje\u0107a Marina Ivanovna Cvetajeva u svom je dnevniku vo\u0111enom u Moskvi u zimu 1919.\/20. ubilje\u017eila: \u2018Kad bi sada u Rusiji postojao pravi posmatra\u010d i mislilac, koji bi mogao da napi\u0161e pravu knjigu o gladi: \u010dovek koji ho\u0107e da jede \u2013 \u010dovek koji ho\u0107e da pu\u0161i \u2013 \u010dovek kome je hladno \u2013 o \u010doveku koji ima i koji ne daje, o \u010doveku koji nema i koji daje, o negda\u0161njim dare\u017eljivim \u2013 \u0161krtim, o ranijim tvrdicama-dare\u017eljivcima, i najzad o meni: pesniku i \u017eeni, usamljenoj, usamljenoj, usamljenoj \u2013 kao hrast, kao vuk \u2013 kao Bog \u2013 usred svakakvih kuga moskovskih 19-e godine. Napisala bih \u2013 da nije romanti\u010darske uvrnutosti u meni \u2013 da nije moje kratkovidnosti \u2013 i \u010ditave moje osobenosti, \u0161to mi ponekad smeta da vidim stvari onakve kakve su.\u2019 <\/span><\/p>\n<p><em>pi\u0161e Mira Bi\u0107ani\u0107<\/em><\/p>\n","protected":false},"excerpt":{"rendered":"<p>Ne\u010dasna vremena ne podnose \u010dasne pojedince, pa se generala Ademija planiralo uni\u0161titi. Tko? Dr\u017eava, poetski Domovina, za koju se borio i njezini samoprozvani patrioti<\/p>\n","protected":false},"featured_media":417,"template":"","tags":[38],"atribut":[],"class_list":["post-545","nada","type-nada","status-publish","has-post-thumbnail","hentry","tag-teske-boje"],"acf":[],"yoast_head":"<!-- This site is optimized with the Yoast SEO plugin v27.4 - https:\/\/yoast.com\/product\/yoast-seo-wordpress\/ -->\n<title>Branitelj istine - SDF - Srpski demokratski forum<\/title>\n<meta name=\"robots\" content=\"index, follow, max-snippet:-1, max-image-preview:large, max-video-preview:-1\" \/>\n<link rel=\"canonical\" href=\"https:\/\/sdf.hr\/hr\/nada\/branitelj-istine\/\" \/>\n<meta property=\"og:locale\" content=\"hr_HR\" \/>\n<meta property=\"og:type\" content=\"article\" \/>\n<meta property=\"og:title\" content=\"Branitelj istine - SDF - Srpski demokratski forum\" \/>\n<meta property=\"og:description\" content=\"Ne\u010dasna vremena ne podnose \u010dasne pojedince, pa se generala Ademija planiralo uni\u0161titi. Tko? Dr\u017eava, poetski Domovina, za koju se borio i njezini samoprozvani patrioti\" \/>\n<meta property=\"og:url\" content=\"https:\/\/sdf.hr\/hr\/nada\/branitelj-istine\/\" \/>\n<meta property=\"og:site_name\" content=\"SDF - Srpski demokratski forum\" \/>\n<meta property=\"article:modified_time\" content=\"2023-03-28T10:55:10+00:00\" \/>\n<meta property=\"og:image\" content=\"https:\/\/sdf.hr\/wp-content\/uploads\/2021\/08\/MiraBicanic_RGB.jpg\" \/>\n\t<meta property=\"og:image:width\" content=\"1323\" \/>\n\t<meta property=\"og:image:height\" content=\"993\" \/>\n\t<meta property=\"og:image:type\" content=\"image\/jpeg\" \/>\n<meta name=\"twitter:card\" content=\"summary_large_image\" \/>\n<meta name=\"twitter:label1\" content=\"Procijenjeno vrijeme \u010ditanja\" \/>\n\t<meta name=\"twitter:data1\" content=\"6 minuta\" \/>\n<script type=\"application\/ld+json\" class=\"yoast-schema-graph\">{\"@context\":\"https:\\\/\\\/schema.org\",\"@graph\":[{\"@type\":\"WebPage\",\"@id\":\"https:\\\/\\\/sdf.hr\\\/hr\\\/nada\\\/branitelj-istine\\\/\",\"url\":\"https:\\\/\\\/sdf.hr\\\/hr\\\/nada\\\/branitelj-istine\\\/\",\"name\":\"Branitelj istine - SDF - Srpski demokratski forum\",\"isPartOf\":{\"@id\":\"https:\\\/\\\/sdf.hr\\\/#website\"},\"primaryImageOfPage\":{\"@id\":\"https:\\\/\\\/sdf.hr\\\/hr\\\/nada\\\/branitelj-istine\\\/#primaryimage\"},\"image\":{\"@id\":\"https:\\\/\\\/sdf.hr\\\/hr\\\/nada\\\/branitelj-istine\\\/#primaryimage\"},\"thumbnailUrl\":\"https:\\\/\\\/sdf.hr\\\/wp-content\\\/uploads\\\/2021\\\/08\\\/MiraBicanic_RGB.jpg\",\"datePublished\":\"2021-09-03T13:20:07+00:00\",\"dateModified\":\"2023-03-28T10:55:10+00:00\",\"breadcrumb\":{\"@id\":\"https:\\\/\\\/sdf.hr\\\/hr\\\/nada\\\/branitelj-istine\\\/#breadcrumb\"},\"inLanguage\":\"hr\",\"potentialAction\":[{\"@type\":\"ReadAction\",\"target\":[\"https:\\\/\\\/sdf.hr\\\/hr\\\/nada\\\/branitelj-istine\\\/\"]}]},{\"@type\":\"ImageObject\",\"inLanguage\":\"hr\",\"@id\":\"https:\\\/\\\/sdf.hr\\\/hr\\\/nada\\\/branitelj-istine\\\/#primaryimage\",\"url\":\"https:\\\/\\\/sdf.hr\\\/wp-content\\\/uploads\\\/2021\\\/08\\\/MiraBicanic_RGB.jpg\",\"contentUrl\":\"https:\\\/\\\/sdf.hr\\\/wp-content\\\/uploads\\\/2021\\\/08\\\/MiraBicanic_RGB.jpg\",\"width\":1323,\"height\":993},{\"@type\":\"BreadcrumbList\",\"@id\":\"https:\\\/\\\/sdf.hr\\\/hr\\\/nada\\\/branitelj-istine\\\/#breadcrumb\",\"itemListElement\":[{\"@type\":\"ListItem\",\"position\":1,\"name\":\"Po\u010detna stranica\",\"item\":\"https:\\\/\\\/sdf.hr\\\/hr\\\/\"},{\"@type\":\"ListItem\",\"position\":2,\"name\":\"Nada\",\"item\":\"https:\\\/\\\/sdf.hr\\\/nada\\\/\"},{\"@type\":\"ListItem\",\"position\":3,\"name\":\"Branitelj istine\"}]},{\"@type\":\"WebSite\",\"@id\":\"https:\\\/\\\/sdf.hr\\\/#website\",\"url\":\"https:\\\/\\\/sdf.hr\\\/\",\"name\":\"SDF - Srpski demokratski forum\",\"description\":\"Srpski demokratski forum\",\"publisher\":{\"@id\":\"https:\\\/\\\/sdf.hr\\\/#organization\"},\"potentialAction\":[{\"@type\":\"SearchAction\",\"target\":{\"@type\":\"EntryPoint\",\"urlTemplate\":\"https:\\\/\\\/sdf.hr\\\/?s={search_term_string}\"},\"query-input\":{\"@type\":\"PropertyValueSpecification\",\"valueRequired\":true,\"valueName\":\"search_term_string\"}}],\"inLanguage\":\"hr\"},{\"@type\":\"Organization\",\"@id\":\"https:\\\/\\\/sdf.hr\\\/#organization\",\"name\":\"SDF - Srpski demokratski forum\",\"url\":\"https:\\\/\\\/sdf.hr\\\/\",\"logo\":{\"@type\":\"ImageObject\",\"inLanguage\":\"hr\",\"@id\":\"https:\\\/\\\/sdf.hr\\\/#\\\/schema\\\/logo\\\/image\\\/\",\"url\":\"https:\\\/\\\/sdf.hr\\\/wp-content\\\/uploads\\\/2021\\\/07\\\/logo-hr.svg\",\"contentUrl\":\"https:\\\/\\\/sdf.hr\\\/wp-content\\\/uploads\\\/2021\\\/07\\\/logo-hr.svg\",\"width\":271,\"height\":100,\"caption\":\"SDF - Srpski demokratski forum\"},\"image\":{\"@id\":\"https:\\\/\\\/sdf.hr\\\/#\\\/schema\\\/logo\\\/image\\\/\"}}]}<\/script>\n<!-- \/ Yoast SEO plugin. -->","yoast_head_json":{"title":"Branitelj istine - SDF - Srpski demokratski forum","robots":{"index":"index","follow":"follow","max-snippet":"max-snippet:-1","max-image-preview":"max-image-preview:large","max-video-preview":"max-video-preview:-1"},"canonical":"https:\/\/sdf.hr\/hr\/nada\/branitelj-istine\/","og_locale":"hr_HR","og_type":"article","og_title":"Branitelj istine - SDF - Srpski demokratski forum","og_description":"Ne\u010dasna vremena ne podnose \u010dasne pojedince, pa se generala Ademija planiralo uni\u0161titi. Tko? Dr\u017eava, poetski Domovina, za koju se borio i njezini samoprozvani patrioti","og_url":"https:\/\/sdf.hr\/hr\/nada\/branitelj-istine\/","og_site_name":"SDF - Srpski demokratski forum","article_modified_time":"2023-03-28T10:55:10+00:00","og_image":[{"width":1323,"height":993,"url":"https:\/\/sdf.hr\/wp-content\/uploads\/2021\/08\/MiraBicanic_RGB.jpg","type":"image\/jpeg"}],"twitter_card":"summary_large_image","twitter_misc":{"Procijenjeno vrijeme \u010ditanja":"6 minuta"},"schema":{"@context":"https:\/\/schema.org","@graph":[{"@type":"WebPage","@id":"https:\/\/sdf.hr\/hr\/nada\/branitelj-istine\/","url":"https:\/\/sdf.hr\/hr\/nada\/branitelj-istine\/","name":"Branitelj istine - SDF - Srpski demokratski forum","isPartOf":{"@id":"https:\/\/sdf.hr\/#website"},"primaryImageOfPage":{"@id":"https:\/\/sdf.hr\/hr\/nada\/branitelj-istine\/#primaryimage"},"image":{"@id":"https:\/\/sdf.hr\/hr\/nada\/branitelj-istine\/#primaryimage"},"thumbnailUrl":"https:\/\/sdf.hr\/wp-content\/uploads\/2021\/08\/MiraBicanic_RGB.jpg","datePublished":"2021-09-03T13:20:07+00:00","dateModified":"2023-03-28T10:55:10+00:00","breadcrumb":{"@id":"https:\/\/sdf.hr\/hr\/nada\/branitelj-istine\/#breadcrumb"},"inLanguage":"hr","potentialAction":[{"@type":"ReadAction","target":["https:\/\/sdf.hr\/hr\/nada\/branitelj-istine\/"]}]},{"@type":"ImageObject","inLanguage":"hr","@id":"https:\/\/sdf.hr\/hr\/nada\/branitelj-istine\/#primaryimage","url":"https:\/\/sdf.hr\/wp-content\/uploads\/2021\/08\/MiraBicanic_RGB.jpg","contentUrl":"https:\/\/sdf.hr\/wp-content\/uploads\/2021\/08\/MiraBicanic_RGB.jpg","width":1323,"height":993},{"@type":"BreadcrumbList","@id":"https:\/\/sdf.hr\/hr\/nada\/branitelj-istine\/#breadcrumb","itemListElement":[{"@type":"ListItem","position":1,"name":"Po\u010detna stranica","item":"https:\/\/sdf.hr\/hr\/"},{"@type":"ListItem","position":2,"name":"Nada","item":"https:\/\/sdf.hr\/nada\/"},{"@type":"ListItem","position":3,"name":"Branitelj istine"}]},{"@type":"WebSite","@id":"https:\/\/sdf.hr\/#website","url":"https:\/\/sdf.hr\/","name":"SDF - Srpski demokratski forum","description":"Srpski demokratski forum","publisher":{"@id":"https:\/\/sdf.hr\/#organization"},"potentialAction":[{"@type":"SearchAction","target":{"@type":"EntryPoint","urlTemplate":"https:\/\/sdf.hr\/?s={search_term_string}"},"query-input":{"@type":"PropertyValueSpecification","valueRequired":true,"valueName":"search_term_string"}}],"inLanguage":"hr"},{"@type":"Organization","@id":"https:\/\/sdf.hr\/#organization","name":"SDF - Srpski demokratski forum","url":"https:\/\/sdf.hr\/","logo":{"@type":"ImageObject","inLanguage":"hr","@id":"https:\/\/sdf.hr\/#\/schema\/logo\/image\/","url":"https:\/\/sdf.hr\/wp-content\/uploads\/2021\/07\/logo-hr.svg","contentUrl":"https:\/\/sdf.hr\/wp-content\/uploads\/2021\/07\/logo-hr.svg","width":271,"height":100,"caption":"SDF - Srpski demokratski forum"},"image":{"@id":"https:\/\/sdf.hr\/#\/schema\/logo\/image\/"}}]}},"_links":{"self":[{"href":"https:\/\/sdf.hr\/hr\/wp-json\/wp\/v2\/nada\/545","targetHints":{"allow":["GET"]}}],"collection":[{"href":"https:\/\/sdf.hr\/hr\/wp-json\/wp\/v2\/nada"}],"about":[{"href":"https:\/\/sdf.hr\/hr\/wp-json\/wp\/v2\/types\/nada"}],"wp:featuredmedia":[{"embeddable":true,"href":"https:\/\/sdf.hr\/hr\/wp-json\/wp\/v2\/media\/417"}],"wp:attachment":[{"href":"https:\/\/sdf.hr\/hr\/wp-json\/wp\/v2\/media?parent=545"}],"wp:term":[{"taxonomy":"post_tag","embeddable":true,"href":"https:\/\/sdf.hr\/hr\/wp-json\/wp\/v2\/tags?post=545"},{"taxonomy":"atribut","embeddable":true,"href":"https:\/\/sdf.hr\/hr\/wp-json\/wp\/v2\/atribut?post=545"}],"curies":[{"name":"wp","href":"https:\/\/api.w.org\/{rel}","templated":true}]}}