{"id":5454,"date":"2024-10-11T08:00:05","date_gmt":"2024-10-11T06:00:05","guid":{"rendered":"https:\/\/sdf.hr\/nada\/sto-biologa-u-karinu\/"},"modified":"2024-10-11T08:01:38","modified_gmt":"2024-10-11T06:01:38","slug":"sto-biologa-u-karinu","status":"publish","type":"nada","link":"https:\/\/sdf.hr\/hr\/nada\/sto-biologa-u-karinu\/","title":{"rendered":"Sto biologa u Karinu"},"content":{"rendered":"<p>Preko sto mladih biologa iz Hrvatske, Srbije i Bosne i Hercegovine sudjelovalo je ove godine u istra\u017eiva\u010dko-edukacijskom projektu &#8220;Karin 2024.&#8221; Sve ih je okupila Udruga studenata biologije \u2013 BIUS. Na terenskom istra\u017eivanju najmanjeg mora na svijetu, kako se govori za zaljev koji dijele Benkovac i Obrovac, studenti biologije imali su rijetku priliku za iskustveno u\u010denje. Na svojim fakultetima u gradskim sredinama ne mogu lako do\u0107i u direktan doticaj s razli\u010ditim skupinama flore i faune. Zato su u prvoj sedmici maja i zadnjoj sedmici avgusta \u017eivopisnim Karinom kru\u017eili vrijedni istra\u017eiva\u010di i istra\u017eiva\u010dice, primjenjuju\u0107i specifi\u010dnu metodologiju i poseban pristup prema svakoj vrsti organizama. Bili su podijeljeni u manje sekcije prema afinitetima. Oku\u0161ali su se u baratanju mre\u017eama za \u0161i\u0161mi\u0161e, u\u010dili su kako funkcionira elektroribolov za istra\u017eivanje slatkovodnih riba, kako se radi s vr\u0161ama i mre\u017eama potega\u010dama te kako se postavljaju pasivne klopke i svjetlosne piramide za kukce.<\/p>\n<p><strong>David Diane\u017eevi\u0107<\/strong>, organizator projekta, za Nadu govori da su u Karin i\u0161li u dva navrata kako bi mogli uo\u010diti razliku u sezonalnosti: kako je kada se priroda tek budi, kako je u uzavreloj sezoni te koje su razlike u fauni. Istra\u017eivali su \u0161to \u0107e na\u0107i u koritu Kari\u0161nice kada je u prolje\u0107e tekla, a \u0161to u avgustu kada tamo vode gotovo da i nema, osim u lokvicama. Pazili su, ka\u017ee, da pokriju ukupnu bioraznolikost tog podru\u010dja.<\/p>\n<p>Na\u0161 23-godi\u0161nji sugovornik, fri\u0161ki diplomac s biolo\u0161kog odsjeka Prirodoslovno- matemati\u010dkog fakulteta, godinama je ljetovao u Rovanjskoj. Bio je nekoliko puta u Karinu pa je imao predod\u017ebu kakav je to kraj. Zajedno s kolegicom <strong>Majom Perinovi\u0107<\/strong> iz Zadra do\u0161ao je na ideju da veliki teren odr\u017ee ba\u0161 tamo. Shvatili su, govori, da je to idealno podru\u010dje. Prije svega, privuklo ih je zatvoreno more koje nema karakteristike otvorenog. U neposrednoj blizini nalaze se presu\u0161uju\u0107i vodotoci \u2013 Kari\u0161nica i Bijela, a u njima pregr\u0161t zanimljivih beskralje\u017enjaka i kralje\u017enjaka. Osim toga, tu je i vegetacija koja je karakteristi\u010dno primorska. Tako\u0111er, u samoj blizini je Velebit, \u0161ume i sve \u0161to je odlika gorskih predjela. Nije daleko ni Zrmanja kao ve\u0107a rijeka. \u0160pilje su im isto bile blizu za podzemnu faunu. Drugim rije\u010dima, na tako maloj povr\u0161ini obuhvatili su sve \u0161to ih je interesiralo.<\/p>\n<p>&#8211; Samo podru\u010dje je zanimljivo s aspekta i biljaka i \u017eivotinja, upravo zato \u0161to se nalazi na kontaktu mediteranske i alpinske biogeografske regije. Tu dolazi do kri\u017eanja elementa koji su karakteristi\u010dni za samo morska podru\u010dja i samo za gorska podru\u010dja. Upravo je zato na takvim mjestima bioraznolikost izuzetno visoka i interesantna za prou\u010davanje. \u0160ire podru\u010dje Karinskog mora, a i samo Karinsko more, nikada dosad nije bilo sustavno prou\u010davano, niti je imalo nekakvih ve\u0107ih zapa\u017eanja po pitanju bioraznolikosti &#8211; obja\u0161njava David.<\/p>\n<p>Iznena\u0111uju\u0107e otkri\u0107e za istra\u017eiva\u010de bila je slana mo\u010dvara izme\u0111u utoka Kari\u0161nice i Bijele u Karinsko more, u narodu poznatija kao ljekovito blato. Na karinskoj pla\u017ei svako ljeto se mogu sresti ljudi koji odre\u0111ene dijelove tijela ma\u017eu tom smjesom jer vjeruju da lije\u010di reumatska oboljenja. Ta prirodna pojava je prava rijetkost. David govori da na cijeloj isto\u010dnoj obali Jadrana slanih mo\u010dvara nema mnogo, manje od 50. Na prvom mjestu zato \u0161to je velik dio obale betoniziran, naro\u010dito takva mjesta koja su u povijesti smatrana leglima komaraca. Na\u0161a obala je vi\u0161e-manje kamenita, pa stoga valja \u010duvati mo\u010dvarne oazice. Grupa za botaniku fokusirala se na biljni svijet koji se tu mo\u017ee prona\u0107i.<\/p>\n<figure id=\"attachment_5452\" aria-describedby=\"caption-attachment-5452\" style=\"width: 1623px\" class=\"wp-caption alignnone\"><img loading=\"lazy\" decoding=\"async\" class=\"wp-image-5452 size-full\" src=\"https:\/\/sdf.hr\/wp-content\/uploads\/2024\/10\/Bius2.jpg\" alt=\"\" width=\"1623\" height=\"1080\" srcset=\"https:\/\/sdf.hr\/wp-content\/uploads\/2024\/10\/Bius2.jpg 1623w, https:\/\/sdf.hr\/wp-content\/uploads\/2024\/10\/Bius2-300x200.jpg 300w, https:\/\/sdf.hr\/wp-content\/uploads\/2024\/10\/Bius2-1024x681.jpg 1024w, https:\/\/sdf.hr\/wp-content\/uploads\/2024\/10\/Bius2-768x511.jpg 768w, https:\/\/sdf.hr\/wp-content\/uploads\/2024\/10\/Bius2-1536x1022.jpg 1536w\" sizes=\"auto, (max-width: 1623px) 100vw, 1623px\" \/><figcaption id=\"caption-attachment-5452\" class=\"wp-caption-text\">Studentima je teren bio zanimljiv<\/figcaption><\/figure>\n<p>&#8211; Studentima je bilo zanimljivo gledati i \u0161pilje koje se nalaze oko Karina, bilo da je to izvor Bijele, bilo da je izvor Kari\u0161nice, jer su tako\u0111er \u0161pilje. Ili neke \u0161pilje koje su malo povu\u010denije, jo\u0161 dalje od mora, bli\u017ee Krupi ili u zale\u0111u Kru\u0161eva. Tamo su pronalazili velike kolonije \u0161i\u0161mi\u0161a koje su za\u0161ti\u0107ene na europskoj razini. Na\u017ealost, stigli smo prekasno da vidimo jednu vrstu leptira. Dalmatinski oka\u0161 je endemska vrsta leptira koja \u017eivi na livadama oko Kari\u0161nice i Bijele. Jedna grupa je radila s algama s profesoricom s fakulteta i s Javnom ustanovom Natura Jadera. Istra\u017eivalo se koje se mikroalge nalaze u stupcu vode i na kojoj dubini, a koje dolaze kao obra\u0161taj na morskim cvjetnicama. Imali smo grupu za male sisavce, grupu za \u0161i\u0161mi\u0161e, grupu za leptire, razli\u010dite druge kukce. Imali smo skupinu za ribe, skupinu za ptice, za gmazove i vodozemce &#8211; nabraja David.<\/p>\n<p>Kada se govori o Karinskom moru, neizostavne su asocijacije na lo\u0161 sustav odvodnje u golemom vikend naselju. Sve ku\u0107e i dalje imaju septi\u010dke jame, a sav njihov sadr\u017eaj, ili ve\u0107i dio, preko podzemnih voda prona\u0111e svoj put do mora. David govori da su cure koje su bile zadu\u017eene za ronjenje komentirale kako je prili\u010dno slaba vidljivost kada se roni no\u0107u. Mogu\u0107e je, obja\u0161njava on, da to ima veze s kanalizacijom, a mo\u017ee biti i zbog zatvorenog mora i manjka cirkulacije.<\/p>\n<p>&#8211; Primjer lo\u0161e prakse u tom smislu je Obrovac, kojem pripada dio Karinskog mora. Obrovac svu svoju kanalizaciju, ako to mo\u017eemo nazvati kanalizacijom, pu\u0161ta u Zrmanju. Definitivno je more bilo puno \u010distije i ugodnije za kupanje u petom mjesecu, to mogu iz osobnog iskustva re\u0107i &#8211; govori David.<\/p>\n<p>Najmanje more tako trpi neregulirano obitavanje sve ve\u0107eg broja ljudi. Zaboravlja se da se svom svojom povr\u0161inom nalazi u ekolo\u0161koj mre\u017ei Natura 2000. Za\u0161ti\u0107eno je zbog morskih vrsta koje tamo obitavaju. A \u010ditavo to podru\u010dje, kako obja\u0161njava biolog, za\u0161ti\u0107eno je prema direktivi o pticama, pa spada pod podru\u010dje ekolo\u0161ke mre\u017ee SZ Dalmacija i Pag. Rijeke Kari\u0161nica i Bijela tako\u0111er su pod za\u0161titom upravo zbog \u0161i\u0161mi\u0161a i dalmatinskog oka\u0161a, kao i zbog odre\u0111enih biljnih zajednica koji se nalaze na slanoj mo\u010dvari.<\/p>\n<p>Studenti koji su istra\u017eivali ovaj teren napravit \u0107e u prvoj polovici 2025. zbornik svih radova. Detaljno \u0107e izvijestiti gdje su i kada bili te \u0161to su to\u010dno prona\u0161li. Uvrstit \u0107e i geografske koordinate. Zbornik \u0107e biti javno dostupan na stranicama njihove udruge, otkriva David Diane\u017eevi\u0107. S obzirom na to da \u0161ire podru\u010dje Karina nije toliko istra\u017eeno u odnosu na druge dijelove primorja, rezultati dobiveni ovim projektom predstavljat \u0107e smjernice za o\u010duvanje prirode toga kraja i doprinijeti pra\u0107enju stanja brojnosti i rasprostranjenosti vrsta, poru\u010duju iz BIUS-a. Jednako va\u017ean dio ovog projekta je promocija i popularizacija biologije, osobito me\u0111u djecom i mladima.<\/p>\n<p>Projekt se odr\u017eao u suradnji s Javnom ustanovom Natura Jadera, Parkom prirode Velebit, Pu\u010dkim otvorenim u\u010dili\u0161tem Obrovac, Hrvatskim botani\u010dkim dru\u0161tvom, Hrvatskim biospeleolo\u0161kim dru\u0161tvom i Udrugom za za\u0161titu \u0161i\u0161mi\u0161a Tragus.<\/p>\n<p><em>pi\u0161e Anja Ko\u017eul<\/em><\/p>\n","protected":false},"excerpt":{"rendered":"<p>Karinsko more nikada dosad nije bilo tako sustavno prou\u010davano, ka\u017ee David Diane\u017eevi\u0107, organizator projekta u kojem su mladi biolozi iz Hrvatske, Srbije i BiH istra\u017eivali botaniku, mikroalge, male sisavce, \u0161i\u0161mi\u0161e, kukce, ribe, ptice, gmazove i vodozemace<\/p>\n","protected":false},"featured_media":5451,"template":"","tags":[130],"atribut":[],"class_list":["post-5454","nada","type-nada","status-publish","has-post-thumbnail","hentry","tag-tema"],"acf":[],"yoast_head":"<!-- This site is optimized with the Yoast SEO plugin v27.4 - https:\/\/yoast.com\/product\/yoast-seo-wordpress\/ -->\n<title>Sto biologa u Karinu - SDF - Srpski demokratski forum<\/title>\n<meta name=\"robots\" content=\"index, follow, max-snippet:-1, max-image-preview:large, max-video-preview:-1\" \/>\n<link rel=\"canonical\" href=\"https:\/\/sdf.hr\/hr\/nada\/sto-biologa-u-karinu\/\" \/>\n<meta property=\"og:locale\" content=\"hr_HR\" \/>\n<meta property=\"og:type\" content=\"article\" \/>\n<meta property=\"og:title\" content=\"Sto biologa u Karinu - SDF - Srpski demokratski forum\" \/>\n<meta property=\"og:description\" content=\"Karinsko more nikada dosad nije bilo tako sustavno prou\u010davano, ka\u017ee David Diane\u017eevi\u0107, organizator projekta u kojem su mladi biolozi iz Hrvatske, Srbije i BiH istra\u017eivali botaniku, mikroalge, male sisavce, \u0161i\u0161mi\u0161e, kukce, ribe, ptice, gmazove i vodozemace\" \/>\n<meta property=\"og:url\" content=\"https:\/\/sdf.hr\/hr\/nada\/sto-biologa-u-karinu\/\" \/>\n<meta property=\"og:site_name\" content=\"SDF - Srpski demokratski forum\" \/>\n<meta property=\"article:modified_time\" content=\"2024-10-11T06:01:38+00:00\" \/>\n<meta property=\"og:image\" content=\"https:\/\/sdf.hr\/wp-content\/uploads\/2024\/10\/Bius1.jpg\" \/>\n\t<meta property=\"og:image:width\" content=\"2048\" \/>\n\t<meta property=\"og:image:height\" content=\"1365\" \/>\n\t<meta property=\"og:image:type\" content=\"image\/jpeg\" \/>\n<meta name=\"twitter:card\" content=\"summary_large_image\" \/>\n<meta name=\"twitter:label1\" content=\"Procijenjeno vrijeme \u010ditanja\" \/>\n\t<meta name=\"twitter:data1\" content=\"6 minuta\" \/>\n<script type=\"application\/ld+json\" class=\"yoast-schema-graph\">{\"@context\":\"https:\\\/\\\/schema.org\",\"@graph\":[{\"@type\":\"WebPage\",\"@id\":\"https:\\\/\\\/sdf.hr\\\/hr\\\/nada\\\/sto-biologa-u-karinu\\\/\",\"url\":\"https:\\\/\\\/sdf.hr\\\/hr\\\/nada\\\/sto-biologa-u-karinu\\\/\",\"name\":\"Sto biologa u Karinu - SDF - Srpski demokratski forum\",\"isPartOf\":{\"@id\":\"https:\\\/\\\/sdf.hr\\\/#website\"},\"primaryImageOfPage\":{\"@id\":\"https:\\\/\\\/sdf.hr\\\/hr\\\/nada\\\/sto-biologa-u-karinu\\\/#primaryimage\"},\"image\":{\"@id\":\"https:\\\/\\\/sdf.hr\\\/hr\\\/nada\\\/sto-biologa-u-karinu\\\/#primaryimage\"},\"thumbnailUrl\":\"https:\\\/\\\/sdf.hr\\\/wp-content\\\/uploads\\\/2024\\\/10\\\/Bius1.jpg\",\"datePublished\":\"2024-10-11T06:00:05+00:00\",\"dateModified\":\"2024-10-11T06:01:38+00:00\",\"breadcrumb\":{\"@id\":\"https:\\\/\\\/sdf.hr\\\/hr\\\/nada\\\/sto-biologa-u-karinu\\\/#breadcrumb\"},\"inLanguage\":\"hr\",\"potentialAction\":[{\"@type\":\"ReadAction\",\"target\":[\"https:\\\/\\\/sdf.hr\\\/hr\\\/nada\\\/sto-biologa-u-karinu\\\/\"]}]},{\"@type\":\"ImageObject\",\"inLanguage\":\"hr\",\"@id\":\"https:\\\/\\\/sdf.hr\\\/hr\\\/nada\\\/sto-biologa-u-karinu\\\/#primaryimage\",\"url\":\"https:\\\/\\\/sdf.hr\\\/wp-content\\\/uploads\\\/2024\\\/10\\\/Bius1.jpg\",\"contentUrl\":\"https:\\\/\\\/sdf.hr\\\/wp-content\\\/uploads\\\/2024\\\/10\\\/Bius1.jpg\",\"width\":2048,\"height\":1365,\"caption\":\"Radilo se u manjim sekcijama\"},{\"@type\":\"BreadcrumbList\",\"@id\":\"https:\\\/\\\/sdf.hr\\\/hr\\\/nada\\\/sto-biologa-u-karinu\\\/#breadcrumb\",\"itemListElement\":[{\"@type\":\"ListItem\",\"position\":1,\"name\":\"Po\u010detna stranica\",\"item\":\"https:\\\/\\\/sdf.hr\\\/hr\\\/\"},{\"@type\":\"ListItem\",\"position\":2,\"name\":\"Nada\",\"item\":\"https:\\\/\\\/sdf.hr\\\/nada\\\/\"},{\"@type\":\"ListItem\",\"position\":3,\"name\":\"Sto biologa u Karinu\"}]},{\"@type\":\"WebSite\",\"@id\":\"https:\\\/\\\/sdf.hr\\\/#website\",\"url\":\"https:\\\/\\\/sdf.hr\\\/\",\"name\":\"SDF - Srpski demokratski forum\",\"description\":\"Srpski demokratski forum\",\"publisher\":{\"@id\":\"https:\\\/\\\/sdf.hr\\\/#organization\"},\"potentialAction\":[{\"@type\":\"SearchAction\",\"target\":{\"@type\":\"EntryPoint\",\"urlTemplate\":\"https:\\\/\\\/sdf.hr\\\/?s={search_term_string}\"},\"query-input\":{\"@type\":\"PropertyValueSpecification\",\"valueRequired\":true,\"valueName\":\"search_term_string\"}}],\"inLanguage\":\"hr\"},{\"@type\":\"Organization\",\"@id\":\"https:\\\/\\\/sdf.hr\\\/#organization\",\"name\":\"SDF - Srpski demokratski forum\",\"url\":\"https:\\\/\\\/sdf.hr\\\/\",\"logo\":{\"@type\":\"ImageObject\",\"inLanguage\":\"hr\",\"@id\":\"https:\\\/\\\/sdf.hr\\\/#\\\/schema\\\/logo\\\/image\\\/\",\"url\":\"https:\\\/\\\/sdf.hr\\\/wp-content\\\/uploads\\\/2021\\\/07\\\/logo-hr.svg\",\"contentUrl\":\"https:\\\/\\\/sdf.hr\\\/wp-content\\\/uploads\\\/2021\\\/07\\\/logo-hr.svg\",\"width\":271,\"height\":100,\"caption\":\"SDF - Srpski demokratski forum\"},\"image\":{\"@id\":\"https:\\\/\\\/sdf.hr\\\/#\\\/schema\\\/logo\\\/image\\\/\"}}]}<\/script>\n<!-- \/ Yoast SEO plugin. -->","yoast_head_json":{"title":"Sto biologa u Karinu - SDF - Srpski demokratski forum","robots":{"index":"index","follow":"follow","max-snippet":"max-snippet:-1","max-image-preview":"max-image-preview:large","max-video-preview":"max-video-preview:-1"},"canonical":"https:\/\/sdf.hr\/hr\/nada\/sto-biologa-u-karinu\/","og_locale":"hr_HR","og_type":"article","og_title":"Sto biologa u Karinu - SDF - Srpski demokratski forum","og_description":"Karinsko more nikada dosad nije bilo tako sustavno prou\u010davano, ka\u017ee David Diane\u017eevi\u0107, organizator projekta u kojem su mladi biolozi iz Hrvatske, Srbije i BiH istra\u017eivali botaniku, mikroalge, male sisavce, \u0161i\u0161mi\u0161e, kukce, ribe, ptice, gmazove i vodozemace","og_url":"https:\/\/sdf.hr\/hr\/nada\/sto-biologa-u-karinu\/","og_site_name":"SDF - Srpski demokratski forum","article_modified_time":"2024-10-11T06:01:38+00:00","og_image":[{"width":2048,"height":1365,"url":"https:\/\/sdf.hr\/wp-content\/uploads\/2024\/10\/Bius1.jpg","type":"image\/jpeg"}],"twitter_card":"summary_large_image","twitter_misc":{"Procijenjeno vrijeme \u010ditanja":"6 minuta"},"schema":{"@context":"https:\/\/schema.org","@graph":[{"@type":"WebPage","@id":"https:\/\/sdf.hr\/hr\/nada\/sto-biologa-u-karinu\/","url":"https:\/\/sdf.hr\/hr\/nada\/sto-biologa-u-karinu\/","name":"Sto biologa u Karinu - SDF - Srpski demokratski forum","isPartOf":{"@id":"https:\/\/sdf.hr\/#website"},"primaryImageOfPage":{"@id":"https:\/\/sdf.hr\/hr\/nada\/sto-biologa-u-karinu\/#primaryimage"},"image":{"@id":"https:\/\/sdf.hr\/hr\/nada\/sto-biologa-u-karinu\/#primaryimage"},"thumbnailUrl":"https:\/\/sdf.hr\/wp-content\/uploads\/2024\/10\/Bius1.jpg","datePublished":"2024-10-11T06:00:05+00:00","dateModified":"2024-10-11T06:01:38+00:00","breadcrumb":{"@id":"https:\/\/sdf.hr\/hr\/nada\/sto-biologa-u-karinu\/#breadcrumb"},"inLanguage":"hr","potentialAction":[{"@type":"ReadAction","target":["https:\/\/sdf.hr\/hr\/nada\/sto-biologa-u-karinu\/"]}]},{"@type":"ImageObject","inLanguage":"hr","@id":"https:\/\/sdf.hr\/hr\/nada\/sto-biologa-u-karinu\/#primaryimage","url":"https:\/\/sdf.hr\/wp-content\/uploads\/2024\/10\/Bius1.jpg","contentUrl":"https:\/\/sdf.hr\/wp-content\/uploads\/2024\/10\/Bius1.jpg","width":2048,"height":1365,"caption":"Radilo se u manjim sekcijama"},{"@type":"BreadcrumbList","@id":"https:\/\/sdf.hr\/hr\/nada\/sto-biologa-u-karinu\/#breadcrumb","itemListElement":[{"@type":"ListItem","position":1,"name":"Po\u010detna stranica","item":"https:\/\/sdf.hr\/hr\/"},{"@type":"ListItem","position":2,"name":"Nada","item":"https:\/\/sdf.hr\/nada\/"},{"@type":"ListItem","position":3,"name":"Sto biologa u Karinu"}]},{"@type":"WebSite","@id":"https:\/\/sdf.hr\/#website","url":"https:\/\/sdf.hr\/","name":"SDF - Srpski demokratski forum","description":"Srpski demokratski forum","publisher":{"@id":"https:\/\/sdf.hr\/#organization"},"potentialAction":[{"@type":"SearchAction","target":{"@type":"EntryPoint","urlTemplate":"https:\/\/sdf.hr\/?s={search_term_string}"},"query-input":{"@type":"PropertyValueSpecification","valueRequired":true,"valueName":"search_term_string"}}],"inLanguage":"hr"},{"@type":"Organization","@id":"https:\/\/sdf.hr\/#organization","name":"SDF - Srpski demokratski forum","url":"https:\/\/sdf.hr\/","logo":{"@type":"ImageObject","inLanguage":"hr","@id":"https:\/\/sdf.hr\/#\/schema\/logo\/image\/","url":"https:\/\/sdf.hr\/wp-content\/uploads\/2021\/07\/logo-hr.svg","contentUrl":"https:\/\/sdf.hr\/wp-content\/uploads\/2021\/07\/logo-hr.svg","width":271,"height":100,"caption":"SDF - Srpski demokratski forum"},"image":{"@id":"https:\/\/sdf.hr\/#\/schema\/logo\/image\/"}}]}},"_links":{"self":[{"href":"https:\/\/sdf.hr\/hr\/wp-json\/wp\/v2\/nada\/5454","targetHints":{"allow":["GET"]}}],"collection":[{"href":"https:\/\/sdf.hr\/hr\/wp-json\/wp\/v2\/nada"}],"about":[{"href":"https:\/\/sdf.hr\/hr\/wp-json\/wp\/v2\/types\/nada"}],"wp:featuredmedia":[{"embeddable":true,"href":"https:\/\/sdf.hr\/hr\/wp-json\/wp\/v2\/media\/5451"}],"wp:attachment":[{"href":"https:\/\/sdf.hr\/hr\/wp-json\/wp\/v2\/media?parent=5454"}],"wp:term":[{"taxonomy":"post_tag","embeddable":true,"href":"https:\/\/sdf.hr\/hr\/wp-json\/wp\/v2\/tags?post=5454"},{"taxonomy":"atribut","embeddable":true,"href":"https:\/\/sdf.hr\/hr\/wp-json\/wp\/v2\/atribut?post=5454"}],"curies":[{"name":"wp","href":"https:\/\/api.w.org\/{rel}","templated":true}]}}