{"id":5499,"date":"2024-10-13T08:30:14","date_gmt":"2024-10-13T06:30:14","guid":{"rendered":"https:\/\/sdf.hr\/nada\/lea-horvat-kolektivno-stanovanje-ostaje-slon-u-sobi\/"},"modified":"2024-10-27T10:29:42","modified_gmt":"2024-10-27T09:29:42","slug":"lea-horvat-kolektivno-stanovanje-ostaje-slon-u-sobi","status":"publish","type":"nada","link":"https:\/\/sdf.hr\/hr\/nada\/lea-horvat-kolektivno-stanovanje-ostaje-slon-u-sobi\/","title":{"rendered":"Lea Horvat: Kolektivno stanovanje ostaje slon u sobi"},"content":{"rendered":"<p style=\"text-align: left;\"><strong>Lea Horvat<\/strong> je povjesni\u010darka zaposlena na Sveu\u010dili\u0161tu Friedrich Schiller u Jeni. Diplomirala je povijest umjetnosti i komparativnu knji\u017eevnost na Filozofskom fakultetu u Zagrebu te doktorirala povijest na Sveu\u010dili\u0161tu u Hamburgu. U fokusu njenog istra\u017eivanja su povijest stanovanja i svakodnevice, popularna kultura i feminizam. Na Sveu\u010dili\u0161tu Humboldt u Berlinu dr\u017eala je kolegije o kolektivnom stanovanju i feministi\u010dkoj povijesti doma. Ure\u0111ivala je i pisala za feministi\u010dke portale Muf i Krilo. Pokreta\u010dica je i urednica sajta <a href=\"https:\/\/www.womenwritethebalkans.com\/\">Women* Write Balkans<\/a>. Povod na\u0161eg razgovora njen je doktorski rad &#8220;Tvrda valuta beton: kulturna povijest kolektivnog stanovanja u socijalisti\u010dkoj Jugoslaviji i zemljama nasljednicama&#8221; koji je proljetos objavila njema\u010dka izdava\u010dka ku\u0107a B\u00f6hlau.<\/p>\n<p><strong>Krenimo od odlaska iz Zagreba u Njema\u010dku, gdje upisujete doktorat. Kako ste odabrali temu?<\/strong><\/p>\n<p>Za to mi je bio bitan ve\u0107 moj diplomski rad na temu doma u popularnoj kulturi 60-ih u Jugoslaviji. Po\u010dela sam se baviti Jugoslavijom koja mi je do tada bila nepoznata s ciljem da sama stvorim sliku o tom periodu. Devedeseto sam godi\u0161te, u \u0161koli se to presko\u010dilo, na faksu relativno malo tematiziralo. Na Erasmusu u Berlinu sam saznala da je tamo doktorat besplatan, probala i dobila stipendiju. Rad bi izgledao druk\u010dije da sam ga pisala u Hrvatskoj. Ovako sam pisala za ljude koji ne znaju puno o Jugoslaviji i glavna slika socijalizma im je DDR.<\/p>\n<p><strong>Znam da je nezahvalna molba da nam ukratko predstavite knjigu, ali mo\u017eda mo\u017eete re\u0107i ne\u0161to o njenom glavnom fokusu?<\/strong><\/p>\n<p>Tema knjige je kulturna povijest kolektivnog stanovanja, zna\u010di ne arhitekture u tehni\u010dkom smislu, nego javnih rasprava o kolektivnom stanovanju. Bavi se socijalisti\u010dkim i djelomi\u010dno postsocijalisti\u010dki periodom i prostorom vi\u0161e-manje cijele Jugoslavije. Postavljena je \u0161iroko, kao panorama. Fokus 40-ih i 50-ih sam nazvala <em>gradili\u0161tem<\/em>. Rasprava o kolektivnom stanovanju je jo\u0161 dijelom apstraktna i odvija se u arhitektonskim \u010dasopisima i sli\u010dnim medijima bez otvaranja za \u0161iru javnost. U 60-ima mi je fokus na <em>stanu<\/em>. Puno se gradi, doga\u0111a se omasovljavanje kolektivnog stanovanja i svi ve\u0107 imaju neko takvo konkretno iskustvo ili znaju nekog tko \u017eivi u takvom stanu. Jedna od glavnih tema je kako namjestiti taj novi stan. Bavila sam se priru\u010dnicima za stanovanje, \u017eenskim \u010dasopisima. U poglavlju o 70-ima i 80-ima fokusiram se na <em>naselje<\/em>. Rasprava se opet vodi u okviru struke, i to sociologije grada i kulturne antropologije. Ne pri\u010da se samo o rje\u0161avanju stambenog pitanja, nego i o funkcioniranju takvih naselja kao cjelina. U 90-ima i 2000-tima se bavim <em>slikom <\/em>kolektivnog stanovanja u popularnoj kulturi. Ta tema vi\u0161e nije na dnevnopoliti\u010dkom redu, ali i dalje postoji potreba da se o njoj pri\u010da jer je kao slon u sobi prisutna u postjugoslavenskim gradovima. Moja je teza da se to doga\u0111a kroz film i literaturu.<\/p>\n<p><strong>Jeste li putovali na teren? Kojim ste primjerima kolektivnog stanovanja posvetili posebnu pa\u017enju?<\/strong><\/p>\n<p>O: Bila sam u Ljubljani, Sarajevu, Beogradu, Zagrebu, Splitu i Podgorici i istra\u017eivala uglavnom u arhivima i lokalnim bibliotekama. U Skopje nisam stigla zbog korone, a u Pri\u0161tinu nisam i\u0161la jer ne znam albanski. Nisam mogla dobiti potpuni uvid u situaciju u ta dva centra pa sam ih u knjigu uklju\u010dila samo preko sekundarne literature. Bitno mi je da je to transparentno. Najvi\u0161e sam se pozabavila primjerom Splita 3 i Bloka 5 u Podgorici i njihovom razli\u010ditom recepcijom. Split 3 je dosta eksponiran kao super primjer kolektivnog stanovanja, dok se Blok 5 malo spominje u jugoslavenskom medijskom prostoru.<\/p>\n<p><strong>\u0160to je specifi\u010dno za ta dva projekta?<\/strong><\/p>\n<p>Split 3 je postao poznat po svom urbanisti\u010dkom konceptu stambene ulice. Postojala je velika varijacija objekata, od malih do nebodera, spoj ideje kolektivnog i skoro pa individualnog stanovanja u jednom okviru. Blok 5 u pozadini ima kompleksnu ideju samoupravljanja. Mo\u017eda je najbitnije to da su tlocrti bili fleksibilni \u2013 bilo je malo nosivih zidova i ljudi su mogli zajedno s arhitektom razmisliti kakav bi im tlocrt trebao. Mislim tako\u0111er da oba primjera imaju izra\u017eenu ideju dru\u0161tvene jednakosti. Poku\u0161avalo se izjedna\u010diti prednosti i nedostatke stanova, svima dati ne\u0161to. U Bloku 5 se gledalo da ako tvoj stan ima terasu, onda mu mo\u017eda neki prozor nije na najpogodnijoj poziciji. U Splitu 3 se poku\u0161alo svima dati prozor okrenut prema moru. Oba primjera imaju i ozbiljno shva\u0107en javni prostor izme\u0111u zgrada, ali to je specifi\u010dno za sve primjere kolektivnog stanovanja u Jugoslaviji.<\/p>\n<p><strong>Odakle onda razlike u njihovoj recepciji?<\/strong><\/p>\n<p>Split 3 je dobio nagradu Borbe, najva\u017enije nagrade za arhitekturu i urbanizam u Jugoslaviji, a posjetili su ga i o njemu pisali i zapadni istra\u017eiva\u010di poput <strong>Jane Jacobs<\/strong>. Arhitektonski \u010dasopisi i fakulteti su imali du\u017eu tradiciju u Ljubljani, Zagrebu i Beogradu nego u ostatku Jugoslavije. Vi\u0161e se pisalo o primjerima iz tih republika.<\/p>\n<p><strong>Op\u0107enito, koliko je bilo me\u0111urepubli\u010dkih razlika u projektima i o \u010demu su one ovisile? Socijalisti\u010dko kolektivno stanovanje se \u010desto predstavlja kao vrlo unificirano, to mu se isti\u010de kao mana.<\/strong><\/p>\n<p>I za historicisti\u010dke zgrade se mo\u017ee re\u0107i da su sve iste \u2013 \u0161tuko, reprezentativna fasada, manje reprezentativno dvori\u0161te. Smije\u0161na je ideja da nema razlika me\u0111u zgradama socijalisti\u010dkog kolektivnog stanovanja i to je osobito o\u010dito na jugoslavenskom primjeru. Najo\u010ditija asimetrija je izme\u0111u siroma\u0161nijih i bogatijih republika u kojima se vi\u0161e gradilo. Uspje\u0161nije firme iz bogatijih republika su gradile u drugim republikama, rijetko obrnuto. Razlike su djelomice nastajale i zbog decentraliziranog sustava samoupravljanja u Jugoslaviji. Za razliku od toga, u DDR-u ili \u010cehoslova\u010dkoj je ideja bila da postoji centralizirana institucija koja razvija jedan sistem koji se gradi u tisu\u0107ama primjera po cijeloj zemlji. S jedne strane, ideja masovnog kolektivnog stanovanja i jest u tome da ima\u0161 predlo\u017eak prema kojem se \u0161tanca i tako pojeftinjuje izgradnja. S druge strane, ako ima\u0161 vi\u0161e centara od kojih svaki razvija svoju strukturu, ima\u0161 vi\u0161e raznolikosti.<\/p>\n<p><strong>Pisali ste o kritikama kolektivnog stanovanja koje se javljaju jo\u0161 za vrijeme Jugoslavije u okviru sociologije grada i antropologije. Odakle one dolaze?<\/strong><\/p>\n<p>Argumenti o skoroj propasti kolektivnog stanovanja doprli su do Jugoslavije iz zapadnih zemalja, u prvom redu Francuske i SAD-a. U Francuskoj se u ranim 60-ima po\u010delo pisati negativno o <em>grand ensembles<\/em> u predgra\u0111ima velikih gradova, u SAD-u je dizanje u zrak naselja Pruitt-Igoe <strong>Charles Jencks<\/strong> proglasio smr\u0107u moderne arhitekture. Iako u jugoslavenskom kontekstu kolektivno stanovanje nije zjapilo poluprazno ili pokazivalo znakove getoizacije, taj se scenarij projicirao na lokalnu situaciju. Javili su se glasovi poput sociologinje <strong>Du\u0161ice Seferagi\u0107<\/strong> koji su u kolektivnom stanovanju vidjeli projekt kojem nema spasa. S druge strane, kulturna antropologinja <strong>Dunja Rihtman-Augu\u0161tin <\/strong>poku\u0161avala stvoriti svijest o tome da se u njima ve\u0107 vide tragovi i zajednice i individualizacije prostora. Bilo bi zanimljivo vidjeti kako bi se rasprava dalje razvijala, ali se to poglavlje zatvorilo s ratom. Apokalipti\u010dni narativi zavr\u0161ili su u slijepoj ulici, postalo je bitno da uop\u0107e ima\u0161 stan.<\/p>\n<p><strong>Devedesete i dvijetisu\u0107ite ste obradili kroz prikaz kolektivnog stanovanja u postjugoslavenskoj pop-kulturi. Kako se ta naselja prikazuju na televiziji?<\/strong><\/p>\n<p>Postoji transfer negativnog narativa o kolektivnom stanovanju kao getu u pop-kulturu. To se mo\u017eda najvi\u0161e vidi u filmovima poput &#8220;Rana&#8221; i &#8220;Apsolutnih sto&#8221;, gdje je Novi Beograd pozadina za brutalnost. Moram priznati da mi je, iako nije rije\u010d o najsjajnijoj seriji, najzanimljiviji prikaz kolektivnog stanovanja u krimi-seriji &#8220;Mamutica&#8221;, koja ne igra na istu kartu. U njoj nisu stigmatizirani ljudi koji \u017eive u naseljima Novog Zagreba, nego oni koji \u017eive na njihovim rubovima ili izvan. Sumnjivci su u seriji uvijek prido\u0161lice pa ona puno vi\u0161e govori o ksenofobiji i nacionalizmu u dru\u0161tvu.<\/p>\n<p><strong>Ranije ste spomenuli da kolektivno stanovanje na na\u0161im prostorima ostaje slon u sobi. Mo\u017eete li malo pojasniti \u0161to je potisnuto oko te teme?<\/strong><\/p>\n<p>Postoji napetost jer je s jedne strane u dru\u0161tvu antisocijalisti\u010dka klima, a s druge \u017eivi\u0161 u ste\u010devini socijalizma i ta su naselja dio svakodnevice jako puno ljudi, dok mno\u0161tvo ima problem sa stambenim pitanjem i bilo bi vi\u0161e nego sretno sa stanom u Novom Zagrebu. Osim toga, te su zgrade ve\u0107 stare i name\u0107e se pitanje ho\u0107e li se i kako obnavljati, a da se ne prodube nejednakosti me\u0111u imu\u0107nijim i manje imu\u0107nim kvartovima.<\/p>\n<figure id=\"attachment_5497\" aria-describedby=\"caption-attachment-5497\" style=\"width: 1982px\" class=\"wp-caption alignnone\"><img loading=\"lazy\" decoding=\"async\" class=\"wp-image-5497 size-full\" src=\"https:\/\/sdf.hr\/wp-content\/uploads\/2024\/10\/Horvat2-scaled.jpg\" alt=\"\" width=\"1982\" height=\"2560\" srcset=\"https:\/\/sdf.hr\/wp-content\/uploads\/2024\/10\/Horvat2-scaled.jpg 1982w, https:\/\/sdf.hr\/wp-content\/uploads\/2024\/10\/Horvat2-232x300.jpg 232w, https:\/\/sdf.hr\/wp-content\/uploads\/2024\/10\/Horvat2-793x1024.jpg 793w, https:\/\/sdf.hr\/wp-content\/uploads\/2024\/10\/Horvat2-768x992.jpg 768w, https:\/\/sdf.hr\/wp-content\/uploads\/2024\/10\/Horvat2-1189x1536.jpg 1189w, https:\/\/sdf.hr\/wp-content\/uploads\/2024\/10\/Horvat2-1585x2048.jpg 1585w\" sizes=\"auto, (max-width: 1982px) 100vw, 1982px\" \/><figcaption id=\"caption-attachment-5497\" class=\"wp-caption-text\">Lea Horvat (Foto: Melek \u00d6zdemir)<\/figcaption><\/figure>\n<p><strong>Mo\u017eemo li o\u010dekivati prijevod knjige na hrvatski?<\/strong><\/p>\n<p>Trebala bi biti prevedena sljede\u0107e godine u izdanju Srednje Europe. Meni je to svakako bitno. U Njema\u010dkoj ima druga\u010diju publiku i otvorila je druga\u010dije rasprave nego \u0161to bi to bilo na prostoru biv\u0161e Jugoslavije.<\/p>\n<p><strong>Kakve su reakcije njema\u010dke publike?<\/strong><\/p>\n<p>Svatko dolazi s drugim pitanjima, ovisno o vlastitom iskustvu i polazi\u0161tima. To mi je osobito o\u010dito u nastavi i najzanimljivije mi je pri\u010dati o tome s mla\u0111im ljudima, posebno onima iz Zapadne Njema\u010dke koji o kolektivnom stanovanju imaju samo negativne predod\u017ebe iz medija (mjesto zlo\u010dina i siroma\u0161tva). S druge strane, ima ljudi koji su osobno i emocionalno vezani za ta naselja. Mnogi su pozitivno iznena\u0111eni vizualnom raznoliko\u0161\u0107u jugoslavenskih primjera u usporedbi s onima iz DDR-a. Na jednom sam predstavljanju rekla publici &#8220;zamislite da meni sad faks da stan&#8221;. Svi su se po\u010deli smijati. U socijalizmu to nije bilo smije\u0161no. Mislim da otkrivanje ne\u010deg emancipatornog u pro\u0161losti kod ljudi mo\u017ee pokrenuti pitanja. Za\u0161to nam poslodavac ne bi dao stan? Za\u0161to ne bismo opet to imali?<\/p>\n<p><strong>Spomenuli ste da reakcije na temu knjige ovise o vlastitim polazi\u0161tima \u010ditatelja.<\/strong><\/p>\n<p>Mislim da ne reflektiramo dovoljno iz kojeg kuta pri\u010damo ili se nama pri\u010dalo o povijesti. Ako ima\u0161 ideju da je kolektivna stanogradnja bila ru\u017ena, neugledna arhitektura, mo\u017eda gleda\u0161 iz perspektive nekoga tko je do 1945. \u017eivio u pala\u010di. Vi\u0161e nema\u0161 deset spava\u0107ih soba nego mali stan. Ali ako dolazi\u0161 iz perspektive nekoga tko nije imao teku\u0107u vodu i centralno grijanje, takav stan ti je <em>wow<\/em>. Odrasla sam na selu, bez centralnog grijanja, kolektivno stanovanje nije bilo moja svakodnevica pa je i knjiga, pogled izvana, poku\u0161aj da se pribli\u017eim takvom tipu stana.<\/p>\n<p><strong>Vi\u0161e od deset godina \u017eivite u Berlinu. Preko medija i drugova gastarbajtera dugo slu\u0161amo o stambenim problemima tamo. Kakva su va\u0161a iskustva?<\/strong><\/p>\n<p>Jedan od prvih stanova u kojima sam \u017eivjela u Berlinu je bio relativno povoljan i na povr\u0161ini OK, ali zapravo je pripadao nekom investicijskom fondu iz Londona, nitko ga nije odr\u017eavao i stanarina se godi\u0161nje pove\u0107avala za pet posto. Iselili smo \u010dim smo na\u0161li ne\u0161to bolje. Cijeli je taj poslovni model temeljen na tome da se ljudi stalno iseljavaju jer svaki put mo\u017ee\u0161 povisiti stanarinu. Lice eksploatacije je nepersonalno, ne vidi\u0161 svog zlo\u010destog pohlepnog gazdu nego anonimnu instancu investicijskog fonda.<\/p>\n<p><strong>Jeste li na\u0161li neko sretnije rje\u0161enje?<\/strong><\/p>\n<p>Zadnjih pet godina \u017eivimo u stanu u sklopu stambene zadruge. Svi \u010dlanovi zadruge imaju u njoj udio od 2000 eura, ne posjeduju stan, pla\u0107aju stanarinu, ali imaju do\u017eivotno pravo stanovanja. Sa stanom dolazi i besplatni servis za popravke. U Berlinu je sada u\u017easno te\u0161ko dobiti stan. U stambenoj zadruzi je to lak\u0161e i visina pla\u0107e nije ultimativni kriterij. Tako\u0111er se vidi da tu ljudi ne iseljavaju \u010desto, u na\u0161oj zgradi je stabilna dru\u0161tvena struktura. Gleda se i, recimo, da ne mo\u017ee jedna osoba dobiti trosobni stan. Ima sli\u010dnosti s kolektivnim stanovanjem. Neke grupe su i dalje isklju\u010dene, ali u ovom u\u017easno brutalnom sistemu je to ipak blago pozitivan primjer.<\/p>\n<p><strong> Trenutno predajete i istra\u017eujete novu temu \u2013 povijest kave na ju\u017enoj periferiji Habsbur\u0161ke Monarhije iz perspektive roda i rada.<\/strong><\/p>\n<p>Kava je na prvi pogled jako pitoma tema i prve reakcije su puno pozitivnije nego kad sam se bavila socijalizmom. Ali mislim da se na tu temu mo\u017ee otvoriti puno dosta neugodnih pitanja, pogotovo vezanih uz eksploataciju, imperijalne dinamike, po\u010detke socijalisti\u010dkih ideja i radni\u010dkog pokreta. Bavim se razli\u010ditim aspektima roda, rada i kave, ulaskom \u017eena u kavane i po\u010detkom sudjelovanja u javnim prostorima, \u017eenama koje su posjedovale svoje gostione i kavane, i kolonijalnim podtekstom kave. Trenutno radim na poglavlju o konobaricama u radni\u010dkom pokretu. Jako mi je zanimljivo preispitati sliku o Habsbur\u0161koj Monarhiji koju sam dobila u \u0161koli i u dru\u0161tvu koje sklono romantiziranju Austro-Ugarske. Istra\u017eivanje je jo\u0161 na po\u010detku, nadam se da \u0107e knjiga biti gotova za par godina.<\/p>\n<p><strong>Na nikad pre\u017ealjenom feministi\u010dkom portalu Muf pisali ste o dijelu tema koje kasnije dolaze u va\u0161 akademski fokus. Za\u0161to vam je Muf bio va\u017ean?<\/strong><\/p>\n<p>Bilo mi je va\u017eno \u0161to postoji medij koji se bavi \u017eenskom popularnom kulturom bez patroniziraju\u0107eg pristupa. Tako\u0111er, kroz ulogu \u010ditateljice pa autorice i \u010dlanice uredni\u0161tva otkrila sam da mi je bitno pisati iz osobne perspektive, a ne skrivati se iza hinjene neutralnosti. Kre\u0107em od stvari koje me preokupiraju u svakodnevici i poku\u0161avam ih politizirati i shvatiti u \u0161irem kontekstu.<\/p>\n<p><strong>S Anom Sekuli\u0107 ste nedavno pokrenuli i portal Women* Write Balkans?<\/strong><\/p>\n<p>Kombiniramo istra\u017eiva\u010dko i literarno, naglasak je na <em>storytellingu<\/em> \u2013 dobro ispri\u010danoj pri\u010di. Ja sam u Berlinu, Ana u Pittsburghu i imale smo \u017eelju da se obra\u010dunamo s reduktivnim pisanjem o Balkanu (korupcija, pristupni pregovori i sli\u010dne teme) i umjesto nu\u017ene, ali dosadne kritike stvorimo prostor za teme koje smatramo bitnima. U fokusu su nam \u017eene, trans i nebinarne osobe, uglavnom s Balkana, ljudi koji su podzastupljeni me\u0111u onima koji na engleskom pi\u0161u o Balkanu.<\/p>\n<p><strong>Pi\u0161ete o Jugoslaviji i Balkanu iako preko desetlje\u0107a ne \u017eivite ovdje. Nedostaje li vam ne\u0161to?<\/strong><\/p>\n<p>Kad sam do\u0161la u Njema\u010dku, nisu mi bili jasni sentimenti dijaspore koja je stalno i\u0161la na more u Hrvatsku. Sad sam ja ta osoba. Najvi\u0161e mi nedostaje dru\u017eenje s dragim ljudima. Nedostaje mi i lako\u0107a istra\u017eivanja. Moram na poslu tra\u017eiti dodatna sredstva da do\u0111em u Hrvatsku i \u010ditam u knji\u017enici. Malo je neprirodno. Kad o tom razmi\u0161ljam, jasno vidim da je moj boravak u Njema\u010dkoj ekonomska migracija \u2013 nije to najbolji okvir za \u017eivot i rad nego jednostavno onaj u kojem si taj \u017eivot i rad mogu priu\u0161titi.<\/p>\n<p><strong>Za kraj \u2013 \u0161to vam daje nadu?<\/strong><\/p>\n<p>Ina\u010de sam optimisti\u010dna osoba i dosta mi stvari daje nadu. Uvijek su u pitanju ljudi. Pro\u0161le godine smo sa studentima bili na ekskurziji u Sarajevu. Imali smo smije\u0161an bud\u017eet, nas 20 se zguralo u ured moje kolegice <strong>Aide Li\u010dine Rami\u0107<\/strong> na Institutu za povijest, skuhali su kavu za sve i imali smo sjajnu raspravu o lokalnoj ekohistoriji. Ne romantiziram manjak sredstava, ali mi je super da ljudi od malo toga mogu napraviti puno. Tog se sjetim kad upadnem u samosa\u017ealjenje. Nadu mi daju i ljudi koji ne\u0161to pokrenu kad se \u010dini da se politi\u010dka klima pogor\u0161ava, ljudi iz povijesti koji su u bezizlaznoj i potla\u010denoj situaciji poku\u0161ali ne\u0161to promijeniti. Svoju zada\u0107u vidim u pronalasku takvih pri\u010da iz pro\u0161losti i radu na njihovoj vidljivosti.<\/p>\n<p><em>razgovor vodila Dunja Ku\u010dinac<\/em><\/p>\n","protected":false},"excerpt":{"rendered":"<p>Na jednom sam predstavljanju rekla publici &#8220;zamislite da meni sad faks da stan&#8221;. Svi su se po\u010deli smijati. U socijalizmu to nije bilo smije\u0161no. Mislim da otkrivanje ne\u010deg emancipatornog u pro\u0161losti kod ljudi mo\u017ee pokrenuti pitanja. Za\u0161to nam poslodavac ne bi dao stan? Za\u0161to ne bismo opet to imali?<\/p>\n","protected":false},"featured_media":5496,"template":"","tags":[173],"atribut":[],"class_list":["post-5499","nada","type-nada","status-publish","has-post-thumbnail","hentry","tag-intervju-2-hr"],"acf":[],"yoast_head":"<!-- This site is optimized with the Yoast SEO plugin v27.4 - https:\/\/yoast.com\/product\/yoast-seo-wordpress\/ -->\n<title>Lea Horvat: Kolektivno stanovanje ostaje slon u sobi - SDF - Srpski demokratski forum<\/title>\n<meta name=\"robots\" content=\"index, follow, max-snippet:-1, max-image-preview:large, max-video-preview:-1\" \/>\n<link rel=\"canonical\" href=\"https:\/\/sdf.hr\/hr\/nada\/lea-horvat-kolektivno-stanovanje-ostaje-slon-u-sobi\/\" \/>\n<meta property=\"og:locale\" content=\"hr_HR\" \/>\n<meta property=\"og:type\" content=\"article\" \/>\n<meta property=\"og:title\" content=\"Lea Horvat: Kolektivno stanovanje ostaje slon u sobi - SDF - Srpski demokratski forum\" \/>\n<meta property=\"og:description\" content=\"Na jednom sam predstavljanju rekla publici &quot;zamislite da meni sad faks da stan&quot;. Svi su se po\u010deli smijati. U socijalizmu to nije bilo smije\u0161no. Mislim da otkrivanje ne\u010deg emancipatornog u pro\u0161losti kod ljudi mo\u017ee pokrenuti pitanja. Za\u0161to nam poslodavac ne bi dao stan? Za\u0161to ne bismo opet to imali?\" \/>\n<meta property=\"og:url\" content=\"https:\/\/sdf.hr\/hr\/nada\/lea-horvat-kolektivno-stanovanje-ostaje-slon-u-sobi\/\" \/>\n<meta property=\"og:site_name\" content=\"SDF - Srpski demokratski forum\" \/>\n<meta property=\"article:modified_time\" content=\"2024-10-27T09:29:42+00:00\" \/>\n<meta property=\"og:image\" content=\"https:\/\/sdf.hr\/wp-content\/uploads\/2024\/10\/Horvat1-scaled.jpg\" \/>\n\t<meta property=\"og:image:width\" content=\"2560\" \/>\n\t<meta property=\"og:image:height\" content=\"2092\" \/>\n\t<meta property=\"og:image:type\" content=\"image\/jpeg\" \/>\n<meta name=\"twitter:card\" content=\"summary_large_image\" \/>\n<meta name=\"twitter:label1\" content=\"Procijenjeno vrijeme \u010ditanja\" \/>\n\t<meta name=\"twitter:data1\" content=\"13 minuta\" \/>\n<script type=\"application\/ld+json\" class=\"yoast-schema-graph\">{\"@context\":\"https:\\\/\\\/schema.org\",\"@graph\":[{\"@type\":\"WebPage\",\"@id\":\"https:\\\/\\\/sdf.hr\\\/hr\\\/nada\\\/lea-horvat-kolektivno-stanovanje-ostaje-slon-u-sobi\\\/\",\"url\":\"https:\\\/\\\/sdf.hr\\\/hr\\\/nada\\\/lea-horvat-kolektivno-stanovanje-ostaje-slon-u-sobi\\\/\",\"name\":\"Lea Horvat: Kolektivno stanovanje ostaje slon u sobi - SDF - Srpski demokratski forum\",\"isPartOf\":{\"@id\":\"https:\\\/\\\/sdf.hr\\\/#website\"},\"primaryImageOfPage\":{\"@id\":\"https:\\\/\\\/sdf.hr\\\/hr\\\/nada\\\/lea-horvat-kolektivno-stanovanje-ostaje-slon-u-sobi\\\/#primaryimage\"},\"image\":{\"@id\":\"https:\\\/\\\/sdf.hr\\\/hr\\\/nada\\\/lea-horvat-kolektivno-stanovanje-ostaje-slon-u-sobi\\\/#primaryimage\"},\"thumbnailUrl\":\"https:\\\/\\\/sdf.hr\\\/wp-content\\\/uploads\\\/2024\\\/10\\\/Horvat1-scaled.jpg\",\"datePublished\":\"2024-10-13T06:30:14+00:00\",\"dateModified\":\"2024-10-27T09:29:42+00:00\",\"breadcrumb\":{\"@id\":\"https:\\\/\\\/sdf.hr\\\/hr\\\/nada\\\/lea-horvat-kolektivno-stanovanje-ostaje-slon-u-sobi\\\/#breadcrumb\"},\"inLanguage\":\"hr\",\"potentialAction\":[{\"@type\":\"ReadAction\",\"target\":[\"https:\\\/\\\/sdf.hr\\\/hr\\\/nada\\\/lea-horvat-kolektivno-stanovanje-ostaje-slon-u-sobi\\\/\"]}]},{\"@type\":\"ImageObject\",\"inLanguage\":\"hr\",\"@id\":\"https:\\\/\\\/sdf.hr\\\/hr\\\/nada\\\/lea-horvat-kolektivno-stanovanje-ostaje-slon-u-sobi\\\/#primaryimage\",\"url\":\"https:\\\/\\\/sdf.hr\\\/wp-content\\\/uploads\\\/2024\\\/10\\\/Horvat1-scaled.jpg\",\"contentUrl\":\"https:\\\/\\\/sdf.hr\\\/wp-content\\\/uploads\\\/2024\\\/10\\\/Horvat1-scaled.jpg\",\"width\":2560,\"height\":2092,\"caption\":\"Lea Horvat (Foto: Melek \u00d6zdemir)\"},{\"@type\":\"BreadcrumbList\",\"@id\":\"https:\\\/\\\/sdf.hr\\\/hr\\\/nada\\\/lea-horvat-kolektivno-stanovanje-ostaje-slon-u-sobi\\\/#breadcrumb\",\"itemListElement\":[{\"@type\":\"ListItem\",\"position\":1,\"name\":\"Po\u010detna stranica\",\"item\":\"https:\\\/\\\/sdf.hr\\\/hr\\\/\"},{\"@type\":\"ListItem\",\"position\":2,\"name\":\"Nada\",\"item\":\"https:\\\/\\\/sdf.hr\\\/nada\\\/\"},{\"@type\":\"ListItem\",\"position\":3,\"name\":\"Lea Horvat: Kolektivno stanovanje ostaje slon u sobi\"}]},{\"@type\":\"WebSite\",\"@id\":\"https:\\\/\\\/sdf.hr\\\/#website\",\"url\":\"https:\\\/\\\/sdf.hr\\\/\",\"name\":\"SDF - Srpski demokratski forum\",\"description\":\"Srpski demokratski forum\",\"publisher\":{\"@id\":\"https:\\\/\\\/sdf.hr\\\/#organization\"},\"potentialAction\":[{\"@type\":\"SearchAction\",\"target\":{\"@type\":\"EntryPoint\",\"urlTemplate\":\"https:\\\/\\\/sdf.hr\\\/?s={search_term_string}\"},\"query-input\":{\"@type\":\"PropertyValueSpecification\",\"valueRequired\":true,\"valueName\":\"search_term_string\"}}],\"inLanguage\":\"hr\"},{\"@type\":\"Organization\",\"@id\":\"https:\\\/\\\/sdf.hr\\\/#organization\",\"name\":\"SDF - Srpski demokratski forum\",\"url\":\"https:\\\/\\\/sdf.hr\\\/\",\"logo\":{\"@type\":\"ImageObject\",\"inLanguage\":\"hr\",\"@id\":\"https:\\\/\\\/sdf.hr\\\/#\\\/schema\\\/logo\\\/image\\\/\",\"url\":\"https:\\\/\\\/sdf.hr\\\/wp-content\\\/uploads\\\/2021\\\/07\\\/logo-hr.svg\",\"contentUrl\":\"https:\\\/\\\/sdf.hr\\\/wp-content\\\/uploads\\\/2021\\\/07\\\/logo-hr.svg\",\"width\":271,\"height\":100,\"caption\":\"SDF - Srpski demokratski forum\"},\"image\":{\"@id\":\"https:\\\/\\\/sdf.hr\\\/#\\\/schema\\\/logo\\\/image\\\/\"}}]}<\/script>\n<!-- \/ Yoast SEO plugin. -->","yoast_head_json":{"title":"Lea Horvat: Kolektivno stanovanje ostaje slon u sobi - SDF - Srpski demokratski forum","robots":{"index":"index","follow":"follow","max-snippet":"max-snippet:-1","max-image-preview":"max-image-preview:large","max-video-preview":"max-video-preview:-1"},"canonical":"https:\/\/sdf.hr\/hr\/nada\/lea-horvat-kolektivno-stanovanje-ostaje-slon-u-sobi\/","og_locale":"hr_HR","og_type":"article","og_title":"Lea Horvat: Kolektivno stanovanje ostaje slon u sobi - SDF - Srpski demokratski forum","og_description":"Na jednom sam predstavljanju rekla publici \"zamislite da meni sad faks da stan\". Svi su se po\u010deli smijati. U socijalizmu to nije bilo smije\u0161no. Mislim da otkrivanje ne\u010deg emancipatornog u pro\u0161losti kod ljudi mo\u017ee pokrenuti pitanja. Za\u0161to nam poslodavac ne bi dao stan? Za\u0161to ne bismo opet to imali?","og_url":"https:\/\/sdf.hr\/hr\/nada\/lea-horvat-kolektivno-stanovanje-ostaje-slon-u-sobi\/","og_site_name":"SDF - Srpski demokratski forum","article_modified_time":"2024-10-27T09:29:42+00:00","og_image":[{"width":2560,"height":2092,"url":"https:\/\/sdf.hr\/wp-content\/uploads\/2024\/10\/Horvat1-scaled.jpg","type":"image\/jpeg"}],"twitter_card":"summary_large_image","twitter_misc":{"Procijenjeno vrijeme \u010ditanja":"13 minuta"},"schema":{"@context":"https:\/\/schema.org","@graph":[{"@type":"WebPage","@id":"https:\/\/sdf.hr\/hr\/nada\/lea-horvat-kolektivno-stanovanje-ostaje-slon-u-sobi\/","url":"https:\/\/sdf.hr\/hr\/nada\/lea-horvat-kolektivno-stanovanje-ostaje-slon-u-sobi\/","name":"Lea Horvat: Kolektivno stanovanje ostaje slon u sobi - SDF - Srpski demokratski forum","isPartOf":{"@id":"https:\/\/sdf.hr\/#website"},"primaryImageOfPage":{"@id":"https:\/\/sdf.hr\/hr\/nada\/lea-horvat-kolektivno-stanovanje-ostaje-slon-u-sobi\/#primaryimage"},"image":{"@id":"https:\/\/sdf.hr\/hr\/nada\/lea-horvat-kolektivno-stanovanje-ostaje-slon-u-sobi\/#primaryimage"},"thumbnailUrl":"https:\/\/sdf.hr\/wp-content\/uploads\/2024\/10\/Horvat1-scaled.jpg","datePublished":"2024-10-13T06:30:14+00:00","dateModified":"2024-10-27T09:29:42+00:00","breadcrumb":{"@id":"https:\/\/sdf.hr\/hr\/nada\/lea-horvat-kolektivno-stanovanje-ostaje-slon-u-sobi\/#breadcrumb"},"inLanguage":"hr","potentialAction":[{"@type":"ReadAction","target":["https:\/\/sdf.hr\/hr\/nada\/lea-horvat-kolektivno-stanovanje-ostaje-slon-u-sobi\/"]}]},{"@type":"ImageObject","inLanguage":"hr","@id":"https:\/\/sdf.hr\/hr\/nada\/lea-horvat-kolektivno-stanovanje-ostaje-slon-u-sobi\/#primaryimage","url":"https:\/\/sdf.hr\/wp-content\/uploads\/2024\/10\/Horvat1-scaled.jpg","contentUrl":"https:\/\/sdf.hr\/wp-content\/uploads\/2024\/10\/Horvat1-scaled.jpg","width":2560,"height":2092,"caption":"Lea Horvat (Foto: Melek \u00d6zdemir)"},{"@type":"BreadcrumbList","@id":"https:\/\/sdf.hr\/hr\/nada\/lea-horvat-kolektivno-stanovanje-ostaje-slon-u-sobi\/#breadcrumb","itemListElement":[{"@type":"ListItem","position":1,"name":"Po\u010detna stranica","item":"https:\/\/sdf.hr\/hr\/"},{"@type":"ListItem","position":2,"name":"Nada","item":"https:\/\/sdf.hr\/nada\/"},{"@type":"ListItem","position":3,"name":"Lea Horvat: Kolektivno stanovanje ostaje slon u sobi"}]},{"@type":"WebSite","@id":"https:\/\/sdf.hr\/#website","url":"https:\/\/sdf.hr\/","name":"SDF - Srpski demokratski forum","description":"Srpski demokratski forum","publisher":{"@id":"https:\/\/sdf.hr\/#organization"},"potentialAction":[{"@type":"SearchAction","target":{"@type":"EntryPoint","urlTemplate":"https:\/\/sdf.hr\/?s={search_term_string}"},"query-input":{"@type":"PropertyValueSpecification","valueRequired":true,"valueName":"search_term_string"}}],"inLanguage":"hr"},{"@type":"Organization","@id":"https:\/\/sdf.hr\/#organization","name":"SDF - Srpski demokratski forum","url":"https:\/\/sdf.hr\/","logo":{"@type":"ImageObject","inLanguage":"hr","@id":"https:\/\/sdf.hr\/#\/schema\/logo\/image\/","url":"https:\/\/sdf.hr\/wp-content\/uploads\/2021\/07\/logo-hr.svg","contentUrl":"https:\/\/sdf.hr\/wp-content\/uploads\/2021\/07\/logo-hr.svg","width":271,"height":100,"caption":"SDF - Srpski demokratski forum"},"image":{"@id":"https:\/\/sdf.hr\/#\/schema\/logo\/image\/"}}]}},"_links":{"self":[{"href":"https:\/\/sdf.hr\/hr\/wp-json\/wp\/v2\/nada\/5499","targetHints":{"allow":["GET"]}}],"collection":[{"href":"https:\/\/sdf.hr\/hr\/wp-json\/wp\/v2\/nada"}],"about":[{"href":"https:\/\/sdf.hr\/hr\/wp-json\/wp\/v2\/types\/nada"}],"wp:featuredmedia":[{"embeddable":true,"href":"https:\/\/sdf.hr\/hr\/wp-json\/wp\/v2\/media\/5496"}],"wp:attachment":[{"href":"https:\/\/sdf.hr\/hr\/wp-json\/wp\/v2\/media?parent=5499"}],"wp:term":[{"taxonomy":"post_tag","embeddable":true,"href":"https:\/\/sdf.hr\/hr\/wp-json\/wp\/v2\/tags?post=5499"},{"taxonomy":"atribut","embeddable":true,"href":"https:\/\/sdf.hr\/hr\/wp-json\/wp\/v2\/atribut?post=5499"}],"curies":[{"name":"wp","href":"https:\/\/api.w.org\/{rel}","templated":true}]}}