{"id":5506,"date":"2024-10-15T12:28:36","date_gmt":"2024-10-15T10:28:36","guid":{"rendered":"https:\/\/sdf.hr\/nada\/gdje-su-danas-pisonja-i-zuga\/"},"modified":"2024-10-15T12:29:23","modified_gmt":"2024-10-15T10:29:23","slug":"gdje-su-danas-pisonja-i-zuga","status":"publish","type":"nada","link":"https:\/\/sdf.hr\/hr\/nada\/gdje-su-danas-pisonja-i-zuga\/","title":{"rendered":"Gdje su danas Pi\u0161onja i \u017duga"},"content":{"rendered":"<p>Bilo je to pred po\u010detak ratova 1990-ih. Mjesto doga\u0111aja bio je jedan, po svemu sude\u0107i ro\u0111endanski tulum \u010detrnaestogodi\u0161njaka u jednom gradi\u0107u na moru, i netko je odjednom, da pokrene valjda ve\u0107 pomalo uspavane klince, pustio kasetu s pjesmom koja je kod dvojice prijatelja s proslave izazvala instant reakciju odu\u0161evljenja. Glas koji se prolamao ispod brzovoze\u0107e gitarske linije bio je pomalo mangupski, pankerski uzvikuju\u0107i: &#8220;Dobit \u0107ete razglednicu iz afri\u010dke zemlje, safari, zbogom \u017eohari&#8230; Pi\u0161onja i \u017duga, dva vjerna druga.&#8221; \u010citav \u017eivot kasnije, ove 2024. godine, jedan od ta dva nekada\u0161nja prijatelja doznat \u0107e pozadinu istinite pri\u010de iz navedene pjesme &#8220;Balada o Pi\u0161onji i \u017dugi&#8221;, kao i njezin epilog: rije\u010d je bila o dva sarajevska mangupa sedamnaesetogodi\u0161njaka iz 1980-ih. Imali su navadu ukrasti autobus s parkirali\u0161ta jedne firme, koji se tad palio na dugme (starter), pa se njime u gluho doba provozati pustim ulicama i pokupiti usput ako treba koga poznatog: &#8220;Hajde upadaj.&#8221; Po\u010detkom 1990-ih, Pi\u0161onja se prijavio u rat, ratovao prvo u Hrvatskoj, a kasnije sudjelovao i u obrani Sarajeva. Poginuo je 1992. u gradskom naselju Azi\u0107i. \u017duga je pak rat proveo u Metkovi\u0107u, obitelj mu je bila odande. Malo prije progla\u0161enja pandemije korona virusa do\u0161ao je u Sarajevo da susretne dru\u0161tvo i do\u017eivio sr\u010dani udar \u2013 na parkirali\u0161tu. Na mjestu gdje je sve po\u010delo.<\/p>\n<p>Jedna je to od brojnih pomalo neobi\u010dnih, pa i bizarnih, melankoli\u010dnih, gorkih i slatkih storija, preto\u010denih u rok pjesme koje mo\u017eemo pro\u010ditati u knjizi &#8220;Pamtim to kao da je bilo danas&#8221; (Buybook, Sarajevo \/ Zagreb 2024.), a \u010dija nam zna\u010denja pribli\u017eava <strong>Davor Su\u010di\u0107<\/strong>, poznatiji kao Sejo Sexon, autor tih pjesama, osniva\u010d i gitarist sarajevskog Zabranjenog pu\u0161enja. Bend se raspao i prije po\u010detka rata u BiH, ali ga je Sejo obnovio i od druge polovice 1990-ih radi i stvara nove albume u Zagrebu.<\/p>\n<p>Sejina kazivanja o pjesmama, politici, ljudima i \u017eivotu, kao aktivni sugovornik u knjizi bilje\u017ei poznati sarajevski novinar i osniva\u010d Media Centra <strong>Boro Konti\u0107<\/strong>, ina\u010de inicijator imena kultne emisije &#8220;Top lista nadrealista&#8221; i aktivni sudionik umjetni\u010dke scene s po\u010detka 1980-ih, poznate u Sarajevu i tada\u0161njoj Jugoslaviji kao Novi primitivizam. Tristotinjak stranica voze nas Boro i Sejo pripovijedaju\u0107i o pjesmama i albumima Zabranjenog pu\u0161enja, onog prijeratnog i ovog poslijeratnog, dok na tim stranicama skiciraju biografske pri\u010dice o ljudima iz oba vremena. Pritom Sejo kao pouzdani frontmen nekad i sad, ni u jednom trenutku ne bje\u017ei od politike, \u0161tovi\u0161e, njegov jasno profiliran klasni i politi\u010dki stav imponira dubljim i preciznim uvidom u ova na\u0161a posttranzicijska dru\u0161tva i njihove poreme\u0107ene vrijednosti.<\/p>\n<p>Ove se godine navr\u0161ilo punih 40 godina od objavljivanja albuma &#8220;Das ist Walter&#8221;, kada su klinci s Ko\u0161eva svojim pankerskim stavom i tekstovima zainteresirali muzi\u010dku javnost. U tom sarajevskom kvartu sve je po\u010delo, s onodobnog kraja grada, gdje prema Sejinom kazivanju s jedne strane ulice &#8220;stanuju djevoj\u010dice kojima miri\u0161e ko\u017ea&#8221; (opjevane na drugom albumu benda), dok s druge strane ulice po\u010dinje selo. Govore\u0107i o glazbenim uzorima Sejo navodi uz Azru i pankere The Clash, zatim zbog politi\u010dke poetike <strong>Boba Marleya<\/strong>, <strong>Boba<\/strong> <strong>Dylana<\/strong> i <strong>Bruca Springsteena<\/strong>.<\/p>\n<figure id=\"attachment_5504\" aria-describedby=\"caption-attachment-5504\" style=\"width: 2560px\" class=\"wp-caption alignnone\"><img loading=\"lazy\" decoding=\"async\" class=\"wp-image-5504 size-full\" src=\"https:\/\/sdf.hr\/wp-content\/uploads\/2024\/10\/Sejo-i-Boro_Neva-Zganec-scaled.jpg\" alt=\"\" width=\"2560\" height=\"1707\" srcset=\"https:\/\/sdf.hr\/wp-content\/uploads\/2024\/10\/Sejo-i-Boro_Neva-Zganec-scaled.jpg 2560w, https:\/\/sdf.hr\/wp-content\/uploads\/2024\/10\/Sejo-i-Boro_Neva-Zganec-300x200.jpg 300w, https:\/\/sdf.hr\/wp-content\/uploads\/2024\/10\/Sejo-i-Boro_Neva-Zganec-1024x683.jpg 1024w, https:\/\/sdf.hr\/wp-content\/uploads\/2024\/10\/Sejo-i-Boro_Neva-Zganec-768x512.jpg 768w, https:\/\/sdf.hr\/wp-content\/uploads\/2024\/10\/Sejo-i-Boro_Neva-Zganec-1536x1024.jpg 1536w, https:\/\/sdf.hr\/wp-content\/uploads\/2024\/10\/Sejo-i-Boro_Neva-Zganec-2048x1365.jpg 2048w\" sizes=\"auto, (max-width: 2560px) 100vw, 2560px\" \/><figcaption id=\"caption-attachment-5504\" class=\"wp-caption-text\">Sejo Sexon i Boro Konti\u0107 (Foto: Neva \u017dganec\/PIXSELL)<\/figcaption><\/figure>\n<p>Zanimljiviji dio knjige razgovora \u2013 vo\u0111enih od septembra 2023. do marta 2024. \u2013 ti\u010de se i poznate afere u glazbenim krugovima &#8220;Crko Mar\u0161al&#8221;. Bend je dospio na no\u017e javnosti jer je <strong>Nele Karajli\u0107<\/strong>, pjeva\u010d Pu\u0161enja, na jednom koncertu u Rijeci uzviknuo upravo tako, aludiraju\u0107i na poja\u010dalo koje je otkazalo poslu\u0161nost. &#8220;Crko Mar\u0161al&#8217;, a mar\u0161al je mogao biti samo \u2013 Tito. &#8220;Pritom smo i mi na svom primjeru &#8216;slu\u010daja Mar\u0161al&#8217; iskusili politi\u010dku opresiju i paranoju&#8221;, kazuje u knjizi Sejo.<\/p>\n<p>Nakon toga otkazani su im svi koncerti, nitko ih nije zvao, mediji su ih anatemizirali. Premda su malo prije toga snimili i odli\u010dan drugi album &#8220;Dok \u010deka\u0161 sabah sa \u0161ejtanom&#8221; (1985.) on se nije reklamirao i tako se slabo prodavao. Pomogao im je u kriti\u010dnom trenutku redatelj <strong>Emir Kusturica<\/strong>, dobitnik Zlatne palme u Cannesu 1985. za film &#8220;Otac na slu\u017ebenom putu&#8221;. Postao je ni vi\u0161e ni manje nego basist Zabranjenog pu\u0161enja, pojavio se s njima na bini, &#8220;otopio led&#8221; oko grupe. Sejo pak u svojim razmi\u0161ljanjima o umjetnosti konstatira da &#8220;muzika i umjetnost, neprimjetno, malim koracima pomjeraju doga\u0111aje i ljude&#8221; i ka\u017ee da ne mo\u017ee vjerovati da &#8220;sva ta dobra muzika, filmovi, knjige, ne\u0107e barem malo civilizirati i uzdi\u0107i na\u0161a dru\u0161tva&#8221;.<\/p>\n<p>Zapravo, pitanje je koliko je doista bilo tako. Drugi dio knjige odnosi se na poslijeratno djelovanje grupe gdje se tako\u0111er vodi razgovor o pjesmama, ali i vi\u0161e od toga. Saznaje se pone\u0161to i o Sejinim obiteljskim vezama, primjerice to da je njegov otac <strong>Ratimir<\/strong> tako\u0111er bio muzi\u010dar ili to da je nakon preseljenja u Zagreb upoznao suprugu, fotografkinju <strong>Sa\u0161u Mid\u017eor Su\u010di\u0107<\/strong>. \u010citamo filmsku pri\u010du o snimanju &#8220;Top liste nadrealista&#8221;, emisije koja je putem ske\u010da, gega, humora, upozorila na rat i raspad dr\u017eave, a snimala se i u opkoljenom Sarajevu u kojem je Sejo pro\u017eivio cijeli rat i \u010dak bio ranjen. &#8220;Top lista&#8221; ostaje zasebna literarna tema.<\/p>\n<p>Fanove Zabranjenog pu\u0161enja zanimat \u0107e i odnos Seje s prijeratnim suborcem iz grupe, pjeva\u010dem i koautorom nekih pjesama <strong>Nenadom Jankovi\u0107em<\/strong> \u2013 Neletom koji je Sarajevo napustio uo\u010di rata 1992. Sejo je Neletu zamjerio \u0161to je prodao Televiziji Srbije njegove pjesme kao vlastito djelo. &#8220;Fonografska prava su prodana u Srbiji na Neletovo ime. To je bio kraj. Prevario je ljude koji su stvarali taj bend&#8221;, ka\u017ee u knjizi Sejo. &#8220;Uza sve to \u0161to mi se desilo, njegovi nastupi su bili krajnje negativni. Prema gradu, ljudima, pro\u0161losti, \u017ertvama&#8221;, zaklju\u010duje Sejo Sexon.<\/p>\n<p>Lijepo je, idu\u0107i prema kraju, primijetiti na stranicama knjige toliko osjetljivosti za dru\u0161tvene teme i toliko nedvosmislene anga\u017eiranosti Seje koji je nedavno nastupio i na humanitarnom koncertu u Zagrebu za Gazu. Autorov stav, a Sejo je ovdje ipak glavni protagonist knjige, u zaklju\u010dku je sljede\u0107i: &#8220;Kad se malo promisli, sve se ovo moglo i o\u010dekivati. Sve se to vidjelo u ratu. I karijerizam, i profiterstvo, i negativna selekcija, i guranje ne\u0161kolovanih i nepismenih ljudi (&#8230;) Ja to vi\u0161e ne vidim samo kao plod politike i sistema. To je danas vi\u0161e produkt mentaliteta, i to svih naroda koji ovdje \u017eive. Jednostavno, predugo je trajalo to ispiranje mozga i obaranje kriterija. Utoliko je na\u0161 zadatak te\u017ei.&#8221;<\/p>\n<p><em>pi\u0161e Dragan Grozdani\u0107<\/em><\/p>\n","protected":false},"excerpt":{"rendered":"<p>Kazivanja frontmena Zabranjenog pu\u0161enja Seje Sexona o pjesmama, politici, ljudima i \u017eivotu, kao aktivni sugovornik u knjizi &#8220;Pamtim to kao da je bilo danas&#8221; bilje\u017ei poznati sarajevski novinar Boro Konti\u0107<\/p>\n","protected":false},"featured_media":5503,"template":"","tags":[179],"atribut":[],"class_list":["post-5506","nada","type-nada","status-publish","has-post-thumbnail","hentry","tag-knjiga-hr"],"acf":[],"yoast_head":"<!-- This site is optimized with the Yoast SEO plugin v27.4 - https:\/\/yoast.com\/product\/yoast-seo-wordpress\/ -->\n<title>Gdje su danas Pi\u0161onja i \u017duga - SDF - Srpski demokratski forum<\/title>\n<meta name=\"robots\" content=\"index, follow, max-snippet:-1, max-image-preview:large, max-video-preview:-1\" \/>\n<link rel=\"canonical\" href=\"https:\/\/sdf.hr\/hr\/nada\/gdje-su-danas-pisonja-i-zuga\/\" \/>\n<meta property=\"og:locale\" content=\"hr_HR\" \/>\n<meta property=\"og:type\" content=\"article\" \/>\n<meta property=\"og:title\" content=\"Gdje su danas Pi\u0161onja i \u017duga - SDF - Srpski demokratski forum\" \/>\n<meta property=\"og:description\" content=\"Kazivanja frontmena Zabranjenog pu\u0161enja Seje Sexona o pjesmama, politici, ljudima i \u017eivotu, kao aktivni sugovornik u knjizi &quot;Pamtim to kao da je bilo danas&quot; bilje\u017ei poznati sarajevski novinar Boro Konti\u0107\" \/>\n<meta property=\"og:url\" content=\"https:\/\/sdf.hr\/hr\/nada\/gdje-su-danas-pisonja-i-zuga\/\" \/>\n<meta property=\"og:site_name\" content=\"SDF - Srpski demokratski forum\" \/>\n<meta property=\"article:modified_time\" content=\"2024-10-15T10:29:23+00:00\" \/>\n<meta property=\"og:image\" content=\"https:\/\/sdf.hr\/wp-content\/uploads\/2024\/10\/Naslovnica-knjige.jpg\" \/>\n\t<meta property=\"og:image:width\" content=\"1080\" \/>\n\t<meta property=\"og:image:height\" content=\"1080\" \/>\n\t<meta property=\"og:image:type\" content=\"image\/jpeg\" \/>\n<meta name=\"twitter:card\" content=\"summary_large_image\" \/>\n<meta name=\"twitter:label1\" content=\"Procijenjeno vrijeme \u010ditanja\" \/>\n\t<meta name=\"twitter:data1\" content=\"6 minuta\" \/>\n<script type=\"application\/ld+json\" class=\"yoast-schema-graph\">{\"@context\":\"https:\\\/\\\/schema.org\",\"@graph\":[{\"@type\":\"WebPage\",\"@id\":\"https:\\\/\\\/sdf.hr\\\/hr\\\/nada\\\/gdje-su-danas-pisonja-i-zuga\\\/\",\"url\":\"https:\\\/\\\/sdf.hr\\\/hr\\\/nada\\\/gdje-su-danas-pisonja-i-zuga\\\/\",\"name\":\"Gdje su danas Pi\u0161onja i \u017duga - SDF - Srpski demokratski forum\",\"isPartOf\":{\"@id\":\"https:\\\/\\\/sdf.hr\\\/#website\"},\"primaryImageOfPage\":{\"@id\":\"https:\\\/\\\/sdf.hr\\\/hr\\\/nada\\\/gdje-su-danas-pisonja-i-zuga\\\/#primaryimage\"},\"image\":{\"@id\":\"https:\\\/\\\/sdf.hr\\\/hr\\\/nada\\\/gdje-su-danas-pisonja-i-zuga\\\/#primaryimage\"},\"thumbnailUrl\":\"https:\\\/\\\/sdf.hr\\\/wp-content\\\/uploads\\\/2024\\\/10\\\/Naslovnica-knjige.jpg\",\"datePublished\":\"2024-10-15T10:28:36+00:00\",\"dateModified\":\"2024-10-15T10:29:23+00:00\",\"breadcrumb\":{\"@id\":\"https:\\\/\\\/sdf.hr\\\/hr\\\/nada\\\/gdje-su-danas-pisonja-i-zuga\\\/#breadcrumb\"},\"inLanguage\":\"hr\",\"potentialAction\":[{\"@type\":\"ReadAction\",\"target\":[\"https:\\\/\\\/sdf.hr\\\/hr\\\/nada\\\/gdje-su-danas-pisonja-i-zuga\\\/\"]}]},{\"@type\":\"ImageObject\",\"inLanguage\":\"hr\",\"@id\":\"https:\\\/\\\/sdf.hr\\\/hr\\\/nada\\\/gdje-su-danas-pisonja-i-zuga\\\/#primaryimage\",\"url\":\"https:\\\/\\\/sdf.hr\\\/wp-content\\\/uploads\\\/2024\\\/10\\\/Naslovnica-knjige.jpg\",\"contentUrl\":\"https:\\\/\\\/sdf.hr\\\/wp-content\\\/uploads\\\/2024\\\/10\\\/Naslovnica-knjige.jpg\",\"width\":1080,\"height\":1080},{\"@type\":\"BreadcrumbList\",\"@id\":\"https:\\\/\\\/sdf.hr\\\/hr\\\/nada\\\/gdje-su-danas-pisonja-i-zuga\\\/#breadcrumb\",\"itemListElement\":[{\"@type\":\"ListItem\",\"position\":1,\"name\":\"Po\u010detna stranica\",\"item\":\"https:\\\/\\\/sdf.hr\\\/hr\\\/\"},{\"@type\":\"ListItem\",\"position\":2,\"name\":\"Nada\",\"item\":\"https:\\\/\\\/sdf.hr\\\/nada\\\/\"},{\"@type\":\"ListItem\",\"position\":3,\"name\":\"Gdje su danas Pi\u0161onja i \u017duga\"}]},{\"@type\":\"WebSite\",\"@id\":\"https:\\\/\\\/sdf.hr\\\/#website\",\"url\":\"https:\\\/\\\/sdf.hr\\\/\",\"name\":\"SDF - Srpski demokratski forum\",\"description\":\"Srpski demokratski forum\",\"publisher\":{\"@id\":\"https:\\\/\\\/sdf.hr\\\/#organization\"},\"potentialAction\":[{\"@type\":\"SearchAction\",\"target\":{\"@type\":\"EntryPoint\",\"urlTemplate\":\"https:\\\/\\\/sdf.hr\\\/?s={search_term_string}\"},\"query-input\":{\"@type\":\"PropertyValueSpecification\",\"valueRequired\":true,\"valueName\":\"search_term_string\"}}],\"inLanguage\":\"hr\"},{\"@type\":\"Organization\",\"@id\":\"https:\\\/\\\/sdf.hr\\\/#organization\",\"name\":\"SDF - Srpski demokratski forum\",\"url\":\"https:\\\/\\\/sdf.hr\\\/\",\"logo\":{\"@type\":\"ImageObject\",\"inLanguage\":\"hr\",\"@id\":\"https:\\\/\\\/sdf.hr\\\/#\\\/schema\\\/logo\\\/image\\\/\",\"url\":\"https:\\\/\\\/sdf.hr\\\/wp-content\\\/uploads\\\/2021\\\/07\\\/logo-hr.svg\",\"contentUrl\":\"https:\\\/\\\/sdf.hr\\\/wp-content\\\/uploads\\\/2021\\\/07\\\/logo-hr.svg\",\"width\":271,\"height\":100,\"caption\":\"SDF - Srpski demokratski forum\"},\"image\":{\"@id\":\"https:\\\/\\\/sdf.hr\\\/#\\\/schema\\\/logo\\\/image\\\/\"}}]}<\/script>\n<!-- \/ Yoast SEO plugin. -->","yoast_head_json":{"title":"Gdje su danas Pi\u0161onja i \u017duga - SDF - Srpski demokratski forum","robots":{"index":"index","follow":"follow","max-snippet":"max-snippet:-1","max-image-preview":"max-image-preview:large","max-video-preview":"max-video-preview:-1"},"canonical":"https:\/\/sdf.hr\/hr\/nada\/gdje-su-danas-pisonja-i-zuga\/","og_locale":"hr_HR","og_type":"article","og_title":"Gdje su danas Pi\u0161onja i \u017duga - SDF - Srpski demokratski forum","og_description":"Kazivanja frontmena Zabranjenog pu\u0161enja Seje Sexona o pjesmama, politici, ljudima i \u017eivotu, kao aktivni sugovornik u knjizi \"Pamtim to kao da je bilo danas\" bilje\u017ei poznati sarajevski novinar Boro Konti\u0107","og_url":"https:\/\/sdf.hr\/hr\/nada\/gdje-su-danas-pisonja-i-zuga\/","og_site_name":"SDF - Srpski demokratski forum","article_modified_time":"2024-10-15T10:29:23+00:00","og_image":[{"width":1080,"height":1080,"url":"https:\/\/sdf.hr\/wp-content\/uploads\/2024\/10\/Naslovnica-knjige.jpg","type":"image\/jpeg"}],"twitter_card":"summary_large_image","twitter_misc":{"Procijenjeno vrijeme \u010ditanja":"6 minuta"},"schema":{"@context":"https:\/\/schema.org","@graph":[{"@type":"WebPage","@id":"https:\/\/sdf.hr\/hr\/nada\/gdje-su-danas-pisonja-i-zuga\/","url":"https:\/\/sdf.hr\/hr\/nada\/gdje-su-danas-pisonja-i-zuga\/","name":"Gdje su danas Pi\u0161onja i \u017duga - SDF - Srpski demokratski forum","isPartOf":{"@id":"https:\/\/sdf.hr\/#website"},"primaryImageOfPage":{"@id":"https:\/\/sdf.hr\/hr\/nada\/gdje-su-danas-pisonja-i-zuga\/#primaryimage"},"image":{"@id":"https:\/\/sdf.hr\/hr\/nada\/gdje-su-danas-pisonja-i-zuga\/#primaryimage"},"thumbnailUrl":"https:\/\/sdf.hr\/wp-content\/uploads\/2024\/10\/Naslovnica-knjige.jpg","datePublished":"2024-10-15T10:28:36+00:00","dateModified":"2024-10-15T10:29:23+00:00","breadcrumb":{"@id":"https:\/\/sdf.hr\/hr\/nada\/gdje-su-danas-pisonja-i-zuga\/#breadcrumb"},"inLanguage":"hr","potentialAction":[{"@type":"ReadAction","target":["https:\/\/sdf.hr\/hr\/nada\/gdje-su-danas-pisonja-i-zuga\/"]}]},{"@type":"ImageObject","inLanguage":"hr","@id":"https:\/\/sdf.hr\/hr\/nada\/gdje-su-danas-pisonja-i-zuga\/#primaryimage","url":"https:\/\/sdf.hr\/wp-content\/uploads\/2024\/10\/Naslovnica-knjige.jpg","contentUrl":"https:\/\/sdf.hr\/wp-content\/uploads\/2024\/10\/Naslovnica-knjige.jpg","width":1080,"height":1080},{"@type":"BreadcrumbList","@id":"https:\/\/sdf.hr\/hr\/nada\/gdje-su-danas-pisonja-i-zuga\/#breadcrumb","itemListElement":[{"@type":"ListItem","position":1,"name":"Po\u010detna stranica","item":"https:\/\/sdf.hr\/hr\/"},{"@type":"ListItem","position":2,"name":"Nada","item":"https:\/\/sdf.hr\/nada\/"},{"@type":"ListItem","position":3,"name":"Gdje su danas Pi\u0161onja i \u017duga"}]},{"@type":"WebSite","@id":"https:\/\/sdf.hr\/#website","url":"https:\/\/sdf.hr\/","name":"SDF - Srpski demokratski forum","description":"Srpski demokratski forum","publisher":{"@id":"https:\/\/sdf.hr\/#organization"},"potentialAction":[{"@type":"SearchAction","target":{"@type":"EntryPoint","urlTemplate":"https:\/\/sdf.hr\/?s={search_term_string}"},"query-input":{"@type":"PropertyValueSpecification","valueRequired":true,"valueName":"search_term_string"}}],"inLanguage":"hr"},{"@type":"Organization","@id":"https:\/\/sdf.hr\/#organization","name":"SDF - Srpski demokratski forum","url":"https:\/\/sdf.hr\/","logo":{"@type":"ImageObject","inLanguage":"hr","@id":"https:\/\/sdf.hr\/#\/schema\/logo\/image\/","url":"https:\/\/sdf.hr\/wp-content\/uploads\/2021\/07\/logo-hr.svg","contentUrl":"https:\/\/sdf.hr\/wp-content\/uploads\/2021\/07\/logo-hr.svg","width":271,"height":100,"caption":"SDF - Srpski demokratski forum"},"image":{"@id":"https:\/\/sdf.hr\/#\/schema\/logo\/image\/"}}]}},"_links":{"self":[{"href":"https:\/\/sdf.hr\/hr\/wp-json\/wp\/v2\/nada\/5506","targetHints":{"allow":["GET"]}}],"collection":[{"href":"https:\/\/sdf.hr\/hr\/wp-json\/wp\/v2\/nada"}],"about":[{"href":"https:\/\/sdf.hr\/hr\/wp-json\/wp\/v2\/types\/nada"}],"wp:featuredmedia":[{"embeddable":true,"href":"https:\/\/sdf.hr\/hr\/wp-json\/wp\/v2\/media\/5503"}],"wp:attachment":[{"href":"https:\/\/sdf.hr\/hr\/wp-json\/wp\/v2\/media?parent=5506"}],"wp:term":[{"taxonomy":"post_tag","embeddable":true,"href":"https:\/\/sdf.hr\/hr\/wp-json\/wp\/v2\/tags?post=5506"},{"taxonomy":"atribut","embeddable":true,"href":"https:\/\/sdf.hr\/hr\/wp-json\/wp\/v2\/atribut?post=5506"}],"curies":[{"name":"wp","href":"https:\/\/api.w.org\/{rel}","templated":true}]}}