{"id":5525,"date":"2024-10-20T08:00:45","date_gmt":"2024-10-20T06:00:45","guid":{"rendered":"https:\/\/sdf.hr\/nada\/jecmena-kasa-s-bundevom-i-vrganjima\/"},"modified":"2024-10-20T08:03:59","modified_gmt":"2024-10-20T06:03:59","slug":"jecmena-kasa-s-bundevom-i-vrganjima","status":"publish","type":"nada","link":"https:\/\/sdf.hr\/hr\/nada\/jecmena-kasa-s-bundevom-i-vrganjima\/","title":{"rendered":"Je\u010dmena ka\u0161a s bundevom i vrganjima"},"content":{"rendered":"<p>Kada pomislim na jesen u tanjuru, uvijek su tu bundeve i gljive. Te dvije namirnice donose one prave jesenske okuse i boje pa sam ih sljubila u toplo jelo &#8220;na \u017elicu&#8221; s je\u010dmom i puno povr\u0107a. Je\u010dmena ka\u0161a s bundevom i vrganjima je jelo koje sam pripremala na na\u0161oj manifestaciji posve\u0107enoj bundevi, Bundevijadi u Vrbovskom. Ovo krepko, jesensko jelo je zamirisalo cijelu sportsku dvoranu u kojoj se odr\u017eava Bundevijada, a brojni posjetitelji koji su ku\u0161ali, bili su puni rije\u010di hvale. Vjerujte, je\u010dam, bundeva i vrganji se idealno ljube u ovoj rapsodiji okusa. Jelo sam obogatila slaninom i kobasicama, a koristila sam i ve\u010der prije namo\u010deni je\u010dam, svje\u017ee korjenasto povr\u0107e, hokaido tikvu, konzervirani slanutak, grah i raj\u010dicu. Ono \u0161to svakako preporu\u010dujem kod kuhanja ovog jela je \u010desto mije\u0161anje jer \u0107e time jelo postati kremasto.<\/p>\n<p>&nbsp;<\/p>\n<p><strong><em>Sastojci (za 4 osobe):<\/em><\/strong><\/p>\n<p>ulje ili svinjska mast<\/p>\n<p>100 g dimljenog \u0161peka te 2 do 3 dimljene kobasice<\/p>\n<p>1 i pol \u0161alica namo\u010denog je\u010dma (\u0161alica od 250 ml)<\/p>\n<p>2 srednje glavice luka i 2 re\u017enja \u010de\u0161njaka<\/p>\n<p>\u010detvrt glavice korijena celera (ili pola manje)<\/p>\n<p>3 do 4 mrkve i 1 jabuka<\/p>\n<p>pola manje hokaido tikve (mo\u017ee i mu\u0161katna)<\/p>\n<p>po 1 mala limenka slanutka, crvenog i bijelog graha<\/p>\n<p>pola male limenke pelat sjeckane raj\u010dice (ili 1 velika svje\u017ea raj\u010dica oguljena i nasjeckana)<\/p>\n<p>100 g vrganja (mo\u017ee i zale\u0111enih ili 2 do 3 \u0161ake suhih koje je potrebno namo\u010diti)<\/p>\n<p>sol i papar<\/p>\n<p>\u017eli\u010dica mljevene slatke paprike<\/p>\n<p>malo ljutog mljevenog \u010dilija (opcionalno)<\/p>\n<p>1 dl bijelog vina<\/p>\n<p>suha maj\u010dina du\u0161ica i list per\u0161ina<\/p>\n<p>sjemenke bundeve i bu\u010dino ulje<\/p>\n<p>&nbsp;<\/p>\n<p><strong><em>Priprema:<\/em><\/strong><\/p>\n<p>Nasjeckajte luk, \u0161pek, korjenasto povr\u0107e i tikvu (hokaido ne morate guliti, kuha se s korom pa je samo operite i o\u010distite od sjemenki). U zagrijanu posudu za kuhanje stavite nasjeckan \u0161pek i kratko ga popr\u017eite. Dodajte masno\u0107u (ovisno koliko je \u0161pek pustio svoje masno\u0107e) i stavite nasjeckani luk. Popr\u017eite luk do zlatno\u017eute boje pa mu dodajte protisnuti \u010de\u0161njak. \u010cim \u010de\u0161njak zamiri\u0161i, dodajte nasjeckanu mrkvu i korijen celera i hokaido tikvu te sve mije\u0161ajte dok se lagano ne popr\u017ei. Mo\u017eete doliti malo vode.<\/p>\n<p>Zatim dodajte namo\u010deni je\u010dam i mije\u0161ajte dok se ne oblo\u017ei povr\u0107em. Dolijte bijelo vino pa kratko prodinstajte uz mije\u0161anje dok alkohol ne ispari. Dolijte vode (ili temeljca) koliko je potrebno da sastojci budu prekriveni i neka lagano kr\u010dka uz povremeno mije\u0161anje. Kada je povr\u0107e malo omek\u0161alo, dodajte kobasice narezane na koluti\u0107e i stavite sastojke iz limenke (slanutak, obje vrste graha te pelat sjeckanu raj\u010dicu). Sada je varivo ve\u0107 gusto pa je potrebno \u010desto mije\u0161ati. Ukoliko volite rje\u0111e, dodajte jo\u0161 vode. Ogulite i sitno nasjeckajte jabuku pa dodajte u varivo i na kraju stavite vrganje. Kuhajte jo\u0161 15 do 20 minuta.<\/p>\n<p>Za\u010dinite jelo s mljevenom paprikom i stavite malo \u010dilija ako volite pikantno. Na kraju posolite i popaprite pa pospite nasjeckanim listom per\u0161ina. Poslu\u017eite posuto bu\u010dinim sjemenkama i s malo bu\u010dinog ulja po vrhu.<\/p>\n<p>Dobar tek!<\/p>\n<p><em>pi\u0161e Valentina Vukadinovi\u0107<\/em><\/p>\n","protected":false},"excerpt":{"rendered":"<p>Je\u010dam, bundeva i vrganji se idealno ljube u ovoj rapsodiji okusa. Jelo sam obogatila slaninom i kobasicama, a koristila sam i ve\u010der prije namo\u010deni je\u010dam, svje\u017ee korjenasto povr\u0107e, hokaido tikvu, konzervirani slanutak, grah i raj\u010dicu<\/p>\n","protected":false},"featured_media":5524,"template":"","tags":[42],"atribut":[],"class_list":["post-5525","nada","type-nada","status-publish","has-post-thumbnail","hentry","tag-gorski-kotao"],"acf":[],"yoast_head":"<!-- This site is optimized with the Yoast SEO plugin v27.4 - https:\/\/yoast.com\/product\/yoast-seo-wordpress\/ -->\n<title>Je\u010dmena ka\u0161a s bundevom i vrganjima - SDF - Srpski demokratski forum<\/title>\n<meta name=\"robots\" content=\"index, follow, max-snippet:-1, max-image-preview:large, max-video-preview:-1\" \/>\n<link rel=\"canonical\" href=\"https:\/\/sdf.hr\/hr\/nada\/jecmena-kasa-s-bundevom-i-vrganjima\/\" \/>\n<meta property=\"og:locale\" content=\"hr_HR\" \/>\n<meta property=\"og:type\" content=\"article\" \/>\n<meta property=\"og:title\" content=\"Je\u010dmena ka\u0161a s bundevom i vrganjima - SDF - Srpski demokratski forum\" \/>\n<meta property=\"og:description\" content=\"Je\u010dam, bundeva i vrganji se idealno ljube u ovoj rapsodiji okusa. Jelo sam obogatila slaninom i kobasicama, a koristila sam i ve\u010der prije namo\u010deni je\u010dam, svje\u017ee korjenasto povr\u0107e, hokaido tikvu, konzervirani slanutak, grah i raj\u010dicu\" \/>\n<meta property=\"og:url\" content=\"https:\/\/sdf.hr\/hr\/nada\/jecmena-kasa-s-bundevom-i-vrganjima\/\" \/>\n<meta property=\"og:site_name\" content=\"SDF - Srpski demokratski forum\" \/>\n<meta property=\"article:modified_time\" content=\"2024-10-20T06:03:59+00:00\" \/>\n<meta property=\"og:image\" content=\"https:\/\/sdf.hr\/wp-content\/uploads\/2024\/10\/Varivo-scaled.jpg\" \/>\n\t<meta property=\"og:image:width\" content=\"2560\" \/>\n\t<meta property=\"og:image:height\" content=\"1244\" \/>\n\t<meta property=\"og:image:type\" content=\"image\/jpeg\" \/>\n<meta name=\"twitter:card\" content=\"summary_large_image\" \/>\n<meta name=\"twitter:label1\" content=\"Procijenjeno vrijeme \u010ditanja\" \/>\n\t<meta name=\"twitter:data1\" content=\"3 minute\" \/>\n<script type=\"application\/ld+json\" class=\"yoast-schema-graph\">{\"@context\":\"https:\\\/\\\/schema.org\",\"@graph\":[{\"@type\":\"WebPage\",\"@id\":\"https:\\\/\\\/sdf.hr\\\/hr\\\/nada\\\/jecmena-kasa-s-bundevom-i-vrganjima\\\/\",\"url\":\"https:\\\/\\\/sdf.hr\\\/hr\\\/nada\\\/jecmena-kasa-s-bundevom-i-vrganjima\\\/\",\"name\":\"Je\u010dmena ka\u0161a s bundevom i vrganjima - SDF - Srpski demokratski forum\",\"isPartOf\":{\"@id\":\"https:\\\/\\\/sdf.hr\\\/#website\"},\"primaryImageOfPage\":{\"@id\":\"https:\\\/\\\/sdf.hr\\\/hr\\\/nada\\\/jecmena-kasa-s-bundevom-i-vrganjima\\\/#primaryimage\"},\"image\":{\"@id\":\"https:\\\/\\\/sdf.hr\\\/hr\\\/nada\\\/jecmena-kasa-s-bundevom-i-vrganjima\\\/#primaryimage\"},\"thumbnailUrl\":\"https:\\\/\\\/sdf.hr\\\/wp-content\\\/uploads\\\/2024\\\/10\\\/Varivo-scaled.jpg\",\"datePublished\":\"2024-10-20T06:00:45+00:00\",\"dateModified\":\"2024-10-20T06:03:59+00:00\",\"breadcrumb\":{\"@id\":\"https:\\\/\\\/sdf.hr\\\/hr\\\/nada\\\/jecmena-kasa-s-bundevom-i-vrganjima\\\/#breadcrumb\"},\"inLanguage\":\"hr\",\"potentialAction\":[{\"@type\":\"ReadAction\",\"target\":[\"https:\\\/\\\/sdf.hr\\\/hr\\\/nada\\\/jecmena-kasa-s-bundevom-i-vrganjima\\\/\"]}]},{\"@type\":\"ImageObject\",\"inLanguage\":\"hr\",\"@id\":\"https:\\\/\\\/sdf.hr\\\/hr\\\/nada\\\/jecmena-kasa-s-bundevom-i-vrganjima\\\/#primaryimage\",\"url\":\"https:\\\/\\\/sdf.hr\\\/wp-content\\\/uploads\\\/2024\\\/10\\\/Varivo-scaled.jpg\",\"contentUrl\":\"https:\\\/\\\/sdf.hr\\\/wp-content\\\/uploads\\\/2024\\\/10\\\/Varivo-scaled.jpg\",\"width\":2560,\"height\":1244},{\"@type\":\"BreadcrumbList\",\"@id\":\"https:\\\/\\\/sdf.hr\\\/hr\\\/nada\\\/jecmena-kasa-s-bundevom-i-vrganjima\\\/#breadcrumb\",\"itemListElement\":[{\"@type\":\"ListItem\",\"position\":1,\"name\":\"Po\u010detna stranica\",\"item\":\"https:\\\/\\\/sdf.hr\\\/hr\\\/\"},{\"@type\":\"ListItem\",\"position\":2,\"name\":\"Nada\",\"item\":\"https:\\\/\\\/sdf.hr\\\/nada\\\/\"},{\"@type\":\"ListItem\",\"position\":3,\"name\":\"Je\u010dmena ka\u0161a s bundevom i vrganjima\"}]},{\"@type\":\"WebSite\",\"@id\":\"https:\\\/\\\/sdf.hr\\\/#website\",\"url\":\"https:\\\/\\\/sdf.hr\\\/\",\"name\":\"SDF - Srpski demokratski forum\",\"description\":\"Srpski demokratski forum\",\"publisher\":{\"@id\":\"https:\\\/\\\/sdf.hr\\\/#organization\"},\"potentialAction\":[{\"@type\":\"SearchAction\",\"target\":{\"@type\":\"EntryPoint\",\"urlTemplate\":\"https:\\\/\\\/sdf.hr\\\/?s={search_term_string}\"},\"query-input\":{\"@type\":\"PropertyValueSpecification\",\"valueRequired\":true,\"valueName\":\"search_term_string\"}}],\"inLanguage\":\"hr\"},{\"@type\":\"Organization\",\"@id\":\"https:\\\/\\\/sdf.hr\\\/#organization\",\"name\":\"SDF - Srpski demokratski forum\",\"url\":\"https:\\\/\\\/sdf.hr\\\/\",\"logo\":{\"@type\":\"ImageObject\",\"inLanguage\":\"hr\",\"@id\":\"https:\\\/\\\/sdf.hr\\\/#\\\/schema\\\/logo\\\/image\\\/\",\"url\":\"https:\\\/\\\/sdf.hr\\\/wp-content\\\/uploads\\\/2021\\\/07\\\/logo-hr.svg\",\"contentUrl\":\"https:\\\/\\\/sdf.hr\\\/wp-content\\\/uploads\\\/2021\\\/07\\\/logo-hr.svg\",\"width\":271,\"height\":100,\"caption\":\"SDF - Srpski demokratski forum\"},\"image\":{\"@id\":\"https:\\\/\\\/sdf.hr\\\/#\\\/schema\\\/logo\\\/image\\\/\"}}]}<\/script>\n<!-- \/ Yoast SEO plugin. -->","yoast_head_json":{"title":"Je\u010dmena ka\u0161a s bundevom i vrganjima - SDF - Srpski demokratski forum","robots":{"index":"index","follow":"follow","max-snippet":"max-snippet:-1","max-image-preview":"max-image-preview:large","max-video-preview":"max-video-preview:-1"},"canonical":"https:\/\/sdf.hr\/hr\/nada\/jecmena-kasa-s-bundevom-i-vrganjima\/","og_locale":"hr_HR","og_type":"article","og_title":"Je\u010dmena ka\u0161a s bundevom i vrganjima - SDF - Srpski demokratski forum","og_description":"Je\u010dam, bundeva i vrganji se idealno ljube u ovoj rapsodiji okusa. Jelo sam obogatila slaninom i kobasicama, a koristila sam i ve\u010der prije namo\u010deni je\u010dam, svje\u017ee korjenasto povr\u0107e, hokaido tikvu, konzervirani slanutak, grah i raj\u010dicu","og_url":"https:\/\/sdf.hr\/hr\/nada\/jecmena-kasa-s-bundevom-i-vrganjima\/","og_site_name":"SDF - Srpski demokratski forum","article_modified_time":"2024-10-20T06:03:59+00:00","og_image":[{"width":2560,"height":1244,"url":"https:\/\/sdf.hr\/wp-content\/uploads\/2024\/10\/Varivo-scaled.jpg","type":"image\/jpeg"}],"twitter_card":"summary_large_image","twitter_misc":{"Procijenjeno vrijeme \u010ditanja":"3 minute"},"schema":{"@context":"https:\/\/schema.org","@graph":[{"@type":"WebPage","@id":"https:\/\/sdf.hr\/hr\/nada\/jecmena-kasa-s-bundevom-i-vrganjima\/","url":"https:\/\/sdf.hr\/hr\/nada\/jecmena-kasa-s-bundevom-i-vrganjima\/","name":"Je\u010dmena ka\u0161a s bundevom i vrganjima - SDF - Srpski demokratski forum","isPartOf":{"@id":"https:\/\/sdf.hr\/#website"},"primaryImageOfPage":{"@id":"https:\/\/sdf.hr\/hr\/nada\/jecmena-kasa-s-bundevom-i-vrganjima\/#primaryimage"},"image":{"@id":"https:\/\/sdf.hr\/hr\/nada\/jecmena-kasa-s-bundevom-i-vrganjima\/#primaryimage"},"thumbnailUrl":"https:\/\/sdf.hr\/wp-content\/uploads\/2024\/10\/Varivo-scaled.jpg","datePublished":"2024-10-20T06:00:45+00:00","dateModified":"2024-10-20T06:03:59+00:00","breadcrumb":{"@id":"https:\/\/sdf.hr\/hr\/nada\/jecmena-kasa-s-bundevom-i-vrganjima\/#breadcrumb"},"inLanguage":"hr","potentialAction":[{"@type":"ReadAction","target":["https:\/\/sdf.hr\/hr\/nada\/jecmena-kasa-s-bundevom-i-vrganjima\/"]}]},{"@type":"ImageObject","inLanguage":"hr","@id":"https:\/\/sdf.hr\/hr\/nada\/jecmena-kasa-s-bundevom-i-vrganjima\/#primaryimage","url":"https:\/\/sdf.hr\/wp-content\/uploads\/2024\/10\/Varivo-scaled.jpg","contentUrl":"https:\/\/sdf.hr\/wp-content\/uploads\/2024\/10\/Varivo-scaled.jpg","width":2560,"height":1244},{"@type":"BreadcrumbList","@id":"https:\/\/sdf.hr\/hr\/nada\/jecmena-kasa-s-bundevom-i-vrganjima\/#breadcrumb","itemListElement":[{"@type":"ListItem","position":1,"name":"Po\u010detna stranica","item":"https:\/\/sdf.hr\/hr\/"},{"@type":"ListItem","position":2,"name":"Nada","item":"https:\/\/sdf.hr\/nada\/"},{"@type":"ListItem","position":3,"name":"Je\u010dmena ka\u0161a s bundevom i vrganjima"}]},{"@type":"WebSite","@id":"https:\/\/sdf.hr\/#website","url":"https:\/\/sdf.hr\/","name":"SDF - Srpski demokratski forum","description":"Srpski demokratski forum","publisher":{"@id":"https:\/\/sdf.hr\/#organization"},"potentialAction":[{"@type":"SearchAction","target":{"@type":"EntryPoint","urlTemplate":"https:\/\/sdf.hr\/?s={search_term_string}"},"query-input":{"@type":"PropertyValueSpecification","valueRequired":true,"valueName":"search_term_string"}}],"inLanguage":"hr"},{"@type":"Organization","@id":"https:\/\/sdf.hr\/#organization","name":"SDF - Srpski demokratski forum","url":"https:\/\/sdf.hr\/","logo":{"@type":"ImageObject","inLanguage":"hr","@id":"https:\/\/sdf.hr\/#\/schema\/logo\/image\/","url":"https:\/\/sdf.hr\/wp-content\/uploads\/2021\/07\/logo-hr.svg","contentUrl":"https:\/\/sdf.hr\/wp-content\/uploads\/2021\/07\/logo-hr.svg","width":271,"height":100,"caption":"SDF - Srpski demokratski forum"},"image":{"@id":"https:\/\/sdf.hr\/#\/schema\/logo\/image\/"}}]}},"_links":{"self":[{"href":"https:\/\/sdf.hr\/hr\/wp-json\/wp\/v2\/nada\/5525","targetHints":{"allow":["GET"]}}],"collection":[{"href":"https:\/\/sdf.hr\/hr\/wp-json\/wp\/v2\/nada"}],"about":[{"href":"https:\/\/sdf.hr\/hr\/wp-json\/wp\/v2\/types\/nada"}],"wp:featuredmedia":[{"embeddable":true,"href":"https:\/\/sdf.hr\/hr\/wp-json\/wp\/v2\/media\/5524"}],"wp:attachment":[{"href":"https:\/\/sdf.hr\/hr\/wp-json\/wp\/v2\/media?parent=5525"}],"wp:term":[{"taxonomy":"post_tag","embeddable":true,"href":"https:\/\/sdf.hr\/hr\/wp-json\/wp\/v2\/tags?post=5525"},{"taxonomy":"atribut","embeddable":true,"href":"https:\/\/sdf.hr\/hr\/wp-json\/wp\/v2\/atribut?post=5525"}],"curies":[{"name":"wp","href":"https:\/\/api.w.org\/{rel}","templated":true}]}}