{"id":555,"date":"2021-09-03T16:01:12","date_gmt":"2021-09-03T14:01:12","guid":{"rendered":"https:\/\/sdf.hr\/nada\/%d1%81%d1%82%d0%b0%d1%80%d0%b8%d0%bd%d1%81%d0%ba%d0%b0-%d0%bf%d0%b8%d1%82%d0%b0-%d0%be%d0%b4-%d0%bc%d0%b0%d0%ba%d0%b0-%d0%b8-%d1%81%d0%b8%d1%80%d0%b0\/"},"modified":"2023-03-28T12:49:38","modified_gmt":"2023-03-28T10:49:38","slug":"%d1%81%d1%82%d0%b0%d1%80%d0%b8%d0%bd%d1%81%d0%ba%d0%b0-%d0%bf%d0%b8%d1%82%d0%b0-%d0%be%d0%b4-%d0%bc%d0%b0%d0%ba%d0%b0-%d0%b8-%d1%81%d0%b8%d1%80%d0%b0","status":"publish","type":"nada","link":"https:\/\/sdf.hr\/hr\/nada\/%d1%81%d1%82%d0%b0%d1%80%d0%b8%d0%bd%d1%81%d0%ba%d0%b0-%d0%bf%d0%b8%d1%82%d0%b0-%d0%be%d0%b4-%d0%bc%d0%b0%d0%ba%d0%b0-%d0%b8-%d1%81%d0%b8%d1%80%d0%b0\/","title":{"rendered":"Starinska pita od maka i sira"},"content":{"rendered":"<p class=\"p1\">Gorski kotao vam u ovom broju donosi starinsku pitu od prhkog tijesta, maka i sira, kola\u010d koji \u0107e vas podsjetiti na neke davno zaboravljene okuse i mirise te zasladiti dan. Prije izrade je potrebno namirnice osta-viti van hladnjaka da se temperiraju na sobnu temperaturu. Kada radim pite, uvijek koristim ili samo o\u0161tro p\u0161eni\u010dno bra\u0161no ili pomije\u0161am pola glatko, pola o\u0161tro. Tajna prhke kore za pitu je da se tijesto ne smije previ\u0161e mijesiti jer toplina ruku topi masno\u0107u. Tijesto treba odle\u017eati u hladnjaku sat ili dva prije izrade kola\u010da, a u njemu koristimo maslac ili, poput na\u0161ih baka, doma\u0107u mast.<\/p>\n<p class=\"p2\"><em><strong>Sastojci za tijesto<\/strong><\/em><\/p>\n<p class=\"p2\">125 g glatkog p\u0161eni\u010dnog bra\u0161na<br \/>\n125 g o\u0161trog p\u0161eni\u010dnog bra\u0161na<br \/>\n150 g masti ili maslaca<br \/>\n3 \u017eumanjka<br \/>\n2 \u017elice \u0161e\u0107era<br \/>\n1 \u017elica kiselog vrhnja<br \/>\n1 vanilin \u0161e\u0107er<br \/>\nmalo ribane limunove korice<br \/>\npola pra\u0161ka za pecivo<br \/>\nprstohvat soli<\/p>\n<p class=\"p2\"><em><strong>Za nadjev od sira<\/strong><\/em><\/p>\n<p class=\"p2\">500 g svje\u017eeg, mekog sira<br \/>\n130 g \u0161e\u0107era<br \/>\n2 \u017elice kiselog vrhnja<br \/>\nkorica ribanog limuna<br \/>\n3 bjelanjka<br \/>\n3 \u017elice griza<\/p>\n<p class=\"p2\"><em><strong>Za nadjev od maka<\/strong><\/em><\/p>\n<p class=\"p2\">200 g mljevenog maka<br \/>\n120 g \u0161e\u0107era<br \/>\n1 vanilin \u0161e\u0107er<br \/>\n8 \u017elica mlijeka<\/p>\n<p class=\"p2\"><em><strong>Priprema<\/strong><\/em><\/p>\n<p>Najprije pripremite tijesto. U dublju zdjelu prosijte obje vrste bra\u0161na s pra\u0161kom za pecivo. Dodajte mast ili omek\u0161ali maslac narezan na listi\u0107e te rukama razmrvite u mrvi\u010dastu smjesu. Dodajte malo soli, \u0161e\u0107er, vanilin \u0161e\u0107er, limunovu koricu te vrhnje i \u017eumanjke. Kratko izmijesite da se sastojci spoje u glatko tijesto. Kuglu tijesta podi-jelite na dva dijela. Jedan dio stavite u zamrziva\u010d, taj slu\u017ei za gornji sloj koji se nariba. Drugi dio stavite u hladnjak na nekih sat vremena. Za to vrijeme pripremite nadjev od maka. Zagrijte mlijeko i prelijte preko maka i \u0161e\u0107era te ostavite da se ohladi.<\/p>\n<p>Kada se tijesto odmorilo, pripre-mite nadjev od sira. Izradite snijeg od bjelanjaka i mrvu soli. Meki sir i vrhnje pomije\u0161ajte sa \u0161e\u0107erom, koricom limuna i grizom. Lagano umije\u0161ajte snijeg od bjelanjaka. Ovaj nadjev je dobro napraviti netom prije slaganja pite da vam se bje-lanjci ne slegnu.<\/p>\n<p>Uklju\u010dite pe\u0107nicu na 180 stupnjeva. Na papiru za pe\u010denje razvaljajte ti-jesto koje je stajalo u hladnjaku tako da pribli\u017eno bude dimenzijama kalupa za pe\u010denje. Ja sam pekla u ka-lupu za torte (promjera 26 cm), ali mo\u017eete i u \u010detvrtastoj tepsiji ili okrugloj formi za pite. Premjestite koru u kalup zajedno s papirom. Obre\u017eite vi\u0161ak tijesta. Od tog vi\u0161-ka sam napravila ukrase, a mo\u017eete ga ostaviti u zamrziva\u010d pa naribati skupa s ostatkom tijesta na vrh.<\/p>\n<p>Razvaljano tijesto nabockajte vilicom. Da vam se nadjev od maka ne bi odvajao mo\u017eete tijesto premazati pekmezom po \u017eelji. Moj je doma\u0107i od marelice i dao je ba\u0161 fin kiselkasti ton kola\u010du. Na tijesto stavite nadjev od maka i poravnajte. Na mak stavite nadjev od sira. Tijesto iz zamrziva\u010da naribajte na krupni ribe\u017e po vrhu pite.<\/p>\n<p>Pitu pecite oko 40 do 50 min, ovisno o debljini slojeva i va\u0161oj pe\u0107nici dok ne porumeni. U ve\u0107em kalupu \u0107e biti tanji slojevi pa pripazite da vam se ne presu\u0161i.<\/p>\n<p>Dobar tek!<\/p>\n<p><em>pi\u0161e Valentina Vukadinovi\u0107<\/em><\/p>\n","protected":false},"excerpt":{"rendered":"<p>Gorski kotao vam u ovom broju donosi starinsku pitu od prhkog tijesta, maka i sira, kola\u010d koji \u0107e vas podsjetiti na neke davno zaboravljene okuse i mirise te zasladiti dan<\/p>\n","protected":false},"featured_media":3181,"template":"","tags":[42],"atribut":[],"class_list":["post-555","nada","type-nada","status-publish","has-post-thumbnail","hentry","tag-gorski-kotao"],"acf":[],"yoast_head":"<!-- This site is optimized with the Yoast SEO plugin v27.4 - https:\/\/yoast.com\/product\/yoast-seo-wordpress\/ -->\n<title>Starinska pita od maka i sira - SDF - Srpski demokratski forum<\/title>\n<meta name=\"robots\" content=\"index, follow, max-snippet:-1, max-image-preview:large, max-video-preview:-1\" \/>\n<link rel=\"canonical\" href=\"https:\/\/sdf.hr\/hr\/nada\/\u0441\u0442\u0430\u0440\u0438\u043d\u0441\u043a\u0430-\u043f\u0438\u0442\u0430-\u043e\u0434-\u043c\u0430\u043a\u0430-\u0438-\u0441\u0438\u0440\u0430\/\" \/>\n<meta property=\"og:locale\" content=\"hr_HR\" \/>\n<meta property=\"og:type\" content=\"article\" \/>\n<meta property=\"og:title\" content=\"Starinska pita od maka i sira - SDF - Srpski demokratski forum\" \/>\n<meta property=\"og:description\" content=\"Gorski kotao vam u ovom broju donosi starinsku pitu od prhkog tijesta, maka i sira, kola\u010d koji \u0107e vas podsjetiti na neke davno zaboravljene okuse i mirise te zasladiti dan\" \/>\n<meta property=\"og:url\" content=\"https:\/\/sdf.hr\/hr\/nada\/\u0441\u0442\u0430\u0440\u0438\u043d\u0441\u043a\u0430-\u043f\u0438\u0442\u0430-\u043e\u0434-\u043c\u0430\u043a\u0430-\u0438-\u0441\u0438\u0440\u0430\/\" \/>\n<meta property=\"og:site_name\" content=\"SDF - Srpski demokratski forum\" \/>\n<meta property=\"article:modified_time\" content=\"2023-03-28T10:49:38+00:00\" \/>\n<meta property=\"og:image\" content=\"https:\/\/sdf.hr\/wp-content\/uploads\/2021\/09\/Pita-mak1-1-scaled.jpeg\" \/>\n\t<meta property=\"og:image:width\" content=\"2560\" \/>\n\t<meta property=\"og:image:height\" content=\"1244\" \/>\n\t<meta property=\"og:image:type\" content=\"image\/jpeg\" \/>\n<meta name=\"twitter:card\" content=\"summary_large_image\" \/>\n<meta name=\"twitter:label1\" content=\"Procijenjeno vrijeme \u010ditanja\" \/>\n\t<meta name=\"twitter:data1\" content=\"3 minute\" \/>\n<script type=\"application\/ld+json\" class=\"yoast-schema-graph\">{\"@context\":\"https:\\\/\\\/schema.org\",\"@graph\":[{\"@type\":\"WebPage\",\"@id\":\"https:\\\/\\\/sdf.hr\\\/hr\\\/nada\\\/%d1%81%d1%82%d0%b0%d1%80%d0%b8%d0%bd%d1%81%d0%ba%d0%b0-%d0%bf%d0%b8%d1%82%d0%b0-%d0%be%d0%b4-%d0%bc%d0%b0%d0%ba%d0%b0-%d0%b8-%d1%81%d0%b8%d1%80%d0%b0\\\/\",\"url\":\"https:\\\/\\\/sdf.hr\\\/hr\\\/nada\\\/%d1%81%d1%82%d0%b0%d1%80%d0%b8%d0%bd%d1%81%d0%ba%d0%b0-%d0%bf%d0%b8%d1%82%d0%b0-%d0%be%d0%b4-%d0%bc%d0%b0%d0%ba%d0%b0-%d0%b8-%d1%81%d0%b8%d1%80%d0%b0\\\/\",\"name\":\"Starinska pita od maka i sira - SDF - Srpski demokratski forum\",\"isPartOf\":{\"@id\":\"https:\\\/\\\/sdf.hr\\\/#website\"},\"primaryImageOfPage\":{\"@id\":\"https:\\\/\\\/sdf.hr\\\/hr\\\/nada\\\/%d1%81%d1%82%d0%b0%d1%80%d0%b8%d0%bd%d1%81%d0%ba%d0%b0-%d0%bf%d0%b8%d1%82%d0%b0-%d0%be%d0%b4-%d0%bc%d0%b0%d0%ba%d0%b0-%d0%b8-%d1%81%d0%b8%d1%80%d0%b0\\\/#primaryimage\"},\"image\":{\"@id\":\"https:\\\/\\\/sdf.hr\\\/hr\\\/nada\\\/%d1%81%d1%82%d0%b0%d1%80%d0%b8%d0%bd%d1%81%d0%ba%d0%b0-%d0%bf%d0%b8%d1%82%d0%b0-%d0%be%d0%b4-%d0%bc%d0%b0%d0%ba%d0%b0-%d0%b8-%d1%81%d0%b8%d1%80%d0%b0\\\/#primaryimage\"},\"thumbnailUrl\":\"https:\\\/\\\/sdf.hr\\\/wp-content\\\/uploads\\\/2021\\\/09\\\/Pita-mak1-1-scaled.jpeg\",\"datePublished\":\"2021-09-03T14:01:12+00:00\",\"dateModified\":\"2023-03-28T10:49:38+00:00\",\"breadcrumb\":{\"@id\":\"https:\\\/\\\/sdf.hr\\\/hr\\\/nada\\\/%d1%81%d1%82%d0%b0%d1%80%d0%b8%d0%bd%d1%81%d0%ba%d0%b0-%d0%bf%d0%b8%d1%82%d0%b0-%d0%be%d0%b4-%d0%bc%d0%b0%d0%ba%d0%b0-%d0%b8-%d1%81%d0%b8%d1%80%d0%b0\\\/#breadcrumb\"},\"inLanguage\":\"hr\",\"potentialAction\":[{\"@type\":\"ReadAction\",\"target\":[\"https:\\\/\\\/sdf.hr\\\/hr\\\/nada\\\/%d1%81%d1%82%d0%b0%d1%80%d0%b8%d0%bd%d1%81%d0%ba%d0%b0-%d0%bf%d0%b8%d1%82%d0%b0-%d0%be%d0%b4-%d0%bc%d0%b0%d0%ba%d0%b0-%d0%b8-%d1%81%d0%b8%d1%80%d0%b0\\\/\"]}]},{\"@type\":\"ImageObject\",\"inLanguage\":\"hr\",\"@id\":\"https:\\\/\\\/sdf.hr\\\/hr\\\/nada\\\/%d1%81%d1%82%d0%b0%d1%80%d0%b8%d0%bd%d1%81%d0%ba%d0%b0-%d0%bf%d0%b8%d1%82%d0%b0-%d0%be%d0%b4-%d0%bc%d0%b0%d0%ba%d0%b0-%d0%b8-%d1%81%d0%b8%d1%80%d0%b0\\\/#primaryimage\",\"url\":\"https:\\\/\\\/sdf.hr\\\/wp-content\\\/uploads\\\/2021\\\/09\\\/Pita-mak1-1-scaled.jpeg\",\"contentUrl\":\"https:\\\/\\\/sdf.hr\\\/wp-content\\\/uploads\\\/2021\\\/09\\\/Pita-mak1-1-scaled.jpeg\",\"width\":2560,\"height\":1244},{\"@type\":\"BreadcrumbList\",\"@id\":\"https:\\\/\\\/sdf.hr\\\/hr\\\/nada\\\/%d1%81%d1%82%d0%b0%d1%80%d0%b8%d0%bd%d1%81%d0%ba%d0%b0-%d0%bf%d0%b8%d1%82%d0%b0-%d0%be%d0%b4-%d0%bc%d0%b0%d0%ba%d0%b0-%d0%b8-%d1%81%d0%b8%d1%80%d0%b0\\\/#breadcrumb\",\"itemListElement\":[{\"@type\":\"ListItem\",\"position\":1,\"name\":\"Po\u010detna stranica\",\"item\":\"https:\\\/\\\/sdf.hr\\\/hr\\\/\"},{\"@type\":\"ListItem\",\"position\":2,\"name\":\"Nada\",\"item\":\"https:\\\/\\\/sdf.hr\\\/nada\\\/\"},{\"@type\":\"ListItem\",\"position\":3,\"name\":\"Starinska pita od maka i sira\"}]},{\"@type\":\"WebSite\",\"@id\":\"https:\\\/\\\/sdf.hr\\\/#website\",\"url\":\"https:\\\/\\\/sdf.hr\\\/\",\"name\":\"SDF - Srpski demokratski forum\",\"description\":\"Srpski demokratski forum\",\"publisher\":{\"@id\":\"https:\\\/\\\/sdf.hr\\\/#organization\"},\"potentialAction\":[{\"@type\":\"SearchAction\",\"target\":{\"@type\":\"EntryPoint\",\"urlTemplate\":\"https:\\\/\\\/sdf.hr\\\/?s={search_term_string}\"},\"query-input\":{\"@type\":\"PropertyValueSpecification\",\"valueRequired\":true,\"valueName\":\"search_term_string\"}}],\"inLanguage\":\"hr\"},{\"@type\":\"Organization\",\"@id\":\"https:\\\/\\\/sdf.hr\\\/#organization\",\"name\":\"SDF - Srpski demokratski forum\",\"url\":\"https:\\\/\\\/sdf.hr\\\/\",\"logo\":{\"@type\":\"ImageObject\",\"inLanguage\":\"hr\",\"@id\":\"https:\\\/\\\/sdf.hr\\\/#\\\/schema\\\/logo\\\/image\\\/\",\"url\":\"https:\\\/\\\/sdf.hr\\\/wp-content\\\/uploads\\\/2021\\\/07\\\/logo-hr.svg\",\"contentUrl\":\"https:\\\/\\\/sdf.hr\\\/wp-content\\\/uploads\\\/2021\\\/07\\\/logo-hr.svg\",\"width\":271,\"height\":100,\"caption\":\"SDF - Srpski demokratski forum\"},\"image\":{\"@id\":\"https:\\\/\\\/sdf.hr\\\/#\\\/schema\\\/logo\\\/image\\\/\"}}]}<\/script>\n<!-- \/ Yoast SEO plugin. -->","yoast_head_json":{"title":"Starinska pita od maka i sira - SDF - Srpski demokratski forum","robots":{"index":"index","follow":"follow","max-snippet":"max-snippet:-1","max-image-preview":"max-image-preview:large","max-video-preview":"max-video-preview:-1"},"canonical":"https:\/\/sdf.hr\/hr\/nada\/\u0441\u0442\u0430\u0440\u0438\u043d\u0441\u043a\u0430-\u043f\u0438\u0442\u0430-\u043e\u0434-\u043c\u0430\u043a\u0430-\u0438-\u0441\u0438\u0440\u0430\/","og_locale":"hr_HR","og_type":"article","og_title":"Starinska pita od maka i sira - SDF - Srpski demokratski forum","og_description":"Gorski kotao vam u ovom broju donosi starinsku pitu od prhkog tijesta, maka i sira, kola\u010d koji \u0107e vas podsjetiti na neke davno zaboravljene okuse i mirise te zasladiti dan","og_url":"https:\/\/sdf.hr\/hr\/nada\/\u0441\u0442\u0430\u0440\u0438\u043d\u0441\u043a\u0430-\u043f\u0438\u0442\u0430-\u043e\u0434-\u043c\u0430\u043a\u0430-\u0438-\u0441\u0438\u0440\u0430\/","og_site_name":"SDF - Srpski demokratski forum","article_modified_time":"2023-03-28T10:49:38+00:00","og_image":[{"width":2560,"height":1244,"url":"https:\/\/sdf.hr\/wp-content\/uploads\/2021\/09\/Pita-mak1-1-scaled.jpeg","type":"image\/jpeg"}],"twitter_card":"summary_large_image","twitter_misc":{"Procijenjeno vrijeme \u010ditanja":"3 minute"},"schema":{"@context":"https:\/\/schema.org","@graph":[{"@type":"WebPage","@id":"https:\/\/sdf.hr\/hr\/nada\/%d1%81%d1%82%d0%b0%d1%80%d0%b8%d0%bd%d1%81%d0%ba%d0%b0-%d0%bf%d0%b8%d1%82%d0%b0-%d0%be%d0%b4-%d0%bc%d0%b0%d0%ba%d0%b0-%d0%b8-%d1%81%d0%b8%d1%80%d0%b0\/","url":"https:\/\/sdf.hr\/hr\/nada\/%d1%81%d1%82%d0%b0%d1%80%d0%b8%d0%bd%d1%81%d0%ba%d0%b0-%d0%bf%d0%b8%d1%82%d0%b0-%d0%be%d0%b4-%d0%bc%d0%b0%d0%ba%d0%b0-%d0%b8-%d1%81%d0%b8%d1%80%d0%b0\/","name":"Starinska pita od maka i sira - SDF - Srpski demokratski forum","isPartOf":{"@id":"https:\/\/sdf.hr\/#website"},"primaryImageOfPage":{"@id":"https:\/\/sdf.hr\/hr\/nada\/%d1%81%d1%82%d0%b0%d1%80%d0%b8%d0%bd%d1%81%d0%ba%d0%b0-%d0%bf%d0%b8%d1%82%d0%b0-%d0%be%d0%b4-%d0%bc%d0%b0%d0%ba%d0%b0-%d0%b8-%d1%81%d0%b8%d1%80%d0%b0\/#primaryimage"},"image":{"@id":"https:\/\/sdf.hr\/hr\/nada\/%d1%81%d1%82%d0%b0%d1%80%d0%b8%d0%bd%d1%81%d0%ba%d0%b0-%d0%bf%d0%b8%d1%82%d0%b0-%d0%be%d0%b4-%d0%bc%d0%b0%d0%ba%d0%b0-%d0%b8-%d1%81%d0%b8%d1%80%d0%b0\/#primaryimage"},"thumbnailUrl":"https:\/\/sdf.hr\/wp-content\/uploads\/2021\/09\/Pita-mak1-1-scaled.jpeg","datePublished":"2021-09-03T14:01:12+00:00","dateModified":"2023-03-28T10:49:38+00:00","breadcrumb":{"@id":"https:\/\/sdf.hr\/hr\/nada\/%d1%81%d1%82%d0%b0%d1%80%d0%b8%d0%bd%d1%81%d0%ba%d0%b0-%d0%bf%d0%b8%d1%82%d0%b0-%d0%be%d0%b4-%d0%bc%d0%b0%d0%ba%d0%b0-%d0%b8-%d1%81%d0%b8%d1%80%d0%b0\/#breadcrumb"},"inLanguage":"hr","potentialAction":[{"@type":"ReadAction","target":["https:\/\/sdf.hr\/hr\/nada\/%d1%81%d1%82%d0%b0%d1%80%d0%b8%d0%bd%d1%81%d0%ba%d0%b0-%d0%bf%d0%b8%d1%82%d0%b0-%d0%be%d0%b4-%d0%bc%d0%b0%d0%ba%d0%b0-%d0%b8-%d1%81%d0%b8%d1%80%d0%b0\/"]}]},{"@type":"ImageObject","inLanguage":"hr","@id":"https:\/\/sdf.hr\/hr\/nada\/%d1%81%d1%82%d0%b0%d1%80%d0%b8%d0%bd%d1%81%d0%ba%d0%b0-%d0%bf%d0%b8%d1%82%d0%b0-%d0%be%d0%b4-%d0%bc%d0%b0%d0%ba%d0%b0-%d0%b8-%d1%81%d0%b8%d1%80%d0%b0\/#primaryimage","url":"https:\/\/sdf.hr\/wp-content\/uploads\/2021\/09\/Pita-mak1-1-scaled.jpeg","contentUrl":"https:\/\/sdf.hr\/wp-content\/uploads\/2021\/09\/Pita-mak1-1-scaled.jpeg","width":2560,"height":1244},{"@type":"BreadcrumbList","@id":"https:\/\/sdf.hr\/hr\/nada\/%d1%81%d1%82%d0%b0%d1%80%d0%b8%d0%bd%d1%81%d0%ba%d0%b0-%d0%bf%d0%b8%d1%82%d0%b0-%d0%be%d0%b4-%d0%bc%d0%b0%d0%ba%d0%b0-%d0%b8-%d1%81%d0%b8%d1%80%d0%b0\/#breadcrumb","itemListElement":[{"@type":"ListItem","position":1,"name":"Po\u010detna stranica","item":"https:\/\/sdf.hr\/hr\/"},{"@type":"ListItem","position":2,"name":"Nada","item":"https:\/\/sdf.hr\/nada\/"},{"@type":"ListItem","position":3,"name":"Starinska pita od maka i sira"}]},{"@type":"WebSite","@id":"https:\/\/sdf.hr\/#website","url":"https:\/\/sdf.hr\/","name":"SDF - Srpski demokratski forum","description":"Srpski demokratski forum","publisher":{"@id":"https:\/\/sdf.hr\/#organization"},"potentialAction":[{"@type":"SearchAction","target":{"@type":"EntryPoint","urlTemplate":"https:\/\/sdf.hr\/?s={search_term_string}"},"query-input":{"@type":"PropertyValueSpecification","valueRequired":true,"valueName":"search_term_string"}}],"inLanguage":"hr"},{"@type":"Organization","@id":"https:\/\/sdf.hr\/#organization","name":"SDF - Srpski demokratski forum","url":"https:\/\/sdf.hr\/","logo":{"@type":"ImageObject","inLanguage":"hr","@id":"https:\/\/sdf.hr\/#\/schema\/logo\/image\/","url":"https:\/\/sdf.hr\/wp-content\/uploads\/2021\/07\/logo-hr.svg","contentUrl":"https:\/\/sdf.hr\/wp-content\/uploads\/2021\/07\/logo-hr.svg","width":271,"height":100,"caption":"SDF - Srpski demokratski forum"},"image":{"@id":"https:\/\/sdf.hr\/#\/schema\/logo\/image\/"}}]}},"_links":{"self":[{"href":"https:\/\/sdf.hr\/hr\/wp-json\/wp\/v2\/nada\/555","targetHints":{"allow":["GET"]}}],"collection":[{"href":"https:\/\/sdf.hr\/hr\/wp-json\/wp\/v2\/nada"}],"about":[{"href":"https:\/\/sdf.hr\/hr\/wp-json\/wp\/v2\/types\/nada"}],"wp:featuredmedia":[{"embeddable":true,"href":"https:\/\/sdf.hr\/hr\/wp-json\/wp\/v2\/media\/3181"}],"wp:attachment":[{"href":"https:\/\/sdf.hr\/hr\/wp-json\/wp\/v2\/media?parent=555"}],"wp:term":[{"taxonomy":"post_tag","embeddable":true,"href":"https:\/\/sdf.hr\/hr\/wp-json\/wp\/v2\/tags?post=555"},{"taxonomy":"atribut","embeddable":true,"href":"https:\/\/sdf.hr\/hr\/wp-json\/wp\/v2\/atribut?post=555"}],"curies":[{"name":"wp","href":"https:\/\/api.w.org\/{rel}","templated":true}]}}