{"id":5585,"date":"2024-10-29T11:16:32","date_gmt":"2024-10-29T10:16:32","guid":{"rendered":"https:\/\/sdf.hr\/nada\/vruce-ljeto-u-keniji\/"},"modified":"2024-10-29T11:17:30","modified_gmt":"2024-10-29T10:17:30","slug":"vruce-ljeto-u-keniji","status":"publish","type":"nada","link":"https:\/\/sdf.hr\/hr\/nada\/vruce-ljeto-u-keniji\/","title":{"rendered":"Vru\u0107e ljeto u Keniji"},"content":{"rendered":"<p>\u010cekanje \u2013 to je jedno od naj\u010de\u0161\u0107ih stanja u Africi. Dva i pol sata smo stajali zaglavljeni u d\u017eungli automobila, kombija i motora. Mombasa je milijunski grad u Keniji \u010diji jedan dio \u010dini otok, pa je, da biste pro\u0161li kroz njega, potrebno koristiti trajekt na koji se \u010deka i po nekoliko sati. Ironija stajanja u koloni je \u0161to \u010dekate satima da biste na kraju trajektom pre\u0161li 500 metara.<\/p>\n<p>&#8220;Zna\u0161 \u0161to je zajedni\u010dko afri\u010dkim cestama i rasisti\u010dkim vicevima?&#8221; upitao me mladi voza\u010d <strong>Moses<\/strong> koji vi\u0161e nije znao \u0161to bi sa sobom. &#8220;Bijelac uvijek provjeri lijevo i desno prije nego krene&#8221;, odgovorio je i okrenuo se sa \u0161irokim vragolastim osmijehom i bijelim zubima. Auti su se kona\u010dno pokrenuli, a u toj sekundi nepa\u017enje ispred njega se ubacilo ve\u0107 pet motorista. Osmijeh mu je odmah nestao s lica, zamahnuo je rukama i po\u010deo psovati na svahiliju. &#8220;Svaki dan isto&#8221;, progun\u0111ao je. &#8220;Proveo sam tre\u0107inu \u017eivota u koloni. Ovih dana je jo\u0161 gore jer taksisti Ubera i Bolta \u0161trajkaju. Cijeli grad je u kaosu.&#8221;<\/p>\n<p>Nakon jo\u0161 sat i pol sporog pomicanja stigli smo na trajekt i iza\u0161li iz grada. Vozili smo se mirnijom Likoni \u2013 Ukunda cestom prema jugu. Po njoj tr\u010de koko\u0161i, \u0161e\u0107u Afrikanke s ko\u0161arama na glavi, izlije\u0107u motoristi bez gledanja, drndaju se putnici u gradskim busevima i turisti u kombijima s koferima zavezanima konopom za krov. Kad god ih ugledaju, mala djeca po\u010dnu istr\u010davati iz svih smjerova prema cesti, veselo ma\u0161u\u0107i i pru\u017eaju\u0107i ruke, navikli da \u0107e iz &#8220;bjela\u010dkih&#8221; kombija ispadati slatki\u0161i. &#8220;Kakvo je ljeto bilo, mislili smo da \u0107emo ostati bez turista. Neki su se okrenuli Tanzaniji i Zanzibaru jer im je Kenija postala preskupa. Bilo je par sporijih tjedana, ali sad se vra\u0107aju&#8221;, pri\u010da Moses. &#8220;Djeci je to kao da dolazi Djed Mraz.&#8221;<\/p>\n<p>\u0160trajk taksista je kamilica spram onoga &#8220;kakvo je ljeto bilo&#8221;. Vlada predsjednika <strong>Williama Rutoa<\/strong> najavila je prijedlog zakona o pove\u0107anju poreza na brojne osnovne proizvode i usluge, poput \u017eenskih ulo\u017eaka, pelena, kruha i mobitela, kako bi otplatila milijarde dolara dugova. U dr\u017eavi u kojoj radni\u010dka klasa zara\u0111uje manje od 300 dolara mjese\u010dno dok predsjednik dr\u017eave potro\u0161i 1,5 milijuna dolara za putovanje privatnim luksuznim avionom u SAD, ovo nije moglo dobro pro\u0107i. Sredinom lipnja stanovnici Kenije iza\u0161li su na ulice i prosvjedovali protiv prijedloga zakona i korumpiranih politi\u010dkih elita. Kako su ve\u0107inu prosvjednika \u010dinili mladi koji su se organizirali putem dru\u0161tvenih mre\u017ea, cijeli doga\u0111aj dobio je nadimak &#8220;Gen Z prosvjedi&#8221;.<\/p>\n<p>Kenijska policija potpomognuta vojskom uzvratila je suzavcem i silom, zbog \u010dega je do\u0161lo do potpune eskalacije. U prosvjedima koji su trajali idu\u0107a gotovo dva mjeseca, ubijeno je barem 39, uhi\u0107eno vi\u0161e od tisu\u0107u i nestalo preko 120 prosvjednika. Kenijci su na teror dr\u017eave odgovorili sa &#8220;Sedam dana bijesa&#8221; \u2013 zgrada parlamenta je djelomi\u010dno zapaljena, prosvjednici su upadali u institucije i kafi\u0107e, a procurili su i brojevi telefona politi\u010dkih lidera koje su zatrpavali porukama i pozivima. Himna vru\u0107eg kenijskog ljeta bila je &#8220;Sauti ya wanyonge&#8221; (u prijevodu sa svahilija: &#8220;Glas slabih&#8221;), popra\u0107ena simbolom crne pesnice koja razbija okove. Poslu\u0161ajte ju i garantiram da \u0107ete se navu\u0107i. Glazbenik koji stoji iza nje je 27-godi\u0161nji <strong>Iyanii<\/strong> koji je i sam sudjelovao u prosvjedima, a kojeg smo ulovili izme\u0111u sve \u010de\u0161\u0107ih koncerata i nastupa.<\/p>\n<figure id=\"attachment_5581\" aria-describedby=\"caption-attachment-5581\" style=\"width: 1800px\" class=\"wp-caption alignnone\"><img loading=\"lazy\" decoding=\"async\" class=\"wp-image-5581 size-full\" src=\"https:\/\/sdf.hr\/wp-content\/uploads\/2024\/10\/Uber-i-Bolt-u-strajku-ali-Tuk-Tuk-je-tradicionalno-dostupan-samo-bez-taksimetra.jpg\" alt=\"\" width=\"1800\" height=\"1783\" srcset=\"https:\/\/sdf.hr\/wp-content\/uploads\/2024\/10\/Uber-i-Bolt-u-strajku-ali-Tuk-Tuk-je-tradicionalno-dostupan-samo-bez-taksimetra.jpg 1800w, https:\/\/sdf.hr\/wp-content\/uploads\/2024\/10\/Uber-i-Bolt-u-strajku-ali-Tuk-Tuk-je-tradicionalno-dostupan-samo-bez-taksimetra-300x297.jpg 300w, https:\/\/sdf.hr\/wp-content\/uploads\/2024\/10\/Uber-i-Bolt-u-strajku-ali-Tuk-Tuk-je-tradicionalno-dostupan-samo-bez-taksimetra-1024x1014.jpg 1024w, https:\/\/sdf.hr\/wp-content\/uploads\/2024\/10\/Uber-i-Bolt-u-strajku-ali-Tuk-Tuk-je-tradicionalno-dostupan-samo-bez-taksimetra-150x150.jpg 150w, https:\/\/sdf.hr\/wp-content\/uploads\/2024\/10\/Uber-i-Bolt-u-strajku-ali-Tuk-Tuk-je-tradicionalno-dostupan-samo-bez-taksimetra-768x761.jpg 768w, https:\/\/sdf.hr\/wp-content\/uploads\/2024\/10\/Uber-i-Bolt-u-strajku-ali-Tuk-Tuk-je-tradicionalno-dostupan-samo-bez-taksimetra-1536x1521.jpg 1536w\" sizes=\"auto, (max-width: 1800px) 100vw, 1800px\" \/><figcaption id=\"caption-attachment-5581\" class=\"wp-caption-text\">Uber i Bolt \u0161trajkaju, ali vozi tuk tuk (Foto: Lidija \u010culo)<\/figcaption><\/figure>\n<p>&#8220;Glazba je moj \u017eivot, ali nije lako baviti se njome jer nas na\u0161a vlast ne podupire i ne prepoznaje mo\u0107 kreativnosti. Mi smo zemlja mladih, sposobnih i talentiranih ljudi koji ne mogu sti\u0107i tamo gdje \u017eele u \u017eivotu. Nemaju resurse jer na\u0161i politi\u010dari sav novac uzimaju sebi. Financijski prijedlog koji je zamalo usvojen ovog ljeta samo je jedan od oblika te nepravde&#8221;, tvrdi Iyanii.<\/p>\n<p>&#8220;Kad god u\u0111e\u0161 u neki vladin ured, na primjer da izvadi\u0161 osobnu iskaznicu ili putovnicu, mora\u0161 platiti mito. Ne podr\u017eavaju nas, ne stvaraju uvjete u kojima mo\u017eemo zaraditi, onda nas oporezuju i di\u017eu cijene, i onda jo\u0161 dodatno tra\u017ee mito. U protivnom \u010deka\u0161 dugo vremena. Zamisli da treba\u0161 negdje otputovati radi posla i \u010deka\u0161 putovnicu od tri do \u0161est mjeseci. To si ne mo\u017ee\u0161 priu\u0161titi. Izgubit \u0107e\u0161 posao ili priliku&#8221;, dodaje.<\/p>\n<p>Unato\u010d problemima, Iyanii zra\u010di pozitivnom energijom i smirenom hrabro\u0161\u0107u.<\/p>\n<p>&#8220;Do\u017eivjeli smo policijsku brutalnost i puno patnje, ali ako ne na\u0111emo u sebi snage da se borimo, na\u0161a djeca prolazit \u0107e kroz iste ili ve\u0107e probleme&#8221;, ka\u017ee.<\/p>\n<p>Mla\u0111i do 25 godina \u010dine vi\u0161e od polovice kenijskog stanovni\u0161tva. Kada za\u0111e sunce, izlaze s kosom u pletenicama, pripijenom odje\u0107om, \u017earkim bojama, blje\u0161tavim nakitom i potpuno ovladaju plesnim podijima klubova uz zvukove afrobeata. Ritam im je u krvi i te\u0161ko je ne osje\u0107ati se kao \u0161lampava bjela\u010dka vre\u0107a krumpira u kutu kad \u010dovjek vidi ta tijela i pokrete. \u017dene znaju biti prili\u010dno dominantne kada krene njihova pjesma, a kada pritom zgrabe nekog bijelca za ples, on ostaje rastrojen izme\u0111u osje\u0107aja da mu se ostvaruju snovi i da ne zna \u0161to \u010diniti. Promatram jednog takvog uko\u010denog u poku\u0161aju da uhvati korak dok mu \u017eenska sama namje\u0161ta ruke na svoje bokove i pijuckam na slamku s njenom prijateljicom koja je sjela kraj mene i odmjerava ostatak ekipe.<\/p>\n<p>Zove se <strong>Zuri<\/strong> i radi kao \u010dista\u010dica u jednom od hotela na obali. Zaradi oko 250 dolara mjese\u010dno, a svaki dan po zavr\u0161etku smjene mora na pregled d\u017eepova, torbe i jakne da se nadre\u0111eni uvjere kako nije ni\u0161ta ukrala gostima iz hotelskih soba.<\/p>\n<p>&#8220;Takva je politika&#8221;, hladno obja\u0161njava. &#8220;Ne vrije\u0111a me jer sam prestala to do\u017eivljavati osobno. Te\u0161ka situacija nekad ljude natjera na odre\u0111ene stvari, pa provjeravaju svakoga.&#8221;<\/p>\n<p>Pogled joj se zadr\u017eao na prijateljici koja je plesala i o\u010dijukala s visokim bijelcem na podiju. Razmi\u0161ljale smo o istoj stvari, za koju svi znaju i nema potrebe adresirati je. Samo je rekla: &#8220;Nisam nikad bila izvan Kenije. \u010covjek uvijek misli da je njegova sre\u0107a negdje drugdje. Voljela bih vidjeti svijeta, ali mo\u017eda bih shvatila da moja sre\u0107a nije tamo i da to nije ono \u0161to \u017eelim u \u017eivotu.&#8221;<\/p>\n<p>Dok su se deseci mladih veselo stiskali na plesnom podiju kao da glazba odnosi sve brige toga dana, bilo je te\u0161ko pomisliti kroz \u0161to sve prolaze do tog trenutka. Da poni\u017eenje i uvreda budu ve\u0107i, predsjednik Ruto je omladinu koja prosvjeduje optu\u017eio da je predvode pripadnici organiziranog kriminala. On, koji je svojedobno optu\u017een za zlo\u010dine protiv \u010dovje\u010dnosti, ilegalno stjecanje zemlji\u0161ta, pronevjeru dr\u017eavnog novca\u2026 Mediji i narod ga zovu &#8220;lete\u0107im predsjednikom&#8221; jer putuje avionom kad god se uka\u017ee prilika. Otkad je do\u0161ao na vlast u jesen 2022. godine, oti\u0161ao je u 62 posjete u skoro 40 zemalja. To su u prosjeku tri putovanja mjese\u010dno koja su dosad ko\u0161tala zemlju preko 15 milijuna dolara. Ironi\u010dno, neka od tih skupih putovanja avionom su na klimatske summite. No, kako je Kenija proameri\u010dki igra\u010d, a Ruto za\u0161ti\u0107en kao planinska gorila, nitko ne dira u njegov mali dio svemira. Tako je to kad si wabenzi \u2013 pripadnik post-kolonijalne politi\u010dke elite u Africi, doslovno prevedeno \u2013 &#8220;ljudi iz Mercedes-Benza&#8221;.<\/p>\n<figure id=\"attachment_5583\" aria-describedby=\"caption-attachment-5583\" style=\"width: 1800px\" class=\"wp-caption alignnone\"><img loading=\"lazy\" decoding=\"async\" class=\"wp-image-5583 size-full\" src=\"https:\/\/sdf.hr\/wp-content\/uploads\/2024\/10\/Cudesna-infrastruktura-Mombase.jpg\" alt=\"\" width=\"1800\" height=\"1715\" srcset=\"https:\/\/sdf.hr\/wp-content\/uploads\/2024\/10\/Cudesna-infrastruktura-Mombase.jpg 1800w, https:\/\/sdf.hr\/wp-content\/uploads\/2024\/10\/Cudesna-infrastruktura-Mombase-300x286.jpg 300w, https:\/\/sdf.hr\/wp-content\/uploads\/2024\/10\/Cudesna-infrastruktura-Mombase-1024x976.jpg 1024w, https:\/\/sdf.hr\/wp-content\/uploads\/2024\/10\/Cudesna-infrastruktura-Mombase-768x732.jpg 768w, https:\/\/sdf.hr\/wp-content\/uploads\/2024\/10\/Cudesna-infrastruktura-Mombase-1536x1463.jpg 1536w\" sizes=\"auto, (max-width: 1800px) 100vw, 1800px\" \/><figcaption id=\"caption-attachment-5583\" class=\"wp-caption-text\">\u010cudesna infrastruktura Mombase (Foto: Lidija \u010culo)<\/figcaption><\/figure>\n<p>Prosvjedi su slu\u017ebeno prestali 8. kolovoza, u vrijeme na\u0161eg boravka u Keniji. Kupila sam lokalne dnevne novine u engleskom izdanju. Predsjednik Ruto odbacio je prijedlog zakona o pove\u0107anju poreza i uslijedilo je medijsko sti\u0161avanje s pokojom retrospektivom i ra\u010dunicom mrtvih i nestalih. Tako je i sada jedna plahta papira bila posve\u0107ena ispovijesti Kenijke \u010diji je sin sudjelovao u prosvjedima, a zatim nestao bez traga i glasa. Njen strah tim je ve\u0107i \u0161to su u vrijeme trajanja prosvjeda na smetli\u0161tu u Nairobiju, nedaleko od policijske stanice, prona\u0111eni dijelovi tijela devetero ljudi. Netko ih je raskomadao i bacio u plasti\u010dne vre\u0107e, a na tijelima su prona\u0111eni znakovi mu\u010denja. Majka nestalog je samo jedna od mnogih koji mole Boga da njihovi nestali nisu do\u017eivjeli sli\u010dnu sudbinu.<\/p>\n<p>Idu\u0107a, ljep\u0161a vijest: predsjednik Ruto ponovno je dobio krila. Zbog prosvjeda je bio prisiljen biti u Keniji 57 dana, \u0161to je dulje nego ikad, ali sada opet leti u miru, u posjet obli\u017enjoj Ruandi. Bli\u017ei se i Forum o kinesko-afri\u010dkoj suradnji u Pekingu, koji dodu\u0161e zaista mora posjetiti. Najve\u0107i dio svog duga Kenija duguje Kini, a tek potom MMF-u, Svjetskoj banci, SAD-u.<\/p>\n<p>&#8220;Kinezi posu\u0111uju novac bez previ\u0161e pitanja, na\u0161i korumpirani politi\u010dari se zadu\u017euju kao da sutra ne postoji i sve pokradu, a mi onda vra\u0107amo!&#8221; obja\u0161njavao je Moses.<\/p>\n<p>&#8220;Kinezi su posudili milijarde za gradnju nove \u017eeljeznice. Nije pro\u0161la ni godina kako se otvorila, na\u0161i iz uprave svi su privedeni zbog optu\u017ebi za korupciju.&#8221;<\/p>\n<p>Ironi\u010dno, ova \u017eeljeznica izgra\u0111ena je pored stare Uganda \u017eeljeznice koju su Britanci po\u010deli graditi 1895. godine. Ko\u0161tala je milijune funti, radnici su ginuli zbog lo\u0161ih uvjeta rada, a zbog nejasnog plana i svrhe gradnje u Londonu su je prozvali &#8220;lu\u0111a\u010dkom prugom&#8221;. Kad je za\u017eivjela, kratko je koristila bogatim turistima za safari i potom zamrla. Kineska i britanska tako danas le\u017ee jedna kraj druge, idu u istom smjeru.<\/p>\n<p>Na dan povratka ku\u0107i do\u010dekalo nas je iznena\u0111enje: ovaj put ne\u0107emo stajati u koloni i \u010dekali trajekt. Kineska tvrtka izgradila je novu cestu koja je sada sve\u010dano otvorena, \u010dista i skoro prazna. Nakon dva tjedna vo\u017enje po kr\u0161u, rupama i gu\u017evama, osje\u0107ali smo se kao da smo zakora\u010dili sto godina u budu\u0107nost. Moses je bio odu\u0161evljen.<\/p>\n<p>&#8220;Ljudi, ovo smo zajedno do\u017eivjeli prvi put! To je nova cesta, ni ja se nikad nisam vozio njome! Jo\u0161 je nema ni na Google mapsu!&#8221; Putem nam je uzbu\u0111eno pokazivao stare krajolike iz novog kuta.<\/p>\n<p>&#8220;Eno na\u0161e luke, tamo smo \u010dekali trajekt. Lijevo je aerodrom. Krajolik je puno ljep\u0161i na ovoj cesti, prava kenijska priroda, crvena zemlja, more, stabla li\u010dija\u2026&#8221;, zagledao se malo bolje i napravio grimasu, &#8220;gle, krava jede sme\u0107e&#8221;. Malo dalje uz cestu doista je neka krava nju\u0161kala oko nabacanog sme\u0107a, a svega par metara dalje tri mlada Kenijca nasmije\u0161eno su snimali selfie s novog asfalta.<\/p>\n<p>Promatraju\u0107i ih kako se zabavljaju i ple\u0161u po cesti, nadala sam se da je Iyanii u pravu kada ka\u017ee da je do\u0161ao njihov trenutak.<\/p>\n<p>&#8220;Politi\u010dari su nas uvijek okretali jedne protiv drugih. No na\u0161a generacija je druga\u010dija. Mi ne gledamo tko je koje vjere ili koje etni\u010dke skupine. Vidimo jedni druge kao ljude koji prolaze kroz iste stvari i koji \u017eele promjenu. Govorimo istim jezikom i imamo jedan cilj. Ujedinjeni smo &#8211; i zbog toga je Gen Z protest toliko odjeknuo&#8221;, obja\u0161njava.<\/p>\n<p>&#8220;Pokazali smo hrabrost jer znamo da kad mi izgubimo strah, oni gube mo\u0107. Ne predajemo se \u010dak i kada se \u010dini da nema izlaza. Ni Rim nije izgra\u0111en u jednom danu, pa tako ne\u0107e ni Kenija, ali se borimo i vjerujemo da taj dan dolazi. Navikli smo da stalno ne\u0161to \u010dekamo, ali sada preuzimamo stvari u svoje ruke. Vrijeme je za promjenu.&#8221;<\/p>\n<p><em>pi\u0161e Lidija \u010culo<\/em><\/p>\n","protected":false},"excerpt":{"rendered":"<p>Ni Rim nije izgra\u0111en u jednom danu, pa tako ne\u0107e ni Kenija, ali se borimo i vjerujemo da taj dan dolazi. Preuzimamo stvari u svoje ruke. Vrijeme je za promjenu, ka\u017ee nam glazbenik Iyanii, autor pjesme &#8220;Glas slabih&#8221; koja je bila himna vru\u0107ih ljetnih prosvjeda u Keniji u kojima je ubijeno 29 prosvjednika, uz 120 nestalih <\/p>\n","protected":false},"featured_media":5580,"template":"","tags":[131],"atribut":[],"class_list":["post-5585","nada","type-nada","status-publish","has-post-thumbnail","hentry","tag-reportaza"],"acf":[],"yoast_head":"<!-- This site is optimized with the Yoast SEO plugin v27.4 - https:\/\/yoast.com\/product\/yoast-seo-wordpress\/ -->\n<title>Vru\u0107e ljeto u Keniji - SDF - Srpski demokratski forum<\/title>\n<meta name=\"robots\" content=\"index, follow, max-snippet:-1, max-image-preview:large, max-video-preview:-1\" \/>\n<link rel=\"canonical\" href=\"https:\/\/sdf.hr\/hr\/nada\/vruce-ljeto-u-keniji\/\" \/>\n<meta property=\"og:locale\" content=\"hr_HR\" \/>\n<meta property=\"og:type\" content=\"article\" \/>\n<meta property=\"og:title\" content=\"Vru\u0107e ljeto u Keniji - SDF - Srpski demokratski forum\" \/>\n<meta property=\"og:description\" content=\"Ni Rim nije izgra\u0111en u jednom danu, pa tako ne\u0107e ni Kenija, ali se borimo i vjerujemo da taj dan dolazi. Preuzimamo stvari u svoje ruke. Vrijeme je za promjenu, ka\u017ee nam glazbenik Iyanii, autor pjesme &quot;Glas slabih&quot; koja je bila himna vru\u0107ih ljetnih prosvjeda u Keniji u kojima je ubijeno 29 prosvjednika, uz 120 nestalih\" \/>\n<meta property=\"og:url\" content=\"https:\/\/sdf.hr\/hr\/nada\/vruce-ljeto-u-keniji\/\" \/>\n<meta property=\"og:site_name\" content=\"SDF - Srpski demokratski forum\" \/>\n<meta property=\"article:modified_time\" content=\"2024-10-29T10:17:30+00:00\" \/>\n<meta property=\"og:image\" content=\"https:\/\/sdf.hr\/wp-content\/uploads\/2024\/10\/Demonstracije-scaled.jpg\" \/>\n\t<meta property=\"og:image:width\" content=\"2560\" \/>\n\t<meta property=\"og:image:height\" content=\"1707\" \/>\n\t<meta property=\"og:image:type\" content=\"image\/jpeg\" \/>\n<meta name=\"twitter:card\" content=\"summary_large_image\" \/>\n<meta name=\"twitter:label1\" content=\"Procijenjeno vrijeme \u010ditanja\" \/>\n\t<meta name=\"twitter:data1\" content=\"10 minuta\" \/>\n<script type=\"application\/ld+json\" class=\"yoast-schema-graph\">{\"@context\":\"https:\\\/\\\/schema.org\",\"@graph\":[{\"@type\":\"WebPage\",\"@id\":\"https:\\\/\\\/sdf.hr\\\/hr\\\/nada\\\/vruce-ljeto-u-keniji\\\/\",\"url\":\"https:\\\/\\\/sdf.hr\\\/hr\\\/nada\\\/vruce-ljeto-u-keniji\\\/\",\"name\":\"Vru\u0107e ljeto u Keniji - SDF - Srpski demokratski forum\",\"isPartOf\":{\"@id\":\"https:\\\/\\\/sdf.hr\\\/#website\"},\"primaryImageOfPage\":{\"@id\":\"https:\\\/\\\/sdf.hr\\\/hr\\\/nada\\\/vruce-ljeto-u-keniji\\\/#primaryimage\"},\"image\":{\"@id\":\"https:\\\/\\\/sdf.hr\\\/hr\\\/nada\\\/vruce-ljeto-u-keniji\\\/#primaryimage\"},\"thumbnailUrl\":\"https:\\\/\\\/sdf.hr\\\/wp-content\\\/uploads\\\/2024\\\/10\\\/Demonstracije-scaled.jpg\",\"datePublished\":\"2024-10-29T10:16:32+00:00\",\"dateModified\":\"2024-10-29T10:17:30+00:00\",\"breadcrumb\":{\"@id\":\"https:\\\/\\\/sdf.hr\\\/hr\\\/nada\\\/vruce-ljeto-u-keniji\\\/#breadcrumb\"},\"inLanguage\":\"hr\",\"potentialAction\":[{\"@type\":\"ReadAction\",\"target\":[\"https:\\\/\\\/sdf.hr\\\/hr\\\/nada\\\/vruce-ljeto-u-keniji\\\/\"]}]},{\"@type\":\"ImageObject\",\"inLanguage\":\"hr\",\"@id\":\"https:\\\/\\\/sdf.hr\\\/hr\\\/nada\\\/vruce-ljeto-u-keniji\\\/#primaryimage\",\"url\":\"https:\\\/\\\/sdf.hr\\\/wp-content\\\/uploads\\\/2024\\\/10\\\/Demonstracije-scaled.jpg\",\"contentUrl\":\"https:\\\/\\\/sdf.hr\\\/wp-content\\\/uploads\\\/2024\\\/10\\\/Demonstracije-scaled.jpg\",\"width\":2560,\"height\":1707,\"caption\":\"Antivladini protesti u Nairobiju (Foto: Thomas Mukoya\\\/Reuters\\\/Pixsell)\"},{\"@type\":\"BreadcrumbList\",\"@id\":\"https:\\\/\\\/sdf.hr\\\/hr\\\/nada\\\/vruce-ljeto-u-keniji\\\/#breadcrumb\",\"itemListElement\":[{\"@type\":\"ListItem\",\"position\":1,\"name\":\"Po\u010detna stranica\",\"item\":\"https:\\\/\\\/sdf.hr\\\/hr\\\/\"},{\"@type\":\"ListItem\",\"position\":2,\"name\":\"Nada\",\"item\":\"https:\\\/\\\/sdf.hr\\\/nada\\\/\"},{\"@type\":\"ListItem\",\"position\":3,\"name\":\"Vru\u0107e ljeto u Keniji\"}]},{\"@type\":\"WebSite\",\"@id\":\"https:\\\/\\\/sdf.hr\\\/#website\",\"url\":\"https:\\\/\\\/sdf.hr\\\/\",\"name\":\"SDF - Srpski demokratski forum\",\"description\":\"Srpski demokratski forum\",\"publisher\":{\"@id\":\"https:\\\/\\\/sdf.hr\\\/#organization\"},\"potentialAction\":[{\"@type\":\"SearchAction\",\"target\":{\"@type\":\"EntryPoint\",\"urlTemplate\":\"https:\\\/\\\/sdf.hr\\\/?s={search_term_string}\"},\"query-input\":{\"@type\":\"PropertyValueSpecification\",\"valueRequired\":true,\"valueName\":\"search_term_string\"}}],\"inLanguage\":\"hr\"},{\"@type\":\"Organization\",\"@id\":\"https:\\\/\\\/sdf.hr\\\/#organization\",\"name\":\"SDF - Srpski demokratski forum\",\"url\":\"https:\\\/\\\/sdf.hr\\\/\",\"logo\":{\"@type\":\"ImageObject\",\"inLanguage\":\"hr\",\"@id\":\"https:\\\/\\\/sdf.hr\\\/#\\\/schema\\\/logo\\\/image\\\/\",\"url\":\"https:\\\/\\\/sdf.hr\\\/wp-content\\\/uploads\\\/2021\\\/07\\\/logo-hr.svg\",\"contentUrl\":\"https:\\\/\\\/sdf.hr\\\/wp-content\\\/uploads\\\/2021\\\/07\\\/logo-hr.svg\",\"width\":271,\"height\":100,\"caption\":\"SDF - Srpski demokratski forum\"},\"image\":{\"@id\":\"https:\\\/\\\/sdf.hr\\\/#\\\/schema\\\/logo\\\/image\\\/\"}}]}<\/script>\n<!-- \/ Yoast SEO plugin. -->","yoast_head_json":{"title":"Vru\u0107e ljeto u Keniji - SDF - Srpski demokratski forum","robots":{"index":"index","follow":"follow","max-snippet":"max-snippet:-1","max-image-preview":"max-image-preview:large","max-video-preview":"max-video-preview:-1"},"canonical":"https:\/\/sdf.hr\/hr\/nada\/vruce-ljeto-u-keniji\/","og_locale":"hr_HR","og_type":"article","og_title":"Vru\u0107e ljeto u Keniji - SDF - Srpski demokratski forum","og_description":"Ni Rim nije izgra\u0111en u jednom danu, pa tako ne\u0107e ni Kenija, ali se borimo i vjerujemo da taj dan dolazi. Preuzimamo stvari u svoje ruke. Vrijeme je za promjenu, ka\u017ee nam glazbenik Iyanii, autor pjesme \"Glas slabih\" koja je bila himna vru\u0107ih ljetnih prosvjeda u Keniji u kojima je ubijeno 29 prosvjednika, uz 120 nestalih","og_url":"https:\/\/sdf.hr\/hr\/nada\/vruce-ljeto-u-keniji\/","og_site_name":"SDF - Srpski demokratski forum","article_modified_time":"2024-10-29T10:17:30+00:00","og_image":[{"width":2560,"height":1707,"url":"https:\/\/sdf.hr\/wp-content\/uploads\/2024\/10\/Demonstracije-scaled.jpg","type":"image\/jpeg"}],"twitter_card":"summary_large_image","twitter_misc":{"Procijenjeno vrijeme \u010ditanja":"10 minuta"},"schema":{"@context":"https:\/\/schema.org","@graph":[{"@type":"WebPage","@id":"https:\/\/sdf.hr\/hr\/nada\/vruce-ljeto-u-keniji\/","url":"https:\/\/sdf.hr\/hr\/nada\/vruce-ljeto-u-keniji\/","name":"Vru\u0107e ljeto u Keniji - SDF - Srpski demokratski forum","isPartOf":{"@id":"https:\/\/sdf.hr\/#website"},"primaryImageOfPage":{"@id":"https:\/\/sdf.hr\/hr\/nada\/vruce-ljeto-u-keniji\/#primaryimage"},"image":{"@id":"https:\/\/sdf.hr\/hr\/nada\/vruce-ljeto-u-keniji\/#primaryimage"},"thumbnailUrl":"https:\/\/sdf.hr\/wp-content\/uploads\/2024\/10\/Demonstracije-scaled.jpg","datePublished":"2024-10-29T10:16:32+00:00","dateModified":"2024-10-29T10:17:30+00:00","breadcrumb":{"@id":"https:\/\/sdf.hr\/hr\/nada\/vruce-ljeto-u-keniji\/#breadcrumb"},"inLanguage":"hr","potentialAction":[{"@type":"ReadAction","target":["https:\/\/sdf.hr\/hr\/nada\/vruce-ljeto-u-keniji\/"]}]},{"@type":"ImageObject","inLanguage":"hr","@id":"https:\/\/sdf.hr\/hr\/nada\/vruce-ljeto-u-keniji\/#primaryimage","url":"https:\/\/sdf.hr\/wp-content\/uploads\/2024\/10\/Demonstracije-scaled.jpg","contentUrl":"https:\/\/sdf.hr\/wp-content\/uploads\/2024\/10\/Demonstracije-scaled.jpg","width":2560,"height":1707,"caption":"Antivladini protesti u Nairobiju (Foto: Thomas Mukoya\/Reuters\/Pixsell)"},{"@type":"BreadcrumbList","@id":"https:\/\/sdf.hr\/hr\/nada\/vruce-ljeto-u-keniji\/#breadcrumb","itemListElement":[{"@type":"ListItem","position":1,"name":"Po\u010detna stranica","item":"https:\/\/sdf.hr\/hr\/"},{"@type":"ListItem","position":2,"name":"Nada","item":"https:\/\/sdf.hr\/nada\/"},{"@type":"ListItem","position":3,"name":"Vru\u0107e ljeto u Keniji"}]},{"@type":"WebSite","@id":"https:\/\/sdf.hr\/#website","url":"https:\/\/sdf.hr\/","name":"SDF - Srpski demokratski forum","description":"Srpski demokratski forum","publisher":{"@id":"https:\/\/sdf.hr\/#organization"},"potentialAction":[{"@type":"SearchAction","target":{"@type":"EntryPoint","urlTemplate":"https:\/\/sdf.hr\/?s={search_term_string}"},"query-input":{"@type":"PropertyValueSpecification","valueRequired":true,"valueName":"search_term_string"}}],"inLanguage":"hr"},{"@type":"Organization","@id":"https:\/\/sdf.hr\/#organization","name":"SDF - Srpski demokratski forum","url":"https:\/\/sdf.hr\/","logo":{"@type":"ImageObject","inLanguage":"hr","@id":"https:\/\/sdf.hr\/#\/schema\/logo\/image\/","url":"https:\/\/sdf.hr\/wp-content\/uploads\/2021\/07\/logo-hr.svg","contentUrl":"https:\/\/sdf.hr\/wp-content\/uploads\/2021\/07\/logo-hr.svg","width":271,"height":100,"caption":"SDF - Srpski demokratski forum"},"image":{"@id":"https:\/\/sdf.hr\/#\/schema\/logo\/image\/"}}]}},"_links":{"self":[{"href":"https:\/\/sdf.hr\/hr\/wp-json\/wp\/v2\/nada\/5585","targetHints":{"allow":["GET"]}}],"collection":[{"href":"https:\/\/sdf.hr\/hr\/wp-json\/wp\/v2\/nada"}],"about":[{"href":"https:\/\/sdf.hr\/hr\/wp-json\/wp\/v2\/types\/nada"}],"wp:featuredmedia":[{"embeddable":true,"href":"https:\/\/sdf.hr\/hr\/wp-json\/wp\/v2\/media\/5580"}],"wp:attachment":[{"href":"https:\/\/sdf.hr\/hr\/wp-json\/wp\/v2\/media?parent=5585"}],"wp:term":[{"taxonomy":"post_tag","embeddable":true,"href":"https:\/\/sdf.hr\/hr\/wp-json\/wp\/v2\/tags?post=5585"},{"taxonomy":"atribut","embeddable":true,"href":"https:\/\/sdf.hr\/hr\/wp-json\/wp\/v2\/atribut?post=5585"}],"curies":[{"name":"wp","href":"https:\/\/api.w.org\/{rel}","templated":true}]}}